{"id":12233,"date":"2024-08-14T15:13:09","date_gmt":"2024-08-14T13:13:09","guid":{"rendered":"https:\/\/faber-etec.de\/?page_id=12233"},"modified":"2024-11-12T16:14:24","modified_gmt":"2024-11-12T15:14:24","slug":"compact-stations","status":"publish","type":"page","link":"https:\/\/faber-etec.de\/en\/kompaktstationen\/","title":{"rendered":"Transformer compact stations from Faber E-Tec"},"content":{"rendered":"<div data-elementor-type=\"wp-page\" data-elementor-id=\"12233\" class=\"elementor elementor-12233\" data-elementor-post-type=\"page\">\n\t\t\t\t<div class=\"elementor-element elementor-element-5dd3c30 e-flex e-con-boxed e-con e-parent\" data-id=\"5dd3c30\" data-element_type=\"container\" data-e-type=\"container\">\n\t\t\t\t\t<div class=\"e-con-inner\">\n\t\t<div class=\"elementor-element elementor-element-374a7f8 e-con-full e-flex e-con e-child\" data-id=\"374a7f8\" data-element_type=\"container\" data-e-type=\"container\">\n\t\t\t\t<div class=\"elementor-element elementor-element-fd83346 elementor-widget elementor-widget-heading\" data-id=\"fd83346\" data-element_type=\"widget\" data-e-type=\"widget\" data-widget_type=\"heading.default\">\n\t\t\t\t<div class=\"elementor-widget-container\">\n\t\t\t\t\t<h2 class=\"elementor-heading-title elementor-size-default\">What is a compact station?<\/h2>\t\t\t\t<\/div>\n\t\t\t\t<\/div>\n\t\t\t\t<\/div>\n\t\t<div class=\"elementor-element elementor-element-17f9662 e-con-full e-flex elementor-invisible e-con e-child\" data-id=\"17f9662\" data-element_type=\"container\" data-e-type=\"container\" data-settings=\"{&quot;animation&quot;:&quot;fadeIn&quot;}\">\n\t\t\t\t<div class=\"elementor-element elementor-element-7b131a0 elementor-widget elementor-widget-heading\" data-id=\"7b131a0\" data-element_type=\"widget\" data-e-type=\"widget\" data-widget_type=\"heading.default\">\n\t\t\t\t<div class=\"elementor-widget-container\">\n\t\t\t\t\t<h3 class=\"elementor-heading-title elementor-size-default\">Definition and functions of the compact station<\/h3>\t\t\t\t<\/div>\n\t\t\t\t<\/div>\n\t\t\t\t<div class=\"elementor-element elementor-element-d735c6c elementor-widget elementor-widget-text-editor\" data-id=\"d735c6c\" data-element_type=\"widget\" data-e-type=\"widget\" data-widget_type=\"text-editor.default\">\n\t\t\t\t<div class=\"elementor-widget-container\">\n\t\t\t\t\t\t\t\t\t<p>One <strong>Compact station<\/strong>also as <a title=\"Transformer compact station from Faber E-Tec\" href=\"https:\/\/faber-etec.de\/en\/compact-station\/\">Compact transformer station<\/a> is a space-saving solution for converting medium voltage to low voltage, which is essential for the energy supply of buildings, industrial plants and infrastructures. These stations integrate transformer, switchgear and low-voltage distribution in a compact housing, making them particularly suitable for applications with limited space. They are available in different versions to meet the specific requirements of your installation.<\/p>\t\t\t\t\t\t\t\t<\/div>\n\t\t\t\t<\/div>\n\t\t\t\t<\/div>\n\t\t<div class=\"elementor-element elementor-element-97d3547 e-con-full e-flex elementor-invisible e-con e-child\" data-id=\"97d3547\" data-element_type=\"container\" data-e-type=\"container\" data-settings=\"{&quot;animation&quot;:&quot;fadeIn&quot;,&quot;animation_delay&quot;:250}\">\n\t\t\t\t<div class=\"elementor-element elementor-element-81bf4fd elementor-widget elementor-widget-heading\" data-id=\"81bf4fd\" data-element_type=\"widget\" data-e-type=\"widget\" data-widget_type=\"heading.default\">\n\t\t\t\t<div class=\"elementor-widget-container\">\n\t\t\t\t\t<h3 class=\"elementor-heading-title elementor-size-default\">Areas of use and applications of the compact station<\/h3>\t\t\t\t<\/div>\n\t\t\t\t<\/div>\n\t\t\t\t<div class=\"elementor-element elementor-element-1c6b7a1 elementor-widget elementor-widget-text-editor\" data-id=\"1c6b7a1\" data-element_type=\"widget\" data-e-type=\"widget\" data-widget_type=\"text-editor.default\">\n\t\t\t\t<div class=\"elementor-widget-container\">\n\t\t\t\t\t\t\t\t\t<p>Transformer <b>Compact stations<\/b> are used in a wide range of applications, including the supply of power to residential areas, commercial properties, industrial operations and infrastructure facilities. Their compact design and high efficiency make them particularly useful in urban areas where space is at a premium and in rural areas where reliable power distribution over long distances is required. Thanks to their flexibility, compact substations can also be used in renewable energy projects such as <a href=\"https:\/\/faber-solartechnik.de\/\" title=\" - Photovoltaic systems\" target=\"_blank\" rel=\"noopener\">Photovoltaic systems<\/a>be integrated.<\/p>\t\t\t\t\t\t\t\t<\/div>\n\t\t\t\t<\/div>\n\t\t\t\t<\/div>\n\t\t\t\t\t<\/div>\n\t\t\t\t<\/div>\n\t\t<div class=\"elementor-element elementor-element-af0c4e3 e-flex e-con-boxed e-con e-parent\" data-id=\"af0c4e3\" data-element_type=\"container\" data-e-type=\"container\">\n\t\t\t\t\t<div class=\"e-con-inner\">\n\t\t<div class=\"elementor-element elementor-element-2bb16f3 e-con-full e-flex elementor-invisible e-con e-child\" data-id=\"2bb16f3\" data-element_type=\"container\" data-e-type=\"container\" data-settings=\"{&quot;animation&quot;:&quot;fadeInUp&quot;}\">\n\t\t\t\t<div class=\"elementor-element elementor-element-fccd4a4 elementor-widget elementor-widget-heading\" data-id=\"fccd4a4\" data-element_type=\"widget\" data-e-type=\"widget\" data-widget_type=\"heading.default\">\n\t\t\t\t<div class=\"elementor-widget-container\">\n\t\t\t\t\t<h3 class=\"elementor-heading-title elementor-size-default\">Customised compact stations for your requirements<\/h3>\t\t\t\t<\/div>\n\t\t\t\t<\/div>\n\t\t\t\t<div class=\"elementor-element elementor-element-0744cef elementor-widget elementor-widget-text-editor\" data-id=\"0744cef\" data-element_type=\"widget\" data-e-type=\"widget\" data-widget_type=\"text-editor.default\">\n\t\t\t\t<div class=\"elementor-widget-container\">\n\t\t\t\t\t\t\t\t\t<p>At Faber E-Tec - <a href=\"https:\/\/faber-etec.de\/en\/company\/\" title=\"Company - about us\">about us<\/a> - we understand that every energy project is unique. That's why we offer customised compact stations that are precisely tailored to your specific requirements. Whether standardised models or individual adaptations - we ensure that your energy infrastructure is optimally tailored to your needs.<\/p>\t\t\t\t\t\t\t\t<\/div>\n\t\t\t\t<\/div>\n\t\t<div class=\"elementor-element elementor-element-644db5d e-con-full e-flex elementor-invisible e-con e-child\" data-id=\"644db5d\" data-element_type=\"container\" data-e-type=\"container\" data-settings=\"{&quot;animation&quot;:&quot;fadeInUp&quot;,&quot;animation_delay&quot;:400}\">\n\t\t\t\t<div class=\"elementor-element elementor-element-9c46146 elementor-align-left elementor-widget elementor-widget-button\" data-id=\"9c46146\" data-element_type=\"widget\" data-e-type=\"widget\" data-widget_type=\"button.default\">\n\t\t\t\t<div class=\"elementor-widget-container\">\n\t\t\t\t\t\t\t\t\t<div class=\"elementor-button-wrapper\">\n\t\t\t\t\t<a class=\"elementor-button elementor-button-link elementor-size-sm\" href=\"#kontaktieren\" title=\"More details on the transfer and transformer station\">\n\t\t\t\t\t\t<span class=\"elementor-button-content-wrapper\">\n\t\t\t\t\t\t<span class=\"elementor-button-icon\">\n\t\t\t\t<i aria-hidden=\"true\" class=\"fas fa-angle-right\"><\/i>\t\t\t<\/span>\n\t\t\t\t\t\t\t\t\t<span class=\"elementor-button-text\">Contact us<\/span>\n\t\t\t\t\t<\/span>\n\t\t\t\t\t<\/a>\n\t\t\t\t<\/div>\n\t\t\t\t\t\t\t\t<\/div>\n\t\t\t\t<\/div>\n\t\t\t\t<div class=\"elementor-element elementor-element-c3bbddf elementor-align-left elementor-widget elementor-widget-button\" data-id=\"c3bbddf\" data-element_type=\"widget\" data-e-type=\"widget\" data-widget_type=\"button.default\">\n\t\t\t\t<div class=\"elementor-widget-container\">\n\t\t\t\t\t\t\t\t\t<div class=\"elementor-button-wrapper\">\n\t\t\t\t\t<a class=\"elementor-button elementor-button-link elementor-size-sm\" href=\"https:\/\/faber-etec.de\/en\/request\/\" title=\"More details on the transfer and transformer station\">\n\t\t\t\t\t\t<span class=\"elementor-button-content-wrapper\">\n\t\t\t\t\t\t<span class=\"elementor-button-icon\">\n\t\t\t\t<i aria-hidden=\"true\" class=\"fas fa-angle-right\"><\/i>\t\t\t<\/span>\n\t\t\t\t\t\t\t\t\t<span class=\"elementor-button-text\">Send online enquiry<\/span>\n\t\t\t\t\t<\/span>\n\t\t\t\t\t<\/a>\n\t\t\t\t<\/div>\n\t\t\t\t\t\t\t\t<\/div>\n\t\t\t\t<\/div>\n\t\t\t\t<\/div>\n\t\t<div class=\"elementor-element elementor-element-9e6ba9a e-grid e-con-full elementor-hidden-desktop elementor-hidden-laptop elementor-hidden-tablet_extra elementor-hidden-tablet elementor-hidden-mobile e-con e-child\" data-id=\"9e6ba9a\" data-element_type=\"container\" data-e-type=\"container\">\n\t\t\t\t<div class=\"elementor-element elementor-element-924f8fc elementor-widget elementor-widget-image\" data-id=\"924f8fc\" data-element_type=\"widget\" data-e-type=\"widget\" data-widget_type=\"image.default\">\n\t\t\t\t<div class=\"elementor-widget-container\">\n\t\t\t\t\t\t\t\t\t\t\t\t\t\t\t<img decoding=\"async\" src=\"https:\/\/faber-etec.de\/wp-content\/plugins\/elementor\/assets\/images\/placeholder.png\" title=\"{picture title}\" alt=\"-\" loading=\"lazy\">\t\t\t\t\t\t\t\t\t\t\t\t\t\t\t<\/div>\n\t\t\t\t<\/div>\n\t\t\t\t<div class=\"elementor-element elementor-element-332fc6e elementor-widget elementor-widget-image\" data-id=\"332fc6e\" data-element_type=\"widget\" data-e-type=\"widget\" data-widget_type=\"image.default\">\n\t\t\t\t<div class=\"elementor-widget-container\">\n\t\t\t\t\t\t\t\t\t\t\t\t\t\t\t<img decoding=\"async\" src=\"https:\/\/faber-etec.de\/wp-content\/plugins\/elementor\/assets\/images\/placeholder.png\" title=\"{picture title}\" alt=\"-\" loading=\"lazy\">\t\t\t\t\t\t\t\t\t\t\t\t\t\t\t<\/div>\n\t\t\t\t<\/div>\n\t\t\t\t<div class=\"elementor-element elementor-element-35b79d6 elementor-widget elementor-widget-image\" data-id=\"35b79d6\" data-element_type=\"widget\" data-e-type=\"widget\" data-widget_type=\"image.default\">\n\t\t\t\t<div class=\"elementor-widget-container\">\n\t\t\t\t\t\t\t\t\t\t\t\t\t\t\t<img decoding=\"async\" src=\"https:\/\/faber-etec.de\/wp-content\/plugins\/elementor\/assets\/images\/placeholder.png\" title=\"{picture title}\" alt=\"-\" loading=\"lazy\">\t\t\t\t\t\t\t\t\t\t\t\t\t\t\t<\/div>\n\t\t\t\t<\/div>\n\t\t\t\t<div class=\"elementor-element elementor-element-27aabc7 elementor-widget elementor-widget-image\" data-id=\"27aabc7\" data-element_type=\"widget\" data-e-type=\"widget\" data-widget_type=\"image.default\">\n\t\t\t\t<div class=\"elementor-widget-container\">\n\t\t\t\t\t\t\t\t\t\t\t\t\t\t\t<img decoding=\"async\" src=\"https:\/\/faber-etec.de\/wp-content\/plugins\/elementor\/assets\/images\/placeholder.png\" title=\"{picture title}\" alt=\"-\" loading=\"lazy\">\t\t\t\t\t\t\t\t\t\t\t\t\t\t\t<\/div>\n\t\t\t\t<\/div>\n\t\t\t\t<\/div>\n\t\t\t\t<\/div>\n\t\t<div class=\"elementor-element elementor-element-ac52cd1 e-con-full e-flex elementor-invisible e-con e-child\" data-id=\"ac52cd1\" data-element_type=\"container\" data-e-type=\"container\" data-settings=\"{&quot;animation&quot;:&quot;fadeInLeft&quot;}\">\n\t\t\t\t<div class=\"elementor-element elementor-element-afbf32a elementor-widget elementor-widget-heading\" data-id=\"afbf32a\" data-element_type=\"widget\" data-e-type=\"widget\" data-widget_type=\"heading.default\">\n\t\t\t\t<div class=\"elementor-widget-container\">\n\t\t\t\t\t<h4 class=\"elementor-heading-title elementor-size-default\">Standardised and individual compact stations<\/h4>\t\t\t\t<\/div>\n\t\t\t\t<\/div>\n\t\t\t\t<div class=\"elementor-element elementor-element-c6656ed elementor-widget elementor-widget-text-editor\" data-id=\"c6656ed\" data-element_type=\"widget\" data-e-type=\"widget\" data-widget_type=\"text-editor.default\">\n\t\t\t\t<div class=\"elementor-widget-container\">\n\t\t\t\t\t\t\t\t\t<p>Our <a href=\"https:\/\/faber-etec.de\/en\/products\/\" title=\"Products - Product range\">Product range<\/a> an Trafo compact stations includes both standardised compact stations and customised solutions. While the standard models offer a quick and cost-effective solution, we develop customised stations for more complex projects that are precisely tailored to your technical and spatial requirements.<\/p>\t\t\t\t\t\t\t\t<\/div>\n\t\t\t\t<\/div>\n\t\t\t\t<div class=\"elementor-element elementor-element-6fd58b9 elementor-align-left elementor-invisible elementor-widget elementor-widget-button\" data-id=\"6fd58b9\" data-element_type=\"widget\" data-e-type=\"widget\" data-settings=\"{&quot;_animation&quot;:&quot;fadeIn&quot;,&quot;_animation_delay&quot;:300}\" data-widget_type=\"button.default\">\n\t\t\t\t<div class=\"elementor-widget-container\">\n\t\t\t\t\t\t\t\t\t<div class=\"elementor-button-wrapper\">\n\t\t\t\t\t<a class=\"elementor-button elementor-button-link elementor-size-sm\" href=\"https:\/\/faber-etec.de\/en\/solarpark-transformer-station\/#produktanfrage\" title=\"Request a quote for transfer and transformer station\">\n\t\t\t\t\t\t<span class=\"elementor-button-content-wrapper\">\n\t\t\t\t\t\t<span class=\"elementor-button-icon\">\n\t\t\t\t<i aria-hidden=\"true\" class=\"fas fa-angle-right\"><\/i>\t\t\t<\/span>\n\t\t\t\t\t\t\t\t\t<span class=\"elementor-button-text\">Request solar park station<\/span>\n\t\t\t\t\t<\/span>\n\t\t\t\t\t<\/a>\n\t\t\t\t<\/div>\n\t\t\t\t\t\t\t\t<\/div>\n\t\t\t\t<\/div>\n\t\t\t\t<\/div>\n\t\t<div class=\"elementor-element elementor-element-74025ff e-con-full e-flex elementor-invisible e-con e-child\" data-id=\"74025ff\" data-element_type=\"container\" data-e-type=\"container\" data-settings=\"{&quot;animation&quot;:&quot;zoomIn&quot;}\">\n\t\t\t\t<div class=\"elementor-element elementor-element-760b35c elementor-widget elementor-widget-image\" data-id=\"760b35c\" data-element_type=\"widget\" data-e-type=\"widget\" data-widget_type=\"image.default\">\n\t\t\t\t<div class=\"elementor-widget-container\">\n\t\t\t\t\t\t\t\t\t\t\t\t\t\t\t<img decoding=\"async\" src=\"https:\/\/faber-etec.de\/wp-content\/uploads\/sites\/3\/elementor\/thumbs\/Faber-E-Tec-Solarparkstation-Die-erste-rein-solarparkinterne-Station-Trafo-fuer-Solarpark-weiss-2024-scaled-qsas1qj5s0wim5a8a21t44hjkdakgbr6c4amgi7ym0.webp\" title=\"Solar park internal station from Faber E-Tec GmbH\" alt=\"Solar park-internal station from Faber E-Tec, white concrete with anthracite-coloured doors, open view with technology for photovoltaic market\" loading=\"lazy\" \/>\t\t\t\t\t\t\t\t\t\t\t\t\t\t\t<\/div>\n\t\t\t\t<\/div>\n\t\t\t\t<\/div>\n\t\t<div class=\"elementor-element elementor-element-f50f98d e-con-full e-flex elementor-invisible e-con e-child\" data-id=\"f50f98d\" data-element_type=\"container\" data-e-type=\"container\" data-settings=\"{&quot;animation&quot;:&quot;zoomIn&quot;}\">\n\t\t\t\t<div class=\"elementor-element elementor-element-6c8c613 elementor-widget elementor-widget-image\" data-id=\"6c8c613\" data-element_type=\"widget\" data-e-type=\"widget\" data-widget_type=\"image.default\">\n\t\t\t\t<div class=\"elementor-widget-container\">\n\t\t\t\t\t\t\t\t\t\t\t\t\t\t\t<img decoding=\"async\" src=\"https:\/\/faber-etec.de\/wp-content\/uploads\/sites\/3\/elementor\/thumbs\/Mittelspannungsseite-Front-Schatten-Faber-E-Tec-Kompaktstation-WEBP-qsi1c6vas1mnopvv71qodfsoce2vpkq2xqqx7v6ekc.webp\" title=\"Open medium-voltage side of a Faber E-Tec compact station\" alt=\"Open medium-voltage side of a Faber E-Tec compact station, with visible switchgear and safety devices\" loading=\"lazy\" \/>\t\t\t\t\t\t\t\t\t\t\t\t\t\t\t<\/div>\n\t\t\t\t<\/div>\n\t\t\t\t<\/div>\n\t\t<div class=\"elementor-element elementor-element-eb6cf0b e-con-full e-flex elementor-invisible e-con e-child\" data-id=\"eb6cf0b\" data-element_type=\"container\" data-e-type=\"container\" data-settings=\"{&quot;animation&quot;:&quot;fadeInRight&quot;}\">\n\t\t\t\t<div class=\"elementor-element elementor-element-6d76a20 elementor-widget elementor-widget-heading\" data-id=\"6d76a20\" data-element_type=\"widget\" data-e-type=\"widget\" data-widget_type=\"heading.default\">\n\t\t\t\t<div class=\"elementor-widget-container\">\n\t\t\t\t\t<h4 class=\"elementor-heading-title elementor-size-default\">Integration of customised solutions for specific projects with transformer compact stations<\/h4>\t\t\t\t<\/div>\n\t\t\t\t<\/div>\n\t\t\t\t<div class=\"elementor-element elementor-element-c86050c elementor-widget elementor-widget-text-editor\" data-id=\"c86050c\" data-element_type=\"widget\" data-e-type=\"widget\" data-widget_type=\"text-editor.default\">\n\t\t\t\t<div class=\"elementor-widget-container\">\n\t\t\t\t\t\t\t\t\t<p>For special requirements, we offer the integration of customised solutions into our transformer compact stations. Whether special protective devices, additional safety features or special configurations - we customise our stations to the specific needs of your project and thus guarantee smooth implementation.<\/p>\t\t\t\t\t\t\t\t<\/div>\n\t\t\t\t<\/div>\n\t\t\t\t<div class=\"elementor-element elementor-element-b096bb2 elementor-align-left elementor-invisible elementor-widget elementor-widget-button\" data-id=\"b096bb2\" data-element_type=\"widget\" data-e-type=\"widget\" data-settings=\"{&quot;_animation&quot;:&quot;fadeIn&quot;,&quot;_animation_delay&quot;:300}\" data-widget_type=\"button.default\">\n\t\t\t\t<div class=\"elementor-widget-container\">\n\t\t\t\t\t\t\t\t\t<div class=\"elementor-button-wrapper\">\n\t\t\t\t\t<a class=\"elementor-button elementor-button-link elementor-size-sm\" href=\"https:\/\/faber-etec.de\/en\/compact-station\/#produktanfrage\" title=\"Request a quote for transfer and transformer station\">\n\t\t\t\t\t\t<span class=\"elementor-button-content-wrapper\">\n\t\t\t\t\t\t<span class=\"elementor-button-icon\">\n\t\t\t\t<i aria-hidden=\"true\" class=\"fas fa-angle-right\"><\/i>\t\t\t<\/span>\n\t\t\t\t\t\t\t\t\t<span class=\"elementor-button-text\">Request compact station<\/span>\n\t\t\t\t\t<\/span>\n\t\t\t\t\t<\/a>\n\t\t\t\t<\/div>\n\t\t\t\t\t\t\t\t<\/div>\n\t\t\t\t<\/div>\n\t\t\t\t<\/div>\n\t\t<div class=\"elementor-element elementor-element-8752231 e-con-full e-flex elementor-invisible e-con e-child\" data-id=\"8752231\" data-element_type=\"container\" data-e-type=\"container\" data-settings=\"{&quot;animation&quot;:&quot;fadeInLeft&quot;}\">\n\t\t\t\t<div class=\"elementor-element elementor-element-dc9df4f elementor-widget elementor-widget-heading\" data-id=\"dc9df4f\" data-element_type=\"widget\" data-e-type=\"widget\" data-widget_type=\"heading.default\">\n\t\t\t\t<div class=\"elementor-widget-container\">\n\t\t\t\t\t<h4 class=\"elementor-heading-title elementor-size-default\">Adaptations for flood areas and special environmental conditions<\/h4>\t\t\t\t<\/div>\n\t\t\t\t<\/div>\n\t\t\t\t<div class=\"elementor-element elementor-element-671a52e elementor-widget elementor-widget-text-editor\" data-id=\"671a52e\" data-element_type=\"widget\" data-e-type=\"widget\" data-widget_type=\"text-editor.default\">\n\t\t\t\t<div class=\"elementor-widget-container\">\n\t\t\t\t\t\t\t\t\t<p>Our compact stations can be customised for use in flooded areas and under special environmental conditions. We offer special protective measures and designs to ensure that your station functions reliably and offers maximum safety even under extreme conditions.<\/p>\t\t\t\t\t\t\t\t<\/div>\n\t\t\t\t<\/div>\n\t\t\t\t<div class=\"elementor-element elementor-element-2d87cf1 elementor-align-left elementor-invisible elementor-widget elementor-widget-button\" data-id=\"2d87cf1\" data-element_type=\"widget\" data-e-type=\"widget\" data-settings=\"{&quot;_animation&quot;:&quot;fadeIn&quot;,&quot;_animation_delay&quot;:300}\" data-widget_type=\"button.default\">\n\t\t\t\t<div class=\"elementor-widget-container\">\n\t\t\t\t\t\t\t\t\t<div class=\"elementor-button-wrapper\">\n\t\t\t\t\t<a class=\"elementor-button elementor-button-link elementor-size-sm\" href=\"https:\/\/faber-etec.de\/en\/e-mobility\/#produktanfrage\" title=\"Request a quote for transfer and transformer station\">\n\t\t\t\t\t\t<span class=\"elementor-button-content-wrapper\">\n\t\t\t\t\t\t<span class=\"elementor-button-icon\">\n\t\t\t\t<i aria-hidden=\"true\" class=\"fas fa-angle-right\"><\/i>\t\t\t<\/span>\n\t\t\t\t\t\t\t\t\t<span class=\"elementor-button-text\">Request e-mobility station<\/span>\n\t\t\t\t\t<\/span>\n\t\t\t\t\t<\/a>\n\t\t\t\t<\/div>\n\t\t\t\t\t\t\t\t<\/div>\n\t\t\t\t<\/div>\n\t\t\t\t<\/div>\n\t\t<div class=\"elementor-element elementor-element-b1fbc5f e-con-full e-flex elementor-invisible e-con e-child\" data-id=\"b1fbc5f\" data-element_type=\"container\" data-e-type=\"container\" data-settings=\"{&quot;animation&quot;:&quot;zoomIn&quot;}\">\n\t\t\t\t<div class=\"elementor-element elementor-element-ed1fdcd elementor-widget elementor-widget-image\" data-id=\"ed1fdcd\" data-element_type=\"widget\" data-e-type=\"widget\" data-widget_type=\"image.default\">\n\t\t\t\t<div class=\"elementor-widget-container\">\n\t\t\t\t\t\t\t\t\t\t\t\t\t\t\t<img decoding=\"async\" src=\"https:\/\/faber-etec.de\/wp-content\/uploads\/sites\/3\/elementor\/thumbs\/Trafo-Kompaktstation-und-Uebergabestation-Photovoltaik-E-Mobilitaet-Windkraft-Netzbetreiber-weiss_08-08-2024-scaled-qsao454e9h2josyi3co00csu3t71xqmt7aggwy5xx4.webp\" title=\"Compact transformer station and transfer station - photovoltaics, e-mobility, wind power and grid operators\" alt=\"Concrete transformer compact station and transfer station for photovoltaics, e-mobility, wind power and grid operators\" loading=\"lazy\" \/>\t\t\t\t\t\t\t\t\t\t\t\t\t\t\t<\/div>\n\t\t\t\t<\/div>\n\t\t\t\t<\/div>\n\t\t\t\t\t<\/div>\n\t\t\t\t<\/div>\n\t\t<div class=\"elementor-element elementor-element-891d689 e-flex e-con-boxed e-con e-parent\" data-id=\"891d689\" data-element_type=\"container\" data-e-type=\"container\" data-settings=\"{&quot;background_background&quot;:&quot;classic&quot;}\">\n\t\t\t\t\t<div class=\"e-con-inner\">\n\t\t<div class=\"elementor-element elementor-element-100c8c7 e-con-full e-flex e-con e-child\" data-id=\"100c8c7\" data-element_type=\"container\" data-e-type=\"container\">\n\t\t\t\t<div class=\"elementor-element elementor-element-63829d9 elementor-invisible elementor-widget elementor-widget-heading\" data-id=\"63829d9\" data-element_type=\"widget\" data-e-type=\"widget\" data-settings=\"{&quot;_animation&quot;:&quot;fadeInDown&quot;}\" data-widget_type=\"heading.default\">\n\t\t\t\t<div class=\"elementor-widget-container\">\n\t\t\t\t\t<h2 class=\"elementor-heading-title elementor-size-default\">Discover all transformer compact stations <\/h2>\t\t\t\t<\/div>\n\t\t\t\t<\/div>\n\t\t\t\t<div class=\"elementor-element elementor-element-56e53bf elementor-invisible elementor-widget elementor-widget-text-editor\" data-id=\"56e53bf\" data-element_type=\"widget\" data-e-type=\"widget\" data-settings=\"{&quot;_animation&quot;:&quot;fadeIn&quot;}\" data-widget_type=\"text-editor.default\">\n\t\t\t\t<div class=\"elementor-widget-container\">\n\t\t\t\t\t\t\t\t\t<p>Discover our wide range of compact transformer stations that are perfectly tailored to your energy projects. From transfer and transformer stations to solar park stations and e-mobility stations, we offer customised solutions for every requirement.<\/p>\t\t\t\t\t\t\t\t<\/div>\n\t\t\t\t<\/div>\n\t\t\t\t<\/div>\n\t\t<div class=\"elementor-element elementor-element-7b70288 e-con-full e-flex elementor-invisible e-con e-child\" data-id=\"7b70288\" data-element_type=\"container\" data-e-type=\"container\" data-settings=\"{&quot;animation&quot;:&quot;bounceInUp&quot;}\">\n\t\t\t\t<div class=\"elementor-element elementor-element-ea089ac elementor-widget elementor-widget-image\" data-id=\"ea089ac\" data-element_type=\"widget\" data-e-type=\"widget\" data-widget_type=\"image.default\">\n\t\t\t\t<div class=\"elementor-widget-container\">\n\t\t\t\t\t\t\t\t\t\t\t\t\t\t\t\t<a href=\"https:\/\/faber-etec.de\/en\/compact-station\/\" title=\"Compact station - \">\n\t\t\t\t\t\t\t<img decoding=\"async\" src=\"https:\/\/faber-etec.de\/wp-content\/uploads\/sites\/3\/elementor\/thumbs\/Trafo-Kompaktstation-und-Uebergabestation-Photovoltaik-E-Mobilitaet-Windkraft-Netzbetreiber-weiss_08-08-2024-scaled-qsao454cx8f3f924089f2hhndyuvta9tl5gedntfzg.webp\" title=\"Compact transformer station and transfer station - photovoltaics, e-mobility, wind power and grid operators\" alt=\"Concrete transformer compact station and transfer station for photovoltaics, e-mobility, wind power and grid operators\" loading=\"lazy\" \/>\t\t\t\t\t\t\t\t<\/a>\n\t\t\t\t\t\t\t\t\t\t\t\t\t\t\t<\/div>\n\t\t\t\t<\/div>\n\t\t\t\t<div class=\"elementor-element elementor-element-bad2a5f elementor-widget elementor-widget-heading\" data-id=\"bad2a5f\" data-element_type=\"widget\" data-e-type=\"widget\" data-widget_type=\"heading.default\">\n\t\t\t\t<div class=\"elementor-widget-container\">\n\t\t\t\t\t<h3 class=\"elementor-heading-title elementor-size-default\">Compact and powerful solution<\/h3>\t\t\t\t<\/div>\n\t\t\t\t<\/div>\n\t\t\t\t<div class=\"elementor-element elementor-element-d04c01e elementor-widget elementor-widget-heading\" data-id=\"d04c01e\" data-element_type=\"widget\" data-e-type=\"widget\" data-widget_type=\"heading.default\">\n\t\t\t\t<div class=\"elementor-widget-container\">\n\t\t\t\t\t<span class=\"elementor-heading-title elementor-size-default\"><a href=\"https:\/\/faber-etec.de\/en\/compact-station\/\" title=\"Find out more about our transfer and transformer station\">Transfer &amp; transformer station<\/a><\/span>\t\t\t\t<\/div>\n\t\t\t\t<\/div>\n\t\t\t\t<div class=\"elementor-element elementor-element-cdf81ce elementor-widget elementor-widget-text-editor\" data-id=\"cdf81ce\" data-element_type=\"widget\" data-e-type=\"widget\" data-widget_type=\"text-editor.default\">\n\t\t\t\t<div class=\"elementor-widget-container\">\n\t\t\t\t\t\t\t\t\t<p>Our transfer and transformer station is the perfect solution for reliable and efficient energy distribution in a wide range of projects. It ensures the safe supply and distribution of energy, customised to your specific requirements.<\/p>\t\t\t\t\t\t\t\t<\/div>\n\t\t\t\t<\/div>\n\t\t\t\t<div class=\"elementor-element elementor-element-2003950 elementor-align-justify elementor-widget elementor-widget-button\" data-id=\"2003950\" data-element_type=\"widget\" data-e-type=\"widget\" data-widget_type=\"button.default\">\n\t\t\t\t<div class=\"elementor-widget-container\">\n\t\t\t\t\t\t\t\t\t<div class=\"elementor-button-wrapper\">\n\t\t\t\t\t<a class=\"elementor-button elementor-button-link elementor-size-sm\" href=\"https:\/\/faber-etec.de\/en\/compact-station\/\" title=\"More details on the transfer and transformer station\">\n\t\t\t\t\t\t<span class=\"elementor-button-content-wrapper\">\n\t\t\t\t\t\t<span class=\"elementor-button-icon\">\n\t\t\t\t<i aria-hidden=\"true\" class=\"fas fa-angle-right\"><\/i>\t\t\t<\/span>\n\t\t\t\t\t\t\t\t\t<span class=\"elementor-button-text\">Compact station details<\/span>\n\t\t\t\t\t<\/span>\n\t\t\t\t\t<\/a>\n\t\t\t\t<\/div>\n\t\t\t\t\t\t\t\t<\/div>\n\t\t\t\t<\/div>\n\t\t\t\t<div class=\"elementor-element elementor-element-c4d6ec7 elementor-widget-divider--view-line elementor-widget elementor-widget-divider\" data-id=\"c4d6ec7\" data-element_type=\"widget\" data-e-type=\"widget\" data-widget_type=\"divider.default\">\n\t\t\t\t<div class=\"elementor-widget-container\">\n\t\t\t\t\t\t\t<div class=\"elementor-divider\">\n\t\t\t<span class=\"elementor-divider-separator\">\n\t\t\t\t\t\t<\/span>\n\t\t<\/div>\n\t\t\t\t\t\t<\/div>\n\t\t\t\t<\/div>\n\t\t\t\t<div class=\"elementor-element elementor-element-0a37e88 elementor-view-default elementor-position-block-start elementor-mobile-position-block-start elementor-invisible elementor-widget elementor-widget-icon-box\" data-id=\"0a37e88\" data-element_type=\"widget\" data-e-type=\"widget\" data-settings=\"{&quot;_animation&quot;:&quot;zoomIn&quot;}\" data-widget_type=\"icon-box.default\">\n\t\t\t\t<div class=\"elementor-widget-container\">\n\t\t\t\t\t\t\t<div class=\"elementor-icon-box-wrapper\">\n\n\t\t\t\t\t\t<div class=\"elementor-icon-box-icon\">\n\t\t\t\t<span  class=\"elementor-icon\">\n\t\t\t\t<i aria-hidden=\"true\" class=\"fas fa-tasks\"><\/i>\t\t\t\t<\/span>\n\t\t\t<\/div>\n\t\t\t\n\t\t\t\t\t\t<div class=\"elementor-icon-box-content\">\n\n\t\t\t\t\t\t\t\t\t<span class=\"elementor-icon-box-title\">\n\t\t\t\t\t\t<span  >\n\t\t\t\t\t\t\tFull flexibility\t\t\t\t\t\t<\/span>\n\t\t\t\t\t<\/span>\n\t\t\t\t\n\t\t\t\t\t\t\t\t\t<p class=\"elementor-icon-box-description\">\n\t\t\t\t\t\tState-of-the-art technology and high adaptability: ideal for various applications in trade, industry and renewable energies\t\t\t\t\t<\/p>\n\t\t\t\t\n\t\t\t<\/div>\n\t\t\t\n\t\t<\/div>\n\t\t\t\t\t\t<\/div>\n\t\t\t\t<\/div>\n\t\t\t\t<div class=\"elementor-element elementor-element-67d5642 elementor-view-default elementor-position-block-start elementor-mobile-position-block-start elementor-invisible elementor-widget elementor-widget-icon-box\" data-id=\"67d5642\" data-element_type=\"widget\" data-e-type=\"widget\" data-settings=\"{&quot;_animation&quot;:&quot;zoomIn&quot;}\" data-widget_type=\"icon-box.default\">\n\t\t\t\t<div class=\"elementor-widget-container\">\n\t\t\t\t\t\t\t<div class=\"elementor-icon-box-wrapper\">\n\n\t\t\t\t\t\t<div class=\"elementor-icon-box-icon\">\n\t\t\t\t<span  class=\"elementor-icon\">\n\t\t\t\t<i aria-hidden=\"true\" class=\"fas fa-calendar-alt\"><\/i>\t\t\t\t<\/span>\n\t\t\t<\/div>\n\t\t\t\n\t\t\t\t\t\t<div class=\"elementor-icon-box-content\">\n\n\t\t\t\t\t\t\t\t\t<span class=\"elementor-icon-box-title\">\n\t\t\t\t\t\t<span  >\n\t\t\t\t\t\t\tDelivery time from 28 weeks\t\t\t\t\t\t<\/span>\n\t\t\t\t\t<\/span>\n\t\t\t\t\n\t\t\t\t\t\t\t\t\t<p class=\"elementor-icon-box-description\">\n\t\t\t\t\t\tFaster completion thanks to in-house production in B\u00fcnde NRW Germany and semi-automated planning process.\t\t\t\t\t<\/p>\n\t\t\t\t\n\t\t\t<\/div>\n\t\t\t\n\t\t<\/div>\n\t\t\t\t\t\t<\/div>\n\t\t\t\t<\/div>\n\t\t\t\t<div class=\"elementor-element elementor-element-9c06391 elementor-widget-divider--view-line elementor-widget elementor-widget-divider\" data-id=\"9c06391\" data-element_type=\"widget\" data-e-type=\"widget\" data-widget_type=\"divider.default\">\n\t\t\t\t<div class=\"elementor-widget-container\">\n\t\t\t\t\t\t\t<div class=\"elementor-divider\">\n\t\t\t<span class=\"elementor-divider-separator\">\n\t\t\t\t\t\t<\/span>\n\t\t<\/div>\n\t\t\t\t\t\t<\/div>\n\t\t\t\t<\/div>\n\t\t\t\t<div class=\"elementor-element elementor-element-0b1313c elementor-widget elementor-widget-heading\" data-id=\"0b1313c\" data-element_type=\"widget\" data-e-type=\"widget\" data-widget_type=\"heading.default\">\n\t\t\t\t<div class=\"elementor-widget-container\">\n\t\t\t\t\t<span class=\"elementor-heading-title elementor-size-default\"><a href=\"https:\/\/faber-etec.de\/en\/solarpark-transformer-station\/\" title=\"Discover our high-performance solar park station\">Vorteile<\/a><\/span>\t\t\t\t<\/div>\n\t\t\t\t<\/div>\n\t\t\t\t<div class=\"elementor-element elementor-element-fb99f6f elementor-align-start elementor-icon-list--layout-traditional elementor-list-item-link-full_width elementor-widget elementor-widget-icon-list\" data-id=\"fb99f6f\" data-element_type=\"widget\" data-e-type=\"widget\" data-widget_type=\"icon-list.default\">\n\t\t\t\t<div class=\"elementor-widget-container\">\n\t\t\t\t\t\t\t<ul class=\"elementor-icon-list-items\">\n\t\t\t\t\t\t\t<li class=\"elementor-icon-list-item\">\n\t\t\t\t\t\t\t\t\t\t\t<span class=\"elementor-icon-list-icon\">\n\t\t\t\t\t\t\t<i aria-hidden=\"true\" class=\"fas fa-bolt\"><\/i>\t\t\t\t\t\t<\/span>\n\t\t\t\t\t\t\t\t\t\t<span class=\"elementor-icon-list-text\">Different power levels<\/span>\n\t\t\t\t\t\t\t\t\t<\/li>\n\t\t\t\t\t\t\t\t<li class=\"elementor-icon-list-item\">\n\t\t\t\t\t\t\t\t\t\t\t<span class=\"elementor-icon-list-icon\">\n\t\t\t\t\t\t\t<i aria-hidden=\"true\" class=\"fas fa-cube\"><\/i>\t\t\t\t\t\t<\/span>\n\t\t\t\t\t\t\t\t\t\t<span class=\"elementor-icon-list-text\">lompaktstation concrete construction maximum stability<\/span>\n\t\t\t\t\t\t\t\t\t<\/li>\n\t\t\t\t\t\t\t\t<li class=\"elementor-icon-list-item\">\n\t\t\t\t\t\t\t\t\t\t\t<span class=\"elementor-icon-list-icon\">\n\t\t\t\t\t\t\t<i aria-hidden=\"true\" class=\"fas fa-tint-slash\"><\/i>\t\t\t\t\t\t<\/span>\n\t\t\t\t\t\t\t\t\t\t<span class=\"elementor-icon-list-text\">Integrated oil collector for environmental protection<\/span>\n\t\t\t\t\t\t\t\t\t<\/li>\n\t\t\t\t\t\t\t\t<li class=\"elementor-icon-list-item\">\n\t\t\t\t\t\t\t\t\t\t\t<span class=\"elementor-icon-list-icon\">\n\t\t\t\t\t\t\t<i aria-hidden=\"true\" class=\"fas fa-paint-brush\"><\/i>\t\t\t\t\t\t<\/span>\n\t\t\t\t\t\t\t\t\t\t<span class=\"elementor-icon-list-text\">Subtle colours, robust design<\/span>\n\t\t\t\t\t\t\t\t\t<\/li>\n\t\t\t\t\t\t<\/ul>\n\t\t\t\t\t\t<\/div>\n\t\t\t\t<\/div>\n\t\t\t\t<div class=\"elementor-element elementor-element-d8e2155 elementor-widget elementor-widget-heading\" data-id=\"d8e2155\" data-element_type=\"widget\" data-e-type=\"widget\" data-widget_type=\"heading.default\">\n\t\t\t\t<div class=\"elementor-widget-container\">\n\t\t\t\t\t<span class=\"elementor-heading-title elementor-size-default\"><a href=\"https:\/\/faber-etec.de\/en\/solarpark-transformer-station\/\" title=\"Discover our high-performance solar park station\">Areas of application<\/a><\/span>\t\t\t\t<\/div>\n\t\t\t\t<\/div>\n\t\t\t\t<div class=\"elementor-element elementor-element-2b2a18a elementor-align-start elementor-icon-list--layout-traditional elementor-list-item-link-full_width elementor-widget elementor-widget-icon-list\" data-id=\"2b2a18a\" data-element_type=\"widget\" data-e-type=\"widget\" data-widget_type=\"icon-list.default\">\n\t\t\t\t<div class=\"elementor-widget-container\">\n\t\t\t\t\t\t\t<ul class=\"elementor-icon-list-items\">\n\t\t\t\t\t\t\t<li class=\"elementor-icon-list-item\">\n\t\t\t\t\t\t\t\t\t\t\t<span class=\"elementor-icon-list-icon\">\n\t\t\t\t\t\t\t<i aria-hidden=\"true\" class=\"fas fa-lightbulb\"><\/i>\t\t\t\t\t\t<\/span>\n\t\t\t\t\t\t\t\t\t\t<span class=\"elementor-icon-list-text\">Energy supply company<\/span>\n\t\t\t\t\t\t\t\t\t<\/li>\n\t\t\t\t\t\t\t\t<li class=\"elementor-icon-list-item\">\n\t\t\t\t\t\t\t\t\t\t\t<span class=\"elementor-icon-list-icon\">\n\t\t\t\t\t\t\t<i aria-hidden=\"true\" class=\"fas fa-industry\"><\/i>\t\t\t\t\t\t<\/span>\n\t\t\t\t\t\t\t\t\t\t<span class=\"elementor-icon-list-text\">Industrial plants \/ factory complexes<\/span>\n\t\t\t\t\t\t\t\t\t<\/li>\n\t\t\t\t\t\t\t\t<li class=\"elementor-icon-list-item\">\n\t\t\t\t\t\t\t\t\t\t\t<span class=\"elementor-icon-list-icon\">\n\t\t\t\t\t\t\t<i aria-hidden=\"true\" class=\"fas fa-city\"><\/i>\t\t\t\t\t\t<\/span>\n\t\t\t\t\t\t\t\t\t\t<span class=\"elementor-icon-list-text\">Urban areas and commerce<\/span>\n\t\t\t\t\t\t\t\t\t<\/li>\n\t\t\t\t\t\t<\/ul>\n\t\t\t\t\t\t<\/div>\n\t\t\t\t<\/div>\n\t\t\t\t<div class=\"elementor-element elementor-element-67cc3e6 elementor-align-left elementor-invisible elementor-widget elementor-widget-button\" data-id=\"67cc3e6\" data-element_type=\"widget\" data-e-type=\"widget\" data-settings=\"{&quot;_animation&quot;:&quot;fadeInUp&quot;,&quot;_animation_delay&quot;:300}\" data-widget_type=\"button.default\">\n\t\t\t\t<div class=\"elementor-widget-container\">\n\t\t\t\t\t\t\t\t\t<div class=\"elementor-button-wrapper\">\n\t\t\t\t\t<a class=\"elementor-button elementor-button-link elementor-size-sm\" href=\"https:\/\/faber-etec.de\/en\/request\/\" title=\"Request a quote for transfer and transformer station\">\n\t\t\t\t\t\t<span class=\"elementor-button-content-wrapper\">\n\t\t\t\t\t\t<span class=\"elementor-button-icon\">\n\t\t\t\t<i aria-hidden=\"true\" class=\"fas fa-angle-right\"><\/i>\t\t\t<\/span>\n\t\t\t\t\t\t\t\t\t<span class=\"elementor-button-text\">Request a quote<\/span>\n\t\t\t\t\t<\/span>\n\t\t\t\t\t<\/a>\n\t\t\t\t<\/div>\n\t\t\t\t\t\t\t\t<\/div>\n\t\t\t\t<\/div>\n\t\t\t\t<\/div>\n\t\t<div class=\"elementor-element elementor-element-676e6a1 e-con-full e-flex elementor-invisible e-con e-child\" data-id=\"676e6a1\" data-element_type=\"container\" data-e-type=\"container\" data-settings=\"{&quot;animation&quot;:&quot;bounceInUp&quot;,&quot;animation_delay&quot;:250}\">\n\t\t\t\t<div class=\"elementor-element elementor-element-efc1815 elementor-widget elementor-widget-image\" data-id=\"efc1815\" data-element_type=\"widget\" data-e-type=\"widget\" data-widget_type=\"image.default\">\n\t\t\t\t<div class=\"elementor-widget-container\">\n\t\t\t\t\t\t\t\t\t\t\t\t\t\t\t\t<a href=\"https:\/\/faber-etec.de\/en\/solarpark-transformer-station\/\" title=\"Solar park station - \">\n\t\t\t\t\t\t\t<img decoding=\"async\" src=\"https:\/\/faber-etec.de\/wp-content\/uploads\/sites\/3\/elementor\/thumbs\/Faber-E-Tec-GmbH-Alleskoenner-Kompaktstation-fuer-Ihren-Mittelspannungsanschluss-Uebergabestation-Trafostation-qsjgh9f3lt9jnjq6jqlr6zbobtc62tacg245zf21ws.webp\" title=\"Faber E-Tec GmbH - All-rounder compact station for your medium-voltage connection - Transfer station Transformer station. Compact station\" alt=\"Overview of all Faber E-Tec products: Transformer stations, NSHV switching systems, solar park stations and more\" loading=\"lazy\" \/>\t\t\t\t\t\t\t\t<\/a>\n\t\t\t\t\t\t\t\t\t\t\t\t\t\t\t<\/div>\n\t\t\t\t<\/div>\n\t\t\t\t<div class=\"elementor-element elementor-element-e37930d elementor-widget elementor-widget-heading\" data-id=\"e37930d\" data-element_type=\"widget\" data-e-type=\"widget\" data-widget_type=\"heading.default\">\n\t\t\t\t<div class=\"elementor-widget-container\">\n\t\t\t\t\t<h3 class=\"elementor-heading-title elementor-size-default\">Your renewable energy generation<\/h3>\t\t\t\t<\/div>\n\t\t\t\t<\/div>\n\t\t\t\t<div class=\"elementor-element elementor-element-7e7eb6e elementor-widget elementor-widget-heading\" data-id=\"7e7eb6e\" data-element_type=\"widget\" data-e-type=\"widget\" data-widget_type=\"heading.default\">\n\t\t\t\t<div class=\"elementor-widget-container\">\n\t\t\t\t\t<span class=\"elementor-heading-title elementor-size-default\"><a href=\"https:\/\/faber-etec.de\/en\/solarpark-transformer-station\/\" title=\"Discover our high-performance solar park station\">Solar park station<\/a><\/span>\t\t\t\t<\/div>\n\t\t\t\t<\/div>\n\t\t\t\t<div class=\"elementor-element elementor-element-14ceeb1 elementor-widget elementor-widget-text-editor\" data-id=\"14ceeb1\" data-element_type=\"widget\" data-e-type=\"widget\" data-widget_type=\"text-editor.default\">\n\t\t\t\t<div class=\"elementor-widget-container\">\n\t\t\t\t\t\t\t\t\t<p>The solar park station \/ PV compact station has been specially developed for photovoltaic systems and solar parks. It ensures efficient conversion and distribution of solar energy and supports a sustainable energy supply.\u00a0<\/p>\t\t\t\t\t\t\t\t<\/div>\n\t\t\t\t<\/div>\n\t\t\t\t<div class=\"elementor-element elementor-element-89ed83b elementor-align-justify elementor-widget elementor-widget-button\" data-id=\"89ed83b\" data-element_type=\"widget\" data-e-type=\"widget\" data-widget_type=\"button.default\">\n\t\t\t\t<div class=\"elementor-widget-container\">\n\t\t\t\t\t\t\t\t\t<div class=\"elementor-button-wrapper\">\n\t\t\t\t\t<a class=\"elementor-button elementor-button-link elementor-size-sm\" href=\"https:\/\/faber-etec.de\/en\/solarpark-transformer-station\/\" title=\"More details about the solar park station\">\n\t\t\t\t\t\t<span class=\"elementor-button-content-wrapper\">\n\t\t\t\t\t\t<span class=\"elementor-button-icon\">\n\t\t\t\t<i aria-hidden=\"true\" class=\"fas fa-angle-right\"><\/i>\t\t\t<\/span>\n\t\t\t\t\t\t\t\t\t<span class=\"elementor-button-text\">Solar park station details<\/span>\n\t\t\t\t\t<\/span>\n\t\t\t\t\t<\/a>\n\t\t\t\t<\/div>\n\t\t\t\t\t\t\t\t<\/div>\n\t\t\t\t<\/div>\n\t\t\t\t<div class=\"elementor-element elementor-element-b77a88c elementor-widget-divider--view-line elementor-widget elementor-widget-divider\" data-id=\"b77a88c\" data-element_type=\"widget\" data-e-type=\"widget\" data-widget_type=\"divider.default\">\n\t\t\t\t<div class=\"elementor-widget-container\">\n\t\t\t\t\t\t\t<div class=\"elementor-divider\">\n\t\t\t<span class=\"elementor-divider-separator\">\n\t\t\t\t\t\t<\/span>\n\t\t<\/div>\n\t\t\t\t\t\t<\/div>\n\t\t\t\t<\/div>\n\t\t\t\t<div class=\"elementor-element elementor-element-093d269 elementor-view-default elementor-position-block-start elementor-mobile-position-block-start elementor-invisible elementor-widget elementor-widget-icon-box\" data-id=\"093d269\" data-element_type=\"widget\" data-e-type=\"widget\" data-settings=\"{&quot;_animation&quot;:&quot;zoomIn&quot;}\" data-widget_type=\"icon-box.default\">\n\t\t\t\t<div class=\"elementor-widget-container\">\n\t\t\t\t\t\t\t<div class=\"elementor-icon-box-wrapper\">\n\n\t\t\t\t\t\t<div class=\"elementor-icon-box-icon\">\n\t\t\t\t<span  class=\"elementor-icon\">\n\t\t\t\t<i aria-hidden=\"true\" class=\"fas fa-fan\"><\/i>\t\t\t\t<\/span>\n\t\t\t<\/div>\n\t\t\t\n\t\t\t\t\t\t<div class=\"elementor-icon-box-content\">\n\n\t\t\t\t\t\t\t\t\t<span class=\"elementor-icon-box-title\">\n\t\t\t\t\t\t<span  >\n\t\t\t\t\t\t\tLess heat development\t\t\t\t\t\t<\/span>\n\t\t\t\t\t<\/span>\n\t\t\t\t\n\t\t\t\t\t\t\t\t\t<p class=\"elementor-icon-box-description\">\n\t\t\t\t\t\tThe advanced switching system minimises heat generation in the station, which significantly reduces wear on the electrical switchgear.\t\t\t\t\t<\/p>\n\t\t\t\t\n\t\t\t<\/div>\n\t\t\t\n\t\t<\/div>\n\t\t\t\t\t\t<\/div>\n\t\t\t\t<\/div>\n\t\t\t\t<div class=\"elementor-element elementor-element-0dcc260 elementor-view-default elementor-position-block-start elementor-mobile-position-block-start elementor-invisible elementor-widget elementor-widget-icon-box\" data-id=\"0dcc260\" data-element_type=\"widget\" data-e-type=\"widget\" data-settings=\"{&quot;_animation&quot;:&quot;zoomIn&quot;}\" data-widget_type=\"icon-box.default\">\n\t\t\t\t<div class=\"elementor-widget-container\">\n\t\t\t\t\t\t\t<div class=\"elementor-icon-box-wrapper\">\n\n\t\t\t\t\t\t<div class=\"elementor-icon-box-icon\">\n\t\t\t\t<span  class=\"elementor-icon\">\n\t\t\t\t<i aria-hidden=\"true\" class=\"fas fa-solar-panel\"><\/i>\t\t\t\t<\/span>\n\t\t\t<\/div>\n\t\t\t\n\t\t\t\t\t\t<div class=\"elementor-icon-box-content\">\n\n\t\t\t\t\t\t\t\t\t<span class=\"elementor-icon-box-title\">\n\t\t\t\t\t\t<span  >\n\t\t\t\t\t\t\t3 powerful variants\t\t\t\t\t\t<\/span>\n\t\t\t\t\t<\/span>\n\t\t\t\t\n\t\t\t\t\t\t\t\t\t<p class=\"elementor-icon-box-description\">\n\t\t\t\t\t\tTo meet different requirements, we offer the solar park station in three different versions: 3150 kVA, 2500 kVA and 2000 kVA.\t\t\t\t\t<\/p>\n\t\t\t\t\n\t\t\t<\/div>\n\t\t\t\n\t\t<\/div>\n\t\t\t\t\t\t<\/div>\n\t\t\t\t<\/div>\n\t\t\t\t<div class=\"elementor-element elementor-element-a9d3ca0 elementor-widget-divider--view-line elementor-widget elementor-widget-divider\" data-id=\"a9d3ca0\" data-element_type=\"widget\" data-e-type=\"widget\" data-widget_type=\"divider.default\">\n\t\t\t\t<div class=\"elementor-widget-container\">\n\t\t\t\t\t\t\t<div class=\"elementor-divider\">\n\t\t\t<span class=\"elementor-divider-separator\">\n\t\t\t\t\t\t<\/span>\n\t\t<\/div>\n\t\t\t\t\t\t<\/div>\n\t\t\t\t<\/div>\n\t\t\t\t<div class=\"elementor-element elementor-element-0c8e3ae elementor-widget elementor-widget-heading\" data-id=\"0c8e3ae\" data-element_type=\"widget\" data-e-type=\"widget\" data-widget_type=\"heading.default\">\n\t\t\t\t<div class=\"elementor-widget-container\">\n\t\t\t\t\t<span class=\"elementor-heading-title elementor-size-default\"><a href=\"https:\/\/faber-etec.de\/en\/solarpark-transformer-station\/\" title=\"Discover our high-performance solar park station\">Vorteile<\/a><\/span>\t\t\t\t<\/div>\n\t\t\t\t<\/div>\n\t\t\t\t<div class=\"elementor-element elementor-element-b46d3db elementor-align-start elementor-icon-list--layout-traditional elementor-list-item-link-full_width elementor-widget elementor-widget-icon-list\" data-id=\"b46d3db\" data-element_type=\"widget\" data-e-type=\"widget\" data-widget_type=\"icon-list.default\">\n\t\t\t\t<div class=\"elementor-widget-container\">\n\t\t\t\t\t\t\t<ul class=\"elementor-icon-list-items\">\n\t\t\t\t\t\t\t<li class=\"elementor-icon-list-item\">\n\t\t\t\t\t\t\t\t\t\t\t<span class=\"elementor-icon-list-icon\">\n\t\t\t\t\t\t\t<i aria-hidden=\"true\" class=\"fas fa-balance-scale\"><\/i>\t\t\t\t\t\t<\/span>\n\t\t\t\t\t\t\t\t\t\t<span class=\"elementor-icon-list-text\">Efficient energy distribution for solar parks<\/span>\n\t\t\t\t\t\t\t\t\t<\/li>\n\t\t\t\t\t\t\t\t<li class=\"elementor-icon-list-item\">\n\t\t\t\t\t\t\t\t\t\t\t<span class=\"elementor-icon-list-icon\">\n\t\t\t\t\t\t\t<i aria-hidden=\"true\" class=\"fas fa-solar-panel\"><\/i>\t\t\t\t\t\t<\/span>\n\t\t\t\t\t\t\t\t\t\t<span class=\"elementor-icon-list-text\">Specially developed for photovoltaic projects<\/span>\n\t\t\t\t\t\t\t\t\t<\/li>\n\t\t\t\t\t\t\t\t<li class=\"elementor-icon-list-item\">\n\t\t\t\t\t\t\t\t\t\t\t<span class=\"elementor-icon-list-icon\">\n\t\t\t\t\t\t\t<i aria-hidden=\"true\" class=\"fas fa-wave-square\"><\/i>\t\t\t\t\t\t<\/span>\n\t\t\t\t\t\t\t\t\t\t<span class=\"elementor-icon-list-text\">Integration into existing systems<\/span>\n\t\t\t\t\t\t\t\t\t<\/li>\n\t\t\t\t\t\t\t\t<li class=\"elementor-icon-list-item\">\n\t\t\t\t\t\t\t\t\t\t\t<span class=\"elementor-icon-list-icon\">\n\t\t\t\t\t\t\t<i aria-hidden=\"true\" class=\"fas fa-compress-arrows-alt\"><\/i>\t\t\t\t\t\t<\/span>\n\t\t\t\t\t\t\t\t\t\t<span class=\"elementor-icon-list-text\">Compact and robust design<\/span>\n\t\t\t\t\t\t\t\t\t<\/li>\n\t\t\t\t\t\t<\/ul>\n\t\t\t\t\t\t<\/div>\n\t\t\t\t<\/div>\n\t\t\t\t<div class=\"elementor-element elementor-element-be7ced7 elementor-widget elementor-widget-heading\" data-id=\"be7ced7\" data-element_type=\"widget\" data-e-type=\"widget\" data-widget_type=\"heading.default\">\n\t\t\t\t<div class=\"elementor-widget-container\">\n\t\t\t\t\t<span class=\"elementor-heading-title elementor-size-default\"><a href=\"https:\/\/faber-etec.de\/en\/solarpark-transformer-station\/\" title=\"Discover our high-performance solar park station\">Areas of application<\/a><\/span>\t\t\t\t<\/div>\n\t\t\t\t<\/div>\n\t\t\t\t<div class=\"elementor-element elementor-element-99f2447 elementor-align-start elementor-icon-list--layout-traditional elementor-list-item-link-full_width elementor-widget elementor-widget-icon-list\" data-id=\"99f2447\" data-element_type=\"widget\" data-e-type=\"widget\" data-widget_type=\"icon-list.default\">\n\t\t\t\t<div class=\"elementor-widget-container\">\n\t\t\t\t\t\t\t<ul class=\"elementor-icon-list-items\">\n\t\t\t\t\t\t\t<li class=\"elementor-icon-list-item\">\n\t\t\t\t\t\t\t\t\t\t\t<span class=\"elementor-icon-list-icon\">\n\t\t\t\t\t\t\t<i aria-hidden=\"true\" class=\"fas fa-sun\"><\/i>\t\t\t\t\t\t<\/span>\n\t\t\t\t\t\t\t\t\t\t<span class=\"elementor-icon-list-text\">Ground-mounted photovoltaic system<\/span>\n\t\t\t\t\t\t\t\t\t<\/li>\n\t\t\t\t\t\t\t\t<li class=\"elementor-icon-list-item\">\n\t\t\t\t\t\t\t\t\t\t\t<span class=\"elementor-icon-list-icon\">\n\t\t\t\t\t\t\t<i aria-hidden=\"true\" class=\"fas fa-solar-panel\"><\/i>\t\t\t\t\t\t<\/span>\n\t\t\t\t\t\t\t\t\t\t<span class=\"elementor-icon-list-text\">Large-scale rooftop systems<\/span>\n\t\t\t\t\t\t\t\t\t<\/li>\n\t\t\t\t\t\t\t\t<li class=\"elementor-icon-list-item\">\n\t\t\t\t\t\t\t\t\t\t\t<span class=\"elementor-icon-list-icon\">\n\t\t\t\t\t\t\t<i aria-hidden=\"true\" class=\"fas fa-recycle\"><\/i>\t\t\t\t\t\t<\/span>\n\t\t\t\t\t\t\t\t\t\t<span class=\"elementor-icon-list-text\">Renewable energy projects<\/span>\n\t\t\t\t\t\t\t\t\t<\/li>\n\t\t\t\t\t\t<\/ul>\n\t\t\t\t\t\t<\/div>\n\t\t\t\t<\/div>\n\t\t\t\t<div class=\"elementor-element elementor-element-f42aeeb elementor-align-left elementor-invisible elementor-widget elementor-widget-button\" data-id=\"f42aeeb\" data-element_type=\"widget\" data-e-type=\"widget\" data-settings=\"{&quot;_animation&quot;:&quot;fadeInUp&quot;,&quot;_animation_delay&quot;:300}\" data-widget_type=\"button.default\">\n\t\t\t\t<div class=\"elementor-widget-container\">\n\t\t\t\t\t\t\t\t\t<div class=\"elementor-button-wrapper\">\n\t\t\t\t\t<a class=\"elementor-button elementor-button-link elementor-size-sm\" href=\"https:\/\/faber-etec.de\/en\/compact-station\/#produktanfrage\" title=\"Request a quote for a solar park station\">\n\t\t\t\t\t\t<span class=\"elementor-button-content-wrapper\">\n\t\t\t\t\t\t<span class=\"elementor-button-icon\">\n\t\t\t\t<i aria-hidden=\"true\" class=\"fas fa-angle-right\"><\/i>\t\t\t<\/span>\n\t\t\t\t\t\t\t\t\t<span class=\"elementor-button-text\">Order now<\/span>\n\t\t\t\t\t<\/span>\n\t\t\t\t\t<\/a>\n\t\t\t\t<\/div>\n\t\t\t\t\t\t\t\t<\/div>\n\t\t\t\t<\/div>\n\t\t\t\t<\/div>\n\t\t<div class=\"elementor-element elementor-element-01b8593 e-con-full e-flex elementor-invisible e-con e-child\" data-id=\"01b8593\" data-element_type=\"container\" data-e-type=\"container\" data-settings=\"{&quot;animation&quot;:&quot;bounceInUp&quot;,&quot;animation_delay&quot;:500}\">\n\t\t\t\t<div class=\"elementor-element elementor-element-26d9467 elementor-widget elementor-widget-image\" data-id=\"26d9467\" data-element_type=\"widget\" data-e-type=\"widget\" data-widget_type=\"image.default\">\n\t\t\t\t<div class=\"elementor-widget-container\">\n\t\t\t\t\t\t\t\t\t\t\t\t\t\t\t\t<a href=\"https:\/\/faber-etec.de\/en\/e-mobility\/\" title=\"E Mobility - \">\n\t\t\t\t\t\t\t<img decoding=\"async\" src=\"https:\/\/faber-etec.de\/wp-content\/uploads\/sites\/3\/elementor\/thumbs\/Kompaktstation-Trafostation-fuer-E-Mobilitaet-eMobility-EV-Ladeinfrastruktur-Ladeloesung-scaled-qstxa5ms1ml09jyl38mafxdqx9p4q0z9g1yju292y4.webp\" title=\"E-mobility station for charging infrastructure and energy supply for electric vehicles. Compact stations\" alt=\"Illustration of an e-mobility station, developed for the reliable power supply of charging stations for electric vehicles. Ideal for setting up centralised and decentralised charging infrastructure. Compact stations\" loading=\"lazy\" \/>\t\t\t\t\t\t\t\t<\/a>\n\t\t\t\t\t\t\t\t\t\t\t\t\t\t\t<\/div>\n\t\t\t\t<\/div>\n\t\t\t\t<div class=\"elementor-element elementor-element-c9bad09 elementor-widget elementor-widget-heading\" data-id=\"c9bad09\" data-element_type=\"widget\" data-e-type=\"widget\" data-widget_type=\"heading.default\">\n\t\t\t\t<div class=\"elementor-widget-container\">\n\t\t\t\t\t<h3 class=\"elementor-heading-title elementor-size-default\">Charging infrastructure for electric vehicles<\/h3>\t\t\t\t<\/div>\n\t\t\t\t<\/div>\n\t\t\t\t<div class=\"elementor-element elementor-element-8922df8 elementor-widget elementor-widget-heading\" data-id=\"8922df8\" data-element_type=\"widget\" data-e-type=\"widget\" data-widget_type=\"heading.default\">\n\t\t\t\t<div class=\"elementor-widget-container\">\n\t\t\t\t\t<span class=\"elementor-heading-title elementor-size-default\"><a href=\"https:\/\/faber-etec.de\/en\/e-mobility\/\" title=\"Discover our innovative e-mobility station\">E-mobility station<\/a><\/span>\t\t\t\t<\/div>\n\t\t\t\t<\/div>\n\t\t\t\t<div class=\"elementor-element elementor-element-bb89c9f elementor-widget elementor-widget-text-editor\" data-id=\"bb89c9f\" data-element_type=\"widget\" data-e-type=\"widget\" data-widget_type=\"text-editor.default\">\n\t\t\t\t<div class=\"elementor-widget-container\">\n\t\t\t\t\t\t\t\t\t<p>Our e-mobility station | eMobility compact station offers a reliable power supply for the charging infrastructure of electric vehicles. It is ideal for setting up centralised and decentralised charging points and ensures stable and efficient power distribution.<\/p>\t\t\t\t\t\t\t\t<\/div>\n\t\t\t\t<\/div>\n\t\t\t\t<div class=\"elementor-element elementor-element-ef3e798 elementor-align-justify elementor-widget elementor-widget-button\" data-id=\"ef3e798\" data-element_type=\"widget\" data-e-type=\"widget\" data-widget_type=\"button.default\">\n\t\t\t\t<div class=\"elementor-widget-container\">\n\t\t\t\t\t\t\t\t\t<div class=\"elementor-button-wrapper\">\n\t\t\t\t\t<a class=\"elementor-button elementor-button-link elementor-size-sm\" href=\"https:\/\/faber-etec.de\/en\/e-mobility\/\" title=\"More details about the e-mobility station\">\n\t\t\t\t\t\t<span class=\"elementor-button-content-wrapper\">\n\t\t\t\t\t\t<span class=\"elementor-button-icon\">\n\t\t\t\t<i aria-hidden=\"true\" class=\"fas fa-angle-right\"><\/i>\t\t\t<\/span>\n\t\t\t\t\t\t\t\t\t<span class=\"elementor-button-text\">E-mobility station details<\/span>\n\t\t\t\t\t<\/span>\n\t\t\t\t\t<\/a>\n\t\t\t\t<\/div>\n\t\t\t\t\t\t\t\t<\/div>\n\t\t\t\t<\/div>\n\t\t\t\t<div class=\"elementor-element elementor-element-af1a5c9 elementor-widget-divider--view-line elementor-widget elementor-widget-divider\" data-id=\"af1a5c9\" data-element_type=\"widget\" data-e-type=\"widget\" data-widget_type=\"divider.default\">\n\t\t\t\t<div class=\"elementor-widget-container\">\n\t\t\t\t\t\t\t<div class=\"elementor-divider\">\n\t\t\t<span class=\"elementor-divider-separator\">\n\t\t\t\t\t\t<\/span>\n\t\t<\/div>\n\t\t\t\t\t\t<\/div>\n\t\t\t\t<\/div>\n\t\t\t\t<div class=\"elementor-element elementor-element-672cfcb elementor-view-default elementor-position-block-start elementor-mobile-position-block-start elementor-invisible elementor-widget elementor-widget-icon-box\" data-id=\"672cfcb\" data-element_type=\"widget\" data-e-type=\"widget\" data-settings=\"{&quot;_animation&quot;:&quot;zoomIn&quot;}\" data-widget_type=\"icon-box.default\">\n\t\t\t\t<div class=\"elementor-widget-container\">\n\t\t\t\t\t\t\t<div class=\"elementor-icon-box-wrapper\">\n\n\t\t\t\t\t\t<div class=\"elementor-icon-box-icon\">\n\t\t\t\t<span  class=\"elementor-icon\">\n\t\t\t\t<i aria-hidden=\"true\" class=\"fas fa-charging-station\"><\/i>\t\t\t\t<\/span>\n\t\t\t<\/div>\n\t\t\t\n\t\t\t\t\t\t<div class=\"elementor-icon-box-content\">\n\n\t\t\t\t\t\t\t\t\t<span class=\"elementor-icon-box-title\">\n\t\t\t\t\t\t<span  >\n\t\t\t\t\t\t\tHigh performance\t\t\t\t\t\t<\/span>\n\t\t\t\t\t<\/span>\n\t\t\t\t\n\t\t\t\t\t\t\t\t\t<p class=\"elementor-icon-box-description\">\n\t\t\t\t\t\tMaximum power and maximum efficiency on less than 10 m\u00b2. Up to 2,500 kVA transformer power can be installed in one station. \t\t\t\t\t<\/p>\n\t\t\t\t\n\t\t\t<\/div>\n\t\t\t\n\t\t<\/div>\n\t\t\t\t\t\t<\/div>\n\t\t\t\t<\/div>\n\t\t\t\t<div class=\"elementor-element elementor-element-7e9485e elementor-view-default elementor-position-block-start elementor-mobile-position-block-start elementor-invisible elementor-widget elementor-widget-icon-box\" data-id=\"7e9485e\" data-element_type=\"widget\" data-e-type=\"widget\" data-settings=\"{&quot;_animation&quot;:&quot;zoomIn&quot;}\" data-widget_type=\"icon-box.default\">\n\t\t\t\t<div class=\"elementor-widget-container\">\n\t\t\t\t\t\t\t<div class=\"elementor-icon-box-wrapper\">\n\n\t\t\t\t\t\t<div class=\"elementor-icon-box-icon\">\n\t\t\t\t<span  class=\"elementor-icon\">\n\t\t\t\t<i aria-hidden=\"true\" class=\"fas fa-city\"><\/i>\t\t\t\t<\/span>\n\t\t\t<\/div>\n\t\t\t\n\t\t\t\t\t\t<div class=\"elementor-icon-box-content\">\n\n\t\t\t\t\t\t\t\t\t<span class=\"elementor-icon-box-title\">\n\t\t\t\t\t\t<span  >\n\t\t\t\t\t\t\tMedium-voltage side\t\t\t\t\t\t<\/span>\n\t\t\t\t\t<\/span>\n\t\t\t\t\n\t\t\t\t\t\t\t\t\t<p class=\"elementor-icon-box-description\">\n\t\t\t\t\t\tThe station can be connected directly to the public distribution network or used as a sub-station. \t\t\t\t\t<\/p>\n\t\t\t\t\n\t\t\t<\/div>\n\t\t\t\n\t\t<\/div>\n\t\t\t\t\t\t<\/div>\n\t\t\t\t<\/div>\n\t\t\t\t<div class=\"elementor-element elementor-element-fce729a elementor-widget-divider--view-line elementor-widget elementor-widget-divider\" data-id=\"fce729a\" data-element_type=\"widget\" data-e-type=\"widget\" data-widget_type=\"divider.default\">\n\t\t\t\t<div class=\"elementor-widget-container\">\n\t\t\t\t\t\t\t<div class=\"elementor-divider\">\n\t\t\t<span class=\"elementor-divider-separator\">\n\t\t\t\t\t\t<\/span>\n\t\t<\/div>\n\t\t\t\t\t\t<\/div>\n\t\t\t\t<\/div>\n\t\t\t\t<div class=\"elementor-element elementor-element-8d6ba56 elementor-widget elementor-widget-heading\" data-id=\"8d6ba56\" data-element_type=\"widget\" data-e-type=\"widget\" data-widget_type=\"heading.default\">\n\t\t\t\t<div class=\"elementor-widget-container\">\n\t\t\t\t\t<span class=\"elementor-heading-title elementor-size-default\"><a href=\"https:\/\/faber-etec.de\/en\/solarpark-transformer-station\/\" title=\"Discover our high-performance solar park station\">Vorteile<\/a><\/span>\t\t\t\t<\/div>\n\t\t\t\t<\/div>\n\t\t\t\t<div class=\"elementor-element elementor-element-516a5cc elementor-align-start elementor-icon-list--layout-traditional elementor-list-item-link-full_width elementor-widget elementor-widget-icon-list\" data-id=\"516a5cc\" data-element_type=\"widget\" data-e-type=\"widget\" data-widget_type=\"icon-list.default\">\n\t\t\t\t<div class=\"elementor-widget-container\">\n\t\t\t\t\t\t\t<ul class=\"elementor-icon-list-items\">\n\t\t\t\t\t\t\t<li class=\"elementor-icon-list-item\">\n\t\t\t\t\t\t\t\t\t\t\t<span class=\"elementor-icon-list-icon\">\n\t\t\t\t\t\t\t<i aria-hidden=\"true\" class=\"fas fa-puzzle-piece\"><\/i>\t\t\t\t\t\t<\/span>\n\t\t\t\t\t\t\t\t\t\t<span class=\"elementor-icon-list-text\">Compatible with all charging systems<\/span>\n\t\t\t\t\t\t\t\t\t<\/li>\n\t\t\t\t\t\t\t\t<li class=\"elementor-icon-list-item\">\n\t\t\t\t\t\t\t\t\t\t\t<span class=\"elementor-icon-list-icon\">\n\t\t\t\t\t\t\t<i aria-hidden=\"true\" class=\"fas fa-tachometer-alt\"><\/i>\t\t\t\t\t\t<\/span>\n\t\t\t\t\t\t\t\t\t\t<span class=\"elementor-icon-list-text\">Energy supply for charging stations<\/span>\n\t\t\t\t\t\t\t\t\t<\/li>\n\t\t\t\t\t\t\t\t<li class=\"elementor-icon-list-item\">\n\t\t\t\t\t\t\t\t\t\t\t<span class=\"elementor-icon-list-icon\">\n\t\t\t\t\t\t\t<i aria-hidden=\"true\" class=\"fas fa-cloud-showers-heavy\"><\/i>\t\t\t\t\t\t<\/span>\n\t\t\t\t\t\t\t\t\t\t<span class=\"elementor-icon-list-text\">Robust and weatherproof design<\/span>\n\t\t\t\t\t\t\t\t\t<\/li>\n\t\t\t\t\t\t\t\t<li class=\"elementor-icon-list-item\">\n\t\t\t\t\t\t\t\t\t\t\t<span class=\"elementor-icon-list-icon\">\n\t\t\t\t\t\t\t<i aria-hidden=\"true\" class=\"fas fa-car-battery\"><\/i>\t\t\t\t\t\t<\/span>\n\t\t\t\t\t\t\t\t\t\t<span class=\"elementor-icon-list-text\">Optimised for e-mobility projects<\/span>\n\t\t\t\t\t\t\t\t\t<\/li>\n\t\t\t\t\t\t<\/ul>\n\t\t\t\t\t\t<\/div>\n\t\t\t\t<\/div>\n\t\t\t\t<div class=\"elementor-element elementor-element-a560aaa elementor-widget elementor-widget-heading\" data-id=\"a560aaa\" data-element_type=\"widget\" data-e-type=\"widget\" data-widget_type=\"heading.default\">\n\t\t\t\t<div class=\"elementor-widget-container\">\n\t\t\t\t\t<span class=\"elementor-heading-title elementor-size-default\"><a href=\"https:\/\/faber-etec.de\/en\/solarpark-transformer-station\/\" title=\"Discover our high-performance solar park station\">Areas of application<\/a><\/span>\t\t\t\t<\/div>\n\t\t\t\t<\/div>\n\t\t\t\t<div class=\"elementor-element elementor-element-2161dad elementor-align-start elementor-icon-list--layout-traditional elementor-list-item-link-full_width elementor-widget elementor-widget-icon-list\" data-id=\"2161dad\" data-element_type=\"widget\" data-e-type=\"widget\" data-widget_type=\"icon-list.default\">\n\t\t\t\t<div class=\"elementor-widget-container\">\n\t\t\t\t\t\t\t<ul class=\"elementor-icon-list-items\">\n\t\t\t\t\t\t\t<li class=\"elementor-icon-list-item\">\n\t\t\t\t\t\t\t\t\t\t\t<span class=\"elementor-icon-list-icon\">\n\t\t\t\t\t\t\t<i aria-hidden=\"true\" class=\"fas fa-charging-station\"><\/i>\t\t\t\t\t\t<\/span>\n\t\t\t\t\t\t\t\t\t\t<span class=\"elementor-icon-list-text\">Charging parks for electric vehicles<\/span>\n\t\t\t\t\t\t\t\t\t<\/li>\n\t\t\t\t\t\t\t\t<li class=\"elementor-icon-list-item\">\n\t\t\t\t\t\t\t\t\t\t\t<span class=\"elementor-icon-list-icon\">\n\t\t\t\t\t\t\t<i aria-hidden=\"true\" class=\"fas fa-plug\"><\/i>\t\t\t\t\t\t<\/span>\n\t\t\t\t\t\t\t\t\t\t<span class=\"elementor-icon-list-text\">Centralised and decentralised charging stations<\/span>\n\t\t\t\t\t\t\t\t\t<\/li>\n\t\t\t\t\t\t\t\t<li class=\"elementor-icon-list-item\">\n\t\t\t\t\t\t\t\t\t\t\t<span class=\"elementor-icon-list-icon\">\n\t\t\t\t\t\t\t<i aria-hidden=\"true\" class=\"fas fa-car\"><\/i>\t\t\t\t\t\t<\/span>\n\t\t\t\t\t\t\t\t\t\t<span class=\"elementor-icon-list-text\">Infrastructure projects for e-mobility<\/span>\n\t\t\t\t\t\t\t\t\t<\/li>\n\t\t\t\t\t\t<\/ul>\n\t\t\t\t\t\t<\/div>\n\t\t\t\t<\/div>\n\t\t\t\t<div class=\"elementor-element elementor-element-4606e1b elementor-align-left elementor-invisible elementor-widget elementor-widget-button\" data-id=\"4606e1b\" data-element_type=\"widget\" data-e-type=\"widget\" data-settings=\"{&quot;_animation&quot;:&quot;fadeInUp&quot;,&quot;_animation_delay&quot;:300}\" data-widget_type=\"button.default\">\n\t\t\t\t<div class=\"elementor-widget-container\">\n\t\t\t\t\t\t\t\t\t<div class=\"elementor-button-wrapper\">\n\t\t\t\t\t<a class=\"elementor-button elementor-button-link elementor-size-sm\" href=\"https:\/\/faber-etec.de\/en\/compact-station\/#produktanfrage\" title=\"Request a quote for an e-mobility station\">\n\t\t\t\t\t\t<span class=\"elementor-button-content-wrapper\">\n\t\t\t\t\t\t<span class=\"elementor-button-icon\">\n\t\t\t\t<i aria-hidden=\"true\" class=\"fas fa-angle-right\"><\/i>\t\t\t<\/span>\n\t\t\t\t\t\t\t\t\t<span class=\"elementor-button-text\">Send enquiry<\/span>\n\t\t\t\t\t<\/span>\n\t\t\t\t\t<\/a>\n\t\t\t\t<\/div>\n\t\t\t\t\t\t\t\t<\/div>\n\t\t\t\t<\/div>\n\t\t\t\t<\/div>\n\t\t\t\t\t<\/div>\n\t\t\t\t<\/div>\n\t\t<div class=\"elementor-element elementor-element-743db63 e-flex e-con-boxed e-con e-parent\" data-id=\"743db63\" data-element_type=\"container\" data-e-type=\"container\">\n\t\t\t\t\t<div class=\"e-con-inner\">\n\t\t<div class=\"elementor-element elementor-element-3c265e2 e-con-full e-flex e-con e-child\" data-id=\"3c265e2\" data-element_type=\"container\" data-e-type=\"container\">\n\t\t\t\t<div class=\"elementor-element elementor-element-ac7fb09 elementor-invisible elementor-widget elementor-widget-heading\" data-id=\"ac7fb09\" data-element_type=\"widget\" data-e-type=\"widget\" data-settings=\"{&quot;_animation&quot;:&quot;fadeInDown&quot;}\" data-widget_type=\"heading.default\">\n\t\t\t\t<div class=\"elementor-widget-container\">\n\t\t\t\t\t<h2 class=\"elementor-heading-title elementor-size-default\">Concrete construction compact stations: Technical data <\/h2>\t\t\t\t<\/div>\n\t\t\t\t<\/div>\n\t\t\t\t<\/div>\n\t\t<div class=\"elementor-element elementor-element-ee2b451 e-con-full e-flex elementor-invisible e-con e-child\" data-id=\"ee2b451\" data-element_type=\"container\" data-e-type=\"container\" data-settings=\"{&quot;animation&quot;:&quot;fadeInLeft&quot;}\">\n\t\t\t\t<div class=\"elementor-element elementor-element-81829a4 elementor-widget elementor-widget-heading\" data-id=\"81829a4\" data-element_type=\"widget\" data-e-type=\"widget\" data-widget_type=\"heading.default\">\n\t\t\t\t<div class=\"elementor-widget-container\">\n\t\t\t\t\t<h3 class=\"elementor-heading-title elementor-size-default\">Faber E-Tec GmbH presents the station type FE01WF2020HK.AL<\/h3>\t\t\t\t<\/div>\n\t\t\t\t<\/div>\n\t\t\t\t<div class=\"elementor-element elementor-element-e109077 elementor-widget elementor-widget-text-editor\" data-id=\"e109077\" data-element_type=\"widget\" data-e-type=\"widget\" data-widget_type=\"text-editor.default\">\n\t\t\t\t<div class=\"elementor-widget-container\">\n\t\t\t\t\t\t\t\t\t<p>Certified according to IEC 62271-202: 2014-03 <strong>Concrete construction compact station<\/strong> and offers a reliable solution for modern energy infrastructures. The station body shines in RAL 9010 pure white, while the doors, roof and base are finished in RAL 7016 anthracite grey, giving the station an elegant and robust appearance. With dimensions of 2,620 x 3,870 x 2,950 mm, the station offers sufficient space for the necessary technology. The double locking cylinder locking system also ensures maximum security and protection.<\/p>\t\t\t\t\t\t\t\t<\/div>\n\t\t\t\t<\/div>\n\t\t\t\t<\/div>\n\t\t<div class=\"elementor-element elementor-element-ad6d488 e-con-full e-flex elementor-invisible e-con e-child\" data-id=\"ad6d488\" data-element_type=\"container\" data-e-type=\"container\" data-settings=\"{&quot;animation&quot;:&quot;zoomIn&quot;}\">\n\t\t\t\t<div class=\"elementor-element elementor-element-6cd5de4 elementor-widget__width-initial elementor-widget elementor-widget-image\" data-id=\"6cd5de4\" data-element_type=\"widget\" data-e-type=\"widget\" data-widget_type=\"image.default\">\n\t\t\t\t<div class=\"elementor-widget-container\">\n\t\t\t\t\t\t\t\t\t\t\t\t\t\t\t<img fetchpriority=\"high\" decoding=\"async\" width=\"484\" height=\"548\" src=\"https:\/\/faber-etec.de\/wp-content\/uploads\/sites\/3\/2024\/08\/technische-zeichnung-kompaktstation-abmessungen-1.jpg\" class=\"attachment-medium_large size-medium_large wp-image-12511\" alt=\"Other page, technical drawing of the compact transformer station with precise dimensions and detailed illustration. This transformer compact station in concrete construction enables precise planning of transformer stations.\" srcset=\"https:\/\/faber-etec.de\/wp-content\/uploads\/sites\/3\/2024\/08\/technische-zeichnung-kompaktstation-abmessungen-1.jpg 484w, https:\/\/faber-etec.de\/wp-content\/uploads\/sites\/3\/2024\/08\/technische-zeichnung-kompaktstation-abmessungen-1-265x300.jpg 265w, https:\/\/faber-etec.de\/wp-content\/uploads\/sites\/3\/2024\/08\/technische-zeichnung-kompaktstation-abmessungen-1-11x12.jpg 11w\" sizes=\"(max-width: 484px) 100vw, 484px\" title=\"Technical drawing of the compact station - dimensions and details\" \/>\t\t\t\t\t\t\t\t\t\t\t\t\t\t\t<\/div>\n\t\t\t\t<\/div>\n\t\t\t\t<div class=\"elementor-element elementor-element-46c58bf elementor-widget__width-initial elementor-widget elementor-widget-image\" data-id=\"46c58bf\" data-element_type=\"widget\" data-e-type=\"widget\" data-widget_type=\"image.default\">\n\t\t\t\t<div class=\"elementor-widget-container\">\n\t\t\t\t\t\t\t\t\t\t\t\t\t\t\t<img decoding=\"async\" width=\"484\" height=\"548\" src=\"https:\/\/faber-etec.de\/wp-content\/uploads\/sites\/3\/2024\/08\/technische-zeichnung-kompaktstation-abmessungen-1_1.webp\" class=\"attachment-medium_large size-medium_large wp-image-12512\" alt=\"View from the front, technical drawing of the compact transformer station with dimensions and detailed illustration. This transformer compact station in concrete construction shows precise dimensions for optimised planning of transformer stations.\" srcset=\"https:\/\/faber-etec.de\/wp-content\/uploads\/sites\/3\/2024\/08\/technische-zeichnung-kompaktstation-abmessungen-1_1.webp 484w, https:\/\/faber-etec.de\/wp-content\/uploads\/sites\/3\/2024\/08\/technische-zeichnung-kompaktstation-abmessungen-1_1-265x300.webp 265w, https:\/\/faber-etec.de\/wp-content\/uploads\/sites\/3\/2024\/08\/technische-zeichnung-kompaktstation-abmessungen-1_1-11x12.webp 11w\" sizes=\"(max-width: 484px) 100vw, 484px\" title=\"Technical drawing of the compact station - dimensions and details\" \/>\t\t\t\t\t\t\t\t\t\t\t\t\t\t\t<\/div>\n\t\t\t\t<\/div>\n\t\t\t\t<\/div>\n\t\t<div class=\"elementor-element elementor-element-bd6f014 e-con-full e-flex elementor-invisible e-con e-child\" data-id=\"bd6f014\" data-element_type=\"container\" data-e-type=\"container\" data-settings=\"{&quot;animation&quot;:&quot;zoomIn&quot;}\">\n\t\t\t\t<div class=\"elementor-element elementor-element-f98cee2 elementor-widget elementor-widget-image\" data-id=\"f98cee2\" data-element_type=\"widget\" data-e-type=\"widget\" data-widget_type=\"image.default\">\n\t\t\t\t<div class=\"elementor-widget-container\">\n\t\t\t\t\t\t\t\t\t\t\t\t\t\t\t<img decoding=\"async\" width=\"768\" height=\"300\" src=\"https:\/\/faber-etec.de\/wp-content\/uploads\/sites\/3\/2024\/08\/technische-zeichnung-kompaktstation-traverse-hebe-und-transportmittel_1-768x300.webp\" class=\"attachment-medium_large size-medium_large wp-image-12518\" alt=\"Technical drawing of the compact station with traverse, lifting and transport equipment\" srcset=\"https:\/\/faber-etec.de\/wp-content\/uploads\/sites\/3\/2024\/08\/technische-zeichnung-kompaktstation-traverse-hebe-und-transportmittel_1-768x300.webp 768w, https:\/\/faber-etec.de\/wp-content\/uploads\/sites\/3\/2024\/08\/technische-zeichnung-kompaktstation-traverse-hebe-und-transportmittel_1-300x117.webp 300w, https:\/\/faber-etec.de\/wp-content\/uploads\/sites\/3\/2024\/08\/technische-zeichnung-kompaktstation-traverse-hebe-und-transportmittel_1-1024x400.webp 1024w, https:\/\/faber-etec.de\/wp-content\/uploads\/sites\/3\/2024\/08\/technische-zeichnung-kompaktstation-traverse-hebe-und-transportmittel_1-18x7.webp 18w, https:\/\/faber-etec.de\/wp-content\/uploads\/sites\/3\/2024\/08\/technische-zeichnung-kompaktstation-traverse-hebe-und-transportmittel_1.webp 1504w\" sizes=\"(max-width: 768px) 100vw, 768px\" title=\"Technical drawing of the compact station - traverse, lifting and transport equipment\" \/>\t\t\t\t\t\t\t\t\t\t\t\t\t\t\t<\/div>\n\t\t\t\t<\/div>\n\t\t\t\t<\/div>\n\t\t<div class=\"elementor-element elementor-element-994dc16 e-con-full e-flex elementor-invisible e-con e-child\" data-id=\"994dc16\" data-element_type=\"container\" data-e-type=\"container\" data-settings=\"{&quot;animation&quot;:&quot;fadeInRight&quot;}\">\n\t\t\t\t<div class=\"elementor-element elementor-element-c7d1cbe elementor-widget elementor-widget-heading\" data-id=\"c7d1cbe\" data-element_type=\"widget\" data-e-type=\"widget\" data-widget_type=\"heading.default\">\n\t\t\t\t<div class=\"elementor-widget-container\">\n\t\t\t\t\t<h3 class=\"elementor-heading-title elementor-size-default\">Compact station Power ranges <br>from 2,000 kVA to 3,150 kVA<\/h3>\t\t\t\t<\/div>\n\t\t\t\t<\/div>\n\t\t\t\t<div class=\"elementor-element elementor-element-a741a39 elementor-widget elementor-widget-text-editor\" data-id=\"a741a39\" data-element_type=\"widget\" data-e-type=\"widget\" data-widget_type=\"text-editor.default\">\n\t\t\t\t<div class=\"elementor-widget-container\">\n\t\t\t\t\t\t\t\t\t<p>Our concrete construction transformer compact stations cover a wide performance spectrum, from small solutions with 2,000 kVA to powerful units with up to 3,150 kVA. This flexibility allows you to choose the right solution for your specific requirements, whether for small commercial applications or large industrial projects. Each station is manufactured to the highest standards to ensure a reliable and long-lasting power supply.<\/p>\t\t\t\t\t\t\t\t<\/div>\n\t\t\t\t<\/div>\n\t\t\t\t<\/div>\n\t\t<div class=\"elementor-element elementor-element-8b68558 e-con-full e-flex elementor-invisible e-con e-child\" data-id=\"8b68558\" data-element_type=\"container\" data-e-type=\"container\" data-settings=\"{&quot;animation&quot;:&quot;fadeInLeft&quot;}\">\n\t\t\t\t<div class=\"elementor-element elementor-element-b488b5b elementor-widget elementor-widget-heading\" data-id=\"b488b5b\" data-element_type=\"widget\" data-e-type=\"widget\" data-widget_type=\"heading.default\">\n\t\t\t\t<div class=\"elementor-widget-container\">\n\t\t\t\t\t<h3 class=\"elementor-heading-title elementor-size-default\">Integrated cable cellar and foundation solutions<\/h3>\t\t\t\t<\/div>\n\t\t\t\t<\/div>\n\t\t\t\t<div class=\"elementor-element elementor-element-db69c3c elementor-widget elementor-widget-text-editor\" data-id=\"db69c3c\" data-element_type=\"widget\" data-e-type=\"widget\" data-widget_type=\"text-editor.default\">\n\t\t\t\t<div class=\"elementor-widget-container\">\n\t\t\t\t\t\t\t\t\t<p><strong>Compact station concrete construction<\/strong>Our compact stations are equipped with an integrated cable cellar that also serves as a foundation. This design enables underground cable routing, which is not only visually unobtrusive, but also provides additional protection for the cables. The foundation is provided with a special oil-resistant coating that ensures the necessary water protection and thus fulfils the strict environmental requirements.<\/p>\t\t\t\t\t\t\t\t<\/div>\n\t\t\t\t<\/div>\n\t\t\t\t<\/div>\n\t\t<div class=\"elementor-element elementor-element-39181a8 e-con-full e-flex elementor-invisible e-con e-child\" data-id=\"39181a8\" data-element_type=\"container\" data-e-type=\"container\" data-settings=\"{&quot;animation&quot;:&quot;zoomIn&quot;}\">\n\t\t\t\t<div class=\"elementor-element elementor-element-24136ab elementor-widget elementor-widget-image\" data-id=\"24136ab\" data-element_type=\"widget\" data-e-type=\"widget\" data-widget_type=\"image.default\">\n\t\t\t\t<div class=\"elementor-widget-container\">\n\t\t\t\t\t\t\t\t\t\t\t\t\t\t\t<img loading=\"lazy\" decoding=\"async\" width=\"768\" height=\"337\" src=\"https:\/\/faber-etec.de\/wp-content\/uploads\/sites\/3\/2024\/08\/technische-zeichnung-kompaktstation-abmessungen-seitenansicht_1-768x337.webp\" class=\"attachment-medium_large size-medium_large wp-image-12516\" alt=\"Technical drawing of the compact station with dimensions in side view. This transformer compact station in concrete construction shows the exact dimensions and detailing for precise planning of transformer stations.\" srcset=\"https:\/\/faber-etec.de\/wp-content\/uploads\/sites\/3\/2024\/08\/technische-zeichnung-kompaktstation-abmessungen-seitenansicht_1-768x337.webp 768w, https:\/\/faber-etec.de\/wp-content\/uploads\/sites\/3\/2024\/08\/technische-zeichnung-kompaktstation-abmessungen-seitenansicht_1-300x132.webp 300w, https:\/\/faber-etec.de\/wp-content\/uploads\/sites\/3\/2024\/08\/technische-zeichnung-kompaktstation-abmessungen-seitenansicht_1-1024x449.webp 1024w, https:\/\/faber-etec.de\/wp-content\/uploads\/sites\/3\/2024\/08\/technische-zeichnung-kompaktstation-abmessungen-seitenansicht_1-18x8.webp 18w, https:\/\/faber-etec.de\/wp-content\/uploads\/sites\/3\/2024\/08\/technische-zeichnung-kompaktstation-abmessungen-seitenansicht_1.webp 1260w\" sizes=\"(max-width: 768px) 100vw, 768px\" title=\"Technical drawing of the compact station - side view with dimensions\" \/>\t\t\t\t\t\t\t\t\t\t\t\t\t\t\t<\/div>\n\t\t\t\t<\/div>\n\t\t\t\t<\/div>\n\t\t<div class=\"elementor-element elementor-element-0fbb806 e-con-full e-flex e-con e-child\" data-id=\"0fbb806\" data-element_type=\"container\" data-e-type=\"container\">\n\t\t\t\t<div class=\"elementor-element elementor-element-dbc463e elementor-widget elementor-widget-text-editor\" data-id=\"dbc463e\" data-element_type=\"widget\" data-e-type=\"widget\" data-widget_type=\"text-editor.default\">\n\t\t\t\t<div class=\"elementor-widget-container\">\n\t\t\t\t\t\t\t\t\t<table>\n    <tbody>\n        <tr>\n            <td>Building type:<\/td>\n            <td>Non-accessible compact station<\/td>\n        <\/tr>\n        <tr>\n            <td>Schutzgrad:<\/td>\n            <td>P23D according to DIN EN 62271-202<\/td>\n        <\/tr>\n        <tr>\n            <td>Dimensions:<\/td>\n            <td>Outside W x D x H = 2,620 x 3,870 x 2,950 mm<\/td>\n        <\/tr>\n        <tr>\n            <td>Installation depth basement:<\/td>\n            <td>approx. 950 mm<\/td>\n        <\/tr>\n        \n    <\/tbody>\n<\/table>\t\t\t\t\t\t\t\t<\/div>\n\t\t\t\t<\/div>\n\t\t\t\t<\/div>\n\t\t<div class=\"elementor-element elementor-element-24354e7 e-con-full e-flex e-con e-child\" data-id=\"24354e7\" data-element_type=\"container\" data-e-type=\"container\">\n\t\t\t\t<div class=\"elementor-element elementor-element-090db2d elementor-widget elementor-widget-text-editor\" data-id=\"090db2d\" data-element_type=\"widget\" data-e-type=\"widget\" data-widget_type=\"text-editor.default\">\n\t\t\t\t<div class=\"elementor-widget-container\">\n\t\t\t\t\t\t\t\t\t<table><tbody><tr><td>Dimension above ground level:<\/td><td>approx. 2,000 mm<\/td><\/tr><tr><td>Weight<sup>1<\/sup>:<\/td><td>approx. 17 t - 22 t<\/td><\/tr><tr><td>Stop station:<\/td><td>4 x RD36<\/td><\/tr><tr><td>Roof stop:<\/td><td>4 x M12 thread<\/td><\/tr><\/tbody><\/table>\t\t\t\t\t\t\t\t<\/div>\n\t\t\t\t<\/div>\n\t\t\t\t<\/div>\n\t\t<div class=\"elementor-element elementor-element-34f8252 e-con-full e-flex e-con e-child\" data-id=\"34f8252\" data-element_type=\"container\" data-e-type=\"container\">\n\t\t<div class=\"elementor-element elementor-element-839fe7c e-con-full e-flex elementor-invisible e-con e-child\" data-id=\"839fe7c\" data-element_type=\"container\" data-e-type=\"container\" data-settings=\"{&quot;animation&quot;:&quot;zoomIn&quot;}\">\n\t\t\t\t<div class=\"elementor-element elementor-element-0148cae elementor-widget elementor-widget-image\" data-id=\"0148cae\" data-element_type=\"widget\" data-e-type=\"widget\" data-widget_type=\"image.default\">\n\t\t\t\t<div class=\"elementor-widget-container\">\n\t\t\t\t\t\t\t\t\t\t\t\t\t\t\t<img decoding=\"async\" src=\"https:\/\/faber-etec.de\/wp-content\/uploads\/sites\/3\/elementor\/thumbs\/Oel-Hermetik-scaled-qwblf8gis3gl14y23pp7uyvnrnmdy9jsuauuleme5u.avif\" title=\"Oil-hermetic transformer in a compact concrete station. This transformer station in concrete construction offers reliable protection and optimum efficiency. Ideal for a wide range of energy applications, this transformer compact station is a long-lasting solution. Discover more about concrete transformer substations and compact substations.\" alt=\"Oil-hermetic transformer in a compact concrete station. This transformer station in concrete construction offers reliable protection and optimum efficiency. Ideal for a wide range of energy applications, this transformer compact station is a long-lasting solution. Discover more about concrete transformer substations and compact substations.\" loading=\"lazy\" \/>\t\t\t\t\t\t\t\t\t\t\t\t\t\t\t<\/div>\n\t\t\t\t<\/div>\n\t\t\t\t<\/div>\n\t\t<div class=\"elementor-element elementor-element-6e108fb e-con-full e-flex elementor-invisible e-con e-child\" data-id=\"6e108fb\" data-element_type=\"container\" data-e-type=\"container\" data-settings=\"{&quot;animation&quot;:&quot;fadeInRight&quot;}\">\n\t\t\t\t<div class=\"elementor-element elementor-element-30d0bff elementor-widget elementor-widget-heading\" data-id=\"30d0bff\" data-element_type=\"widget\" data-e-type=\"widget\" data-widget_type=\"heading.default\">\n\t\t\t\t<div class=\"elementor-widget-container\">\n\t\t\t\t\t<h3 class=\"elementor-heading-title elementor-size-default\">Oil hermetics<\/h3>\t\t\t\t<\/div>\n\t\t\t\t<\/div>\n\t\t\t\t<div class=\"elementor-element elementor-element-de0c4a4 elementor-widget elementor-widget-text-editor\" data-id=\"de0c4a4\" data-element_type=\"widget\" data-e-type=\"widget\" data-widget_type=\"text-editor.default\">\n\t\t\t\t<div class=\"elementor-widget-container\">\n\t\t\t\t\t\t\t\t\t<p>The three-phase oil hermetic transformer from Faber E-Tec fulfils the strict requirements of the Ecodesign Directive 2021 Stage 2. This transformer is characterised by its energy-efficient design and offers reliable performance for demanding applications. The hermetic technology ensures a long service life and minimises the risk of oil leakage, making it an environmentally friendly and future-proof choice.<\/p>\t\t\t\t\t\t\t\t<\/div>\n\t\t\t\t<\/div>\n\t\t\t\t<div class=\"elementor-element elementor-element-41d1929 elementor-widget elementor-widget-text-editor\" data-id=\"41d1929\" data-element_type=\"widget\" data-e-type=\"widget\" data-widget_type=\"text-editor.default\">\n\t\t\t\t<div class=\"elementor-widget-container\">\n\t\t\t\t\t\t\t\t\t<p><span style=\"font-size: 15px;\"><sup>1<\/sup>\u00a0Total weight depends on the station structure (e.g. transformer etc.)<\/span><\/p>\t\t\t\t\t\t\t\t<\/div>\n\t\t\t\t<\/div>\n\t\t\t\t<\/div>\n\t\t\t\t<\/div>\n\t\t\t\t\t<\/div>\n\t\t\t\t<\/div>\n\t\t<div class=\"elementor-element elementor-element-3a7399d e-flex e-con-boxed e-con e-parent\" data-id=\"3a7399d\" data-element_type=\"container\" data-e-type=\"container\" data-settings=\"{&quot;background_background&quot;:&quot;classic&quot;}\">\n\t\t\t\t\t<div class=\"e-con-inner\">\n\t\t<div class=\"elementor-element elementor-element-d5560f9 e-con-full e-flex e-con e-child\" data-id=\"d5560f9\" data-element_type=\"container\" data-e-type=\"container\">\n\t\t\t\t<div class=\"elementor-element elementor-element-d22084f elementor-invisible elementor-widget elementor-widget-heading\" data-id=\"d22084f\" data-element_type=\"widget\" data-e-type=\"widget\" data-settings=\"{&quot;_animation&quot;:&quot;fadeInDown&quot;}\" data-widget_type=\"heading.default\">\n\t\t\t\t<div class=\"elementor-widget-container\">\n\t\t\t\t\t<h2 class=\"elementor-heading-title elementor-size-default\">The advantages of our compact stations<\/h2>\t\t\t\t<\/div>\n\t\t\t\t<\/div>\n\t\t\t\t<\/div>\n\t\t<div class=\"elementor-element elementor-element-8c1cf8d e-con-full e-flex e-con e-child\" data-id=\"8c1cf8d\" data-element_type=\"container\" data-e-type=\"container\">\n\t\t\t\t<div class=\"elementor-element elementor-element-ccbfc51 elementor-invisible elementor-widget elementor-widget-heading\" data-id=\"ccbfc51\" data-element_type=\"widget\" data-e-type=\"widget\" data-settings=\"{&quot;_animation&quot;:&quot;fadeInDown&quot;}\" data-widget_type=\"heading.default\">\n\t\t\t\t<div class=\"elementor-widget-container\">\n\t\t\t\t\t<h3 class=\"elementor-heading-title elementor-size-default\">Space-saving design of compact stations\n<\/h3>\t\t\t\t<\/div>\n\t\t\t\t<\/div>\n\t\t\t\t<div class=\"elementor-element elementor-element-2b00994 elementor-invisible elementor-widget elementor-widget-text-editor\" data-id=\"2b00994\" data-element_type=\"widget\" data-e-type=\"widget\" data-settings=\"{&quot;_animation&quot;:&quot;fadeIn&quot;,&quot;_animation_delay&quot;:300}\" data-widget_type=\"text-editor.default\">\n\t\t\t\t<div class=\"elementor-widget-container\">\n\t\t\t\t\t\t\t\t\t<p>Our compact stations are designed to take up minimal space and fit seamlessly into any environment. With a height of just 2 metres above ground level and a small footprint, they offer the perfect solution for locations with limited space. This space-saving design enables easy integration into existing infrastructures and minimises the visual impact on the surroundings.<\/p>\t\t\t\t\t\t\t\t<\/div>\n\t\t\t\t<\/div>\n\t\t\t\t<\/div>\n\t\t<div class=\"elementor-element elementor-element-a725fe5 e-con-full e-flex e-con e-child\" data-id=\"a725fe5\" data-element_type=\"container\" data-e-type=\"container\">\n\t\t\t\t<div class=\"elementor-element elementor-element-ac5e0b9 elementor-widget elementor-widget-image\" data-id=\"ac5e0b9\" data-element_type=\"widget\" data-e-type=\"widget\" data-widget_type=\"image.default\">\n\t\t\t\t<div class=\"elementor-widget-container\">\n\t\t\t\t\t\t\t\t\t\t\t\t\t\t\t<img decoding=\"async\" src=\"https:\/\/faber-etec.de\/wp-content\/uploads\/sites\/3\/elementor\/thumbs\/solarparkstation-trafo-photovoltaik-solarpark-kompakstation-qsjeyowgnuq2cn7xbepjt7ktrqy6a7i57fad5rw8dy.jpg\" title=\"Solar park station - High-performance transformer for photovoltaic solar parks\" alt=\"Solar park station for transformer and photovoltaics in solar parks, ideal for compact stations. This transformer station in concrete construction offers reliable energy distribution.\" loading=\"lazy\" \/>\t\t\t\t\t\t\t\t\t\t\t\t\t\t\t<\/div>\n\t\t\t\t<\/div>\n\t\t\t\t<\/div>\n\t\t<div class=\"elementor-element elementor-element-a56c683 e-con-full e-flex e-con e-child\" data-id=\"a56c683\" data-element_type=\"container\" data-e-type=\"container\">\n\t\t\t\t<div class=\"elementor-element elementor-element-f0b1dbd elementor-invisible elementor-widget elementor-widget-heading\" data-id=\"f0b1dbd\" data-element_type=\"widget\" data-e-type=\"widget\" data-settings=\"{&quot;_animation&quot;:&quot;fadeInDown&quot;}\" data-widget_type=\"heading.default\">\n\t\t\t\t<div class=\"elementor-widget-container\">\n\t\t\t\t\t<h3 class=\"elementor-heading-title elementor-size-default\">Robust and durable construction | Concrete construction transformer station<\/h3>\t\t\t\t<\/div>\n\t\t\t\t<\/div>\n\t\t\t\t<div class=\"elementor-element elementor-element-78088a7 elementor-invisible elementor-widget elementor-widget-text-editor\" data-id=\"78088a7\" data-element_type=\"widget\" data-e-type=\"widget\" data-settings=\"{&quot;_animation&quot;:&quot;fadeIn&quot;,&quot;_animation_delay&quot;:300}\" data-widget_type=\"text-editor.default\">\n\t\t\t\t<div class=\"elementor-widget-container\">\n\t\t\t\t\t\t\t\t\t<p>At Faber E-Tec, we attach great importance to quality <strong>\"Concrete construction transformer station\"<\/strong> and durability of our compact stations. Our substations are made of robust reinforced concrete to withstand extreme weather conditions and mechanical loads. The monolithic construction of our concrete substations ensures a high level of stability and protects the systems from environmental influences. In addition, the integrated oil collector ensures comprehensive environmental protection by reliably preventing oil from escaping.<\/p>\t\t\t\t\t\t\t\t<\/div>\n\t\t\t\t<\/div>\n\t\t\t\t<\/div>\n\t\t<div class=\"elementor-element elementor-element-1a578ab e-con-full e-flex e-con e-child\" data-id=\"1a578ab\" data-element_type=\"container\" data-e-type=\"container\">\n\t\t\t\t<div class=\"elementor-element elementor-element-fc00c68 elementor-widget elementor-widget-image\" data-id=\"fc00c68\" data-element_type=\"widget\" data-e-type=\"widget\" data-widget_type=\"image.default\">\n\t\t\t\t<div class=\"elementor-widget-container\">\n\t\t\t\t\t\t\t\t\t\t\t\t\t\t\t<img decoding=\"async\" src=\"https:\/\/faber-etec.de\/wp-content\/uploads\/sites\/3\/elementor\/thumbs\/Trafo-Kompaktstationen-Uebergabestation-Trafostation-Video-Hintergrund-Fallback-750px-comp-qshq90qoyepdqq123n1qxr92z3udv8jhdcuq10m0sg.webp\" title=\"Transformer Compact stations Transfer station-Transformer station Video background Fallback\" alt=\"The robust concrete transformer station ensures an efficient energy supply. Discover the advantages of our compact transformer station.\" loading=\"lazy\" \/>\t\t\t\t\t\t\t\t\t\t\t\t\t\t\t<\/div>\n\t\t\t\t<\/div>\n\t\t\t\t<\/div>\n\t\t<div class=\"elementor-element elementor-element-600edc3 e-con-full e-flex e-con e-child\" data-id=\"600edc3\" data-element_type=\"container\" data-e-type=\"container\">\n\t\t\t\t<div class=\"elementor-element elementor-element-c00f124 elementor-invisible elementor-widget elementor-widget-heading\" data-id=\"c00f124\" data-element_type=\"widget\" data-e-type=\"widget\" data-settings=\"{&quot;_animation&quot;:&quot;fadeInDown&quot;}\" data-widget_type=\"heading.default\">\n\t\t\t\t<div class=\"elementor-widget-container\">\n\t\t\t\t\t<h3 class=\"elementor-heading-title elementor-size-default\">High energy efficiency<\/h3>\t\t\t\t<\/div>\n\t\t\t\t<\/div>\n\t\t\t\t<div class=\"elementor-element elementor-element-4b60164 elementor-invisible elementor-widget elementor-widget-text-editor\" data-id=\"4b60164\" data-element_type=\"widget\" data-e-type=\"widget\" data-settings=\"{&quot;_animation&quot;:&quot;fadeIn&quot;,&quot;_animation_delay&quot;:300}\" data-widget_type=\"text-editor.default\">\n\t\t\t\t<div class=\"elementor-widget-container\">\n\t\t\t\t\t\t\t\t\t<p>Our compact transformer stations are not only space-saving and robust, but also extremely energy-efficient. Thanks to state-of-the-art transformers and switchgear, they minimise energy losses and thus contribute to a sustainable and cost-efficient energy supply. Precise voltage regulation ensures that your systems are always supplied with the optimum voltage, extending the service life of your electrical devices and reducing operating costs.<\/p>\t\t\t\t\t\t\t\t<\/div>\n\t\t\t\t<\/div>\n\t\t\t\t<\/div>\n\t\t<div class=\"elementor-element elementor-element-f83accb e-con-full e-flex e-con e-child\" data-id=\"f83accb\" data-element_type=\"container\" data-e-type=\"container\">\n\t\t\t\t<div class=\"elementor-element elementor-element-3b64cb0 elementor-widget elementor-widget-image\" data-id=\"3b64cb0\" data-element_type=\"widget\" data-e-type=\"widget\" data-widget_type=\"image.default\">\n\t\t\t\t<div class=\"elementor-widget-container\">\n\t\t\t\t\t\t\t\t\t\t\t\t\t\t\t<img decoding=\"async\" src=\"https:\/\/faber-etec.de\/wp-content\/uploads\/sites\/3\/elementor\/thumbs\/trafo-e-mobilitaet-ladesaeulen-ladeinfrastruktur-elektrofahrzeuge-eauto-parkplatz-qsjezyyjyqh45jd0ugm9pdyevmn5rdkzpr95obzxxc.webp\" title=\"Transformer for e-mobility - Reliable power supply for charging stations\" alt=\"Compact transformer station for e-mobility, charging station infrastructure for electric vehicles. This transformer station in concrete construction offers reliable power distribution for electric vehicles. The robust concrete transformer station ensures an efficient power supply. Our compact transformer station is ideal for use in e-mobility projects.\" loading=\"lazy\" \/>\t\t\t\t\t\t\t\t\t\t\t\t\t\t\t<\/div>\n\t\t\t\t<\/div>\n\t\t\t\t<\/div>\n\t\t\t\t\t<\/div>\n\t\t\t\t<\/div>\n\t\t<div class=\"elementor-element elementor-element-eb44abe e-flex e-con-boxed e-con e-parent\" data-id=\"eb44abe\" data-element_type=\"container\" data-e-type=\"container\">\n\t\t\t\t\t<div class=\"e-con-inner\">\n\t\t<div class=\"elementor-element elementor-element-e4fff6a e-con-full e-flex e-con e-child\" data-id=\"e4fff6a\" data-element_type=\"container\" data-e-type=\"container\">\n\t\t\t\t<div class=\"elementor-element elementor-element-79eca92 elementor-invisible elementor-widget elementor-widget-heading\" data-id=\"79eca92\" data-element_type=\"widget\" data-e-type=\"widget\" data-settings=\"{&quot;_animation&quot;:&quot;fadeInDown&quot;}\" data-widget_type=\"heading.default\">\n\t\t\t\t<div class=\"elementor-widget-container\">\n\t\t\t\t\t<h3 class=\"elementor-heading-title elementor-size-default\">Areas of application for compact stations<\/h3>\t\t\t\t<\/div>\n\t\t\t\t<\/div>\n\t\t\t\t<div class=\"elementor-element elementor-element-022caa3 elementor-widget elementor-widget-heading\" data-id=\"022caa3\" data-element_type=\"widget\" data-e-type=\"widget\" data-widget_type=\"heading.default\">\n\t\t\t\t<div class=\"elementor-widget-container\">\n\t\t\t\t\t<span class=\"elementor-heading-title elementor-size-default\">Transformer substation concrete construction: Compact substations are versatile and essential building blocks in modern energy infrastructure. <\/span>\t\t\t\t<\/div>\n\t\t\t\t<\/div>\n\t\t\t\t<div class=\"elementor-element elementor-element-1919c20 elementor-widget elementor-widget-text-editor\" data-id=\"1919c20\" data-element_type=\"widget\" data-e-type=\"widget\" data-widget_type=\"text-editor.default\">\n\t\t\t\t<div class=\"elementor-widget-container\">\n\t\t\t\t\t\t\t\t\t<p>Their compact design and flexible application options make them an ideal solution for various areas of application. From the integration of renewable energies to urban energy supply and the <strong>Charging infrastructure for electric vehicles<\/strong> compact stations offer reliable and efficient energy distribution.<\/p>\t\t\t\t\t\t\t\t<\/div>\n\t\t\t\t<\/div>\n\t\t<div class=\"elementor-element elementor-element-1ccd8ca e-con-full e-flex e-con e-child\" data-id=\"1ccd8ca\" data-element_type=\"container\" data-e-type=\"container\" data-settings=\"{&quot;background_background&quot;:&quot;classic&quot;}\">\n\t\t<div class=\"elementor-element elementor-element-fcabb3f e-con-full e-flex e-con e-child\" data-id=\"fcabb3f\" data-element_type=\"container\" data-e-type=\"container\">\n\t\t\t\t<div class=\"elementor-element elementor-element-1e63234 elementor-widget elementor-widget-n-accordion\" data-id=\"1e63234\" data-element_type=\"widget\" data-e-type=\"widget\" data-settings=\"{&quot;default_state&quot;:&quot;expanded&quot;,&quot;max_items_expended&quot;:&quot;one&quot;,&quot;n_accordion_animation_duration&quot;:{&quot;unit&quot;:&quot;ms&quot;,&quot;size&quot;:400,&quot;sizes&quot;:[]}}\" data-widget_type=\"nested-accordion.default\">\n\t\t\t\t<div class=\"elementor-widget-container\">\n\t\t\t\t\t\t\t<div class=\"e-n-accordion\" aria-label=\"Accordion. Open links with Enter or Space, close with Escape, and navigate with Arrow Keys\">\n\t\t\t\t\t\t<details id=\"e-n-accordion-item-3180\" class=\"e-n-accordion-item\" open>\n\t\t\t\t<summary class=\"e-n-accordion-item-title\" data-accordion-index=\"1\" tabindex=\"0\" aria-expanded=\"true\" aria-controls=\"e-n-accordion-item-3180\" >\n\t\t\t\t\t<span class='e-n-accordion-item-title-header'><h4 class=\"e-n-accordion-item-title-text\"> Renewable energies and photovoltaics <\/h4><\/span>\n\t\t\t\t\t\t\t<span class='e-n-accordion-item-title-icon'>\n\t\t\t<span class='e-opened' ><i aria-hidden=\"true\" class=\"fas fa-minus\"><\/i><\/span>\n\t\t\t<span class='e-closed'><i aria-hidden=\"true\" class=\"fas fa-plus\"><\/i><\/span>\n\t\t<\/span>\n\n\t\t\t\t\t\t<\/summary>\n\t\t\t\t<div role=\"region\" aria-labelledby=\"e-n-accordion-item-3180\" class=\"elementor-element elementor-element-e7698d7 e-con-full e-flex e-con e-child\" data-id=\"e7698d7\" data-element_type=\"container\" data-e-type=\"container\">\n\t\t\t\t<div class=\"elementor-element elementor-element-148eea6 elementor-widget elementor-widget-text-editor\" data-id=\"148eea6\" data-element_type=\"widget\" data-e-type=\"widget\" data-widget_type=\"text-editor.default\">\n\t\t\t\t<div class=\"elementor-widget-container\">\n\t\t\t\t\t\t\t\t\t<p>Compact stations play a decisive role in the integration of renewable energies, especially in photovoltaic systems. They enable efficient conversion and distribution of the solar energy generated and ensure a stable feed into the grid. Thanks to their adaptability, they can easily be used in solar parks and other renewable energy projects.<\/p>\t\t\t\t\t\t\t\t<\/div>\n\t\t\t\t<\/div>\n\t\t\t\t<\/div>\n\t\t\t\t\t<\/details>\n\t\t\t\t\t\t<details id=\"e-n-accordion-item-3181\" class=\"e-n-accordion-item\" >\n\t\t\t\t<summary class=\"e-n-accordion-item-title\" data-accordion-index=\"2\" tabindex=\"-1\" aria-expanded=\"false\" aria-controls=\"e-n-accordion-item-3181\" >\n\t\t\t\t\t<span class='e-n-accordion-item-title-header'><h4 class=\"e-n-accordion-item-title-text\"> Charging infrastructure for electric vehicles <\/h4><\/span>\n\t\t\t\t\t\t\t<span class='e-n-accordion-item-title-icon'>\n\t\t\t<span class='e-opened' ><i aria-hidden=\"true\" class=\"fas fa-minus\"><\/i><\/span>\n\t\t\t<span class='e-closed'><i aria-hidden=\"true\" class=\"fas fa-plus\"><\/i><\/span>\n\t\t<\/span>\n\n\t\t\t\t\t\t<\/summary>\n\t\t\t\t<div role=\"region\" aria-labelledby=\"e-n-accordion-item-3181\" class=\"elementor-element elementor-element-a081a8b e-con-full e-flex e-con e-child\" data-id=\"a081a8b\" data-element_type=\"container\" data-e-type=\"container\">\n\t\t\t\t<div class=\"elementor-element elementor-element-5983aaa elementor-widget elementor-widget-text-editor\" data-id=\"5983aaa\" data-element_type=\"widget\" data-e-type=\"widget\" data-widget_type=\"text-editor.default\">\n\t\t\t\t<div class=\"elementor-widget-container\">\n\t\t\t\t\t\t\t\t\t<p>Compact stations are indispensable for the growing charging infrastructure for electric vehicles. They provide a safe and stable power supply for charging points and ensure reliable energy distribution that meets the requirements of electromobility. Compact stations can be used in both centralised charging parks and decentralised charging points.<\/p>\t\t\t\t\t\t\t\t<\/div>\n\t\t\t\t<\/div>\n\t\t\t\t<\/div>\n\t\t\t\t\t<\/details>\n\t\t\t\t\t\t<details id=\"e-n-accordion-item-3182\" class=\"e-n-accordion-item\" >\n\t\t\t\t<summary class=\"e-n-accordion-item-title\" data-accordion-index=\"3\" tabindex=\"-1\" aria-expanded=\"false\" aria-controls=\"e-n-accordion-item-3182\" >\n\t\t\t\t\t<span class='e-n-accordion-item-title-header'><h4 class=\"e-n-accordion-item-title-text\"> Industry and urban energy supply <\/h4><\/span>\n\t\t\t\t\t\t\t<span class='e-n-accordion-item-title-icon'>\n\t\t\t<span class='e-opened' ><i aria-hidden=\"true\" class=\"fas fa-minus\"><\/i><\/span>\n\t\t\t<span class='e-closed'><i aria-hidden=\"true\" class=\"fas fa-plus\"><\/i><\/span>\n\t\t<\/span>\n\n\t\t\t\t\t\t<\/summary>\n\t\t\t\t<div role=\"region\" aria-labelledby=\"e-n-accordion-item-3182\" class=\"elementor-element elementor-element-155b1ea e-con-full e-flex e-con e-child\" data-id=\"155b1ea\" data-element_type=\"container\" data-e-type=\"container\">\n\t\t\t\t<div class=\"elementor-element elementor-element-3b8c97e elementor-widget elementor-widget-text-editor\" data-id=\"3b8c97e\" data-element_type=\"widget\" data-e-type=\"widget\" data-widget_type=\"text-editor.default\">\n\t\t\t\t<div class=\"elementor-widget-container\">\n\t\t\t\t\t\t\t\t\t<p>A reliable power supply is of the utmost importance in industrial and urban areas. Compact substations offer an efficient solution for power distribution in critical infrastructures. They are compact, robust and capable of ensuring a continuous power supply to industrial plants, commercial buildings and urban facilities.<\/p>\t\t\t\t\t\t\t\t<\/div>\n\t\t\t\t<\/div>\n\t\t\t\t<\/div>\n\t\t\t\t\t<\/details>\n\t\t\t\t\t\t<details id=\"e-n-accordion-item-3183\" class=\"e-n-accordion-item\" >\n\t\t\t\t<summary class=\"e-n-accordion-item-title\" data-accordion-index=\"4\" tabindex=\"-1\" aria-expanded=\"false\" aria-controls=\"e-n-accordion-item-3183\" >\n\t\t\t\t\t<span class='e-n-accordion-item-title-header'><h4 class=\"e-n-accordion-item-title-text\"> Intelligent network stations <\/h4><\/span>\n\t\t\t\t\t\t\t<span class='e-n-accordion-item-title-icon'>\n\t\t\t<span class='e-opened' ><i aria-hidden=\"true\" class=\"fas fa-minus\"><\/i><\/span>\n\t\t\t<span class='e-closed'><i aria-hidden=\"true\" class=\"fas fa-plus\"><\/i><\/span>\n\t\t<\/span>\n\n\t\t\t\t\t\t<\/summary>\n\t\t\t\t<div role=\"region\" aria-labelledby=\"e-n-accordion-item-3183\" class=\"elementor-element elementor-element-c251953 e-con-full e-flex e-con e-child\" data-id=\"c251953\" data-element_type=\"container\" data-e-type=\"container\">\n\t\t\t\t<div class=\"elementor-element elementor-element-ba421b5 elementor-widget elementor-widget-text-editor\" data-id=\"ba421b5\" data-element_type=\"widget\" data-e-type=\"widget\" data-widget_type=\"text-editor.default\">\n\t\t\t\t<div class=\"elementor-widget-container\">\n\t\t\t\t\t\t\t\t\t<p>Compact stations are not only suitable for traditional applications, but also for use as intelligent grid stations in modern energy systems. By integrating monitoring and control technologies, they enable active grid monitoring and control, which helps to optimise the energy flow and stabilise the power grid. This makes them an important component of smart grids and the future energy infrastructure.<\/p>\t\t\t\t\t\t\t\t<\/div>\n\t\t\t\t<\/div>\n\t\t\t\t<\/div>\n\t\t\t\t\t<\/details>\n\t\t\t\t\t<\/div>\n\t\t\t\t\t\t<\/div>\n\t\t\t\t<\/div>\n\t\t\t\t<\/div>\n\t\t<div class=\"elementor-element elementor-element-cdad4e3 e-con-full e-flex e-con e-child\" data-id=\"cdad4e3\" data-element_type=\"container\" data-e-type=\"container\">\n\t\t\t\t<div class=\"elementor-element elementor-element-0da794f elementor-widget elementor-widget-image-carousel\" data-id=\"0da794f\" data-element_type=\"widget\" data-e-type=\"widget\" data-settings=\"{&quot;slides_to_show&quot;:&quot;1&quot;,&quot;navigation&quot;:&quot;none&quot;,&quot;autoplay_speed&quot;:3000,&quot;effect&quot;:&quot;fade&quot;,&quot;autoplay&quot;:&quot;yes&quot;,&quot;pause_on_hover&quot;:&quot;yes&quot;,&quot;pause_on_interaction&quot;:&quot;yes&quot;,&quot;infinite&quot;:&quot;yes&quot;,&quot;speed&quot;:500}\" data-widget_type=\"image-carousel.default\">\n\t\t\t\t<div class=\"elementor-widget-container\">\n\t\t\t\t\t\t\t<div class=\"elementor-image-carousel-wrapper swiper\" role=\"region\" aria-roledescription=\"carousel\" aria-label=\"Image Carousel\" dir=\"ltr\" data-no-translation-aria-label=\"\">\n\t\t\t<div class=\"elementor-image-carousel swiper-wrapper swiper-image-stretch\" aria-live=\"off\">\n\t\t\t\t\t\t\t\t<div class=\"swiper-slide\" role=\"group\" aria-roledescription=\"slide\" aria-label=\"1 of 4\" data-no-translation-aria-label=\"\"><figure class=\"swiper-slide-inner\"><img decoding=\"async\" class=\"swiper-slide-image\" src=\"https:\/\/faber-etec.de\/wp-content\/uploads\/sites\/3\/elementor\/thumbs\/Intelligente-Netzstationen-Kompakstationen-qsw1sw948msepaiyc7t1cp89a18i52xsnesc747lzc.webp\" alt=\"Intelligent grid stations for modern energy distribution and grid monitoring\" title=\"{picture title}\"><\/figure><\/div><div class=\"swiper-slide\" role=\"group\" aria-roledescription=\"slide\" aria-label=\"2 of 4\" data-no-translation-aria-label=\"\"><figure class=\"swiper-slide-inner\"><img decoding=\"async\" class=\"swiper-slide-image\" src=\"https:\/\/faber-etec.de\/wp-content\/uploads\/sites\/3\/elementor\/thumbs\/Ladeinfrastruktur-fuer-Elektrofahrzeuge-Kompakstationen-qsw1t0yb6syubcc4kru6761k8ylc7kggc21rli0n48.webp\" alt=\"Charging infrastructure for electric vehicles with modern charging system\" title=\"{picture title}\"><\/figure><\/div><div class=\"swiper-slide\" role=\"group\" aria-roledescription=\"slide\" aria-label=\"3 of 4\" data-no-translation-aria-label=\"\"><figure class=\"swiper-slide-inner\"><img decoding=\"async\" class=\"swiper-slide-image\" src=\"https:\/\/faber-etec.de\/wp-content\/uploads\/sites\/3\/elementor\/thumbs\/Erneuerbare-Energien-und-Photovoltaik-Nachhaltige-Energiegewinnung-Kompakstationen-qsw1t6lcbt6k903xnu9xm4mbt9tjhr2uctyoh5sa2w.webp\" alt=\"Renewable energies and photovoltaic systems for sustainable energy generation\" title=\"{picture title}\"><\/figure><\/div><div class=\"swiper-slide\" role=\"group\" aria-roledescription=\"slide\" aria-label=\"4 of 4\" data-no-translation-aria-label=\"\"><figure class=\"swiper-slide-inner\"><img decoding=\"async\" class=\"swiper-slide-image\" src=\"https:\/\/faber-etec.de\/wp-content\/uploads\/sites\/3\/elementor\/thumbs\/Industrie-und-urbane-Energieversorgung-Kompakstationen-qsw1tbaj9zczv1x3web2glfms76dk8li1h83vjlb7s.webp\" alt=\"Industry and urban energy supply with compact stations\" title=\"{picture title}\"><\/figure><\/div>\t\t\t<\/div>\n\t\t\t\t\t\t\t\n\t\t\t\t\t\t\t\t\t<\/div>\n\t\t\t\t\t\t<\/div>\n\t\t\t\t<\/div>\n\t\t\t\t<\/div>\n\t\t\t\t<\/div>\n\t\t\t\t<\/div>\n\t\t\t\t\t<\/div>\n\t\t\t\t<\/div>\n\t\t<div class=\"elementor-element elementor-element-780ef19 e-flex e-con-boxed e-con e-parent\" data-id=\"780ef19\" data-element_type=\"container\" data-e-type=\"container\">\n\t\t\t\t\t<div class=\"e-con-inner\">\n\t\t<div class=\"elementor-element elementor-element-f3adb5e e-con-full e-flex elementor-invisible e-con e-child\" data-id=\"f3adb5e\" data-element_type=\"container\" data-e-type=\"container\" data-settings=\"{&quot;animation&quot;:&quot;fadeInDown&quot;}\">\n\t\t\t\t<div class=\"elementor-element elementor-element-693deea elementor-widget elementor-widget-heading\" data-id=\"693deea\" data-element_type=\"widget\" data-e-type=\"widget\" data-widget_type=\"heading.default\">\n\t\t\t\t<div class=\"elementor-widget-container\">\n\t\t\t\t\t<h3 class=\"elementor-heading-title elementor-size-default\">Safety and environmental friendliness<\/h3>\t\t\t\t<\/div>\n\t\t\t\t<\/div>\n\t\t\t\t<div class=\"elementor-element elementor-element-3280467 elementor-widget elementor-widget-text-editor\" data-id=\"3280467\" data-element_type=\"widget\" data-e-type=\"widget\" data-widget_type=\"text-editor.default\">\n\t\t\t\t<div class=\"elementor-widget-container\">\n\t\t\t\t\t\t\t\t\t<p><strong>Compact stations from Faber E-Tec<\/strong> set standards in terms of safety and environmental friendliness. Our solutions are not only designed to maximise operational safety, but also to protect the environment. By utilising the latest technologies and rigorous testing, we ensure that our compact stations meet the highest safety standards while making a positive contribution to environmental protection.<\/p>\t\t\t\t\t\t\t\t<\/div>\n\t\t\t\t<\/div>\n\t\t\t\t<\/div>\n\t\t<div class=\"elementor-element elementor-element-7f512c1 e-con-full e-flex e-con e-child\" data-id=\"7f512c1\" data-element_type=\"container\" data-e-type=\"container\">\n\t\t<div class=\"elementor-element elementor-element-02e5511 e-con-full e-flex elementor-invisible e-con e-child\" data-id=\"02e5511\" data-element_type=\"container\" data-e-type=\"container\" data-settings=\"{&quot;background_background&quot;:&quot;classic&quot;,&quot;animation&quot;:&quot;fadeIn&quot;}\">\n\t\t\t\t<div class=\"elementor-element elementor-element-3ac4db9 elementor-widget__width-initial elementor-view-default elementor-position-block-start elementor-mobile-position-block-start elementor-widget elementor-widget-icon-box\" data-id=\"3ac4db9\" data-element_type=\"widget\" data-e-type=\"widget\" data-widget_type=\"icon-box.default\">\n\t\t\t\t<div class=\"elementor-widget-container\">\n\t\t\t\t\t\t\t<div class=\"elementor-icon-box-wrapper\">\n\n\t\t\t\t\t\t<div class=\"elementor-icon-box-icon\">\n\t\t\t\t<span  class=\"elementor-icon\">\n\t\t\t\t<svg xmlns=\"http:\/\/www.w3.org\/2000\/svg\" viewbox=\"0 0 394 390\"><g><g id=\"Ebene_1\"><g><path d=\"M309.9,304.8c8.3-8.4,15.3-17.4,21.3-27.3,51.4-84.6,13.4-194.7-79.3-229.6-.9-.3-1.9-.6-2.8-1-5.5-2.2-7.9-6.8-6.1-11.7,1.8-4.9,6.7-7,12.2-5,17,6,32.8,14.4,47.1,25.4,38.1,29.5,61.1,68.2,68.2,115.9,10.8,72.8-28,146.5-94.3,179.8-71.1,35.8-154.1,21.1-208.1-37.4-27.3-29.6-42.5-64.8-45.8-105-2.3-28.9,2.5-56.6,13.9-83.2.9-2.1.7-3.4-.7-5.2-8.9-11.4-9.3-26.7-1.3-38.4,8-11.7,22.4-16.9,36.2-12.8,3,.9,4.7.3,6.8-1.7,15.1-14.2,32.2-25.4,51.3-33.4,5.8-2.4,10.7-.9,12.9,4,2.2,5,0,9.9-6,12.4-14.8,6.4-28.3,14.7-40.5,25.1-1.7,1.4-3.3,3-5,4.4-.6.5-1.2.9-2,1.4,4.3,6.8,6.2,13.8,5.8,21.5-1,18.3-19,33-37.1,29.8-3.4-.6-4.5.5-5.6,3.3-22.5,61.1-12.6,116.3,29.7,165.7.9,1,1.8,2.1,2.8,3.3,2.5-1.6,4.6-3,6.7-4.5,16.1-11.4,33.4-11.4,49.6-.1,3.2,2.2,6.7,4.5,10.3,5.6,7.3,2.2,14.2.5,20.2-4.3,8.5-6.7,17.9-10.2,28.9-9.6,9.6.5,17.6,4.6,25,10.2,5.9,4.6,12.7,5.8,19.6,3.6,3.8-1.2,7.3-3.6,10.6-5.9,10.8-7.7,22.6-9.9,35.2-6.3,4.4,1.3,8.5,3.9,12.6,6.1,2.6,1.4,4.9,3.3,7.5,5.1ZM97.9,317.3c56.7,47.4,142.4,47,198,0-8.6-8.9-21.6-10.6-32-2.2-15.6,12.6-36.4,12.2-52,.1-10.2-7.9-18.9-7.4-29.6-.3-4.7,3.1-9.7,6.2-15,7.8-13.6,4.1-25.9.7-37.3-7.7-11.1-8.2-21.4-7.4-32,2.2ZM76,100.2c0-8.2-6.7-14.7-14.9-14.7-8.1,0-14.8,6.9-14.7,15,.1,8.1,6.9,14.8,15,14.7,8.2,0,14.7-6.7,14.6-15Z\"><\/path><path d=\"M289,178.7c.2,55.8-44.1,97.9-96.9,95.4-48.9-2.3-93.7-48.7-86.7-103.3,3.1-24.2,12.7-45.8,25.3-66.3,12.9-21.1,28.6-40,45.9-57.6,11.1-11.2,28.4-12.2,39.4-1.3,26.2,26.1,48.7,54.9,63,89.4,6.2,15,9.9,30.5,10.1,43.8ZM271.2,178.2c0-7.9-2.3-19.2-6.3-30-12.8-34.7-35.1-63.1-60.5-89.2-4.4-4.5-10.5-4.3-14.9.2-4.3,4.3-8.4,8.7-12.4,13.3-18,20.4-34.1,42.1-44.7,67.4-7.2,17.1-11.4,34.8-8.6,53.5,5.6,37.3,41.5,65.8,78.8,62.9,38.9-3.1,68.8-35.4,68.7-77.9Z\"><\/path><path d=\"M306.8,261c-5,0-8.9-3.9-8.9-8.9,0-4.9,4.1-8.9,9.1-8.8,4.8,0,8.7,3.9,8.7,8.7,0,4.9-3.9,8.9-8.9,8.9Z\"><\/path><path d=\"M243.2,177.6c6,0,10.1,5.2,8.6,11.5-3.7,15.1-12.1,27.1-25.5,35-5.5,3.3-11.9,5.2-18.1,7.2-5.1,1.6-9.8-1.6-11-6.6-1.1-4.7,1.8-9.4,7-10.5,10-2.2,18.3-7,24-15.5,2.8-4.2,4.6-9.2,6.5-14,1.7-4.3,4.5-6.9,8.6-6.9Z\"><\/path><\/g><\/g><\/g><\/svg>\t\t\t\t<\/span>\n\t\t\t<\/div>\n\t\t\t\n\t\t\t\t\t\t<div class=\"elementor-icon-box-content\">\n\n\t\t\t\t\t\t\t\t\t<span class=\"elementor-icon-box-title\">\n\t\t\t\t\t\t<span  >\n\t\t\t\t\t\t\tWater protection and oil collection systems\t\t\t\t\t\t<\/span>\n\t\t\t\t\t<\/span>\n\t\t\t\t\n\t\t\t\t\t\t\t\t\t<p class=\"elementor-icon-box-description\">\n\t\t\t\t\t\tOur compact stations are equipped with advanced oil collection systems that ensure the protection of bodies of water. These systems reliably collect any leaking liquids and thus prevent pollutants from entering the environment. This means that our stations not only fulfil the legal requirements, but also actively contribute to the protection of nature.\t\t\t\t\t<\/p>\n\t\t\t\t\n\t\t\t<\/div>\n\t\t\t\n\t\t<\/div>\n\t\t\t\t\t\t<\/div>\n\t\t\t\t<\/div>\n\t\t\t\t<\/div>\n\t\t<div class=\"elementor-element elementor-element-d3fd19d e-con-full e-flex elementor-invisible e-con e-child\" data-id=\"d3fd19d\" data-element_type=\"container\" data-e-type=\"container\" data-settings=\"{&quot;background_background&quot;:&quot;classic&quot;,&quot;animation&quot;:&quot;fadeIn&quot;,&quot;animation_delay&quot;:300}\">\n\t\t\t\t<div class=\"elementor-element elementor-element-53b7777 elementor-widget__width-initial elementor-view-default elementor-position-block-start elementor-mobile-position-block-start elementor-widget elementor-widget-icon-box\" data-id=\"53b7777\" data-element_type=\"widget\" data-e-type=\"widget\" data-widget_type=\"icon-box.default\">\n\t\t\t\t<div class=\"elementor-widget-container\">\n\t\t\t\t\t\t\t<div class=\"elementor-icon-box-wrapper\">\n\n\t\t\t\t\t\t<div class=\"elementor-icon-box-icon\">\n\t\t\t\t<span  class=\"elementor-icon\">\n\t\t\t\t<svg xmlns=\"http:\/\/www.w3.org\/2000\/svg\" id=\"Ebene_1\" data-name=\"Ebene 1\" viewbox=\"0 0 394 390\"><defs><style>      .cls-1 {        fill: #000;        stroke-width: 0px;      }    <\/style><\/defs><path class=\"cls-1\" d=\"M16.3,75.9c2.2-6.6,4.9-12.9,10.5-17.5,5.7-4.6,12-7.2,19.4-7.2,100.6,0,201.2,0,301.8,0,16.4,0,29.8,13.5,29.8,29.9,0,72.4,0,144.7,0,217.1,0,16.8-13.2,30.2-30.1,30.4-18.7.2-37.4,0-56.1,0-1.3,0-2.5,0-4.1,0,0,10.1,0,19.8,0,29.5,0,4.8-4.2,7.9-8.3,6-1.2-.6-2.3-1.6-3.3-2.5-5.2-5.1-10.3-10.3-15.5-15.5-.9-.9-1.6-2-2.7-3.5-4.6,4.7-8.8,8.8-12.9,13-2.2,2.2-4.4,4.3-6.5,6.5-2,2.1-4.3,3.3-7.3,2.1-3.1-1.2-4-3.8-4-6.8,0-8.2,0-16.5,0-24.7,0-1.3,0-2.5,0-4.1-1.8,0-3.2,0-4.6,0-57.6,0-115.3,0-172.9,0-17.3,0-27.5-7.6-32.7-24.2,0-.2-.3-.3-.5-.4,0-76,0-152,0-228.1ZM226.9,316.1v-4.6c0-23.8.2-47.5,0-71.3-.1-10.2,1.7-20.6-2.1-30.7-1.1-2.8-1.8-4.6-5-5.1-9.6-1.6-15-9.8-12.6-19.2.7-2.9,0-4.3-2.3-5.7-8.5-5.1-10.5-14.8-4.6-22.7,1.8-2.4,1.7-4.1-.1-6.5-5.7-7.6-3.7-17.6,4.5-22.5,2.5-1.5,3.2-3,2.4-6-2.4-9.5,3.5-17.9,13.4-19.2,2.7-.3,3.5-1.8,3.9-4.1,1.8-10.3,9.3-15.3,19.7-13,2.4.5,3.9,0,5.2-2.3,5.2-8.7,14.8-10.7,22.9-4.7,2.3,1.7,3.9,1.6,6.2,0,7.9-5.9,17.7-4,22.7,4.5,1.5,2.5,3,3.1,5.7,2.4,9.6-2.4,17.9,3.3,19.3,13.2.3,2.2,1.3,3.6,3.7,4,10.8,1.7,15.8,9.2,13.4,20-.5,2.1,0,3.5,1.9,4.7,9.5,6,11.2,14.5,4.6,23.9-1.2,1.7-1.3,3.2,0,4.7,7.2,8.5,3.4,19.9-4.7,24.1-1.1.6-2.1,2.9-1.9,4.2,2,11.5-2,17.7-13.6,20.4-1,.2-2.6.8-2.8,1.6-1.3,4.2-3.1,8.5-3.2,12.7-.4,15.9-.2,31.8-.2,47.6,0,9.8,0,19.5,0,29.3,0,1.6,0,3.4-.6,4.8-1.8,4.1-6.7,4.6-10.2,1.2-6.4-6.3-12.8-12.8-19.5-19.5-2.1,2.6-5.4,4.8-5.6,7.3-.7,8.6-.3,17.3-.3,26.1,1.1,0,1.8.2,2.5.2,19.2,0,38.3,0,57.5,0,1.7,0,3.5-.2,5.2-.7,8.5-2.5,13.1-9.3,13.1-19.4,0-63.2,0-126.4,0-189.5,0-8,0-16,0-24,0-7.5-2.9-13.7-9.9-16.9-3.4-1.5-7.5-2.1-11.2-2.1-98.3-.1-196.7,0-295,0-.8,0-1.6,0-2.5,0-11.3.4-18.6,7.9-18.6,19.2,0,71.5,0,143.1.1,214.6,0,3.8,1.4,7.9,3.3,11.2,3.6,6.2,9.7,7.8,16.6,7.8,58.1,0,116.2,0,174.3,0s2.3,0,4.2,0ZM311,210.1c2.1,0,2.9-1.3,3.2-3.5,1-7.8,5.8-12.7,13.5-14.1,4.1-.7,4.5-1.3,3.6-5.3-1.7-7.4.9-13.6,7.5-17.7,3.1-2,3.3-3.1,1.1-6.2-4.5-6.4-4.5-12.7,0-19.2,2.2-3.1,2-4.2-1.2-6.2-6.7-4.3-9.2-10.3-7.4-18.1.8-3.3-.1-4.6-3.4-5.1-8-1.2-12.7-5.9-13.9-14-.4-2.8-1.7-4-4.8-3.2-8,2.1-13.9-.4-18.3-7.4-1.7-2.8-3.5-3-6-1.1-6.5,4.7-13,4.6-19.5,0-2.8-2-4.1-1.7-6,1.2-4.3,6.8-10.3,9.3-18,7.5-3.6-.9-4.5-.2-5,3.5-1.1,7.5-6.3,12.6-13.6,13.6-3.6.5-4.4,1.7-3.6,5.2,1.8,7.8-.6,13.7-7.5,18-2.7,1.7-3.1,3.4-1.2,6,4.9,6.8,4.8,12.8.2,19.5-2.2,3.1-2,4.1,1.2,6.1,6.6,4.1,9.2,10.2,7.4,17.8-.9,3.7-.3,4.5,3.4,5.2,7.5,1.3,12.6,6.3,13.8,13.6.6,3.9,1.5,4.6,5.3,3.7,7.5-1.7,13.6.8,17.7,7.5,2,3.2,3,3.4,6.1,1.2,6.5-4.6,12.9-4.7,19.2-.1,3.3,2.4,4.2,2.2,6.3-1.3,3.3-5.3,8-8.2,14.4-7.8,1.7.1,3.5.5,5.5.8ZM275.2,302.2c-2.4.8-4.6,2.1-6.7,2-3.5,0-5.3-2.9-5.3-7.4,0-20.1,0-40.2,0-60.3,0-1.4,0-2.8,0-4.4-6.9-.2-11.6-3.4-14.7-9.1-.5-.9-2.3-1.4-3.5-1.4-1.8,0-3.6.8-5.4,1.2v120.7c2.9-2.9,5.2-5.3,7.7-7.7q10-10,19.9-.1c2.5,2.5,5,5,8,8v-41.4ZM275.7,227v56.4c4.3-4.4,8.1-8.2,11.9-12.1,4.5-4.5,7.1-4.5,11.6-.1,3.9,3.9,7.7,7.8,12.1,12.2v-60.5c-4.8-1.9-8.3-2.1-11.6,3.3-4.2,6.9-13.9,7.6-20.7,2.9-.9-.6-1.8-1.3-3.2-2.2Z\"><\/path><path class=\"cls-1\" d=\"M64.6,189.8c0,19.5,0,39.1,0,58.6,0,10.2,5.2,17.1,14.2,19.2,1.7.4,3.5.3,5.3.3,36.6,0,73.2,0,109.7,0,1.2,0,2.4,0,3.5,0,3.3.4,5.8,3,5.9,6,0,2.9-2.2,5.5-5.3,6.1-1.1.2-2.3.2-3.5.2-36.6,0-73.2,0-109.7,0-17.1,0-29-9.8-32-26.2-.3-1.6-.3-3.3-.3-4.9,0-39.6,0-79.3,0-118.9,0-17.7,13.2-31.1,30.9-31.1,35.4,0,70.8,0,106.2,0,4.9,0,7.7,2.4,7.6,6.3,0,3.9-2.8,6.1-7.8,6.2-35.2,0-70.3,0-105.5,0-9.3,0-15.8,4.5-18.2,12.6-.7,2.5-.9,5.3-.9,8,0,19.2,0,38.3,0,57.5Z\"><\/path><path class=\"cls-1\" d=\"M110.3,241.4c-4.6,6.7-11.1,11-18.5,14-5.5,2.2-10.3-1.2-9-6.4.5-1.8,2.4-3.5,4.1-4.7,2.2-1.6,4.8-2.4,7.1-3.8,4.9-3,7.7-7.3,8-13.3.3-4.6,2.1-6.8,5.3-7.2,3.3-.4,5.3,1.1,7.2,5.4,2.1,4.8,5.2,8.7,9.6,11.4,3.2,2,4.6,1.4,5.2-2.2.5-2.9,1.9-5,5-5.6,3.1-.6,5.4.6,6.7,3.3,1.4,3,3.8,4.4,6.7,5.2,10.2,2.7,20.5,5.2,31.1,5,3.5,0,6,2.6,6.1,5.9,0,3.4-2.4,5.9-6,6-13.8.4-27-2.5-39.9-7.2-.9-.3-2.2-.6-2.8-.2-7.2,5.1-13.9,3.5-20.5-1.2-1.9-1.4-3.6-3-5.6-4.6Z\"><\/path><path class=\"cls-1\" d=\"M130.5,147.8c-13.5,0-27,0-40.6,0-4.7,0-7.4-2.3-7.4-6.2,0-3.1,1.5-5.1,4.5-5.9,1.1-.3,2.3-.4,3.5-.4,26.8,0,53.6,0,80.4,0,.7,0,1.4,0,2.1,0,3.6.5,6,3.1,5.9,6.3-.1,3.4-2.7,6-6.6,6-6.3.1-12.7,0-19,0-7.6,0-15.3,0-22.9,0Z\"><\/path><path class=\"cls-1\" d=\"M130.6,183.8c13.2,0,26.3,0,39.5,0,1.2,0,2.4,0,3.5,0,3.1.3,5.4,2.9,5.4,5.9,0,3-2.4,5.7-5.4,6.1-.7,0-1.4,0-2.1,0-27.3,0-54.5,0-81.8,0-4.3,0-6.8-1.8-7.1-5.1-.5-4.3,2-6.9,6.7-6.9,13.8,0,27.5,0,41.3,0Z\"><\/path><path class=\"cls-1\" d=\"M130.6,171.9c-13.8,0-27.5,0-41.3,0-3.2,0-5.6-1.3-6.5-4.3-.8-2.5-.4-5.1,2-6.6,1.3-.8,3.1-1.4,4.6-1.4,27.5,0,55,0,82.5,0,4.4,0,7.1,2.6,7.1,6.1,0,3.7-2.9,6.1-7.5,6.1-13.6,0-27.3,0-40.9,0Z\"><\/path><path class=\"cls-1\" d=\"M323.5,153.8c0,26.6-21.6,48.3-48.1,48.3-26.5,0-48.5-22-48.4-48.5,0-26.8,21.8-48.2,48.6-48.1,26.7.1,48,21.6,47.9,48.3ZM275.2,189.6c20,0,36.2-16,36.2-35.9,0-19.8-16.4-36.2-36.1-36.2-19.6,0-35.9,16.3-35.9,35.9,0,20.1,15.9,36.1,35.9,36.1Z\"><\/path><\/svg>\t\t\t\t<\/span>\n\t\t\t<\/div>\n\t\t\t\n\t\t\t\t\t\t<div class=\"elementor-icon-box-content\">\n\n\t\t\t\t\t\t\t\t\t<span class=\"elementor-icon-box-title\">\n\t\t\t\t\t\t<span  >\n\t\t\t\t\t\t\tTested in accordance with IEC 62271-202 and VDE 0670-202\t\t\t\t\t\t<\/span>\n\t\t\t\t\t<\/span>\n\t\t\t\t\n\t\t\t\t\t\t\t\t\t<p class=\"elementor-icon-box-description\">\n\t\t\t\t\t\tThe safety of our compact stations is confirmed by type testing in accordance with IEC 62271-202. This international standard guarantees that our stations have passed stringent tests with regard to their electrical and mechanical safety. Customers can rest assured that our products meet the highest quality and safety standards.\t\t\t\t\t<\/p>\n\t\t\t\t\n\t\t\t<\/div>\n\t\t\t\n\t\t<\/div>\n\t\t\t\t\t\t<\/div>\n\t\t\t\t<\/div>\n\t\t\t\t<\/div>\n\t\t<div class=\"elementor-element elementor-element-b93b6a7 e-con-full e-flex elementor-invisible e-con e-child\" data-id=\"b93b6a7\" data-element_type=\"container\" data-e-type=\"container\" data-settings=\"{&quot;background_background&quot;:&quot;classic&quot;,&quot;animation&quot;:&quot;fadeIn&quot;,&quot;animation_delay&quot;:600}\">\n\t\t\t\t<div class=\"elementor-element elementor-element-31151bb elementor-widget__width-initial elementor-view-default elementor-position-block-start elementor-mobile-position-block-start elementor-widget elementor-widget-icon-box\" data-id=\"31151bb\" data-element_type=\"widget\" data-e-type=\"widget\" data-widget_type=\"icon-box.default\">\n\t\t\t\t<div class=\"elementor-widget-container\">\n\t\t\t\t\t\t\t<div class=\"elementor-icon-box-wrapper\">\n\n\t\t\t\t\t\t<div class=\"elementor-icon-box-icon\">\n\t\t\t\t<span  class=\"elementor-icon\">\n\t\t\t\t<svg xmlns=\"http:\/\/www.w3.org\/2000\/svg\" viewbox=\"0 0 394 390\"><g><g id=\"Ebene_1\"><g><path d=\"M143.1,369.7c-6.7-1.1-13.5-1.9-20.1-3.4-20-4.5-37.8-13.5-53.5-26.5-3.6-3-4.3-7-1.7-10.1,2.5-3.1,6.5-3.1,10.3-.5,7.2,4.9,14.5,9.7,21.8,14.4,1,.7,2.2,1,3.9,1.8-1.9-3.5-3.8-6.5-5.2-9.6-8.3-18.3-7.7-36.4,1.9-54,7.4-13.5,8.5-27.6,3.8-42.2-1-3.1-1.4-6,1-8.6,2.4-2.5,5.3-2.3,8.3-1.6,7.6,1.9,14,5.8,19,10.7,4.8-6.8,9.2-13.8,14.4-20.2,5.3-6.5,12.2-11.1,20-14.5,2.8-1.2,5.5-1.5,8,.5,2.4,1.9,2.9,4.5,2.3,7.4-2.3,11.2,0,21.8,5.2,31.7,5.9,11.3,12.5,22.1,18.8,33.2,1.6,2.7,3.2,5.5,4.6,7.9-.2-8.7-.6-17.8-.6-26.9-.1-16.9,0-33.9,0-50.8,0-5.4,1.3-7.2,6.6-8.8,16.4-5.1,32.7-10.4,49.1-15.3,3.5-1,3.9-2.4,3.1-5.7-5.8-22.5-16.3-42.6-31.7-60-.9-1-1.3-2.4-2-3.6-.6.4-1.2.7-1.8,1.1-.2,1.5-.5,2.9-.5,4.4-.7,23.8-11.5,41.3-32.6,52.4-6.8,3.5-11.3.6-11.4-7.1-.2-16,.5-32.1-.7-48.1-2.2-29.1-14.2-54-34.7-74.8-.3-.3-.7-.5-1.3-.9-.8,4.6-1.5,8.9-2.4,13.2-4.4,20.6-13.2,39.1-26.3,55.6-14.2,17.8-23.8,37.7-27.5,60.1-1.6,9.9-1.8,20.1-2.4,30.2-.2,3.4-.6,6.4-4,8-3.3,1.5-6.1.2-8.7-2.1-10.7-9.2-18.1-20.6-22.3-34-.3-1-.6-2.1-1.1-3.6-.6,1-1.1,1.6-1.4,2.3-13.2,28.5-18.6,58.1-13.1,89.2,1.2,6.6,3.6,12.9,5.3,19.3.5,1.8,1,3.8.7,5.6-.5,3.2-2.8,4.9-5.9,5.2-3.3.3-5.9-1.3-6.9-4.5-2.5-8.1-4.8-16.3-6.9-24.6-1.1-4.5-1.4-9.2-2.1-13.8,0-6.6,0-13.2,0-19.8.9-6.5,1.6-13,2.7-19.5,3.2-18.4,9.4-35.8,18.4-52.1,2.7-4.9,7-7,12.2-6.2,4.6.8,8.1,4.2,9.1,9.4,1.5,7.9,3.8,15.4,8.1,22.3.6.9,1.2,1.8,2.2,3.2.9-6.2,1.6-11.9,2.6-17.5,4.3-23.2,13.4-44.3,28.1-62.8,14.8-18.7,24.5-39.4,27.5-63.2.6-4.5.8-9.1,1-13.6,0-3.2.8-5.8,3.9-7.4,3.1-1.5,5.7-.5,8.2,1.5,24.9,19.9,40.9,45.3,48.1,76.3,3.5,15,3.4,30.2,3.3,45.5,0,3.4,0,6.8,0,10.8,1.1-.8,1.9-1.2,2.5-1.8,8.7-8.3,13.6-18.4,14.1-30.4.1-2.3,0-4.6.3-6.8.6-6.4,4.1-10.8,10.1-12.9,6.1-2.1,11.5-.4,15.8,4.2,9.7,10.4,17.7,21.9,24.2,34.5,5.9,11.6,10.3,23.7,13.3,36.8,2.5-.8,4.8-1.7,7.1-2.1,2.2-.4,4.6-.6,6.6,0,24.6,7.6,49.2,15.3,73.8,23,4.8,1.5,6.2,3.4,6.2,8.4,0,20.9.1,41.8,0,62.8-.3,47.4-33.1,87.9-79.3,98.2-.6.1-1.3.4-1.9.7h-4.1c-.5-.2-1-.5-1.6-.6-19-4.2-35.5-13.1-49.4-26.7-.6-.5-1.2-1-1.8-1.5-.8.6-1.6,1.1-2.3,1.7-14.7,11.4-31,19.3-49.1,23.5-7.1,1.6-14.3,2.5-21.4,3.7h-17.7ZM120.5,247.9c0,1.5,0,2.4,0,3.3.8,13.6-1.8,26.3-8.7,38.3-5,8.6-6.3,18.2-4.8,28,2.6,18.1,16.4,33,34,37.2,18.1,4.4,36.7-2.5,47.6-17.5,10.7-14.8,11.4-34.8,1.9-50.4-4.7-7.6-9.4-15.3-13.8-23.1-5.6-9.7-10.7-19.8-12.8-31-.5-2.8-.9-5.6-1.4-8.8-7.1,5.8-12.2,12.6-15.6,20.5-2.2,4.9-3.9,9.9-2.7,15.5.6,3.1-1.6,6-4.7,7-2.9.9-6.1-.2-7.7-2.8-.7-1.1-1.1-2.5-1.7-3.7-2.2-4.7-4.8-8.9-9.5-12.5ZM357.4,211.4c-22.2-6.9-44.8-14-67.5-21-1.3-.4-2.9,0-4.3.4-21.4,6.6-42.7,13.3-64,19.9-.9.3-1.8.7-2.7,1.1,0,20.1-.1,40,0,59.9.3,39.4,28.2,74.3,66.5,83.5,1.5.4,3.2.6,4.6.3,34.7-6.7,65-39.5,67.2-74.7,1.4-22.9.3-45.9.3-69.4ZM224.6,331.2c-5-9.2-9.4-17.6-13.9-25.9,1.3,14.4-2.4,27.6-10.7,39.8.3.3.6.5.9.8,8-4.9,15.9-9.9,23.7-14.7Z\"><\/path><path d=\"M52.1,318c-3.8,0-6.7-3-6.7-6.7,0-3.7,3-6.8,6.7-6.8,3.8,0,7,3.2,6.9,7-.1,3.7-3.1,6.6-6.9,6.5Z\"><\/path><path d=\"M345,251.3c-.7,11,0,22.2-2.2,32.9-5.8,28.8-23.4,47.8-51.5,56.8-1.8.6-4.1.5-5.9,0-30.3-8.5-52.5-37.3-52.9-68.7-.2-14.9,0-29.8,0-44.7,0-4.3,1.5-6.5,5.7-7.8,15.8-5,31.6-9.9,47.5-14.7,1.7-.5,3.9-.5,5.6,0,15.8,4.8,31.5,9.7,47.2,14.6,4.5,1.4,5.9,3.5,5.9,8.3,0,7.7,0,15.5,0,23.2.2,0,.4,0,.6,0ZM246.1,254s0,0,0,0c0,6.4-.2,12.7,0,19.1.7,23.7,17.3,46.1,39.7,53.7,1.6.5,3.6.5,5.2,0,22.9-8,39.1-30.2,39.6-54.5.3-12.6,0-25.2.2-37.8,0-2.3-.9-3.1-2.9-3.7-12.4-3.8-24.7-7.7-37.1-11.5-1.4-.4-3.2-.5-4.6,0-12.6,3.8-25.1,7.9-37.7,11.7-1.9.6-2.5,1.4-2.4,3.3.1,6.6,0,13.2,0,19.8Z\"><\/path><path d=\"M282.7,275.5c2.8-2.9,5.7-5.9,8.6-8.8,4.4-4.4,8.8-8.8,13.2-13.2,3.5-3.4,7.6-3.7,10.5-.8,2.9,3,2.6,6.9-1,10.5-8.6,8.7-17.3,17.4-26,26-4.1,4.1-7.6,4-11.7,0-4.6-4.6-9.2-9.1-13.7-13.7-3.5-3.6-3.9-7.5-.9-10.5,2.9-3,6.9-2.7,10.5.8,3.2,3.1,6.3,6.2,9.4,9.4.1.1.4.2,1,.5Z\"><\/path><\/g><\/g><\/g><\/svg>\t\t\t\t<\/span>\n\t\t\t<\/div>\n\t\t\t\n\t\t\t\t\t\t<div class=\"elementor-icon-box-content\">\n\n\t\t\t\t\t\t\t\t\t<span class=\"elementor-icon-box-title\">\n\t\t\t\t\t\t<span  >\n\t\t\t\t\t\t\tFire protection and arc fault testing\t\t\t\t\t\t<\/span>\n\t\t\t\t\t<\/span>\n\t\t\t\t\n\t\t\t\t\t\t\t\t\t<p class=\"elementor-icon-box-description\">\n\t\t\t\t\t\tFire protection is a top priority in the development of our compact stations. Our stations are fully protected against fire hazards and have successfully passed arc fault tests. These tests ensure that our stations remain safe even under extreme conditions and minimise the risk of fires or other dangerous incidents.\t\t\t\t\t<\/p>\n\t\t\t\t\n\t\t\t<\/div>\n\t\t\t\n\t\t<\/div>\n\t\t\t\t\t\t<\/div>\n\t\t\t\t<\/div>\n\t\t\t\t<\/div>\n\t\t\t\t<\/div>\n\t\t\t\t\t<\/div>\n\t\t\t\t<\/div>\n\t\t<div class=\"elementor-element elementor-element-43bd263 e-flex e-con-boxed e-con e-parent\" data-id=\"43bd263\" data-element_type=\"container\" data-e-type=\"container\">\n\t\t\t\t\t<div class=\"e-con-inner\">\n\t\t<div class=\"elementor-element elementor-element-4d7c496 e-con-full e-flex e-con e-child\" data-id=\"4d7c496\" data-element_type=\"container\" data-e-type=\"container\">\n\t\t\t\t<div class=\"elementor-element elementor-element-5da3370 elementor-invisible elementor-widget elementor-widget-heading\" data-id=\"5da3370\" data-element_type=\"widget\" data-e-type=\"widget\" data-settings=\"{&quot;_animation&quot;:&quot;fadeInDown&quot;}\" data-widget_type=\"heading.default\">\n\t\t\t\t<div class=\"elementor-widget-container\">\n\t\t\t\t\t<span class=\"elementor-heading-title elementor-size-default\">Why choose Faber E-Tec?<\/span>\t\t\t\t<\/div>\n\t\t\t\t<\/div>\n\t\t\t\t<div class=\"elementor-element elementor-element-d33ab68 elementor-widget elementor-widget-text-editor\" data-id=\"d33ab68\" data-element_type=\"widget\" data-e-type=\"widget\" data-widget_type=\"text-editor.default\">\n\t\t\t\t<div class=\"elementor-widget-container\">\n\t\t\t\t\t\t\t\t\t<p>Faber E-Tec stands for <a href=\"https:\/\/faber-etec.de\/en\/company\/#werte\" title=\"Company - Quality\">quality<\/a>experience and comprehensive <a href=\"https:\/\/faber-etec.de\/en\/services\/\" title=\"Services - Service\">Service<\/a>. With our decades of expertise in the energy sector and our holistic approach, we offer you the best solutions for your energy projects. You can rely on our experience and commitment to realise your projects successfully and efficiently.<\/p>\t\t\t\t\t\t\t\t<\/div>\n\t\t\t\t<\/div>\n\t\t\t\t<\/div>\n\t\t<div class=\"elementor-element elementor-element-6e4bfb3 e-con-full e-flex e-con e-child\" data-id=\"6e4bfb3\" data-element_type=\"container\" data-e-type=\"container\">\n\t\t<div class=\"elementor-element elementor-element-3f491ff e-con-full e-flex elementor-invisible e-con e-child\" data-id=\"3f491ff\" data-element_type=\"container\" data-e-type=\"container\" data-settings=\"{&quot;background_background&quot;:&quot;classic&quot;,&quot;animation&quot;:&quot;fadeIn&quot;}\">\n\t\t\t\t<div class=\"elementor-element elementor-element-9f353b5 elementor-widget__width-initial elementor-view-default elementor-position-block-start elementor-mobile-position-block-start elementor-widget elementor-widget-icon-box\" data-id=\"9f353b5\" data-element_type=\"widget\" data-e-type=\"widget\" data-widget_type=\"icon-box.default\">\n\t\t\t\t<div class=\"elementor-widget-container\">\n\t\t\t\t\t\t\t<div class=\"elementor-icon-box-wrapper\">\n\n\t\t\t\t\t\t<div class=\"elementor-icon-box-icon\">\n\t\t\t\t<span  class=\"elementor-icon\">\n\t\t\t\t<svg xmlns=\"http:\/\/www.w3.org\/2000\/svg\" id=\"Ebene_1\" data-name=\"Ebene 1\" viewbox=\"0 0 394 390\"><defs><style>      .cls-1 {        fill: #000;        stroke-width: 0px;      }    <\/style><\/defs><path class=\"cls-1\" d=\"M149.07,367.65c-2.87-1.5-4.25-4.04-5.29-7-4.91-13.97-9.92-27.91-14.9-41.86-.37-1.03-.8-2.04-1.29-3.3-8.3,2.23-16.41,4.39-24.52,6.58-7.58,2.05-15.17,4.09-22.73,6.2-3.39.94-6.51.85-8.86-2.15-2.28-2.91-1.48-5.82.09-8.8,11.06-21.07,22.04-42.19,33.15-63.24,1.07-2.03.99-3.14-.68-4.83-29.16-29.42-42.22-64.9-39.15-106.14,4.08-54.76,45.14-103.07,98.65-116.56,4.93-1.24,8.63.56,9.64,4.68.94,3.85-1.39,7.11-6.27,8.42-28.84,7.73-51.8,23.84-68.64,48.49-41.35,60.56-17.4,145.12,49.54,175.15,72.43,32.49,155.11-12.57,167.02-91.02,9.05-59.6-28.79-117.12-87.14-132.45-.65-.17-1.3-.36-1.94-.57-3.82-1.28-5.84-4.52-5-7.99.89-3.72,4.33-6.15,8.27-4.88,8.63,2.78,17.51,5.23,25.55,9.29,41.72,21.05,67.11,54.74,73.57,101.09,6,43.05-7.16,80.54-37.54,111.75-2.21,2.27-2.39,3.74-.94,6.46,11.05,20.83,21.92,41.74,32.82,62.65,2.42,4.63,1.63,8.72-2.39,10.28-2,.78-4.65.7-6.79.15-13.26-3.41-26.45-7.07-39.66-10.65-2.36-.64-4.73-1.25-7.38-1.95-3.11,8.66-6.15,17.08-9.16,25.5-2.38,6.66-4.51,13.41-7.21,19.94-1.04,2.51-3.32,4.51-5.04,6.74h-4.05c-1.72-1.98-3.91-3.71-5.1-5.97-12.32-23.29-24.48-46.66-36.69-70.01-.59-1.13-1.22-2.24-2.05-3.75-.89,1.62-1.49,2.68-2.06,3.76-12.21,23.35-24.37,46.72-36.69,70-1.19,2.26-3.38,3.99-5.1,5.97h-4.05ZM89.73,311.76c12.11-3.3,23.34-6.37,34.56-9.42,11.37-3.09,12.07-2.71,16.05,8.45,3.87,10.83,7.75,21.65,11.91,33.29,10.18-19.47,20.01-38.26,30-57.37-24.44-2.96-46.13-11.69-65.65-26.36-8.95,17.11-17.71,33.87-26.88,51.4ZM277.3,260.34c-19.68,14.8-41.32,23.45-65.64,26.4,10,19.11,19.84,37.92,30.01,57.36,4.7-13.19,9.07-25.55,13.51-37.89,1.77-4.91,4.69-6.44,9.72-5.14,5.1,1.33,10.18,2.76,15.26,4.13,7.74,2.09,15.49,4.17,23.97,6.46-9.12-17.44-17.88-34.2-26.84-51.33Z\"><\/path><path class=\"cls-1\" d=\"M295.85,154.94c-.02,54.48-44.42,98.82-98.92,98.8-54.5-.02-98.94-44.45-98.87-98.85.07-54.52,44.45-98.85,98.92-98.84,54.47.01,98.89,44.44,98.87,98.89ZM282.37,154.87c-.09-47.09-38.41-85.35-85.45-85.33-47.03.02-85.4,38.43-85.36,85.43.05,47.06,38.38,85.32,85.45,85.29,47.09-.03,85.45-38.4,85.36-85.38Z\"><\/path><path class=\"cls-1\" d=\"M196.8,35.79c-3.72-.09-6.74-3.34-6.55-7.05.18-3.59,3.29-6.48,6.88-6.39,3.72.09,6.74,3.34,6.55,7.05-.18,3.59-3.3,6.48-6.88,6.39Z\"><\/path><path class=\"cls-1\" d=\"M161.19,190.97c.73-4.76,1.51-10.43,2.5-16.06.64-3.6-.03-6.54-2.8-9.14-3.76-3.54-7.26-7.35-10.93-10.99-3.51-3.48-4.82-7.59-3.31-12.3,1.48-4.59,4.9-7.08,9.64-7.84,5.1-.81,10.18-1.74,15.29-2.45,3.64-.51,6.16-2.2,7.77-5.6,2.2-4.66,4.68-9.2,7.06-13.78,2.25-4.35,5.7-6.9,10.72-6.83,4.86.07,8.2,2.6,10.39,6.83,2.31,4.49,4.81,8.89,6.9,13.48,1.74,3.82,4.56,5.5,8.59,6,5.01.63,9.97,1.61,14.95,2.44,4.63.76,7.88,3.32,9.3,7.76,1.46,4.55.31,8.63-3.08,12.06-3.79,3.83-7.49,7.76-11.39,11.49-2.44,2.34-3.2,5-2.66,8.22.83,4.98,1.55,9.98,2.38,14.96.81,4.9-.11,9.26-4.26,12.34-4.23,3.14-8.71,2.94-13.3.52-4.46-2.36-9.06-4.45-13.51-6.82-3.06-1.63-5.88-1.62-8.94,0-4.95,2.63-9.94,5.23-15.05,7.52-8.08,3.63-16.49-2.09-16.24-11.8ZM161.32,147.74c3.62,3.41,6.76,6.25,9.77,9.23,5.45,5.38,7.28,11.91,5.98,19.42-.68,3.94-1.19,7.92-1.85,12.45,3.95-1.96,7.41-3.52,10.73-5.36,7.41-4.11,14.72-4.03,22.12.01,3.31,1.81,6.75,3.37,10.63,5.29-.62-4.32-1.02-8.1-1.73-11.82-1.55-8.03.49-14.84,6.39-20.55,2.87-2.77,5.59-5.7,8.63-8.81-7.72-2.21-15.73-1.37-22.26-6.01-6.65-4.73-8.28-12.8-12.76-19.26-4.42,6.4-6.04,14.35-12.52,19.09-6.54,4.77-14.54,4.07-23.11,6.33Z\"><\/path><\/svg>\t\t\t\t<\/span>\n\t\t\t<\/div>\n\t\t\t\n\t\t\t\t\t\t<div class=\"elementor-icon-box-content\">\n\n\t\t\t\t\t\t\t\t\t<span class=\"elementor-icon-box-title\">\n\t\t\t\t\t\t<span  >\n\t\t\t\t\t\t\tMany years of experience in the energy sector\t\t\t\t\t\t<\/span>\n\t\t\t\t\t<\/span>\n\t\t\t\t\n\t\t\t\t\t\t\t\t\t<p class=\"elementor-icon-box-description\">\n\t\t\t\t\t\tWith many years of experience in the energy sector, we have the necessary expertise to successfully realise even the most challenging projects. Our long-standing presence on the market is a guarantee of quality and reliability.\t\t\t\t\t<\/p>\n\t\t\t\t\n\t\t\t<\/div>\n\t\t\t\n\t\t<\/div>\n\t\t\t\t\t\t<\/div>\n\t\t\t\t<\/div>\n\t\t\t\t<\/div>\n\t\t<div class=\"elementor-element elementor-element-70be826 e-con-full e-flex elementor-invisible e-con e-child\" data-id=\"70be826\" data-element_type=\"container\" data-e-type=\"container\" data-settings=\"{&quot;background_background&quot;:&quot;classic&quot;,&quot;animation&quot;:&quot;fadeIn&quot;,&quot;animation_delay&quot;:250}\">\n\t\t\t\t<div class=\"elementor-element elementor-element-2b14f04 elementor-widget__width-initial elementor-view-default elementor-position-block-start elementor-mobile-position-block-start elementor-widget elementor-widget-icon-box\" data-id=\"2b14f04\" data-element_type=\"widget\" data-e-type=\"widget\" data-widget_type=\"icon-box.default\">\n\t\t\t\t<div class=\"elementor-widget-container\">\n\t\t\t\t\t\t\t<div class=\"elementor-icon-box-wrapper\">\n\n\t\t\t\t\t\t<div class=\"elementor-icon-box-icon\">\n\t\t\t\t<span  class=\"elementor-icon\">\n\t\t\t\t<svg xmlns=\"http:\/\/www.w3.org\/2000\/svg\" id=\"Ebene_1\" data-name=\"Ebene 1\" viewbox=\"0 0 394 390\"><defs><style>      .cls-1 {        fill: #000;        stroke-width: 0px;      }    <\/style><\/defs><path class=\"cls-1\" d=\"M94.89,6.55c5.64,0,11.29,0,16.93,0,2.78.36,5.55.76,8.33,1.08,25.59,2.98,49.61,11.1,72.64,22.34,3.03,1.48,5.41,1.57,8.49.06,18.52-9.11,37.8-16.16,58.13-20.01,7.19-1.36,14.46-2.33,21.69-3.47,6.62,0,13.25,0,19.87,0,3.26.49,6.53.93,9.78,1.47,29.92,4.94,52.62,19.88,65.81,47.79,10.22,21.62,9.89,44.56,7.1,67.45-2.94,24.17-11.34,46.82-22.06,68.6-1.16,2.37-.91,4.17.09,6.5,4.55,10.56,9.27,21.08,13.14,31.9,9.49,26.51,13.18,53.88,8.41,81.75-4.6,26.88-18.63,47.73-43.26,60.49-22.74,11.77-47.01,12.71-71.73,9.05-23.84-3.53-46.3-11.48-67.87-22.04-2.32-1.14-4.13-1.13-6.49-.04-7.89,3.64-15.79,7.33-23.92,10.36-27.77,10.34-56.22,16.49-86.06,12.07-19.72-2.92-37.16-10.69-51.03-25.37-17.01-18-23.44-40.11-24.04-64.23-.57-22.98,4.42-45.02,12.12-66.52.84-2.35.73-3.74-1.25-5.61-12.59-11.88-14.56-31.07-4.78-44.92,2.16-3.07,5.89-5.86,6.31-9.11.45-3.48-2.25-7.33-3.39-11.08-7.76-25.5-12.25-51.38-6.77-77.93,7.29-35.34,28.2-58.25,63.57-67.1,6.62-1.66,13.48-2.35,20.24-3.49ZM63.8,223.83c16.5,24.65,35.51,46.7,56.93,66.71,22.24,20.77,46.44,38.83,73.27,53.27,1.28.69,3.3,1.48,4.3.95,7.41-3.96,14.64-8.25,21.94-12.44-4.94-11.72-4.78-22.63,1.34-33.58,3.26,1.96,6.26,3.76,9.22,5.53-5.41,14.62-2.53,25.9,8.18,32.62,9.48,5.95,21.87,4.5,29.74-3.47,7.86-7.96,9.15-20.39,3.06-29.78-3.04-4.69-7.21-8.02-12.53-9.73-7.98-2.57-15.42-1.08-22.38,3.65-2.31-3.04-4.41-5.81-6.55-8.63,5.68-4.3,11.63-6.62,18.28-7.16,9.58-.78,18.1,1.99,25.53,7.92.51-.36.84-.54,1.1-.79,28.28-26.72,52.29-56.76,70.96-90.99,1.12-2.05,1.37-3.64.08-5.72-5.81-9.37-11.13-19.06-17.3-28.18-6.92-10.22-14.58-19.95-21.89-29.86-16.05,8.59-31.08,8.45-44.01-3.97-13.57-13.02-13.97-28.53-5.49-44.67-.32-.36-.53-.66-.8-.89-17.75-14.81-36.72-27.81-57-38.93-2.17-1.19-3.75-.79-5.73.29-41.55,22.68-76.82,52.93-107.05,89.16-8.21,9.84-15.67,20.3-23.09,29.97,4.23,4.98,7.87,9.26,11.78,13.87-4.11,2.04-7.23,3.59-10.28,5.1-8.41-12.14-19.95-16.08-31.35-11.03-10.47,4.64-16.12,16.03-13.57,27.33,2.49,10.98,12.71,18.9,23.91,18.48,5.71-.21,10.8-2.11,15.1-5.9,5.99-5.28,8.47-12.09,8.27-20.13,3.72-.32,7.17-.63,10.85-.95.77,13.56-4.43,23.78-14.84,31.92ZM210.08,37.59c18.86,13.14,37.4,26.06,56.21,39.17,11.88-8.11,24.81-9.24,38.66-1.86-1.98,3.34-3.77,6.34-5.51,9.28-14.69-5.55-26.26-2.47-32.88,8.53-5.96,9.92-3.91,22.75,4.87,30.41,8.56,7.47,21.61,7.76,30.49.66,10.06-8.03,11.67-20.03,4.34-33.62,2.72-2.12,5.48-4.27,8.31-6.47.49.53.85.85,1.13,1.24.5.69,1,1.4,1.41,2.15,6.87,12.3,6.79,24.57-.56,36.59-1.48,2.43-1.25,3.72.4,5.93,9.1,12.16,18.06,24.43,26.82,36.84,3.57,5.06,6.53,10.56,10.09,16.39,2.5-5.98,4.96-11.44,7.07-17.03,9.44-25,15.34-50.56,12.91-77.6-3.51-39.14-31.18-66.63-70.32-69.99-22.41-1.92-43.98,1.79-65.11,8.71-9.72,3.19-19.18,7.19-28.35,10.67ZM185.35,38.17c-8.29-3.31-15.56-6.51-23.03-9.14-24.99-8.81-50.46-13.91-77.17-10.05-35.82,5.19-61.13,31.79-64.67,67.84-1.92,19.58.44,38.62,5.72,57.42,1.67,5.94,3.66,11.8,5.15,16.57,6.89-.12,12.87-.68,18.74-.12,2.97.28,4.3-.32,5.85-2.62,20.21-29.97,44.34-56.43,71.88-79.79,17.61-14.93,36.38-28.22,57.52-40.1ZM31.91,227.97c-1.03,2.94-2.01,5.56-2.87,8.22-7.57,23.47-11.92,47.34-7.7,72.03,3.96,23.21,15.17,41.74,36.18,53.46,13.15,7.34,27.53,10.18,42.4,10.51,22.88.52,44.74-4.67,66.02-12.63,6.27-2.35,12.4-5.08,19.09-7.84-1.36-.84-2.07-1.3-2.8-1.72-33.52-19.32-63.11-43.55-89.43-71.83-13.64-14.66-26.11-30.25-37.36-46.83-.74-1.09-2.51-2.45-3.5-2.25-6.66,1.39-13.15,1-20.04-1.13ZM281.58,298.24c5.27,9.37,6.63,18.95,3.43,28.96-7.66,23.96-36.66,32.12-56.21,15.94-.9-.74-2.78-1.42-3.57-.98-5.21,2.88-10.25,6.07-15.91,9.5,5.33,2.25,10.1,4.42,14.98,6.31,25.74,9.98,52.1,16.56,80,13.57,23.97-2.57,43.97-12.39,57.37-33.24,8.94-13.91,12.32-29.52,12.76-45.8.54-20.21-3.41-39.73-10-58.73-3.07-8.86-6.71-17.53-10.42-27.13-19.67,34.89-43.99,64.68-72.43,91.6Z\"><\/path><path class=\"cls-1\" d=\"M117.83,252.19c0-8.61,0-16.68,0-24.75,0-16.63,7.09-26.04,23.01-30.55,10.48-2.97,20.95-5.98,31.46-8.83,2.27-.62,2.97-1.62,3.14-4.01.49-6.93-.37-12.59-6.51-17.6-6.47-5.29-9.83-13.31-10.06-21.8-.26-9.88-.82-20.02,1.01-29.62,3.51-18.36,21.68-31.07,39.84-29.45,19.79,1.76,34.84,16.54,35.82,35.95.45,8.89.31,17.92-.73,26.75-1.07,9.08-6.21,16.42-13.36,22.12-1.95,1.56-2.88,3.16-2.58,5.57.09.72.01,1.47.01,2.21q0,8.97,8.76,11.42c4.47,1.25,8.93,2.51,13.8,3.88-.99,3.53-1.93,6.87-2.97,10.58-6.85-1.9-13.45-3.61-19.96-5.61-2.17-.67-3.53-.29-5.22,1.15-9.55,8.1-22.83,8.1-32.3-.04-1.73-1.49-3.11-1.71-5.23-1.09-11.39,3.34-22.85,6.46-34.26,9.73-7.4,2.12-11.93,7.19-12.37,14.73-.56,9.51-.13,19.08-.13,28.92h19.78v-14.63h11.08v14.83h13.54v10.92h-66.61v-10.76h11.06ZM169.84,126.2c0,6.32-.49,12.22.1,18.01,1.22,12.08,11.46,22.13,23.24,23.52,13.32,1.57,25.47-5.56,29.71-17.66.46-1.31.17-3.42-.63-4.55-4.17-5.89-8.52-11.66-13.05-17.27-.97-1.19-2.96-2.16-4.5-2.19-10.64-.19-21.29-.1-31.94-.09-.95,0-1.9.14-2.94.22ZM171.55,114.93c11.96,0,23.58.23,35.18-.11,4.62-.13,7.82.9,10.25,5.04,1.95,3.34,4.66,6.24,7.41,9.82,1.98-16.09-7.27-29.65-21.45-32.52-13.65-2.76-28.08,5.23-31.39,17.77ZM186.74,178.54c-1.39,8.48-.78,11.64,3.12,13.93,4.96,2.91,10.01,2.89,14.88-.22,5.78-3.69,1.95-9.28,3.04-13.71h-21.04Z\"><\/path><path class=\"cls-1\" d=\"M276.45,252.07h11.06v10.93h-102.64v-10.75h49.48v-15.11h11.13v14.97c6.33,0,12.19.08,18.04-.11.65-.02,1.78-1.53,1.79-2.37.12-8.58.27-17.16-.01-25.73-.26-7.9-4.93-13.42-12.6-15.75-1.04-.32-2.06-.66-3.49-1.12.98-3.51,1.91-6.86,2.83-10.18,14.25,1.87,24.11,13.2,24.39,27.91.14,7.6.03,15.2.03,22.79,0,1.33,0,2.66,0,4.51Z\"><\/path><path class=\"cls-1\" d=\"M213.81,208.65c5.21,1.46,10.09,2.84,15.45,4.35-.97,3.57-1.89,6.92-2.9,10.63-5.18-1.47-10.15-2.87-15.55-4.4,1.02-3.62,1.96-6.94,2.99-10.58Z\"><\/path><path class=\"cls-1\" d=\"M38.44,189.62h10.66v10.62h-10.66v-10.62Z\"><\/path><path class=\"cls-1\" d=\"M247.61,229.64c-3.77-1.08-7.02-2.02-10.59-3.05,1.02-3.59,1.97-6.92,3-10.55,3.57,1,6.82,1.92,10.55,2.96-1,3.59-1.93,6.94-2.96,10.64Z\"><\/path><path class=\"cls-1\" d=\"M257.01,322h-10.57v-10.57h10.57v10.57Z\"><\/path><path class=\"cls-1\" d=\"M292.41,110.31h-10.54v-10.67h10.54v10.67Z\"><\/path><\/svg>\t\t\t\t<\/span>\n\t\t\t<\/div>\n\t\t\t\n\t\t\t\t\t\t<div class=\"elementor-icon-box-content\">\n\n\t\t\t\t\t\t\t\t\t<span class=\"elementor-icon-box-title\">\n\t\t\t\t\t\t<span  >\n\t\t\t\t\t\t\tEverything from a single source: planning, construction, logistics\t\t\t\t\t\t<\/span>\n\t\t\t\t\t<\/span>\n\t\t\t\t\n\t\t\t\t\t\t\t\t\t<p class=\"elementor-icon-box-description\">\n\t\t\t\t\t\tAt Faber E-Tec, you get everything from a single source. From the initial planning phase to construction and regular maintenance, we offer comprehensive services to ensure that your project is professionally managed from start to finish.\t\t\t\t\t<\/p>\n\t\t\t\t\n\t\t\t<\/div>\n\t\t\t\n\t\t<\/div>\n\t\t\t\t\t\t<\/div>\n\t\t\t\t<\/div>\n\t\t\t\t<\/div>\n\t\t<div class=\"elementor-element elementor-element-6e12f46 e-con-full e-flex elementor-invisible e-con e-child\" data-id=\"6e12f46\" data-element_type=\"container\" data-e-type=\"container\" data-settings=\"{&quot;background_background&quot;:&quot;classic&quot;,&quot;animation&quot;:&quot;fadeIn&quot;,&quot;animation_delay&quot;:500}\">\n\t\t\t\t<div class=\"elementor-element elementor-element-1d5a04b elementor-widget__width-initial elementor-view-default elementor-position-block-start elementor-mobile-position-block-start elementor-widget elementor-widget-icon-box\" data-id=\"1d5a04b\" data-element_type=\"widget\" data-e-type=\"widget\" data-widget_type=\"icon-box.default\">\n\t\t\t\t<div class=\"elementor-widget-container\">\n\t\t\t\t\t\t\t<div class=\"elementor-icon-box-wrapper\">\n\n\t\t\t\t\t\t<div class=\"elementor-icon-box-icon\">\n\t\t\t\t<span  class=\"elementor-icon\">\n\t\t\t\t<svg xmlns=\"http:\/\/www.w3.org\/2000\/svg\" id=\"Ebene_1\" data-name=\"Ebene 1\" viewbox=\"0 0 653 577\"><defs><style>      .cls-1 {        fill: #000;      }      .cls-1, .cls-2, .cls-3 {        stroke-width: 0px;      }      .cls-2 {        fill: #e42320;      }      .cls-3 {        fill: #ecd000;      }    <\/style><\/defs><path class=\"cls-2\" d=\"M63.6,384.1c-12.7-30.3-19.2-62.4-19.2-95.6s6.5-65.3,19.2-95.6c6.7-15.9,15-31,24.8-45h-46.6c-5.4,9.6-10.3,19.5-14.6,29.7-14.8,35.1-22.3,72.5-22.3,110.9s7.5,75.8,22.3,110.9c4.4,10.3,9.3,20.4,14.8,30.1h46.6c-9.9-14.1-18.3-29.3-25-45.4\"><\/path><path class=\"cls-1\" d=\"M399.1,25.9c-35-14.9-72.2-22.4-110.5-22.4s-75.5,7.5-110.5,22.4c-33.8,14.4-64.1,34.9-90.2,61.1-18.2,18.3-33.7,38.7-46.2,60.9h46.6c8.2-11.7,17.4-22.8,27.6-33,22.4-22.5,48.6-40.2,77.7-52.6,30.1-12.8,62.1-19.3,95.1-19.3s65,6.5,95.1,19.3c29.1,12.4,55.2,30.1,77.7,52.6,10.2,10.3,19.4,21.3,27.6,33h46.6c-12.5-22.2-28-42.6-46.2-60.9-26.1-26.2-56.4-46.7-90.2-61.1\"><\/path><path class=\"cls-3\" d=\"M461.4,462.1c-22.4,22.5-48.6,40.2-77.7,52.6-30.1,12.8-62.1,19.3-95.1,19.3s-65-6.5-95.1-19.3c-29.1-12.4-55.2-30.1-77.7-52.6-10.1-10.2-19.2-21.1-27.3-32.7h-46.6c12.5,22.1,27.9,42.3,46,60.5,26.1,26.2,56.4,46.7,90.2,61.1,35,14.9,72.2,22.4,110.5,22.4s75.5-7.5,110.5-22.4c33.8-14.4,64.1-34.9,90.2-61.1,18.1-18.2,33.5-38.5,46-60.5h-46.6c-8.1,11.6-17.2,22.5-27.3,32.7\"><\/path><polygon class=\"cls-1\" points=\"107.3 196.1 129.3 196.1 150.7 249.1 172 196.1 193.9 196.1 193.9 272.6 175.3 272.6 175.3 226.7 158.1 272.6 143.1 272.6 125.9 226.6 125.9 272.6 107.3 272.6 107.3 196.1\"><\/polygon><path class=\"cls-1\" d=\"M240.6,216.7l-9.4,28h18.9l-9.5-28ZM254.9,259.1h-28.5l-4.6,13.5h-19.5l27.7-76.5h21.6l27.7,76.5h-19.7l-4.6-13.5Z\"><\/path><path class=\"cls-1\" d=\"M315,256.5c14.1,0,22.3-8.1,22.3-22.1s-8.3-22.3-22.3-22.3h-8.8v44.4h8.8ZM356.3,234.4c0,22.7-15.7,38.2-40.1,38.2h-28.7v-76.5h28.7c24.4,0,40.1,15.5,40.1,38.2\"><\/path><polygon class=\"cls-1\" points=\"413.6 211 385.4 211 385.4 226.5 410.4 226.5 410.4 240.9 385.4 240.9 385.4 257.7 413.6 257.7 413.6 272.6 366.8 272.6 366.8 196.1 413.6 196.1 413.6 211\"><\/polygon><rect class=\"cls-1\" x=\"448.8\" y=\"196.1\" width=\"18.6\" height=\"76.5\"><\/rect><polygon class=\"cls-1\" points=\"549.4 196.1 549.4 272.6 530.8 272.6 499.6 225.4 499.6 272.6 481 272.6 481 196.1 499.6 196.1 530.8 243.5 530.8 196.1 549.4 196.1\"><\/polygon><path class=\"cls-1\" d=\"M178.6,328.4h-20.6c-2.8-5.1-8.1-7.8-15-7.8-12,0-19.9,8.5-19.9,21.8s8.1,22.4,21.5,22.4,15.7-4.9,18.5-13.5h-23.6v-13.7h40.5v17.3c-3.9,13.2-16.7,26.4-36.8,26.4s-39-16-39-38.9,16-39,38.9-39,31.6,9.4,35.6,25.1\"><\/path><polygon class=\"cls-1\" points=\"237.1 319.1 208.9 319.1 208.9 334.6 233.9 334.6 233.9 349 208.9 349 208.9 365.8 237.1 365.8 237.1 380.7 190.3 380.7 190.3 304.2 237.1 304.2 237.1 319.1\"><\/polygon><path class=\"cls-1\" d=\"M279.4,319.7h-11.6v19h11.6c7,0,10.2-3.6,10.2-9.6s-3.3-9.4-10.2-9.4M280.5,304.2c18.7,0,28.1,10.8,28.1,24.1s-5.2,18.6-17,22.1l17.6,30.3h-21l-15.9-28.9h-4.5v28.9h-18.6v-76.5h31.3Z\"><\/path><polygon class=\"cls-1\" points=\"320.3 304.2 342.3 304.2 363.7 357.2 385 304.2 406.9 304.2 406.9 380.7 388.3 380.7 388.3 334.8 371.2 380.7 356.1 380.7 338.9 334.7 338.9 380.7 320.3 380.7 320.3 304.2\"><\/polygon><path class=\"cls-1\" d=\"M453.6,324.8l-9.4,28h18.9l-9.5-28ZM467.9,367.2h-28.5l-4.6,13.5h-19.5l27.7-76.5h21.6l27.7,76.5h-19.7l-4.6-13.5Z\"><\/path><polygon class=\"cls-1\" points=\"569 304.2 569 380.7 550.4 380.7 519.2 333.5 519.2 380.7 500.6 380.7 500.6 304.2 519.2 304.2 550.4 351.6 550.4 304.2 569 304.2\"><\/polygon><polygon class=\"cls-1\" points=\"576.5 304.2 597.7 304.2 612.5 336.2 627.2 304.2 648.1 304.2 621.6 355.4 621.6 380.7 603 380.7 603 355.4 576.5 304.2\"><\/polygon><\/svg>\t\t\t\t<\/span>\n\t\t\t<\/div>\n\t\t\t\n\t\t\t\t\t\t<div class=\"elementor-icon-box-content\">\n\n\t\t\t\t\t\t\t\t\t<span class=\"elementor-icon-box-title\">\n\t\t\t\t\t\t<span  >\n\t\t\t\t\t\t\tInternational standards from Germany\t\t\t\t\t\t<\/span>\n\t\t\t\t\t<\/span>\n\t\t\t\t\n\t\t\t\t\t\t\t\t\t<p class=\"elementor-icon-box-description\">\n\t\t\t\t\t\tOur products and services fulfil international standards. This combination enables us to offer you customised solutions that meet both global and specific local requirements.\t\t\t\t\t<\/p>\n\t\t\t\t\n\t\t\t<\/div>\n\t\t\t\n\t\t<\/div>\n\t\t\t\t\t\t<\/div>\n\t\t\t\t<\/div>\n\t\t\t\t<\/div>\n\t\t\t\t<\/div>\n\t\t\t\t\t<\/div>\n\t\t\t\t<\/div>\n\t\t<div class=\"elementor-element elementor-element-86605e7 moreproducts e-flex e-con-boxed e-con e-parent\" data-id=\"86605e7\" data-element_type=\"container\" data-e-type=\"container\" data-settings=\"{&quot;background_background&quot;:&quot;classic&quot;}\">\n\t\t\t\t\t<div class=\"e-con-inner\">\n\t\t<div class=\"elementor-element elementor-element-c65e823 e-con-full e-flex e-con e-child\" data-id=\"c65e823\" data-element_type=\"container\" data-e-type=\"container\">\n\t\t\t\t<div class=\"elementor-element elementor-element-508bf62 elementor-widget elementor-widget-heading\" data-id=\"508bf62\" data-element_type=\"widget\" data-e-type=\"widget\" data-widget_type=\"heading.default\">\n\t\t\t\t<div class=\"elementor-widget-container\">\n\t\t\t\t\t<h2 class=\"elementor-heading-title elementor-size-default\">FAQ - Frequently asked questions about compact stations<\/h2>\t\t\t\t<\/div>\n\t\t\t\t<\/div>\n\t\t\t\t<div class=\"elementor-element elementor-element-dc7ca4c elementor-widget elementor-widget-text-editor\" data-id=\"dc7ca4c\" data-element_type=\"widget\" data-e-type=\"widget\" data-widget_type=\"text-editor.default\">\n\t\t\t\t<div class=\"elementor-widget-container\">\n\t\t\t\t\t\t\t\t\t<p>Our customers often have questions about the details and requirements of our compact stations. Here you will find answers to the most frequently asked questions to help you make the right decision and ensure you get the best solution for your project.<\/p>\t\t\t\t\t\t\t\t<\/div>\n\t\t\t\t<\/div>\n\t\t\t\t<div class=\"elementor-element elementor-element-8f86f86 faqaccordion elementor-widget elementor-widget-n-accordion\" data-id=\"8f86f86\" data-element_type=\"widget\" data-e-type=\"widget\" data-settings=\"{&quot;default_state&quot;:&quot;all_collapsed&quot;,&quot;max_items_expended&quot;:&quot;one&quot;,&quot;n_accordion_animation_duration&quot;:{&quot;unit&quot;:&quot;ms&quot;,&quot;size&quot;:400,&quot;sizes&quot;:[]}}\" data-widget_type=\"nested-accordion.default\">\n\t\t\t\t<div class=\"elementor-widget-container\">\n\t\t\t\t\t\t\t<div class=\"e-n-accordion\" aria-label=\"Accordion. Open links with Enter or Space, close with Escape, and navigate with Arrow Keys\">\n\t\t\t\t\t\t<details id=\"e-n-accordion-item-1500\" class=\"e-n-accordion-item\" >\n\t\t\t\t<summary class=\"e-n-accordion-item-title\" data-accordion-index=\"1\" tabindex=\"0\" aria-expanded=\"false\" aria-controls=\"e-n-accordion-item-1500\" >\n\t\t\t\t\t<span class='e-n-accordion-item-title-header'><div class=\"e-n-accordion-item-title-text\">  What does a transformer compact station cost? <\/div><\/span>\n\t\t\t\t\t\t\t<span class='e-n-accordion-item-title-icon'>\n\t\t\t<span class='e-opened' ><i aria-hidden=\"true\" class=\"fas fa-minus\"><\/i><\/span>\n\t\t\t<span class='e-closed'><i aria-hidden=\"true\" class=\"fas fa-plus\"><\/i><\/span>\n\t\t<\/span>\n\n\t\t\t\t\t\t<\/summary>\n\t\t\t\t<div role=\"region\" aria-labelledby=\"e-n-accordion-item-1500\" class=\"elementor-element elementor-element-398ea1b e-con-full e-flex e-con e-child\" data-id=\"398ea1b\" data-element_type=\"container\" data-e-type=\"container\">\n\t\t\t\t<div class=\"elementor-element elementor-element-fb49d89 elementor-widget elementor-widget-text-editor\" data-id=\"fb49d89\" data-element_type=\"widget\" data-e-type=\"widget\" data-widget_type=\"text-editor.default\">\n\t\t\t\t<div class=\"elementor-widget-container\">\n\t\t\t\t\t\t\t\t\t<p>The <a href=\"https:\/\/faber-etec.de\/en\/compact-station\/#produktanfrage\" title=\"Compact station - Costs\">Costs<\/a> for a compact transformer station depend on various factors, such as the power capacity, the concrete construction of the transformer station, the individual requirements and the installation. To find out exact transformer station prices, we recommend requesting a non-binding quote. Simply fill in our <a href=\"https:\/\/faber-etec.de\/en\/request\/\" title=\"Enquiries - Online enquiry form\">Online enquiry form<\/a> and quickly receive a suitable offer.<\/p>\t\t\t\t\t\t\t\t<\/div>\n\t\t\t\t<\/div>\n\t\t\t\t<\/div>\n\t\t\t\t\t<\/details>\n\t\t\t\t\t\t<details id=\"e-n-accordion-item-1501\" class=\"e-n-accordion-item\" >\n\t\t\t\t<summary class=\"e-n-accordion-item-title\" data-accordion-index=\"2\" tabindex=\"-1\" aria-expanded=\"false\" aria-controls=\"e-n-accordion-item-1501\" >\n\t\t\t\t\t<span class='e-n-accordion-item-title-header'><div class=\"e-n-accordion-item-title-text\"> What are compact stations? <\/div><\/span>\n\t\t\t\t\t\t\t<span class='e-n-accordion-item-title-icon'>\n\t\t\t<span class='e-opened' ><i aria-hidden=\"true\" class=\"fas fa-minus\"><\/i><\/span>\n\t\t\t<span class='e-closed'><i aria-hidden=\"true\" class=\"fas fa-plus\"><\/i><\/span>\n\t\t<\/span>\n\n\t\t\t\t\t\t<\/summary>\n\t\t\t\t<div role=\"region\" aria-labelledby=\"e-n-accordion-item-1501\" class=\"elementor-element elementor-element-d64a479 e-con-full e-flex e-con e-child\" data-id=\"d64a479\" data-element_type=\"container\" data-e-type=\"container\">\n\t\t\t\t<div class=\"elementor-element elementor-element-9528451 elementor-widget elementor-widget-text-editor\" data-id=\"9528451\" data-element_type=\"widget\" data-e-type=\"widget\" data-widget_type=\"text-editor.default\">\n\t\t\t\t<div class=\"elementor-widget-container\">\n\t\t\t\t\t\t\t\t\t<p>Compact stations are space-saving, pre-configured stations that safely house transformers and other electrical components in a compact housing. These transformer compact stations are an efficient solution for power distribution as they are easy to transport and install. They are frequently used in applications such as photovoltaic systems, e-mobility and wind power.<\/p>\t\t\t\t\t\t\t\t<\/div>\n\t\t\t\t<\/div>\n\t\t\t\t<\/div>\n\t\t\t\t\t<\/details>\n\t\t\t\t\t\t<details id=\"e-n-accordion-item-1502\" class=\"e-n-accordion-item\" >\n\t\t\t\t<summary class=\"e-n-accordion-item-title\" data-accordion-index=\"3\" tabindex=\"-1\" aria-expanded=\"false\" aria-controls=\"e-n-accordion-item-1502\" >\n\t\t\t\t\t<span class='e-n-accordion-item-title-header'><div class=\"e-n-accordion-item-title-text\"> What is the difference between walk-in and non-walk-in compact stations? <\/div><\/span>\n\t\t\t\t\t\t\t<span class='e-n-accordion-item-title-icon'>\n\t\t\t<span class='e-opened' ><i aria-hidden=\"true\" class=\"fas fa-minus\"><\/i><\/span>\n\t\t\t<span class='e-closed'><i aria-hidden=\"true\" class=\"fas fa-plus\"><\/i><\/span>\n\t\t<\/span>\n\n\t\t\t\t\t\t<\/summary>\n\t\t\t\t<div role=\"region\" aria-labelledby=\"e-n-accordion-item-1502\" class=\"elementor-element elementor-element-055d639 e-con-full e-flex e-con e-child\" data-id=\"055d639\" data-element_type=\"container\" data-e-type=\"container\">\n\t\t\t\t<div class=\"elementor-element elementor-element-5b247f5 elementor-widget elementor-widget-text-editor\" data-id=\"5b247f5\" data-element_type=\"widget\" data-e-type=\"widget\" data-widget_type=\"text-editor.default\">\n\t\t\t\t<div class=\"elementor-widget-container\">\n\t\t\t\t\t\t\t\t\t<p>Walk-in compact stations offer sufficient space for technicians to carry out maintenance and repair work directly inside. They are ideal for larger projects that require regular maintenance. Non-walk-in compact stations are more compact and fully enclosed, making them space-saving and ideal for use in confined areas. They still offer full functionality and protection, but require less maintenance and are often more cost-effective.<\/p>\t\t\t\t\t\t\t\t<\/div>\n\t\t\t\t<\/div>\n\t\t\t\t<\/div>\n\t\t\t\t\t<\/details>\n\t\t\t\t\t\t<details id=\"e-n-accordion-item-1503\" class=\"e-n-accordion-item\" >\n\t\t\t\t<summary class=\"e-n-accordion-item-title\" data-accordion-index=\"4\" tabindex=\"-1\" aria-expanded=\"false\" aria-controls=\"e-n-accordion-item-1503\" >\n\t\t\t\t\t<span class='e-n-accordion-item-title-header'><div class=\"e-n-accordion-item-title-text\"> Which transformer stations are there? <\/div><\/span>\n\t\t\t\t\t\t\t<span class='e-n-accordion-item-title-icon'>\n\t\t\t<span class='e-opened' ><i aria-hidden=\"true\" class=\"fas fa-minus\"><\/i><\/span>\n\t\t\t<span class='e-closed'><i aria-hidden=\"true\" class=\"fas fa-plus\"><\/i><\/span>\n\t\t<\/span>\n\n\t\t\t\t\t\t<\/summary>\n\t\t\t\t<div role=\"region\" aria-labelledby=\"e-n-accordion-item-1503\" class=\"elementor-element elementor-element-3c50818 e-con-full e-flex e-con e-child\" data-id=\"3c50818\" data-element_type=\"container\" data-e-type=\"container\">\n\t\t\t\t<div class=\"elementor-element elementor-element-a9b2f9c elementor-widget elementor-widget-text-editor\" data-id=\"a9b2f9c\" data-element_type=\"widget\" data-e-type=\"widget\" data-widget_type=\"text-editor.default\">\n\t\t\t\t<div class=\"elementor-widget-container\">\n\t\t\t\t\t\t\t\t\t<p>There are various <a href=\"https:\/\/faber-etec.de\/en\/products\/\" title=\"Products - Types of transformer stations\">Types of transformer stations<\/a> for example, walk-in and non-walk-in compact stations, depending on the application and requirements. These include compact stations, transformer stations in concrete construction, and special transformer compact stations and container stations for photovoltaics, e-mobility or wind power. Each type of transformer station offers specific advantages and can be customised to suit individual projects.<\/p>\t\t\t\t\t\t\t\t<\/div>\n\t\t\t\t<\/div>\n\t\t\t\t<\/div>\n\t\t\t\t\t<\/details>\n\t\t\t\t\t\t<details id=\"e-n-accordion-item-1504\" class=\"e-n-accordion-item\" >\n\t\t\t\t<summary class=\"e-n-accordion-item-title\" data-accordion-index=\"5\" tabindex=\"-1\" aria-expanded=\"false\" aria-controls=\"e-n-accordion-item-1504\" >\n\t\t\t\t\t<span class='e-n-accordion-item-title-header'><div class=\"e-n-accordion-item-title-text\"> What are the requirements for the installation? <\/div><\/span>\n\t\t\t\t\t\t\t<span class='e-n-accordion-item-title-icon'>\n\t\t\t<span class='e-opened' ><i aria-hidden=\"true\" class=\"fas fa-minus\"><\/i><\/span>\n\t\t\t<span class='e-closed'><i aria-hidden=\"true\" class=\"fas fa-plus\"><\/i><\/span>\n\t\t<\/span>\n\n\t\t\t\t\t\t<\/summary>\n\t\t\t\t<div role=\"region\" aria-labelledby=\"e-n-accordion-item-1504\" class=\"elementor-element elementor-element-916762a e-con-full e-flex e-con e-child\" data-id=\"916762a\" data-element_type=\"container\" data-e-type=\"container\">\n\t\t\t\t<div class=\"elementor-element elementor-element-5597c07 elementor-widget elementor-widget-text-editor\" data-id=\"5597c07\" data-element_type=\"widget\" data-e-type=\"widget\" data-widget_type=\"text-editor.default\">\n\t\t\t\t<div class=\"elementor-widget-container\">\n\t\t\t\t\t\t\t\t\t<p>The installation of a compact station requires careful planning and preparation. The most important requirements include the availability of a suitable location, compliance with local building regulations and ensuring stable ground conditions. In addition, electrical connections must be prepared and all necessary permits obtained. Our team will support you every step of the way to ensure that the installation runs smoothly.<\/p>\t\t\t\t\t\t\t\t<\/div>\n\t\t\t\t<\/div>\n\t\t\t\t<\/div>\n\t\t\t\t\t<\/details>\n\t\t\t\t\t\t<details id=\"e-n-accordion-item-1505\" class=\"e-n-accordion-item\" >\n\t\t\t\t<summary class=\"e-n-accordion-item-title\" data-accordion-index=\"6\" tabindex=\"-1\" aria-expanded=\"false\" aria-controls=\"e-n-accordion-item-1505\" >\n\t\t\t\t\t<span class='e-n-accordion-item-title-header'><div class=\"e-n-accordion-item-title-text\"> How long does a concrete building last? <\/div><\/span>\n\t\t\t\t\t\t\t<span class='e-n-accordion-item-title-icon'>\n\t\t\t<span class='e-opened' ><i aria-hidden=\"true\" class=\"fas fa-minus\"><\/i><\/span>\n\t\t\t<span class='e-closed'><i aria-hidden=\"true\" class=\"fas fa-plus\"><\/i><\/span>\n\t\t<\/span>\n\n\t\t\t\t\t\t<\/summary>\n\t\t\t\t<div role=\"region\" aria-labelledby=\"e-n-accordion-item-1505\" class=\"elementor-element elementor-element-7f42b3d e-con-full e-flex e-con e-child\" data-id=\"7f42b3d\" data-element_type=\"container\" data-e-type=\"container\">\n\t\t\t\t<div class=\"elementor-element elementor-element-ba37280 elementor-widget elementor-widget-text-editor\" data-id=\"ba37280\" data-element_type=\"widget\" data-e-type=\"widget\" data-widget_type=\"text-editor.default\">\n\t\t\t\t<div class=\"elementor-widget-container\">\n\t\t\t\t\t\t\t\t\t<p>Concrete construction, as used for transformer stations and compact stations, is extremely durable. As a rule, the service life of concrete transformer stations is several decades, often between 40 and 60 years. Maintenance and regular inspections can further extend this service life.<\/p>\t\t\t\t\t\t\t\t<\/div>\n\t\t\t\t<\/div>\n\t\t\t\t<\/div>\n\t\t\t\t\t<\/details>\n\t\t\t\t\t\t<details id=\"e-n-accordion-item-1506\" class=\"e-n-accordion-item\" >\n\t\t\t\t<summary class=\"e-n-accordion-item-title\" data-accordion-index=\"7\" tabindex=\"-1\" aria-expanded=\"false\" aria-controls=\"e-n-accordion-item-1506\" >\n\t\t\t\t\t<span class='e-n-accordion-item-title-header'><div class=\"e-n-accordion-item-title-text\"> How long does delivery and installation take? <\/div><\/span>\n\t\t\t\t\t\t\t<span class='e-n-accordion-item-title-icon'>\n\t\t\t<span class='e-opened' ><i aria-hidden=\"true\" class=\"fas fa-minus\"><\/i><\/span>\n\t\t\t<span class='e-closed'><i aria-hidden=\"true\" class=\"fas fa-plus\"><\/i><\/span>\n\t\t<\/span>\n\n\t\t\t\t\t\t<\/summary>\n\t\t\t\t<div role=\"region\" aria-labelledby=\"e-n-accordion-item-1506\" class=\"elementor-element elementor-element-e863605 e-con-full e-flex e-con e-child\" data-id=\"e863605\" data-element_type=\"container\" data-e-type=\"container\">\n\t\t\t\t<div class=\"elementor-element elementor-element-c3ee84f elementor-widget elementor-widget-text-editor\" data-id=\"c3ee84f\" data-element_type=\"widget\" data-e-type=\"widget\" data-widget_type=\"text-editor.default\">\n\t\t\t\t<div class=\"elementor-widget-container\">\n\t\t\t\t\t\t\t\t\t<p>The delivery and installation time of a compact station can vary depending on the scope of the project and specific requirements. As a rule, delivery takes from 28 weeks after the order is placed. On-site installation can be completed in a few days depending on the complexity of the project. We will work closely with you to ensure that your schedule is met.<\/p>\t\t\t\t\t\t\t\t<\/div>\n\t\t\t\t<\/div>\n\t\t\t\t<\/div>\n\t\t\t\t\t<\/details>\n\t\t\t\t\t\t<details id=\"e-n-accordion-item-1507\" class=\"e-n-accordion-item\" >\n\t\t\t\t<summary class=\"e-n-accordion-item-title\" data-accordion-index=\"8\" tabindex=\"-1\" aria-expanded=\"false\" aria-controls=\"e-n-accordion-item-1507\" >\n\t\t\t\t\t<span class='e-n-accordion-item-title-header'><div class=\"e-n-accordion-item-title-text\"> How dangerous are transformer stations? <\/div><\/span>\n\t\t\t\t\t\t\t<span class='e-n-accordion-item-title-icon'>\n\t\t\t<span class='e-opened' ><i aria-hidden=\"true\" class=\"fas fa-minus\"><\/i><\/span>\n\t\t\t<span class='e-closed'><i aria-hidden=\"true\" class=\"fas fa-plus\"><\/i><\/span>\n\t\t<\/span>\n\n\t\t\t\t\t\t<\/summary>\n\t\t\t\t<div role=\"region\" aria-labelledby=\"e-n-accordion-item-1507\" class=\"elementor-element elementor-element-50140f4 e-con-full e-flex e-con e-child\" data-id=\"50140f4\" data-element_type=\"container\" data-e-type=\"container\">\n\t\t\t\t<div class=\"elementor-element elementor-element-d1b92df elementor-widget elementor-widget-text-editor\" data-id=\"d1b92df\" data-element_type=\"widget\" data-e-type=\"widget\" data-widget_type=\"text-editor.default\">\n\t\t\t\t<div class=\"elementor-widget-container\">\n\t\t\t\t\t\t\t\t\t<p>Transformer stations are generally safe as long as they are properly installed and maintained. Modern concrete transformer stations offer robust protection against external influences and contribute to safety. The risk to the public is minimised as the system and transformer are housed in a secure compact station that meets strict safety standards.<\/p>\t\t\t\t\t\t\t\t<\/div>\n\t\t\t\t<\/div>\n\t\t\t\t<\/div>\n\t\t\t\t\t<\/details>\n\t\t\t\t\t\t<details id=\"e-n-accordion-item-1508\" class=\"e-n-accordion-item\" >\n\t\t\t\t<summary class=\"e-n-accordion-item-title\" data-accordion-index=\"9\" tabindex=\"-1\" aria-expanded=\"false\" aria-controls=\"e-n-accordion-item-1508\" >\n\t\t\t\t\t<span class='e-n-accordion-item-title-header'><div class=\"e-n-accordion-item-title-text\"> Are transformer stations buildings? <\/div><\/span>\n\t\t\t\t\t\t\t<span class='e-n-accordion-item-title-icon'>\n\t\t\t<span class='e-opened' ><i aria-hidden=\"true\" class=\"fas fa-minus\"><\/i><\/span>\n\t\t\t<span class='e-closed'><i aria-hidden=\"true\" class=\"fas fa-plus\"><\/i><\/span>\n\t\t<\/span>\n\n\t\t\t\t\t\t<\/summary>\n\t\t\t\t<div role=\"region\" aria-labelledby=\"e-n-accordion-item-1508\" class=\"elementor-element elementor-element-f1b4abe e-con-full e-flex e-con e-child\" data-id=\"f1b4abe\" data-element_type=\"container\" data-e-type=\"container\">\n\t\t\t\t<div class=\"elementor-element elementor-element-086a52a elementor-widget elementor-widget-text-editor\" data-id=\"086a52a\" data-element_type=\"widget\" data-e-type=\"widget\" data-widget_type=\"text-editor.default\">\n\t\t\t\t<div class=\"elementor-widget-container\">\n\t\t\t\t\t\t\t\t\t<p>Yes, transformer stations can be considered as buildings, especially if they are constructed in concrete. They provide a protected space for transformers and other electrical components. Compact substations are a space-saving variant that combines all the important elements in a compact, enclosed structure.<\/p>\t\t\t\t\t\t\t\t<\/div>\n\t\t\t\t<\/div>\n\t\t\t\t<\/div>\n\t\t\t\t\t<\/details>\n\t\t\t\t\t<\/div>\n\t\t\t\t\t\n\t\t\t\t\t\t\t<\/div>\n\t\t\t\t<\/div>\n\t\t\t\t<\/div>\n\t\t<div class=\"elementor-element elementor-element-37906b5 e-con-full e-flex e-con e-child\" data-id=\"37906b5\" data-element_type=\"container\" data-e-type=\"container\" id=\"kontaktieren\">\n\t\t\t\t<div class=\"elementor-element elementor-element-72b6685 elementor-invisible elementor-widget elementor-widget-heading\" data-id=\"72b6685\" data-element_type=\"widget\" data-e-type=\"widget\" data-settings=\"{&quot;_animation&quot;:&quot;fadeInUp&quot;}\" data-widget_type=\"heading.default\">\n\t\t\t\t<div class=\"elementor-widget-container\">\n\t\t\t\t\t<h3 class=\"elementor-heading-title elementor-size-default\">Contact us today<\/h3>\t\t\t\t<\/div>\n\t\t\t\t<\/div>\n\t\t\t\t<div class=\"elementor-element elementor-element-b32bfcc elementor-widget elementor-widget-heading\" data-id=\"b32bfcc\" data-element_type=\"widget\" data-e-type=\"widget\" data-widget_type=\"heading.default\">\n\t\t\t\t<div class=\"elementor-widget-container\">\n\t\t\t\t\t<span class=\"elementor-heading-title elementor-size-default\">Contact us for your customised compact station and to drive your project forward<\/span>\t\t\t\t<\/div>\n\t\t\t\t<\/div>\n\t\t\t\t<div class=\"elementor-element elementor-element-bde03cb elementor-widget elementor-widget-text-editor\" data-id=\"bde03cb\" data-element_type=\"widget\" data-e-type=\"widget\" data-widget_type=\"text-editor.default\">\n\t\t\t\t<div class=\"elementor-widget-container\">\n\t\t\t\t\t\t\t\t\t<p>If you need a customised compact station for your project, we are your reliable partner. Our experts are on hand to help you select and configure the optimum solution.\u00a0<\/p>\t\t\t\t\t\t\t\t<\/div>\n\t\t\t\t<\/div>\n\t\t\t\t<div class=\"elementor-element elementor-element-b737bab elementor-align-center elementor-invisible elementor-widget elementor-widget-button\" data-id=\"b737bab\" data-element_type=\"widget\" data-e-type=\"widget\" data-settings=\"{&quot;_animation&quot;:&quot;bounceIn&quot;}\" data-widget_type=\"button.default\">\n\t\t\t\t<div class=\"elementor-widget-container\">\n\t\t\t\t\t\t\t\t\t<div class=\"elementor-button-wrapper\">\n\t\t\t\t\t<a class=\"elementor-button elementor-button-link elementor-size-sm\" href=\"mailto:anfrage@faber-etec.de\" title=\"Send enquiries by e-mail to anfrage@faber-etec.de\">\n\t\t\t\t\t\t<span class=\"elementor-button-content-wrapper\">\n\t\t\t\t\t\t<span class=\"elementor-button-icon\">\n\t\t\t\t<i aria-hidden=\"true\" class=\"fas fa-paper-plane\"><\/i>\t\t\t<\/span>\n\t\t\t\t\t\t\t\t\t<span class=\"elementor-button-text\">anfrage@faber-etec.de<\/span>\n\t\t\t\t\t<\/span>\n\t\t\t\t\t<\/a>\n\t\t\t\t<\/div>\n\t\t\t\t\t\t\t\t<\/div>\n\t\t\t\t<\/div>\n\t\t\t\t<\/div>\n\t\t<div class=\"elementor-element elementor-element-abbc109 e-con-full e-flex e-con e-child\" data-id=\"abbc109\" data-element_type=\"container\" data-e-type=\"container\">\n\t\t<div class=\"elementor-element elementor-element-db9d61f e-con-full e-flex e-con e-child\" data-id=\"db9d61f\" data-element_type=\"container\" data-e-type=\"container\" data-settings=\"{&quot;background_background&quot;:&quot;classic&quot;}\">\n\t\t<div class=\"elementor-element elementor-element-5572ae4 e-con-full e-flex e-con e-child\" data-id=\"5572ae4\" data-element_type=\"container\" data-e-type=\"container\">\n\t\t\t\t<div class=\"elementor-element elementor-element-ae9f2ad elementor-widget elementor-widget-image\" data-id=\"ae9f2ad\" data-element_type=\"widget\" data-e-type=\"widget\" data-widget_type=\"image.default\">\n\t\t\t\t<div class=\"elementor-widget-container\">\n\t\t\t\t\t\t\t\t\t\t\t\t\t\t\t\t<a href=\"https:\/\/faber-etec.de\/wp-content\/uploads\/sites\/3\/2024\/07\/Ansprechpartner-Dresden-Jonas-Kothy-Faber-E-Tec-EPC.jpg\" title=\"Contact Dresden Jonas Kothy Faber E Tec EPC.jpg - - \" data-elementor-open-lightbox=\"yes\" data-e-action-hash=\"#elementor-action%3Aaction%3Dlightbox%26settings%3DeyJpZCI6NzIyNiwidXJsIjoiaHR0cHM6XC9cL2ZhYmVyLWV0ZWMuZGVcL3dwLWNvbnRlbnRcL3VwbG9hZHNcL3NpdGVzXC8zXC8yMDI0XC8wN1wvQW5zcHJlY2hwYXJ0bmVyLURyZXNkZW4tSm9uYXMtS290aHktRmFiZXItRS1UZWMtRVBDLmpwZyJ9\">\n\t\t\t\t\t\t\t<img loading=\"lazy\" decoding=\"async\" width=\"300\" height=\"300\" src=\"https:\/\/faber-etec.de\/wp-content\/uploads\/sites\/3\/2024\/07\/Ansprechpartner-Dresden-Jonas-Kothy-Faber-E-Tec-EPC-300x300.jpg\" class=\"attachment-medium size-medium wp-image-7226\" alt=\"Contact Dresden Jonas Kothy for all questions about compact stations and transformer stations in concrete construction. As an expert for transformer compact stations, he is on hand to provide you with advice and solutions.\" srcset=\"https:\/\/faber-etec.de\/wp-content\/uploads\/sites\/3\/2024\/07\/Ansprechpartner-Dresden-Jonas-Kothy-Faber-E-Tec-EPC-300x300.jpg 300w, https:\/\/faber-etec.de\/wp-content\/uploads\/sites\/3\/2024\/07\/Ansprechpartner-Dresden-Jonas-Kothy-Faber-E-Tec-EPC-1024x1024.jpg 1024w, https:\/\/faber-etec.de\/wp-content\/uploads\/sites\/3\/2024\/07\/Ansprechpartner-Dresden-Jonas-Kothy-Faber-E-Tec-EPC-150x150.jpg 150w, https:\/\/faber-etec.de\/wp-content\/uploads\/sites\/3\/2024\/07\/Ansprechpartner-Dresden-Jonas-Kothy-Faber-E-Tec-EPC-768x768.jpg 768w, https:\/\/faber-etec.de\/wp-content\/uploads\/sites\/3\/2024\/07\/Ansprechpartner-Dresden-Jonas-Kothy-Faber-E-Tec-EPC-1536x1536.jpg 1536w, https:\/\/faber-etec.de\/wp-content\/uploads\/sites\/3\/2024\/07\/Ansprechpartner-Dresden-Jonas-Kothy-Faber-E-Tec-EPC-2048x2048.jpg 2048w, https:\/\/faber-etec.de\/wp-content\/uploads\/sites\/3\/2024\/07\/Ansprechpartner-Dresden-Jonas-Kothy-Faber-E-Tec-EPC-12x12.jpg 12w\" sizes=\"(max-width: 300px) 100vw, 300px\" title=\"Contact Dresden Jonas Kothy - Faber E-Tec - EPC\" \/>\t\t\t\t\t\t\t\t<\/a>\n\t\t\t\t\t\t\t\t\t\t\t\t\t\t\t<\/div>\n\t\t\t\t<\/div>\n\t\t\t\t<\/div>\n\t\t<div class=\"elementor-element elementor-element-098dc9c e-con-full e-flex e-con e-child\" data-id=\"098dc9c\" data-element_type=\"container\" data-e-type=\"container\">\n\t\t\t\t<div class=\"elementor-element elementor-element-961b823 elementor-widget elementor-widget-heading\" data-id=\"961b823\" data-element_type=\"widget\" data-e-type=\"widget\" data-widget_type=\"heading.default\">\n\t\t\t\t<div class=\"elementor-widget-container\">\n\t\t\t\t\t<span class=\"elementor-heading-title elementor-size-default\">Jonas Kothy<\/span>\t\t\t\t<\/div>\n\t\t\t\t<\/div>\n\t\t\t\t<div class=\"elementor-element elementor-element-d73da2a elementor-align-start elementor-widget__width-auto elementor-tablet_extra-align-center elementor-icon-list--layout-traditional elementor-list-item-link-full_width elementor-invisible elementor-widget elementor-widget-icon-list\" data-id=\"d73da2a\" data-element_type=\"widget\" data-e-type=\"widget\" data-settings=\"{&quot;_animation&quot;:&quot;fadeIn&quot;}\" data-widget_type=\"icon-list.default\">\n\t\t\t\t<div class=\"elementor-widget-container\">\n\t\t\t\t\t\t\t<ul class=\"elementor-icon-list-items\">\n\t\t\t\t\t\t\t<li class=\"elementor-icon-list-item\">\n\t\t\t\t\t\t\t\t\t\t\t<a  href=\"tel:+49035179995200\" title=\"+49035179995200 - Phone (+49) 0351 . 79995 200\">\n\n\t\t\t\t\t\t\t\t\t\t\t\t<span class=\"elementor-icon-list-icon\">\n\t\t\t\t\t\t\t<i aria-hidden=\"true\" class=\"fas fa-phone-alt\"><\/i>\t\t\t\t\t\t<\/span>\n\t\t\t\t\t\t\t\t\t\t<span class=\"elementor-icon-list-text\">Phone (+49) 0351 . 79995 200<\/span>\n\t\t\t\t\t\t\t\t\t\t\t<\/a>\n\t\t\t\t\t\t\t\t\t<\/li>\n\t\t\t\t\t\t\t\t<li class=\"elementor-icon-list-item\">\n\t\t\t\t\t\t\t\t\t\t\t<a  href=\"tel:+4952236570890\" title=\"+4952236570890 - Fax (+49) 05223 . 49 26 171\">\n\n\t\t\t\t\t\t\t\t\t\t\t\t<span class=\"elementor-icon-list-icon\">\n\t\t\t\t\t\t\t<i aria-hidden=\"true\" class=\"fas fa-fax\"><\/i>\t\t\t\t\t\t<\/span>\n\t\t\t\t\t\t\t\t\t\t<span class=\"elementor-icon-list-text\">Fax (+49) 05223 . 49 26 171<\/span>\n\t\t\t\t\t\t\t\t\t\t\t<\/a>\n\t\t\t\t\t\t\t\t\t<\/li>\n\t\t\t\t\t\t\t\t<li class=\"elementor-icon-list-item\">\n\t\t\t\t\t\t\t\t\t\t\t<a  href=\"mailto:dresden@faber-etec.de\" title=\"Dresden@faber Etec.de - dresden@faber-etec.de\">\n\n\t\t\t\t\t\t\t\t\t\t\t\t<span class=\"elementor-icon-list-icon\">\n\t\t\t\t\t\t\t<i aria-hidden=\"true\" class=\"fas fa-at\"><\/i>\t\t\t\t\t\t<\/span>\n\t\t\t\t\t\t\t\t\t\t<span class=\"elementor-icon-list-text\">dresden@faber-etec.de<\/span>\n\t\t\t\t\t\t\t\t\t\t\t<\/a>\n\t\t\t\t\t\t\t\t\t<\/li>\n\t\t\t\t\t\t<\/ul>\n\t\t\t\t\t\t<\/div>\n\t\t\t\t<\/div>\n\t\t\t\t<\/div>\n\t\t\t\t<\/div>\n\t\t<div class=\"elementor-element elementor-element-11eff89 e-con-full e-flex e-con e-child\" data-id=\"11eff89\" data-element_type=\"container\" data-e-type=\"container\" data-settings=\"{&quot;background_background&quot;:&quot;classic&quot;}\">\n\t\t<div class=\"elementor-element elementor-element-5ce20f3 e-con-full e-flex e-con e-child\" data-id=\"5ce20f3\" data-element_type=\"container\" data-e-type=\"container\">\n\t\t\t\t<div class=\"elementor-element elementor-element-561b2c2 elementor-widget elementor-widget-image\" data-id=\"561b2c2\" data-element_type=\"widget\" data-e-type=\"widget\" data-widget_type=\"image.default\">\n\t\t\t\t<div class=\"elementor-widget-container\">\n\t\t\t\t\t\t\t\t\t\t\t\t\t\t\t\t<a href=\"https:\/\/faber-etec.de\/wp-content\/uploads\/sites\/3\/2024\/07\/Ansprechpartner-Buende-Hermann-Kromm-Faber-E-Tec-EPC.jpg\" title=\"Contact Buende Hermann Kromm Faber E Tec EPC.jpg - - \" data-elementor-open-lightbox=\"yes\" data-e-action-hash=\"#elementor-action%3Aaction%3Dlightbox%26settings%3DeyJpZCI6NzIyNSwidXJsIjoiaHR0cHM6XC9cL2ZhYmVyLWV0ZWMuZGVcL3dwLWNvbnRlbnRcL3VwbG9hZHNcL3NpdGVzXC8zXC8yMDI0XC8wN1wvQW5zcHJlY2hwYXJ0bmVyLUJ1ZW5kZS1IZXJtYW5uLUtyb21tLUZhYmVyLUUtVGVjLUVQQy5qcGcifQ%3D%3D\">\n\t\t\t\t\t\t\t<img loading=\"lazy\" decoding=\"async\" width=\"300\" height=\"300\" src=\"https:\/\/faber-etec.de\/wp-content\/uploads\/sites\/3\/2024\/07\/Ansprechpartner-Buende-Hermann-Kromm-Faber-E-Tec-EPC-300x300.jpg\" class=\"attachment-medium size-medium wp-image-7225\" alt=\"Contact B\u00fcnde Hermann Kromm - Faber E-Tec - EPC, expert for compact stations, transformer stations and concrete construction transformer station. He offers comprehensive advice on transformer compact stations and customised solutions in the EPC sector.\" srcset=\"https:\/\/faber-etec.de\/wp-content\/uploads\/sites\/3\/2024\/07\/Ansprechpartner-Buende-Hermann-Kromm-Faber-E-Tec-EPC-300x300.jpg 300w, https:\/\/faber-etec.de\/wp-content\/uploads\/sites\/3\/2024\/07\/Ansprechpartner-Buende-Hermann-Kromm-Faber-E-Tec-EPC-1024x1024.jpg 1024w, https:\/\/faber-etec.de\/wp-content\/uploads\/sites\/3\/2024\/07\/Ansprechpartner-Buende-Hermann-Kromm-Faber-E-Tec-EPC-150x150.jpg 150w, https:\/\/faber-etec.de\/wp-content\/uploads\/sites\/3\/2024\/07\/Ansprechpartner-Buende-Hermann-Kromm-Faber-E-Tec-EPC-768x768.jpg 768w, https:\/\/faber-etec.de\/wp-content\/uploads\/sites\/3\/2024\/07\/Ansprechpartner-Buende-Hermann-Kromm-Faber-E-Tec-EPC-1536x1536.jpg 1536w, https:\/\/faber-etec.de\/wp-content\/uploads\/sites\/3\/2024\/07\/Ansprechpartner-Buende-Hermann-Kromm-Faber-E-Tec-EPC-2048x2048.jpg 2048w, https:\/\/faber-etec.de\/wp-content\/uploads\/sites\/3\/2024\/07\/Ansprechpartner-Buende-Hermann-Kromm-Faber-E-Tec-EPC-12x12.jpg 12w\" sizes=\"(max-width: 300px) 100vw, 300px\" title=\"Contact B\u00fcnde Hermann Kromm - Faber E-Tec - EPC, expert for compact stations, transformer stations and concrete construction transformer station. He offers comprehensive advice on transformer compact stations and customised solutions in the EPC sector.\" \/>\t\t\t\t\t\t\t\t<\/a>\n\t\t\t\t\t\t\t\t\t\t\t\t\t\t\t<\/div>\n\t\t\t\t<\/div>\n\t\t\t\t<\/div>\n\t\t<div class=\"elementor-element elementor-element-cfc8a87 e-con-full e-flex e-con e-child\" data-id=\"cfc8a87\" data-element_type=\"container\" data-e-type=\"container\">\n\t\t\t\t<div class=\"elementor-element elementor-element-1d9372a elementor-widget elementor-widget-heading\" data-id=\"1d9372a\" data-element_type=\"widget\" data-e-type=\"widget\" data-widget_type=\"heading.default\">\n\t\t\t\t<div class=\"elementor-widget-container\">\n\t\t\t\t\t<span class=\"elementor-heading-title elementor-size-default\">Hermann Kromm <\/span>\t\t\t\t<\/div>\n\t\t\t\t<\/div>\n\t\t\t\t<div class=\"elementor-element elementor-element-e15d565 elementor-align-start elementor-widget__width-auto elementor-tablet_extra-align-center elementor-icon-list--layout-traditional elementor-list-item-link-full_width elementor-invisible elementor-widget elementor-widget-icon-list\" data-id=\"e15d565\" data-element_type=\"widget\" data-e-type=\"widget\" data-settings=\"{&quot;_animation&quot;:&quot;fadeIn&quot;}\" data-widget_type=\"icon-list.default\">\n\t\t\t\t<div class=\"elementor-widget-container\">\n\t\t\t\t\t\t\t<ul class=\"elementor-icon-list-items\">\n\t\t\t\t\t\t\t<li class=\"elementor-icon-list-item\">\n\t\t\t\t\t\t\t\t\t\t\t<a  href=\"tel:+4952236570890\" title=\"+4952236570890 - Phone (+49) 05223 . 65708 90\">\n\n\t\t\t\t\t\t\t\t\t\t\t\t<span class=\"elementor-icon-list-icon\">\n\t\t\t\t\t\t\t<i aria-hidden=\"true\" class=\"fas fa-phone-alt\"><\/i>\t\t\t\t\t\t<\/span>\n\t\t\t\t\t\t\t\t\t\t<span class=\"elementor-icon-list-text\">Phone (+49) 05223 . 65708 90<\/span>\n\t\t\t\t\t\t\t\t\t\t\t<\/a>\n\t\t\t\t\t\t\t\t\t<\/li>\n\t\t\t\t\t\t\t\t<li class=\"elementor-icon-list-item\">\n\t\t\t\t\t\t\t\t\t\t\t<a  href=\"tel:+4952236570890\" title=\"+4952236570890 - Fax (+49) 05223 . 49 26 171\">\n\n\t\t\t\t\t\t\t\t\t\t\t\t<span class=\"elementor-icon-list-icon\">\n\t\t\t\t\t\t\t<i aria-hidden=\"true\" class=\"fas fa-fax\"><\/i>\t\t\t\t\t\t<\/span>\n\t\t\t\t\t\t\t\t\t\t<span class=\"elementor-icon-list-text\">Fax (+49) 05223 . 49 26 171<\/span>\n\t\t\t\t\t\t\t\t\t\t\t<\/a>\n\t\t\t\t\t\t\t\t\t<\/li>\n\t\t\t\t\t\t\t\t<li class=\"elementor-icon-list-item\">\n\t\t\t\t\t\t\t\t\t\t\t<a  href=\"mailto:info@faber-etec.de\" title=\"Info@faber Etec.de - info@faber-etec.de\">\n\n\t\t\t\t\t\t\t\t\t\t\t\t<span class=\"elementor-icon-list-icon\">\n\t\t\t\t\t\t\t<i aria-hidden=\"true\" class=\"fas fa-at\"><\/i>\t\t\t\t\t\t<\/span>\n\t\t\t\t\t\t\t\t\t\t<span class=\"elementor-icon-list-text\">info@faber-etec.de<\/span>\n\t\t\t\t\t\t\t\t\t\t\t<\/a>\n\t\t\t\t\t\t\t\t\t<\/li>\n\t\t\t\t\t\t<\/ul>\n\t\t\t\t\t\t<\/div>\n\t\t\t\t<\/div>\n\t\t\t\t<\/div>\n\t\t\t\t<\/div>\n\t\t\t\t<\/div>\n\t\t<div class=\"elementor-element elementor-element-f2b2315 e-con-full e-flex e-con e-child\" data-id=\"f2b2315\" data-element_type=\"container\" data-e-type=\"container\">\n\t\t<div class=\"elementor-element elementor-element-ca60552 e-con-full e-flex elementor-invisible e-con e-child\" data-id=\"ca60552\" data-element_type=\"container\" data-e-type=\"container\" data-settings=\"{&quot;background_background&quot;:&quot;classic&quot;,&quot;animation&quot;:&quot;fadeIn&quot;}\">\n\t\t\t\t<div class=\"elementor-element elementor-element-1b2da59 elementor-widget elementor-widget-heading\" data-id=\"1b2da59\" data-element_type=\"widget\" data-e-type=\"widget\" data-widget_type=\"heading.default\">\n\t\t\t\t<div class=\"elementor-widget-container\">\n\t\t\t\t\t<span class=\"elementor-heading-title elementor-size-default\">Request a non-binding offer<\/span>\t\t\t\t<\/div>\n\t\t\t\t<\/div>\n\t\t\t\t<div class=\"elementor-element elementor-element-0822308 elementor-widget elementor-widget-text-editor\" data-id=\"0822308\" data-element_type=\"widget\" data-e-type=\"widget\" data-widget_type=\"text-editor.default\">\n\t\t\t\t<div class=\"elementor-widget-container\">\n\t\t\t\t\t\t\t\t\t<p>We would be happy to provide you with a non-binding offer for your customised compact transformer station (transfer &amp; transformer station, solar station, e-mobility). Let us know your requirements and we will develop a solution that is perfectly tailored to your needs. Fast, transparent and without obligation.<\/p>\t\t\t\t\t\t\t\t<\/div>\n\t\t\t\t<\/div>\n\t\t\t\t<div class=\"elementor-element elementor-element-399d542 elementor-align-left elementor-invisible elementor-widget elementor-widget-button\" data-id=\"399d542\" data-element_type=\"widget\" data-e-type=\"widget\" data-settings=\"{&quot;_animation&quot;:&quot;fadeIn&quot;,&quot;_animation_delay&quot;:300}\" data-widget_type=\"button.default\">\n\t\t\t\t<div class=\"elementor-widget-container\">\n\t\t\t\t\t\t\t\t\t<div class=\"elementor-button-wrapper\">\n\t\t\t\t\t<a class=\"elementor-button elementor-button-link elementor-size-sm\" href=\"https:\/\/faber-etec.de\/en\/request\/\" title=\"Request a non-binding offer\">\n\t\t\t\t\t\t<span class=\"elementor-button-content-wrapper\">\n\t\t\t\t\t\t<span class=\"elementor-button-icon\">\n\t\t\t\t<i aria-hidden=\"true\" class=\"fas fa-angle-right\"><\/i>\t\t\t<\/span>\n\t\t\t\t\t\t\t\t\t<span class=\"elementor-button-text\">Send product enquiry<\/span>\n\t\t\t\t\t<\/span>\n\t\t\t\t\t<\/a>\n\t\t\t\t<\/div>\n\t\t\t\t\t\t\t\t<\/div>\n\t\t\t\t<\/div>\n\t\t\t\t<\/div>\n\t\t<div class=\"elementor-element elementor-element-6abdb71 e-con-full e-flex elementor-invisible e-con e-child\" data-id=\"6abdb71\" data-element_type=\"container\" data-e-type=\"container\" data-settings=\"{&quot;background_background&quot;:&quot;classic&quot;,&quot;animation&quot;:&quot;fadeIn&quot;,&quot;animation_delay&quot;:250}\">\n\t\t\t\t<div class=\"elementor-element elementor-element-ea1f867 elementor-widget elementor-widget-heading\" data-id=\"ea1f867\" data-element_type=\"widget\" data-e-type=\"widget\" data-widget_type=\"heading.default\">\n\t\t\t\t<div class=\"elementor-widget-container\">\n\t\t\t\t\t<span class=\"elementor-heading-title elementor-size-default\">Personalised advice from our experts<\/span>\t\t\t\t<\/div>\n\t\t\t\t<\/div>\n\t\t\t\t<div class=\"elementor-element elementor-element-6ca259c elementor-widget elementor-widget-text-editor\" data-id=\"6ca259c\" data-element_type=\"widget\" data-e-type=\"widget\" data-widget_type=\"text-editor.default\">\n\t\t\t\t<div class=\"elementor-widget-container\">\n\t\t\t\t\t\t\t\t\t<p>Our experienced experts are on hand with help and advice.\u00a0<span style=\"color: var( --e-global-color-text ); background-color: var( --e-global-color-7e9e78dd ); text-align: var(--text-align);\">Whether it's technical details, planning or installation - we offer you personalised advice that takes your specific requirements into account and develops the best solutions for your project.<\/span><\/p>\t\t\t\t\t\t\t\t<\/div>\n\t\t\t\t<\/div>\n\t\t\t\t<div class=\"elementor-element elementor-element-d599583 elementor-align-left elementor-invisible elementor-widget elementor-widget-button\" data-id=\"d599583\" data-element_type=\"widget\" data-e-type=\"widget\" data-settings=\"{&quot;_animation&quot;:&quot;fadeIn&quot;,&quot;_animation_delay&quot;:300}\" data-widget_type=\"button.default\">\n\t\t\t\t<div class=\"elementor-widget-container\">\n\t\t\t\t\t\t\t\t\t<div class=\"elementor-button-wrapper\">\n\t\t\t\t\t<a class=\"elementor-button elementor-button-link elementor-size-sm\" href=\"https:\/\/faber-etec.de\/en\/contact\/\" title=\"Personalised advice from our experts - Concrete construction transformer station\">\n\t\t\t\t\t\t<span class=\"elementor-button-content-wrapper\">\n\t\t\t\t\t\t<span class=\"elementor-button-icon\">\n\t\t\t\t<i aria-hidden=\"true\" class=\"fas fa-angle-right\"><\/i>\t\t\t<\/span>\n\t\t\t\t\t\t\t\t\t<span class=\"elementor-button-text\">Get in touch with us<\/span>\n\t\t\t\t\t<\/span>\n\t\t\t\t\t<\/a>\n\t\t\t\t<\/div>\n\t\t\t\t\t\t\t\t<\/div>\n\t\t\t\t<\/div>\n\t\t\t\t<\/div>\n\t\t<div class=\"elementor-element elementor-element-2211471 e-con-full e-flex elementor-invisible e-con e-child\" data-id=\"2211471\" data-element_type=\"container\" data-e-type=\"container\" data-settings=\"{&quot;background_background&quot;:&quot;classic&quot;,&quot;animation&quot;:&quot;fadeIn&quot;,&quot;animation_delay&quot;:50}\">\n\t\t\t\t<div class=\"elementor-element elementor-element-1b0d854 elementor-widget elementor-widget-heading\" data-id=\"1b0d854\" data-element_type=\"widget\" data-e-type=\"widget\" data-widget_type=\"heading.default\">\n\t\t\t\t<div class=\"elementor-widget-container\">\n\t\t\t\t\t<span class=\"elementor-heading-title elementor-size-default\">Visit our online configuration page<\/span>\t\t\t\t<\/div>\n\t\t\t\t<\/div>\n\t\t\t\t<div class=\"elementor-element elementor-element-4cc53cf elementor-widget elementor-widget-text-editor\" data-id=\"4cc53cf\" data-element_type=\"widget\" data-e-type=\"widget\" data-widget_type=\"text-editor.default\">\n\t\t\t\t<div class=\"elementor-widget-container\">\n\t\t\t\t\t\t\t\t\t<p>Use our <a href=\"https:\/\/faber-etec.de\/en\/request\/\" title=\"Enquiries - Online configuration page\">Online configuration page<\/a>to design your compact station according to your wishes. With just a few clicks, you can customise the specifications and find a solution that fits your project perfectly. Try it out and design your customised compact station.<\/p>\t\t\t\t\t\t\t\t<\/div>\n\t\t\t\t<\/div>\n\t\t\t\t<div class=\"elementor-element elementor-element-9550862 elementor-align-left elementor-invisible elementor-widget elementor-widget-button\" data-id=\"9550862\" data-element_type=\"widget\" data-e-type=\"widget\" data-settings=\"{&quot;_animation&quot;:&quot;fadeIn&quot;,&quot;_animation_delay&quot;:300}\" data-widget_type=\"button.default\">\n\t\t\t\t<div class=\"elementor-widget-container\">\n\t\t\t\t\t\t\t\t\t<div class=\"elementor-button-wrapper\">\n\t\t\t\t\t<a class=\"elementor-button elementor-button-link elementor-size-sm\" href=\"https:\/\/faber-etec.de\/en\/request\/\" title=\"Concrete construction transformer station online configuration page\">\n\t\t\t\t\t\t<span class=\"elementor-button-content-wrapper\">\n\t\t\t\t\t\t<span class=\"elementor-button-icon\">\n\t\t\t\t<i aria-hidden=\"true\" class=\"fas fa-angle-right\"><\/i>\t\t\t<\/span>\n\t\t\t\t\t\t\t\t\t<span class=\"elementor-button-text\">Configure &amp; order<\/span>\n\t\t\t\t\t<\/span>\n\t\t\t\t\t<\/a>\n\t\t\t\t<\/div>\n\t\t\t\t\t\t\t\t<\/div>\n\t\t\t\t<\/div>\n\t\t\t\t<\/div>\n\t\t\t\t<\/div>\n\t\t\t\t\t<\/div>\n\t\t\t\t<\/div>\n\t\t\t\t<\/div>","protected":false},"excerpt":{"rendered":"<p>Was ist eine Kompaktstation? Definition und Funktionen der Kompaktstation Eine Kompaktstation, auch als kompakte Trafostation bekannt, ist eine platzsparende L\u00f6sung zur Umwandlung von Mittelspannung in Niederspannung, die f\u00fcr die Energieversorgung von Geb\u00e4uden, Industrieanlagen und Infrastrukturen essenziell ist. Diese Stationen integrieren Transformator, Schaltanlage und Niederspannungsverteilung in einem kompakten Geh\u00e4use, wodurch sie besonders f\u00fcr Anwendungen mit begrenztem [&hellip;]<\/p>\n","protected":false},"author":2,"featured_media":13656,"parent":0,"menu_order":0,"comment_status":"closed","ping_status":"closed","template":"","meta":{"_acf_changed":false,"footnotes":""},"class_list":["post-12233","page","type-page","status-publish","has-post-thumbnail","hentry"],"acf":[],"_links":{"self":[{"href":"https:\/\/faber-etec.de\/en\/wp-json\/wp\/v2\/pages\/12233","targetHints":{"allow":["GET"]}}],"collection":[{"href":"https:\/\/faber-etec.de\/en\/wp-json\/wp\/v2\/pages"}],"about":[{"href":"https:\/\/faber-etec.de\/en\/wp-json\/wp\/v2\/types\/page"}],"author":[{"embeddable":true,"href":"https:\/\/faber-etec.de\/en\/wp-json\/wp\/v2\/users\/2"}],"replies":[{"embeddable":true,"href":"https:\/\/faber-etec.de\/en\/wp-json\/wp\/v2\/comments?post=12233"}],"version-history":[{"count":0,"href":"https:\/\/faber-etec.de\/en\/wp-json\/wp\/v2\/pages\/12233\/revisions"}],"wp:featuredmedia":[{"embeddable":true,"href":"https:\/\/faber-etec.de\/en\/wp-json\/wp\/v2\/media\/13656"}],"wp:attachment":[{"href":"https:\/\/faber-etec.de\/en\/wp-json\/wp\/v2\/media?parent=12233"}],"curies":[{"name":"wp","href":"https:\/\/api.w.org\/{rel}","templated":true}]}}