{"id":19437,"date":"2026-02-02T11:10:11","date_gmt":"2026-02-02T10:10:11","guid":{"rendered":"https:\/\/faber-etec.de\/?post_type=job&#038;p=19437"},"modified":"2026-02-13T15:56:07","modified_gmt":"2026-02-13T14:56:07","slug":"lagerist-m-w-d","status":"publish","type":"job","link":"https:\/\/faber-etec.de\/es\/job\/lagerist-m-w-d\/","title":{"rendered":"Empleado de almac\u00e9n (h\/m\/d)"},"content":{"rendered":"<div data-elementor-type=\"wp-post\" data-elementor-id=\"19437\" class=\"elementor elementor-19437\" data-elementor-post-type=\"job\">\n\t\t\t\t<div class=\"elementor-element elementor-element-79b29de e-flex e-con-boxed e-con e-parent\" data-id=\"79b29de\" data-element_type=\"container\" data-e-type=\"container\">\n\t\t\t\t\t<div class=\"e-con-inner\">\n\t\t\t\t<div class=\"elementor-element elementor-element-af20077 elementor-widget elementor-widget-heading\" data-id=\"af20077\" data-element_type=\"widget\" data-e-type=\"widget\" data-widget_type=\"heading.default\">\n\t\t\t\t<div class=\"elementor-widget-container\">\n\t\t\t\t\t<h2 class=\"elementor-heading-title elementor-size-default\">Se busca mozo de almac\u00e9n (h\/m\/d) - Carrera en Faber E-Tec GmbH en B\u00fcnde<\/h2>\t\t\t\t<\/div>\n\t\t\t\t<\/div>\n\t\t\t\t<div class=\"elementor-element elementor-element-3dee861 elementor-widget elementor-widget-heading\" data-id=\"3dee861\" data-element_type=\"widget\" data-e-type=\"widget\" data-widget_type=\"heading.default\">\n\t\t\t\t<div class=\"elementor-widget-container\">\n\t\t\t\t\t<h3 class=\"elementor-heading-title elementor-size-default\">Sobre nosotros: Faber E-Tec GmbH - Una empresa de r\u00e1pido crecimiento en tecnolog\u00eda el\u00e9ctrica y energ\u00e9tica<\/h3>\t\t\t\t<\/div>\n\t\t\t\t<\/div>\n\t\t\t\t<div class=\"elementor-element elementor-element-eba8beb elementor-widget elementor-widget-text-editor\" data-id=\"eba8beb\" data-element_type=\"widget\" data-e-type=\"widget\" data-widget_type=\"text-editor.default\">\n\t\t\t\t<div class=\"elementor-widget-container\">\n\t\t\t\t\t\t\t\t\t<p>Faber E-Tec GmbH es una empresa de r\u00e1pido crecimiento en el campo de la tecnolog\u00eda el\u00e9ctrica y energ\u00e9tica moderna. Somos sin\u00f3nimo de calidad, fiabilidad y soluciones innovadoras para nuestros clientes. Para reforzar nuestro equipo en B\u00fcnde, buscamos ahora un <strong>Empleado de almac\u00e9n (h\/m\/d)<\/strong>.<\/p>\t\t\t\t\t\t\t\t<\/div>\n\t\t\t\t<\/div>\n\t\t\t\t<div class=\"elementor-element elementor-element-2f5728f elementor-invisible elementor-widget elementor-widget-image\" data-id=\"2f5728f\" data-element_type=\"widget\" data-e-type=\"widget\" data-settings=\"{&quot;_animation&quot;:&quot;zoomIn&quot;}\" data-widget_type=\"image.default\">\n\t\t\t\t<div class=\"elementor-widget-container\">\n\t\t\t\t\t\t\t\t\t\t\t\t<figure class=\"wp-caption\">\n\t\t\t\t\t\t\t\t\t\t<img decoding=\"async\" src=\"https:\/\/faber-etec.de\/wp-content\/uploads\/sites\/3\/elementor\/thumbs\/Jobs-Lager-Buende-Fachkraft-fuer-Lagerlogistik-Lagermitarbeiter-Karriere-rik2yks4mi3z03l35oe1r9r548z55mqfqb6selq0a8.avif\" title=\"empleos-especialista-en-construccion-de-almacenes-logisticos-almacenes-carrera-de-empleado.avif\" alt=\"empleos-especialista-en-construccion-de-almacenes-logisticos-almacenes-carrera-de-empleado.avif\" loading=\"lazy\" \/>\t\t\t\t\t\t\t\t\t\t\t<figcaption class=\"widget-image-caption wp-caption-text\"><\/figcaption>\n\t\t\t\t\t\t\t\t\t\t<\/figure>\n\t\t\t\t\t\t\t\t\t<\/div>\n\t\t\t\t<\/div>\n\t\t\t\t<div class=\"elementor-element elementor-element-a811993 elementor-widget-divider--view-line elementor-widget elementor-widget-divider\" data-id=\"a811993\" data-element_type=\"widget\" data-e-type=\"widget\" data-widget_type=\"divider.default\">\n\t\t\t\t<div class=\"elementor-widget-container\">\n\t\t\t\t\t\t\t<div class=\"elementor-divider\">\n\t\t\t<span class=\"elementor-divider-separator\">\n\t\t\t\t\t\t<\/span>\n\t\t<\/div>\n\t\t\t\t\t\t<\/div>\n\t\t\t\t<\/div>\n\t\t\t\t<div class=\"elementor-element elementor-element-8db8889 elementor-widget elementor-widget-heading\" data-id=\"8db8889\" data-element_type=\"widget\" data-e-type=\"widget\" data-widget_type=\"heading.default\">\n\t\t\t\t<div class=\"elementor-widget-container\">\n\t\t\t\t\t<h3 class=\"elementor-heading-title elementor-size-default\">Sus tareas en el almac\u00e9n<\/h3>\t\t\t\t<\/div>\n\t\t\t\t<\/div>\n\t\t\t\t<div class=\"elementor-element elementor-element-e28c1bf elementor-widget elementor-widget-text-editor\" data-id=\"e28c1bf\" data-element_type=\"widget\" data-e-type=\"widget\" data-widget_type=\"text-editor.default\">\n\t\t\t\t<div class=\"elementor-widget-container\">\n\t\t\t\t\t\t\t\t\t<p>Como empleado de almac\u00e9n (h\/m\/d), ser\u00e1s una parte importante de nuestro equipo y garantizar\u00e1s que los procesos de nuestro almac\u00e9n se desarrollen sin problemas en todo momento. Desde la recepci\u00f3n de mercanc\u00edas hasta el control de existencias y el apoyo a los procesos log\u00edsticos, desempe\u00f1ar\u00e1s un papel activo para garantizar el orden, la eficiencia y la calidad en el almac\u00e9n.<\/p>\t\t\t\t\t\t\t\t<\/div>\n\t\t\t\t<\/div>\n\t\t\t\t<div class=\"elementor-element elementor-element-5fe89d6 elementor-align-start aufgabenliste elementor-icon-list--layout-traditional elementor-list-item-link-full_width elementor-widget elementor-widget-icon-list\" data-id=\"5fe89d6\" data-element_type=\"widget\" data-e-type=\"widget\" data-widget_type=\"icon-list.default\">\n\t\t\t\t<div class=\"elementor-widget-container\">\n\t\t\t\t\t\t\t<ul class=\"elementor-icon-list-items\">\n\t\t\t\t\t\t\t<li class=\"elementor-icon-list-item\">\n\t\t\t\t\t\t\t\t\t\t\t<span class=\"elementor-icon-list-icon\">\n\t\t\t\t\t\t\t<i aria-hidden=\"true\" class=\"fas fa-boxes\"><\/i>\t\t\t\t\t\t<\/span>\n\t\t\t\t\t\t\t\t\t\t<span class=\"elementor-icon-list-text\">Recepci\u00f3n, inspecci\u00f3n y almacenamiento de materiales y componentes<\/span>\n\t\t\t\t\t\t\t\t\t<\/li>\n\t\t\t\t\t\t\t\t<li class=\"elementor-icon-list-item\">\n\t\t\t\t\t\t\t\t\t\t\t<span class=\"elementor-icon-list-icon\">\n\t\t\t\t\t\t\t<i aria-hidden=\"true\" class=\"fas fa-users-cog\"><\/i>\t\t\t\t\t\t<\/span>\n\t\t\t\t\t\t\t\t\t\t<span class=\"elementor-icon-list-text\">Contribuir a la buena organizaci\u00f3n y al desarrollo de los procesos del almac\u00e9n.<\/span>\n\t\t\t\t\t\t\t\t\t<\/li>\n\t\t\t\t\t\t\t\t<li class=\"elementor-icon-list-item\">\n\t\t\t\t\t\t\t\t\t\t\t<span class=\"elementor-icon-list-icon\">\n\t\t\t\t\t\t\t<i aria-hidden=\"true\" class=\"fas fa-clipboard-check\"><\/i>\t\t\t\t\t\t<\/span>\n\t\t\t\t\t\t\t\t\t\t<span class=\"elementor-icon-list-text\">Control de existencias y inventario<\/span>\n\t\t\t\t\t\t\t\t\t<\/li>\n\t\t\t\t\t\t\t\t<li class=\"elementor-icon-list-item\">\n\t\t\t\t\t\t\t\t\t\t\t<span class=\"elementor-icon-list-icon\">\n\t\t\t\t\t\t\t<i aria-hidden=\"true\" class=\"fas fa-laptop\"><\/i>\t\t\t\t\t\t<\/span>\n\t\t\t\t\t\t\t\t\t\t<span class=\"elementor-icon-list-text\">Mantenimiento del sistema de gesti\u00f3n de mercanc\u00edas<\/span>\n\t\t\t\t\t\t\t\t\t<\/li>\n\t\t\t\t\t\t\t\t<li class=\"elementor-icon-list-item\">\n\t\t\t\t\t\t\t\t\t\t\t<span class=\"elementor-icon-list-icon\">\n\t\t\t\t\t\t\t<i aria-hidden=\"true\" class=\"fas fa-shield-alt\"><\/i>\t\t\t\t\t\t<\/span>\n\t\t\t\t\t\t\t\t\t\t<span class=\"elementor-icon-list-text\">Garantizar el orden y la limpieza en la zona de almacenamiento<\/span>\n\t\t\t\t\t\t\t\t\t<\/li>\n\t\t\t\t\t\t\t\t<li class=\"elementor-icon-list-item\">\n\t\t\t\t\t\t\t\t\t\t\t<span class=\"elementor-icon-list-icon\">\n\t\t\t\t\t\t\t<i aria-hidden=\"true\" class=\"fas fa-sliders-h\"><\/i>\t\t\t\t\t\t<\/span>\n\t\t\t\t\t\t\t\t\t\t<span class=\"elementor-icon-list-text\">Apoyo a los procesos log\u00edsticos y optimizaciones<\/span>\n\t\t\t\t\t\t\t\t\t<\/li>\n\t\t\t\t\t\t<\/ul>\n\t\t\t\t\t\t<\/div>\n\t\t\t\t<\/div>\n\t\t\t\t<div class=\"elementor-element elementor-element-1cde764 elementor-widget-divider--view-line elementor-widget elementor-widget-divider\" data-id=\"1cde764\" data-element_type=\"widget\" data-e-type=\"widget\" data-widget_type=\"divider.default\">\n\t\t\t\t<div class=\"elementor-widget-container\">\n\t\t\t\t\t\t\t<div class=\"elementor-divider\">\n\t\t\t<span class=\"elementor-divider-separator\">\n\t\t\t\t\t\t<\/span>\n\t\t<\/div>\n\t\t\t\t\t\t<\/div>\n\t\t\t\t<\/div>\n\t\t\t\t<div class=\"elementor-element elementor-element-1c3cd6b elementor-widget elementor-widget-heading\" data-id=\"1c3cd6b\" data-element_type=\"widget\" data-e-type=\"widget\" data-widget_type=\"heading.default\">\n\t\t\t\t<div class=\"elementor-widget-container\">\n\t\t\t\t\t<h3 class=\"elementor-heading-title elementor-size-default\">Tiene estas cualificaciones<\/h3>\t\t\t\t<\/div>\n\t\t\t\t<\/div>\n\t\t\t\t<div class=\"elementor-element elementor-element-6ee9031 elementor-align-start elementor-icon-list--layout-traditional elementor-list-item-link-full_width elementor-widget elementor-widget-icon-list\" data-id=\"6ee9031\" data-element_type=\"widget\" data-e-type=\"widget\" data-widget_type=\"icon-list.default\">\n\t\t\t\t<div class=\"elementor-widget-container\">\n\t\t\t\t\t\t\t<ul class=\"elementor-icon-list-items\">\n\t\t\t\t\t\t\t<li class=\"elementor-icon-list-item\">\n\t\t\t\t\t\t\t\t\t\t\t<span class=\"elementor-icon-list-icon\">\n\t\t\t\t\t\t\t<i aria-hidden=\"true\" class=\"fas fa-check\"><\/i>\t\t\t\t\t\t<\/span>\n\t\t\t\t\t\t\t\t\t\t<span class=\"elementor-icon-list-text\">Formaci\u00f3n completa como especialista en almac\u00e9n, especialista en log\u00edstica de almac\u00e9n o cualificaci\u00f3n comparable.<\/span>\n\t\t\t\t\t\t\t\t\t<\/li>\n\t\t\t\t\t\t\t\t<li class=\"elementor-icon-list-item\">\n\t\t\t\t\t\t\t\t\t\t\t<span class=\"elementor-icon-list-icon\">\n\t\t\t\t\t\t\t<i aria-hidden=\"true\" class=\"fas fa-check\"><\/i>\t\t\t\t\t\t<\/span>\n\t\t\t\t\t\t\t\t\t\t<span class=\"elementor-icon-list-text\">Se valorar\u00e1 la primera experiencia profesional en el sector de almac\u00e9n\/log\u00edstica<\/span>\n\t\t\t\t\t\t\t\t\t<\/li>\n\t\t\t\t\t\t\t\t<li class=\"elementor-icon-list-item\">\n\t\t\t\t\t\t\t\t\t\t\t<span class=\"elementor-icon-list-icon\">\n\t\t\t\t\t\t\t<i aria-hidden=\"true\" class=\"fas fa-check\"><\/i>\t\t\t\t\t\t<\/span>\n\t\t\t\t\t\t\t\t\t\t<span class=\"elementor-icon-list-text\">Carnet de carretilla elevadora deseable, pero no obligatorio<\/span>\n\t\t\t\t\t\t\t\t\t<\/li>\n\t\t\t\t\t\t\t\t<li class=\"elementor-icon-list-item\">\n\t\t\t\t\t\t\t\t\t\t\t<span class=\"elementor-icon-list-icon\">\n\t\t\t\t\t\t\t<i aria-hidden=\"true\" class=\"fas fa-check\"><\/i>\t\t\t\t\t\t<\/span>\n\t\t\t\t\t\t\t\t\t\t<span class=\"elementor-icon-list-text\">Forma de trabajar fiable, estructurada y cuidadosa<\/span>\n\t\t\t\t\t\t\t\t\t<\/li>\n\t\t\t\t\t\t\t\t<li class=\"elementor-icon-list-item\">\n\t\t\t\t\t\t\t\t\t\t\t<span class=\"elementor-icon-list-icon\">\n\t\t\t\t\t\t\t<i aria-hidden=\"true\" class=\"fas fa-check\"><\/i>\t\t\t\t\t\t<\/span>\n\t\t\t\t\t\t\t\t\t\t<span class=\"elementor-icon-list-text\">Capacidad para trabajar en equipo y compromiso<\/span>\n\t\t\t\t\t\t\t\t\t<\/li>\n\t\t\t\t\t\t\t\t<li class=\"elementor-icon-list-item\">\n\t\t\t\t\t\t\t\t\t\t\t<span class=\"elementor-icon-list-icon\">\n\t\t\t\t\t\t\t<i aria-hidden=\"true\" class=\"fas fa-check\"><\/i>\t\t\t\t\t\t<\/span>\n\t\t\t\t\t\t\t\t\t\t<span class=\"elementor-icon-list-text\">Conocimientos b\u00e1sicos de los sistemas inform\u00e1ticos habituales<\/span>\n\t\t\t\t\t\t\t\t\t<\/li>\n\t\t\t\t\t\t<\/ul>\n\t\t\t\t\t\t<\/div>\n\t\t\t\t<\/div>\n\t\t\t\t<div class=\"elementor-element elementor-element-c7132b5 elementor-widget elementor-widget-gallery\" data-id=\"c7132b5\" data-element_type=\"widget\" data-e-type=\"widget\" data-settings=\"{&quot;gallery_layout&quot;:&quot;justified&quot;,&quot;ideal_row_height&quot;:{&quot;unit&quot;:&quot;px&quot;,&quot;size&quot;:283,&quot;sizes&quot;:[]},&quot;lazyload&quot;:&quot;yes&quot;,&quot;ideal_row_height_laptop&quot;:{&quot;unit&quot;:&quot;px&quot;,&quot;size&quot;:150,&quot;sizes&quot;:[]},&quot;ideal_row_height_tablet_extra&quot;:{&quot;unit&quot;:&quot;px&quot;,&quot;size&quot;:150,&quot;sizes&quot;:[]},&quot;ideal_row_height_tablet&quot;:{&quot;unit&quot;:&quot;px&quot;,&quot;size&quot;:150,&quot;sizes&quot;:[]},&quot;ideal_row_height_mobile&quot;:{&quot;unit&quot;:&quot;px&quot;,&quot;size&quot;:150,&quot;sizes&quot;:[]},&quot;gap&quot;:{&quot;unit&quot;:&quot;px&quot;,&quot;size&quot;:10,&quot;sizes&quot;:[]},&quot;gap_laptop&quot;:{&quot;unit&quot;:&quot;px&quot;,&quot;size&quot;:10,&quot;sizes&quot;:[]},&quot;gap_tablet_extra&quot;:{&quot;unit&quot;:&quot;px&quot;,&quot;size&quot;:10,&quot;sizes&quot;:[]},&quot;gap_tablet&quot;:{&quot;unit&quot;:&quot;px&quot;,&quot;size&quot;:10,&quot;sizes&quot;:[]},&quot;gap_mobile&quot;:{&quot;unit&quot;:&quot;px&quot;,&quot;size&quot;:10,&quot;sizes&quot;:[]},&quot;overlay_background&quot;:&quot;yes&quot;,&quot;content_hover_animation&quot;:&quot;fade-in&quot;}\" data-widget_type=\"gallery.default\">\n\t\t\t\t<div class=\"elementor-widget-container\">\n\t\t\t\t\t\t\t<div class=\"elementor-gallery__container\">\n\t\t\t\t\t\t\t<div class=\"e-gallery-item elementor-gallery-item elementor-animated-content\">\n\t\t\t\t\t<div class=\"e-gallery-image elementor-gallery-item__image\" data-thumbnail=\"https:\/\/faber-etec.de\/wp-content\/uploads\/sites\/3\/elementor\/thumbs\/Faber-Solar-Novo-Tech-3-scaled-1-rik2ylps44u0dvcrebe5rjjmrykyag42wjli433u10.jpg\" data-width=\"400\" data-height=\"250\" aria-label=\"\" role=\"img\" ><\/div>\n\t\t\t\t\t\t\t\t\t\t\t<div class=\"elementor-gallery-item__overlay\"><\/div>\n\t\t\t\t\t\t\t\t\t\t\t\t\t\t<\/div>\n\t\t\t\t\t\t\t<div class=\"e-gallery-item elementor-gallery-item elementor-animated-content\">\n\t\t\t\t\t<div class=\"e-gallery-image elementor-gallery-item__image\" data-thumbnail=\"https:\/\/faber-etec.de\/wp-content\/uploads\/sites\/3\/elementor\/thumbs\/LichtBlick-Ennigerloh-DSC07767-rik2ykrxxasq29e4jszj71s66kpl2r0ckey0mt5878.jpg\" data-width=\"400\" data-height=\"250\" aria-label=\"\" role=\"img\" ><\/div>\n\t\t\t\t\t\t\t\t\t\t\t<div class=\"elementor-gallery-item__overlay\"><\/div>\n\t\t\t\t\t\t\t\t\t\t\t\t\t\t<\/div>\n\t\t\t\t\t<\/div>\n\t\t\t\t\t<\/div>\n\t\t\t\t<\/div>\n\t\t\t\t<div class=\"elementor-element elementor-element-6a57f0d elementor-widget-divider--view-line elementor-widget elementor-widget-divider\" data-id=\"6a57f0d\" data-element_type=\"widget\" data-e-type=\"widget\" data-widget_type=\"divider.default\">\n\t\t\t\t<div class=\"elementor-widget-container\">\n\t\t\t\t\t\t\t<div class=\"elementor-divider\">\n\t\t\t<span class=\"elementor-divider-separator\">\n\t\t\t\t\t\t<\/span>\n\t\t<\/div>\n\t\t\t\t\t\t<\/div>\n\t\t\t\t<\/div>\n\t\t\t\t<div class=\"elementor-element elementor-element-721ffee elementor-widget elementor-widget-heading\" data-id=\"721ffee\" data-element_type=\"widget\" data-e-type=\"widget\" data-widget_type=\"heading.default\">\n\t\t\t\t<div class=\"elementor-widget-container\">\n\t\t\t\t\t<h4 class=\"elementor-heading-title elementor-size-default\">Solicita ahora el puesto de Mozo de almac\u00e9n (h\/m\/d) en B\u00fcnde<\/h4>\t\t\t\t<\/div>\n\t\t\t\t<\/div>\n\t\t\t\t<div class=\"elementor-element elementor-element-1950302 elementor-widget elementor-widget-text-editor\" data-id=\"1950302\" data-element_type=\"widget\" data-e-type=\"widget\" data-widget_type=\"text-editor.default\">\n\t\t\t\t<div class=\"elementor-widget-container\">\n\t\t\t\t\t\t\t\t\t<p>Forme parte de una empresa de r\u00e1pido crecimiento en el campo de la tecnolog\u00eda el\u00e9ctrica y energ\u00e9tica, con proyectos innovadores y un ambiente familiar. Presente su candidatura aqu\u00ed en s\u00f3lo 2 minutos.<\/p>\t\t\t\t\t\t\t\t<\/div>\n\t\t\t\t<\/div>\n\t\t\t\t\t<\/div>\n\t\t\t\t<\/div>\n\t\t\t\t<\/div>","protected":false},"excerpt":{"rendered":"<p>Buscamos personal de apoyo activo para nuestro almac\u00e9n de B\u00fcnde. Si te gusta el trabajo en equipo, la responsabilidad y las tareas emocionantes, \u00a1has llegado al lugar adecuado!<\/p>","protected":false},"featured_media":19456,"menu_order":0,"template":"","meta":{"_acf_changed":false,"footnotes":""},"job-benefits":[76,77,78,79],"job-type":[80],"job-contact":[],"job-industry":[81,93],"-job-education_requirements":[82],"job-experience_requirements":[83],"job-skills":[94,95],"job-base_salary":[],"job-worklocation":[],"job-category":[85],"job-incentive_compensation":[],"job-qualifications":[86,96],"job-location":[87],"job-seo":[88,97],"job-responsibilities":[89,90],"job-vertragsart":[91,92],"class_list":["post-19437","job","type-job","status-publish","has-post-thumbnail","hentry","job-benefits-arbeits-und-schutzkleidung","job-benefits-attraktive-verguetung","job-benefits-berufliche-weiterbildungen","job-benefits-beruflicher-aufstieg","job-type-vollzeit","job-industry-industrie","job-industry-produktion","-job-education_requirements-lagerlogistik","job-experience_requirements-berufserfahrung-im-lager-oder-logistikbereich","job-skills-ms-office","job-skills-projektmanagement","job-category-einkauf-logistik","job-qualifications-abgeschlossene-ausbildung","job-qualifications-staplerschein","job-location-buende-nrw","job-seo-elektroniker-pv-anlagen","job-seo-job-lagerist","job-responsibilities-optimierungsmassnahmen","job-responsibilities-warenannahme","job-vertragsart-feste-anstellung","job-vertragsart-unbefristet"],"acf":[],"_links":{"self":[{"href":"https:\/\/faber-etec.de\/es\/wp-json\/wp\/v2\/job\/19437","targetHints":{"allow":["GET"]}}],"collection":[{"href":"https:\/\/faber-etec.de\/es\/wp-json\/wp\/v2\/job"}],"about":[{"href":"https:\/\/faber-etec.de\/es\/wp-json\/wp\/v2\/types\/job"}],"version-history":[{"count":9,"href":"https:\/\/faber-etec.de\/es\/wp-json\/wp\/v2\/job\/19437\/revisions"}],"predecessor-version":[{"id":19604,"href":"https:\/\/faber-etec.de\/es\/wp-json\/wp\/v2\/job\/19437\/revisions\/19604"}],"wp:featuredmedia":[{"embeddable":true,"href":"https:\/\/faber-etec.de\/es\/wp-json\/wp\/v2\/media\/19456"}],"wp:attachment":[{"href":"https:\/\/faber-etec.de\/es\/wp-json\/wp\/v2\/media?parent=19437"}],"wp:term":[{"taxonomy":"job-benefits","embeddable":true,"href":"https:\/\/faber-etec.de\/es\/wp-json\/wp\/v2\/job-benefits?post=19437"},{"taxonomy":"job-type","embeddable":true,"href":"https:\/\/faber-etec.de\/es\/wp-json\/wp\/v2\/job-type?post=19437"},{"taxonomy":"job-contact","embeddable":true,"href":"https:\/\/faber-etec.de\/es\/wp-json\/wp\/v2\/job-contact?post=19437"},{"taxonomy":"job-industry","embeddable":true,"href":"https:\/\/faber-etec.de\/es\/wp-json\/wp\/v2\/job-industry?post=19437"},{"taxonomy":"-job-education_requirements","embeddable":true,"href":"https:\/\/faber-etec.de\/es\/wp-json\/wp\/v2\/-job-education_requirements?post=19437"},{"taxonomy":"job-experience_requirements","embeddable":true,"href":"https:\/\/faber-etec.de\/es\/wp-json\/wp\/v2\/job-experience_requirements?post=19437"},{"taxonomy":"job-skills","embeddable":true,"href":"https:\/\/faber-etec.de\/es\/wp-json\/wp\/v2\/job-skills?post=19437"},{"taxonomy":"job-base_salary","embeddable":true,"href":"https:\/\/faber-etec.de\/es\/wp-json\/wp\/v2\/job-base_salary?post=19437"},{"taxonomy":"job-worklocation","embeddable":true,"href":"https:\/\/faber-etec.de\/es\/wp-json\/wp\/v2\/job-worklocation?post=19437"},{"taxonomy":"job-category","embeddable":true,"href":"https:\/\/faber-etec.de\/es\/wp-json\/wp\/v2\/job-category?post=19437"},{"taxonomy":"job-incentive_compensation","embeddable":true,"href":"https:\/\/faber-etec.de\/es\/wp-json\/wp\/v2\/job-incentive_compensation?post=19437"},{"taxonomy":"job-qualifications","embeddable":true,"href":"https:\/\/faber-etec.de\/es\/wp-json\/wp\/v2\/job-qualifications?post=19437"},{"taxonomy":"job-location","embeddable":true,"href":"https:\/\/faber-etec.de\/es\/wp-json\/wp\/v2\/job-location?post=19437"},{"taxonomy":"job-seo","embeddable":true,"href":"https:\/\/faber-etec.de\/es\/wp-json\/wp\/v2\/job-seo?post=19437"},{"taxonomy":"job-responsibilities","embeddable":true,"href":"https:\/\/faber-etec.de\/es\/wp-json\/wp\/v2\/job-responsibilities?post=19437"},{"taxonomy":"job-vertragsart","embeddable":true,"href":"https:\/\/faber-etec.de\/es\/wp-json\/wp\/v2\/job-vertragsart?post=19437"}],"curies":[{"name":"wp","href":"https:\/\/api.w.org\/{rel}","templated":true}]}}