{"id":21580,"date":"2026-02-28T22:16:38","date_gmt":"2026-02-28T21:16:38","guid":{"rendered":"https:\/\/faber-etec.de\/?post_type=job&#038;p=21580"},"modified":"2026-02-28T23:26:58","modified_gmt":"2026-02-28T22:26:58","slug":"wirtschaftsjurist-m-w-d-schwerpunkt-vertragsrecht-dienstbarkeiten","status":"publish","type":"job","link":"https:\/\/faber-etec.de\/es\/job\/wirtschaftsjurist-m-w-d-schwerpunkt-vertragsrecht-dienstbarkeiten\/","title":{"rendered":"Abogado mercantilista (h\/m\/d) especializado en Derecho contractual y servidumbres"},"content":{"rendered":"<div data-elementor-type=\"wp-post\" data-elementor-id=\"21580\" class=\"elementor elementor-21580\" data-elementor-post-type=\"job\">\n\t\t\t\t<div class=\"elementor-element elementor-element-08d8c08 e-flex e-con-boxed e-con e-parent\" data-id=\"08d8c08\" data-element_type=\"container\" data-e-type=\"container\">\n\t\t\t\t\t<div class=\"e-con-inner\">\n\t\t\t\t<div class=\"elementor-element elementor-element-d958007 elementor-widget elementor-widget-heading\" data-id=\"d958007\" data-element_type=\"widget\" data-e-type=\"widget\" data-widget_type=\"heading.default\">\n\t\t\t\t<div class=\"elementor-widget-container\">\n\t\t\t\t\t<h2 class=\"elementor-heading-title elementor-size-default\">Se busca abogado comercial (h\/m\/d) - Carrera en Faber E-Tec en B\u00fcnde<\/h2>\t\t\t\t<\/div>\n\t\t\t\t<\/div>\n\t\t\t\t<div class=\"elementor-element elementor-element-c21187a elementor-widget elementor-widget-heading\" data-id=\"c21187a\" data-element_type=\"widget\" data-e-type=\"widget\" data-widget_type=\"heading.default\">\n\t\t\t\t<div class=\"elementor-widget-container\">\n\t\t\t\t\t<h3 class=\"elementor-heading-title elementor-size-default\">Empresa familiar de B\u00fcnde - Fotovoltaica aplicada de forma integral<\/h3>\t\t\t\t<\/div>\n\t\t\t\t<\/div>\n\t\t\t\t<div class=\"elementor-element elementor-element-f3334bf elementor-widget elementor-widget-text-editor\" data-id=\"f3334bf\" data-element_type=\"widget\" data-e-type=\"widget\" data-widget_type=\"text-editor.default\">\n\t\t\t\t<div class=\"elementor-widget-container\">\n\t\t\t\t\t\t\t\t\t<p>Desde hace m\u00e1s de 25 a\u00f1os, nosotros, Faber Solartechnik GmbH de B\u00fcnde, somos una empresa familiar cuyo nombre es sin\u00f3nimo de la calidad de nuestros productos y, junto con nuestro entregado equipo, impulsamos la revoluci\u00f3n energ\u00e9tica. Desarrollamos conceptos innovadores para grandes instalaciones solares sobre suelo y tejado y realizamos proyectos integrales, desde la idea inicial hasta el \u00faltimo m\u00f3dulo. Con la experiencia adquirida en m\u00e1s de 100 proyectos fotovoltaicos y nuestro constante af\u00e1n de innovaci\u00f3n, queremos seguir configurando activamente el mercado fotovoltaico de Alemania en el futuro.<\/p>\t\t\t\t\t\t\t\t<\/div>\n\t\t\t\t<\/div>\n\t\t\t\t<div class=\"elementor-element elementor-element-fc909ea elementor-invisible elementor-widget elementor-widget-image\" data-id=\"fc909ea\" data-element_type=\"widget\" data-e-type=\"widget\" data-settings=\"{&quot;_animation&quot;:&quot;zoomIn&quot;}\" data-widget_type=\"image.default\">\n\t\t\t\t<div class=\"elementor-widget-container\">\n\t\t\t\t\t\t\t\t\t\t\t\t<figure class=\"wp-caption\">\n\t\t\t\t\t\t\t\t\t\t<img decoding=\"async\" src=\"https:\/\/faber-etec.de\/wp-content\/uploads\/sites\/3\/elementor\/thumbs\/wirtschaftsjurist-vertragsverhandlung-handschlag-solarpark-faber-solartechnik-scaled-rju7emrzwj0uxvj2z7ff5zp2cgeo1nj46bczwb638w.avif\" title=\"Negociaci\u00f3n de contratos en un parque solar - Business lawyer (m\/f\/d)\" alt=\"Apret\u00f3n de manos frente al parque solar: negociaci\u00f3n de contratos y cooperaci\u00f3n en el proyecto fotovoltaico\" loading=\"lazy\" \/>\t\t\t\t\t\t\t\t\t\t\t<figcaption class=\"widget-image-caption wp-caption-text\">Negociaci\u00f3n y coordinaci\u00f3n con los socios en el entorno del proyecto fotovoltaico.<\/figcaption>\n\t\t\t\t\t\t\t\t\t\t<\/figure>\n\t\t\t\t\t\t\t\t\t<\/div>\n\t\t\t\t<\/div>\n\t\t\t\t<div class=\"elementor-element elementor-element-0231240 elementor-widget-divider--view-line elementor-widget elementor-widget-divider\" data-id=\"0231240\" data-element_type=\"widget\" data-e-type=\"widget\" data-widget_type=\"divider.default\">\n\t\t\t\t<div class=\"elementor-widget-container\">\n\t\t\t\t\t\t\t<div class=\"elementor-divider\">\n\t\t\t<span class=\"elementor-divider-separator\">\n\t\t\t\t\t\t<\/span>\n\t\t<\/div>\n\t\t\t\t\t\t<\/div>\n\t\t\t\t<\/div>\n\t\t\t\t<div class=\"elementor-element elementor-element-1e6ec3b elementor-widget elementor-widget-heading\" data-id=\"1e6ec3b\" data-element_type=\"widget\" data-e-type=\"widget\" data-widget_type=\"heading.default\">\n\t\t\t\t<div class=\"elementor-widget-container\">\n\t\t\t\t\t<h3 class=\"elementor-heading-title elementor-size-default\">Sus tareas<\/h3>\t\t\t\t<\/div>\n\t\t\t\t<\/div>\n\t\t\t\t<div class=\"elementor-element elementor-element-6156306 elementor-widget elementor-widget-text-editor\" data-id=\"6156306\" data-element_type=\"widget\" data-e-type=\"widget\" data-widget_type=\"text-editor.default\">\n\t\t\t\t<div class=\"elementor-widget-container\">\n\t\t\t\t\t\t\t\t\t<p>Servidumbres y derecho urban\u00edstico, gesti\u00f3n de contratos y negociaciones: Garantizar\u00e1 los derechos sobre los terrenos y las tuber\u00edas para los proyectos fotovoltaicos, actuar\u00e1 de enlace con los notarios y los registros de la propiedad y ser\u00e1 responsable de la creaci\u00f3n, revisi\u00f3n y posterior desarrollo de los documentos contractuales centrales, incluido el an\u00e1lisis de riesgos.<\/p>\t\t\t\t\t\t\t\t<\/div>\n\t\t\t\t<\/div>\n\t\t\t\t<div class=\"elementor-element elementor-element-06189d2 elementor-widget elementor-widget-heading\" data-id=\"06189d2\" data-element_type=\"widget\" data-e-type=\"widget\" data-widget_type=\"heading.default\">\n\t\t\t\t<div class=\"elementor-widget-container\">\n\t\t\t\t\t<h4 class=\"elementor-heading-title elementor-size-default\">Servidumbres y derecho de propiedad<\/h4>\t\t\t\t<\/div>\n\t\t\t\t<\/div>\n\t\t\t\t<div class=\"elementor-element elementor-element-b168d69 elementor-align-start aufgabenliste elementor-icon-list--layout-traditional elementor-list-item-link-full_width elementor-widget elementor-widget-icon-list\" data-id=\"b168d69\" data-element_type=\"widget\" data-e-type=\"widget\" data-widget_type=\"icon-list.default\">\n\t\t\t\t<div class=\"elementor-widget-container\">\n\t\t\t\t\t\t\t<ul class=\"elementor-icon-list-items\">\n\t\t\t\t\t\t\t<li class=\"elementor-icon-list-item\">\n\t\t\t\t\t\t\t\t\t\t\t<span class=\"elementor-icon-list-icon\">\n\t\t\t\t\t\t\t<i aria-hidden=\"true\" class=\"fas fa-file-signature\"><\/i>\t\t\t\t\t\t<\/span>\n\t\t\t\t\t\t\t\t\t\t<span class=\"elementor-icon-list-text\">Examen, dise\u00f1o y gesti\u00f3n de servidumbres (servidumbres, servidumbres personales limitadas)<\/span>\n\t\t\t\t\t\t\t\t\t<\/li>\n\t\t\t\t\t\t\t\t<li class=\"elementor-icon-list-item\">\n\t\t\t\t\t\t\t\t\t\t\t<span class=\"elementor-icon-list-icon\">\n\t\t\t\t\t\t\t<i aria-hidden=\"true\" class=\"fas fa-map-marked\"><\/i>\t\t\t\t\t\t<\/span>\n\t\t\t\t\t\t\t\t\t\t<span class=\"elementor-icon-list-text\">Apoyo jur\u00eddico en la obtenci\u00f3n de derechos de propiedad y de canalizaci\u00f3n para sistemas e infraestructuras fotovoltaicos<\/span>\n\t\t\t\t\t\t\t\t\t<\/li>\n\t\t\t\t\t\t\t\t<li class=\"elementor-icon-list-item\">\n\t\t\t\t\t\t\t\t\t\t\t<span class=\"elementor-icon-list-icon\">\n\t\t\t\t\t\t\t<i aria-hidden=\"true\" class=\"fas fa-handshake\"><\/i>\t\t\t\t\t\t<\/span>\n\t\t\t\t\t\t\t\t\t\t<span class=\"elementor-icon-list-text\"> Coordinaci\u00f3n con notarios, registros de la propiedad y asesores jur\u00eddicos externos<\/span>\n\t\t\t\t\t\t\t\t\t<\/li>\n\t\t\t\t\t\t<\/ul>\n\t\t\t\t\t\t<\/div>\n\t\t\t\t<\/div>\n\t\t\t\t<div class=\"elementor-element elementor-element-4ba2662 elementor-widget elementor-widget-heading\" data-id=\"4ba2662\" data-element_type=\"widget\" data-e-type=\"widget\" data-widget_type=\"heading.default\">\n\t\t\t\t<div class=\"elementor-widget-container\">\n\t\t\t\t\t<h4 class=\"elementor-heading-title elementor-size-default\">Gesti\u00f3n de contratos<\/h4>\t\t\t\t<\/div>\n\t\t\t\t<\/div>\n\t\t\t\t<div class=\"elementor-element elementor-element-6e03636 elementor-align-start aufgabenliste elementor-icon-list--layout-traditional elementor-list-item-link-full_width elementor-widget elementor-widget-icon-list\" data-id=\"6e03636\" data-element_type=\"widget\" data-e-type=\"widget\" data-widget_type=\"icon-list.default\">\n\t\t\t\t<div class=\"elementor-widget-container\">\n\t\t\t\t\t\t\t<ul class=\"elementor-icon-list-items\">\n\t\t\t\t\t\t\t<li class=\"elementor-icon-list-item\">\n\t\t\t\t\t\t\t\t\t\t\t<span class=\"elementor-icon-list-icon\">\n\t\t\t\t\t\t\t<i aria-hidden=\"true\" class=\"fas fa-balance-scale\"><\/i>\t\t\t\t\t\t<\/span>\n\t\t\t\t\t\t\t\t\t\t<span class=\"elementor-icon-list-text\">Redacci\u00f3n, revisi\u00f3n y negociaci\u00f3n de contratos (incluidos los de arrendamiento, utilizaci\u00f3n, licencia, cooperaci\u00f3n y suministro).<\/span>\n\t\t\t\t\t\t\t\t\t<\/li>\n\t\t\t\t\t\t\t\t<li class=\"elementor-icon-list-item\">\n\t\t\t\t\t\t\t\t\t\t\t<span class=\"elementor-icon-list-icon\">\n\t\t\t\t\t\t\t<i aria-hidden=\"true\" class=\"fas fa-feather-alt\"><\/i>\t\t\t\t\t\t<\/span>\n\t\t\t\t\t\t\t\t\t\t<span class=\"elementor-icon-list-text\">Mantenimiento y perfeccionamiento de los modelos de contrato<\/span>\n\t\t\t\t\t\t\t\t\t<\/li>\n\t\t\t\t\t\t\t\t<li class=\"elementor-icon-list-item\">\n\t\t\t\t\t\t\t\t\t\t\t<span class=\"elementor-icon-list-icon\">\n\t\t\t\t\t\t\t<i aria-hidden=\"true\" class=\"fas fa-search\"><\/i>\t\t\t\t\t\t<\/span>\n\t\t\t\t\t\t\t\t\t\t<span class=\"elementor-icon-list-text\">Evaluaci\u00f3n de los riesgos jur\u00eddicos y econ\u00f3micos de las constelaciones contractuales<\/span>\n\t\t\t\t\t\t\t\t\t<\/li>\n\t\t\t\t\t\t<\/ul>\n\t\t\t\t\t\t<\/div>\n\t\t\t\t<\/div>\n\t\t\t\t<div class=\"elementor-element elementor-element-031fe76 elementor-widget-divider--view-line elementor-widget elementor-widget-divider\" data-id=\"031fe76\" data-element_type=\"widget\" data-e-type=\"widget\" data-widget_type=\"divider.default\">\n\t\t\t\t<div class=\"elementor-widget-container\">\n\t\t\t\t\t\t\t<div class=\"elementor-divider\">\n\t\t\t<span class=\"elementor-divider-separator\">\n\t\t\t\t\t\t<\/span>\n\t\t<\/div>\n\t\t\t\t\t\t<\/div>\n\t\t\t\t<\/div>\n\t\t\t\t<div class=\"elementor-element elementor-element-d67974f elementor-widget elementor-widget-heading\" data-id=\"d67974f\" data-element_type=\"widget\" data-e-type=\"widget\" data-widget_type=\"heading.default\">\n\t\t\t\t<div class=\"elementor-widget-container\">\n\t\t\t\t\t<h3 class=\"elementor-heading-title elementor-size-default\">Tu perfil<\/h3>\t\t\t\t<\/div>\n\t\t\t\t<\/div>\n\t\t\t\t<div class=\"elementor-element elementor-element-0a424a7 elementor-align-start elementor-icon-list--layout-traditional elementor-list-item-link-full_width elementor-widget elementor-widget-icon-list\" data-id=\"0a424a7\" data-element_type=\"widget\" data-e-type=\"widget\" data-widget_type=\"icon-list.default\">\n\t\t\t\t<div class=\"elementor-widget-container\">\n\t\t\t\t\t\t\t<ul class=\"elementor-icon-list-items\">\n\t\t\t\t\t\t\t<li class=\"elementor-icon-list-item\">\n\t\t\t\t\t\t\t\t\t\t\t<span class=\"elementor-icon-list-icon\">\n\t\t\t\t\t\t\t<i aria-hidden=\"true\" class=\"fas fa-check\"><\/i>\t\t\t\t\t\t<\/span>\n\t\t\t\t\t\t\t\t\t\t<span class=\"elementor-icon-list-text\">Licenciatura en Derecho Mercantil (LL.B., LL.M. o similar)<\/span>\n\t\t\t\t\t\t\t\t\t<\/li>\n\t\t\t\t\t\t\t\t<li class=\"elementor-icon-list-item\">\n\t\t\t\t\t\t\t\t\t\t\t<span class=\"elementor-icon-list-icon\">\n\t\t\t\t\t\t\t<i aria-hidden=\"true\" class=\"fas fa-check\"><\/i>\t\t\t\t\t\t<\/span>\n\t\t\t\t\t\t\t\t\t\t<span class=\"elementor-icon-list-text\">Buenos conocimientos de Derecho contractual y civil<\/span>\n\t\t\t\t\t\t\t\t\t<\/li>\n\t\t\t\t\t\t\t\t<li class=\"elementor-icon-list-item\">\n\t\t\t\t\t\t\t\t\t\t\t<span class=\"elementor-icon-list-icon\">\n\t\t\t\t\t\t\t<i aria-hidden=\"true\" class=\"fas fa-check\"><\/i>\t\t\t\t\t\t<\/span>\n\t\t\t\t\t\t\t\t\t\t<span class=\"elementor-icon-list-text\">Se valorar\u00e1 la experiencia inicial en servidumbres, propiedad o derecho de la energ\u00eda.<\/span>\n\t\t\t\t\t\t\t\t\t<\/li>\n\t\t\t\t\t\t\t\t<li class=\"elementor-icon-list-item\">\n\t\t\t\t\t\t\t\t\t\t\t<span class=\"elementor-icon-list-icon\">\n\t\t\t\t\t\t\t<i aria-hidden=\"true\" class=\"fas fa-check\"><\/i>\t\t\t\t\t\t<\/span>\n\t\t\t\t\t\t\t\t\t\t<span class=\"elementor-icon-list-text\">Comprensi\u00f3n econ\u00f3mica y forma de pensar orientada a la pr\u00e1ctica<\/span>\n\t\t\t\t\t\t\t\t\t<\/li>\n\t\t\t\t\t\t\t\t<li class=\"elementor-icon-list-item\">\n\t\t\t\t\t\t\t\t\t\t\t<span class=\"elementor-icon-list-icon\">\n\t\t\t\t\t\t\t<i aria-hidden=\"true\" class=\"fas fa-check\"><\/i>\t\t\t\t\t\t<\/span>\n\t\t\t\t\t\t\t\t\t\t<span class=\"elementor-icon-list-text\">Forma de trabajar independiente y estructurada<\/span>\n\t\t\t\t\t\t\t\t\t<\/li>\n\t\t\t\t\t\t\t\t<li class=\"elementor-icon-list-item\">\n\t\t\t\t\t\t\t\t\t\t\t<span class=\"elementor-icon-list-icon\">\n\t\t\t\t\t\t\t<i aria-hidden=\"true\" class=\"fas fa-check\"><\/i>\t\t\t\t\t\t<\/span>\n\t\t\t\t\t\t\t\t\t\t<span class=\"elementor-icon-list-text\">Gran capacidad de comunicaci\u00f3n y de trabajo en equipo<\/span>\n\t\t\t\t\t\t\t\t\t<\/li>\n\t\t\t\t\t\t<\/ul>\n\t\t\t\t\t\t<\/div>\n\t\t\t\t<\/div>\n\t\t\t\t<div class=\"elementor-element elementor-element-a85a40e elementor-widget elementor-widget-gallery\" data-id=\"a85a40e\" data-element_type=\"widget\" data-e-type=\"widget\" data-settings=\"{&quot;gallery_layout&quot;:&quot;justified&quot;,&quot;ideal_row_height&quot;:{&quot;unit&quot;:&quot;px&quot;,&quot;size&quot;:283,&quot;sizes&quot;:[]},&quot;lazyload&quot;:&quot;yes&quot;,&quot;ideal_row_height_laptop&quot;:{&quot;unit&quot;:&quot;px&quot;,&quot;size&quot;:150,&quot;sizes&quot;:[]},&quot;ideal_row_height_tablet_extra&quot;:{&quot;unit&quot;:&quot;px&quot;,&quot;size&quot;:150,&quot;sizes&quot;:[]},&quot;ideal_row_height_tablet&quot;:{&quot;unit&quot;:&quot;px&quot;,&quot;size&quot;:150,&quot;sizes&quot;:[]},&quot;ideal_row_height_mobile&quot;:{&quot;unit&quot;:&quot;px&quot;,&quot;size&quot;:150,&quot;sizes&quot;:[]},&quot;gap&quot;:{&quot;unit&quot;:&quot;px&quot;,&quot;size&quot;:10,&quot;sizes&quot;:[]},&quot;gap_laptop&quot;:{&quot;unit&quot;:&quot;px&quot;,&quot;size&quot;:10,&quot;sizes&quot;:[]},&quot;gap_tablet_extra&quot;:{&quot;unit&quot;:&quot;px&quot;,&quot;size&quot;:10,&quot;sizes&quot;:[]},&quot;gap_tablet&quot;:{&quot;unit&quot;:&quot;px&quot;,&quot;size&quot;:10,&quot;sizes&quot;:[]},&quot;gap_mobile&quot;:{&quot;unit&quot;:&quot;px&quot;,&quot;size&quot;:10,&quot;sizes&quot;:[]},&quot;overlay_background&quot;:&quot;yes&quot;,&quot;content_hover_animation&quot;:&quot;fade-in&quot;}\" data-widget_type=\"gallery.default\">\n\t\t\t\t<div class=\"elementor-widget-container\">\n\t\t\t\t\t\t\t<div class=\"elementor-gallery__container\">\n\t\t\t\t\t\t\t<div class=\"e-gallery-item elementor-gallery-item elementor-animated-content\">\n\t\t\t\t\t<div class=\"e-gallery-image elementor-gallery-item__image\" data-thumbnail=\"https:\/\/faber-etec.de\/wp-content\/uploads\/sites\/3\/elementor\/thumbs\/wirtschaftsjurist-vertragsrecht-pv-vertrag-unterschrift-faber-solartechnik-scaled-rju7cjkq0kuo78dckfir2ap7vyfquzii22xdqdoszo.avif\" data-width=\"400\" data-height=\"250\" aria-label=\"La mano firma el contrato delante de los m\u00f3dulos solares - Derecho contractual y proyectos fotovoltaicos jur\u00eddicamente seguros\" role=\"img\" ><\/div>\n\t\t\t\t\t\t\t\t\t\t\t<div class=\"elementor-gallery-item__overlay\"><\/div>\n\t\t\t\t\t\t\t\t\t\t\t\t\t\t<\/div>\n\t\t\t\t\t\t\t<div class=\"e-gallery-item elementor-gallery-item elementor-animated-content\">\n\t\t\t\t\t<div class=\"e-gallery-image elementor-gallery-item__image\" data-thumbnail=\"https:\/\/faber-etec.de\/wp-content\/uploads\/sites\/3\/elementor\/thumbs\/LichtBlick-Ennigerloh-DSC07767-rik2ykrxxasq29e4jszj71s66kpl2r0ckey0mt5878.jpg\" data-width=\"400\" data-height=\"250\" aria-label=\"\" role=\"img\" ><\/div>\n\t\t\t\t\t\t\t\t\t\t\t<div class=\"elementor-gallery-item__overlay\"><\/div>\n\t\t\t\t\t\t\t\t\t\t\t\t\t\t<\/div>\n\t\t\t\t\t<\/div>\n\t\t\t\t\t<\/div>\n\t\t\t\t<\/div>\n\t\t\t\t<div class=\"elementor-element elementor-element-53c96f7 elementor-widget-divider--view-line elementor-widget elementor-widget-divider\" data-id=\"53c96f7\" data-element_type=\"widget\" data-e-type=\"widget\" data-widget_type=\"divider.default\">\n\t\t\t\t<div class=\"elementor-widget-container\">\n\t\t\t\t\t\t\t<div class=\"elementor-divider\">\n\t\t\t<span class=\"elementor-divider-separator\">\n\t\t\t\t\t\t<\/span>\n\t\t<\/div>\n\t\t\t\t\t\t<\/div>\n\t\t\t\t<\/div>\n\t\t\t\t<div class=\"elementor-element elementor-element-e70ac57 elementor-widget elementor-widget-heading\" data-id=\"e70ac57\" data-element_type=\"widget\" data-e-type=\"widget\" data-widget_type=\"heading.default\">\n\t\t\t\t<div class=\"elementor-widget-container\">\n\t\t\t\t\t<h4 class=\"elementor-heading-title elementor-size-default\">Presente su candidatura ahora: estaremos encantados de recibir noticias suyas.<\/h4>\t\t\t\t<\/div>\n\t\t\t\t<\/div>\n\t\t\t\t<div class=\"elementor-element elementor-element-f214a8b elementor-widget elementor-widget-text-editor\" data-id=\"f214a8b\" data-element_type=\"widget\" data-e-type=\"widget\" data-widget_type=\"text-editor.default\">\n\t\t\t\t<div class=\"elementor-widget-container\">\n\t\t\t\t\t\t\t\t\t<p>Presente ahora su candidatura y contribuya con sus conocimientos jur\u00eddicos a s\u00f3lidos proyectos fotovoltaicos.<\/p>\t\t\t\t\t\t\t\t<\/div>\n\t\t\t\t<\/div>\n\t\t\t\t\t<\/div>\n\t\t\t\t<\/div>\n\t\t\t\t<\/div>","protected":false},"excerpt":{"rendered":"<p>Aufgrund unseres dynamischen Wachstums suchen wir zur Verst\u00e4rkung unseres Teams sofort Sie als<br \/>\nWirtschaftsjurist (m\/w\/d).<\/p>","protected":false},"featured_media":21596,"menu_order":0,"template":"","meta":{"_acf_changed":false,"footnotes":""},"job-benefits":[],"job-type":[80],"job-contact":[],"job-industry":[98],"-job-education_requirements":[100],"job-experience_requirements":[101,102],"job-skills":[105,107,106,109,108,103,104],"job-base_salary":[110],"job-worklocation":[84],"job-category":[111],"job-incentive_compensation":[],"job-qualifications":[115,114,116,112],"job-location":[87],"job-seo":[126,118,120,127,128,122,129,121,124,123,125,119,117],"job-responsibilities":[134,137,135,131,133,136,130,132],"job-vertragsart":[91,92],"class_list":["post-21580","job","type-job","status-publish","has-post-thumbnail","hentry","job-type-vollzeit","job-industry-erneuerbare-energien","-job-education_requirements-abgeschlossenes-studium-wirtschaftsrecht-ll-b-ll-m-oder-vergleichbar","job-experience_requirements-erste-erfahrung-mit-dienstbarkeiten","job-experience_requirements-grundstuecksrecht-oder-energierecht-von-vorteil","job-skills-dienstbarkeiten","job-skills-energierecht","job-skills-grundstuecksrecht","job-skills-risikobewertung","job-skills-vertragsgestaltung-und-verhandlung","job-skills-vertragsrecht","job-skills-zivilrecht","job-base_salary-attraktive-verguetung","job-worklocation-home-office-erlaubt","job-category-recht","job-qualifications-kommunikationsstaerke","job-qualifications-selbststaendige-und-strukturierte-arbeitsweise","job-qualifications-teamfaehigkeit","job-qualifications-wirtschaftliches-verstaendnis","job-location-buende-nrw","job-seo-buende","job-seo-dienstbarkeiten","job-seo-energierecht","job-seo-erneuerbare-energien","job-seo-gestattungsvertraege","job-seo-grundstuecksrecht","job-seo-nrw","job-seo-pachtvertraege","job-seo-pv-projekte","job-seo-solarpark","job-seo-vertragsmanagement","job-seo-vertragsrecht","job-seo-wirtschaftsjurist","job-responsibilities-abstimmung-mit-notaren","job-responsibilities-bewertung-rechtlicher-und-wirtschaftlicher-risiken","job-responsibilities-erstellung-pruefung-verhandlung-von-vertraege","job-responsibilities-gestaltung-und-betreuung-von-dienstbarkeiten","job-responsibilities-grundbuchaemtern-und-rechtsberatern","job-responsibilities-pflege-und-weiterentwicklung-von-vertragsmustern","job-responsibilities-pruefung","job-responsibilities-sicherung-von-grundstuecks-und-leitungsrechten","job-vertragsart-feste-anstellung","job-vertragsart-unbefristet"],"acf":[],"_links":{"self":[{"href":"https:\/\/faber-etec.de\/es\/wp-json\/wp\/v2\/job\/21580","targetHints":{"allow":["GET"]}}],"collection":[{"href":"https:\/\/faber-etec.de\/es\/wp-json\/wp\/v2\/job"}],"about":[{"href":"https:\/\/faber-etec.de\/es\/wp-json\/wp\/v2\/types\/job"}],"version-history":[{"count":14,"href":"https:\/\/faber-etec.de\/es\/wp-json\/wp\/v2\/job\/21580\/revisions"}],"predecessor-version":[{"id":21602,"href":"https:\/\/faber-etec.de\/es\/wp-json\/wp\/v2\/job\/21580\/revisions\/21602"}],"wp:featuredmedia":[{"embeddable":true,"href":"https:\/\/faber-etec.de\/es\/wp-json\/wp\/v2\/media\/21596"}],"wp:attachment":[{"href":"https:\/\/faber-etec.de\/es\/wp-json\/wp\/v2\/media?parent=21580"}],"wp:term":[{"taxonomy":"job-benefits","embeddable":true,"href":"https:\/\/faber-etec.de\/es\/wp-json\/wp\/v2\/job-benefits?post=21580"},{"taxonomy":"job-type","embeddable":true,"href":"https:\/\/faber-etec.de\/es\/wp-json\/wp\/v2\/job-type?post=21580"},{"taxonomy":"job-contact","embeddable":true,"href":"https:\/\/faber-etec.de\/es\/wp-json\/wp\/v2\/job-contact?post=21580"},{"taxonomy":"job-industry","embeddable":true,"href":"https:\/\/faber-etec.de\/es\/wp-json\/wp\/v2\/job-industry?post=21580"},{"taxonomy":"-job-education_requirements","embeddable":true,"href":"https:\/\/faber-etec.de\/es\/wp-json\/wp\/v2\/-job-education_requirements?post=21580"},{"taxonomy":"job-experience_requirements","embeddable":true,"href":"https:\/\/faber-etec.de\/es\/wp-json\/wp\/v2\/job-experience_requirements?post=21580"},{"taxonomy":"job-skills","embeddable":true,"href":"https:\/\/faber-etec.de\/es\/wp-json\/wp\/v2\/job-skills?post=21580"},{"taxonomy":"job-base_salary","embeddable":true,"href":"https:\/\/faber-etec.de\/es\/wp-json\/wp\/v2\/job-base_salary?post=21580"},{"taxonomy":"job-worklocation","embeddable":true,"href":"https:\/\/faber-etec.de\/es\/wp-json\/wp\/v2\/job-worklocation?post=21580"},{"taxonomy":"job-category","embeddable":true,"href":"https:\/\/faber-etec.de\/es\/wp-json\/wp\/v2\/job-category?post=21580"},{"taxonomy":"job-incentive_compensation","embeddable":true,"href":"https:\/\/faber-etec.de\/es\/wp-json\/wp\/v2\/job-incentive_compensation?post=21580"},{"taxonomy":"job-qualifications","embeddable":true,"href":"https:\/\/faber-etec.de\/es\/wp-json\/wp\/v2\/job-qualifications?post=21580"},{"taxonomy":"job-location","embeddable":true,"href":"https:\/\/faber-etec.de\/es\/wp-json\/wp\/v2\/job-location?post=21580"},{"taxonomy":"job-seo","embeddable":true,"href":"https:\/\/faber-etec.de\/es\/wp-json\/wp\/v2\/job-seo?post=21580"},{"taxonomy":"job-responsibilities","embeddable":true,"href":"https:\/\/faber-etec.de\/es\/wp-json\/wp\/v2\/job-responsibilities?post=21580"},{"taxonomy":"job-vertragsart","embeddable":true,"href":"https:\/\/faber-etec.de\/es\/wp-json\/wp\/v2\/job-vertragsart?post=21580"}],"curies":[{"name":"wp","href":"https:\/\/api.w.org\/{rel}","templated":true}]}}