{"id":7876,"date":"2024-07-08T16:49:18","date_gmt":"2024-07-08T14:49:18","guid":{"rendered":"https:\/\/faber-etec.de\/?page_id=7876"},"modified":"2025-10-30T20:52:13","modified_gmt":"2025-10-30T19:52:13","slug":"lugares","status":"publish","type":"page","link":"https:\/\/faber-etec.de\/es\/standorte\/","title":{"rendered":"Construcci\u00f3n de centros de transformaci\u00f3n | Empresa"},"content":{"rendered":"<div data-elementor-type=\"wp-page\" data-elementor-id=\"7876\" class=\"elementor elementor-7876\" data-elementor-post-type=\"page\">\n\t\t\t\t<div class=\"elementor-element elementor-element-756de14 e-flex e-con-boxed e-con e-parent\" data-id=\"756de14\" data-element_type=\"container\" data-e-type=\"container\" data-settings=\"{&quot;background_background&quot;:&quot;classic&quot;}\">\n\t\t\t\t\t<div class=\"e-con-inner\">\n\t\t<div class=\"elementor-element elementor-element-37e4b9e e-con-full e-flex e-con e-child\" data-id=\"37e4b9e\" data-element_type=\"container\" data-e-type=\"container\">\n\t\t\t\t<div class=\"elementor-element elementor-element-5678dd1 elementor-widget elementor-widget-image\" data-id=\"5678dd1\" data-element_type=\"widget\" data-e-type=\"widget\" data-widget_type=\"image.default\">\n\t\t\t\t<div class=\"elementor-widget-container\">\n\t\t\t\t\t\t\t\t\t\t\t\t\t\t\t<img fetchpriority=\"high\" decoding=\"async\" width=\"800\" height=\"800\" src=\"https:\/\/faber-etec.de\/wp-content\/uploads\/sites\/3\/2024\/07\/Made-in-Germany.svg\" class=\"attachment-large size-large wp-image-8481\" alt=\"Made in Germany, normas internacionales de Alemania para centros de transformaci\u00f3n compactos\" srcset=\"https:\/\/faber-etec.de\/wp-content\/uploads\/sites\/3\/\/2024\/07\/Made-in-Germany.svg 150w, https:\/\/faber-etec.de\/wp-content\/uploads\/sites\/3\/\/2024\/07\/Made-in-Germany.svg 300w, https:\/\/faber-etec.de\/wp-content\/uploads\/sites\/3\/\/2024\/07\/Made-in-Germany.svg 1024w\" sizes=\"(max-width: 800px) 100vw, 800px\" title=\"Made in Germany, normas internacionales de Alemania para centros de transformaci\u00f3n compactos\" \/>\t\t\t\t\t\t\t\t\t\t\t\t\t\t\t<\/div>\n\t\t\t\t<\/div>\n\t\t\t\t<\/div>\n\t\t<div class=\"elementor-element elementor-element-0897d90 e-con-full e-flex e-con e-child\" data-id=\"0897d90\" data-element_type=\"container\" data-e-type=\"container\">\n\t\t\t\t<div class=\"elementor-element elementor-element-7b2f68e elementor-widget elementor-widget-heading\" data-id=\"7b2f68e\" data-element_type=\"widget\" data-e-type=\"widget\" data-widget_type=\"heading.default\">\n\t\t\t\t<div class=\"elementor-widget-container\">\n\t\t\t\t\t<h2 class=\"elementor-heading-title elementor-size-default\">Faber E-Tec GmbH est\u00e1 representada en tres centros de Alemania<\/h2>\t\t\t\t<\/div>\n\t\t\t\t<\/div>\n\t\t\t\t<div class=\"elementor-element elementor-element-ab7a0ca elementor-widget elementor-widget-text-editor\" data-id=\"ab7a0ca\" data-element_type=\"widget\" data-e-type=\"widget\" data-widget_type=\"text-editor.default\">\n\t\t\t\t<div class=\"elementor-widget-container\">\n\t\t\t\t\t\t\t\t\t<p><span style=\"color: var( --e-global-color-text ); text-align: var(--text-align);\">Nuestra planta de producci\u00f3n y administraci\u00f3n central se encuentran en <strong>B\u00fcnde<\/strong> en el <\/span>Noroeste <span style=\"color: var( --e-global-color-text ); text-align: var(--text-align);\">Alemania, mientras que nuestra ubicaci\u00f3n en <strong>Dresde<\/strong>, <\/span>Alemania del Este<span style=\"color: var( --e-global-color-text ); text-align: var(--text-align);\">ventas y planificaci\u00f3n de proyectos.\u00a0<\/span><span style=\"color: var( --e-global-color-text ); text-align: var(--text-align);\">Esta distribuci\u00f3n nos permite responder con eficacia y flexibilidad a las necesidades de nuestros clientes.<\/span><\/p>\t\t\t\t\t\t\t\t<\/div>\n\t\t\t\t<\/div>\n\t\t\t\t<div class=\"elementor-element elementor-element-405580f elementor-widget-divider--view-line elementor-widget elementor-widget-divider\" data-id=\"405580f\" data-element_type=\"widget\" data-e-type=\"widget\" data-widget_type=\"divider.default\">\n\t\t\t\t<div class=\"elementor-widget-container\">\n\t\t\t\t\t\t\t<div class=\"elementor-divider\">\n\t\t\t<span class=\"elementor-divider-separator\">\n\t\t\t\t\t\t<\/span>\n\t\t<\/div>\n\t\t\t\t\t\t<\/div>\n\t\t\t\t<\/div>\n\t\t\t\t<div class=\"elementor-element elementor-element-5fd4765 elementor-widget elementor-widget-text-editor\" data-id=\"5fd4765\" data-element_type=\"widget\" data-e-type=\"widget\" data-widget_type=\"text-editor.default\">\n\t\t\t\t<div class=\"elementor-widget-container\">\n\t\t\t\t\t\t\t\t\t<p>Las visitas s\u00f3lo son posibles con cita previa.<\/p>\t\t\t\t\t\t\t\t<\/div>\n\t\t\t\t<\/div>\n\t\t\t\t<\/div>\n\t\t\t\t\t<\/div>\n\t\t\t\t<\/div>\n\t\t<div class=\"elementor-element elementor-element-0bcb295 e-flex e-con-boxed e-con e-parent\" data-id=\"0bcb295\" data-element_type=\"container\" data-e-type=\"container\">\n\t\t\t\t\t<div class=\"e-con-inner\">\n\t\t<div class=\"elementor-element elementor-element-dc2f528 e-con-full e-flex e-con e-child\" data-id=\"dc2f528\" data-element_type=\"container\" data-e-type=\"container\">\n\t\t\t\t<div class=\"elementor-element elementor-element-a146b8e elementor-widget elementor-widget-heading\" data-id=\"a146b8e\" data-element_type=\"widget\" data-e-type=\"widget\" data-widget_type=\"heading.default\">\n\t\t\t\t<div class=\"elementor-widget-container\">\n\t\t\t\t\t<h2 class=\"elementor-heading-title elementor-size-default\">Ubicaci\u00f3n de la planta<\/h2>\t\t\t\t<\/div>\n\t\t\t\t<\/div>\n\t\t\t\t<div class=\"elementor-element elementor-element-3a91928 elementor-widget elementor-widget-heading\" data-id=\"3a91928\" data-element_type=\"widget\" data-e-type=\"widget\" data-widget_type=\"heading.default\">\n\t\t\t\t<div class=\"elementor-widget-container\">\n\t\t\t\t\t<h3 class=\"elementor-heading-title elementor-size-default\">Construcci\u00f3n de un centro de transformaci\u00f3n en B\u00fcnde<\/h3>\t\t\t\t<\/div>\n\t\t\t\t<\/div>\n\t\t\t\t<div class=\"elementor-element elementor-element-c0f61ab elementor-widget elementor-widget-text-editor\" data-id=\"c0f61ab\" data-element_type=\"widget\" data-e-type=\"widget\" data-widget_type=\"text-editor.default\">\n\t\t\t\t<div class=\"elementor-widget-container\">\n\t\t\t\t\t\t\t\t\t<p>Aqu\u00ed es donde fundimos los cuerpos de hormig\u00f3n certificados y equipamos cada estaci\u00f3n individualmente con la tecnolog\u00eda necesaria para adaptarla perfectamente a su zona de red y campo de aplicaci\u00f3n. Cada uno de nuestros centros de transformaci\u00f3n compactos pesa m\u00e1s de 17 toneladas y se fabrica con el m\u00e1ximo cuidado y precisi\u00f3n en nuestras instalaciones de producci\u00f3n especializadas.<\/p>\t\t\t\t\t\t\t\t<\/div>\n\t\t\t\t<\/div>\n\t\t<div class=\"elementor-element elementor-element-a443426 e-con-full e-flex e-con e-child\" data-id=\"a443426\" data-element_type=\"container\" data-e-type=\"container\">\n\t\t\t\t<div class=\"elementor-element elementor-element-ded6e99 elementor-align-left elementor-mobile-align-justify elementor-widget-mobile__width-inherit elementor-widget elementor-widget-button\" data-id=\"ded6e99\" data-element_type=\"widget\" data-e-type=\"widget\" data-widget_type=\"button.default\">\n\t\t\t\t<div class=\"elementor-widget-container\">\n\t\t\t\t\t\t\t\t\t<div class=\"elementor-button-wrapper\">\n\t\t\t\t\t<a class=\"elementor-button elementor-button-link elementor-size-sm\"  href=\"https:\/\/faber-etec.de\/es\/lugares\/buende\/\" title=\"Buende - Ubicaci\u00f3n de la planta\">\n\t\t\t\t\t\t<span class=\"elementor-button-content-wrapper\">\n\t\t\t\t\t\t<span class=\"elementor-button-icon\">\n\t\t\t\t<i aria-hidden=\"true\" class=\"fas fa-angle-right\"><\/i>\t\t\t<\/span>\n\t\t\t\t\t\t\t\t\t<span class=\"elementor-button-text\">Ubicaci\u00f3n de la planta<\/span>\n\t\t\t\t\t<\/span>\n\t\t\t\t\t<\/a>\n\t\t\t\t<\/div>\n\t\t\t\t\t\t\t\t<\/div>\n\t\t\t\t<\/div>\n\t\t\t\t<div class=\"elementor-element elementor-element-d0047b8 elementor-align-left elementor-mobile-align-justify elementor-widget-mobile__width-inherit elementor-widget elementor-widget-button\" data-id=\"d0047b8\" data-element_type=\"widget\" data-e-type=\"widget\" data-widget_type=\"button.default\">\n\t\t\t\t<div class=\"elementor-widget-container\">\n\t\t\t\t\t\t\t\t\t<div class=\"elementor-button-wrapper\">\n\t\t\t\t\t<a class=\"elementor-button elementor-button-link elementor-size-sm\" href=\"https:\/\/www.faber-etec-karriere.de\/\" title=\" - Vacantes\" target=\"_blank\" rel=\"noopener\">\n\t\t\t\t\t\t<span class=\"elementor-button-content-wrapper\">\n\t\t\t\t\t\t<span class=\"elementor-button-icon\">\n\t\t\t\t<i aria-hidden=\"true\" class=\"fas fa-briefcase\"><\/i>\t\t\t<\/span>\n\t\t\t\t\t\t\t\t\t<span class=\"elementor-button-text\">Stellenangebote<\/span>\n\t\t\t\t\t<\/span>\n\t\t\t\t\t<\/a>\n\t\t\t\t<\/div>\n\t\t\t\t\t\t\t\t<\/div>\n\t\t\t\t<\/div>\n\t\t\t\t<\/div>\n\t\t\t\t<\/div>\n\t\t<div class=\"elementor-element elementor-element-263583b e-con-full e-flex e-con e-child\" data-id=\"263583b\" data-element_type=\"container\" data-e-type=\"container\">\n\t\t\t\t<div class=\"elementor-element elementor-element-e456880 elementor-widget elementor-widget-image\" data-id=\"e456880\" data-element_type=\"widget\" data-e-type=\"widget\" data-widget_type=\"image.default\">\n\t\t\t\t<div class=\"elementor-widget-container\">\n\t\t\t\t\t\t\t\t\t\t\t\t\t\t\t<img decoding=\"async\" width=\"667\" height=\"500\" src=\"https:\/\/faber-etec.de\/wp-content\/uploads\/sites\/3\/2024\/07\/Faber-E-Tec-Werk-Buende.jpg\" class=\"attachment-medium_large size-medium_large wp-image-6997\" alt=\"-\" srcset=\"https:\/\/faber-etec.de\/wp-content\/uploads\/sites\/3\/2024\/07\/Faber-E-Tec-Werk-Buende.jpg 667w, https:\/\/faber-etec.de\/wp-content\/uploads\/sites\/3\/2024\/07\/Faber-E-Tec-Werk-Buende-300x225.jpg 300w, https:\/\/faber-etec.de\/wp-content\/uploads\/sites\/3\/2024\/07\/Faber-E-Tec-Werk-Buende-16x12.jpg 16w\" sizes=\"(max-width: 667px) 100vw, 667px\" title=\"Faber-E-Tec-Werk-Buende.jpg\">\t\t\t\t\t\t\t\t\t\t\t\t\t\t\t<\/div>\n\t\t\t\t<\/div>\n\t\t\t\t<\/div>\n\t\t\t\t\t<\/div>\n\t\t\t\t<\/div>\n\t\t<div class=\"elementor-element elementor-element-027c230 e-flex e-con-boxed e-con e-parent\" data-id=\"027c230\" data-element_type=\"container\" data-e-type=\"container\">\n\t\t\t\t\t<div class=\"e-con-inner\">\n\t\t<div class=\"elementor-element elementor-element-9db5baa e-con-full e-flex e-con e-child\" data-id=\"9db5baa\" data-element_type=\"container\" data-e-type=\"container\" data-settings=\"{&quot;background_background&quot;:&quot;classic&quot;}\">\n\t\t\t\t<div class=\"elementor-element elementor-element-d6179a4 elementor-widget elementor-widget-heading\" data-id=\"d6179a4\" data-element_type=\"widget\" data-e-type=\"widget\" data-widget_type=\"heading.default\">\n\t\t\t\t<div class=\"elementor-widget-container\">\n\t\t\t\t\t<span class=\"elementor-heading-title elementor-size-default\">Persona de contacto<\/span>\t\t\t\t<\/div>\n\t\t\t\t<\/div>\n\t\t\t\t<div class=\"elementor-element elementor-element-5bbb502 elementor-widget elementor-widget-heading\" data-id=\"5bbb502\" data-element_type=\"widget\" data-e-type=\"widget\" data-widget_type=\"heading.default\">\n\t\t\t\t<div class=\"elementor-widget-container\">\n\t\t\t\t\t<span class=\"elementor-heading-title elementor-size-default\">Hermann Kromm <\/span>\t\t\t\t<\/div>\n\t\t\t\t<\/div>\n\t\t\t\t<div class=\"elementor-element elementor-element-50c6229 elementor-widget elementor-widget-image\" data-id=\"50c6229\" data-element_type=\"widget\" data-e-type=\"widget\" data-widget_type=\"image.default\">\n\t\t\t\t<div class=\"elementor-widget-container\">\n\t\t\t\t\t\t\t\t\t\t\t\t\t\t\t\t<a href=\"https:\/\/faber-etec.de\/wp-content\/uploads\/sites\/3\/2024\/07\/Ansprechpartner-Buende-Hermann-Kromm-Faber-E-Tec-EPC.jpg\" title=\"Contacto Buende Hermann Kromm Faber E Tec EPC.jpg - - \" data-elementor-open-lightbox=\"yes\" data-e-action-hash=\"#elementor-action%3Aaction%3Dlightbox%26settings%3DeyJpZCI6IjcyMjUiLCJ1cmwiOiJodHRwczpcL1wvZmFiZXItZXRlYy5kZVwvd3AtY29udGVudFwvdXBsb2Fkc1wvc2l0ZXNcLzNcLzIwMjRcLzA3XC9BbnNwcmVjaHBhcnRuZXItQnVlbmRlLUhlcm1hbm4tS3JvbW0tRmFiZXItRS1UZWMtRVBDLmpwZyJ9\">\n\t\t\t\t\t\t\t<img decoding=\"async\" width=\"300\" height=\"300\" src=\"https:\/\/faber-etec.de\/wp-content\/uploads\/sites\/3\/2024\/07\/Ansprechpartner-Buende-Hermann-Kromm-Faber-E-Tec-EPC-300x300.jpg\" class=\"attachment-medium size-medium wp-image-7225\" alt=\"P\u00f3ngase en contacto con B\u00fcnde Hermann Kromm - Faber E-Tec - EPC, experto en centros compactos, centros de transformaci\u00f3n y centros de transformaci\u00f3n para la construcci\u00f3n de hormig\u00f3n. Ofrece asesoramiento integral sobre estaciones compactas de transformadores y soluciones a medida en el sector EPC.\" srcset=\"https:\/\/faber-etec.de\/wp-content\/uploads\/sites\/3\/2024\/07\/Ansprechpartner-Buende-Hermann-Kromm-Faber-E-Tec-EPC-300x300.jpg 300w, https:\/\/faber-etec.de\/wp-content\/uploads\/sites\/3\/2024\/07\/Ansprechpartner-Buende-Hermann-Kromm-Faber-E-Tec-EPC-1024x1024.jpg 1024w, https:\/\/faber-etec.de\/wp-content\/uploads\/sites\/3\/2024\/07\/Ansprechpartner-Buende-Hermann-Kromm-Faber-E-Tec-EPC-150x150.jpg 150w, https:\/\/faber-etec.de\/wp-content\/uploads\/sites\/3\/2024\/07\/Ansprechpartner-Buende-Hermann-Kromm-Faber-E-Tec-EPC-768x768.jpg 768w, https:\/\/faber-etec.de\/wp-content\/uploads\/sites\/3\/2024\/07\/Ansprechpartner-Buende-Hermann-Kromm-Faber-E-Tec-EPC-1536x1536.jpg 1536w, https:\/\/faber-etec.de\/wp-content\/uploads\/sites\/3\/2024\/07\/Ansprechpartner-Buende-Hermann-Kromm-Faber-E-Tec-EPC-2048x2048.jpg 2048w, https:\/\/faber-etec.de\/wp-content\/uploads\/sites\/3\/2024\/07\/Ansprechpartner-Buende-Hermann-Kromm-Faber-E-Tec-EPC-12x12.jpg 12w\" sizes=\"(max-width: 300px) 100vw, 300px\" title=\"P\u00f3ngase en contacto con B\u00fcnde Hermann Kromm - Faber E-Tec - EPC, experto en centros compactos, centros de transformaci\u00f3n y centros de transformaci\u00f3n para la construcci\u00f3n de hormig\u00f3n. Ofrece asesoramiento integral sobre estaciones compactas de transformadores y soluciones a medida en el sector EPC.\" \/>\t\t\t\t\t\t\t\t<\/a>\n\t\t\t\t\t\t\t\t\t\t\t\t\t\t\t<\/div>\n\t\t\t\t<\/div>\n\t\t\t\t<div class=\"elementor-element elementor-element-3150dfc elementor-widget elementor-widget-heading\" data-id=\"3150dfc\" data-element_type=\"widget\" data-e-type=\"widget\" data-widget_type=\"heading.default\">\n\t\t\t\t<div class=\"elementor-widget-container\">\n\t\t\t\t\t<span class=\"elementor-heading-title elementor-size-default\">Alem\u00e1n | Ingl\u00e9s<\/span>\t\t\t\t<\/div>\n\t\t\t\t<\/div>\n\t\t\t\t<\/div>\n\t\t<div class=\"elementor-element elementor-element-b201532 e-con-full e-flex e-con e-child\" data-id=\"b201532\" data-element_type=\"container\" data-e-type=\"container\">\n\t\t<div class=\"elementor-element elementor-element-4896a78 e-grid e-con-full e-con e-child\" data-id=\"4896a78\" data-element_type=\"container\" data-e-type=\"container\">\n\t\t\t\t<div class=\"elementor-element elementor-element-93fae9c elementor-widget elementor-widget-image\" data-id=\"93fae9c\" data-element_type=\"widget\" data-e-type=\"widget\" data-widget_type=\"image.default\">\n\t\t\t\t<div class=\"elementor-widget-container\">\n\t\t\t\t\t\t\t\t\t\t\t\t\t\t\t<img loading=\"lazy\" decoding=\"async\" width=\"800\" height=\"534\" src=\"https:\/\/faber-etec.de\/wp-content\/uploads\/sites\/3\/2024\/08\/e-tec_produktion\u00a9patrick.labitzke\u00a9candidateflow_B013-1024x683.jpg\" class=\"attachment-large size-large wp-image-11370\" alt=\"-\" srcset=\"\" sizes=\"(max-width: 800px) 100vw, 800px\" title=\"e-tec_production\u00a9patrick.labitzke\u00a9candidateflow_B013\" data-srcset=\"\">\t\t\t\t\t\t\t\t\t\t\t\t\t\t\t<\/div>\n\t\t\t\t<\/div>\n\t\t\t\t<div class=\"elementor-element elementor-element-18d5a91 elementor-widget elementor-widget-image\" data-id=\"18d5a91\" data-element_type=\"widget\" data-e-type=\"widget\" data-widget_type=\"image.default\">\n\t\t\t\t<div class=\"elementor-widget-container\">\n\t\t\t\t\t\t\t\t\t\t\t\t\t\t\t<img loading=\"lazy\" decoding=\"async\" width=\"800\" height=\"534\" src=\"https:\/\/faber-etec.de\/wp-content\/uploads\/sites\/3\/2024\/08\/e-tec_produktion\u00a9patrick.labitzke\u00a9candidateflow_B037-1024x683.jpg\" class=\"attachment-large size-large wp-image-11371\" alt=\"-\" srcset=\"\" sizes=\"(max-width: 800px) 100vw, 800px\" title=\"e-tec_produktion\u00a9patrick.labitzke\u00a9candidateflow_B037\" data-srcset=\"\">\t\t\t\t\t\t\t\t\t\t\t\t\t\t\t<\/div>\n\t\t\t\t<\/div>\n\t\t\t\t<div class=\"elementor-element elementor-element-67ab61c elementor-widget elementor-widget-image\" data-id=\"67ab61c\" data-element_type=\"widget\" data-e-type=\"widget\" data-widget_type=\"image.default\">\n\t\t\t\t<div class=\"elementor-widget-container\">\n\t\t\t\t\t\t\t\t\t\t\t\t\t\t\t<img loading=\"lazy\" decoding=\"async\" width=\"700\" height=\"466\" src=\"https:\/\/faber-etec.de\/wp-content\/uploads\/sites\/3\/2024\/06\/sm2x.webp\" class=\"attachment-large size-large wp-image-8650\" alt=\"Dos sonrientes empleados de Faber E-Tec GmbH con ropa de trabajo azul\" srcset=\"https:\/\/faber-etec.de\/wp-content\/uploads\/sites\/3\/2024\/06\/sm2x.webp 700w, https:\/\/faber-etec.de\/wp-content\/uploads\/sites\/3\/2024\/06\/sm2x-300x200.webp 300w, https:\/\/faber-etec.de\/wp-content\/uploads\/sites\/3\/2024\/06\/sm2x-18x12.webp 18w\" sizes=\"(max-width: 700px) 100vw, 700px\" title=\"Empleo en Faber E-Tec - Forme parte de nuestro equipo\" \/>\t\t\t\t\t\t\t\t\t\t\t\t\t\t\t<\/div>\n\t\t\t\t<\/div>\n\t\t\t\t<div class=\"elementor-element elementor-element-62e35df elementor-widget elementor-widget-image\" data-id=\"62e35df\" data-element_type=\"widget\" data-e-type=\"widget\" data-widget_type=\"image.default\">\n\t\t\t\t<div class=\"elementor-widget-container\">\n\t\t\t\t\t\t\t\t\t\t\t\t\t\t\t<img loading=\"lazy\" decoding=\"async\" width=\"800\" height=\"534\" src=\"https:\/\/faber-etec.de\/wp-content\/uploads\/sites\/3\/2024\/08\/e-tec_produktion\u00a9patrick.labitzke\u00a9candidateflow_B024-1024x683.jpg\" class=\"attachment-large size-large wp-image-11372\" alt=\"-\" srcset=\"\" sizes=\"(max-width: 800px) 100vw, 800px\" title=\"e-tec_production\u00a9patrick.labitzke\u00a9candidateflow_B024\" data-srcset=\"\">\t\t\t\t\t\t\t\t\t\t\t\t\t\t\t<\/div>\n\t\t\t\t<\/div>\n\t\t\t\t<\/div>\n\t\t\t\t<\/div>\n\t\t<div class=\"elementor-element elementor-element-361e22c e-con-full e-flex e-con e-child\" data-id=\"361e22c\" data-element_type=\"container\" data-e-type=\"container\">\n\t\t\t\t<div class=\"elementor-element elementor-element-a11e60e elementor-widget elementor-widget-heading\" data-id=\"a11e60e\" data-element_type=\"widget\" data-e-type=\"widget\" data-widget_type=\"heading.default\">\n\t\t\t\t<div class=\"elementor-widget-container\">\n\t\t\t\t\t<span class=\"elementor-heading-title elementor-size-default\">Datos de contacto<\/span>\t\t\t\t<\/div>\n\t\t\t\t<\/div>\n\t\t\t\t<div class=\"elementor-element elementor-element-6b3a97f elementor-align-start elementor-widget__width-auto elementor-icon-list--layout-traditional elementor-list-item-link-full_width elementor-invisible elementor-widget elementor-widget-icon-list\" data-id=\"6b3a97f\" data-element_type=\"widget\" data-e-type=\"widget\" data-settings=\"{&quot;_animation&quot;:&quot;fadeIn&quot;}\" data-widget_type=\"icon-list.default\">\n\t\t\t\t<div class=\"elementor-widget-container\">\n\t\t\t\t\t\t\t<ul class=\"elementor-icon-list-items\">\n\t\t\t\t\t\t\t<li class=\"elementor-icon-list-item\">\n\t\t\t\t\t\t\t\t\t\t\t<a  href=\"tel:+4952236570890\" title=\"+4952236570890 - Tel\u00e9fono (+49) 05223 . 65708 90\">\n\n\t\t\t\t\t\t\t\t\t\t\t\t<span class=\"elementor-icon-list-icon\">\n\t\t\t\t\t\t\t<i aria-hidden=\"true\" class=\"fas fa-phone-alt\"><\/i>\t\t\t\t\t\t<\/span>\n\t\t\t\t\t\t\t\t\t\t<span class=\"elementor-icon-list-text\">Telefon (+49) 05223 . 65708 90<\/span>\n\t\t\t\t\t\t\t\t\t\t\t<\/a>\n\t\t\t\t\t\t\t\t\t<\/li>\n\t\t\t\t\t\t\t\t<li class=\"elementor-icon-list-item\">\n\t\t\t\t\t\t\t\t\t\t\t<a  href=\"tel:+4952236570890\" title=\"+4952236570890 - Fax (+49) 05223 . 49 26 171\">\n\n\t\t\t\t\t\t\t\t\t\t\t\t<span class=\"elementor-icon-list-icon\">\n\t\t\t\t\t\t\t<i aria-hidden=\"true\" class=\"fas fa-fax\"><\/i>\t\t\t\t\t\t<\/span>\n\t\t\t\t\t\t\t\t\t\t<span class=\"elementor-icon-list-text\">Fax (+49) 05223 . 49 26 171<\/span>\n\t\t\t\t\t\t\t\t\t\t\t<\/a>\n\t\t\t\t\t\t\t\t\t<\/li>\n\t\t\t\t\t\t\t\t<li class=\"elementor-icon-list-item\">\n\t\t\t\t\t\t\t\t\t\t\t<a  href=\"mailto:info@faber-etec.de\" title=\"Info@faber Etec.de - info@faber-etec.de\">\n\n\t\t\t\t\t\t\t\t\t\t\t\t<span class=\"elementor-icon-list-icon\">\n\t\t\t\t\t\t\t<i aria-hidden=\"true\" class=\"fas fa-at\"><\/i>\t\t\t\t\t\t<\/span>\n\t\t\t\t\t\t\t\t\t\t<span class=\"elementor-icon-list-text\">info@faber-etec.de<\/span>\n\t\t\t\t\t\t\t\t\t\t\t<\/a>\n\t\t\t\t\t\t\t\t\t<\/li>\n\t\t\t\t\t\t\t\t<li class=\"elementor-icon-list-item\">\n\t\t\t\t\t\t\t\t\t\t\t<a  href=\"mailto:anfrage@faber-etec.de\" title=\"Consulta@faber Etec.de - anfrage@faber-etec.de\">\n\n\t\t\t\t\t\t\t\t\t\t\t\t<span class=\"elementor-icon-list-icon\">\n\t\t\t\t\t\t\t<i aria-hidden=\"true\" class=\"fas fa-at\"><\/i>\t\t\t\t\t\t<\/span>\n\t\t\t\t\t\t\t\t\t\t<span class=\"elementor-icon-list-text\">anfrage@faber-etec.de<\/span>\n\t\t\t\t\t\t\t\t\t\t\t<\/a>\n\t\t\t\t\t\t\t\t\t<\/li>\n\t\t\t\t\t\t<\/ul>\n\t\t\t\t\t\t<\/div>\n\t\t\t\t<\/div>\n\t\t\t\t<\/div>\n\t\t\t\t\t<\/div>\n\t\t\t\t<\/div>\n\t\t<div class=\"elementor-element elementor-element-b44c70d e-flex e-con-boxed e-con e-parent\" data-id=\"b44c70d\" data-element_type=\"container\" data-e-type=\"container\">\n\t\t\t\t\t<div class=\"e-con-inner\">\n\t\t\t\t<div class=\"elementor-element elementor-element-502cd20 elementor-widget-divider--view-line elementor-widget elementor-widget-divider\" data-id=\"502cd20\" data-element_type=\"widget\" data-e-type=\"widget\" data-widget_type=\"divider.default\">\n\t\t\t\t<div class=\"elementor-widget-container\">\n\t\t\t\t\t\t\t<div class=\"elementor-divider\">\n\t\t\t<span class=\"elementor-divider-separator\">\n\t\t\t\t\t\t<\/span>\n\t\t<\/div>\n\t\t\t\t\t\t<\/div>\n\t\t\t\t<\/div>\n\t\t\t\t\t<\/div>\n\t\t\t\t<\/div>\n\t\t<div class=\"elementor-element elementor-element-02fed29 e-flex e-con-boxed e-con e-parent\" data-id=\"02fed29\" data-element_type=\"container\" data-e-type=\"container\">\n\t\t\t\t\t<div class=\"e-con-inner\">\n\t\t<div class=\"elementor-element elementor-element-aef9f62 e-con-full e-flex e-con e-child\" data-id=\"aef9f62\" data-element_type=\"container\" data-e-type=\"container\">\n\t\t\t\t<div class=\"elementor-element elementor-element-35bf190 elementor-widget elementor-widget-heading\" data-id=\"35bf190\" data-element_type=\"widget\" data-e-type=\"widget\" data-widget_type=\"heading.default\">\n\t\t\t\t<div class=\"elementor-widget-container\">\n\t\t\t\t\t<h2 class=\"elementor-heading-title elementor-size-default\">Ubicaci\u00f3n de Dresde<\/h2>\t\t\t\t<\/div>\n\t\t\t\t<\/div>\n\t\t\t\t<div class=\"elementor-element elementor-element-958ca57 elementor-widget elementor-widget-heading\" data-id=\"958ca57\" data-element_type=\"widget\" data-e-type=\"widget\" data-widget_type=\"heading.default\">\n\t\t\t\t<div class=\"elementor-widget-container\">\n\t\t\t\t\t<h3 class=\"elementor-heading-title elementor-size-default\">Planificaci\u00f3n de ventas y proyectos<\/h3>\t\t\t\t<\/div>\n\t\t\t\t<\/div>\n\t\t\t\t<div class=\"elementor-element elementor-element-e089348 elementor-widget elementor-widget-text-editor\" data-id=\"e089348\" data-element_type=\"widget\" data-e-type=\"widget\" data-widget_type=\"text-editor.default\">\n\t\t\t\t<div class=\"elementor-widget-container\">\n\t\t\t\t\t\t\t\t\t<p>Nuestra sede en Dresde es el centro de competencia de Faber E-Tec GmbH para ventas y planificaci\u00f3n de proyectos. Nuestros expertos in situ garantizan que sus requisitos individuales se cumplan de forma eficiente y fiable, y le proporcionan una amplia experiencia.<\/p><p>Con nuestra ubicaci\u00f3n central en Dresde, garantizamos una asistencia \u00f3ptima a nuestros clientes y socios.<\/p>\t\t\t\t\t\t\t\t<\/div>\n\t\t\t\t<\/div>\n\t\t<div class=\"elementor-element elementor-element-ceca017 e-con-full e-flex e-con e-child\" data-id=\"ceca017\" data-element_type=\"container\" data-e-type=\"container\">\n\t\t\t\t<div class=\"elementor-element elementor-element-cfef293 elementor-align-left elementor-widget elementor-widget-button\" data-id=\"cfef293\" data-element_type=\"widget\" data-e-type=\"widget\" data-widget_type=\"button.default\">\n\t\t\t\t<div class=\"elementor-widget-container\">\n\t\t\t\t\t\t\t\t\t<div class=\"elementor-button-wrapper\">\n\t\t\t\t\t<a class=\"elementor-button elementor-button-link elementor-size-sm\" href=\"https:\/\/faber-etec.de\/es\/lugares\/dresde\/\" title=\"Dresde - Ubicaci\u00f3n de Dresde\">\n\t\t\t\t\t\t<span class=\"elementor-button-content-wrapper\">\n\t\t\t\t\t\t<span class=\"elementor-button-icon\">\n\t\t\t\t<i aria-hidden=\"true\" class=\"fas fa-angle-right\"><\/i>\t\t\t<\/span>\n\t\t\t\t\t\t\t\t\t<span class=\"elementor-button-text\">Ubicaci\u00f3n de Dresde<\/span>\n\t\t\t\t\t<\/span>\n\t\t\t\t\t<\/a>\n\t\t\t\t<\/div>\n\t\t\t\t\t\t\t\t<\/div>\n\t\t\t\t<\/div>\n\t\t\t\t<div class=\"elementor-element elementor-element-9e1b6ff elementor-align-left elementor-widget elementor-widget-button\" data-id=\"9e1b6ff\" data-element_type=\"widget\" data-e-type=\"widget\" data-widget_type=\"button.default\">\n\t\t\t\t<div class=\"elementor-widget-container\">\n\t\t\t\t\t\t\t\t\t<div class=\"elementor-button-wrapper\">\n\t\t\t\t\t<a class=\"elementor-button elementor-button-link elementor-size-sm\" href=\"https:\/\/www.faber-etec-karriere.de\/\" title=\" - Vacantes\" target=\"_blank\" rel=\"noopener\">\n\t\t\t\t\t\t<span class=\"elementor-button-content-wrapper\">\n\t\t\t\t\t\t<span class=\"elementor-button-icon\">\n\t\t\t\t<i aria-hidden=\"true\" class=\"fas fa-briefcase\"><\/i>\t\t\t<\/span>\n\t\t\t\t\t\t\t\t\t<span class=\"elementor-button-text\">Stellenangebote<\/span>\n\t\t\t\t\t<\/span>\n\t\t\t\t\t<\/a>\n\t\t\t\t<\/div>\n\t\t\t\t\t\t\t\t<\/div>\n\t\t\t\t<\/div>\n\t\t\t\t<\/div>\n\t\t\t\t<\/div>\n\t\t<div class=\"elementor-element elementor-element-17ea09a e-con-full e-flex e-con e-child\" data-id=\"17ea09a\" data-element_type=\"container\" data-e-type=\"container\">\n\t\t\t\t<div class=\"elementor-element elementor-element-abf62b7 elementor-widget elementor-widget-image\" data-id=\"abf62b7\" data-element_type=\"widget\" data-e-type=\"widget\" data-widget_type=\"image.default\">\n\t\t\t\t<div class=\"elementor-widget-container\">\n\t\t\t\t\t\t\t\t\t\t\t\t\t\t\t<img loading=\"lazy\" decoding=\"async\" width=\"768\" height=\"512\" src=\"https:\/\/faber-etec.de\/wp-content\/uploads\/sites\/3\/2024\/07\/e-tec_office\u00a9stefan.hopf\u00a9candidateflow_B060-768x512.jpg\" class=\"attachment-medium_large size-medium_large wp-image-6996\" alt=\"-\" srcset=\"\" sizes=\"(max-width: 768px) 100vw, 768px\" title=\"e-tec_office\u00a9stefan.hopf\u00a9candidateflow_B060.jpg\" data-srcset=\"\">\t\t\t\t\t\t\t\t\t\t\t\t\t\t\t<\/div>\n\t\t\t\t<\/div>\n\t\t\t\t<\/div>\n\t\t\t\t\t<\/div>\n\t\t\t\t<\/div>\n\t\t<div class=\"elementor-element elementor-element-8eb284e e-flex e-con-boxed e-con e-parent\" data-id=\"8eb284e\" data-element_type=\"container\" data-e-type=\"container\">\n\t\t\t\t\t<div class=\"e-con-inner\">\n\t\t<div class=\"elementor-element elementor-element-637dca1 e-con-full e-flex e-con e-child\" data-id=\"637dca1\" data-element_type=\"container\" data-e-type=\"container\" data-settings=\"{&quot;background_background&quot;:&quot;classic&quot;}\">\n\t\t\t\t<div class=\"elementor-element elementor-element-073569d elementor-widget elementor-widget-heading\" data-id=\"073569d\" data-element_type=\"widget\" data-e-type=\"widget\" data-widget_type=\"heading.default\">\n\t\t\t\t<div class=\"elementor-widget-container\">\n\t\t\t\t\t<span class=\"elementor-heading-title elementor-size-default\">Persona de contacto<\/span>\t\t\t\t<\/div>\n\t\t\t\t<\/div>\n\t\t\t\t<div class=\"elementor-element elementor-element-87abb1c elementor-widget elementor-widget-heading\" data-id=\"87abb1c\" data-element_type=\"widget\" data-e-type=\"widget\" data-widget_type=\"heading.default\">\n\t\t\t\t<div class=\"elementor-widget-container\">\n\t\t\t\t\t<span class=\"elementor-heading-title elementor-size-default\">Jonas Kothy<\/span>\t\t\t\t<\/div>\n\t\t\t\t<\/div>\n\t\t\t\t<div class=\"elementor-element elementor-element-ecb8117 elementor-widget elementor-widget-image\" data-id=\"ecb8117\" data-element_type=\"widget\" data-e-type=\"widget\" data-widget_type=\"image.default\">\n\t\t\t\t<div class=\"elementor-widget-container\">\n\t\t\t\t\t\t\t\t\t\t\t\t\t\t\t\t<a href=\"https:\/\/faber-etec.de\/wp-content\/uploads\/sites\/3\/2024\/07\/Ansprechpartner-Dresden-Jonas-Kothy-Faber-E-Tec-EPC.jpg\" title=\"Contacto Dresde Jonas Kothy Faber E Tec EPC.jpg - - \" data-elementor-open-lightbox=\"yes\" data-e-action-hash=\"#elementor-action%3Aaction%3Dlightbox%26settings%3DeyJpZCI6IjcyMjYiLCJ1cmwiOiJodHRwczpcL1wvZmFiZXItZXRlYy5kZVwvd3AtY29udGVudFwvdXBsb2Fkc1wvc2l0ZXNcLzNcLzIwMjRcLzA3XC9BbnNwcmVjaHBhcnRuZXItRHJlc2Rlbi1Kb25hcy1Lb3RoeS1GYWJlci1FLVRlYy1FUEMuanBnIn0%3D\">\n\t\t\t\t\t\t\t<img loading=\"lazy\" decoding=\"async\" width=\"300\" height=\"300\" src=\"https:\/\/faber-etec.de\/wp-content\/uploads\/sites\/3\/2024\/07\/Ansprechpartner-Dresden-Jonas-Kothy-Faber-E-Tec-EPC-300x300.jpg\" class=\"attachment-medium size-medium wp-image-7226\" alt=\"P\u00f3ngase en contacto con Jonas Kothy de Dresde para todas sus preguntas sobre estaciones compactas y estaciones transformadoras en la construcci\u00f3n de hormig\u00f3n. Como experto en estaciones transformadoras compactas, est\u00e1 a su disposici\u00f3n para asesorarle y ofrecerle soluciones.\" srcset=\"https:\/\/faber-etec.de\/wp-content\/uploads\/sites\/3\/2024\/07\/Ansprechpartner-Dresden-Jonas-Kothy-Faber-E-Tec-EPC-300x300.jpg 300w, https:\/\/faber-etec.de\/wp-content\/uploads\/sites\/3\/2024\/07\/Ansprechpartner-Dresden-Jonas-Kothy-Faber-E-Tec-EPC-1024x1024.jpg 1024w, https:\/\/faber-etec.de\/wp-content\/uploads\/sites\/3\/2024\/07\/Ansprechpartner-Dresden-Jonas-Kothy-Faber-E-Tec-EPC-150x150.jpg 150w, https:\/\/faber-etec.de\/wp-content\/uploads\/sites\/3\/2024\/07\/Ansprechpartner-Dresden-Jonas-Kothy-Faber-E-Tec-EPC-768x768.jpg 768w, https:\/\/faber-etec.de\/wp-content\/uploads\/sites\/3\/2024\/07\/Ansprechpartner-Dresden-Jonas-Kothy-Faber-E-Tec-EPC-1536x1536.jpg 1536w, https:\/\/faber-etec.de\/wp-content\/uploads\/sites\/3\/2024\/07\/Ansprechpartner-Dresden-Jonas-Kothy-Faber-E-Tec-EPC-2048x2048.jpg 2048w, https:\/\/faber-etec.de\/wp-content\/uploads\/sites\/3\/2024\/07\/Ansprechpartner-Dresden-Jonas-Kothy-Faber-E-Tec-EPC-12x12.jpg 12w\" sizes=\"(max-width: 300px) 100vw, 300px\" title=\"Contacto Dresde Jonas Kothy - Faber E-Tec - EPC\" \/>\t\t\t\t\t\t\t\t<\/a>\n\t\t\t\t\t\t\t\t\t\t\t\t\t\t\t<\/div>\n\t\t\t\t<\/div>\n\t\t\t\t<div class=\"elementor-element elementor-element-ebd0274 elementor-widget elementor-widget-heading\" data-id=\"ebd0274\" data-element_type=\"widget\" data-e-type=\"widget\" data-widget_type=\"heading.default\">\n\t\t\t\t<div class=\"elementor-widget-container\">\n\t\t\t\t\t<span class=\"elementor-heading-title elementor-size-default\">Alem\u00e1n | Ingl\u00e9s<\/span>\t\t\t\t<\/div>\n\t\t\t\t<\/div>\n\t\t\t\t<\/div>\n\t\t<div class=\"elementor-element elementor-element-0852545 e-con-full e-flex e-con e-child\" data-id=\"0852545\" data-element_type=\"container\" data-e-type=\"container\">\n\t\t<div class=\"elementor-element elementor-element-6f7b17c e-grid e-con-full e-con e-child\" data-id=\"6f7b17c\" data-element_type=\"container\" data-e-type=\"container\">\n\t\t\t\t<div class=\"elementor-element elementor-element-2017025 elementor-widget elementor-widget-image\" data-id=\"2017025\" data-element_type=\"widget\" data-e-type=\"widget\" data-widget_type=\"image.default\">\n\t\t\t\t<div class=\"elementor-widget-container\">\n\t\t\t\t\t\t\t\t\t\t\t\t\t\t\t<img loading=\"lazy\" decoding=\"async\" width=\"800\" height=\"534\" src=\"https:\/\/faber-etec.de\/wp-content\/uploads\/sites\/3\/2024\/08\/e-tec_office\u00a9stefan.hopf\u00a9candidateflow_B003-1024x683.jpg\" class=\"attachment-large size-large wp-image-11367\" alt=\"-\" srcset=\"\" sizes=\"(max-width: 800px) 100vw, 800px\" title=\"e-tec_office\u00a9stefan.hopf\u00a9candidateflow_B003\" data-srcset=\"\">\t\t\t\t\t\t\t\t\t\t\t\t\t\t\t<\/div>\n\t\t\t\t<\/div>\n\t\t\t\t<div class=\"elementor-element elementor-element-f2d6017 elementor-widget elementor-widget-image\" data-id=\"f2d6017\" data-element_type=\"widget\" data-e-type=\"widget\" data-widget_type=\"image.default\">\n\t\t\t\t<div class=\"elementor-widget-container\">\n\t\t\t\t\t\t\t\t\t\t\t\t\t\t\t<img loading=\"lazy\" decoding=\"async\" width=\"800\" height=\"534\" src=\"https:\/\/faber-etec.de\/wp-content\/uploads\/sites\/3\/2024\/08\/130-faberdresden-30-1024x683.jpg\" class=\"attachment-large size-large wp-image-11368\" alt=\"-\" srcset=\"https:\/\/faber-etec.de\/wp-content\/uploads\/sites\/3\/2024\/08\/130-faberdresden-30-1024x683.jpg 1024w, https:\/\/faber-etec.de\/wp-content\/uploads\/sites\/3\/2024\/08\/130-faberdresden-30-300x200.jpg 300w, https:\/\/faber-etec.de\/wp-content\/uploads\/sites\/3\/2024\/08\/130-faberdresden-30-768x512.jpg 768w, https:\/\/faber-etec.de\/wp-content\/uploads\/sites\/3\/2024\/08\/130-faberdresden-30-1536x1024.jpg 1536w, https:\/\/faber-etec.de\/wp-content\/uploads\/sites\/3\/2024\/08\/130-faberdresden-30-2048x1365.jpg 2048w, https:\/\/faber-etec.de\/wp-content\/uploads\/sites\/3\/2024\/08\/130-faberdresden-30-18x12.jpg 18w\" sizes=\"(max-width: 800px) 100vw, 800px\" title=\"130 - faberdresden-30\">\t\t\t\t\t\t\t\t\t\t\t\t\t\t\t<\/div>\n\t\t\t\t<\/div>\n\t\t\t\t<div class=\"elementor-element elementor-element-7fd3655 elementor-widget elementor-widget-image\" data-id=\"7fd3655\" data-element_type=\"widget\" data-e-type=\"widget\" data-widget_type=\"image.default\">\n\t\t\t\t<div class=\"elementor-widget-container\">\n\t\t\t\t\t\t\t\t\t\t\t\t\t\t\t<img loading=\"lazy\" decoding=\"async\" width=\"800\" height=\"534\" src=\"https:\/\/faber-etec.de\/wp-content\/uploads\/sites\/3\/2024\/08\/120-faberdresden-20-1024x683.jpg\" class=\"attachment-large size-large wp-image-11364\" alt=\"-\" srcset=\"https:\/\/faber-etec.de\/wp-content\/uploads\/sites\/3\/2024\/08\/120-faberdresden-20-1024x683.jpg 1024w, https:\/\/faber-etec.de\/wp-content\/uploads\/sites\/3\/2024\/08\/120-faberdresden-20-300x200.jpg 300w, https:\/\/faber-etec.de\/wp-content\/uploads\/sites\/3\/2024\/08\/120-faberdresden-20-768x512.jpg 768w, https:\/\/faber-etec.de\/wp-content\/uploads\/sites\/3\/2024\/08\/120-faberdresden-20-1536x1024.jpg 1536w, https:\/\/faber-etec.de\/wp-content\/uploads\/sites\/3\/2024\/08\/120-faberdresden-20-2048x1365.jpg 2048w, https:\/\/faber-etec.de\/wp-content\/uploads\/sites\/3\/2024\/08\/120-faberdresden-20-18x12.jpg 18w\" sizes=\"(max-width: 800px) 100vw, 800px\" title=\"120 - faberdresden-20\">\t\t\t\t\t\t\t\t\t\t\t\t\t\t\t<\/div>\n\t\t\t\t<\/div>\n\t\t\t\t<div class=\"elementor-element elementor-element-3db89d6 elementor-widget elementor-widget-image\" data-id=\"3db89d6\" data-element_type=\"widget\" data-e-type=\"widget\" data-widget_type=\"image.default\">\n\t\t\t\t<div class=\"elementor-widget-container\">\n\t\t\t\t\t\t\t\t\t\t\t\t\t\t\t<img loading=\"lazy\" decoding=\"async\" width=\"800\" height=\"534\" src=\"https:\/\/faber-etec.de\/wp-content\/uploads\/sites\/3\/2024\/08\/135-faberdresden-35-1024x683.jpg\" class=\"attachment-large size-large wp-image-11369\" alt=\"-\" srcset=\"https:\/\/faber-etec.de\/wp-content\/uploads\/sites\/3\/2024\/08\/135-faberdresden-35-1024x683.jpg 1024w, https:\/\/faber-etec.de\/wp-content\/uploads\/sites\/3\/2024\/08\/135-faberdresden-35-300x200.jpg 300w, https:\/\/faber-etec.de\/wp-content\/uploads\/sites\/3\/2024\/08\/135-faberdresden-35-768x512.jpg 768w, https:\/\/faber-etec.de\/wp-content\/uploads\/sites\/3\/2024\/08\/135-faberdresden-35-1536x1024.jpg 1536w, https:\/\/faber-etec.de\/wp-content\/uploads\/sites\/3\/2024\/08\/135-faberdresden-35-2048x1365.jpg 2048w, https:\/\/faber-etec.de\/wp-content\/uploads\/sites\/3\/2024\/08\/135-faberdresden-35-18x12.jpg 18w\" sizes=\"(max-width: 800px) 100vw, 800px\" title=\"135 - faberdresden-35\">\t\t\t\t\t\t\t\t\t\t\t\t\t\t\t<\/div>\n\t\t\t\t<\/div>\n\t\t\t\t<\/div>\n\t\t\t\t<\/div>\n\t\t<div class=\"elementor-element elementor-element-14e5513 e-con-full e-flex e-con e-child\" data-id=\"14e5513\" data-element_type=\"container\" data-e-type=\"container\">\n\t\t\t\t<div class=\"elementor-element elementor-element-8b01263 elementor-widget elementor-widget-heading\" data-id=\"8b01263\" data-element_type=\"widget\" data-e-type=\"widget\" data-widget_type=\"heading.default\">\n\t\t\t\t<div class=\"elementor-widget-container\">\n\t\t\t\t\t<span class=\"elementor-heading-title elementor-size-default\">Datos de contacto<\/span>\t\t\t\t<\/div>\n\t\t\t\t<\/div>\n\t\t\t\t<div class=\"elementor-element elementor-element-77ba257 elementor-align-start elementor-widget__width-auto elementor-icon-list--layout-traditional elementor-list-item-link-full_width elementor-invisible elementor-widget elementor-widget-icon-list\" data-id=\"77ba257\" data-element_type=\"widget\" data-e-type=\"widget\" data-settings=\"{&quot;_animation&quot;:&quot;fadeIn&quot;}\" data-widget_type=\"icon-list.default\">\n\t\t\t\t<div class=\"elementor-widget-container\">\n\t\t\t\t\t\t\t<ul class=\"elementor-icon-list-items\">\n\t\t\t\t\t\t\t<li class=\"elementor-icon-list-item\">\n\t\t\t\t\t\t\t\t\t\t\t<a  href=\"tel:+4935179995200\" title=\"+4935179995200 - Tel\u00e9fono (+49) 0351 . 79995 200\">\n\n\t\t\t\t\t\t\t\t\t\t\t\t<span class=\"elementor-icon-list-icon\">\n\t\t\t\t\t\t\t<i aria-hidden=\"true\" class=\"fas fa-phone-alt\"><\/i>\t\t\t\t\t\t<\/span>\n\t\t\t\t\t\t\t\t\t\t<span class=\"elementor-icon-list-text\">Tel\u00e9fono (+49) 0351 . 79995 200<\/span>\n\t\t\t\t\t\t\t\t\t\t\t<\/a>\n\t\t\t\t\t\t\t\t\t<\/li>\n\t\t\t\t\t\t\t\t<li class=\"elementor-icon-list-item\">\n\t\t\t\t\t\t\t\t\t\t\t<a  href=\"tel:+4952236570890\" title=\"+4952236570890 - Fax (+49) 05223 . 49 26 171\">\n\n\t\t\t\t\t\t\t\t\t\t\t\t<span class=\"elementor-icon-list-icon\">\n\t\t\t\t\t\t\t<i aria-hidden=\"true\" class=\"fas fa-fax\"><\/i>\t\t\t\t\t\t<\/span>\n\t\t\t\t\t\t\t\t\t\t<span class=\"elementor-icon-list-text\">Fax (+49) 05223 . 49 26 171<\/span>\n\t\t\t\t\t\t\t\t\t\t\t<\/a>\n\t\t\t\t\t\t\t\t\t<\/li>\n\t\t\t\t\t\t\t\t<li class=\"elementor-icon-list-item\">\n\t\t\t\t\t\t\t\t\t\t\t<a  href=\"mailto:info@faber-etec.de\" title=\"Info@faber Etec.de - dresden@faber-etec.de\">\n\n\t\t\t\t\t\t\t\t\t\t\t\t<span class=\"elementor-icon-list-icon\">\n\t\t\t\t\t\t\t<i aria-hidden=\"true\" class=\"fas fa-at\"><\/i>\t\t\t\t\t\t<\/span>\n\t\t\t\t\t\t\t\t\t\t<span class=\"elementor-icon-list-text\">dresden@faber-etec.de<\/span>\n\t\t\t\t\t\t\t\t\t\t\t<\/a>\n\t\t\t\t\t\t\t\t\t<\/li>\n\t\t\t\t\t\t\t\t<li class=\"elementor-icon-list-item\">\n\t\t\t\t\t\t\t\t\t\t\t<span class=\"elementor-icon-list-icon\">\n\t\t\t\t\t\t\t<i aria-hidden=\"true\" class=\"far fa-clock\"><\/i>\t\t\t\t\t\t<\/span>\n\t\t\t\t\t\t\t\t\t\t<span class=\"elementor-icon-list-text\">De lunes a viernes de 8:00 a 15:30<\/span>\n\t\t\t\t\t\t\t\t\t<\/li>\n\t\t\t\t\t\t<\/ul>\n\t\t\t\t\t\t<\/div>\n\t\t\t\t<\/div>\n\t\t\t\t<\/div>\n\t\t\t\t\t<\/div>\n\t\t\t\t<\/div>\n\t\t<div class=\"elementor-element elementor-element-dd71bdc e-flex e-con-boxed e-con e-parent\" data-id=\"dd71bdc\" data-element_type=\"container\" data-e-type=\"container\" id=\"verwaltung\">\n\t\t\t\t\t<div class=\"e-con-inner\">\n\t\t\t\t<div class=\"elementor-element elementor-element-00df056 elementor-widget-divider--view-line elementor-widget elementor-widget-divider\" data-id=\"00df056\" data-element_type=\"widget\" data-e-type=\"widget\" data-widget_type=\"divider.default\">\n\t\t\t\t<div class=\"elementor-widget-container\">\n\t\t\t\t\t\t\t<div class=\"elementor-divider\">\n\t\t\t<span class=\"elementor-divider-separator\">\n\t\t\t\t\t\t<\/span>\n\t\t<\/div>\n\t\t\t\t\t\t<\/div>\n\t\t\t\t<\/div>\n\t\t\t\t\t<\/div>\n\t\t\t\t<\/div>\n\t\t<div class=\"elementor-element elementor-element-768bb7c e-flex e-con-boxed e-con e-parent\" data-id=\"768bb7c\" data-element_type=\"container\" data-e-type=\"container\" id=\"verwaltung\">\n\t\t\t\t\t<div class=\"e-con-inner\">\n\t\t<div class=\"elementor-element elementor-element-a7026da e-con-full e-flex e-con e-child\" data-id=\"a7026da\" data-element_type=\"container\" data-e-type=\"container\">\n\t\t\t\t<div class=\"elementor-element elementor-element-4675f07 elementor-widget elementor-widget-heading\" data-id=\"4675f07\" data-element_type=\"widget\" data-e-type=\"widget\" data-widget_type=\"heading.default\">\n\t\t\t\t<div class=\"elementor-widget-container\">\n\t\t\t\t\t<h2 class=\"elementor-heading-title elementor-size-default\">Administraci\u00f3n<\/h2>\t\t\t\t<\/div>\n\t\t\t\t<\/div>\n\t\t\t\t<div class=\"elementor-element elementor-element-508ddd6 elementor-widget elementor-widget-heading\" data-id=\"508ddd6\" data-element_type=\"widget\" data-e-type=\"widget\" data-widget_type=\"heading.default\">\n\t\t\t\t<div class=\"elementor-widget-container\">\n\t\t\t\t\t<h3 class=\"elementor-heading-title elementor-size-default\">Nuestra sede en B\u00fcnde<\/h3>\t\t\t\t<\/div>\n\t\t\t\t<\/div>\n\t\t\t\t<div class=\"elementor-element elementor-element-eb13bdf elementor-widget elementor-widget-text-editor\" data-id=\"eb13bdf\" data-element_type=\"widget\" data-e-type=\"widget\" data-widget_type=\"text-editor.default\">\n\t\t\t\t<div class=\"elementor-widget-container\">\n\t\t\t\t\t\t\t\t\t<p>Nuestra oficina de B\u00fcnde alberga la administraci\u00f3n y la sede central de Faber E-Tec GmbH. Aqu\u00ed es donde coordinamos nuestros procesos operativos y la planificaci\u00f3n estrat\u00e9gica para ofrecer siempre a nuestros clientes el mejor servicio posible. El equipo especializado de B\u00fcnde garantiza el buen funcionamiento de todos los procesos administrativos y apoya la realizaci\u00f3n de nuestros proyectos. Con un equipamiento de \u00faltima generaci\u00f3n y una ubicaci\u00f3n c\u00e9ntrica, nuestra oficina de B\u00fcnde es el centro neur\u00e1lgico de las actividades de nuestra empresa.<\/p>\t\t\t\t\t\t\t\t<\/div>\n\t\t\t\t<\/div>\n\t\t\t\t<\/div>\n\t\t<div class=\"elementor-element elementor-element-ac1c245 e-con-full e-flex e-con e-child\" data-id=\"ac1c245\" data-element_type=\"container\" data-e-type=\"container\">\n\t\t\t\t<div class=\"elementor-element elementor-element-da606c0 elementor-widget elementor-widget-image\" data-id=\"da606c0\" data-element_type=\"widget\" data-e-type=\"widget\" data-widget_type=\"image.default\">\n\t\t\t\t<div class=\"elementor-widget-container\">\n\t\t\t\t\t\t\t\t\t\t\t\t\t\t\t<img loading=\"lazy\" decoding=\"async\" width=\"768\" height=\"512\" src=\"https:\/\/faber-etec.de\/wp-content\/uploads\/sites\/3\/2024\/07\/notebook-2386034_1920-768x512.jpg\" class=\"attachment-medium_large size-medium_large wp-image-9900\" alt=\"-\" srcset=\"https:\/\/faber-etec.de\/wp-content\/uploads\/sites\/3\/2024\/07\/notebook-2386034_1920-768x512.jpg 768w, https:\/\/faber-etec.de\/wp-content\/uploads\/sites\/3\/2024\/07\/notebook-2386034_1920-300x200.jpg 300w, https:\/\/faber-etec.de\/wp-content\/uploads\/sites\/3\/2024\/07\/notebook-2386034_1920-1024x683.jpg 1024w, https:\/\/faber-etec.de\/wp-content\/uploads\/sites\/3\/2024\/07\/notebook-2386034_1920-1536x1024.jpg 1536w, https:\/\/faber-etec.de\/wp-content\/uploads\/sites\/3\/2024\/07\/notebook-2386034_1920-18x12.jpg 18w, https:\/\/faber-etec.de\/wp-content\/uploads\/sites\/3\/2024\/07\/notebook-2386034_1920.jpg 1920w\" sizes=\"(max-width: 768px) 100vw, 768px\" title=\"notebook-2386034_1920\">\t\t\t\t\t\t\t\t\t\t\t\t\t\t\t<\/div>\n\t\t\t\t<\/div>\n\t\t\t\t<\/div>\n\t\t\t\t\t<\/div>\n\t\t\t\t<\/div>\n\t\t<div class=\"elementor-element elementor-element-664261c e-flex e-con-boxed e-con e-parent\" data-id=\"664261c\" data-element_type=\"container\" data-e-type=\"container\">\n\t\t\t\t\t<div class=\"e-con-inner\">\n\t\t<div class=\"elementor-element elementor-element-580613c e-con-full e-flex e-con e-child\" data-id=\"580613c\" data-element_type=\"container\" data-e-type=\"container\">\n\t\t\t\t<div class=\"elementor-element elementor-element-0ac11cf elementor-align-start elementor-widget__width-auto elementor-icon-list--layout-inline elementor-list-item-link-full_width elementor-invisible elementor-widget elementor-widget-icon-list\" data-id=\"0ac11cf\" data-element_type=\"widget\" data-e-type=\"widget\" data-settings=\"{&quot;_animation&quot;:&quot;fadeIn&quot;}\" data-widget_type=\"icon-list.default\">\n\t\t\t\t<div class=\"elementor-widget-container\">\n\t\t\t\t\t\t\t<ul class=\"elementor-icon-list-items elementor-inline-items\">\n\t\t\t\t\t\t\t<li class=\"elementor-icon-list-item elementor-inline-item\">\n\t\t\t\t\t\t\t\t\t\t\t<a  href=\"tel:+4952236570800\" title=\"+4952236570800 - Tel\u00e9fono (+49) 05223 . 65708 00\">\n\n\t\t\t\t\t\t\t\t\t\t\t\t<span class=\"elementor-icon-list-icon\">\n\t\t\t\t\t\t\t<i aria-hidden=\"true\" class=\"fas fa-phone-alt\"><\/i>\t\t\t\t\t\t<\/span>\n\t\t\t\t\t\t\t\t\t\t<span class=\"elementor-icon-list-text\">Tel\u00e9fono (+49) 05223 . 65708 00<\/span>\n\t\t\t\t\t\t\t\t\t\t\t<\/a>\n\t\t\t\t\t\t\t\t\t<\/li>\n\t\t\t\t\t\t\t\t<li class=\"elementor-icon-list-item elementor-inline-item\">\n\t\t\t\t\t\t\t\t\t\t\t<a  href=\"tel:+4952236570890\" title=\"+4952236570890 - Fax (+49) 05223 . 49 26 171\">\n\n\t\t\t\t\t\t\t\t\t\t\t\t<span class=\"elementor-icon-list-icon\">\n\t\t\t\t\t\t\t<i aria-hidden=\"true\" class=\"fas fa-fax\"><\/i>\t\t\t\t\t\t<\/span>\n\t\t\t\t\t\t\t\t\t\t<span class=\"elementor-icon-list-text\">Fax (+49) 05223 . 49 26 171<\/span>\n\t\t\t\t\t\t\t\t\t\t\t<\/a>\n\t\t\t\t\t\t\t\t\t<\/li>\n\t\t\t\t\t\t\t\t<li class=\"elementor-icon-list-item elementor-inline-item\">\n\t\t\t\t\t\t\t\t\t\t\t<a href=\"https:\/\/g.co\/kgs\/bQswq97\" title=\"BQswq97 - Bachstra\u00dfe 21 en B\u00fcnde\" target=\"_blank\">\n\n\t\t\t\t\t\t\t\t\t\t\t\t<span class=\"elementor-icon-list-icon\">\n\t\t\t\t\t\t\t<i aria-hidden=\"true\" class=\"fas fa-map-marker-alt\"><\/i>\t\t\t\t\t\t<\/span>\n\t\t\t\t\t\t\t\t\t\t<span class=\"elementor-icon-list-text\">Bachstra\u00dfe 21 in B\u00fcnde<\/span>\n\t\t\t\t\t\t\t\t\t\t\t<\/a>\n\t\t\t\t\t\t\t\t\t<\/li>\n\t\t\t\t\t\t\t\t<li class=\"elementor-icon-list-item elementor-inline-item\">\n\t\t\t\t\t\t\t\t\t\t\t<span class=\"elementor-icon-list-icon\">\n\t\t\t\t\t\t\t<i aria-hidden=\"true\" class=\"far fa-clock\"><\/i>\t\t\t\t\t\t<\/span>\n\t\t\t\t\t\t\t\t\t\t<span class=\"elementor-icon-list-text\">De lunes a viernes de 8:00 a 15:30<\/span>\n\t\t\t\t\t\t\t\t\t<\/li>\n\t\t\t\t\t\t<\/ul>\n\t\t\t\t\t\t<\/div>\n\t\t\t\t<\/div>\n\t\t\t\t<\/div>\n\t\t\t\t\t<\/div>\n\t\t\t\t<\/div>\n\t\t\t\t<\/div>","protected":false},"excerpt":{"rendered":"<p>Die Faber E-Tec GmbH ist an drei Standorten in Deutschland vertreten Unser Produktionswerk und unsere zentrale Verwaltung befinden sich in B\u00fcnde im Nordwesten Deutschlands, w\u00e4hrend unser Standort in Dresden, Ostdeutschland, den Vertrieb und die Projektplanung \u00fcbernimmt.\u00a0Diese Verteilung erm\u00f6glicht es uns, effizient und flexibel auf die Bed\u00fcrfnisse unserer Kunden einzugehen. Besuche ausschlie\u00dflich mit Terminvereinbarung m\u00f6glich. Werksstandort [&hellip;]<\/p>\n","protected":false},"author":6,"featured_media":0,"parent":0,"menu_order":0,"comment_status":"closed","ping_status":"closed","template":"","meta":{"_acf_changed":false,"footnotes":""},"class_list":["post-7876","page","type-page","status-publish","hentry"],"acf":[],"_links":{"self":[{"href":"https:\/\/faber-etec.de\/es\/wp-json\/wp\/v2\/pages\/7876","targetHints":{"allow":["GET"]}}],"collection":[{"href":"https:\/\/faber-etec.de\/es\/wp-json\/wp\/v2\/pages"}],"about":[{"href":"https:\/\/faber-etec.de\/es\/wp-json\/wp\/v2\/types\/page"}],"author":[{"embeddable":true,"href":"https:\/\/faber-etec.de\/es\/wp-json\/wp\/v2\/users\/6"}],"replies":[{"embeddable":true,"href":"https:\/\/faber-etec.de\/es\/wp-json\/wp\/v2\/comments?post=7876"}],"version-history":[{"count":12,"href":"https:\/\/faber-etec.de\/es\/wp-json\/wp\/v2\/pages\/7876\/revisions"}],"predecessor-version":[{"id":16195,"href":"https:\/\/faber-etec.de\/es\/wp-json\/wp\/v2\/pages\/7876\/revisions\/16195"}],"wp:attachment":[{"href":"https:\/\/faber-etec.de\/es\/wp-json\/wp\/v2\/media?parent=7876"}],"curies":[{"name":"wp","href":"https:\/\/api.w.org\/{rel}","templated":true}]}}