{"id":7886,"date":"2024-07-08T17:19:21","date_gmt":"2024-07-08T15:19:21","guid":{"rendered":"https:\/\/faber-etec.de\/?page_id=7886"},"modified":"2025-10-29T17:28:48","modified_gmt":"2025-10-29T16:28:48","slug":"blog-noticias","status":"publish","type":"page","link":"https:\/\/faber-etec.de\/es\/blog\/","title":{"rendered":"Noticias y blog"},"content":{"rendered":"<div data-elementor-type=\"wp-page\" data-elementor-id=\"7886\" class=\"elementor elementor-7886\" data-elementor-post-type=\"page\">\n\t\t\t\t<div class=\"elementor-element elementor-element-3246e00 e-flex e-con-boxed e-con e-parent\" data-id=\"3246e00\" data-element_type=\"container\" data-e-type=\"container\" data-settings=\"{&quot;background_background&quot;:&quot;video&quot;,&quot;background_video_link&quot;:&quot;https:\\\/\\\/faber-etec.de\\\/wp-content\\\/uploads\\\/sites\\\/3\\\/2024\\\/08\\\/Solarstation-Trafo-BG.mp4&quot;}\">\n\t\t\t\t\t<div class=\"e-con-inner\">\n\t\t<div class=\"elementor-background-video-container elementor-hidden-mobile\">\n\t\t\t\t\t\t\t<video class=\"elementor-background-video-hosted\" role=\"presentation\" autoplay muted playsinline loop><\/video>\n\t\t\t\t\t<\/div><div class=\"elementor-element elementor-element-a5806a4 e-flex e-con-boxed e-con e-child\" data-id=\"a5806a4\" data-element_type=\"container\" data-e-type=\"container\">\n\t\t\t\t\t<div class=\"e-con-inner\">\n\t\t\t\t<div class=\"elementor-element elementor-element-23ff096 elementor-widget elementor-widget-heading\" data-id=\"23ff096\" data-element_type=\"widget\" data-e-type=\"widget\" data-widget_type=\"heading.default\">\n\t\t\t\t<div class=\"elementor-widget-container\">\n\t\t\t\t\t<h1 class=\"elementor-heading-title elementor-size-default\">Blogs: \u00daltimas noticias e informaci\u00f3n<\/h1>\t\t\t\t<\/div>\n\t\t\t\t<\/div>\n\t\t\t\t<div class=\"elementor-element elementor-element-2ce69d5 elementor-widget elementor-widget-heading\" data-id=\"2ce69d5\" data-element_type=\"widget\" data-e-type=\"widget\" data-widget_type=\"heading.default\">\n\t\t\t\t<div class=\"elementor-widget-container\">\n\t\t\t\t\t<h2 class=\"elementor-heading-title elementor-size-default\"> Novedades del fabricante de centros de transformaci\u00f3n y estaciones compactas<\/h2>\t\t\t\t<\/div>\n\t\t\t\t<\/div>\n\t\t\t\t\t<\/div>\n\t\t\t\t<\/div>\n\t\t\t\t\t<\/div>\n\t\t\t\t<\/div>\n\t\t<div class=\"elementor-element elementor-element-d3d0b80 e-flex e-con-boxed e-con e-parent\" data-id=\"d3d0b80\" data-element_type=\"container\" data-e-type=\"container\" data-settings=\"{&quot;background_background&quot;:&quot;classic&quot;}\">\n\t\t\t\t\t<div class=\"e-con-inner\">\n\t\t<div class=\"elementor-element elementor-element-e21e8c1 e-con-full e-flex e-con e-child\" data-id=\"e21e8c1\" data-element_type=\"container\" data-e-type=\"container\">\n\t\t\t\t<div class=\"elementor-element elementor-element-846bff1 elementor-nav-menu__align-center elementor-widget__width-auto elementor-nav-menu--dropdown-none elementor-widget-tablet_extra__width-initial elementor-widget-tablet__width-auto elementor-widget elementor-widget-nav-menu\" data-id=\"846bff1\" data-element_type=\"widget\" data-e-type=\"widget\" data-settings=\"{&quot;layout&quot;:&quot;horizontal&quot;,&quot;submenu_icon&quot;:{&quot;value&quot;:&quot;&lt;i class=\\&quot;fas fa-caret-down\\&quot; aria-hidden=\\&quot;true\\&quot;&gt;&lt;\\\/i&gt;&quot;,&quot;library&quot;:&quot;fa-solid&quot;}}\" data-widget_type=\"nav-menu.default\">\n\t\t\t\t<div class=\"elementor-widget-container\">\n\t\t\t\t\t\t\t\t<nav aria-label=\"Men\u00fa\" class=\"elementor-nav-menu--main elementor-nav-menu__container elementor-nav-menu--layout-horizontal e--pointer-underline e--animation-fade\">\n\t\t\t\t<ul id=\"menu-1-846bff1\" class=\"elementor-nav-menu\"><li class=\"menu-item menu-item-type-post_type menu-item-object-page menu-item-7928\"><a  href=\"https:\/\/faber-etec.de\/es\/blog\/\" title=\"Blog - Alle\" class=\"elementor-item\">Todos<\/a><\/li>\n<li class=\"menu-item menu-item-type-taxonomy menu-item-object-category menu-item-7903\"><a  href=\"https:\/\/faber-etec.de\/es\/news\/\" title=\"Noticias - E-Tec News\" class=\"elementor-item\">Noticias E-Tec<\/a><\/li>\n<li class=\"menu-item menu-item-type-taxonomy menu-item-object-category menu-item-7908\"><a  href=\"https:\/\/faber-etec.de\/es\/projekte\/\" title=\"Projekte - Projekte\" class=\"elementor-item\">Proyectos<\/a><\/li>\n<li class=\"menu-item menu-item-type-taxonomy menu-item-object-category menu-item-7983\"><a  href=\"https:\/\/faber-etec.de\/es\/events\/\" title=\"Eventos - Eventos y ferias\" class=\"elementor-item\">Eventos y ferias<\/a><\/li>\n<li class=\"menu-item menu-item-type-taxonomy menu-item-object-category menu-item-7907\"><a  href=\"https:\/\/faber-etec.de\/es\/forschung-und-entwicklung\/\" title=\"Investigaci\u00f3n y desarrollo - Investigaci\u00f3n y desarrollo\" class=\"elementor-item\">Investigaci\u00f3n y desarrollo<\/a><\/li>\n<\/ul>\t\t\t<\/nav>\n\t\t\t\t\t\t<nav class=\"elementor-nav-menu--dropdown elementor-nav-menu__container\" aria-hidden=\"true\">\n\t\t\t\t<ul id=\"menu-2-846bff1\" class=\"elementor-nav-menu\"><li class=\"menu-item menu-item-type-post_type menu-item-object-page menu-item-7928\"><a  href=\"https:\/\/faber-etec.de\/es\/blog\/\" title=\"Blog - Alle\" class=\"elementor-item\" tabindex=\"-1\">Todos<\/a><\/li>\n<li class=\"menu-item menu-item-type-taxonomy menu-item-object-category menu-item-7903\"><a  href=\"https:\/\/faber-etec.de\/es\/news\/\" title=\"Noticias - E-Tec News\" class=\"elementor-item\" tabindex=\"-1\">Noticias E-Tec<\/a><\/li>\n<li class=\"menu-item menu-item-type-taxonomy menu-item-object-category menu-item-7908\"><a  href=\"https:\/\/faber-etec.de\/es\/projekte\/\" title=\"Projekte - Projekte\" class=\"elementor-item\" tabindex=\"-1\">Proyectos<\/a><\/li>\n<li class=\"menu-item menu-item-type-taxonomy menu-item-object-category menu-item-7983\"><a  href=\"https:\/\/faber-etec.de\/es\/events\/\" title=\"Eventos - Eventos y ferias\" class=\"elementor-item\" tabindex=\"-1\">Eventos y ferias<\/a><\/li>\n<li class=\"menu-item menu-item-type-taxonomy menu-item-object-category menu-item-7907\"><a  href=\"https:\/\/faber-etec.de\/es\/forschung-und-entwicklung\/\" title=\"Investigaci\u00f3n y desarrollo - Investigaci\u00f3n y desarrollo\" class=\"elementor-item\" tabindex=\"-1\">Investigaci\u00f3n y desarrollo<\/a><\/li>\n<\/ul>\t\t\t<\/nav>\n\t\t\t\t\t\t<\/div>\n\t\t\t\t<\/div>\n\t\t\t\t<div class=\"elementor-element elementor-element-f44f1f2 elementor-widget-tablet_extra__width-initial elementor-widget-tablet__width-auto elementor-search-form--skin-classic elementor-search-form--button-type-icon elementor-search-form--icon-search elementor-widget elementor-widget-search-form\" data-id=\"f44f1f2\" data-element_type=\"widget\" data-e-type=\"widget\" data-settings=\"{&quot;skin&quot;:&quot;classic&quot;}\" data-widget_type=\"search-form.default\">\n\t\t\t\t<div class=\"elementor-widget-container\">\n\t\t\t\t\t\t\t<search role=\"search\">\n\t\t\t<form class=\"elementor-search-form\" action=\"https:\/\/faber-etec.de\/es\/\" method=\"get\" data-trp-original-action=\"https:\/\/faber-etec.de\/es\">\n\t\t\t\t\t\t\t\t\t\t\t\t<div class=\"elementor-search-form__container\">\n\t\t\t\t\t<label class=\"elementor-screen-only\" for=\"elementor-search-form-f44f1f2\">Buscar<\/label>\n\n\t\t\t\t\t\n\t\t\t\t\t<input id=\"elementor-search-form-f44f1f2\" placeholder=\"Buscar en\" class=\"elementor-search-form__input\" type=\"search\" name=\"s\" value=\"\">\n\t\t\t\t\t\n\t\t\t\t\t\t\t\t\t\t\t<button class=\"elementor-search-form__submit\" type=\"submit\" aria-label=\"Buscar\">\n\t\t\t\t\t\t\t\t\t\t\t\t\t\t\t<i aria-hidden=\"true\" class=\"fas fa-search\"><\/i>\t\t\t\t\t\t\t\t\t\t\t\t\t<\/button>\n\t\t\t\t\t\n\t\t\t\t\t\t\t\t\t<\/div>\n\t\t\t<input type=\"hidden\" name=\"trp-form-language\" value=\"es\"\/><\/form>\n\t\t<\/search>\n\t\t\t\t\t\t<\/div>\n\t\t\t\t<\/div>\n\t\t\t\t<\/div>\n\t\t<div class=\"elementor-element elementor-element-3af9d09 e-con-full e-flex e-con e-child\" data-id=\"3af9d09\" data-element_type=\"container\" data-e-type=\"container\">\n\t\t\t\t<div class=\"elementor-element elementor-element-b0e23ef elementor-grid-2 elementor-grid-tablet-2 elementor-grid-mobile-1 elementor-posts--thumbnail-top elementor-widget elementor-widget-posts\" data-id=\"b0e23ef\" data-element_type=\"widget\" data-e-type=\"widget\" data-settings=\"{&quot;classic_columns&quot;:&quot;2&quot;,&quot;classic_row_gap&quot;:{&quot;unit&quot;:&quot;px&quot;,&quot;size&quot;:30,&quot;sizes&quot;:[]},&quot;classic_columns_tablet&quot;:&quot;2&quot;,&quot;classic_columns_mobile&quot;:&quot;1&quot;,&quot;classic_row_gap_laptop&quot;:{&quot;unit&quot;:&quot;px&quot;,&quot;size&quot;:&quot;&quot;,&quot;sizes&quot;:[]},&quot;classic_row_gap_tablet_extra&quot;:{&quot;unit&quot;:&quot;px&quot;,&quot;size&quot;:&quot;&quot;,&quot;sizes&quot;:[]},&quot;classic_row_gap_tablet&quot;:{&quot;unit&quot;:&quot;px&quot;,&quot;size&quot;:&quot;&quot;,&quot;sizes&quot;:[]},&quot;classic_row_gap_mobile&quot;:{&quot;unit&quot;:&quot;px&quot;,&quot;size&quot;:&quot;&quot;,&quot;sizes&quot;:[]}}\" data-widget_type=\"posts.classic\">\n\t\t\t\t<div class=\"elementor-widget-container\">\n\t\t\t\t\t\t\t<div class=\"elementor-posts-container elementor-posts elementor-posts--skin-classic elementor-grid\" role=\"list\">\n\t\t\t\t<article class=\"elementor-post elementor-grid-item post-21488 post type-post status-publish format-standard has-post-thumbnail hentry category-news tag-bess tag-solarpark\" role=\"listitem\">\n\t\t\t\t<a class=\"elementor-post__thumbnail__link\"  href=\"https:\/\/faber-etec.de\/es\/news\/bess-schluesselfertige-solarparks-vermarktung\/\" title=\"Comercializaci\u00f3n de parques solares llave en mano de Bess - \" tabindex=\"-1\" target=\"&quot;_blank&quot;\">\n\t\t\t<div class=\"elementor-post__thumbnail\"><img fetchpriority=\"high\" decoding=\"async\" width=\"768\" height=\"501\" src=\"https:\/\/faber-etec.de\/wp-content\/uploads\/sites\/3\/2026\/01\/3340-kWh-2026-FA-04-768x501.avif\" class=\"attachment-medium_large size-medium_large wp-image-18681\" alt=\"Sistema llave en mano de almacenamiento en bater\u00eda (BESS) para parque solar con tecnolog\u00eda de transformador y media tensi\u00f3n, BESS parque solar almacenamiento en bater\u00eda sistemas fotovoltaicos almacenamiento en bater\u00eda fotovoltaica llave en mano almacenamiento a gran escala parque solar almacenamiento de energ\u00eda parque solar\" title=\"Almacenamiento de bater\u00edas para parques solares - llave en mano de Faber E Tec\" srcset=\"https:\/\/faber-etec.de\/wp-content\/uploads\/sites\/3\/2026\/01\/3340-kWh-2026-FA-04-768x501.avif 768w, https:\/\/faber-etec.de\/wp-content\/uploads\/sites\/3\/2026\/01\/3340-kWh-2026-FA-04-300x196.avif 300w, https:\/\/faber-etec.de\/wp-content\/uploads\/sites\/3\/2026\/01\/3340-kWh-2026-FA-04-1024x668.avif 1024w, https:\/\/faber-etec.de\/wp-content\/uploads\/sites\/3\/2026\/01\/3340-kWh-2026-FA-04-1536x1003.avif 1536w, https:\/\/faber-etec.de\/wp-content\/uploads\/sites\/3\/2026\/01\/3340-kWh-2026-FA-04-2048x1337.avif 2048w, https:\/\/faber-etec.de\/wp-content\/uploads\/sites\/3\/2026\/01\/3340-kWh-2026-FA-04-18x12.avif 18w\" sizes=\"(max-width: 768px) 100vw, 768px\" \/><\/div>\n\t\t<\/a>\n\t\t\t\t<div class=\"elementor-post__text\">\n\t\t\t\t<span class=\"elementor-post__title\">\n\t\t\t<a  href=\"https:\/\/faber-etec.de\/es\/news\/bess-schluesselfertige-solarparks-vermarktung\/\" title=\"Bess Schluesselfertige Solarparks Vermarktung - Sistemas llave en mano de almacenamiento en bater\u00edas para parques solares: soluciones completas BESS que incluyen infraestructura, previsi\u00f3n y comercializaci\u00f3n\" target=\"&quot;_blank&quot;\">\n\t\t\t\tSistemas llave en mano de almacenamiento en bater\u00edas para parques solares: soluciones completas BESS que incluyen infraestructura, previsi\u00f3n y comercializaci\u00f3n\t\t\t<\/a>\n\t\t<\/span>\n\t\t\t\t<div class=\"elementor-post__excerpt\">\n\t\t\t<p>Las horas de precios negativos, los recortes y las restricciones de la red est\u00e1n deprimiendo el rendimiento de muchos parques solares: los sistemas llave en mano de almacenamiento de energ\u00eda en bater\u00edas (BESS) hacen que los ingresos vuelvan a ser controlables y crean un nuevo potencial de comercializaci\u00f3n.<\/p>\t\t<\/div>\n\t\t\t\t<\/div>\n\t\t\t\t<\/article>\n\t\t\t\t<article class=\"elementor-post elementor-grid-item post-17841 post type-post status-publish format-standard has-post-thumbnail hentry category-forschung-und-entwicklung\" role=\"listitem\">\n\t\t\t\t<a class=\"elementor-post__thumbnail__link\"  href=\"https:\/\/faber-etec.de\/es\/forschung-und-entwicklung\/notstromversorgung-batteriespeicher\/\" title=\"Alimentaci\u00f3n de emergencia Almacenamiento de bater\u00edas - \" tabindex=\"-1\" target=\"&quot;_blank&quot;\">\n\t\t\t<div class=\"elementor-post__thumbnail\"><img decoding=\"async\" width=\"768\" height=\"768\" src=\"https:\/\/faber-etec.de\/wp-content\/uploads\/sites\/3\/2025\/11\/Notstromversorgung-avif-768x768.avif\" class=\"attachment-medium_large size-medium_large wp-image-16508\" alt=\"Sistema de almacenamiento de bater\u00edas (BESS) como fuente de alimentaci\u00f3n de emergencia para la industria y el comercio que evita un apag\u00f3n en milisegundos.\" title=\"Fuente de alimentaci\u00f3n de emergencia BESS y SAI para uso comercial\" srcset=\"https:\/\/faber-etec.de\/wp-content\/uploads\/sites\/3\/2025\/11\/Notstromversorgung-avif-768x768.avif 768w, https:\/\/faber-etec.de\/wp-content\/uploads\/sites\/3\/2025\/11\/Notstromversorgung-avif-300x300.avif 300w, https:\/\/faber-etec.de\/wp-content\/uploads\/sites\/3\/2025\/11\/Notstromversorgung-avif-150x150.avif 150w, https:\/\/faber-etec.de\/wp-content\/uploads\/sites\/3\/2025\/11\/Notstromversorgung-avif-12x12.avif 12w, https:\/\/faber-etec.de\/wp-content\/uploads\/sites\/3\/2025\/11\/Notstromversorgung-avif.avif 1024w\" sizes=\"(max-width: 768px) 100vw, 768px\" \/><\/div>\n\t\t<\/a>\n\t\t\t\t<div class=\"elementor-post__text\">\n\t\t\t\t<span class=\"elementor-post__title\">\n\t\t\t<a  href=\"https:\/\/faber-etec.de\/es\/forschung-und-entwicklung\/notstromversorgung-batteriespeicher\/\" title=\"Fuente de alimentaci\u00f3n de emergencia con acumulador - Fuente de alimentaci\u00f3n de emergencia con acumulador - Soluci\u00f3n de seguridad fiable para el comercio y la industria\" target=\"&quot;_blank&quot;\">\n\t\t\t\tFuente de alimentaci\u00f3n de emergencia con acumulador: soluci\u00f3n de seguridad fiable para el comercio y la industria\t\t\t<\/a>\n\t\t<\/span>\n\t\t\t\t<div class=\"elementor-post__excerpt\">\n\t\t\t<p>Suministro el\u00e9ctrico de emergencia instant\u00e1neo en milisegundos: Los sistemas BESS aseguran la producci\u00f3n, las salas de servidores y los procesos cr\u00edticos en el comercio y la industria.<\/p>\t\t<\/div>\n\t\t\t\t<\/div>\n\t\t\t\t<\/article>\n\t\t\t\t<article class=\"elementor-post elementor-grid-item post-17838 post type-post status-publish format-standard has-post-thumbnail hentry category-forschung-und-entwicklung\" role=\"listitem\">\n\t\t\t\t<a class=\"elementor-post__thumbnail__link\"  href=\"https:\/\/faber-etec.de\/es\/forschung-und-entwicklung\/pv-solar-bess-zwischenspeicherung\/\" title=\"Pv Solar Bess almacenamiento intermedio - \" tabindex=\"-1\" target=\"&quot;_blank&quot;\">\n\t\t\t<div class=\"elementor-post__thumbnail\"><img decoding=\"async\" width=\"768\" height=\"530\" src=\"https:\/\/faber-etec.de\/wp-content\/uploads\/sites\/3\/2025\/12\/bess-container-pv-solarpark-industrie-768x530.avif\" class=\"attachment-medium_large size-medium_large wp-image-17755\" alt=\"Moderna soluci\u00f3n de almacenamiento en bater\u00edas (BESS) de Faber E-Tec junto a una estaci\u00f3n de carga r\u00e1pida para absorber picos de carga en el sector comercial.\" title=\"BESS para cargadores r\u00e1pidos - comercio e industria\" srcset=\"https:\/\/faber-etec.de\/wp-content\/uploads\/sites\/3\/2025\/12\/bess-container-pv-solarpark-industrie-768x530.avif 768w, https:\/\/faber-etec.de\/wp-content\/uploads\/sites\/3\/2025\/12\/bess-container-pv-solarpark-industrie-300x207.avif 300w, https:\/\/faber-etec.de\/wp-content\/uploads\/sites\/3\/2025\/12\/bess-container-pv-solarpark-industrie-1024x706.avif 1024w, https:\/\/faber-etec.de\/wp-content\/uploads\/sites\/3\/2025\/12\/bess-container-pv-solarpark-industrie-1536x1060.avif 1536w, https:\/\/faber-etec.de\/wp-content\/uploads\/sites\/3\/2025\/12\/bess-container-pv-solarpark-industrie-18x12.avif 18w, https:\/\/faber-etec.de\/wp-content\/uploads\/sites\/3\/2025\/12\/bess-container-pv-solarpark-industrie.avif 1590w\" sizes=\"(max-width: 768px) 100vw, 768px\" \/><\/div>\n\t\t<\/a>\n\t\t\t\t<div class=\"elementor-post__text\">\n\t\t\t\t<span class=\"elementor-post__title\">\n\t\t\t<a  href=\"https:\/\/faber-etec.de\/es\/forschung-und-entwicklung\/pv-solar-bess-zwischenspeicherung\/\" title=\"Pv Solar Bess intermediate storage - Almacenamiento intermedio FV: uso eficiente de la energ\u00eda solar con sistemas comerciales de almacenamiento en bater\u00edas\" target=\"&quot;_blank&quot;\">\n\t\t\t\tAlmacenamiento fotovoltaico intermedio: uso eficiente de la energ\u00eda solar con sistemas comerciales de almacenamiento en bater\u00edas\t\t\t<\/a>\n\t\t<\/span>\n\t\t\t\t<div class=\"elementor-post__excerpt\">\n\t\t\t<p>Utilice su energ\u00eda solar de forma eficiente: los sistemas de almacenamiento en bater\u00edas comerciales (BESS) aumentan el autoconsumo hasta 90% y reducen los costes de red. M\u00e1s informaci\u00f3n<\/p>\t\t<\/div>\n\t\t\t\t<\/div>\n\t\t\t\t<\/article>\n\t\t\t\t<article class=\"elementor-post elementor-grid-item post-17836 post type-post status-publish format-standard has-post-thumbnail hentry category-forschung-und-entwicklung\" role=\"listitem\">\n\t\t\t\t<a class=\"elementor-post__thumbnail__link\"  href=\"https:\/\/faber-etec.de\/es\/forschung-und-entwicklung\/batteriespeicher-schnellladestation-bess\/\" title=\"Estaci\u00f3n de carga r\u00e1pida de bater\u00edas Bess - \" tabindex=\"-1\" target=\"&quot;_blank&quot;\">\n\t\t\t<div class=\"elementor-post__thumbnail\"><img loading=\"lazy\" decoding=\"async\" width=\"768\" height=\"384\" src=\"https:\/\/faber-etec.de\/wp-content\/uploads\/sites\/3\/2024\/08\/Transformatoren-fuer-E-Mobilitaets-Infrastruktur-Ladesaeuleninfrastruktur-Trafo-fuer-E-Mobilitaet-Footer-BG-comp-768x384.webp\" class=\"attachment-medium_large size-medium_large wp-image-12077\" alt=\"adestaci\u00f3n para veh\u00edculos el\u00e9ctricos con transformador de estaci\u00f3n compacto y transformadores para un suministro el\u00e9ctrico fiable\" title=\"Transformadores para infraestructuras de estaciones de recarga de movilidad el\u00e9ctrica\" srcset=\"https:\/\/faber-etec.de\/wp-content\/uploads\/sites\/3\/2024\/08\/Transformatoren-fuer-E-Mobilitaets-Infrastruktur-Ladesaeuleninfrastruktur-Trafo-fuer-E-Mobilitaet-Footer-BG-comp-768x384.webp 768w, https:\/\/faber-etec.de\/wp-content\/uploads\/sites\/3\/2024\/08\/Transformatoren-fuer-E-Mobilitaets-Infrastruktur-Ladesaeuleninfrastruktur-Trafo-fuer-E-Mobilitaet-Footer-BG-comp-300x150.webp 300w, https:\/\/faber-etec.de\/wp-content\/uploads\/sites\/3\/2024\/08\/Transformatoren-fuer-E-Mobilitaets-Infrastruktur-Ladesaeuleninfrastruktur-Trafo-fuer-E-Mobilitaet-Footer-BG-comp-18x9.webp 18w, https:\/\/faber-etec.de\/wp-content\/uploads\/sites\/3\/2024\/08\/elementor\/thumbs\/Transformatoren-fuer-E-Mobilitaets-Infrastruktur-Ladesaeuleninfrastruktur-Trafo-fuer-E-Mobilitaet-Footer-BG-comp-qsi71eytv3ogx8fx6twt822sdsyfh8cc4nhead7q24.webp 700w, https:\/\/faber-etec.de\/wp-content\/uploads\/sites\/3\/2024\/08\/Transformatoren-fuer-E-Mobilitaets-Infrastruktur-Ladesaeuleninfrastruktur-Trafo-fuer-E-Mobilitaet-Footer-BG-comp.webp 1000w\" sizes=\"(max-width: 768px) 100vw, 768px\" \/><\/div>\n\t\t<\/a>\n\t\t\t\t<div class=\"elementor-post__text\">\n\t\t\t\t<span class=\"elementor-post__title\">\n\t\t\t<a  href=\"https:\/\/faber-etec.de\/es\/forschung-und-entwicklung\/batteriespeicher-schnellladestation-bess\/\" title=\"Almacenamiento de bater\u00edas para estaciones de carga r\u00e1pida Bess - Almacenamiento de bater\u00edas para estaciones de carga r\u00e1pida - Rendimiento estable para el comercio y la industria\" target=\"&quot;_blank&quot;\">\n\t\t\t\tAlmacenamiento de bater\u00edas para estaciones de carga r\u00e1pida - Rendimiento estable para el comercio y la industria\t\t\t<\/a>\n\t\t<\/span>\n\t\t\t\t<div class=\"elementor-post__excerpt\">\n\t\t\t<p>Evite la costosa ampliaci\u00f3n de la red: los sistemas de almacenamiento en bater\u00edas (BESS) para estaciones de carga r\u00e1pida garantizan una alta capacidad de carga y reducen los picos de carga. \u00a1Descubra soluciones ahora!<\/p>\t\t<\/div>\n\t\t\t\t<\/div>\n\t\t\t\t<\/article>\n\t\t\t\t<article class=\"elementor-post elementor-grid-item post-17383 post type-post status-publish format-standard has-post-thumbnail hentry category-forschung-und-entwicklung\" role=\"listitem\">\n\t\t\t\t<a class=\"elementor-post__thumbnail__link\"  href=\"https:\/\/faber-etec.de\/es\/forschung-und-entwicklung\/bess-spitzenlastmanagement\/\" title=\"Bess gesti\u00f3n de picos de carga - \" tabindex=\"-1\" target=\"&quot;_blank&quot;\">\n\t\t\t<div class=\"elementor-post__thumbnail\"><img loading=\"lazy\" decoding=\"async\" width=\"768\" height=\"432\" src=\"https:\/\/faber-etec.de\/wp-content\/uploads\/sites\/3\/2025\/11\/bess-spitzenlastmanagement-energieueberwachung-faber-etec-industrie-768x432.avif\" class=\"attachment-medium_large size-medium_large wp-image-17384\" alt=\"Los ingenieros supervisan los flujos de energ\u00eda en varios monitores: imagen simb\u00f3lica para BESS, supervisi\u00f3n energ\u00e9tica y gesti\u00f3n de picos de carga en la industria:\" title=\"BESS y gesti\u00f3n de picos de carga: control de la energ\u00eda en la industria\" srcset=\"https:\/\/faber-etec.de\/wp-content\/uploads\/sites\/3\/2025\/11\/bess-spitzenlastmanagement-energieueberwachung-faber-etec-industrie-768x432.avif 768w, https:\/\/faber-etec.de\/wp-content\/uploads\/sites\/3\/2025\/11\/bess-spitzenlastmanagement-energieueberwachung-faber-etec-industrie-300x169.avif 300w, https:\/\/faber-etec.de\/wp-content\/uploads\/sites\/3\/2025\/11\/bess-spitzenlastmanagement-energieueberwachung-faber-etec-industrie-1024x576.avif 1024w, https:\/\/faber-etec.de\/wp-content\/uploads\/sites\/3\/2025\/11\/bess-spitzenlastmanagement-energieueberwachung-faber-etec-industrie-1536x864.avif 1536w, https:\/\/faber-etec.de\/wp-content\/uploads\/sites\/3\/2025\/11\/bess-spitzenlastmanagement-energieueberwachung-faber-etec-industrie-2048x1152.avif 2048w, https:\/\/faber-etec.de\/wp-content\/uploads\/sites\/3\/2025\/11\/bess-spitzenlastmanagement-energieueberwachung-faber-etec-industrie-18x10.avif 18w\" sizes=\"(max-width: 768px) 100vw, 768px\" \/><\/div>\n\t\t<\/a>\n\t\t\t\t<div class=\"elementor-post__text\">\n\t\t\t\t<span class=\"elementor-post__title\">\n\t\t\t<a  href=\"https:\/\/faber-etec.de\/es\/forschung-und-entwicklung\/bess-spitzenlastmanagement\/\" title=\"Gesti\u00f3n de picos de carga con BESS - Gesti\u00f3n de picos de carga: control inteligente de la energ\u00eda con BESS\" target=\"&quot;_blank&quot;\">\n\t\t\t\tGesti\u00f3n de picos de carga: control inteligente de la energ\u00eda con BESS\t\t\t<\/a>\n\t\t<\/span>\n\t\t\t\t<div class=\"elementor-post__excerpt\">\n\t\t\t<p>Reduzca eficazmente sus tarifas de red mediante la gesti\u00f3n de picos de carga (peak shaving). Descubra c\u00f3mo las soluciones BESS de Faber E-Tec pueden reducir permanentemente sus costes energ\u00e9ticos.<\/p>\t\t<\/div>\n\t\t\t\t<\/div>\n\t\t\t\t<\/article>\n\t\t\t\t<article class=\"elementor-post elementor-grid-item post-17365 post type-post status-publish format-standard has-post-thumbnail hentry category-forschung-und-entwicklung\" role=\"listitem\">\n\t\t\t\t<a class=\"elementor-post__thumbnail__link\"  href=\"https:\/\/faber-etec.de\/es\/forschung-und-entwicklung\/co2-ausstoss-reduzieren-mit-bess\/\" title=\"Reduzca las emisiones de Co2 con Bess - \" tabindex=\"-1\" target=\"&quot;_blank&quot;\">\n\t\t\t<div class=\"elementor-post__thumbnail\"><img loading=\"lazy\" decoding=\"async\" width=\"768\" height=\"430\" src=\"https:\/\/faber-etec.de\/wp-content\/uploads\/sites\/3\/2025\/11\/CO2-Ausstoss-reduzieren-768x430.avif\" class=\"attachment-medium_large size-medium_large wp-image-16568\" alt=\"Sistema de almacenamiento en bater\u00edas Faber E-Tec BESS con estaci\u00f3n transformadora compacta: almacenamiento de energ\u00eda sostenible para reducir las emisiones de CO\u2082 en la industria.\" title=\"Sistemas BESS de Faber E-Tec para la reducci\u00f3n de CO\u2082 en la industria\" srcset=\"https:\/\/faber-etec.de\/wp-content\/uploads\/sites\/3\/2025\/11\/CO2-Ausstoss-reduzieren-768x430.avif 768w, https:\/\/faber-etec.de\/wp-content\/uploads\/sites\/3\/2025\/11\/CO2-Ausstoss-reduzieren-300x168.avif 300w, https:\/\/faber-etec.de\/wp-content\/uploads\/sites\/3\/2025\/11\/CO2-Ausstoss-reduzieren-1024x574.avif 1024w, https:\/\/faber-etec.de\/wp-content\/uploads\/sites\/3\/2025\/11\/CO2-Ausstoss-reduzieren-1536x861.avif 1536w, https:\/\/faber-etec.de\/wp-content\/uploads\/sites\/3\/2025\/11\/CO2-Ausstoss-reduzieren-2048x1148.avif 2048w, https:\/\/faber-etec.de\/wp-content\/uploads\/sites\/3\/2025\/11\/CO2-Ausstoss-reduzieren-18x10.avif 18w\" sizes=\"(max-width: 768px) 100vw, 768px\" \/><\/div>\n\t\t<\/a>\n\t\t\t\t<div class=\"elementor-post__text\">\n\t\t\t\t<span class=\"elementor-post__title\">\n\t\t\t<a  href=\"https:\/\/faber-etec.de\/es\/forschung-und-entwicklung\/co2-ausstoss-reduzieren-mit-bess\/\" title=\"Reducir las emisiones de CO2 con Bess - Reducir las emisiones de CO\u2082 con sistemas inteligentes de almacenamiento en bater\u00edas (BESS).\" target=\"&quot;_blank&quot;\">\n\t\t\t\tReducir las emisiones de CO\u2082 con sistemas inteligentes de almacenamiento en bater\u00edas (BESS)\t\t\t<\/a>\n\t\t<\/span>\n\t\t\t\t<div class=\"elementor-post__excerpt\">\n\t\t\t<p>Los modernos sistemas de almacenamiento en bater\u00edas BESS de Faber E-Tec permiten una eficiencia energ\u00e9tica sostenible, menos emisiones y un suministro de energ\u00eda estable y preparado para el futuro para el comercio y la industria.<\/p>\t\t<\/div>\n\t\t\t\t<\/div>\n\t\t\t\t<\/article>\n\t\t\t\t<article class=\"elementor-post elementor-grid-item post-16033 post type-post status-publish format-standard has-post-thumbnail hentry category-news\" role=\"listitem\">\n\t\t\t\t<a class=\"elementor-post__thumbnail__link\"  href=\"https:\/\/faber-etec.de\/es\/news\/trafostation-kaufen\/\" title=\"Comprar un centro de transformaci\u00f3n - \" tabindex=\"-1\" target=\"&quot;_blank&quot;\">\n\t\t\t<div class=\"elementor-post__thumbnail\"><img loading=\"lazy\" decoding=\"async\" width=\"768\" height=\"515\" src=\"https:\/\/faber-etec.de\/wp-content\/uploads\/sites\/3\/2025\/10\/Trafostation-Kaufen-Kompaktstation-768x515.webp\" class=\"attachment-medium_large size-medium_large wp-image-16037\" alt=\"Centro de transformaci\u00f3n compacto de Faber E-Tec con aparamenta abierta y moderna tecnolog\u00eda de transformadores.\" title=\"Comprar estaci\u00f3n transformadora - Transformador compacto y estaciones compactas de Faber E-Tec\" srcset=\"https:\/\/faber-etec.de\/wp-content\/uploads\/sites\/3\/2025\/10\/Trafostation-Kaufen-Kompaktstation-768x515.webp 768w, https:\/\/faber-etec.de\/wp-content\/uploads\/sites\/3\/2025\/10\/Trafostation-Kaufen-Kompaktstation-300x201.webp 300w, https:\/\/faber-etec.de\/wp-content\/uploads\/sites\/3\/2025\/10\/Trafostation-Kaufen-Kompaktstation-18x12.webp 18w, https:\/\/faber-etec.de\/wp-content\/uploads\/sites\/3\/2025\/10\/Trafostation-Kaufen-Kompaktstation.webp 1000w\" sizes=\"(max-width: 768px) 100vw, 768px\" \/><\/div>\n\t\t<\/a>\n\t\t\t\t<div class=\"elementor-post__text\">\n\t\t\t\t<span class=\"elementor-post__title\">\n\t\t\t<a  href=\"https:\/\/faber-etec.de\/es\/news\/trafostation-kaufen\/\" title=\"Comprar un centro de transformaci\u00f3n - Comprar un centro de transformaci\u00f3n\" target=\"&quot;_blank&quot;\">\n\t\t\t\tComprar estaci\u00f3n transformadora\t\t\t<\/a>\n\t\t<\/span>\n\t\t\t\t<div class=\"elementor-post__excerpt\">\n\t\t\t<p>Compre centros de transformaci\u00f3n directamente al fabricante Faber E-Tec. Centros de transformaci\u00f3n compactos en construcciones de hormig\u00f3n para la industria, la energ\u00eda solar y la movilidad el\u00e9ctrica. \u00a1Solicite un presupuesto ahora!<\/p>\t\t<\/div>\n\t\t\t\t<\/div>\n\t\t\t\t<\/article>\n\t\t\t\t<article class=\"elementor-post elementor-grid-item post-15995 post type-post status-publish format-standard has-post-thumbnail hentry category-news category-projekte tag-bess tag-energieversorgung tag-photovoltaik tag-solarpark\" role=\"listitem\">\n\t\t\t\t<a class=\"elementor-post__thumbnail__link\"  href=\"https:\/\/faber-etec.de\/es\/news\/solarfeld-in-roedinghausen\/\" title=\"Campo solar en Roedinghausen - \" tabindex=\"-1\" target=\"&quot;_blank&quot;\">\n\t\t\t<div class=\"elementor-post__thumbnail\"><img loading=\"lazy\" decoding=\"async\" width=\"768\" height=\"494\" src=\"https:\/\/faber-etec.de\/wp-content\/uploads\/sites\/3\/2025\/10\/mini-trafo-kompaktstation-faber-e-tec-symbolfoto-768x494.webp\" class=\"attachment-medium_large size-medium_large wp-image-15996\" alt=\"Modelo en miniatura de una estaci\u00f3n transformadora compacta Faber E-Tec sobre un m\u00f3dulo fotovoltaico\" title=\"Minitransformador Faber E-Tec\" srcset=\"https:\/\/faber-etec.de\/wp-content\/uploads\/sites\/3\/2025\/10\/mini-trafo-kompaktstation-faber-e-tec-symbolfoto-768x494.webp 768w, https:\/\/faber-etec.de\/wp-content\/uploads\/sites\/3\/2025\/10\/mini-trafo-kompaktstation-faber-e-tec-symbolfoto-300x193.webp 300w, https:\/\/faber-etec.de\/wp-content\/uploads\/sites\/3\/2025\/10\/mini-trafo-kompaktstation-faber-e-tec-symbolfoto-1024x659.webp 1024w, https:\/\/faber-etec.de\/wp-content\/uploads\/sites\/3\/2025\/10\/mini-trafo-kompaktstation-faber-e-tec-symbolfoto-1536x988.webp 1536w, https:\/\/faber-etec.de\/wp-content\/uploads\/sites\/3\/2025\/10\/mini-trafo-kompaktstation-faber-e-tec-symbolfoto-18x12.webp 18w, https:\/\/faber-etec.de\/wp-content\/uploads\/sites\/3\/2025\/10\/mini-trafo-kompaktstation-faber-e-tec-symbolfoto.webp 2000w\" sizes=\"(max-width: 768px) 100vw, 768px\" \/><\/div>\n\t\t<\/a>\n\t\t\t\t<div class=\"elementor-post__text\">\n\t\t\t\t<span class=\"elementor-post__title\">\n\t\t\t<a  href=\"https:\/\/faber-etec.de\/es\/news\/solarfeld-in-roedinghausen\/\" title=\"Campo solar en Roedinghausen - Nuevo campo solar en R\u00f6dinghausen-Bruchm\u00fchlen: Energ\u00eda sostenible a la vuelta de la esquina\" target=\"&quot;_blank&quot;\">\n\t\t\t\tNuevo campo solar en R\u00f6dinghausen-Bruchm\u00fchlen: Energ\u00eda sostenible a la vuelta de la esquina\t\t\t<\/a>\n\t\t<\/span>\n\t\t\t\t<div class=\"elementor-post__excerpt\">\n\t\t\t<p>La ciudad recibe un suministro energ\u00e9tico fiable gracias a los centros de transformaci\u00f3n compactos de alta calidad de Faber E-Tec.<\/p>\t\t<\/div>\n\t\t\t\t<\/div>\n\t\t\t\t<\/article>\n\t\t\t\t<article class=\"elementor-post elementor-grid-item post-15913 post type-post status-publish format-standard has-post-thumbnail hentry category-forschung-und-entwicklung tag-bess tag-trafostation\" role=\"listitem\">\n\t\t\t\t<a class=\"elementor-post__thumbnail__link\"  href=\"https:\/\/faber-etec.de\/es\/forschung-und-entwicklung\/transformator-bess-systeme\/\" title=\"Transformador Bess Systems - \" tabindex=\"-1\" target=\"&quot;_blank&quot;\">\n\t\t\t<div class=\"elementor-post__thumbnail\"><img loading=\"lazy\" decoding=\"async\" width=\"768\" height=\"480\" src=\"https:\/\/faber-etec.de\/wp-content\/uploads\/sites\/3\/2025\/07\/Transformator-fuer-BESS-Systeme-768x480.avif\" class=\"attachment-medium_large size-medium_large wp-image-15914\" alt=\"\u201e Sistemas BESS con almacenamiento en bater\u00edas para energ\u00eda fotovoltaica y e\u00f3lica: soluci\u00f3n de Faber E-Tec\" title=\"Transformador para sistemas BESS: soluci\u00f3n estandarizada y modular para sistemas estacionarios de almacenamiento en bater\u00edas\" srcset=\"https:\/\/faber-etec.de\/wp-content\/uploads\/sites\/3\/2025\/07\/Transformator-fuer-BESS-Systeme-768x480.avif 768w, https:\/\/faber-etec.de\/wp-content\/uploads\/sites\/3\/2025\/07\/Transformator-fuer-BESS-Systeme-300x187.avif 300w, https:\/\/faber-etec.de\/wp-content\/uploads\/sites\/3\/2025\/07\/Transformator-fuer-BESS-Systeme-1024x640.avif 1024w, https:\/\/faber-etec.de\/wp-content\/uploads\/sites\/3\/2025\/07\/Transformator-fuer-BESS-Systeme-1536x960.avif 1536w, https:\/\/faber-etec.de\/wp-content\/uploads\/sites\/3\/2025\/07\/Transformator-fuer-BESS-Systeme-2048x1280.avif 2048w, https:\/\/faber-etec.de\/wp-content\/uploads\/sites\/3\/2025\/07\/Transformator-fuer-BESS-Systeme-18x12.avif 18w\" sizes=\"(max-width: 768px) 100vw, 768px\" \/><\/div>\n\t\t<\/a>\n\t\t\t\t<div class=\"elementor-post__text\">\n\t\t\t\t<span class=\"elementor-post__title\">\n\t\t\t<a  href=\"https:\/\/faber-etec.de\/es\/forschung-und-entwicklung\/transformator-bess-systeme\/\" title=\"Transformadores para sistemas BESS\" target=\"&quot;_blank&quot;\">\n\t\t\t\tTransformadores para sistemas BESS\t\t\t<\/a>\n\t\t<\/span>\n\t\t\t\t<div class=\"elementor-post__excerpt\">\n\t\t\t<p>Faber E-Tec ofrece potentes transformadores para BESS con sistema IT\/TN, 250 kVA-20 MVA, 400V\/690V\/800V - ideales para almacenamiento, FV y servicios de red.<\/p>\t\t<\/div>\n\t\t\t\t<\/div>\n\t\t\t\t<\/article>\n\t\t\t\t<article class=\"elementor-post elementor-grid-item post-15830 post type-post status-publish format-standard has-post-thumbnail hentry category-news category-events tag-ennigerloh tag-lichtblick tag-oelde tag-solarblick\" role=\"listitem\">\n\t\t\t\t<a class=\"elementor-post__thumbnail__link\"  href=\"https:\/\/faber-etec.de\/es\/news\/solarpark-oelde-ennigerloh-netzanschluss\/\" title=\"Parque solar Oelde Ennigerloh Conexi\u00f3n a la red - \" tabindex=\"-1\" target=\"&quot;_blank&quot;\">\n\t\t\t<div class=\"elementor-post__thumbnail\"><img loading=\"lazy\" decoding=\"async\" width=\"768\" height=\"537\" src=\"https:\/\/faber-etec.de\/wp-content\/uploads\/sites\/3\/2025\/06\/LichtBlick-Ennigerloh-DJI_20250513150831_0330_D-V2-768x537.avif\" class=\"attachment-medium_large size-medium_large wp-image-15831\" alt=\"Vista a\u00e9rea de un parque solar de nueva construcci\u00f3n entre Oelde y Ennigerloh con los centros de transformaci\u00f3n Faber E-Tec en primer plano.\" title=\"Parque solar en M\u00fcnsterland - conexi\u00f3n a la red por Faber E-Tec, realizaci\u00f3n por Faber Solartechnik\" srcset=\"https:\/\/faber-etec.de\/wp-content\/uploads\/sites\/3\/2025\/06\/LichtBlick-Ennigerloh-DJI_20250513150831_0330_D-V2-768x537.avif 768w, https:\/\/faber-etec.de\/wp-content\/uploads\/sites\/3\/2025\/06\/LichtBlick-Ennigerloh-DJI_20250513150831_0330_D-V2-300x210.avif 300w, https:\/\/faber-etec.de\/wp-content\/uploads\/sites\/3\/2025\/06\/LichtBlick-Ennigerloh-DJI_20250513150831_0330_D-V2-1024x716.avif 1024w, https:\/\/faber-etec.de\/wp-content\/uploads\/sites\/3\/2025\/06\/LichtBlick-Ennigerloh-DJI_20250513150831_0330_D-V2-1536x1074.avif 1536w, https:\/\/faber-etec.de\/wp-content\/uploads\/sites\/3\/2025\/06\/LichtBlick-Ennigerloh-DJI_20250513150831_0330_D-V2-2048x1433.avif 2048w, https:\/\/faber-etec.de\/wp-content\/uploads\/sites\/3\/2025\/06\/LichtBlick-Ennigerloh-DJI_20250513150831_0330_D-V2-18x12.avif 18w\" sizes=\"(max-width: 768px) 100vw, 768px\" \/><\/div>\n\t\t<\/a>\n\t\t\t\t<div class=\"elementor-post__text\">\n\t\t\t\t<span class=\"elementor-post__title\">\n\t\t\t<a  href=\"https:\/\/faber-etec.de\/es\/news\/solarpark-oelde-ennigerloh-netzanschluss\/\" title=\"Conexi\u00f3n a la red del parque solar Oelde Ennigerloh - Realizaci\u00f3n con \u00e9xito: conexi\u00f3n a la red del parque solar entre Oelde y Ennigerloh\" target=\"&quot;_blank&quot;\">\n\t\t\t\tRealizado con \u00e9xito: parque solar entre Oelde y Ennigerloh conectado a la red\t\t\t<\/a>\n\t\t<\/span>\n\t\t\t\t<div class=\"elementor-post__excerpt\">\n\t\t\t<p>Se ha conectado a la red un nuevo parque solar entre Oelde y Ennigerloh, un claro ejemplo de cooperaci\u00f3n fruct\u00edfera a nivel municipal, t\u00e9cnico y de proyecto.\t\t<\/div>\n\t\t\t\t<\/div>\n\t\t\t\t<\/article>\n\t\t\t\t<article class=\"elementor-post elementor-grid-item post-15823 post type-post status-publish format-standard has-post-thumbnail hentry category-forschung-und-entwicklung\" role=\"listitem\">\n\t\t\t\t<a class=\"elementor-post__thumbnail__link\"  href=\"https:\/\/faber-etec.de\/es\/forschung-und-entwicklung\/trafostation-betonbau\/\" title=\"Construcci\u00f3n de hormig\u00f3n para centros de transformaci\u00f3n - \" tabindex=\"-1\" target=\"&quot;_blank&quot;\">\n\t\t\t<div class=\"elementor-post__thumbnail\"><img loading=\"lazy\" decoding=\"async\" width=\"768\" height=\"528\" src=\"https:\/\/faber-etec.de\/wp-content\/uploads\/sites\/3\/2025\/06\/herstellung-betonkoerper-kompakttrafostation-768x528.jpg\" class=\"attachment-medium_large size-medium_large wp-image-15825\" alt=\"Construcci\u00f3n de hormig\u00f3n de un centro de transformaci\u00f3n - cuerpo de hormig\u00f3n de un centro de transformaci\u00f3n compacto durante el proceso de hormigonado con encofrado y armadura visibles\" title=\"Construcci\u00f3n de hormig\u00f3n para centros de transformaci\u00f3n - Fabricaci\u00f3n de un cuerpo de hormig\u00f3n para un centro de transformaci\u00f3n compacto\" srcset=\"https:\/\/faber-etec.de\/wp-content\/uploads\/sites\/3\/2025\/06\/herstellung-betonkoerper-kompakttrafostation-768x528.jpg 768w, https:\/\/faber-etec.de\/wp-content\/uploads\/sites\/3\/2025\/06\/herstellung-betonkoerper-kompakttrafostation-300x206.jpg 300w, https:\/\/faber-etec.de\/wp-content\/uploads\/sites\/3\/2025\/06\/herstellung-betonkoerper-kompakttrafostation-1024x704.jpg 1024w, https:\/\/faber-etec.de\/wp-content\/uploads\/sites\/3\/2025\/06\/herstellung-betonkoerper-kompakttrafostation-1536x1056.jpg 1536w, https:\/\/faber-etec.de\/wp-content\/uploads\/sites\/3\/2025\/06\/herstellung-betonkoerper-kompakttrafostation-18x12.jpg 18w, https:\/\/faber-etec.de\/wp-content\/uploads\/sites\/3\/2025\/06\/herstellung-betonkoerper-kompakttrafostation.jpg 1947w\" sizes=\"(max-width: 768px) 100vw, 768px\" \/><\/div>\n\t\t<\/a>\n\t\t\t\t<div class=\"elementor-post__text\">\n\t\t\t\t<span class=\"elementor-post__title\">\n\t\t\t<a  href=\"https:\/\/faber-etec.de\/es\/forschung-und-entwicklung\/trafostation-betonbau\/\" title=\"Construcci\u00f3n de hormig\u00f3n para centros de transformaci\u00f3n - Construcci\u00f3n de hormig\u00f3n para centros de transformaci\u00f3n - Fabricaci\u00f3n de un cuerpo de hormig\u00f3n\" target=\"&quot;_blank&quot;\">\n\t\t\t\tConstrucci\u00f3n de hormig\u00f3n para centros de transformaci\u00f3n - fabricaci\u00f3n de un cuerpo de hormig\u00f3n\t\t\t<\/a>\n\t\t<\/span>\n\t\t\t\t<div class=\"elementor-post__excerpt\">\n\t\t\t<p>\u00bfC\u00f3mo se fabrica realmente el cuerpo de hormig\u00f3n de un centro de transformaci\u00f3n compacto? Fabricaci\u00f3n de hormig\u00f3n para centros de transformaci\u00f3n: Al fabricar un cuerpo de hormig\u00f3n para un centro de transformaci\u00f3n compacto, como suele ocurrir en la industria<\/p>\n\t\t<\/div>\n\t\t\t\t<\/div>\n\t\t\t\t<\/article>\n\t\t\t\t<article class=\"elementor-post elementor-grid-item post-15297 post type-post status-publish format-standard has-post-thumbnail hentry category-news tag-faber-energy-group\" role=\"listitem\">\n\t\t\t\t<a class=\"elementor-post__thumbnail__link\"  href=\"https:\/\/faber-etec.de\/es\/news\/platz-1-solartechnik-faber\/\" title=\"1er puesto Solartechnik Faber - \" tabindex=\"-1\" target=\"&quot;_blank&quot;\">\n\t\t\t<div class=\"elementor-post__thumbnail\"><img loading=\"lazy\" decoding=\"async\" width=\"768\" height=\"437\" src=\"https:\/\/faber-etec.de\/wp-content\/uploads\/sites\/3\/2025\/02\/Platz-1-Solartechnik-OWL-4-768x437.jpg\" class=\"attachment-medium_large size-medium_large wp-image-15299\" alt=\"Gr\u00e1fico con fondo rojo y n\u00famero 1 dorado, con &quot;Los mayores t\u00e9cnicos solares&quot;, &quot;Ostwestfalen-Lippe Manager Starker Partner 2025&quot; y &quot;Rank 1 Ostwestfalen-Lippe&quot; en recuadros blancos.\" title=\"Premio &quot;Strong Partner 2025&quot; de Regio Manager para Faber Energy Group sobre fondo rojo.\" srcset=\"https:\/\/faber-etec.de\/wp-content\/uploads\/sites\/3\/2025\/02\/Platz-1-Solartechnik-OWL-4-768x437.jpg 768w, https:\/\/faber-etec.de\/wp-content\/uploads\/sites\/3\/2025\/02\/Platz-1-Solartechnik-OWL-4-300x171.jpg 300w, https:\/\/faber-etec.de\/wp-content\/uploads\/sites\/3\/2025\/02\/Platz-1-Solartechnik-OWL-4-1024x583.jpg 1024w, https:\/\/faber-etec.de\/wp-content\/uploads\/sites\/3\/2025\/02\/Platz-1-Solartechnik-OWL-4-1536x874.jpg 1536w, https:\/\/faber-etec.de\/wp-content\/uploads\/sites\/3\/2025\/02\/Platz-1-Solartechnik-OWL-4-18x10.jpg 18w, https:\/\/faber-etec.de\/wp-content\/uploads\/sites\/3\/2025\/02\/Platz-1-Solartechnik-OWL-4.jpg 1904w\" sizes=\"(max-width: 768px) 100vw, 768px\" \/><\/div>\n\t\t<\/a>\n\t\t\t\t<div class=\"elementor-post__text\">\n\t\t\t\t<span class=\"elementor-post__title\">\n\t\t\t<a  href=\"https:\/\/faber-etec.de\/es\/news\/platz-1-solartechnik-faber\/\" title=\"\u00a11er puesto Solartechnik Faber - Faber Energy Group en el 1er puesto de la clasificaci\u00f3n Regio Manager!\" target=\"&quot;_blank&quot;\">\n\t\t\t\t\u00a1Faber Energy Group en el 1er puesto de la clasificaci\u00f3n de gestores de Regio!\t\t\t<\/a>\n\t\t<\/span>\n\t\t\t\t<div class=\"elementor-post__excerpt\">\n\t\t\t<p>Faber Energy Group consigue el primer puesto en el ranking de Regio Manager como empresa l\u00edder en tecnolog\u00eda solar en Renania del Norte-Westfalia: \u00a1un hito para la energ\u00eda sostenible!<\/p>\t\t<\/div>\n\t\t\t\t<\/div>\n\t\t\t\t<\/article>\n\t\t\t\t<article class=\"elementor-post elementor-grid-item post-15265 post type-post status-publish format-standard has-post-thumbnail hentry category-forschung-und-entwicklung tag-trafostation\" role=\"listitem\">\n\t\t\t\t<a class=\"elementor-post__thumbnail__link\"  href=\"https:\/\/faber-etec.de\/es\/forschung-und-entwicklung\/vde-4110-trafos\/\" title=\"Transformadores Vde 4110 - \" tabindex=\"-1\" target=\"&quot;_blank&quot;\">\n\t\t\t<div class=\"elementor-post__thumbnail\"><img loading=\"lazy\" decoding=\"async\" width=\"768\" height=\"512\" src=\"https:\/\/faber-etec.de\/wp-content\/uploads\/sites\/3\/2025\/01\/vde-verband-elektrotechnik-normen-768x512.avif\" class=\"attachment-medium_large size-medium_large wp-image-15271\" alt=\"VDE-AR-N 4110, VDE - Asociaci\u00f3n de Electrot\u00e9cnicos con s\u00edmbolos legales, escala y carpeta de normas, centrada en la norma de media tensi\u00f3n VDE-AR-N 4110, baja tensi\u00f3n VDE 4105 y alta tensi\u00f3n VDE 4120. Centro de transformaci\u00f3n y centro compacto\" title=\"VDE-AR-N 4110 - VDE - Asociaci\u00f3n para la electricidad, la electr\u00f3nica y las tecnolog\u00edas de la informaci\u00f3n - Reglamentos y normas\" srcset=\"https:\/\/faber-etec.de\/wp-content\/uploads\/sites\/3\/2025\/01\/vde-verband-elektrotechnik-normen-768x512.avif 768w, https:\/\/faber-etec.de\/wp-content\/uploads\/sites\/3\/2025\/01\/vde-verband-elektrotechnik-normen-300x200.avif 300w, https:\/\/faber-etec.de\/wp-content\/uploads\/sites\/3\/2025\/01\/vde-verband-elektrotechnik-normen-1024x682.avif 1024w, https:\/\/faber-etec.de\/wp-content\/uploads\/sites\/3\/2025\/01\/vde-verband-elektrotechnik-normen-1536x1024.avif 1536w, https:\/\/faber-etec.de\/wp-content\/uploads\/sites\/3\/2025\/01\/vde-verband-elektrotechnik-normen-18x12.avif 18w, https:\/\/faber-etec.de\/wp-content\/uploads\/sites\/3\/2025\/01\/vde-verband-elektrotechnik-normen.avif 2000w\" sizes=\"(max-width: 768px) 100vw, 768px\" \/><\/div>\n\t\t<\/a>\n\t\t\t\t<div class=\"elementor-post__text\">\n\t\t\t\t<span class=\"elementor-post__title\">\n\t\t\t<a  href=\"https:\/\/faber-etec.de\/es\/forschung-und-entwicklung\/vde-4110-trafos\/\" title=\"Vde 4110 Transformadores - VDE-AR-N 4110 - Requisitos t\u00e9cnicos para conexiones de media tensi\u00f3n\" target=\"&quot;_blank&quot;\">\n\t\t\t\tVDE-AR-N 4110 - Requisitos t\u00e9cnicos para conexiones de media tensi\u00f3n\t\t\t<\/a>\n\t\t<\/span>\n\t\t\t\t<div class=\"elementor-post__excerpt\">\n\t\t\t<p>VDE-AR-N 4110: La norma para conexiones seguras de media tensi\u00f3n. Descubra c\u00f3mo nuestros transformadores cumplen los requisitos a la perfecci\u00f3n.<\/p>\t\t<\/div>\n\t\t\t\t<\/div>\n\t\t\t\t<\/article>\n\t\t\t\t<article class=\"elementor-post elementor-grid-item post-15152 post type-post status-publish format-standard has-post-thumbnail hentry category-news\" role=\"listitem\">\n\t\t\t\t<a class=\"elementor-post__thumbnail__link\"  href=\"https:\/\/faber-etec.de\/es\/news\/schnelle-lieferung-trafostation\/\" title=\"Entrega r\u00e1pida Centro de transformaci\u00f3n - \" tabindex=\"-1\" target=\"&quot;_blank&quot;\">\n\t\t\t<div class=\"elementor-post__thumbnail\"><img loading=\"lazy\" decoding=\"async\" width=\"768\" height=\"516\" src=\"https:\/\/faber-etec.de\/wp-content\/uploads\/sites\/3\/2025\/01\/DSC09437-768x516.jpg\" class=\"attachment-medium_large size-medium_large wp-image-15207\" alt=\"Una gran gr\u00faa m\u00f3vil amarilla levanta una estaci\u00f3n compacta en el aparcamiento de una tienda Marktkauf al amanecer.\" title=\"Instalaci\u00f3n de una estaci\u00f3n compacta en el aparcamiento de Marktkauf\" srcset=\"https:\/\/faber-etec.de\/wp-content\/uploads\/sites\/3\/2025\/01\/DSC09437-768x516.jpg 768w, https:\/\/faber-etec.de\/wp-content\/uploads\/sites\/3\/2025\/01\/DSC09437-300x202.jpg 300w, https:\/\/faber-etec.de\/wp-content\/uploads\/sites\/3\/2025\/01\/DSC09437-1024x688.jpg 1024w, https:\/\/faber-etec.de\/wp-content\/uploads\/sites\/3\/2025\/01\/DSC09437-1536x1032.jpg 1536w, https:\/\/faber-etec.de\/wp-content\/uploads\/sites\/3\/2025\/01\/DSC09437-2048x1376.jpg 2048w, https:\/\/faber-etec.de\/wp-content\/uploads\/sites\/3\/2025\/01\/DSC09437-18x12.jpg 18w\" sizes=\"(max-width: 768px) 100vw, 768px\" \/><\/div>\n\t\t<\/a>\n\t\t\t\t<div class=\"elementor-post__text\">\n\t\t\t\t<span class=\"elementor-post__title\">\n\t\t\t<a  href=\"https:\/\/faber-etec.de\/es\/news\/schnelle-lieferung-trafostation\/\" title=\"Entrega r\u00e1pida de un centro de transformaci\u00f3n - Entrega r\u00e1pida de un centro de transformaci\u00f3n compacto a MARKTKAUF L\u00f6hne\" target=\"&quot;_blank&quot;\">\n\t\t\t\tEntrega r\u00e1pida de una estaci\u00f3n transformadora compacta a MARKTKAUF L\u00f6hne\t\t\t<\/a>\n\t\t<\/span>\n\t\t\t\t<div class=\"elementor-post__excerpt\">\n\t\t\t<p>Faber E-Tec suministra a EDEKA-MIHA Charge GmbH una estaci\u00f3n transformadora compacta para la tienda Marktkauf de L\u00f6hne en s\u00f3lo 8 semanas. R\u00e1pida realizaci\u00f3n, flexible\t\t<\/div>\n\t\t\t\t<\/div>\n\t\t\t\t<\/article>\n\t\t\t\t<article class=\"elementor-post elementor-grid-item post-15088 post type-post status-publish format-standard has-post-thumbnail hentry category-news category-projekte tag-photovoltaik tag-solarpark tag-trafostation\" role=\"listitem\">\n\t\t\t\t<a class=\"elementor-post__thumbnail__link\"  href=\"https:\/\/faber-etec.de\/es\/news\/repowering-solarparks\/\" title=\"Repotenciaci\u00f3n de parques solares - \" tabindex=\"-1\" target=\"&quot;_blank&quot;\">\n\t\t\t<div class=\"elementor-post__thumbnail\"><img loading=\"lazy\" decoding=\"async\" width=\"768\" height=\"430\" src=\"https:\/\/faber-etec.de\/wp-content\/uploads\/sites\/3\/2024\/12\/Ohorn-Solarpark-Drohne-6-768x430.avif\" class=\"attachment-medium_large size-medium_large wp-image-15097\" alt=\"Vista a\u00e9rea del parque solar de repotenciaci\u00f3n de Ohorn en invierno, tomada con un dron. Nueva estaci\u00f3n transformadora compacta \/ estaci\u00f3n compacta de Faber E-Tec.\" title=\"Repotenciaci\u00f3n del parque solar de Ohorn en invierno - im\u00e1genes de drones\" srcset=\"https:\/\/faber-etec.de\/wp-content\/uploads\/sites\/3\/2024\/12\/Ohorn-Solarpark-Drohne-6-768x430.avif 768w, https:\/\/faber-etec.de\/wp-content\/uploads\/sites\/3\/2024\/12\/Ohorn-Solarpark-Drohne-6-300x168.avif 300w, https:\/\/faber-etec.de\/wp-content\/uploads\/sites\/3\/2024\/12\/Ohorn-Solarpark-Drohne-6-1024x573.avif 1024w, https:\/\/faber-etec.de\/wp-content\/uploads\/sites\/3\/2024\/12\/Ohorn-Solarpark-Drohne-6-1536x860.avif 1536w, https:\/\/faber-etec.de\/wp-content\/uploads\/sites\/3\/2024\/12\/Ohorn-Solarpark-Drohne-6-2048x1147.avif 2048w, https:\/\/faber-etec.de\/wp-content\/uploads\/sites\/3\/2024\/12\/Ohorn-Solarpark-Drohne-6-18x10.avif 18w\" sizes=\"(max-width: 768px) 100vw, 768px\" \/><\/div>\n\t\t<\/a>\n\t\t\t\t<div class=\"elementor-post__text\">\n\t\t\t\t<span class=\"elementor-post__title\">\n\t\t\t<a  href=\"https:\/\/faber-etec.de\/es\/news\/repowering-solarparks\/\" title=\"Repotenciaci\u00f3n de parques solares - Nueva construcci\u00f3n y repotenciaci\u00f3n de un parque solar en Ohorn\" target=\"&quot;_blank&quot;\">\n\t\t\t\tNueva construcci\u00f3n y repotenciaci\u00f3n de un parque solar en Ohorn\t\t\t<\/a>\n\t\t<\/span>\n\t\t\t\t<div class=\"elementor-post__excerpt\">\n\t\t\t<p>En Ohorn, Sajonia, se est\u00e1 construyendo un moderno parque solar con una potencia de 3,3 MWp, una combinaci\u00f3n de nueva construcci\u00f3n y repotenciaci\u00f3n. Gracias a la estaci\u00f3n transformadora compacta de Faber\t\t<\/div>\n\t\t\t\t<\/div>\n\t\t\t\t<\/article>\n\t\t\t\t<article class=\"elementor-post elementor-grid-item post-15047 post type-post status-publish format-standard has-post-thumbnail hentry category-projekte tag-energieversorgung tag-supercharger\" role=\"listitem\">\n\t\t\t\t<a class=\"elementor-post__thumbnail__link\"  href=\"https:\/\/faber-etec.de\/es\/projekte\/trafostation-supercharger\/\" title=\"Estaci\u00f3n transformadora de supercargadores - \" tabindex=\"-1\" target=\"&quot;_blank&quot;\">\n\t\t\t<div class=\"elementor-post__thumbnail\"><img loading=\"lazy\" decoding=\"async\" width=\"768\" height=\"512\" src=\"https:\/\/faber-etec.de\/wp-content\/uploads\/sites\/3\/2024\/12\/1-Supercharger-Faber-E-Tec-Kompakt-Trafostation-Schnellladestationen-Elektromobilitaet-768x512.avif\" class=\"attachment-medium_large size-medium_large wp-image-15048\" alt=\"Estaci\u00f3n compacta Transformer con los colores del dise\u00f1o corporativo en el supercargador para coches el\u00e9ctricos de Bissendorf.\" title=\"Estaci\u00f3n transformadora compacta para supercargador de e-car Bissendorf\" srcset=\"https:\/\/faber-etec.de\/wp-content\/uploads\/sites\/3\/2024\/12\/1-Supercharger-Faber-E-Tec-Kompakt-Trafostation-Schnellladestationen-Elektromobilitaet-768x512.avif 768w, https:\/\/faber-etec.de\/wp-content\/uploads\/sites\/3\/2024\/12\/1-Supercharger-Faber-E-Tec-Kompakt-Trafostation-Schnellladestationen-Elektromobilitaet-300x200.avif 300w, https:\/\/faber-etec.de\/wp-content\/uploads\/sites\/3\/2024\/12\/1-Supercharger-Faber-E-Tec-Kompakt-Trafostation-Schnellladestationen-Elektromobilitaet-1024x683.avif 1024w, https:\/\/faber-etec.de\/wp-content\/uploads\/sites\/3\/2024\/12\/1-Supercharger-Faber-E-Tec-Kompakt-Trafostation-Schnellladestationen-Elektromobilitaet-18x12.avif 18w, https:\/\/faber-etec.de\/wp-content\/uploads\/sites\/3\/2024\/12\/1-Supercharger-Faber-E-Tec-Kompakt-Trafostation-Schnellladestationen-Elektromobilitaet.avif 1500w\" sizes=\"(max-width: 768px) 100vw, 768px\" \/><\/div>\n\t\t<\/a>\n\t\t\t\t<div class=\"elementor-post__text\">\n\t\t\t\t<span class=\"elementor-post__title\">\n\t\t\t<a  href=\"https:\/\/faber-etec.de\/es\/projekte\/trafostation-supercharger\/\" title=\"Estaci\u00f3n transformadora para supercargadores - Estaciones transformadoras compactas personalizadas en uso para estaciones de recarga r\u00e1pida\" target=\"&quot;_blank&quot;\">\n\t\t\t\tCentros de transformaci\u00f3n compactos a medida para estaciones de recarga r\u00e1pida\t\t\t<\/a>\n\t\t<\/span>\n\t\t\t\t<div class=\"elementor-post__excerpt\">\n\t\t\t<p>La estaci\u00f3n transformadora compacta de dise\u00f1o individual abastece las estaciones de carga r\u00e1pida de Bissendorf: potente, eficiente y con los colores del cliente.<\/p>\t\t<\/div>\n\t\t\t\t<\/div>\n\t\t\t\t<\/article>\n\t\t\t\t<article class=\"elementor-post elementor-grid-item post-14774 post type-post status-publish format-standard has-post-thumbnail hentry category-forschung-und-entwicklung tag-trafostation\" role=\"listitem\">\n\t\t\t\t<a class=\"elementor-post__thumbnail__link\"  href=\"https:\/\/faber-etec.de\/es\/forschung-und-entwicklung\/trafostation-wiki\/\" title=\"Estaci\u00f3n transformadora Wiki - \" tabindex=\"-1\" target=\"&quot;_blank&quot;\">\n\t\t\t<div class=\"elementor-post__thumbnail\"><img loading=\"lazy\" decoding=\"async\" width=\"768\" height=\"469\" src=\"https:\/\/faber-etec.de\/wp-content\/uploads\/sites\/3\/2024\/11\/Trafo-Wiki-768x469.jpg\" class=\"attachment-medium_large size-medium_large wp-image-14811\" alt=\"Estaci\u00f3n transformadora wiki, estaci\u00f3n transformadora, transformador wiki: Centro de transformaci\u00f3n exterior y centro de transformaci\u00f3n compacto para distribuci\u00f3n de energ\u00eda.\" title=\"Transformer Wiki\" srcset=\"https:\/\/faber-etec.de\/wp-content\/uploads\/sites\/3\/2024\/11\/Trafo-Wiki-768x469.jpg 768w, https:\/\/faber-etec.de\/wp-content\/uploads\/sites\/3\/2024\/11\/Trafo-Wiki-300x183.jpg 300w, https:\/\/faber-etec.de\/wp-content\/uploads\/sites\/3\/2024\/11\/Trafo-Wiki-1024x625.jpg 1024w, https:\/\/faber-etec.de\/wp-content\/uploads\/sites\/3\/2024\/11\/Trafo-Wiki-18x12.jpg 18w, https:\/\/faber-etec.de\/wp-content\/uploads\/sites\/3\/2024\/11\/Trafo-Wiki.jpg 1298w\" sizes=\"(max-width: 768px) 100vw, 768px\" \/><\/div>\n\t\t<\/a>\n\t\t\t\t<div class=\"elementor-post__text\">\n\t\t\t\t<span class=\"elementor-post__title\">\n\t\t\t<a  href=\"https:\/\/faber-etec.de\/es\/forschung-und-entwicklung\/trafostation-wiki\/\" title=\"Wiki del centro de transformaci\u00f3n - Wiki del centro de transformaci\u00f3n: Funci\u00f3n, estructura y significado\" target=\"&quot;_blank&quot;\">\n\t\t\t\tWiki del centro de transformaci\u00f3n - Funci\u00f3n\t\t\t<\/a>\n\t\t<\/span>\n\t\t\t\t<div class=\"elementor-post__excerpt\">\n\t\t\t<p>Los centros de transformaci\u00f3n son nodos importantes de la red el\u00e9ctrica. Convierten la media tensi\u00f3n en la baja tensi\u00f3n necesaria y garantizan as\u00ed un suministro el\u00e9ctrico fiable para plantas industriales y estaciones de carga,\t\t<\/div>\n\t\t\t\t<\/div>\n\t\t\t\t<\/article>\n\t\t\t\t<article class=\"elementor-post elementor-grid-item post-14370 post type-post status-publish format-standard has-post-thumbnail hentry category-news category-projekte tag-energieversorgung tag-photovoltaik tag-photovoltaikanlage tag-trafostation\" role=\"listitem\">\n\t\t\t\t<a class=\"elementor-post__thumbnail__link\"  href=\"https:\/\/faber-etec.de\/es\/news\/pv-aufdachanlage-dortmund-trafostationen\/\" title=\"Pv sistema de techo Dortmund estaciones transformadoras - \" tabindex=\"-1\" target=\"&quot;_blank&quot;\">\n\t\t\t<div class=\"elementor-post__thumbnail\"><img loading=\"lazy\" decoding=\"async\" width=\"768\" height=\"512\" src=\"https:\/\/faber-etec.de\/wp-content\/uploads\/sites\/3\/2024\/11\/Photovoltaik-Aufdachanlage-in-Dortmund-Faber-Solartechnik-und-Trafostationen-von-Faber-E-Tec-768x512.avif\" class=\"attachment-medium_large size-medium_large wp-image-14371\" alt=\"Gran instalaci\u00f3n fotovoltaica sobre tejado en Dortmund, instalada por Faber Solartechnik, con estaci\u00f3n transformadora y estaci\u00f3n transformadora compacta de Faber E-Tec\" title=\"Photovoltaic-rooftop-installation-in-Dortmund-Faber-Solartechnik-and-Trafostationen-von-Faber-E-Tec\" srcset=\"https:\/\/faber-etec.de\/wp-content\/uploads\/sites\/3\/2024\/11\/Photovoltaik-Aufdachanlage-in-Dortmund-Faber-Solartechnik-und-Trafostationen-von-Faber-E-Tec-768x512.avif 768w, https:\/\/faber-etec.de\/wp-content\/uploads\/sites\/3\/2024\/11\/Photovoltaik-Aufdachanlage-in-Dortmund-Faber-Solartechnik-und-Trafostationen-von-Faber-E-Tec-300x200.avif 300w, https:\/\/faber-etec.de\/wp-content\/uploads\/sites\/3\/2024\/11\/Photovoltaik-Aufdachanlage-in-Dortmund-Faber-Solartechnik-und-Trafostationen-von-Faber-E-Tec-1024x683.avif 1024w, https:\/\/faber-etec.de\/wp-content\/uploads\/sites\/3\/2024\/11\/Photovoltaik-Aufdachanlage-in-Dortmund-Faber-Solartechnik-und-Trafostationen-von-Faber-E-Tec-1536x1024.avif 1536w, https:\/\/faber-etec.de\/wp-content\/uploads\/sites\/3\/2024\/11\/Photovoltaik-Aufdachanlage-in-Dortmund-Faber-Solartechnik-und-Trafostationen-von-Faber-E-Tec-2048x1366.avif 2048w, https:\/\/faber-etec.de\/wp-content\/uploads\/sites\/3\/2024\/11\/Photovoltaik-Aufdachanlage-in-Dortmund-Faber-Solartechnik-und-Trafostationen-von-Faber-E-Tec-18x12.avif 18w\" sizes=\"(max-width: 768px) 100vw, 768px\" \/><\/div>\n\t\t<\/a>\n\t\t\t\t<div class=\"elementor-post__text\">\n\t\t\t\t<span class=\"elementor-post__title\">\n\t\t\t<a  href=\"https:\/\/faber-etec.de\/es\/news\/pv-aufdachanlage-dortmund-trafostationen\/\" title=\"Instalaci\u00f3n fotovoltaica sobre tejado en Dortmund - Puesta en marcha de una instalaci\u00f3n fotovoltaica sobre tejado en Dortmund\" target=\"&quot;_blank&quot;\">\n\t\t\t\tInicio de una instalaci\u00f3n fotovoltaica sobre cubierta en Dortmund\t\t\t<\/a>\n\t\t<\/span>\n\t\t\t\t<div class=\"elementor-post__excerpt\">\n\t\t\t<p>Las coloridas hojas caen de los \u00e1rboles y llega la dorada estaci\u00f3n oto\u00f1al. Para Faber Solartechnik y Faber E-Tec, \u00e9sta es la \u00e9poca perfecta.\t\t<\/div>\n\t\t\t\t<\/div>\n\t\t\t\t<\/article>\n\t\t\t\t<article class=\"elementor-post elementor-grid-item post-14288 post type-post status-publish format-standard has-post-thumbnail hentry category-forschung-und-entwicklung tag-energieversorgung tag-schalttechnologie\" role=\"listitem\">\n\t\t\t\t<a class=\"elementor-post__thumbnail__link\"  href=\"https:\/\/faber-etec.de\/es\/forschung-und-entwicklung\/nshv-niederspannungshauptverteilung\/\" title=\"Nshv Cuadro de distribuci\u00f3n principal de baja tensi\u00f3n - \" tabindex=\"-1\" target=\"&quot;_blank&quot;\">\n\t\t\t<div class=\"elementor-post__thumbnail\"><img loading=\"lazy\" decoding=\"async\" width=\"768\" height=\"476\" src=\"https:\/\/faber-etec.de\/wp-content\/uploads\/sites\/3\/2024\/08\/nshv-schaltsysteme-niederspannungshauptverteilung-gewerbe-industrie-768x476.webp\" class=\"attachment-medium_large size-medium_large wp-image-12099\" alt=\"Sistemas de conmutaci\u00f3n LVB para la distribuci\u00f3n principal de baja tensi\u00f3n en el comercio y la industria. NSHV, sistema NSHV, red NSHV, armario NSHV, costes NSHV, puesta a tierra NSHV, pruebas NSHV, transformador NSHV, configurador NSHV, interruptor principal NSHV, disyuntor NSHV, sistema fotovoltaico NSHV, normativa sala NSHV, sala NSHV, significado NSHV.\" title=\"Sistemas de conmutaci\u00f3n NSHV - Distribuci\u00f3n principal de baja tensi\u00f3n para el comercio y la industria\" srcset=\"https:\/\/faber-etec.de\/wp-content\/uploads\/sites\/3\/2024\/08\/nshv-schaltsysteme-niederspannungshauptverteilung-gewerbe-industrie-768x476.webp 768w, https:\/\/faber-etec.de\/wp-content\/uploads\/sites\/3\/2024\/08\/nshv-schaltsysteme-niederspannungshauptverteilung-gewerbe-industrie-300x186.webp 300w, https:\/\/faber-etec.de\/wp-content\/uploads\/sites\/3\/2024\/08\/nshv-schaltsysteme-niederspannungshauptverteilung-gewerbe-industrie-1024x635.webp 1024w, https:\/\/faber-etec.de\/wp-content\/uploads\/sites\/3\/2024\/08\/nshv-schaltsysteme-niederspannungshauptverteilung-gewerbe-industrie-1536x952.webp 1536w, https:\/\/faber-etec.de\/wp-content\/uploads\/sites\/3\/2024\/08\/nshv-schaltsysteme-niederspannungshauptverteilung-gewerbe-industrie-2048x1270.webp 2048w, https:\/\/faber-etec.de\/wp-content\/uploads\/sites\/3\/2024\/08\/nshv-schaltsysteme-niederspannungshauptverteilung-gewerbe-industrie-18x12.webp 18w\" sizes=\"(max-width: 768px) 100vw, 768px\" \/><\/div>\n\t\t<\/a>\n\t\t\t\t<div class=\"elementor-post__text\">\n\t\t\t\t<span class=\"elementor-post__title\">\n\t\t\t<a  href=\"https:\/\/faber-etec.de\/es\/forschung-und-entwicklung\/nshv-niederspannungshauptverteilung\/\" title=\"Nshv cuadro de distribuci\u00f3n principal de baja tensi\u00f3n - NSHV: distribuci\u00f3n eficiente de energ\u00eda para proyectos de energ\u00eda solar y energ\u00e9tica\" target=\"&quot;_blank&quot;\">\n\t\t\t\tNSHV: distribuci\u00f3n eficiente de energ\u00eda para proyectos solares y energ\u00e9ticos\t\t\t<\/a>\n\t\t<\/span>\n\t\t\t\t<div class=\"elementor-post__excerpt\">\n\t\t\t<p>Los sistemas NSHV de Faber E-Tec ofrecen una distribuci\u00f3n de energ\u00eda fiable para proyectos solares e industriales. Nuestras soluciones NSHV personalizadas, que incluyen armario NSHV y transformador, est\u00e1n especialmente dise\u00f1adas para\t\t<\/div>\n\t\t\t\t<\/div>\n\t\t\t\t<\/article>\n\t\t\t\t<article class=\"elementor-post elementor-grid-item post-14263 post type-post status-publish format-standard has-post-thumbnail hentry category-news\" role=\"listitem\">\n\t\t\t\t<a class=\"elementor-post__thumbnail__link\"  href=\"https:\/\/faber-etec.de\/es\/news\/klimaschutz-energiepolitik\/\" title=\"Protecci\u00f3n del clima Pol\u00edtica energ\u00e9tica - \" tabindex=\"-1\" target=\"&quot;_blank&quot;\">\n\t\t\t<div class=\"elementor-post__thumbnail\"><img loading=\"lazy\" decoding=\"async\" width=\"768\" height=\"623\" src=\"https:\/\/faber-etec.de\/wp-content\/uploads\/sites\/3\/2024\/11\/Klimaschutz-und-Energiepolitik-in-Deutschland-Buende-Faber-E-Tec-768x623.avif\" class=\"attachment-medium_large size-medium_large wp-image-14262\" alt=\"Protecci\u00f3n del clima y pol\u00edtica energ\u00e9tica en Alemania: Centros de transformaci\u00f3n eficientes y estaciones compactas de Faber E-Tec en B\u00fcnde para un futuro energ\u00e9tico sostenible\" title=\"Protecci\u00f3n del clima y pol\u00edtica energ\u00e9tica en Alemania: Centros de transformaci\u00f3n eficientes y estaciones compactas de Faber E-Tec en B\u00fcnde para un futuro energ\u00e9tico sostenible\" srcset=\"https:\/\/faber-etec.de\/wp-content\/uploads\/sites\/3\/2024\/11\/Klimaschutz-und-Energiepolitik-in-Deutschland-Buende-Faber-E-Tec-768x623.avif 768w, https:\/\/faber-etec.de\/wp-content\/uploads\/sites\/3\/2024\/11\/Klimaschutz-und-Energiepolitik-in-Deutschland-Buende-Faber-E-Tec-300x243.avif 300w, https:\/\/faber-etec.de\/wp-content\/uploads\/sites\/3\/2024\/11\/Klimaschutz-und-Energiepolitik-in-Deutschland-Buende-Faber-E-Tec-1024x831.avif 1024w, https:\/\/faber-etec.de\/wp-content\/uploads\/sites\/3\/2024\/11\/Klimaschutz-und-Energiepolitik-in-Deutschland-Buende-Faber-E-Tec-1536x1246.avif 1536w, https:\/\/faber-etec.de\/wp-content\/uploads\/sites\/3\/2024\/11\/Klimaschutz-und-Energiepolitik-in-Deutschland-Buende-Faber-E-Tec-15x12.avif 15w, https:\/\/faber-etec.de\/wp-content\/uploads\/sites\/3\/2024\/11\/Klimaschutz-und-Energiepolitik-in-Deutschland-Buende-Faber-E-Tec.avif 2000w\" sizes=\"(max-width: 768px) 100vw, 768px\" \/><\/div>\n\t\t<\/a>\n\t\t\t\t<div class=\"elementor-post__text\">\n\t\t\t\t<span class=\"elementor-post__title\">\n\t\t\t<a  href=\"https:\/\/faber-etec.de\/es\/news\/klimaschutz-energiepolitik\/\" title=\"Protecci\u00f3n del clima y pol\u00edtica energ\u00e9tica - Protecci\u00f3n del clima y pol\u00edtica energ\u00e9tica en Alemania\" target=\"&quot;_blank&quot;\">\n\t\t\t\tProtecci\u00f3n del clima y pol\u00edtica energ\u00e9tica en Alemania\t\t\t<\/a>\n\t\t<\/span>\n\t\t\t\t<div class=\"elementor-post__excerpt\">\n\t\t\t<p>Alemania apuesta por las estaciones transformadoras, las estaciones compactas y las estaciones compactas de hormig\u00f3n para impulsar la protecci\u00f3n del clima y la pol\u00edtica energ\u00e9tica y alcanzar los objetivos clim\u00e1ticos para 2045.<\/p>\t\t<\/div>\n\t\t\t\t<\/div>\n\t\t\t\t<\/article>\n\t\t\t\t<\/div>\n\t\t\n\t\t\t\t\t\t<\/div>\n\t\t\t\t<\/div>\n\t\t\t\t<\/div>\n\t\t\t\t\t<\/div>\n\t\t\t\t<\/div>\n\t\t<div class=\"elementor-element elementor-element-dbf3938 e-flex e-con-boxed e-con e-parent\" data-id=\"dbf3938\" data-element_type=\"container\" data-e-type=\"container\">\n\t\t\t\t\t<div class=\"e-con-inner\">\n\t\t<div class=\"elementor-element elementor-element-fafcf98 e-con-full e-flex e-con e-child\" data-id=\"fafcf98\" data-element_type=\"container\" data-e-type=\"container\">\n\t\t\t\t<div class=\"elementor-element elementor-element-953730f elementor-widget elementor-widget-heading\" data-id=\"953730f\" data-element_type=\"widget\" data-e-type=\"widget\" data-widget_type=\"heading.default\">\n\t\t\t\t<div class=\"elementor-widget-container\">\n\t\t\t\t\t<h2 class=\"elementor-heading-title elementor-size-default\">Blog y noticias sobre estaciones transformadoras y compactas<\/h2>\t\t\t\t<\/div>\n\t\t\t\t<\/div>\n\t\t\t\t<div class=\"elementor-element elementor-element-b9398cf elementor-widget elementor-widget-heading\" data-id=\"b9398cf\" data-element_type=\"widget\" data-e-type=\"widget\" data-widget_type=\"heading.default\">\n\t\t\t\t<div class=\"elementor-widget-container\">\n\t\t\t\t\t<h3 class=\"elementor-heading-title elementor-size-default\">Evoluci\u00f3n actual y perspectivas del mundo de los centros de transformaci\u00f3n y las estaciones compactas<\/h3>\t\t\t\t<\/div>\n\t\t\t\t<\/div>\n\t\t\t\t<\/div>\n\t\t<div class=\"elementor-element elementor-element-8d3f58b e-con-full e-flex e-con e-child\" data-id=\"8d3f58b\" data-element_type=\"container\" data-e-type=\"container\">\n\t\t<div class=\"elementor-element elementor-element-5b3bce7 e-con-full e-flex e-con e-child\" data-id=\"5b3bce7\" data-element_type=\"container\" data-e-type=\"container\">\n\t\t\t\t<div class=\"elementor-element elementor-element-a7de262 elementor-widget elementor-widget-text-editor\" data-id=\"a7de262\" data-element_type=\"widget\" data-e-type=\"widget\" data-widget_type=\"text-editor.default\">\n\t\t\t\t<div class=\"elementor-widget-container\">\n\t\t\t\t\t\t\t\t\t<p>Bienvenido a nuestro <strong>\"Blog y noticias<\/strong>-Este es su punto central de contacto para todas las noticias e informaci\u00f3n sobre centros de transformaci\u00f3n, centros compactos y soluciones energ\u00e9ticas innovadoras. En Faber E-Tec concedemos gran importancia a mantenerle al d\u00eda de los \u00faltimos avances en el sector energ\u00e9tico. Ya se trate de avances tecnol\u00f3gicos, tendencias espec\u00edficas del sector o proyectos interesantes, aqu\u00ed encontrar\u00e1 todo lo que necesita saber para estar al d\u00eda en el din\u00e1mico mundo de las infraestructuras energ\u00e9ticas.<\/p><p>Nuestra p\u00e1gina de blogs y noticias est\u00e1 dividida en diferentes categor\u00edas para ayudarle a encontrar r\u00e1pida y f\u00e1cilmente la informaci\u00f3n que le interesa. En la categor\u00eda <strong>\u201e<a  href=\"https:\/\/faber-etec.de\/es\/proyectos\/\" title=\"Proyectos - Proyectos y referencias\">Proyectos y referencias<\/a>\u201e<\/strong> le ofrecemos una visi\u00f3n de las exitosas implantaciones de nuestros centros de transformaci\u00f3n y estaciones compactas en diversas aplicaciones en todo el mundo. Obtenga m\u00e1s informaci\u00f3n sobre los retos a los que nos hemos enfrentado en estos proyectos y c\u00f3mo hemos desarrollado soluciones personalizadas que satisfacen los requisitos espec\u00edficos de nuestros clientes.<\/p><p>En la categor\u00eda <strong>\u201e<a  href=\"https:\/\/faber-etec.de\/es\/eventos\/\" title=\"Eventos - Eventos y ferias\">Eventos y ferias<\/a>\u201e<\/strong> le mantendremos al d\u00eda sobre nuestra participaci\u00f3n en los eventos m\u00e1s importantes del sector. Faber E-Tec asiste regularmente a ferias internacionales y congresos especializados para presentar nuestras \u00faltimas tecnolog\u00edas y soluciones. Aqu\u00ed podr\u00e1 descubrir en qu\u00e9 innovaciones nos centramos y qu\u00e9 tendencias est\u00e1n marcando actualmente el sector energ\u00e9tico. Nuestros informes sobre estos eventos le proporcionar\u00e1n informaci\u00f3n valiosa sobre el futuro de la infraestructura energ\u00e9tica y el papel que desempe\u00f1an nuestros productos en \u00e9l.<\/p><p>La zona <strong>\u201e<a  href=\"https:\/\/faber-etec.de\/es\/investigacion-y-desarrollo\/\" title=\"Investigaci\u00f3n y desarrollo - Investigaci\u00f3n y desarrollo\">Investigaci\u00f3n y desarrollo<\/a>\u201e<\/strong> est\u00e1 dedicada a las innovaciones tecnol\u00f3gicas y los \u00faltimos avances en el desarrollo de centros de transformaci\u00f3n y estaciones compactas. Aqu\u00ed le informamos sobre nuestros proyectos de investigaci\u00f3n en curso y las tecnolog\u00edas que estamos desarrollando para que el suministro de energ\u00eda sea a\u00fan m\u00e1s eficiente y seguro. Lea m\u00e1s sobre las innovaciones que constituyen la base de las soluciones energ\u00e9ticas del ma\u00f1ana y descubra c\u00f3mo en Faber E-Tec trabajamos continuamente para seguir desarrollando nuestros productos.<\/p>\t\t\t\t\t\t\t\t<\/div>\n\t\t\t\t<\/div>\n\t\t\t\t<\/div>\n\t\t<div class=\"elementor-element elementor-element-5d9fcb1 e-con-full e-flex e-con e-child\" data-id=\"5d9fcb1\" data-element_type=\"container\" data-e-type=\"container\">\n\t\t\t\t<div class=\"elementor-element elementor-element-e5e73ed elementor-widget elementor-widget-text-editor\" data-id=\"e5e73ed\" data-element_type=\"widget\" data-e-type=\"widget\" data-widget_type=\"text-editor.default\">\n\t\t\t\t<div class=\"elementor-widget-container\">\n\t\t\t\t\t\t\t\t\t<p><span style=\"color: var( --e-global-color-text ); font-family: var( --e-global-typography-text-font-family ), sans-serif; font-size: var( --e-global-typography-text-font-size ); font-weight: var( --e-global-typography-text-font-weight );\">Otro tema importante es el \u00e1rea de <\/span><strong style=\"color: var( --e-global-color-text ); font-family: var( --e-global-typography-text-font-family ), sans-serif; font-size: var( --e-global-typography-text-font-size );\">\u201e<a href=\"https:\/\/www.faber-etec-karriere.de\/\" title=\" - Empleo y carrera profesional\" target=\"_blank\" rel=\"noopener\">Empleo y carrera profesional<\/a>\u201e<\/strong><span style=\"color: var( --e-global-color-text ); font-family: var( --e-global-typography-text-font-family ), sans-serif; font-size: var( --e-global-typography-text-font-size ); font-weight: var( --e-global-typography-text-font-weight );\">. Aqu\u00ed encontrar\u00e1 informaci\u00f3n sobre las oportunidades profesionales en Faber E-Tec. Nuestros empleados son el coraz\u00f3n de nuestra empresa y siempre estamos buscando profesionales con talento para unirse a nuestro equipo. Obtenga m\u00e1s informaci\u00f3n sobre los puestos vacantes, nuestra cultura empresarial y las oportunidades de desarrollo que ofrecemos. Tanto si eres un profesional con experiencia como si empiezas tu carrera profesional, en Faber E-Tec encontrar\u00e1s retos apasionantes en un entorno innovador.<\/span><\/p><p>Adem\u00e1s, ofrecemos en nuestra <a href=\"https:\/\/faber-etec.de\/es\/faq\/\" title=\"Faq - Secci\u00f3n de preguntas frecuentes\">Secci\u00f3n FAQ<\/a> Respuestas a las preguntas m\u00e1s frecuentes sobre centros de transformaci\u00f3n, centros compactos y nuestros servicios. Esta p\u00e1gina es un valioso recurso para todo aquel que desee saber m\u00e1s sobre nuestros productos o busque informaci\u00f3n t\u00e9cnica espec\u00edfica. Aqu\u00ed encontrar\u00e1 explicaciones detalladas de nuestras soluciones y recibir\u00e1 apoyo para todas las preguntas que puedan surgirle durante la planificaci\u00f3n y realizaci\u00f3n de sus proyectos energ\u00e9ticos.<\/p><p>Nuestro objetivo no es s\u00f3lo mantenerle informado de las \u00faltimas novedades del sector, sino tambi\u00e9n proporcionarle informaci\u00f3n y recursos \u00fatiles que le ayuden en sus proyectos. El mundo de las infraestructuras energ\u00e9ticas es complejo y cambia constantemente: nuestro blog y nuestras noticias le ayudar\u00e1n a mantener el pulso.<\/p><p>Le invitamos a visitarnos con regularidad para conocer las \u00faltimas tendencias y novedades del sector energ\u00e9tico. Tanto si le interesan los detalles t\u00e9cnicos, como si quiere conocer nuestros \u00faltimos proyectos o busca oportunidades profesionales, en nuestro blog y nuestra p\u00e1gina de noticias encontrar\u00e1 toda la informaci\u00f3n pertinente. Descubra el mundo de Faber E-Tec y d\u00e9jese inspirar.<\/p>\t\t\t\t\t\t\t\t<\/div>\n\t\t\t\t<\/div>\n\t\t\t\t<\/div>\n\t\t\t\t<\/div>\n\t\t\t\t\t<\/div>\n\t\t\t\t<\/div>\n\t\t\t\t<\/div>","protected":false},"excerpt":{"rendered":"<p>Blogs: Aktuelle News &amp; Infos Aktuelles von Ihrem Trafostation- und Kompaktstation-Hersteller Blog &amp; News \u00fcber Trafostationen und Kompaktstationen Aktuelle Entwicklungen und Einblicke in die Welt der Trafostationen und Kompaktstationen Willkommen auf unserer &#8222;Blog &amp; News&#8220;-Seite, Ihrem zentralen Anlaufpunkt f\u00fcr alle Neuigkeiten und Informationen rund um Trafostationen, Kompaktstationen und innovative Energiel\u00f6sungen. Bei Faber E-Tec legen wir [&hellip;]<\/p>\n","protected":false},"author":6,"featured_media":0,"parent":0,"menu_order":0,"comment_status":"closed","ping_status":"closed","template":"","meta":{"_acf_changed":false,"footnotes":""},"class_list":["post-7886","page","type-page","status-publish","hentry"],"acf":[],"_links":{"self":[{"href":"https:\/\/faber-etec.de\/es\/wp-json\/wp\/v2\/pages\/7886","targetHints":{"allow":["GET"]}}],"collection":[{"href":"https:\/\/faber-etec.de\/es\/wp-json\/wp\/v2\/pages"}],"about":[{"href":"https:\/\/faber-etec.de\/es\/wp-json\/wp\/v2\/types\/page"}],"author":[{"embeddable":true,"href":"https:\/\/faber-etec.de\/es\/wp-json\/wp\/v2\/users\/6"}],"replies":[{"embeddable":true,"href":"https:\/\/faber-etec.de\/es\/wp-json\/wp\/v2\/comments?post=7886"}],"version-history":[{"count":7,"href":"https:\/\/faber-etec.de\/es\/wp-json\/wp\/v2\/pages\/7886\/revisions"}],"predecessor-version":[{"id":19132,"href":"https:\/\/faber-etec.de\/es\/wp-json\/wp\/v2\/pages\/7886\/revisions\/19132"}],"wp:attachment":[{"href":"https:\/\/faber-etec.de\/es\/wp-json\/wp\/v2\/media?parent=7886"}],"curies":[{"name":"wp","href":"https:\/\/api.w.org\/{rel}","templated":true}]}}