{"id":21580,"date":"2026-02-28T22:16:38","date_gmt":"2026-02-28T21:16:38","guid":{"rendered":"https:\/\/faber-etec.de\/?post_type=job&#038;p=21580"},"modified":"2026-02-28T23:26:58","modified_gmt":"2026-02-28T22:26:58","slug":"wirtschaftsjurist-m-w-d-schwerpunkt-vertragsrecht-dienstbarkeiten","status":"publish","type":"job","link":"https:\/\/faber-etec.de\/fr\/job\/wirtschaftsjurist-m-w-d-schwerpunkt-vertragsrecht-dienstbarkeiten\/","title":{"rendered":"Juriste d'entreprise (h\/f) sp\u00e9cialis\u00e9 dans le droit des contrats et des servitudes"},"content":{"rendered":"<div data-elementor-type=\"wp-post\" data-elementor-id=\"21580\" class=\"elementor elementor-21580\" data-elementor-post-type=\"job\">\n\t\t\t\t<div class=\"elementor-element elementor-element-08d8c08 e-flex e-con-boxed e-con e-parent\" data-id=\"08d8c08\" data-element_type=\"container\" data-e-type=\"container\">\n\t\t\t\t\t<div class=\"e-con-inner\">\n\t\t\t\t<div class=\"elementor-element elementor-element-d958007 elementor-widget elementor-widget-heading\" data-id=\"d958007\" data-element_type=\"widget\" data-e-type=\"widget\" data-widget_type=\"heading.default\">\n\t\t\t\t<div class=\"elementor-widget-container\">\n\t\t\t\t\t<h2 class=\"elementor-heading-title elementor-size-default\">Nous recherchons un juriste d'entreprise (h\/f) - Karriere bei Faber E-Tec in B\u00fcnde<\/h2>\t\t\t\t<\/div>\n\t\t\t\t<\/div>\n\t\t\t\t<div class=\"elementor-element elementor-element-c21187a elementor-widget elementor-widget-heading\" data-id=\"c21187a\" data-element_type=\"widget\" data-e-type=\"widget\" data-widget_type=\"heading.default\">\n\t\t\t\t<div class=\"elementor-widget-container\">\n\t\t\t\t\t<h3 class=\"elementor-heading-title elementor-size-default\">Entreprise familiale de B\u00fcnde - le photovolta\u00efque mis en \u0153uvre de mani\u00e8re globale<\/h3>\t\t\t\t<\/div>\n\t\t\t\t<\/div>\n\t\t\t\t<div class=\"elementor-element elementor-element-f3334bf elementor-widget elementor-widget-text-editor\" data-id=\"f3334bf\" data-element_type=\"widget\" data-e-type=\"widget\" data-widget_type=\"text-editor.default\">\n\t\t\t\t<div class=\"elementor-widget-container\">\n\t\t\t\t\t\t\t\t\t<p>Depuis plus de 25 ans, nous, Faber Solartechnik GmbH de B\u00fcnde, sommes une entreprise familiale dont le nom est synonyme de qualit\u00e9 de nos produits et qui, avec son \u00e9quipe engag\u00e9e, fait avancer le tournant \u00e9nerg\u00e9tique. Nous d\u00e9veloppons des concepts innovants pour les installations solaires en plein air et sur toiture de grande envergure et r\u00e9alisons les projets dans leur int\u00e9gralit\u00e9, de la premi\u00e8re id\u00e9e au dernier module. Forts de l'exp\u00e9rience acquise dans le cadre de plus de 100 projets photovolta\u00efques et de notre soif constante d'innovation, nous souhaitons continuer \u00e0 fa\u00e7onner activement le march\u00e9 du photovolta\u00efque en Allemagne.<\/p>\t\t\t\t\t\t\t\t<\/div>\n\t\t\t\t<\/div>\n\t\t\t\t<div class=\"elementor-element elementor-element-fc909ea elementor-invisible elementor-widget elementor-widget-image\" data-id=\"fc909ea\" data-element_type=\"widget\" data-e-type=\"widget\" data-settings=\"{&quot;_animation&quot;:&quot;zoomIn&quot;}\" data-widget_type=\"image.default\">\n\t\t\t\t<div class=\"elementor-widget-container\">\n\t\t\t\t\t\t\t\t\t\t\t\t<figure class=\"wp-caption\">\n\t\t\t\t\t\t\t\t\t\t<img decoding=\"async\" src=\"https:\/\/faber-etec.de\/wp-content\/uploads\/sites\/3\/elementor\/thumbs\/wirtschaftsjurist-vertragsverhandlung-handschlag-solarpark-faber-solartechnik-scaled-rju7emrzwj0uxvj2z7ff5zp2cgeo1nj46bczwb638w.avif\" title=\"N\u00e9gociation de contrat dans un parc solaire - Juriste d&#039;entreprise (h\/f)\" alt=\"Poign\u00e9e de main devant un parc solaire - N\u00e9gociation de contrat et coop\u00e9ration dans le cadre d&#039;un projet PV\" loading=\"lazy\" \/>\t\t\t\t\t\t\t\t\t\t\t<figcaption class=\"widget-image-caption wp-caption-text\">N\u00e9gociation et coordination avec les partenaires dans l'environnement du projet PV.<\/figcaption>\n\t\t\t\t\t\t\t\t\t\t<\/figure>\n\t\t\t\t\t\t\t\t\t<\/div>\n\t\t\t\t<\/div>\n\t\t\t\t<div class=\"elementor-element elementor-element-0231240 elementor-widget-divider--view-line elementor-widget elementor-widget-divider\" data-id=\"0231240\" data-element_type=\"widget\" data-e-type=\"widget\" data-widget_type=\"divider.default\">\n\t\t\t\t<div class=\"elementor-widget-container\">\n\t\t\t\t\t\t\t<div class=\"elementor-divider\">\n\t\t\t<span class=\"elementor-divider-separator\">\n\t\t\t\t\t\t<\/span>\n\t\t<\/div>\n\t\t\t\t\t\t<\/div>\n\t\t\t\t<\/div>\n\t\t\t\t<div class=\"elementor-element elementor-element-1e6ec3b elementor-widget elementor-widget-heading\" data-id=\"1e6ec3b\" data-element_type=\"widget\" data-e-type=\"widget\" data-widget_type=\"heading.default\">\n\t\t\t\t<div class=\"elementor-widget-container\">\n\t\t\t\t\t<h3 class=\"elementor-heading-title elementor-size-default\">Vos t\u00e2ches<\/h3>\t\t\t\t<\/div>\n\t\t\t\t<\/div>\n\t\t\t\t<div class=\"elementor-element elementor-element-6156306 elementor-widget elementor-widget-text-editor\" data-id=\"6156306\" data-element_type=\"widget\" data-e-type=\"widget\" data-widget_type=\"text-editor.default\">\n\t\t\t\t<div class=\"elementor-widget-container\">\n\t\t\t\t\t\t\t\t\t<p>Servitudes &amp; droit foncier, gestion des contrats et n\u00e9gociations : Vous garantissez les droits fonciers et les droits sur les lignes pour les projets PV, vous vous concertez avec les notaires \/ les bureaux du registre foncier et vous \u00eates responsable de l'\u00e9laboration, de la v\u00e9rification et du d\u00e9veloppement des documents contractuels centraux, y compris l'analyse des risques.<\/p>\t\t\t\t\t\t\t\t<\/div>\n\t\t\t\t<\/div>\n\t\t\t\t<div class=\"elementor-element elementor-element-06189d2 elementor-widget elementor-widget-heading\" data-id=\"06189d2\" data-element_type=\"widget\" data-e-type=\"widget\" data-widget_type=\"heading.default\">\n\t\t\t\t<div class=\"elementor-widget-container\">\n\t\t\t\t\t<h4 class=\"elementor-heading-title elementor-size-default\">Servitudes &amp; droit foncier<\/h4>\t\t\t\t<\/div>\n\t\t\t\t<\/div>\n\t\t\t\t<div class=\"elementor-element elementor-element-b168d69 elementor-align-start aufgabenliste elementor-icon-list--layout-traditional elementor-list-item-link-full_width elementor-widget elementor-widget-icon-list\" data-id=\"b168d69\" data-element_type=\"widget\" data-e-type=\"widget\" data-widget_type=\"icon-list.default\">\n\t\t\t\t<div class=\"elementor-widget-container\">\n\t\t\t\t\t\t\t<ul class=\"elementor-icon-list-items\">\n\t\t\t\t\t\t\t<li class=\"elementor-icon-list-item\">\n\t\t\t\t\t\t\t\t\t\t\t<span class=\"elementor-icon-list-icon\">\n\t\t\t\t\t\t\t<i aria-hidden=\"true\" class=\"fas fa-file-signature\"><\/i>\t\t\t\t\t\t<\/span>\n\t\t\t\t\t\t\t\t\t\t<span class=\"elementor-icon-list-text\">Examen, conception et suivi des servitudes (servitudes fonci\u00e8res, servitudes personnelles limit\u00e9es)<\/span>\n\t\t\t\t\t\t\t\t\t<\/li>\n\t\t\t\t\t\t\t\t<li class=\"elementor-icon-list-item\">\n\t\t\t\t\t\t\t\t\t\t\t<span class=\"elementor-icon-list-icon\">\n\t\t\t\t\t\t\t<i aria-hidden=\"true\" class=\"fas fa-map-marked\"><\/i>\t\t\t\t\t\t<\/span>\n\t\t\t\t\t\t\t\t\t\t<span class=\"elementor-icon-list-text\">Assistance juridique pour la s\u00e9curisation des droits fonciers et des droits de conduites pour les installations PV et l'infrastructure<\/span>\n\t\t\t\t\t\t\t\t\t<\/li>\n\t\t\t\t\t\t\t\t<li class=\"elementor-icon-list-item\">\n\t\t\t\t\t\t\t\t\t\t\t<span class=\"elementor-icon-list-icon\">\n\t\t\t\t\t\t\t<i aria-hidden=\"true\" class=\"fas fa-handshake\"><\/i>\t\t\t\t\t\t<\/span>\n\t\t\t\t\t\t\t\t\t\t<span class=\"elementor-icon-list-text\"> Coordination avec les notaires, les bureaux du registre foncier et les conseillers juridiques externes<\/span>\n\t\t\t\t\t\t\t\t\t<\/li>\n\t\t\t\t\t\t<\/ul>\n\t\t\t\t\t\t<\/div>\n\t\t\t\t<\/div>\n\t\t\t\t<div class=\"elementor-element elementor-element-4ba2662 elementor-widget elementor-widget-heading\" data-id=\"4ba2662\" data-element_type=\"widget\" data-e-type=\"widget\" data-widget_type=\"heading.default\">\n\t\t\t\t<div class=\"elementor-widget-container\">\n\t\t\t\t\t<h4 class=\"elementor-heading-title elementor-size-default\">Gestion des contrats<\/h4>\t\t\t\t<\/div>\n\t\t\t\t<\/div>\n\t\t\t\t<div class=\"elementor-element elementor-element-6e03636 elementor-align-start aufgabenliste elementor-icon-list--layout-traditional elementor-list-item-link-full_width elementor-widget elementor-widget-icon-list\" data-id=\"6e03636\" data-element_type=\"widget\" data-e-type=\"widget\" data-widget_type=\"icon-list.default\">\n\t\t\t\t<div class=\"elementor-widget-container\">\n\t\t\t\t\t\t\t<ul class=\"elementor-icon-list-items\">\n\t\t\t\t\t\t\t<li class=\"elementor-icon-list-item\">\n\t\t\t\t\t\t\t\t\t\t\t<span class=\"elementor-icon-list-icon\">\n\t\t\t\t\t\t\t<i aria-hidden=\"true\" class=\"fas fa-balance-scale\"><\/i>\t\t\t\t\t\t<\/span>\n\t\t\t\t\t\t\t\t\t\t<span class=\"elementor-icon-list-text\">R\u00e9daction, v\u00e9rification et n\u00e9gociation de contrats (notamment de baux, de contrats d'utilisation, de contrats d'am\u00e9nagement, de contrats de coop\u00e9ration et de contrats de livraison)<\/span>\n\t\t\t\t\t\t\t\t\t<\/li>\n\t\t\t\t\t\t\t\t<li class=\"elementor-icon-list-item\">\n\t\t\t\t\t\t\t\t\t\t\t<span class=\"elementor-icon-list-icon\">\n\t\t\t\t\t\t\t<i aria-hidden=\"true\" class=\"fas fa-feather-alt\"><\/i>\t\t\t\t\t\t<\/span>\n\t\t\t\t\t\t\t\t\t\t<span class=\"elementor-icon-list-text\">Maintenance et d\u00e9veloppement de mod\u00e8les de contrats<\/span>\n\t\t\t\t\t\t\t\t\t<\/li>\n\t\t\t\t\t\t\t\t<li class=\"elementor-icon-list-item\">\n\t\t\t\t\t\t\t\t\t\t\t<span class=\"elementor-icon-list-icon\">\n\t\t\t\t\t\t\t<i aria-hidden=\"true\" class=\"fas fa-search\"><\/i>\t\t\t\t\t\t<\/span>\n\t\t\t\t\t\t\t\t\t\t<span class=\"elementor-icon-list-text\">\u00c9valuation des risques juridiques et \u00e9conomiques des constellations de contrats<\/span>\n\t\t\t\t\t\t\t\t\t<\/li>\n\t\t\t\t\t\t<\/ul>\n\t\t\t\t\t\t<\/div>\n\t\t\t\t<\/div>\n\t\t\t\t<div class=\"elementor-element elementor-element-031fe76 elementor-widget-divider--view-line elementor-widget elementor-widget-divider\" data-id=\"031fe76\" data-element_type=\"widget\" data-e-type=\"widget\" data-widget_type=\"divider.default\">\n\t\t\t\t<div class=\"elementor-widget-container\">\n\t\t\t\t\t\t\t<div class=\"elementor-divider\">\n\t\t\t<span class=\"elementor-divider-separator\">\n\t\t\t\t\t\t<\/span>\n\t\t<\/div>\n\t\t\t\t\t\t<\/div>\n\t\t\t\t<\/div>\n\t\t\t\t<div class=\"elementor-element elementor-element-d67974f elementor-widget elementor-widget-heading\" data-id=\"d67974f\" data-element_type=\"widget\" data-e-type=\"widget\" data-widget_type=\"heading.default\">\n\t\t\t\t<div class=\"elementor-widget-container\">\n\t\t\t\t\t<h3 class=\"elementor-heading-title elementor-size-default\">Votre profil<\/h3>\t\t\t\t<\/div>\n\t\t\t\t<\/div>\n\t\t\t\t<div class=\"elementor-element elementor-element-0a424a7 elementor-align-start elementor-icon-list--layout-traditional elementor-list-item-link-full_width elementor-widget elementor-widget-icon-list\" data-id=\"0a424a7\" data-element_type=\"widget\" data-e-type=\"widget\" data-widget_type=\"icon-list.default\">\n\t\t\t\t<div class=\"elementor-widget-container\">\n\t\t\t\t\t\t\t<ul class=\"elementor-icon-list-items\">\n\t\t\t\t\t\t\t<li class=\"elementor-icon-list-item\">\n\t\t\t\t\t\t\t\t\t\t\t<span class=\"elementor-icon-list-icon\">\n\t\t\t\t\t\t\t<i aria-hidden=\"true\" class=\"fas fa-check\"><\/i>\t\t\t\t\t\t<\/span>\n\t\t\t\t\t\t\t\t\t\t<span class=\"elementor-icon-list-text\">Dipl\u00f4me de droit \u00e9conomique (LL.B., LL.M. ou \u00e9quivalent)<\/span>\n\t\t\t\t\t\t\t\t\t<\/li>\n\t\t\t\t\t\t\t\t<li class=\"elementor-icon-list-item\">\n\t\t\t\t\t\t\t\t\t\t\t<span class=\"elementor-icon-list-icon\">\n\t\t\t\t\t\t\t<i aria-hidden=\"true\" class=\"fas fa-check\"><\/i>\t\t\t\t\t\t<\/span>\n\t\t\t\t\t\t\t\t\t\t<span class=\"elementor-icon-list-text\">Bonne connaissance du droit des contrats et du droit civil<\/span>\n\t\t\t\t\t\t\t\t\t<\/li>\n\t\t\t\t\t\t\t\t<li class=\"elementor-icon-list-item\">\n\t\t\t\t\t\t\t\t\t\t\t<span class=\"elementor-icon-list-icon\">\n\t\t\t\t\t\t\t<i aria-hidden=\"true\" class=\"fas fa-check\"><\/i>\t\t\t\t\t\t<\/span>\n\t\t\t\t\t\t\t\t\t\t<span class=\"elementor-icon-list-text\">Une premi\u00e8re exp\u00e9rience en mati\u00e8re de servitudes, de droit foncier ou de droit de l'\u00e9nergie est un atout<\/span>\n\t\t\t\t\t\t\t\t\t<\/li>\n\t\t\t\t\t\t\t\t<li class=\"elementor-icon-list-item\">\n\t\t\t\t\t\t\t\t\t\t\t<span class=\"elementor-icon-list-icon\">\n\t\t\t\t\t\t\t<i aria-hidden=\"true\" class=\"fas fa-check\"><\/i>\t\t\t\t\t\t<\/span>\n\t\t\t\t\t\t\t\t\t\t<span class=\"elementor-icon-list-text\">Compr\u00e9hension \u00e9conomique et pens\u00e9e orient\u00e9e vers la pratique<\/span>\n\t\t\t\t\t\t\t\t\t<\/li>\n\t\t\t\t\t\t\t\t<li class=\"elementor-icon-list-item\">\n\t\t\t\t\t\t\t\t\t\t\t<span class=\"elementor-icon-list-icon\">\n\t\t\t\t\t\t\t<i aria-hidden=\"true\" class=\"fas fa-check\"><\/i>\t\t\t\t\t\t<\/span>\n\t\t\t\t\t\t\t\t\t\t<span class=\"elementor-icon-list-text\">M\u00e9thode de travail ind\u00e9pendante et structur\u00e9e<\/span>\n\t\t\t\t\t\t\t\t\t<\/li>\n\t\t\t\t\t\t\t\t<li class=\"elementor-icon-list-item\">\n\t\t\t\t\t\t\t\t\t\t\t<span class=\"elementor-icon-list-icon\">\n\t\t\t\t\t\t\t<i aria-hidden=\"true\" class=\"fas fa-check\"><\/i>\t\t\t\t\t\t<\/span>\n\t\t\t\t\t\t\t\t\t\t<span class=\"elementor-icon-list-text\">Capacit\u00e9 \u00e0 communiquer et \u00e0 travailler en \u00e9quipe<\/span>\n\t\t\t\t\t\t\t\t\t<\/li>\n\t\t\t\t\t\t<\/ul>\n\t\t\t\t\t\t<\/div>\n\t\t\t\t<\/div>\n\t\t\t\t<div class=\"elementor-element elementor-element-a85a40e elementor-widget elementor-widget-gallery\" data-id=\"a85a40e\" data-element_type=\"widget\" data-e-type=\"widget\" data-settings=\"{&quot;gallery_layout&quot;:&quot;justified&quot;,&quot;ideal_row_height&quot;:{&quot;unit&quot;:&quot;px&quot;,&quot;size&quot;:283,&quot;sizes&quot;:[]},&quot;lazyload&quot;:&quot;yes&quot;,&quot;ideal_row_height_laptop&quot;:{&quot;unit&quot;:&quot;px&quot;,&quot;size&quot;:150,&quot;sizes&quot;:[]},&quot;ideal_row_height_tablet_extra&quot;:{&quot;unit&quot;:&quot;px&quot;,&quot;size&quot;:150,&quot;sizes&quot;:[]},&quot;ideal_row_height_tablet&quot;:{&quot;unit&quot;:&quot;px&quot;,&quot;size&quot;:150,&quot;sizes&quot;:[]},&quot;ideal_row_height_mobile&quot;:{&quot;unit&quot;:&quot;px&quot;,&quot;size&quot;:150,&quot;sizes&quot;:[]},&quot;gap&quot;:{&quot;unit&quot;:&quot;px&quot;,&quot;size&quot;:10,&quot;sizes&quot;:[]},&quot;gap_laptop&quot;:{&quot;unit&quot;:&quot;px&quot;,&quot;size&quot;:10,&quot;sizes&quot;:[]},&quot;gap_tablet_extra&quot;:{&quot;unit&quot;:&quot;px&quot;,&quot;size&quot;:10,&quot;sizes&quot;:[]},&quot;gap_tablet&quot;:{&quot;unit&quot;:&quot;px&quot;,&quot;size&quot;:10,&quot;sizes&quot;:[]},&quot;gap_mobile&quot;:{&quot;unit&quot;:&quot;px&quot;,&quot;size&quot;:10,&quot;sizes&quot;:[]},&quot;overlay_background&quot;:&quot;yes&quot;,&quot;content_hover_animation&quot;:&quot;fade-in&quot;}\" data-widget_type=\"gallery.default\">\n\t\t\t\t<div class=\"elementor-widget-container\">\n\t\t\t\t\t\t\t<div class=\"elementor-gallery__container\">\n\t\t\t\t\t\t\t<div class=\"e-gallery-item elementor-gallery-item elementor-animated-content\">\n\t\t\t\t\t<div class=\"e-gallery-image elementor-gallery-item__image\" data-thumbnail=\"https:\/\/faber-etec.de\/wp-content\/uploads\/sites\/3\/elementor\/thumbs\/wirtschaftsjurist-vertragsrecht-pv-vertrag-unterschrift-faber-solartechnik-scaled-rju7cjkq0kuo78dckfir2ap7vyfquzii22xdqdoszo.avif\" data-width=\"400\" data-height=\"250\" aria-label=\"La main signe le contrat avant les modules solaires - Droit des contrats et projets PV juridiquement s\u00fbrs\" role=\"img\" ><\/div>\n\t\t\t\t\t\t\t\t\t\t\t<div class=\"elementor-gallery-item__overlay\"><\/div>\n\t\t\t\t\t\t\t\t\t\t\t\t\t\t<\/div>\n\t\t\t\t\t\t\t<div class=\"e-gallery-item elementor-gallery-item elementor-animated-content\">\n\t\t\t\t\t<div class=\"e-gallery-image elementor-gallery-item__image\" data-thumbnail=\"https:\/\/faber-etec.de\/wp-content\/uploads\/sites\/3\/elementor\/thumbs\/LichtBlick-Ennigerloh-DSC07767-rik2ykrxxasq29e4jszj71s66kpl2r0ckey0mt5878.jpg\" data-width=\"400\" data-height=\"250\" aria-label=\"\" role=\"img\" ><\/div>\n\t\t\t\t\t\t\t\t\t\t\t<div class=\"elementor-gallery-item__overlay\"><\/div>\n\t\t\t\t\t\t\t\t\t\t\t\t\t\t<\/div>\n\t\t\t\t\t<\/div>\n\t\t\t\t\t<\/div>\n\t\t\t\t<\/div>\n\t\t\t\t<div class=\"elementor-element elementor-element-53c96f7 elementor-widget-divider--view-line elementor-widget elementor-widget-divider\" data-id=\"53c96f7\" data-element_type=\"widget\" data-e-type=\"widget\" data-widget_type=\"divider.default\">\n\t\t\t\t<div class=\"elementor-widget-container\">\n\t\t\t\t\t\t\t<div class=\"elementor-divider\">\n\t\t\t<span class=\"elementor-divider-separator\">\n\t\t\t\t\t\t<\/span>\n\t\t<\/div>\n\t\t\t\t\t\t<\/div>\n\t\t\t\t<\/div>\n\t\t\t\t<div class=\"elementor-element elementor-element-e70ac57 elementor-widget elementor-widget-heading\" data-id=\"e70ac57\" data-element_type=\"widget\" data-e-type=\"widget\" data-widget_type=\"heading.default\">\n\t\t\t\t<div class=\"elementor-widget-container\">\n\t\t\t\t\t<h4 class=\"elementor-heading-title elementor-size-default\">Postulez d\u00e8s maintenant - nous nous r\u00e9jouissons de votre candidature.<\/h4>\t\t\t\t<\/div>\n\t\t\t\t<\/div>\n\t\t\t\t<div class=\"elementor-element elementor-element-f214a8b elementor-widget elementor-widget-text-editor\" data-id=\"f214a8b\" data-element_type=\"widget\" data-e-type=\"widget\" data-widget_type=\"text-editor.default\">\n\t\t\t\t<div class=\"elementor-widget-container\">\n\t\t\t\t\t\t\t\t\t<p>Postulez d\u00e8s maintenant et apportez votre expertise juridique \u00e0 des projets photovolta\u00efques solides.<\/p>\t\t\t\t\t\t\t\t<\/div>\n\t\t\t\t<\/div>\n\t\t\t\t\t<\/div>\n\t\t\t\t<\/div>\n\t\t\t\t<\/div>","protected":false},"excerpt":{"rendered":"<p>Aufgrund unseres dynamischen Wachstums suchen wir zur Verst\u00e4rkung unseres Teams sofort Sie als<br \/>\nWirtschaftsjurist (m\/w\/d).<\/p>","protected":false},"featured_media":21596,"menu_order":0,"template":"","meta":{"_acf_changed":false,"footnotes":""},"job-benefits":[],"job-type":[80],"job-contact":[],"job-industry":[98],"-job-education_requirements":[100],"job-experience_requirements":[101,102],"job-skills":[105,107,106,109,108,103,104],"job-base_salary":[110],"job-worklocation":[84],"job-category":[111],"job-incentive_compensation":[],"job-qualifications":[115,114,116,112],"job-location":[87],"job-seo":[126,118,120,127,128,122,129,121,124,123,125,119,117],"job-responsibilities":[134,137,135,131,133,136,130,132],"job-vertragsart":[91,92],"class_list":["post-21580","job","type-job","status-publish","has-post-thumbnail","hentry","job-type-vollzeit","job-industry-erneuerbare-energien","-job-education_requirements-abgeschlossenes-studium-wirtschaftsrecht-ll-b-ll-m-oder-vergleichbar","job-experience_requirements-erste-erfahrung-mit-dienstbarkeiten","job-experience_requirements-grundstuecksrecht-oder-energierecht-von-vorteil","job-skills-dienstbarkeiten","job-skills-energierecht","job-skills-grundstuecksrecht","job-skills-risikobewertung","job-skills-vertragsgestaltung-und-verhandlung","job-skills-vertragsrecht","job-skills-zivilrecht","job-base_salary-attraktive-verguetung","job-worklocation-home-office-erlaubt","job-category-recht","job-qualifications-kommunikationsstaerke","job-qualifications-selbststaendige-und-strukturierte-arbeitsweise","job-qualifications-teamfaehigkeit","job-qualifications-wirtschaftliches-verstaendnis","job-location-buende-nrw","job-seo-buende","job-seo-dienstbarkeiten","job-seo-energierecht","job-seo-erneuerbare-energien","job-seo-gestattungsvertraege","job-seo-grundstuecksrecht","job-seo-nrw","job-seo-pachtvertraege","job-seo-pv-projekte","job-seo-solarpark","job-seo-vertragsmanagement","job-seo-vertragsrecht","job-seo-wirtschaftsjurist","job-responsibilities-abstimmung-mit-notaren","job-responsibilities-bewertung-rechtlicher-und-wirtschaftlicher-risiken","job-responsibilities-erstellung-pruefung-verhandlung-von-vertraege","job-responsibilities-gestaltung-und-betreuung-von-dienstbarkeiten","job-responsibilities-grundbuchaemtern-und-rechtsberatern","job-responsibilities-pflege-und-weiterentwicklung-von-vertragsmustern","job-responsibilities-pruefung","job-responsibilities-sicherung-von-grundstuecks-und-leitungsrechten","job-vertragsart-feste-anstellung","job-vertragsart-unbefristet"],"acf":[],"_links":{"self":[{"href":"https:\/\/faber-etec.de\/fr\/wp-json\/wp\/v2\/job\/21580","targetHints":{"allow":["GET"]}}],"collection":[{"href":"https:\/\/faber-etec.de\/fr\/wp-json\/wp\/v2\/job"}],"about":[{"href":"https:\/\/faber-etec.de\/fr\/wp-json\/wp\/v2\/types\/job"}],"version-history":[{"count":14,"href":"https:\/\/faber-etec.de\/fr\/wp-json\/wp\/v2\/job\/21580\/revisions"}],"predecessor-version":[{"id":21602,"href":"https:\/\/faber-etec.de\/fr\/wp-json\/wp\/v2\/job\/21580\/revisions\/21602"}],"wp:featuredmedia":[{"embeddable":true,"href":"https:\/\/faber-etec.de\/fr\/wp-json\/wp\/v2\/media\/21596"}],"wp:attachment":[{"href":"https:\/\/faber-etec.de\/fr\/wp-json\/wp\/v2\/media?parent=21580"}],"wp:term":[{"taxonomy":"job-benefits","embeddable":true,"href":"https:\/\/faber-etec.de\/fr\/wp-json\/wp\/v2\/job-benefits?post=21580"},{"taxonomy":"job-type","embeddable":true,"href":"https:\/\/faber-etec.de\/fr\/wp-json\/wp\/v2\/job-type?post=21580"},{"taxonomy":"job-contact","embeddable":true,"href":"https:\/\/faber-etec.de\/fr\/wp-json\/wp\/v2\/job-contact?post=21580"},{"taxonomy":"job-industry","embeddable":true,"href":"https:\/\/faber-etec.de\/fr\/wp-json\/wp\/v2\/job-industry?post=21580"},{"taxonomy":"-job-education_requirements","embeddable":true,"href":"https:\/\/faber-etec.de\/fr\/wp-json\/wp\/v2\/-job-education_requirements?post=21580"},{"taxonomy":"job-experience_requirements","embeddable":true,"href":"https:\/\/faber-etec.de\/fr\/wp-json\/wp\/v2\/job-experience_requirements?post=21580"},{"taxonomy":"job-skills","embeddable":true,"href":"https:\/\/faber-etec.de\/fr\/wp-json\/wp\/v2\/job-skills?post=21580"},{"taxonomy":"job-base_salary","embeddable":true,"href":"https:\/\/faber-etec.de\/fr\/wp-json\/wp\/v2\/job-base_salary?post=21580"},{"taxonomy":"job-worklocation","embeddable":true,"href":"https:\/\/faber-etec.de\/fr\/wp-json\/wp\/v2\/job-worklocation?post=21580"},{"taxonomy":"job-category","embeddable":true,"href":"https:\/\/faber-etec.de\/fr\/wp-json\/wp\/v2\/job-category?post=21580"},{"taxonomy":"job-incentive_compensation","embeddable":true,"href":"https:\/\/faber-etec.de\/fr\/wp-json\/wp\/v2\/job-incentive_compensation?post=21580"},{"taxonomy":"job-qualifications","embeddable":true,"href":"https:\/\/faber-etec.de\/fr\/wp-json\/wp\/v2\/job-qualifications?post=21580"},{"taxonomy":"job-location","embeddable":true,"href":"https:\/\/faber-etec.de\/fr\/wp-json\/wp\/v2\/job-location?post=21580"},{"taxonomy":"job-seo","embeddable":true,"href":"https:\/\/faber-etec.de\/fr\/wp-json\/wp\/v2\/job-seo?post=21580"},{"taxonomy":"job-responsibilities","embeddable":true,"href":"https:\/\/faber-etec.de\/fr\/wp-json\/wp\/v2\/job-responsibilities?post=21580"},{"taxonomy":"job-vertragsart","embeddable":true,"href":"https:\/\/faber-etec.de\/fr\/wp-json\/wp\/v2\/job-vertragsart?post=21580"}],"curies":[{"name":"wp","href":"https:\/\/api.w.org\/{rel}","templated":true}]}}