{"id":5533,"date":"2024-05-27T11:36:19","date_gmt":"2024-05-27T09:36:19","guid":{"rendered":"https:\/\/faber-etec.de\/?page_id=5533"},"modified":"2024-12-13T10:54:12","modified_gmt":"2024-12-13T09:54:12","slug":"intersolar-2024-2","status":"publish","type":"page","link":"https:\/\/faber-etec.de\/fr\/intersolar-2024\/","title":{"rendered":"Intersolar 2024"},"content":{"rendered":"\t\t<div data-elementor-type=\"wp-page\" data-elementor-id=\"5533\" class=\"elementor elementor-5533\" data-elementor-post-type=\"page\">\n\t\t\t\t<div class=\"elementor-element elementor-element-07cdb47 e-flex e-con-boxed e-con e-parent\" data-id=\"07cdb47\" data-element_type=\"container\" data-e-type=\"container\" data-settings=\"{&quot;background_background&quot;:&quot;classic&quot;}\">\n\t\t\t\t\t<div class=\"e-con-inner\">\n\t\t<div class=\"elementor-element elementor-element-71540fc e-flex e-con-boxed e-con e-child\" data-id=\"71540fc\" data-element_type=\"container\" data-e-type=\"container\">\n\t\t\t\t\t<div class=\"e-con-inner\">\n\t\t\t\t<div class=\"elementor-element elementor-element-ad8cb1b animated-slow elementor-invisible elementor-widget elementor-widget-heading\" data-id=\"ad8cb1b\" data-element_type=\"widget\" data-e-type=\"widget\" data-settings=\"{&quot;_animation&quot;:&quot;fadeInDown&quot;}\" data-widget_type=\"heading.default\">\n\t\t\t\t<div class=\"elementor-widget-container\">\n\t\t\t\t\t<h1 class=\"elementor-heading-title elementor-size-default\">Die weltweit f\u00fchrende Fachmesse f\u00fcr die Solarwirtschaft<\/h1>\t\t\t\t<\/div>\n\t\t\t\t<\/div>\n\t\t\t\t<div class=\"elementor-element elementor-element-5ed10b0 elementor-widget elementor-widget-heading\" data-id=\"5ed10b0\" data-element_type=\"widget\" data-e-type=\"widget\" data-widget_type=\"heading.default\">\n\t\t\t\t<div class=\"elementor-widget-container\">\n\t\t\t\t\t<h2 class=\"elementor-heading-title elementor-size-default\">Intersolar Europe<\/h2>\t\t\t\t<\/div>\n\t\t\t\t<\/div>\n\t\t\t\t\t<\/div>\n\t\t\t\t<\/div>\n\t\t<div class=\"elementor-element elementor-element-0407d98 e-flex e-con-boxed e-con e-child\" data-id=\"0407d98\" data-element_type=\"container\" data-e-type=\"container\">\n\t\t\t\t\t<div class=\"e-con-inner\">\n\t\t\t\t<div class=\"elementor-element elementor-element-928e397 elementor-align-center elementor-widget__width-auto elementor-widget-mobile__width-inherit elementor-widget elementor-widget-button\" data-id=\"928e397\" data-element_type=\"widget\" data-e-type=\"widget\" data-widget_type=\"button.default\">\n\t\t\t\t<div class=\"elementor-widget-container\">\n\t\t\t\t\t\t\t\t\t<div class=\"elementor-button-wrapper\">\n\t\t\t\t\t<a class=\"elementor-button elementor-button-link elementor-size-sm elementor-animation-grow\" href=\"https:\/\/faber-etec.de\/wp-content\/uploads\/sites\/3\/2024\/06\/Datenbaltt-Sammelmappe-Faber-E-Tec-Intersolar.pdf\" target=\"_blank\" title=\"Unsere Kontaktdaten\">\n\t\t\t\t\t\t<span class=\"elementor-button-content-wrapper\">\n\t\t\t\t\t\t<span class=\"elementor-button-icon\">\n\t\t\t\t<i aria-hidden=\"true\" class=\"fas fa-file-pdf\"><\/i>\t\t\t<\/span>\n\t\t\t\t\t\t\t\t\t<span class=\"elementor-button-text\">Datenbl\u00e4tter - Sammelmappe<\/span>\n\t\t\t\t\t<\/span>\n\t\t\t\t\t<\/a>\n\t\t\t\t<\/div>\n\t\t\t\t\t\t\t\t<\/div>\n\t\t\t\t<\/div>\n\t\t\t\t\t<\/div>\n\t\t\t\t<\/div>\n\t\t\t\t\t<\/div>\n\t\t\t\t<\/div>\n\t\t<div class=\"elementor-element elementor-element-cd1e840 e-flex e-con-boxed e-con e-parent\" data-id=\"cd1e840\" data-element_type=\"container\" data-e-type=\"container\">\n\t\t\t\t\t<div class=\"e-con-inner\">\n\t\t<div class=\"elementor-element elementor-element-1dc09d8 e-con-full e-flex e-con e-child\" data-id=\"1dc09d8\" data-element_type=\"container\" data-e-type=\"container\">\n\t\t\t\t<div class=\"elementor-element elementor-element-0aee164 elementor-widget elementor-widget-image\" data-id=\"0aee164\" data-element_type=\"widget\" data-e-type=\"widget\" data-widget_type=\"image.default\">\n\t\t\t\t<div class=\"elementor-widget-container\">\n\t\t\t\t\t\t\t\t\t\t\t\t\t\t\t<img decoding=\"async\" src=\"https:\/\/faber-etec.de\/wp-content\/uploads\/sites\/3\/elementor\/thumbs\/Container-Mobile-Trafostation-Containeraggregat-Trafo-Container-Transformatoren-Station-Schaltanlagencontainer--qwnsk00cyho0pdtmih6sn9iedl7bfj1wpbdfyl1c9w.avif\" title=\"Container Mobile Trafostation Containeraggregat Trafo-Container Transformatoren-Station Schaltanlagencontainer\" alt=\"Mobile Trafostation im Container f\u00fcr Kompaktstation Trafo und Transformatorenstation, optimal f\u00fcr mobile Anwendungen und Trafo Gro\u00dfe PV-Anlage und Solarpark\" loading=\"lazy\" \/>\t\t\t\t\t\t\t\t\t\t\t\t\t\t\t<\/div>\n\t\t\t\t<\/div>\n\t\t\t\t<\/div>\n\t\t<div class=\"elementor-element elementor-element-1cf8f79 e-con-full e-flex e-con e-child\" data-id=\"1cf8f79\" data-element_type=\"container\" data-e-type=\"container\">\n\t\t\t\t<div class=\"elementor-element elementor-element-e1f2550 elementor-widget elementor-widget-text-editor\" data-id=\"e1f2550\" data-element_type=\"widget\" data-e-type=\"widget\" data-widget_type=\"text-editor.default\">\n\t\t\t\t<div class=\"elementor-widget-container\">\n\t\t\t\t\t\t\t\t\t<h3>Danke f\u00fcr Ihren Besuch auf der Intersolar<\/h3><p>Die Intersolar 2024 in M\u00fcnchen war ein voller Erfolg! Wir danken allen Besuchern, die unseren Stand in Halle C5, Stand C5.310 besucht haben. Es war uns eine Freude, unsere neuesten L\u00f6sungen im Bereich Solar Trafostationen und nachhaltiger Energietechnologien vorzustellen.<\/p><p>Die Intersolar bot die perfekte Plattform, um Innovationen in der Solarwirtschaft zu pr\u00e4sentieren, Kontakte zu kn\u00fcpfen und Zukunftsl\u00f6sungen zu diskutieren. Als Experte f\u00fcr Kompakt Trafostationen und Solar Trafostationen freuen wir uns, gemeinsam mit Ihnen die Energiezukunft zu gestalten.<\/p><p>Bleiben Sie mit uns in Kontakt \u2013 wir freuen uns auf Ihre <a  href=\"https:\/\/faber-etec.de\/anfragen\/\" title=\"Anfragen - Anfragen\">Anfragen<\/a>!<\/p>\t\t\t\t\t\t\t\t<\/div>\n\t\t\t\t<\/div>\n\t\t\t\t<\/div>\n\t\t\t\t\t<\/div>\n\t\t\t\t<\/div>\n\t\t\t\t<section class=\"elementor-section elementor-top-section elementor-element elementor-element-60ea561 elementor-section-height-min-height elementor-reverse-tablet elementor-section-boxed elementor-section-height-default elementor-section-items-middle\" data-id=\"60ea561\" data-element_type=\"section\" data-e-type=\"section\">\n\t\t\t\t\t\t<div class=\"elementor-container elementor-column-gap-wider\">\n\t\t\t\t\t<div class=\"elementor-column elementor-col-50 elementor-top-column elementor-element elementor-element-22697dd elementor-invisible\" data-id=\"22697dd\" data-element_type=\"column\" data-e-type=\"column\" data-settings=\"{&quot;animation&quot;:&quot;fadeIn&quot;}\">\n\t\t\t<div class=\"elementor-widget-wrap elementor-element-populated\">\n\t\t\t\t\t\t<div class=\"elementor-element elementor-element-b753b9c elementor-widget elementor-widget-heading\" data-id=\"b753b9c\" data-element_type=\"widget\" data-e-type=\"widget\" data-widget_type=\"heading.default\">\n\t\t\t\t<div class=\"elementor-widget-container\">\n\t\t\t\t\t<h3 class=\"elementor-heading-title elementor-size-default\">Nachbericht zur Intersolar Europe 2024 in M\u00fcnchen\n\n<\/h3>\t\t\t\t<\/div>\n\t\t\t\t<\/div>\n\t\t\t\t<div class=\"elementor-element elementor-element-f790c86 animated-slow elementor-widget-divider--view-line elementor-invisible elementor-widget elementor-widget-divider\" data-id=\"f790c86\" data-element_type=\"widget\" data-e-type=\"widget\" data-settings=\"{&quot;_animation&quot;:&quot;fadeInDown&quot;}\" data-widget_type=\"divider.default\">\n\t\t\t\t<div class=\"elementor-widget-container\">\n\t\t\t\t\t\t\t<div class=\"elementor-divider\">\n\t\t\t<span class=\"elementor-divider-separator\">\n\t\t\t\t\t\t<\/span>\n\t\t<\/div>\n\t\t\t\t\t\t<\/div>\n\t\t\t\t<\/div>\n\t\t\t\t<div class=\"elementor-element elementor-element-47e74a0 elementor-widget elementor-widget-text-editor\" data-id=\"47e74a0\" data-element_type=\"widget\" data-e-type=\"widget\" data-widget_type=\"text-editor.default\">\n\t\t\t\t<div class=\"elementor-widget-container\">\n\t\t\t\t\t\t\t\t\t<p>Es war uns eine Freude, Ihnen unsere neuesten L\u00f6sungen vorzustellen und gemeinsam Ihre <b>Solarprojekte<\/b> voranzutreiben. Besonders begeistert hat uns das gro\u00dfe Interesse an unserem speziellen Intersolar-Angebot: eine parkinterne <b>Trafostation<\/b> mit 3150 kVA zum Sonderpreis von 115.000 \u20ac zzgl. MwSt. \u2013 ein Highlight, das viel positive Resonanz erhielt.<\/p>\n<p>Wir hoffen, Sie konnten inspirierende Eindr\u00fccke mitnehmen und freuen uns darauf, gemeinsam mit Ihnen die Energiewende weiter voranzubringen. F\u00fcr Fragen oder weitere Informationen stehen wir Ihnen jederzeit gerne zur Verf\u00fcgung.<\/p>\t\t\t\t\t\t\t\t<\/div>\n\t\t\t\t<\/div>\n\t\t\t\t\t<\/div>\n\t\t<\/div>\n\t\t\t\t<div class=\"elementor-column elementor-col-50 elementor-top-column elementor-element elementor-element-e89848e\" data-id=\"e89848e\" data-element_type=\"column\" data-e-type=\"column\">\n\t\t\t<div class=\"elementor-widget-wrap elementor-element-populated\">\n\t\t\t\t\t\t<div class=\"elementor-element elementor-element-2a84602 elementor-widget elementor-widget-gallery\" data-id=\"2a84602\" data-element_type=\"widget\" data-e-type=\"widget\" data-settings=\"{&quot;gallery_layout&quot;:&quot;justified&quot;,&quot;ideal_row_height&quot;:{&quot;unit&quot;:&quot;px&quot;,&quot;size&quot;:170,&quot;sizes&quot;:[]},&quot;lazyload&quot;:&quot;yes&quot;,&quot;ideal_row_height_laptop&quot;:{&quot;unit&quot;:&quot;px&quot;,&quot;size&quot;:150,&quot;sizes&quot;:[]},&quot;ideal_row_height_tablet_extra&quot;:{&quot;unit&quot;:&quot;px&quot;,&quot;size&quot;:150,&quot;sizes&quot;:[]},&quot;ideal_row_height_tablet&quot;:{&quot;unit&quot;:&quot;px&quot;,&quot;size&quot;:150,&quot;sizes&quot;:[]},&quot;ideal_row_height_mobile&quot;:{&quot;unit&quot;:&quot;px&quot;,&quot;size&quot;:150,&quot;sizes&quot;:[]},&quot;gap&quot;:{&quot;unit&quot;:&quot;px&quot;,&quot;size&quot;:10,&quot;sizes&quot;:[]},&quot;gap_laptop&quot;:{&quot;unit&quot;:&quot;px&quot;,&quot;size&quot;:10,&quot;sizes&quot;:[]},&quot;gap_tablet_extra&quot;:{&quot;unit&quot;:&quot;px&quot;,&quot;size&quot;:10,&quot;sizes&quot;:[]},&quot;gap_tablet&quot;:{&quot;unit&quot;:&quot;px&quot;,&quot;size&quot;:10,&quot;sizes&quot;:[]},&quot;gap_mobile&quot;:{&quot;unit&quot;:&quot;px&quot;,&quot;size&quot;:10,&quot;sizes&quot;:[]},&quot;link_to&quot;:&quot;file&quot;,&quot;overlay_background&quot;:&quot;yes&quot;,&quot;content_hover_animation&quot;:&quot;fade-in&quot;}\" data-widget_type=\"gallery.default\">\n\t\t\t\t<div class=\"elementor-widget-container\">\n\t\t\t\t\t\t\t<div class=\"elementor-gallery__container\">\n\t\t\t\t\t\t\t<a class=\"e-gallery-item elementor-gallery-item elementor-animated-content\"  href=\"https:\/\/faber-etec.de\/wp-content\/uploads\/sites\/3\/2024\/06\/DSC08553-scaled.jpg\" title=\"DSC08553 Scaled.jpg - \" data-elementor-open-lightbox=\"yes\" data-elementor-lightbox-slideshow=\"2a84602\" data-e-action-hash=\"#elementor-action%3Aaction%3Dlightbox%26settings%3DeyJpZCI6NjU2OSwidXJsIjoiaHR0cHM6XC9cL2ZhYmVyLWV0ZWMuZGVcL3dwLWNvbnRlbnRcL3VwbG9hZHNcL3NpdGVzXC8zXC8yMDI0XC8wNlwvRFNDMDg1NTMtc2NhbGVkLmpwZyIsInNsaWRlc2hvdyI6IjJhODQ2MDIifQ%3D%3D\">\n\t\t\t\t\t<div class=\"e-gallery-image elementor-gallery-item__image\" data-thumbnail=\"https:\/\/faber-etec.de\/wp-content\/uploads\/sites\/3\/2024\/06\/DSC08553-768x512.jpg\" data-width=\"768\" data-height=\"512\" aria-label=\"\" role=\"img\" ><\/div>\n\t\t\t\t\t\t\t\t\t\t\t<div class=\"elementor-gallery-item__overlay\"><\/div>\n\t\t\t\t\t\t\t\t\t\t\t\t\t\t<\/a>\n\t\t\t\t\t\t\t<a class=\"e-gallery-item elementor-gallery-item elementor-animated-content\"  href=\"https:\/\/faber-etec.de\/wp-content\/uploads\/sites\/3\/2024\/06\/DSC08634-scaled.jpg\" title=\"DSC08634 Scaled.jpg - \" data-elementor-open-lightbox=\"yes\" data-elementor-lightbox-slideshow=\"2a84602\" data-e-action-hash=\"#elementor-action%3Aaction%3Dlightbox%26settings%3DeyJpZCI6NjU3MywidXJsIjoiaHR0cHM6XC9cL2ZhYmVyLWV0ZWMuZGVcL3dwLWNvbnRlbnRcL3VwbG9hZHNcL3NpdGVzXC8zXC8yMDI0XC8wNlwvRFNDMDg2MzQtc2NhbGVkLmpwZyIsInNsaWRlc2hvdyI6IjJhODQ2MDIifQ%3D%3D\">\n\t\t\t\t\t<div class=\"e-gallery-image elementor-gallery-item__image\" data-thumbnail=\"https:\/\/faber-etec.de\/wp-content\/uploads\/sites\/3\/2024\/06\/DSC08634-768x512.jpg\" data-width=\"768\" data-height=\"512\" aria-label=\"\" role=\"img\" ><\/div>\n\t\t\t\t\t\t\t\t\t\t\t<div class=\"elementor-gallery-item__overlay\"><\/div>\n\t\t\t\t\t\t\t\t\t\t\t\t\t\t<\/a>\n\t\t\t\t\t\t\t<a class=\"e-gallery-item elementor-gallery-item elementor-animated-content\"  href=\"https:\/\/faber-etec.de\/wp-content\/uploads\/sites\/3\/2024\/06\/DSC08735-scaled.jpg\" title=\"DSC08735 Scaled.jpg - \" data-elementor-open-lightbox=\"yes\" data-elementor-lightbox-slideshow=\"2a84602\" data-e-action-hash=\"#elementor-action%3Aaction%3Dlightbox%26settings%3DeyJpZCI6NjU3NCwidXJsIjoiaHR0cHM6XC9cL2ZhYmVyLWV0ZWMuZGVcL3dwLWNvbnRlbnRcL3VwbG9hZHNcL3NpdGVzXC8zXC8yMDI0XC8wNlwvRFNDMDg3MzUtc2NhbGVkLmpwZyIsInNsaWRlc2hvdyI6IjJhODQ2MDIifQ%3D%3D\">\n\t\t\t\t\t<div class=\"e-gallery-image elementor-gallery-item__image\" data-thumbnail=\"https:\/\/faber-etec.de\/wp-content\/uploads\/sites\/3\/2024\/06\/DSC08735-768x512.jpg\" data-width=\"768\" data-height=\"512\" aria-label=\"\" role=\"img\" ><\/div>\n\t\t\t\t\t\t\t\t\t\t\t<div class=\"elementor-gallery-item__overlay\"><\/div>\n\t\t\t\t\t\t\t\t\t\t\t\t\t\t<\/a>\n\t\t\t\t\t\t\t<a class=\"e-gallery-item elementor-gallery-item elementor-animated-content\"  href=\"https:\/\/faber-etec.de\/wp-content\/uploads\/sites\/3\/2024\/06\/DSC08970-scaled.jpg\" title=\"DSC08970 Scaled.jpg - \" data-elementor-open-lightbox=\"yes\" data-elementor-lightbox-slideshow=\"2a84602\" data-e-action-hash=\"#elementor-action%3Aaction%3Dlightbox%26settings%3DeyJpZCI6NjU3NSwidXJsIjoiaHR0cHM6XC9cL2ZhYmVyLWV0ZWMuZGVcL3dwLWNvbnRlbnRcL3VwbG9hZHNcL3NpdGVzXC8zXC8yMDI0XC8wNlwvRFNDMDg5NzAtc2NhbGVkLmpwZyIsInNsaWRlc2hvdyI6IjJhODQ2MDIifQ%3D%3D\">\n\t\t\t\t\t<div class=\"e-gallery-image elementor-gallery-item__image\" data-thumbnail=\"https:\/\/faber-etec.de\/wp-content\/uploads\/sites\/3\/2024\/06\/DSC08970-768x512.jpg\" data-width=\"768\" data-height=\"512\" aria-label=\"Schritte zur Trafostation Reinigung \u2013 von der Spannungsfreischaltung bis zur Endpr\u00fcfung\" role=\"img\" ><\/div>\n\t\t\t\t\t\t\t\t\t\t\t<div class=\"elementor-gallery-item__overlay\"><\/div>\n\t\t\t\t\t\t\t\t\t\t\t\t\t\t<\/a>\n\t\t\t\t\t\t\t<a class=\"e-gallery-item elementor-gallery-item elementor-animated-content\"  href=\"https:\/\/faber-etec.de\/wp-content\/uploads\/sites\/3\/2024\/06\/DSC08977-scaled.jpg\" title=\"DSC08977 Scaled.jpg - \" data-elementor-open-lightbox=\"yes\" data-elementor-lightbox-slideshow=\"2a84602\" data-e-action-hash=\"#elementor-action%3Aaction%3Dlightbox%26settings%3DeyJpZCI6NjU3NiwidXJsIjoiaHR0cHM6XC9cL2ZhYmVyLWV0ZWMuZGVcL3dwLWNvbnRlbnRcL3VwbG9hZHNcL3NpdGVzXC8zXC8yMDI0XC8wNlwvRFNDMDg5Nzctc2NhbGVkLmpwZyIsInNsaWRlc2hvdyI6IjJhODQ2MDIifQ%3D%3D\">\n\t\t\t\t\t<div class=\"e-gallery-image elementor-gallery-item__image\" data-thumbnail=\"https:\/\/faber-etec.de\/wp-content\/uploads\/sites\/3\/2024\/06\/DSC08977-768x1522.jpg\" data-width=\"768\" data-height=\"1522\" aria-label=\"\" role=\"img\" ><\/div>\n\t\t\t\t\t\t\t\t\t\t\t<div class=\"elementor-gallery-item__overlay\"><\/div>\n\t\t\t\t\t\t\t\t\t\t\t\t\t\t<\/a>\n\t\t\t\t\t\t\t<a class=\"e-gallery-item elementor-gallery-item elementor-animated-content\"  href=\"https:\/\/faber-etec.de\/wp-content\/uploads\/sites\/3\/2024\/06\/DSC08314-scaled.webp\" title=\"DSC08314 Scaled.webp - \" data-elementor-open-lightbox=\"yes\" data-elementor-lightbox-slideshow=\"2a84602\" data-e-action-hash=\"#elementor-action%3Aaction%3Dlightbox%26settings%3DeyJpZCI6NjU3OCwidXJsIjoiaHR0cHM6XC9cL2ZhYmVyLWV0ZWMuZGVcL3dwLWNvbnRlbnRcL3VwbG9hZHNcL3NpdGVzXC8zXC8yMDI0XC8wNlwvRFNDMDgzMTQtc2NhbGVkLndlYnAiLCJzbGlkZXNob3ciOiIyYTg0NjAyIn0%3D\">\n\t\t\t\t\t<div class=\"e-gallery-image elementor-gallery-item__image\" data-thumbnail=\"https:\/\/faber-etec.de\/wp-content\/uploads\/sites\/3\/2024\/06\/DSC08314-768x494.webp\" data-width=\"768\" data-height=\"494\" aria-label=\"Nachbericht zur Intersolar Europe 2024 in M\u00fcnchen\" role=\"img\" ><\/div>\n\t\t\t\t\t\t\t\t\t\t\t<div class=\"elementor-gallery-item__overlay\"><\/div>\n\t\t\t\t\t\t\t\t\t\t\t\t\t\t<\/a>\n\t\t\t\t\t\t\t<a class=\"e-gallery-item elementor-gallery-item elementor-animated-content\"  href=\"https:\/\/faber-etec.de\/wp-content\/uploads\/sites\/3\/2024\/06\/DSC08528-scaled.jpg\" title=\"DSC08528 Scaled.jpg - \" data-elementor-open-lightbox=\"yes\" data-elementor-lightbox-slideshow=\"2a84602\" data-e-action-hash=\"#elementor-action%3Aaction%3Dlightbox%26settings%3DeyJpZCI6NjU4MCwidXJsIjoiaHR0cHM6XC9cL2ZhYmVyLWV0ZWMuZGVcL3dwLWNvbnRlbnRcL3VwbG9hZHNcL3NpdGVzXC8zXC8yMDI0XC8wNlwvRFNDMDg1Mjgtc2NhbGVkLmpwZyIsInNsaWRlc2hvdyI6IjJhODQ2MDIifQ%3D%3D\">\n\t\t\t\t\t<div class=\"e-gallery-image elementor-gallery-item__image\" data-thumbnail=\"https:\/\/faber-etec.de\/wp-content\/uploads\/sites\/3\/2024\/06\/DSC08528-768x1152.jpg\" data-width=\"768\" data-height=\"1152\" aria-label=\"\" role=\"img\" ><\/div>\n\t\t\t\t\t\t\t\t\t\t\t<div class=\"elementor-gallery-item__overlay\"><\/div>\n\t\t\t\t\t\t\t\t\t\t\t\t\t\t<\/a>\n\t\t\t\t\t\t\t<a class=\"e-gallery-item elementor-gallery-item elementor-animated-content\"  href=\"https:\/\/faber-etec.de\/wp-content\/uploads\/sites\/3\/2024\/06\/DSC08495-scaled.jpg\" title=\"DSC08495 Scaled.jpg - \" data-elementor-open-lightbox=\"yes\" data-elementor-lightbox-slideshow=\"2a84602\" data-e-action-hash=\"#elementor-action%3Aaction%3Dlightbox%26settings%3DeyJpZCI6NjU3OSwidXJsIjoiaHR0cHM6XC9cL2ZhYmVyLWV0ZWMuZGVcL3dwLWNvbnRlbnRcL3VwbG9hZHNcL3NpdGVzXC8zXC8yMDI0XC8wNlwvRFNDMDg0OTUtc2NhbGVkLmpwZyIsInNsaWRlc2hvdyI6IjJhODQ2MDIifQ%3D%3D\">\n\t\t\t\t\t<div class=\"e-gallery-image elementor-gallery-item__image\" data-thumbnail=\"https:\/\/faber-etec.de\/wp-content\/uploads\/sites\/3\/2024\/06\/DSC08495-768x476.jpg\" data-width=\"768\" data-height=\"476\" aria-label=\"\" role=\"img\" ><\/div>\n\t\t\t\t\t\t\t\t\t\t\t<div class=\"elementor-gallery-item__overlay\"><\/div>\n\t\t\t\t\t\t\t\t\t\t\t\t\t\t<\/a>\n\t\t\t\t\t<\/div>\n\t\t\t\t\t<\/div>\n\t\t\t\t<\/div>\n\t\t\t\t\t<\/div>\n\t\t<\/div>\n\t\t\t\t\t<\/div>\n\t\t<\/section>\n\t\t\t\t<section class=\"elementor-section elementor-top-section elementor-element elementor-element-baaa689 elementor-section-height-min-height elementor-reverse-tablet elementor-section-boxed elementor-section-height-default elementor-section-items-middle\" data-id=\"baaa689\" data-element_type=\"section\" data-e-type=\"section\">\n\t\t\t\t\t\t<div class=\"elementor-container elementor-column-gap-wider\">\n\t\t\t\t\t<div class=\"elementor-column elementor-col-50 elementor-top-column elementor-element elementor-element-f0b3f9b\" data-id=\"f0b3f9b\" data-element_type=\"column\" data-e-type=\"column\">\n\t\t\t<div class=\"elementor-widget-wrap elementor-element-populated\">\n\t\t\t\t\t\t<div class=\"elementor-element elementor-element-aa235fc elementor-widget-mobile__width-inherit elementor-widget elementor-widget-image\" data-id=\"aa235fc\" data-element_type=\"widget\" data-e-type=\"widget\" data-widget_type=\"image.default\">\n\t\t\t\t<div class=\"elementor-widget-container\">\n\t\t\t\t\t\t\t\t\t\t\t\t\t\t\t\t<a  href=\"https:\/\/faber-etec.de\/wp-content\/uploads\/sites\/3\/2024\/06\/DSC08614-scaled.jpg\" title=\"DSC08614 Scaled.jpg - \" data-elementor-open-lightbox=\"yes\" data-e-action-hash=\"#elementor-action%3Aaction%3Dlightbox%26settings%3DeyJpZCI6NjQzMiwidXJsIjoiaHR0cHM6XC9cL2ZhYmVyLWV0ZWMuZGVcL3dwLWNvbnRlbnRcL3VwbG9hZHNcL3NpdGVzXC8zXC8yMDI0XC8wNlwvRFNDMDg2MTQtc2NhbGVkLmpwZyJ9\">\n\t\t\t\t\t\t\t<img decoding=\"async\" src=\"https:\/\/faber-etec.de\/wp-content\/uploads\/sites\/3\/elementor\/thumbs\/DSC08614-scaled-qq4vd1w7yqe1ikosu7mir6muojbvfcg71792wg8k94.jpg\" title=\"DSC08614\" alt=\"DSC08614\" loading=\"lazy\" \/>\t\t\t\t\t\t\t\t<\/a>\n\t\t\t\t\t\t\t\t\t\t\t\t\t\t\t<\/div>\n\t\t\t\t<\/div>\n\t\t\t\t<div class=\"elementor-element elementor-element-c476713 elementor-widget__width-initial elementor-widget-mobile__width-inherit elementor-hidden-phone elementor-absolute elementor-widget elementor-widget-image\" data-id=\"c476713\" data-element_type=\"widget\" data-e-type=\"widget\" data-settings=\"{&quot;_position&quot;:&quot;absolute&quot;,&quot;motion_fx_motion_fx_scrolling&quot;:&quot;yes&quot;,&quot;motion_fx_translateY_effect&quot;:&quot;yes&quot;,&quot;motion_fx_translateY_speed&quot;:{&quot;unit&quot;:&quot;px&quot;,&quot;size&quot;:4,&quot;sizes&quot;:[]},&quot;motion_fx_translateY_affectedRange&quot;:{&quot;unit&quot;:&quot;%&quot;,&quot;size&quot;:&quot;&quot;,&quot;sizes&quot;:{&quot;start&quot;:0,&quot;end&quot;:100}},&quot;motion_fx_devices&quot;:[&quot;desktop&quot;,&quot;laptop&quot;,&quot;tablet_extra&quot;,&quot;tablet&quot;,&quot;mobile&quot;]}\" data-widget_type=\"image.default\">\n\t\t\t\t<div class=\"elementor-widget-container\">\n\t\t\t\t\t\t\t\t\t\t\t\t\t\t\t\t<a  href=\"https:\/\/faber-etec.de\/wp-content\/uploads\/sites\/3\/2024\/06\/DSC08379-scaled.jpg\" title=\"DSC08379 Scaled.jpg - \" data-elementor-open-lightbox=\"yes\" data-e-action-hash=\"#elementor-action%3Aaction%3Dlightbox%26settings%3DeyJpZCI6NjQyMywidXJsIjoiaHR0cHM6XC9cL2ZhYmVyLWV0ZWMuZGVcL3dwLWNvbnRlbnRcL3VwbG9hZHNcL3NpdGVzXC8zXC8yMDI0XC8wNlwvRFNDMDgzNzktc2NhbGVkLmpwZyJ9\">\n\t\t\t\t\t\t\t<img decoding=\"async\" src=\"https:\/\/faber-etec.de\/wp-content\/uploads\/sites\/3\/elementor\/thumbs\/DSC08379-scaled-qq4ut3rfgrc9ke4nztdq2h5k09m1sakt71kj3msw4s.jpg\" title=\"DSC08379\" alt=\"DSC08379\" loading=\"lazy\" \/>\t\t\t\t\t\t\t\t<\/a>\n\t\t\t\t\t\t\t\t\t\t\t\t\t\t\t<\/div>\n\t\t\t\t<\/div>\n\t\t\t\t\t<\/div>\n\t\t<\/div>\n\t\t\t\t<div class=\"elementor-column elementor-col-50 elementor-top-column elementor-element elementor-element-b6dc7fb elementor-invisible\" data-id=\"b6dc7fb\" data-element_type=\"column\" data-e-type=\"column\" data-settings=\"{&quot;animation&quot;:&quot;fadeIn&quot;}\">\n\t\t\t<div class=\"elementor-widget-wrap elementor-element-populated\">\n\t\t\t\t\t\t<div class=\"elementor-element elementor-element-c5da596 animated-slow elementor-invisible elementor-widget elementor-widget-heading\" data-id=\"c5da596\" data-element_type=\"widget\" data-e-type=\"widget\" data-settings=\"{&quot;_animation&quot;:&quot;fadeInDown&quot;}\" data-widget_type=\"heading.default\">\n\t\t\t\t<div class=\"elementor-widget-container\">\n\t\t\t\t\t<h2 class=\"elementor-heading-title elementor-size-default\">Neue M\u00f6glichkeiten f\u00fcr gro\u00dfe Solarparks<\/h2>\t\t\t\t<\/div>\n\t\t\t\t<\/div>\n\t\t\t\t<div class=\"elementor-element elementor-element-849fc7e elementor-widget elementor-widget-heading\" data-id=\"849fc7e\" data-element_type=\"widget\" data-e-type=\"widget\" data-widget_type=\"heading.default\">\n\t\t\t\t<div class=\"elementor-widget-container\">\n\t\t\t\t\t<h3 class=\"elementor-heading-title elementor-size-default\">Beton- und Containerstationen<\/h3>\t\t\t\t<\/div>\n\t\t\t\t<\/div>\n\t\t\t\t<div class=\"elementor-element elementor-element-302a6e8 animated-slow elementor-widget-divider--view-line elementor-invisible elementor-widget elementor-widget-divider\" data-id=\"302a6e8\" data-element_type=\"widget\" data-e-type=\"widget\" data-settings=\"{&quot;_animation&quot;:&quot;fadeInDown&quot;}\" data-widget_type=\"divider.default\">\n\t\t\t\t<div class=\"elementor-widget-container\">\n\t\t\t\t\t\t\t<div class=\"elementor-divider\">\n\t\t\t<span class=\"elementor-divider-separator\">\n\t\t\t\t\t\t<\/span>\n\t\t<\/div>\n\t\t\t\t\t\t<\/div>\n\t\t\t\t<\/div>\n\t\t\t\t<div class=\"elementor-element elementor-element-513094b elementor-widget elementor-widget-text-editor\" data-id=\"513094b\" data-element_type=\"widget\" data-e-type=\"widget\" data-widget_type=\"text-editor.default\">\n\t\t\t\t<div class=\"elementor-widget-container\">\n\t\t\t\t\t\t\t\t\t<p>Ab dem 1. Juli k\u00f6nnen im Freiland-Segment erstmals Projekte mit bis zu 50 MWp PV-Leistung eingereicht werden. Hinzu kommen die \u00fcberzeichneten Ausschreibungen des Fr\u00fchjahrs, die Ergebnisse der Juni-Ausschreibung und das letzte Jahr mit der 1.000-kWp-Grenze. Es braucht Trafostationen, um diese Herausforderungen zu meistern.<\/p><p>Auf der <b>Intersolar<\/b> 2024 pr\u00e4sentieren die Faber Solartechnik GmbH und die Faber E-Tec GmbH unter dem Motto &#8222;Ihr All-In-One EPC&#8220; innovative Produkte und bew\u00e4hrte L\u00f6sungen aus deutscher Fertigung. Highlights sind eine Betonstation mit 3.150 kVA-Trafoleistung und eine Containerstation mit bis zu 7.200 kVA-Trafoleistung \u2013 ideal f\u00fcr gro\u00dfe Solarparks.<\/p>\t\t\t\t\t\t\t\t<\/div>\n\t\t\t\t<\/div>\n\t\t\t\t\t<\/div>\n\t\t<\/div>\n\t\t\t\t\t<\/div>\n\t\t<\/section>\n\t\t\t\t<section class=\"elementor-section elementor-top-section elementor-element elementor-element-6bccd7e elementor-section-height-min-height elementor-reverse-tablet elementor-section-boxed elementor-section-height-default elementor-section-items-middle\" data-id=\"6bccd7e\" data-element_type=\"section\" data-e-type=\"section\">\n\t\t\t\t\t\t<div class=\"elementor-container elementor-column-gap-wider\">\n\t\t\t\t\t<div class=\"elementor-column elementor-col-50 elementor-top-column elementor-element elementor-element-7d9aff9 elementor-invisible\" data-id=\"7d9aff9\" data-element_type=\"column\" data-e-type=\"column\" data-settings=\"{&quot;animation&quot;:&quot;fadeIn&quot;}\">\n\t\t\t<div class=\"elementor-widget-wrap elementor-element-populated\">\n\t\t\t\t\t\t<div class=\"elementor-element elementor-element-e78ebb3 animated-slow elementor-invisible elementor-widget elementor-widget-heading\" data-id=\"e78ebb3\" data-element_type=\"widget\" data-e-type=\"widget\" data-settings=\"{&quot;_animation&quot;:&quot;fadeInDown&quot;}\" data-widget_type=\"heading.default\">\n\t\t\t\t<div class=\"elementor-widget-container\">\n\t\t\t\t\t<h2 class=\"elementor-heading-title elementor-size-default\">Faber Solartechnik und Faber E-Tec<\/h2>\t\t\t\t<\/div>\n\t\t\t\t<\/div>\n\t\t\t\t<div class=\"elementor-element elementor-element-6698f5f elementor-widget elementor-widget-heading\" data-id=\"6698f5f\" data-element_type=\"widget\" data-e-type=\"widget\" data-widget_type=\"heading.default\">\n\t\t\t\t<div class=\"elementor-widget-container\">\n\t\t\t\t\t<h3 class=\"elementor-heading-title elementor-size-default\"><b>Schl\u00fcsselfertig<\/b> gebaut<\/h3>\t\t\t\t<\/div>\n\t\t\t\t<\/div>\n\t\t\t\t<div class=\"elementor-element elementor-element-8c2b3fb animated-slow elementor-widget-divider--view-line elementor-invisible elementor-widget elementor-widget-divider\" data-id=\"8c2b3fb\" data-element_type=\"widget\" data-e-type=\"widget\" data-settings=\"{&quot;_animation&quot;:&quot;fadeInDown&quot;}\" data-widget_type=\"divider.default\">\n\t\t\t\t<div class=\"elementor-widget-container\">\n\t\t\t\t\t\t\t<div class=\"elementor-divider\">\n\t\t\t<span class=\"elementor-divider-separator\">\n\t\t\t\t\t\t<\/span>\n\t\t<\/div>\n\t\t\t\t\t\t<\/div>\n\t\t\t\t<\/div>\n\t\t\t\t<div class=\"elementor-element elementor-element-abd4ba8 elementor-widget elementor-widget-text-editor\" data-id=\"abd4ba8\" data-element_type=\"widget\" data-e-type=\"widget\" data-widget_type=\"text-editor.default\">\n\t\t\t\t<div class=\"elementor-widget-container\">\n\t\t\t\t\t\t\t\t\t<p>Als Generalunternehmer f\u00fcr Aufdach- und Freiland-<strong>Photovoltaik<\/strong> bringt die Faber Solartechnik j\u00e4hrlich zehntausende Module deutschlandweit in Einsatz. Gemeinsam mit dem Schwesterunternehmen Faber E-Tec bietet der Unternehmensverbund alles aus einer Hand \u2013 von der Modulmontage bis zur kompletten Mittelspannungsanbindung. So werden Projekte effizient und ganzheitlich umgesetzt.<\/p>\t\t\t\t\t\t\t\t<\/div>\n\t\t\t\t<\/div>\n\t\t\t\t\t<\/div>\n\t\t<\/div>\n\t\t\t\t<div class=\"elementor-column elementor-col-50 elementor-top-column elementor-element elementor-element-357315b\" data-id=\"357315b\" data-element_type=\"column\" data-e-type=\"column\">\n\t\t\t<div class=\"elementor-widget-wrap elementor-element-populated\">\n\t\t\t\t\t\t<div class=\"elementor-element elementor-element-b6b491d elementor-widget-mobile__width-inherit elementor-widget elementor-widget-image\" data-id=\"b6b491d\" data-element_type=\"widget\" data-e-type=\"widget\" data-widget_type=\"image.default\">\n\t\t\t\t<div class=\"elementor-widget-container\">\n\t\t\t\t\t\t\t\t\t\t\t\t\t\t\t\t<a  href=\"https:\/\/faber-etec.de\/wp-content\/uploads\/sites\/3\/2024\/06\/DSC08651-scaled.jpg\" title=\"DSC08651 Scaled.jpg - \" data-elementor-open-lightbox=\"yes\" data-e-action-hash=\"#elementor-action%3Aaction%3Dlightbox%26settings%3DeyJpZCI6NjQzMywidXJsIjoiaHR0cHM6XC9cL2ZhYmVyLWV0ZWMuZGVcL3dwLWNvbnRlbnRcL3VwbG9hZHNcL3NpdGVzXC8zXC8yMDI0XC8wNlwvRFNDMDg2NTEtc2NhbGVkLmpwZyJ9\">\n\t\t\t\t\t\t\t<img decoding=\"async\" src=\"https:\/\/faber-etec.de\/wp-content\/uploads\/sites\/3\/elementor\/thumbs\/DSC08651-scaled-qq4vdvz21findi4tmhy4fv7lb0rezrsf7ums8cgzog.jpg\" title=\"DSC08651\" alt=\"DSC08651\" loading=\"lazy\" \/>\t\t\t\t\t\t\t\t<\/a>\n\t\t\t\t\t\t\t\t\t\t\t\t\t\t\t<\/div>\n\t\t\t\t<\/div>\n\t\t\t\t\t<\/div>\n\t\t<\/div>\n\t\t\t\t\t<\/div>\n\t\t<\/section>\n\t\t\t\t<section class=\"elementor-section elementor-top-section elementor-element elementor-element-adf9490 elementor-section-height-min-height elementor-reverse-tablet elementor-section-boxed elementor-section-height-default elementor-section-items-middle\" data-id=\"adf9490\" data-element_type=\"section\" data-e-type=\"section\">\n\t\t\t\t\t\t<div class=\"elementor-container elementor-column-gap-wider\">\n\t\t\t\t\t<div class=\"elementor-column elementor-col-50 elementor-top-column elementor-element elementor-element-798dac0\" data-id=\"798dac0\" data-element_type=\"column\" data-e-type=\"column\">\n\t\t\t<div class=\"elementor-widget-wrap elementor-element-populated\">\n\t\t\t\t\t\t<div class=\"elementor-element elementor-element-ce91983 elementor-widget-mobile__width-inherit elementor-widget elementor-widget-image\" data-id=\"ce91983\" data-element_type=\"widget\" data-e-type=\"widget\" data-widget_type=\"image.default\">\n\t\t\t\t<div class=\"elementor-widget-container\">\n\t\t\t\t\t\t\t\t\t\t\t\t\t\t\t\t<a  href=\"https:\/\/faber-etec.de\/wp-content\/uploads\/sites\/3\/2024\/06\/DSC5248-RETUSCHE-LR_-New-Dors-Klein-scaled.jpg\" title=\"DSC5248 RETUSCHE LR  New Dors Klein Scaled.jpg - \" data-elementor-open-lightbox=\"yes\" data-e-action-hash=\"#elementor-action%3Aaction%3Dlightbox%26settings%3DeyJpZCI6NjQyOCwidXJsIjoiaHR0cHM6XC9cL2ZhYmVyLWV0ZWMuZGVcL3dwLWNvbnRlbnRcL3VwbG9hZHNcL3NpdGVzXC8zXC8yMDI0XC8wNlwvRFNDNTI0OC1SRVRVU0NIRS1MUl8tTmV3LURvcnMtS2xlaW4tc2NhbGVkLmpwZyJ9\">\n\t\t\t\t\t\t\t<img decoding=\"async\" src=\"https:\/\/faber-etec.de\/wp-content\/uploads\/sites\/3\/elementor\/thumbs\/DSC5248-RETUSCHE-LR_-New-Dors-Klein-scaled-qq4v478xlw9u6rjnivvzrx1lawyfxyb6te3h7nd0ug.jpg\" title=\"_DSC5248 RETUSCHE LR_ New Dors Klein\" alt=\"_DSC5248 RETUSCHE LR_ New Dors Klein\" loading=\"lazy\" \/>\t\t\t\t\t\t\t\t<\/a>\n\t\t\t\t\t\t\t\t\t\t\t\t\t\t\t<\/div>\n\t\t\t\t<\/div>\n\t\t\t\t\t<\/div>\n\t\t<\/div>\n\t\t\t\t<div class=\"elementor-column elementor-col-50 elementor-top-column elementor-element elementor-element-e79d21b elementor-invisible\" data-id=\"e79d21b\" data-element_type=\"column\" data-e-type=\"column\" data-settings=\"{&quot;animation&quot;:&quot;fadeIn&quot;}\">\n\t\t\t<div class=\"elementor-widget-wrap elementor-element-populated\">\n\t\t\t\t\t\t<div class=\"elementor-element elementor-element-fd3993d animated-slow elementor-invisible elementor-widget elementor-widget-heading\" data-id=\"fd3993d\" data-element_type=\"widget\" data-e-type=\"widget\" data-settings=\"{&quot;_animation&quot;:&quot;fadeInDown&quot;}\" data-widget_type=\"heading.default\">\n\t\t\t\t<div class=\"elementor-widget-container\">\n\t\t\t\t\t<h2 class=\"elementor-heading-title elementor-size-default\">Revolution\u00e4re 3.150 kVA-Station<\/h2>\t\t\t\t<\/div>\n\t\t\t\t<\/div>\n\t\t\t\t<div class=\"elementor-element elementor-element-10fac9c elementor-widget elementor-widget-heading\" data-id=\"10fac9c\" data-element_type=\"widget\" data-e-type=\"widget\" data-widget_type=\"heading.default\">\n\t\t\t\t<div class=\"elementor-widget-container\">\n\t\t\t\t\t<h3 class=\"elementor-heading-title elementor-size-default\"><strong>Kompakt<\/strong> und leistungsstark<\/h3>\t\t\t\t<\/div>\n\t\t\t\t<\/div>\n\t\t\t\t<div class=\"elementor-element elementor-element-f3c1a46 animated-slow elementor-widget-divider--view-line elementor-invisible elementor-widget elementor-widget-divider\" data-id=\"f3c1a46\" data-element_type=\"widget\" data-e-type=\"widget\" data-settings=\"{&quot;_animation&quot;:&quot;fadeInDown&quot;}\" data-widget_type=\"divider.default\">\n\t\t\t\t<div class=\"elementor-widget-container\">\n\t\t\t\t\t\t\t<div class=\"elementor-divider\">\n\t\t\t<span class=\"elementor-divider-separator\">\n\t\t\t\t\t\t<\/span>\n\t\t<\/div>\n\t\t\t\t\t\t<\/div>\n\t\t\t\t<\/div>\n\t\t\t\t<div class=\"elementor-element elementor-element-8582926 elementor-widget elementor-widget-text-editor\" data-id=\"8582926\" data-element_type=\"widget\" data-e-type=\"widget\" data-widget_type=\"text-editor.default\">\n\t\t\t\t<div class=\"elementor-widget-container\">\n\t\t\t\t\t\t\t\t\t<p>Die 3.150 kVA-Station wurde speziell f\u00fcr IT-Systeme entwickelt und ist mit einem Isolations\u00fcberwachungsger\u00e4t ausgestattet. Sie erf\u00fcllt die \u00d6kodesign-Richtlinie Stufe 2 und bietet eine neu konzipierte Niederspannungsseite f\u00fcr den Wechselrichteranschluss. Statt klassischer NH-Sicherungslasttrennschalter setzt das innovative Design auf intelligente thermomagnetische Leistungsschalter \u2013 eine zukunftsweisende L\u00f6sung f\u00fcr maximale Effizienz.<\/p>\t\t\t\t\t\t\t\t<\/div>\n\t\t\t\t<\/div>\n\t\t\t\t\t<\/div>\n\t\t<\/div>\n\t\t\t\t\t<\/div>\n\t\t<\/section>\n\t\t\t\t<section class=\"elementor-section elementor-top-section elementor-element elementor-element-bd82f3c elementor-reverse-mobile elementor-section-boxed elementor-section-height-default elementor-section-height-default\" data-id=\"bd82f3c\" data-element_type=\"section\" data-e-type=\"section\">\n\t\t\t\t\t\t\t<div class=\"elementor-background-overlay\"><\/div>\n\t\t\t\t\t\t\t<div class=\"elementor-container elementor-column-gap-wider\">\n\t\t\t\t\t<div class=\"elementor-column elementor-col-50 elementor-top-column elementor-element elementor-element-e8199b4 elementor-invisible\" data-id=\"e8199b4\" data-element_type=\"column\" data-e-type=\"column\" data-settings=\"{&quot;animation&quot;:&quot;fadeIn&quot;}\">\n\t\t\t<div class=\"elementor-widget-wrap elementor-element-populated\">\n\t\t\t\t\t\t<div class=\"elementor-element elementor-element-1e113c9 animated-slow elementor-invisible elementor-widget elementor-widget-heading\" data-id=\"1e113c9\" data-element_type=\"widget\" data-e-type=\"widget\" data-settings=\"{&quot;_animation&quot;:&quot;fadeInDown&quot;}\" data-widget_type=\"heading.default\">\n\t\t\t\t<div class=\"elementor-widget-container\">\n\t\t\t\t\t<h2 class=\"elementor-heading-title elementor-size-default\">Containerstation f\u00fcr Solarparks mit bis zu 7.200 kVA<\/h2>\t\t\t\t<\/div>\n\t\t\t\t<\/div>\n\t\t\t\t<div class=\"elementor-element elementor-element-fda42db elementor-widget elementor-widget-heading\" data-id=\"fda42db\" data-element_type=\"widget\" data-e-type=\"widget\" data-widget_type=\"heading.default\">\n\t\t\t\t<div class=\"elementor-widget-container\">\n\t\t\t\t\t<h3 class=\"elementor-heading-title elementor-size-default\">Maximale Leistung f\u00fcr jeden SolarPark<\/h3>\t\t\t\t<\/div>\n\t\t\t\t<\/div>\n\t\t\t\t<div class=\"elementor-element elementor-element-9c46319 animated-slow elementor-widget-divider--view-line elementor-invisible elementor-widget elementor-widget-divider\" data-id=\"9c46319\" data-element_type=\"widget\" data-e-type=\"widget\" data-settings=\"{&quot;_animation&quot;:&quot;fadeInDown&quot;}\" data-widget_type=\"divider.default\">\n\t\t\t\t<div class=\"elementor-widget-container\">\n\t\t\t\t\t\t\t<div class=\"elementor-divider\">\n\t\t\t<span class=\"elementor-divider-separator\">\n\t\t\t\t\t\t<\/span>\n\t\t<\/div>\n\t\t\t\t\t\t<\/div>\n\t\t\t\t<\/div>\n\t\t\t\t<div class=\"elementor-element elementor-element-f5dac57 elementor-widget elementor-widget-text-editor\" data-id=\"f5dac57\" data-element_type=\"widget\" data-e-type=\"widget\" data-widget_type=\"text-editor.default\">\n\t\t\t\t<div class=\"elementor-widget-container\">\n\t\t\t\t\t\t\t\t\t<p>Die neue <strong>Containerstation<\/strong> versorgt gro\u00dfe Solarparks mit bis zu 7.200 kVA Leistung. Sie erm\u00f6glicht eine einfache Handhabung und eine umfassende digitale Auswertung aller relevanten Daten wie Wechselrichter, Strom-, Spannungs-, Temperatur- und Feuchtigkeitswerte. Diese kosteneffiziente parkinterne Trafostation ist die ideale L\u00f6sung f\u00fcr gr\u00f6\u00dfere Solarparks.<\/p>\t\t\t\t\t\t\t\t<\/div>\n\t\t\t\t<\/div>\n\t\t\t\t\t<\/div>\n\t\t<\/div>\n\t\t\t\t<div class=\"elementor-column elementor-col-50 elementor-top-column elementor-element elementor-element-3e178a1\" data-id=\"3e178a1\" data-element_type=\"column\" data-e-type=\"column\">\n\t\t\t<div class=\"elementor-widget-wrap elementor-element-populated\">\n\t\t\t\t\t\t<div class=\"elementor-element elementor-element-eedaf52 elementor-widget-mobile__width-inherit elementor-widget elementor-widget-image\" data-id=\"eedaf52\" data-element_type=\"widget\" data-e-type=\"widget\" data-widget_type=\"image.default\">\n\t\t\t\t<div class=\"elementor-widget-container\">\n\t\t\t\t\t\t\t\t\t\t\t\t\t\t\t\t<a  href=\"https:\/\/faber-etec.de\/wp-content\/uploads\/sites\/3\/2024\/06\/Container-Messe.jpg\" title=\"Container Messe.jpg - \" data-elementor-open-lightbox=\"yes\" data-e-action-hash=\"#elementor-action%3Aaction%3Dlightbox%26settings%3DeyJpZCI6NjQyOSwidXJsIjoiaHR0cHM6XC9cL2ZhYmVyLWV0ZWMuZGVcL3dwLWNvbnRlbnRcL3VwbG9hZHNcL3NpdGVzXC8zXC8yMDI0XC8wNlwvQ29udGFpbmVyLU1lc3NlLndlYnAifQ%3D%3D\">\n\t\t\t\t\t\t\t<img decoding=\"async\" src=\"https:\/\/faber-etec.de\/wp-content\/uploads\/sites\/3\/elementor\/thumbs\/Container-Messe-qt66qsc5qb1vkzonqgo21b6w6riwq5csp2yccv6glk.webp\" title=\"Container Messe &#8211; Leistungen\" alt=\"Leistungen\" loading=\"lazy\" \/>\t\t\t\t\t\t\t\t<\/a>\n\t\t\t\t\t\t\t\t\t\t\t\t\t\t\t<\/div>\n\t\t\t\t<\/div>\n\t\t\t\t<div class=\"elementor-element elementor-element-1767a38 elementor-widget__width-initial elementor-widget-mobile__width-inherit elementor-hidden-phone elementor-absolute elementor-widget elementor-widget-image\" data-id=\"1767a38\" data-element_type=\"widget\" data-e-type=\"widget\" data-settings=\"{&quot;_position&quot;:&quot;absolute&quot;,&quot;motion_fx_motion_fx_scrolling&quot;:&quot;yes&quot;,&quot;motion_fx_translateY_effect&quot;:&quot;yes&quot;,&quot;motion_fx_translateY_direction&quot;:&quot;negative&quot;,&quot;motion_fx_translateY_speed&quot;:{&quot;unit&quot;:&quot;px&quot;,&quot;size&quot;:4,&quot;sizes&quot;:[]},&quot;motion_fx_translateY_affectedRange&quot;:{&quot;unit&quot;:&quot;%&quot;,&quot;size&quot;:&quot;&quot;,&quot;sizes&quot;:{&quot;start&quot;:0,&quot;end&quot;:100}},&quot;motion_fx_devices&quot;:[&quot;desktop&quot;,&quot;laptop&quot;,&quot;tablet_extra&quot;,&quot;tablet&quot;,&quot;mobile&quot;]}\" data-widget_type=\"image.default\">\n\t\t\t\t<div class=\"elementor-widget-container\">\n\t\t\t\t\t\t\t\t\t\t\t\t\t\t\t\t<a  href=\"https:\/\/faber-etec.de\/wp-content\/uploads\/sites\/3\/2024\/06\/DSC08535-scaled.jpg\" title=\"DSC08535 Scaled.jpg - \" data-elementor-open-lightbox=\"yes\" data-e-action-hash=\"#elementor-action%3Aaction%3Dlightbox%26settings%3DeyJpZCI6NjQzNCwidXJsIjoiaHR0cHM6XC9cL2ZhYmVyLWV0ZWMuZGVcL3dwLWNvbnRlbnRcL3VwbG9hZHNcL3NpdGVzXC8zXC8yMDI0XC8wNlwvRFNDMDg1MzUtc2NhbGVkLmpwZyJ9\">\n\t\t\t\t\t\t\t<img decoding=\"async\" src=\"https:\/\/faber-etec.de\/wp-content\/uploads\/sites\/3\/elementor\/thumbs\/DSC08535-scaled-qq4vfvep0ahwgqx30elohr8hqkh6c8kx6alg5uh434.jpg\" title=\"DSC08535\" alt=\"DSC08535\" loading=\"lazy\" \/>\t\t\t\t\t\t\t\t<\/a>\n\t\t\t\t\t\t\t\t\t\t\t\t\t\t\t<\/div>\n\t\t\t\t<\/div>\n\t\t\t\t\t<\/div>\n\t\t<\/div>\n\t\t\t\t\t<\/div>\n\t\t<\/section>\n\t\t<div class=\"elementor-element elementor-element-8c911b8 e-flex e-con-boxed e-con e-parent\" data-id=\"8c911b8\" data-element_type=\"container\" data-e-type=\"container\">\n\t\t\t\t\t<div class=\"e-con-inner\">\n\t\t\t\t<div class=\"elementor-element elementor-element-7cbee6f animated-slow elementor-invisible elementor-widget elementor-widget-heading\" data-id=\"7cbee6f\" data-element_type=\"widget\" data-e-type=\"widget\" data-settings=\"{&quot;_animation&quot;:&quot;fadeInDown&quot;}\" data-widget_type=\"heading.default\">\n\t\t\t\t<div class=\"elementor-widget-container\">\n\t\t\t\t\t<h2 class=\"elementor-heading-title elementor-size-default\">Ihr erster All-In-One EPC<\/h2>\t\t\t\t<\/div>\n\t\t\t\t<\/div>\n\t\t\t\t<div class=\"elementor-element elementor-element-19d416f elementor-widget elementor-widget-heading\" data-id=\"19d416f\" data-element_type=\"widget\" data-e-type=\"widget\" data-widget_type=\"heading.default\">\n\t\t\t\t<div class=\"elementor-widget-container\">\n\t\t\t\t\t<h3 class=\"elementor-heading-title elementor-size-default\">Schritt f\u00fcr Schritt zum\n <strong>Netzanschluss <\/strong>\n<\/h3>\t\t\t\t<\/div>\n\t\t\t\t<\/div>\n\t\t\t\t<div class=\"elementor-element elementor-element-1c88c5a animated-slow elementor-widget-divider--view-line elementor-invisible elementor-widget elementor-widget-divider\" data-id=\"1c88c5a\" data-element_type=\"widget\" data-e-type=\"widget\" data-settings=\"{&quot;_animation&quot;:&quot;fadeInDown&quot;}\" data-widget_type=\"divider.default\">\n\t\t\t\t<div class=\"elementor-widget-container\">\n\t\t\t\t\t\t\t<div class=\"elementor-divider\">\n\t\t\t<span class=\"elementor-divider-separator\">\n\t\t\t\t\t\t<\/span>\n\t\t<\/div>\n\t\t\t\t\t\t<\/div>\n\t\t\t\t<\/div>\n\t\t\t\t<div class=\"elementor-element elementor-element-e8d59ee elementor-widget elementor-widget-image\" data-id=\"e8d59ee\" data-element_type=\"widget\" data-e-type=\"widget\" data-widget_type=\"image.default\">\n\t\t\t\t<div class=\"elementor-widget-container\">\n\t\t\t\t\t\t\t\t\t\t\t\t\t\t\t<img fetchpriority=\"high\" decoding=\"async\" width=\"1746\" height=\"712\" src=\"https:\/\/faber-etec.de\/wp-content\/uploads\/sites\/3\/2024\/06\/content.jpeg\" class=\"attachment-full size-full wp-image-6399\" alt=\"-\" srcset=\"https:\/\/faber-etec.de\/wp-content\/uploads\/sites\/3\/2024\/06\/content.jpeg 1746w, https:\/\/faber-etec.de\/wp-content\/uploads\/sites\/3\/2024\/06\/content-300x122.jpeg 300w, https:\/\/faber-etec.de\/wp-content\/uploads\/sites\/3\/2024\/06\/content-1024x418.jpeg 1024w, https:\/\/faber-etec.de\/wp-content\/uploads\/sites\/3\/2024\/06\/content-768x313.jpeg 768w, https:\/\/faber-etec.de\/wp-content\/uploads\/sites\/3\/2024\/06\/content-1536x626.jpeg 1536w, https:\/\/faber-etec.de\/wp-content\/uploads\/sites\/3\/2024\/06\/content-18x7.jpeg 18w\" sizes=\"(max-width: 1746px) 100vw, 1746px\" title=\"content\">\t\t\t\t\t\t\t\t\t\t\t\t\t\t\t<\/div>\n\t\t\t\t<\/div>\n\t\t\t\t\t<\/div>\n\t\t\t\t<\/div>\n\t\t<div class=\"elementor-element elementor-element-d6ad8ba e-flex e-con-boxed e-con e-parent\" data-id=\"d6ad8ba\" data-element_type=\"container\" data-e-type=\"container\">\n\t\t\t\t\t<div class=\"e-con-inner\">\n\t\t\t\t<div class=\"elementor-element elementor-element-13e08c1 animated-slow elementor-invisible elementor-widget elementor-widget-heading\" data-id=\"13e08c1\" data-element_type=\"widget\" data-e-type=\"widget\" data-settings=\"{&quot;_animation&quot;:&quot;fadeInDown&quot;}\" data-widget_type=\"heading.default\">\n\t\t\t\t<div class=\"elementor-widget-container\">\n\t\t\t\t\t<h2 class=\"elementor-heading-title elementor-size-default\">Nochmals vielen Dank <\/h2>\t\t\t\t<\/div>\n\t\t\t\t<\/div>\n\t\t\t\t<div class=\"elementor-element elementor-element-c277c20 elementor-widget elementor-widget-heading\" data-id=\"c277c20\" data-element_type=\"widget\" data-e-type=\"widget\" data-widget_type=\"heading.default\">\n\t\t\t\t<div class=\"elementor-widget-container\">\n\t\t\t\t\t<h3 class=\"elementor-heading-title elementor-size-default\">F\u00fcr Ihren Besuch und Ihr Interesse<\/h3>\t\t\t\t<\/div>\n\t\t\t\t<\/div>\n\t\t\t\t<div class=\"elementor-element elementor-element-58b3068 animated-slow elementor-widget-divider--view-line elementor-invisible elementor-widget elementor-widget-divider\" data-id=\"58b3068\" data-element_type=\"widget\" data-e-type=\"widget\" data-settings=\"{&quot;_animation&quot;:&quot;fadeInDown&quot;}\" data-widget_type=\"divider.default\">\n\t\t\t\t<div class=\"elementor-widget-container\">\n\t\t\t\t\t\t\t<div class=\"elementor-divider\">\n\t\t\t<span class=\"elementor-divider-separator\">\n\t\t\t\t\t\t<\/span>\n\t\t<\/div>\n\t\t\t\t\t\t<\/div>\n\t\t\t\t<\/div>\n\t\t\t\t<div class=\"elementor-element elementor-element-2df559a elementor-widget elementor-widget-text-editor\" data-id=\"2df559a\" data-element_type=\"widget\" data-e-type=\"widget\" data-widget_type=\"text-editor.default\">\n\t\t\t\t<div class=\"elementor-widget-container\">\n\t\t\t\t\t\t\t\t\t<p>\u00a0Wir freuen uns bereits jetzt auf die n\u00e4chste Intersolar und darauf, Sie wieder begr\u00fc\u00dfen zu d\u00fcrfen.<\/p>\t\t\t\t\t\t\t\t<\/div>\n\t\t\t\t<\/div>\n\t\t\t\t\t<\/div>\n\t\t\t\t<\/div>\n\t\t\t\t<section class=\"elementor-section elementor-top-section elementor-element elementor-element-084ca32 elementor-section-full_width metrohero elementor-section-height-default elementor-section-height-default\" data-id=\"084ca32\" data-element_type=\"section\" data-e-type=\"section\" data-settings=\"{&quot;background_background&quot;:&quot;classic&quot;}\">\n\t\t\t\t\t\t<div class=\"elementor-container elementor-column-gap-no\">\n\t\t\t\t\t<div class=\"elementor-column elementor-col-100 elementor-top-column elementor-element elementor-element-72c426a\" data-id=\"72c426a\" data-element_type=\"column\" data-e-type=\"column\">\n\t\t\t<div class=\"elementor-widget-wrap elementor-element-populated\">\n\t\t\t\t\t\t<div class=\"elementor-element elementor-element-2faa4aa animated-slow elementor-invisible elementor-widget elementor-widget-heading\" data-id=\"2faa4aa\" data-element_type=\"widget\" data-e-type=\"widget\" data-settings=\"{&quot;_animation&quot;:&quot;fadeInDown&quot;}\" data-widget_type=\"heading.default\">\n\t\t\t\t<div class=\"elementor-widget-container\">\n\t\t\t\t\t<span class=\"elementor-heading-title elementor-size-default\">weiter\u0435 Leistungen<\/span>\t\t\t\t<\/div>\n\t\t\t\t<\/div>\n\t\t\t\t<div class=\"elementor-element elementor-element-7c8a0c4 elementor-widget elementor-widget-heading\" data-id=\"7c8a0c4\" data-element_type=\"widget\" data-e-type=\"widget\" data-widget_type=\"heading.default\">\n\t\t\t\t<div class=\"elementor-widget-container\">\n\t\t\t\t\t<h2 class=\"elementor-heading-title elementor-size-default\">Die Faber-Welt auf einen Blick<\/h2>\t\t\t\t<\/div>\n\t\t\t\t<\/div>\n\t\t\t\t<div class=\"elementor-element elementor-element-7fc976e animated-slow elementor-widget-divider--view-line elementor-invisible elementor-widget elementor-widget-divider\" data-id=\"7fc976e\" data-element_type=\"widget\" data-e-type=\"widget\" data-settings=\"{&quot;_animation&quot;:&quot;fadeInDown&quot;}\" data-widget_type=\"divider.default\">\n\t\t\t\t<div class=\"elementor-widget-container\">\n\t\t\t\t\t\t\t<div class=\"elementor-divider\">\n\t\t\t<span class=\"elementor-divider-separator\">\n\t\t\t\t\t\t<\/span>\n\t\t<\/div>\n\t\t\t\t\t\t<\/div>\n\t\t\t\t<\/div>\n\t\t\t\t<section class=\"elementor-section elementor-inner-section elementor-element elementor-element-0955058 elementor-section-full_width elementor-section-height-default elementor-section-height-default\" data-id=\"0955058\" data-element_type=\"section\" data-e-type=\"section\">\n\t\t\t\t\t\t<div class=\"elementor-container elementor-column-gap-custom\">\n\t\t\t\t\t<div class=\"elementor-column elementor-col-50 elementor-inner-column elementor-element elementor-element-58ff6fc\" data-id=\"58ff6fc\" data-element_type=\"column\" data-e-type=\"column\">\n\t\t\t<div class=\"elementor-widget-wrap elementor-element-populated\">\n\t\t\t\t\t\t<div class=\"elementor-element elementor-element-316814c elementor--h-position-left elementor--v-position-top jobsbox shadow runde-ecken elementor-arrows-position-inside elementor-widget elementor-widget-slides\" data-id=\"316814c\" data-element_type=\"widget\" data-e-type=\"widget\" data-settings=\"{&quot;navigation&quot;:&quot;arrows&quot;,&quot;transition&quot;:&quot;fade&quot;,&quot;autoplay_speed&quot;:&quot;8000&quot;,&quot;autoplay&quot;:&quot;yes&quot;,&quot;pause_on_hover&quot;:&quot;yes&quot;,&quot;pause_on_interaction&quot;:&quot;yes&quot;,&quot;infinite&quot;:&quot;yes&quot;,&quot;transition_speed&quot;:500}\" data-widget_type=\"slides.default\">\n\t\t\t\t<div class=\"elementor-widget-container\">\n\t\t\t\t\t\t\t\t\t<div class=\"elementor-swiper\">\n\t\t\t\t\t<div class=\"elementor-slides-wrapper elementor-main-swiper swiper\" role=\"region\" aria-roledescription=\"carousel\" aria-label=\"Diapositives\" dir=\"ltr\" data-animation=\"\">\n\t\t\t\t<div class=\"swiper-wrapper elementor-slides\">\n\t\t\t\t\t\t\t\t\t\t<div class=\"elementor-repeater-item-3e76c42 swiper-slide\" role=\"group\" aria-roledescription=\"slide\"><div class=\"swiper-slide-bg\" role=\"img\" aria-label=\"Photovoltaikanlage auf dem Dach eines Unternehmensgeb\u00e4udes\"><\/div><div class=\"elementor-background-overlay\"><\/div><a class=\"swiper-slide-inner\" href=\"https:\/\/faber-solartechnik.de\/solartechnik\/\" title=\"Solartechnik - Schl\u00fcsselfertige Photovoltaikanlage kaufenF\u00fcr Dach- und Freifl\u00e4chen ab 5.000 m\u00b2 Mit hausinterner Mittelspannungskompetenz inkl. Kompaktstationsbau Faber Solartechnik\" target=\"_blank\" rel=\"noopener\"><div class=\"swiper-slide-contents\"><div class=\"elementor-slide-heading\">Schl\u00fcsselfertige <br>Photovoltaikanlage kaufen<\/div><div class=\"elementor-slide-description\">F\u00fcr Dach- und Freifl\u00e4chen ab 5.000 m\u00b2<br>\nMit hausinterner Mittelspannungskompetenz inkl. Kompaktstationsbau<\/div><div  class=\"elementor-button elementor-slide-button elementor-size-xs\"><span class=\"elementor-button-icon elementor-align-icon-left\"> \t\t\t\t<i aria-hidden=\"true\" class=\"fas fa-arrow-right\"><\/i>Faber Solartechnik<\/span><\/div><\/div><\/a><\/div>\t\t\t\t<\/div>\n\t\t\t\t\t\t\t<\/div>\n\t\t\t\t<\/div>\n\t\t\t\t\t\t\t\t<\/div>\n\t\t\t\t<\/div>\n\t\t\t\t\t<\/div>\n\t\t<\/div>\n\t\t\t\t<div class=\"elementor-column elementor-col-50 elementor-inner-column elementor-element elementor-element-d4ac177\" data-id=\"d4ac177\" data-element_type=\"column\" data-e-type=\"column\">\n\t\t\t<div class=\"elementor-widget-wrap elementor-element-populated\">\n\t\t\t\t\t\t<div class=\"elementor-element elementor-element-c593264 elementor--h-position-left elementor--v-position-top jobsbox shadow runde-ecken elementor-arrows-position-inside elementor-pagination-position-inside elementor-widget elementor-widget-slides\" data-id=\"c593264\" data-element_type=\"widget\" data-e-type=\"widget\" data-settings=\"{&quot;navigation&quot;:&quot;both&quot;,&quot;autoplay&quot;:&quot;yes&quot;,&quot;pause_on_hover&quot;:&quot;yes&quot;,&quot;pause_on_interaction&quot;:&quot;yes&quot;,&quot;autoplay_speed&quot;:5000,&quot;infinite&quot;:&quot;yes&quot;,&quot;transition&quot;:&quot;slide&quot;,&quot;transition_speed&quot;:500}\" data-widget_type=\"slides.default\">\n\t\t\t\t<div class=\"elementor-widget-container\">\n\t\t\t\t\t\t\t\t\t<div class=\"elementor-swiper\">\n\t\t\t\t\t<div class=\"elementor-slides-wrapper elementor-main-swiper swiper\" role=\"region\" aria-roledescription=\"carousel\" aria-label=\"Diapositives\" dir=\"ltr\" data-animation=\"\">\n\t\t\t\t<div class=\"swiper-wrapper elementor-slides\">\n\t\t\t\t\t\t\t\t\t\t<div class=\"elementor-repeater-item-3e76c42 swiper-slide\" role=\"group\" aria-roledescription=\"slide\"><div class=\"swiper-slide-bg\" role=\"img\" aria-label=\"Gradient-BG.jpg\"><\/div><a class=\"swiper-slide-inner\" href=\"https:\/\/faber-solartechnik.de\/epc\/\" title=\"Epc - Ihr erster All-In-One EPCENGINEERING, PROCUREMENT AND CONSTRUCTION Deutschlands f\u00fchrendes EPC-Unternehmen mit ganzheitlichem Ansatz. Perfekte Synergie aus Photovoltaik und Mittelspannung. Planung und Umsetzung Ihres Solarparks\" target=\"_blank\" rel=\"noopener\"><div class=\"swiper-slide-contents\"><div class=\"elementor-slide-heading\">Ihr erster <br>All-In-One EPC<\/div><div class=\"elementor-slide-description\"><strong>ENGINEERING, PROCUREMENT AND CONSTRUCTION<\/strong><br> <br> \n\nDeutschlands f\u00fchrendes EPC-Unternehmen mit ganzheitlichem Ansatz. Perfekte Synergie aus Photovoltaik und Mittelspannung.<\/div><div  class=\"elementor-button elementor-slide-button elementor-size-xs\"><span class=\"elementor-button-icon elementor-align-icon-left\"><i aria-hidden=\"true\" class=\"fas fa-arrow-right\"><\/i> Planung und Umsetzung Ihres Solarparks<\/span> <\/div><\/div><\/a><\/div>\t\t\t\t<\/div>\n\t\t\t\t\t\t\t<\/div>\n\t\t\t\t<\/div>\n\t\t\t\t\t\t\t\t<\/div>\n\t\t\t\t<\/div>\n\t\t\t\t\t<\/div>\n\t\t<\/div>\n\t\t\t\t\t<\/div>\n\t\t<\/section>\n\t\t\t\t<section class=\"elementor-section elementor-inner-section elementor-element elementor-element-f58cb7c elementor-section-full_width elementor-section-height-default elementor-section-height-default\" data-id=\"f58cb7c\" data-element_type=\"section\" data-e-type=\"section\" data-settings=\"{&quot;animation_mobile&quot;:&quot;none&quot;}\">\n\t\t\t\t\t\t<div class=\"elementor-container elementor-column-gap-custom\">\n\t\t\t\t\t<div class=\"elementor-column elementor-col-33 elementor-inner-column elementor-element elementor-element-4472a8e\" data-id=\"4472a8e\" data-element_type=\"column\" data-e-type=\"column\">\n\t\t\t<div class=\"elementor-widget-wrap elementor-element-populated\">\n\t\t\t\t\t\t<div class=\"elementor-element elementor-element-af890e3 elementor--h-position-left elementor--v-position-top jobsbox shadow runde-ecken elementor-arrows-position-inside elementor-pagination-position-inside elementor-widget elementor-widget-slides\" data-id=\"af890e3\" data-element_type=\"widget\" data-e-type=\"widget\" data-settings=\"{&quot;autoplay_speed&quot;:&quot;6000&quot;,&quot;navigation&quot;:&quot;both&quot;,&quot;autoplay&quot;:&quot;yes&quot;,&quot;pause_on_hover&quot;:&quot;yes&quot;,&quot;pause_on_interaction&quot;:&quot;yes&quot;,&quot;infinite&quot;:&quot;yes&quot;,&quot;transition&quot;:&quot;slide&quot;,&quot;transition_speed&quot;:500}\" data-widget_type=\"slides.default\">\n\t\t\t\t<div class=\"elementor-widget-container\">\n\t\t\t\t\t\t\t\t\t<div class=\"elementor-swiper\">\n\t\t\t\t\t<div class=\"elementor-slides-wrapper elementor-main-swiper swiper\" role=\"region\" aria-roledescription=\"carousel\" aria-label=\"Diapositives\" dir=\"ltr\" data-animation=\"fadeInLeft\">\n\t\t\t\t<div class=\"swiper-wrapper elementor-slides\">\n\t\t\t\t\t\t\t\t\t\t<div class=\"elementor-repeater-item-3e76c42 swiper-slide\" role=\"group\" aria-roledescription=\"slide\"><div class=\"swiper-slide-bg\" role=\"img\" aria-label=\"Erneuerbare Energien, Feld, Hochspannung\"><\/div><div class=\"elementor-background-overlay\"><\/div><a class=\"swiper-slide-inner\"  href=\"mailto:freiland@faber-solartechnik.de\" title=\"Freiland@faber Solartechnik.de - Fl\u00e4chen verpachtenUm den Energiehunger Deutschlands und der Welt zu stillen \t\t\t\t Jetzt Fl\u00e4chen anbieten\">Fl\u00e4chen verpachtenUm den Energiehunger Deutschlands und der Welt zu stillen \t\t\t\t Jetzt Fl\u00e4chen anbieten<\/a><\/div>\t\t\t\t<\/div>\n\t\t\t\t\t\t\t<\/div>\n\t\t\t\t<\/div>\n\t\t\t\t\t\t\t\t<\/div>\n\t\t\t\t<\/div>\n\t\t\t\t\t<\/div>\n\t\t<\/div>\n\t\t\t\t<div class=\"elementor-column elementor-col-33 elementor-inner-column elementor-element elementor-element-9ea49ae\" data-id=\"9ea49ae\" data-element_type=\"column\" data-e-type=\"column\">\n\t\t\t<div class=\"elementor-widget-wrap elementor-element-populated\">\n\t\t\t\t\t\t<div class=\"elementor-element elementor-element-460dc6e elementor--h-position-left elementor--v-position-top jobsbox shadow runde-ecken elementor-arrows-position-inside elementor-widget elementor-widget-slides\" data-id=\"460dc6e\" data-element_type=\"widget\" data-e-type=\"widget\" data-settings=\"{&quot;navigation&quot;:&quot;arrows&quot;,&quot;transition&quot;:&quot;fade&quot;,&quot;autoplay_speed&quot;:&quot;6000&quot;,&quot;autoplay&quot;:&quot;yes&quot;,&quot;pause_on_hover&quot;:&quot;yes&quot;,&quot;pause_on_interaction&quot;:&quot;yes&quot;,&quot;infinite&quot;:&quot;yes&quot;,&quot;transition_speed&quot;:500}\" data-widget_type=\"slides.default\">\n\t\t\t\t<div class=\"elementor-widget-container\">\n\t\t\t\t\t\t\t\t\t<div class=\"elementor-swiper\">\n\t\t\t\t\t<div class=\"elementor-slides-wrapper elementor-main-swiper swiper\" role=\"region\" aria-roledescription=\"carousel\" aria-label=\"Diapositives\" dir=\"ltr\" data-animation=\"fadeInLeft\">\n\t\t\t\t<div class=\"swiper-wrapper elementor-slides\">\n\t\t\t\t\t\t\t\t\t\t<div class=\"elementor-repeater-item-3e76c42 swiper-slide\" role=\"group\" aria-roledescription=\"slide\"><div class=\"swiper-slide-bg elementor-ken-burns elementor-ken-burns--in\" role=\"img\" aria-label=\"Zwei Elektriker Jobs und Karriere Faber E-Tec\"><\/div><div class=\"elementor-background-overlay\"><\/div><a class=\"swiper-slide-inner\" href=\"https:\/\/www.faber-etec-karriere.de\/\" title=\" - Jobs als ElektrikerMontage der elektrotech&shy;nischen Kompo&shy;nenten f\u00fcr Kompakt&shy;stationen \t\t\t\t Jetzt Bewerben\" target=\"_blank\" rel=\"noopener\">Jobs als ElektrikerMontage der elektrotech&shy;nischen Kompo&shy;nenten f\u00fcr Kompakt&shy;stationen \t\t\t\t Jetzt Bewerben<\/a><\/div>\t\t\t\t<\/div>\n\t\t\t\t\t\t\t<\/div>\n\t\t\t\t<\/div>\n\t\t\t\t\t\t\t\t<\/div>\n\t\t\t\t<\/div>\n\t\t\t\t\t<\/div>\n\t\t<\/div>\n\t\t\t\t<div class=\"elementor-column elementor-col-33 elementor-inner-column elementor-element elementor-element-1aea5b8\" data-id=\"1aea5b8\" data-element_type=\"column\" data-e-type=\"column\">\n\t\t\t<div class=\"elementor-widget-wrap elementor-element-populated\">\n\t\t\t\t\t\t<div class=\"elementor-element elementor-element-39d81ec elementor--h-position-left elementor--v-position-top jobsbox shadow runde-ecken elementor-arrows-position-inside elementor-widget elementor-widget-slides\" data-id=\"39d81ec\" data-element_type=\"widget\" data-e-type=\"widget\" data-settings=\"{&quot;navigation&quot;:&quot;arrows&quot;,&quot;transition&quot;:&quot;fade&quot;,&quot;autoplay_speed&quot;:&quot;6000&quot;,&quot;autoplay&quot;:&quot;yes&quot;,&quot;pause_on_hover&quot;:&quot;yes&quot;,&quot;pause_on_interaction&quot;:&quot;yes&quot;,&quot;infinite&quot;:&quot;yes&quot;,&quot;transition_speed&quot;:500}\" data-widget_type=\"slides.default\">\n\t\t\t\t<div class=\"elementor-widget-container\">\n\t\t\t\t\t\t\t\t\t<div class=\"elementor-swiper\">\n\t\t\t\t\t<div class=\"elementor-slides-wrapper elementor-main-swiper swiper\" role=\"region\" aria-roledescription=\"carousel\" aria-label=\"Diapositives\" dir=\"ltr\" data-animation=\"fadeInLeft\">\n\t\t\t\t<div class=\"swiper-wrapper elementor-slides\">\n\t\t\t\t\t\t\t\t\t\t<div class=\"elementor-repeater-item-3e76c42 swiper-slide\" role=\"group\" aria-roledescription=\"slide\"><div class=\"swiper-slide-bg elementor-ken-burns elementor-ken-burns--in\" role=\"img\" aria-label=\"Faber Solartechnik \u2013 Elektriker bei der Arbeit\"><\/div><div class=\"elementor-background-overlay\"><\/div><a class=\"swiper-slide-inner\" href=\"https:\/\/faber-etec.de\/jobs\/\" title=\"Jobs - MontageMontage: Aufdach- und Freiland-Photovoltaik \t\t\t\t Jetzt Bewerben\" target=\"_blank\">MontageMontage: Aufdach- und Freiland-Photovoltaik \t\t\t\t Jetzt Bewerben<\/a><\/div>\t\t\t\t<\/div>\n\t\t\t\t\t\t\t<\/div>\n\t\t\t\t<\/div>\n\t\t\t\t\t\t\t\t<\/div>\n\t\t\t\t<\/div>\n\t\t\t\t\t<\/div>\n\t\t<\/div>\n\t\t\t\t\t<\/div>\n\t\t<\/section>\n\t\t\t\t\t<\/div>\n\t\t<\/div>\n\t\t\t\t\t<\/div>\n\t\t<\/section>\n\t\t\t\t<\/div>\n\t\t","protected":false},"excerpt":{"rendered":"<p>Die weltweit f\u00fchrende Fachmesse f\u00fcr die Solarwirtschaft Intersolar Europe Datenbl\u00e4tter &#8211; Sammelmappe Danke f\u00fcr Ihren Besuch auf der Intersolar Die Intersolar 2024 in M\u00fcnchen war ein voller Erfolg! Wir danken allen Besuchern, die unseren Stand in Halle C5, Stand C5.310 besucht haben. Es war uns eine Freude, unsere neuesten L\u00f6sungen im Bereich Solar Trafostationen und [&hellip;]<\/p>\n","protected":false},"author":6,"featured_media":6578,"parent":0,"menu_order":0,"comment_status":"closed","ping_status":"closed","template":"","meta":{"_acf_changed":false,"footnotes":""},"class_list":["post-5533","page","type-page","status-publish","has-post-thumbnail","hentry"],"acf":[],"_links":{"self":[{"href":"https:\/\/faber-etec.de\/fr\/wp-json\/wp\/v2\/pages\/5533","targetHints":{"allow":["GET"]}}],"collection":[{"href":"https:\/\/faber-etec.de\/fr\/wp-json\/wp\/v2\/pages"}],"about":[{"href":"https:\/\/faber-etec.de\/fr\/wp-json\/wp\/v2\/types\/page"}],"author":[{"embeddable":true,"href":"https:\/\/faber-etec.de\/fr\/wp-json\/wp\/v2\/users\/6"}],"replies":[{"embeddable":true,"href":"https:\/\/faber-etec.de\/fr\/wp-json\/wp\/v2\/comments?post=5533"}],"version-history":[{"count":19,"href":"https:\/\/faber-etec.de\/fr\/wp-json\/wp\/v2\/pages\/5533\/revisions"}],"predecessor-version":[{"id":15332,"href":"https:\/\/faber-etec.de\/fr\/wp-json\/wp\/v2\/pages\/5533\/revisions\/15332"}],"wp:featuredmedia":[{"embeddable":true,"href":"https:\/\/faber-etec.de\/fr\/wp-json\/wp\/v2\/media\/6578"}],"wp:attachment":[{"href":"https:\/\/faber-etec.de\/fr\/wp-json\/wp\/v2\/media?parent=5533"}],"curies":[{"name":"wp","href":"https:\/\/api.w.org\/{rel}","templated":true}]}}