{"id":7777,"date":"2024-07-08T10:55:28","date_gmt":"2024-07-08T08:55:28","guid":{"rendered":"https:\/\/faber-etec.de\/?page_id=7777"},"modified":"2024-12-13T11:02:03","modified_gmt":"2024-12-13T10:02:03","slug":"faq","status":"publish","type":"page","link":"https:\/\/faber-etec.de\/fr\/faq\/","title":{"rendered":"FAQ - Vos questions, nos r\u00e9ponses !"},"content":{"rendered":"<div data-elementor-type=\"wp-page\" data-elementor-id=\"7777\" class=\"elementor elementor-7777\" data-elementor-post-type=\"page\">\n\t\t\t\t<div class=\"elementor-element elementor-element-7893aca e-flex e-con-boxed elementor-invisible e-con e-parent\" data-id=\"7893aca\" data-element_type=\"container\" data-e-type=\"container\" data-settings=\"{&quot;animation&quot;:&quot;fadeInUp&quot;}\">\n\t\t\t\t\t<div class=\"e-con-inner\">\n\t\t\t\t<div class=\"elementor-element elementor-element-e685fcb elementor-widget elementor-widget-heading\" data-id=\"e685fcb\" data-element_type=\"widget\" data-e-type=\"widget\" data-widget_type=\"heading.default\">\n\t\t\t\t<div class=\"elementor-widget-container\">\n\t\t\t\t\t<h2 class=\"elementor-heading-title elementor-size-default\">Foire aux questions <\/h2>\t\t\t\t<\/div>\n\t\t\t\t<\/div>\n\t\t\t\t<div class=\"elementor-element elementor-element-316e5ef elementor-invisible elementor-widget elementor-widget-text-editor\" data-id=\"316e5ef\" data-element_type=\"widget\" data-e-type=\"widget\" data-settings=\"{&quot;_animation&quot;:&quot;fadeInDown&quot;}\" data-widget_type=\"text-editor.default\">\n\t\t\t\t<div class=\"elementor-widget-container\">\n\t\t\t\t\t\t\t\t\t<p>Vous trouverez ici les r\u00e9ponses aux questions les plus fr\u00e9quentes sur nos produits, notamment les postes de transformation compacts, les syst\u00e8mes de commutation BTB, les protections NA, les stations pour parcs solaires et nos combin\u00e9s AC innovants.\u00a0<\/p>\t\t\t\t\t\t\t\t<\/div>\n\t\t\t\t<\/div>\n\t\t\t\t<div class=\"elementor-element elementor-element-f64c27f elementor-widget-divider--view-line elementor-widget elementor-widget-divider\" data-id=\"f64c27f\" data-element_type=\"widget\" data-e-type=\"widget\" data-widget_type=\"divider.default\">\n\t\t\t\t<div class=\"elementor-widget-container\">\n\t\t\t\t\t\t\t<div class=\"elementor-divider\">\n\t\t\t<span class=\"elementor-divider-separator\">\n\t\t\t\t\t\t<\/span>\n\t\t<\/div>\n\t\t\t\t\t\t<\/div>\n\t\t\t\t<\/div>\n\t\t\t\t<div class=\"elementor-element elementor-element-38d5a6a elementor-invisible elementor-widget elementor-widget-text-editor\" data-id=\"38d5a6a\" data-element_type=\"widget\" data-e-type=\"widget\" data-settings=\"{&quot;_animation&quot;:&quot;fadeInDown&quot;}\" data-widget_type=\"text-editor.default\">\n\t\t\t\t<div class=\"elementor-widget-container\">\n\t\t\t\t\t\t\t\t\t<p>Qu'il s'agisse d'installation, de maintenance, de sp\u00e9cifications techniques ou de personnalisation, notre section FAQ vous offre des informations compl\u00e8tes et vous aide \u00e0 trouver les solutions adapt\u00e9es \u00e0 vos besoins.<\/p>\t\t\t\t\t\t\t\t<\/div>\n\t\t\t\t<\/div>\n\t\t\t\t\t<\/div>\n\t\t\t\t<\/div>\n\t\t<div class=\"elementor-element elementor-element-0f6bfb8 e-flex e-con-boxed elementor-invisible e-con e-parent\" data-id=\"0f6bfb8\" data-element_type=\"container\" data-e-type=\"container\" data-settings=\"{&quot;animation&quot;:&quot;fadeInUp&quot;}\">\n\t\t\t\t\t<div class=\"e-con-inner\">\n\t\t<div class=\"elementor-element elementor-element-b680a67 e-con-full e-flex e-con e-child\" data-id=\"b680a67\" data-element_type=\"container\" data-e-type=\"container\">\n\t\t\t\t<div class=\"elementor-element elementor-element-b7047ce elementor-widget elementor-widget-heading\" data-id=\"b7047ce\" data-element_type=\"widget\" data-e-type=\"widget\" data-widget_type=\"heading.default\">\n\t\t\t\t<div class=\"elementor-widget-container\">\n\t\t\t\t\t<h3 class=\"elementor-heading-title elementor-size-default\">Station solaire<\/h3>\t\t\t\t<\/div>\n\t\t\t\t<\/div>\n\t\t\t\t<div class=\"elementor-element elementor-element-74b26b9 elementor-widget elementor-widget-heading\" data-id=\"74b26b9\" data-element_type=\"widget\" data-e-type=\"widget\" data-widget_type=\"heading.default\">\n\t\t\t\t<div class=\"elementor-widget-container\">\n\t\t\t\t\t<span class=\"elementor-heading-title elementor-size-default\">Station purement interne au parc solaire | FAQ<\/span>\t\t\t\t<\/div>\n\t\t\t\t<\/div>\n\t\t\t\t<div class=\"elementor-element elementor-element-ee98f38 faqaccordion elementor-widget elementor-widget-n-accordion\" data-id=\"ee98f38\" data-element_type=\"widget\" data-e-type=\"widget\" data-settings=\"{&quot;default_state&quot;:&quot;all_collapsed&quot;,&quot;max_items_expended&quot;:&quot;one&quot;,&quot;n_accordion_animation_duration&quot;:{&quot;unit&quot;:&quot;ms&quot;,&quot;size&quot;:400,&quot;sizes&quot;:[]}}\" data-widget_type=\"nested-accordion.default\">\n\t\t\t\t<div class=\"elementor-widget-container\">\n\t\t\t\t\t\t\t<div class=\"e-n-accordion\" aria-label=\"L&#039;accord\u00e9on. Ouvre les liens avec Enter ou Space, ferme avec Escape, et navigue avec Arrow Keys.\">\n\t\t\t\t\t\t<details id=\"e-n-accordion-item-2500\" class=\"e-n-accordion-item\" >\n\t\t\t\t<summary class=\"e-n-accordion-item-title\" data-accordion-index=\"1\" tabindex=\"0\" aria-expanded=\"false\" aria-controls=\"e-n-accordion-item-2500\" >\n\t\t\t\t\t<span class='e-n-accordion-item-title-header'><div class=\"e-n-accordion-item-title-text\"> Qu'est-ce qu'une station de parc solaire exactement et \u00e0 quoi sert-elle ? <\/div><\/span>\n\t\t\t\t\t\t\t<span class='e-n-accordion-item-title-icon'>\n\t\t\t<span class='e-opened' ><i aria-hidden=\"true\" class=\"fas fa-minus\"><\/i><\/span>\n\t\t\t<span class='e-closed'><i aria-hidden=\"true\" class=\"fas fa-plus\"><\/i><\/span>\n\t\t<\/span>\n\n\t\t\t\t\t\t<\/summary>\n\t\t\t\t<div role=\"region\" aria-labelledby=\"e-n-accordion-item-2500\" class=\"elementor-element elementor-element-ce31711 e-con-full e-flex e-con e-child\" data-id=\"ce31711\" data-element_type=\"container\" data-e-type=\"container\">\n\t\t\t\t<div class=\"elementor-element elementor-element-d7c193e elementor-widget elementor-widget-text-editor\" data-id=\"d7c193e\" data-element_type=\"widget\" data-e-type=\"widget\" data-widget_type=\"text-editor.default\">\n\t\t\t\t<div class=\"elementor-widget-container\">\n\t\t\t\t\t\t\t\t\t<p>Une station de parc solaire est une installation sp\u00e9cialis\u00e9e utilis\u00e9e pour l'int\u00e9gration et la gestion de l'\u00e9nergie solaire dans un parc solaire. Sa fonction est de convertir l'\u00e9nergie continue (DC) produite par les modules photovolta\u00efques en courant alternatif (AC) et de l'injecter dans le r\u00e9seau \u00e9lectrique public. Elle offre en outre des fonctions de protection et de surveillance pour l'exploitation s\u00fbre du parc solaire.<\/p>\t\t\t\t\t\t\t\t<\/div>\n\t\t\t\t<\/div>\n\t\t\t\t<\/div>\n\t\t\t\t\t<\/details>\n\t\t\t\t\t\t<details id=\"e-n-accordion-item-2501\" class=\"e-n-accordion-item\" >\n\t\t\t\t<summary class=\"e-n-accordion-item-title\" data-accordion-index=\"2\" tabindex=\"-1\" aria-expanded=\"false\" aria-controls=\"e-n-accordion-item-2501\" >\n\t\t\t\t\t<span class='e-n-accordion-item-title-header'><div class=\"e-n-accordion-item-title-text\"> Quelles sont les fonctions offertes par la station pour parcs solaires de Faber E-Tec GmbH ? <\/div><\/span>\n\t\t\t\t\t\t\t<span class='e-n-accordion-item-title-icon'>\n\t\t\t<span class='e-opened' ><i aria-hidden=\"true\" class=\"fas fa-minus\"><\/i><\/span>\n\t\t\t<span class='e-closed'><i aria-hidden=\"true\" class=\"fas fa-plus\"><\/i><\/span>\n\t\t<\/span>\n\n\t\t\t\t\t\t<\/summary>\n\t\t\t\t<div role=\"region\" aria-labelledby=\"e-n-accordion-item-2501\" class=\"elementor-element elementor-element-f1ca59d e-con-full e-flex e-con e-child\" data-id=\"f1ca59d\" data-element_type=\"container\" data-e-type=\"container\">\n\t\t\t\t<div class=\"elementor-element elementor-element-a7b5650 elementor-widget elementor-widget-text-editor\" data-id=\"a7b5650\" data-element_type=\"widget\" data-e-type=\"widget\" data-widget_type=\"text-editor.default\">\n\t\t\t\t<div class=\"elementor-widget-container\">\n\t\t\t\t\t\t\t\t\t<p>Notre site <strong>Station solaire<\/strong> dispose d'une multitude de fonctions, dont la conversion du courant continu en courant alternatif, des dispositifs de protection et de surveillance, le contr\u00f4le de l'isolation ainsi qu'une distribution basse tension efficace. Elle est sp\u00e9cialement con\u00e7ue pour \u00eatre utilis\u00e9e dans les syst\u00e8mes informatiques et r\u00e9pond aux exigences les plus \u00e9lev\u00e9es en mati\u00e8re d'efficacit\u00e9 et de s\u00e9curit\u00e9.<\/p>\t\t\t\t\t\t\t\t<\/div>\n\t\t\t\t<\/div>\n\t\t\t\t<\/div>\n\t\t\t\t\t<\/details>\n\t\t\t\t\t\t<details id=\"e-n-accordion-item-2502\" class=\"e-n-accordion-item\" >\n\t\t\t\t<summary class=\"e-n-accordion-item-title\" data-accordion-index=\"3\" tabindex=\"-1\" aria-expanded=\"false\" aria-controls=\"e-n-accordion-item-2502\" >\n\t\t\t\t\t<span class='e-n-accordion-item-title-header'><div class=\"e-n-accordion-item-title-text\"> Quels sont les avantages de la station de parc solaire par rapport aux solutions traditionnelles ? <\/div><\/span>\n\t\t\t\t\t\t\t<span class='e-n-accordion-item-title-icon'>\n\t\t\t<span class='e-opened' ><i aria-hidden=\"true\" class=\"fas fa-minus\"><\/i><\/span>\n\t\t\t<span class='e-closed'><i aria-hidden=\"true\" class=\"fas fa-plus\"><\/i><\/span>\n\t\t<\/span>\n\n\t\t\t\t\t\t<\/summary>\n\t\t\t\t<div role=\"region\" aria-labelledby=\"e-n-accordion-item-2502\" class=\"elementor-element elementor-element-beb141d e-con-full e-flex e-con e-child\" data-id=\"beb141d\" data-element_type=\"container\" data-e-type=\"container\">\n\t\t\t\t<div class=\"elementor-element elementor-element-d8dc758 elementor-widget elementor-widget-text-editor\" data-id=\"d8dc758\" data-element_type=\"widget\" data-e-type=\"widget\" data-widget_type=\"text-editor.default\">\n\t\t\t\t<div class=\"elementor-widget-container\">\n\t\t\t\t\t\t\t\t\t<p>Notre station de parc solaire convainc par une s\u00e9rie d'avantages. Parmi ceux-ci, une efficacit\u00e9 accrue gr\u00e2ce \u00e0 l'absence de fusibles NH, une dur\u00e9e de vie plus longue et moins d'entretien gr\u00e2ce \u00e0 un d\u00e9veloppement thermique r\u00e9duit et une technologie de commutation avanc\u00e9e. De plus, la surveillance int\u00e9gr\u00e9e de l'isolation garantit une s\u00e9curit\u00e9 et une fiabilit\u00e9 suppl\u00e9mentaires dans le syst\u00e8me informatique.<\/p>\t\t\t\t\t\t\t\t<\/div>\n\t\t\t\t<\/div>\n\t\t\t\t<\/div>\n\t\t\t\t\t<\/details>\n\t\t\t\t\t\t<details id=\"e-n-accordion-item-2503\" class=\"e-n-accordion-item\" >\n\t\t\t\t<summary class=\"e-n-accordion-item-title\" data-accordion-index=\"4\" tabindex=\"-1\" aria-expanded=\"false\" aria-controls=\"e-n-accordion-item-2503\" >\n\t\t\t\t\t<span class='e-n-accordion-item-title-header'><div class=\"e-n-accordion-item-title-text\"> La station de parc solaire peut-elle \u00eatre utilis\u00e9e de mani\u00e8re flexible pour diff\u00e9rentes configurations de r\u00e9seau ? <\/div><\/span>\n\t\t\t\t\t\t\t<span class='e-n-accordion-item-title-icon'>\n\t\t\t<span class='e-opened' ><i aria-hidden=\"true\" class=\"fas fa-minus\"><\/i><\/span>\n\t\t\t<span class='e-closed'><i aria-hidden=\"true\" class=\"fas fa-plus\"><\/i><\/span>\n\t\t<\/span>\n\n\t\t\t\t\t\t<\/summary>\n\t\t\t\t<div role=\"region\" aria-labelledby=\"e-n-accordion-item-2503\" class=\"elementor-element elementor-element-300396a e-con-full e-flex e-con e-child\" data-id=\"300396a\" data-element_type=\"container\" data-e-type=\"container\">\n\t\t\t\t<div class=\"elementor-element elementor-element-b1cc3ab elementor-widget elementor-widget-text-editor\" data-id=\"b1cc3ab\" data-element_type=\"widget\" data-e-type=\"widget\" data-widget_type=\"text-editor.default\">\n\t\t\t\t<div class=\"elementor-widget-container\">\n\t\t\t\t\t\t\t\t\t<p>La station de parc solaire de Faber E-Tec GmbH est flexible et peut \u00eatre adapt\u00e9e \u00e0 diff\u00e9rentes configurations de r\u00e9seau telles que TNS et TT. Cela garantit qu'elle fonctionne de mani\u00e8re optimale dans diff\u00e9rents environnements et exigences.<\/p>\t\t\t\t\t\t\t\t<\/div>\n\t\t\t\t<\/div>\n\t\t\t\t<\/div>\n\t\t\t\t\t<\/details>\n\t\t\t\t\t\t<details id=\"e-n-accordion-item-2504\" class=\"e-n-accordion-item\" >\n\t\t\t\t<summary class=\"e-n-accordion-item-title\" data-accordion-index=\"5\" tabindex=\"-1\" aria-expanded=\"false\" aria-controls=\"e-n-accordion-item-2504\" >\n\t\t\t\t\t<span class='e-n-accordion-item-title-header'><div class=\"e-n-accordion-item-title-text\"> Comment puis-je recevoir une offre pour une station de parc solaire ? <\/div><\/span>\n\t\t\t\t\t\t\t<span class='e-n-accordion-item-title-icon'>\n\t\t\t<span class='e-opened' ><i aria-hidden=\"true\" class=\"fas fa-minus\"><\/i><\/span>\n\t\t\t<span class='e-closed'><i aria-hidden=\"true\" class=\"fas fa-plus\"><\/i><\/span>\n\t\t<\/span>\n\n\t\t\t\t\t\t<\/summary>\n\t\t\t\t<div role=\"region\" aria-labelledby=\"e-n-accordion-item-2504\" class=\"elementor-element elementor-element-efd3a2d e-con-full e-flex e-con e-child\" data-id=\"efd3a2d\" data-element_type=\"container\" data-e-type=\"container\">\n\t\t\t\t<div class=\"elementor-element elementor-element-6337367 elementor-widget elementor-widget-text-editor\" data-id=\"6337367\" data-element_type=\"widget\" data-e-type=\"widget\" data-widget_type=\"text-editor.default\">\n\t\t\t\t<div class=\"elementor-widget-container\">\n\t\t\t\t\t\t\t\t\t<p>Pour recevoir une offre adapt\u00e9e \u00e0 vos besoins pour une station de parc solaire, nous vous invitons \u00e0 remplir notre formulaire de demande sur le site web. Nos experts vous contacteront rapidement pour discuter de vos besoins sp\u00e9cifiques et vous faire une offre adapt\u00e9e \u00e0 vos souhaits.<\/p>\t\t\t\t\t\t\t\t<\/div>\n\t\t\t\t<\/div>\n\t\t\t\t<\/div>\n\t\t\t\t\t<\/details>\n\t\t\t\t\t<\/div>\n\t\t\t\t\t\n\t\t\t\t\t\t\t<\/div>\n\t\t\t\t<\/div>\n\t\t\t\t<div class=\"elementor-element elementor-element-ef3562f elementor-align-center elementor-widget__width-auto elementor-widget elementor-widget-button\" data-id=\"ef3562f\" data-element_type=\"widget\" data-e-type=\"widget\" data-widget_type=\"button.default\">\n\t\t\t\t<div class=\"elementor-widget-container\">\n\t\t\t\t\t\t\t\t\t<div class=\"elementor-button-wrapper\">\n\t\t\t\t\t<a class=\"elementor-button elementor-button-link elementor-size-sm\"  href=\"https:\/\/faber-etec.de\/fr\/station-du-parc-solaire\/\" title=\"Station de parc solaire - D\u00e9couvrir la station de parc solaire\">\n\t\t\t\t\t\t<span class=\"elementor-button-content-wrapper\">\n\t\t\t\t\t\t\t\t\t<span class=\"elementor-button-text\">D\u00e9couvrir la station du parc solaire<\/span>\n\t\t\t\t\t<\/span>\n\t\t\t\t\t<\/a>\n\t\t\t\t<\/div>\n\t\t\t\t\t\t\t\t<\/div>\n\t\t\t\t<\/div>\n\t\t\t\t<div class=\"elementor-element elementor-element-c679009 elementor-align-center elementor-widget__width-auto elementor-widget elementor-widget-button\" data-id=\"c679009\" data-element_type=\"widget\" data-e-type=\"widget\" data-widget_type=\"button.default\">\n\t\t\t\t<div class=\"elementor-widget-container\">\n\t\t\t\t\t\t\t\t\t<div class=\"elementor-button-wrapper\">\n\t\t\t\t\t<a class=\"elementor-button elementor-button-link elementor-size-sm\" href=\"https:\/\/faber-solartechnik.de\/solartechnik\/\" title=\"Technologie solaire - Acheter une installation photovolta\u00efque cl\u00e9 en main\" target=\"_blank\" rel=\"noopener\">\n\t\t\t\t\t\t<span class=\"elementor-button-content-wrapper\">\n\t\t\t\t\t\t<span class=\"elementor-button-icon\">\n\t\t\t\t<i aria-hidden=\"true\" class=\"fas fa-angle-right\"><\/i>\t\t\t<\/span>\n\t\t\t\t\t\t\t\t\t<span class=\"elementor-button-text\">Acheter une installation photovolta\u00efque cl\u00e9 en main<\/span>\n\t\t\t\t\t<\/span>\n\t\t\t\t\t<\/a>\n\t\t\t\t<\/div>\n\t\t\t\t\t\t\t\t<\/div>\n\t\t\t\t<\/div>\n\t\t\t\t<\/div>\n\t\t\t\t\t<\/div>\n\t\t\t\t<\/div>\n\t\t<div class=\"elementor-element elementor-element-6b56121 e-flex e-con-boxed elementor-invisible e-con e-parent\" data-id=\"6b56121\" data-element_type=\"container\" data-e-type=\"container\" data-settings=\"{&quot;animation&quot;:&quot;fadeInUp&quot;}\">\n\t\t\t\t\t<div class=\"e-con-inner\">\n\t\t<div class=\"elementor-element elementor-element-3a1a216 e-con-full e-flex e-con e-child\" data-id=\"3a1a216\" data-element_type=\"container\" data-e-type=\"container\">\n\t\t\t\t<div class=\"elementor-element elementor-element-804e729 elementor-widget elementor-widget-heading\" data-id=\"804e729\" data-element_type=\"widget\" data-e-type=\"widget\" data-widget_type=\"heading.default\">\n\t\t\t\t<div class=\"elementor-widget-container\">\n\t\t\t\t\t<h3 class=\"elementor-heading-title elementor-size-default\">Station compacte<\/h3>\t\t\t\t<\/div>\n\t\t\t\t<\/div>\n\t\t\t\t<div class=\"elementor-element elementor-element-f49db54 elementor-widget elementor-widget-heading\" data-id=\"f49db54\" data-element_type=\"widget\" data-e-type=\"widget\" data-widget_type=\"heading.default\">\n\t\t\t\t<div class=\"elementor-widget-container\">\n\t\t\t\t\t<span class=\"elementor-heading-title elementor-size-default\">Stations compactes, station de transfert &amp; de transformation, stations compactes de transformateurs | FAQ<\/span>\t\t\t\t<\/div>\n\t\t\t\t<\/div>\n\t\t\t\t<div class=\"elementor-element elementor-element-55dd3ef faqaccordion elementor-widget elementor-widget-n-accordion\" data-id=\"55dd3ef\" data-element_type=\"widget\" data-e-type=\"widget\" data-settings=\"{&quot;default_state&quot;:&quot;all_collapsed&quot;,&quot;max_items_expended&quot;:&quot;one&quot;,&quot;n_accordion_animation_duration&quot;:{&quot;unit&quot;:&quot;ms&quot;,&quot;size&quot;:400,&quot;sizes&quot;:[]}}\" data-widget_type=\"nested-accordion.default\">\n\t\t\t\t<div class=\"elementor-widget-container\">\n\t\t\t\t\t\t\t<div class=\"e-n-accordion\" aria-label=\"L&#039;accord\u00e9on. Ouvre les liens avec Enter ou Space, ferme avec Escape, et navigue avec Arrow Keys.\">\n\t\t\t\t\t\t<details id=\"e-n-accordion-item-9000\" class=\"e-n-accordion-item\" >\n\t\t\t\t<summary class=\"e-n-accordion-item-title\" data-accordion-index=\"1\" tabindex=\"0\" aria-expanded=\"false\" aria-controls=\"e-n-accordion-item-9000\" >\n\t\t\t\t\t<span class='e-n-accordion-item-title-header'><div class=\"e-n-accordion-item-title-text\"> Qu'est-ce qu'une station compacte et comment l'utiliser ? <\/div><\/span>\n\t\t\t\t\t\t\t<span class='e-n-accordion-item-title-icon'>\n\t\t\t<span class='e-opened' ><i aria-hidden=\"true\" class=\"fas fa-minus\"><\/i><\/span>\n\t\t\t<span class='e-closed'><i aria-hidden=\"true\" class=\"fas fa-plus\"><\/i><\/span>\n\t\t<\/span>\n\n\t\t\t\t\t\t<\/summary>\n\t\t\t\t<div role=\"region\" aria-labelledby=\"e-n-accordion-item-9000\" class=\"elementor-element elementor-element-a531c30 e-con-full e-flex e-con e-child\" data-id=\"a531c30\" data-element_type=\"container\" data-e-type=\"container\">\n\t\t\t\t<div class=\"elementor-element elementor-element-f0f5680 elementor-widget elementor-widget-text-editor\" data-id=\"f0f5680\" data-element_type=\"widget\" data-e-type=\"widget\" data-widget_type=\"text-editor.default\">\n\t\t\t\t<div class=\"elementor-widget-container\">\n\t\t\t\t\t\t\t\t\t<p>Un poste compact est une installation \u00e9lectrique pr\u00e9fabriqu\u00e9e et compacte qui int\u00e8gre des transformateurs, des tableaux de distribution et d'autres composants. Sa fonction est de transformer la moyenne tension en basse tension, ce qui le rend id\u00e9al pour une utilisation dans diff\u00e9rents secteurs tels que l'industrie, le commerce et les \u00e9nergies renouvelables.<\/p>\t\t\t\t\t\t\t\t<\/div>\n\t\t\t\t<\/div>\n\t\t\t\t<\/div>\n\t\t\t\t\t<\/details>\n\t\t\t\t\t\t<details id=\"e-n-accordion-item-9001\" class=\"e-n-accordion-item\" >\n\t\t\t\t<summary class=\"e-n-accordion-item-title\" data-accordion-index=\"2\" tabindex=\"-1\" aria-expanded=\"false\" aria-controls=\"e-n-accordion-item-9001\" >\n\t\t\t\t\t<span class='e-n-accordion-item-title-header'><div class=\"e-n-accordion-item-title-text\"> Quels sont les avantages d'une station compacte par rapport aux stations de transformation traditionnelles ? <\/div><\/span>\n\t\t\t\t\t\t\t<span class='e-n-accordion-item-title-icon'>\n\t\t\t<span class='e-opened' ><i aria-hidden=\"true\" class=\"fas fa-minus\"><\/i><\/span>\n\t\t\t<span class='e-closed'><i aria-hidden=\"true\" class=\"fas fa-plus\"><\/i><\/span>\n\t\t<\/span>\n\n\t\t\t\t\t\t<\/summary>\n\t\t\t\t<div role=\"region\" aria-labelledby=\"e-n-accordion-item-9001\" class=\"elementor-element elementor-element-35efaec e-con-full e-flex e-con e-child\" data-id=\"35efaec\" data-element_type=\"container\" data-e-type=\"container\">\n\t\t\t\t<div class=\"elementor-element elementor-element-5dbdc33 elementor-widget elementor-widget-text-editor\" data-id=\"5dbdc33\" data-element_type=\"widget\" data-e-type=\"widget\" data-widget_type=\"text-editor.default\">\n\t\t\t\t<div class=\"elementor-widget-container\">\n\t\t\t\t\t\t\t\t\t<p>Les stations compactes offrent une multitude d'avantages. Parmi ceux-ci, on peut citer une construction peu encombrante, une installation et une mise en service rapides, une grande flexibilit\u00e9 et adaptabilit\u00e9 ainsi qu'une s\u00e9curit\u00e9 et une fiabilit\u00e9 am\u00e9lior\u00e9es gr\u00e2ce \u00e0 des m\u00e9canismes de protection int\u00e9gr\u00e9s.<\/p>\t\t\t\t\t\t\t\t<\/div>\n\t\t\t\t<\/div>\n\t\t\t\t<\/div>\n\t\t\t\t\t<\/details>\n\t\t\t\t\t\t<details id=\"e-n-accordion-item-9002\" class=\"e-n-accordion-item\" >\n\t\t\t\t<summary class=\"e-n-accordion-item-title\" data-accordion-index=\"3\" tabindex=\"-1\" aria-expanded=\"false\" aria-controls=\"e-n-accordion-item-9002\" >\n\t\t\t\t\t<span class='e-n-accordion-item-title-header'><div class=\"e-n-accordion-item-title-text\"> La station compacte peut-elle \u00eatre adapt\u00e9e \u00e0 des besoins sp\u00e9cifiques ? <\/div><\/span>\n\t\t\t\t\t\t\t<span class='e-n-accordion-item-title-icon'>\n\t\t\t<span class='e-opened' ><i aria-hidden=\"true\" class=\"fas fa-minus\"><\/i><\/span>\n\t\t\t<span class='e-closed'><i aria-hidden=\"true\" class=\"fas fa-plus\"><\/i><\/span>\n\t\t<\/span>\n\n\t\t\t\t\t\t<\/summary>\n\t\t\t\t<div role=\"region\" aria-labelledby=\"e-n-accordion-item-9002\" class=\"elementor-element elementor-element-67c19a1 e-con-full e-flex e-con e-child\" data-id=\"67c19a1\" data-element_type=\"container\" data-e-type=\"container\">\n\t\t\t\t<div class=\"elementor-element elementor-element-f889d18 elementor-widget elementor-widget-text-editor\" data-id=\"f889d18\" data-element_type=\"widget\" data-e-type=\"widget\" data-widget_type=\"text-editor.default\">\n\t\t\t\t<div class=\"elementor-widget-container\">\n\t\t\t\t\t\t\t\t\t<p>Bien entendu, nos stations compactes peuvent \u00eatre adapt\u00e9es aux exigences sp\u00e9cifiques de chaque domaine d'application. Nous avons des solutions qui correspondent exactement aux exigences de votre r\u00e9seau et \u00e0 vos conditions d'utilisation.<\/p>\t\t\t\t\t\t\t\t<\/div>\n\t\t\t\t<\/div>\n\t\t\t\t<\/div>\n\t\t\t\t\t<\/details>\n\t\t\t\t\t\t<details id=\"e-n-accordion-item-9003\" class=\"e-n-accordion-item\" >\n\t\t\t\t<summary class=\"e-n-accordion-item-title\" data-accordion-index=\"4\" tabindex=\"-1\" aria-expanded=\"false\" aria-controls=\"e-n-accordion-item-9003\" >\n\t\t\t\t\t<span class='e-n-accordion-item-title-header'><div class=\"e-n-accordion-item-title-text\"> Comment la station compacte est-elle transport\u00e9e et install\u00e9e ? <\/div><\/span>\n\t\t\t\t\t\t\t<span class='e-n-accordion-item-title-icon'>\n\t\t\t<span class='e-opened' ><i aria-hidden=\"true\" class=\"fas fa-minus\"><\/i><\/span>\n\t\t\t<span class='e-closed'><i aria-hidden=\"true\" class=\"fas fa-plus\"><\/i><\/span>\n\t\t<\/span>\n\n\t\t\t\t\t\t<\/summary>\n\t\t\t\t<div role=\"region\" aria-labelledby=\"e-n-accordion-item-9003\" class=\"elementor-element elementor-element-b4eda85 e-con-full e-flex e-con e-child\" data-id=\"b4eda85\" data-element_type=\"container\" data-e-type=\"container\">\n\t\t\t\t<div class=\"elementor-element elementor-element-74aea07 elementor-widget elementor-widget-text-editor\" data-id=\"74aea07\" data-element_type=\"widget\" data-e-type=\"widget\" data-widget_type=\"text-editor.default\">\n\t\t\t\t<div class=\"elementor-widget-container\">\n\t\t\t\t\t\t\t\t\t<p>La station compacte est livr\u00e9e par transport lourd, que nous faisons bien s\u00fbr coordonner par notre \u00e9quipe logistique exp\u00e9riment\u00e9e. Sur place, nos sp\u00e9cialistes qualifi\u00e9s montent la station et la mettent en service. Nous nous assurons ainsi que tout se d\u00e9roule correctement et efficacement.<\/p>\t\t\t\t\t\t\t\t<\/div>\n\t\t\t\t<\/div>\n\t\t\t\t<\/div>\n\t\t\t\t\t<\/details>\n\t\t\t\t\t<\/div>\n\t\t\t\t\t\n\t\t\t\t\t\t\t<\/div>\n\t\t\t\t<\/div>\n\t\t\t\t<div class=\"elementor-element elementor-element-9616ccc elementor-align-center elementor-widget__width-auto elementor-widget elementor-widget-button\" data-id=\"9616ccc\" data-element_type=\"widget\" data-e-type=\"widget\" data-widget_type=\"button.default\">\n\t\t\t\t<div class=\"elementor-widget-container\">\n\t\t\t\t\t\t\t\t\t<div class=\"elementor-button-wrapper\">\n\t\t\t\t\t<a class=\"elementor-button elementor-button-link elementor-size-sm\" href=\"https:\/\/faber-etec.de\/fr\/station-compacte\/\" title=\"Station compacte - Transfo Station compacte en d\u00e9tail\">\n\t\t\t\t\t\t<span class=\"elementor-button-content-wrapper\">\n\t\t\t\t\t\t\t\t\t<span class=\"elementor-button-text\">Station compacte Trafo en d\u00e9tail<\/span>\n\t\t\t\t\t<\/span>\n\t\t\t\t\t<\/a>\n\t\t\t\t<\/div>\n\t\t\t\t\t\t\t\t<\/div>\n\t\t\t\t<\/div>\n\t\t\t\t<div class=\"elementor-element elementor-element-1c99743 elementor-align-center elementor-widget__width-auto elementor-widget elementor-widget-button\" data-id=\"1c99743\" data-element_type=\"widget\" data-e-type=\"widget\" data-widget_type=\"button.default\">\n\t\t\t\t<div class=\"elementor-widget-container\">\n\t\t\t\t\t\t\t\t\t<div class=\"elementor-button-wrapper\">\n\t\t\t\t\t<a class=\"elementor-button elementor-button-link elementor-size-sm\" href=\"https:\/\/faber-etec.de\/fr\/demander\/\" title=\"Demandes - Demander une offre individuelle\" target=\"_blank\">\n\t\t\t\t\t\t<span class=\"elementor-button-content-wrapper\">\n\t\t\t\t\t\t<span class=\"elementor-button-icon\">\n\t\t\t\t<i aria-hidden=\"true\" class=\"fas fa-angle-right\"><\/i>\t\t\t<\/span>\n\t\t\t\t\t\t\t\t\t<span class=\"elementor-button-text\"> Demander une offre personnalis\u00e9e<\/span>\n\t\t\t\t\t<\/span>\n\t\t\t\t\t<\/a>\n\t\t\t\t<\/div>\n\t\t\t\t\t\t\t\t<\/div>\n\t\t\t\t<\/div>\n\t\t\t\t<\/div>\n\t\t\t\t\t<\/div>\n\t\t\t\t<\/div>\n\t\t<div class=\"elementor-element elementor-element-fa0cde2 e-flex e-con-boxed elementor-invisible e-con e-parent\" data-id=\"fa0cde2\" data-element_type=\"container\" data-e-type=\"container\" data-settings=\"{&quot;animation&quot;:&quot;fadeInUp&quot;}\">\n\t\t\t\t\t<div class=\"e-con-inner\">\n\t\t<div class=\"elementor-element elementor-element-2b69783 e-con-full e-flex e-con e-child\" data-id=\"2b69783\" data-element_type=\"container\" data-e-type=\"container\">\n\t\t\t\t<div class=\"elementor-element elementor-element-142b878 elementor-widget elementor-widget-heading\" data-id=\"142b878\" data-element_type=\"widget\" data-e-type=\"widget\" data-widget_type=\"heading.default\">\n\t\t\t\t<div class=\"elementor-widget-container\">\n\t\t\t\t\t<h3 class=\"elementor-heading-title elementor-size-default\">Conteneur<\/h3>\t\t\t\t<\/div>\n\t\t\t\t<\/div>\n\t\t\t\t<div class=\"elementor-element elementor-element-e7dda1b elementor-widget elementor-widget-heading\" data-id=\"e7dda1b\" data-element_type=\"widget\" data-e-type=\"widget\" data-widget_type=\"heading.default\">\n\t\t\t\t<div class=\"elementor-widget-container\">\n\t\t\t\t\t<span class=\"elementor-heading-title elementor-size-default\">Parc solaire Poste de transformation en conteneur 7200 KW | FAQ<\/span>\t\t\t\t<\/div>\n\t\t\t\t<\/div>\n\t\t\t\t<div class=\"elementor-element elementor-element-7ef85d1 faqaccordion elementor-widget elementor-widget-n-accordion\" data-id=\"7ef85d1\" data-element_type=\"widget\" data-e-type=\"widget\" data-settings=\"{&quot;default_state&quot;:&quot;all_collapsed&quot;,&quot;max_items_expended&quot;:&quot;one&quot;,&quot;n_accordion_animation_duration&quot;:{&quot;unit&quot;:&quot;ms&quot;,&quot;size&quot;:400,&quot;sizes&quot;:[]}}\" data-widget_type=\"nested-accordion.default\">\n\t\t\t\t<div class=\"elementor-widget-container\">\n\t\t\t\t\t\t\t<div class=\"e-n-accordion\" aria-label=\"L&#039;accord\u00e9on. Ouvre les liens avec Enter ou Space, ferme avec Escape, et navigue avec Arrow Keys.\">\n\t\t\t\t\t\t<details id=\"e-n-accordion-item-1330\" class=\"e-n-accordion-item\" >\n\t\t\t\t<summary class=\"e-n-accordion-item-title\" data-accordion-index=\"1\" tabindex=\"0\" aria-expanded=\"false\" aria-controls=\"e-n-accordion-item-1330\" >\n\t\t\t\t\t<span class='e-n-accordion-item-title-header'><div class=\"e-n-accordion-item-title-text\"> Comment le conteneur est-il contr\u00f4l\u00e9 \u00e0 distance ? <\/div><\/span>\n\t\t\t\t\t\t\t<span class='e-n-accordion-item-title-icon'>\n\t\t\t<span class='e-opened' ><i aria-hidden=\"true\" class=\"fas fa-minus\"><\/i><\/span>\n\t\t\t<span class='e-closed'><i aria-hidden=\"true\" class=\"fas fa-plus\"><\/i><\/span>\n\t\t<\/span>\n\n\t\t\t\t\t\t<\/summary>\n\t\t\t\t<div role=\"region\" aria-labelledby=\"e-n-accordion-item-1330\" class=\"elementor-element elementor-element-34a5f15 e-con-full e-flex e-con e-child\" data-id=\"34a5f15\" data-element_type=\"container\" data-e-type=\"container\">\n\t\t\t\t<div class=\"elementor-element elementor-element-7fad2c6 elementor-widget elementor-widget-text-editor\" data-id=\"7fad2c6\" data-element_type=\"widget\" data-e-type=\"widget\" data-widget_type=\"text-editor.default\">\n\t\t\t\t<div class=\"elementor-widget-container\">\n\t\t\t\t\t\t\t\t\t<p>La commande \u00e0 distance du conteneur permet une utilisation simple et pratique. Tant la commutation moyenne tension que la commutation basse tension peuvent \u00eatre effectu\u00e9es \u00e0 distance, ce qui facilite consid\u00e9rablement la maintenance et l'utilisation de l'installation.<\/p>\t\t\t\t\t\t\t\t<\/div>\n\t\t\t\t<\/div>\n\t\t\t\t<\/div>\n\t\t\t\t\t<\/details>\n\t\t\t\t\t\t<details id=\"e-n-accordion-item-1331\" class=\"e-n-accordion-item\" >\n\t\t\t\t<summary class=\"e-n-accordion-item-title\" data-accordion-index=\"2\" tabindex=\"-1\" aria-expanded=\"false\" aria-controls=\"e-n-accordion-item-1331\" >\n\t\t\t\t\t<span class='e-n-accordion-item-title-header'><div class=\"e-n-accordion-item-title-text\"> Quels types de projets b\u00e9n\u00e9ficient le plus du conteneur 7200 KW ? <\/div><\/span>\n\t\t\t\t\t\t\t<span class='e-n-accordion-item-title-icon'>\n\t\t\t<span class='e-opened' ><i aria-hidden=\"true\" class=\"fas fa-minus\"><\/i><\/span>\n\t\t\t<span class='e-closed'><i aria-hidden=\"true\" class=\"fas fa-plus\"><\/i><\/span>\n\t\t<\/span>\n\n\t\t\t\t\t\t<\/summary>\n\t\t\t\t<div role=\"region\" aria-labelledby=\"e-n-accordion-item-1331\" class=\"elementor-element elementor-element-8cfd538 e-con-full e-flex e-con e-child\" data-id=\"8cfd538\" data-element_type=\"container\" data-e-type=\"container\">\n\t\t\t\t<div class=\"elementor-element elementor-element-0c3cb9f elementor-widget elementor-widget-text-editor\" data-id=\"0c3cb9f\" data-element_type=\"widget\" data-e-type=\"widget\" data-widget_type=\"text-editor.default\">\n\t\t\t\t<div class=\"elementor-widget-container\">\n\t\t\t\t\t\t\t\t\t<p>Le conteneur de 7.200 kW convainc par sa simplicit\u00e9 d'utilisation et ses fonctions compl\u00e8tes :<\/p><ul><li>\u00c9valuation num\u00e9rique de toutes les donn\u00e9es pertinentes<\/li><li>Commande \u00e0 distance pour la moyenne et la basse tension<\/li><li>Remise en service rapide<\/li><li>Un concept de ventilation innovant<\/li><li>Capteurs int\u00e9gr\u00e9s pour une surveillance optimale<\/li><li>Zones techniques herm\u00e9tiquement s\u00e9par\u00e9es pour une s\u00e9curit\u00e9 maximale<\/li><\/ul><p>Ces caract\u00e9ristiques font de ce conteneur une solution id\u00e9ale pour les grands parcs solaires.<\/p>\t\t\t\t\t\t\t\t<\/div>\n\t\t\t\t<\/div>\n\t\t\t\t<\/div>\n\t\t\t\t\t<\/details>\n\t\t\t\t\t\t<details id=\"e-n-accordion-item-1332\" class=\"e-n-accordion-item\" >\n\t\t\t\t<summary class=\"e-n-accordion-item-title\" data-accordion-index=\"3\" tabindex=\"-1\" aria-expanded=\"false\" aria-controls=\"e-n-accordion-item-1332\" >\n\t\t\t\t\t<span class='e-n-accordion-item-title-header'><div class=\"e-n-accordion-item-title-text\"> Comment le syst\u00e8me de ventilation du conteneur contribue-t-il \u00e0 la durabilit\u00e9 des composants ? <\/div><\/span>\n\t\t\t\t\t\t\t<span class='e-n-accordion-item-title-icon'>\n\t\t\t<span class='e-opened' ><i aria-hidden=\"true\" class=\"fas fa-minus\"><\/i><\/span>\n\t\t\t<span class='e-closed'><i aria-hidden=\"true\" class=\"fas fa-plus\"><\/i><\/span>\n\t\t<\/span>\n\n\t\t\t\t\t\t<\/summary>\n\t\t\t\t<div role=\"region\" aria-labelledby=\"e-n-accordion-item-1332\" class=\"elementor-element elementor-element-11e0ad2 e-con-full e-flex e-con e-child\" data-id=\"11e0ad2\" data-element_type=\"container\" data-e-type=\"container\">\n\t\t\t\t<div class=\"elementor-element elementor-element-59e5ba8 elementor-widget elementor-widget-text-editor\" data-id=\"59e5ba8\" data-element_type=\"widget\" data-e-type=\"widget\" data-widget_type=\"text-editor.default\">\n\t\t\t\t<div class=\"elementor-widget-container\">\n\t\t\t\t\t\t\t\t\t<p>Le concept de ventilation innovant assure un refroidissement efficace et minimise le d\u00e9gagement de chaleur dans le conteneur. Le flux d'air cibl\u00e9 permet d'\u00e9vacuer la chaleur et l'humidit\u00e9 exc\u00e9dentaires, ce qui maintient la temp\u00e9rature de fonctionnement des composants \u00e9lectriques et m\u00e9caniques \u00e0 un niveau stable.<\/p><p>Les avantages en bref :<\/p><ul><li>Pr\u00e9vention de la surchauffe<\/li><li>R\u00e9duction du stress thermique sur les composants<\/li><li>Minimisation du risque de d\u00e9faillance<\/li><li>Prolonger la dur\u00e9e de vie des composants<\/li><\/ul><p>Ce concept garantit un fonctionnement fiable du conteneur pendant de nombreuses ann\u00e9es et contribue de mani\u00e8re d\u00e9cisive \u00e0 la long\u00e9vit\u00e9 de l'installation.<\/p>\t\t\t\t\t\t\t\t<\/div>\n\t\t\t\t<\/div>\n\t\t\t\t<\/div>\n\t\t\t\t\t<\/details>\n\t\t\t\t\t\t<details id=\"e-n-accordion-item-1333\" class=\"e-n-accordion-item\" >\n\t\t\t\t<summary class=\"e-n-accordion-item-title\" data-accordion-index=\"4\" tabindex=\"-1\" aria-expanded=\"false\" aria-controls=\"e-n-accordion-item-1333\" >\n\t\t\t\t\t<span class='e-n-accordion-item-title-header'><div class=\"e-n-accordion-item-title-text\"> Quels sont les principaux avantages du conteneur 7200 KW ? <\/div><\/span>\n\t\t\t\t\t\t\t<span class='e-n-accordion-item-title-icon'>\n\t\t\t<span class='e-opened' ><i aria-hidden=\"true\" class=\"fas fa-minus\"><\/i><\/span>\n\t\t\t<span class='e-closed'><i aria-hidden=\"true\" class=\"fas fa-plus\"><\/i><\/span>\n\t\t<\/span>\n\n\t\t\t\t\t\t<\/summary>\n\t\t\t\t<div role=\"region\" aria-labelledby=\"e-n-accordion-item-1333\" class=\"elementor-element elementor-element-22ce8cd e-con-full e-flex e-con e-child\" data-id=\"22ce8cd\" data-element_type=\"container\" data-e-type=\"container\">\n\t\t\t\t<div class=\"elementor-element elementor-element-a6b935b elementor-widget elementor-widget-text-editor\" data-id=\"a6b935b\" data-element_type=\"widget\" data-e-type=\"widget\" data-widget_type=\"text-editor.default\">\n\t\t\t\t<div class=\"elementor-widget-container\">\n\t\t\t\t\t\t\t\t\t<p>Le conteneur 7.200 kW convainc par ses nombreuses caract\u00e9ristiques innovantes :<\/p><ul><li>Une manipulation simple pour un confort d'utilisation<\/li><li>\u00c9valuation num\u00e9rique compl\u00e8te de toutes les donn\u00e9es d'exploitation pertinentes<\/li><li>Remise en service rapide pour une efficacit\u00e9 maximale<\/li><li>Commande \u00e0 distance en moyenne et basse tension<\/li><li>Un concept de ventilation innovant pour un refroidissement optimal<\/li><li>Capteurs int\u00e9gr\u00e9s pour la surveillance des param\u00e8tres importants<\/li><li>S\u00e9paration herm\u00e9tique de toutes les zones techniques pour une s\u00e9curit\u00e9 maximale<\/li><\/ul><p>Ces caract\u00e9ristiques font du conteneur la solution id\u00e9ale pour les grands parcs solaires.<\/p>\t\t\t\t\t\t\t\t<\/div>\n\t\t\t\t<\/div>\n\t\t\t\t<\/div>\n\t\t\t\t\t<\/details>\n\t\t\t\t\t<\/div>\n\t\t\t\t\t\n\t\t\t\t\t\t\t<\/div>\n\t\t\t\t<\/div>\n\t\t\t\t<div class=\"elementor-element elementor-element-2b91d8c elementor-align-center elementor-widget__width-auto elementor-widget elementor-widget-button\" data-id=\"2b91d8c\" data-element_type=\"widget\" data-e-type=\"widget\" data-widget_type=\"button.default\">\n\t\t\t\t<div class=\"elementor-widget-container\">\n\t\t\t\t\t\t\t\t\t<div class=\"elementor-button-wrapper\">\n\t\t\t\t\t<a class=\"elementor-button elementor-button-link elementor-size-sm\" href=\"https:\/\/faber-etec.de\/fr\/station-de-conteneurs\/\" title=\"Station de conteneurs - Station de parc solaire en conteneur pour votre projet\">\n\t\t\t\t\t\t<span class=\"elementor-button-content-wrapper\">\n\t\t\t\t\t\t\t\t\t<span class=\"elementor-button-text\">Station de parc solaire en conteneur pour votre projet<\/span>\n\t\t\t\t\t<\/span>\n\t\t\t\t\t<\/a>\n\t\t\t\t<\/div>\n\t\t\t\t\t\t\t\t<\/div>\n\t\t\t\t<\/div>\n\t\t\t\t<div class=\"elementor-element elementor-element-f422ced elementor-align-center elementor-widget__width-auto elementor-widget elementor-widget-button\" data-id=\"f422ced\" data-element_type=\"widget\" data-e-type=\"widget\" data-widget_type=\"button.default\">\n\t\t\t\t<div class=\"elementor-widget-container\">\n\t\t\t\t\t\t\t\t\t<div class=\"elementor-button-wrapper\">\n\t\t\t\t\t<a class=\"elementor-button elementor-button-link elementor-size-sm\" href=\"https:\/\/faber-solartechnik.de\/epc\/\" title=\"Epc - Planification et r\u00e9alisation de votre parc solaire\" target=\"_blank\" rel=\"noopener\">\n\t\t\t\t\t\t<span class=\"elementor-button-content-wrapper\">\n\t\t\t\t\t\t<span class=\"elementor-button-icon\">\n\t\t\t\t<i aria-hidden=\"true\" class=\"fas fa-angle-right\"><\/i>\t\t\t<\/span>\n\t\t\t\t\t\t\t\t\t<span class=\"elementor-button-text\"> Planification et r\u00e9alisation de votre parc solaire<\/span>\n\t\t\t\t\t<\/span>\n\t\t\t\t\t<\/a>\n\t\t\t\t<\/div>\n\t\t\t\t\t\t\t\t<\/div>\n\t\t\t\t<\/div>\n\t\t\t\t<\/div>\n\t\t\t\t\t<\/div>\n\t\t\t\t<\/div>\n\t\t<div class=\"elementor-element elementor-element-9cfd4fc e-flex e-con-boxed elementor-invisible e-con e-parent\" data-id=\"9cfd4fc\" data-element_type=\"container\" data-e-type=\"container\" data-settings=\"{&quot;animation&quot;:&quot;fadeInUp&quot;}\">\n\t\t\t\t\t<div class=\"e-con-inner\">\n\t\t<div class=\"elementor-element elementor-element-151c98f e-con-full e-flex e-con e-child\" data-id=\"151c98f\" data-element_type=\"container\" data-e-type=\"container\">\n\t\t\t\t<div class=\"elementor-element elementor-element-a95d984 elementor-widget elementor-widget-heading\" data-id=\"a95d984\" data-element_type=\"widget\" data-e-type=\"widget\" data-widget_type=\"heading.default\">\n\t\t\t\t<div class=\"elementor-widget-container\">\n\t\t\t\t\t<h3 class=\"elementor-heading-title elementor-size-default\">E-mobilit\u00e9<\/h3>\t\t\t\t<\/div>\n\t\t\t\t<\/div>\n\t\t\t\t<div class=\"elementor-element elementor-element-fe4c408 elementor-widget elementor-widget-heading\" data-id=\"fe4c408\" data-element_type=\"widget\" data-e-type=\"widget\" data-widget_type=\"heading.default\">\n\t\t\t\t<div class=\"elementor-widget-container\">\n\t\t\t\t\t<span class=\"elementor-heading-title elementor-size-default\">Stations compactes pour infrastructure de bornes de recharge | FAQ <\/span>\t\t\t\t<\/div>\n\t\t\t\t<\/div>\n\t\t\t\t<div class=\"elementor-element elementor-element-6a37f85 faqaccordion elementor-widget elementor-widget-n-accordion\" data-id=\"6a37f85\" data-element_type=\"widget\" data-e-type=\"widget\" data-settings=\"{&quot;default_state&quot;:&quot;all_collapsed&quot;,&quot;max_items_expended&quot;:&quot;one&quot;,&quot;n_accordion_animation_duration&quot;:{&quot;unit&quot;:&quot;ms&quot;,&quot;size&quot;:400,&quot;sizes&quot;:[]}}\" data-widget_type=\"nested-accordion.default\">\n\t\t\t\t<div class=\"elementor-widget-container\">\n\t\t\t\t\t\t\t<div class=\"e-n-accordion\" aria-label=\"L&#039;accord\u00e9on. Ouvre les liens avec Enter ou Space, ferme avec Escape, et navigue avec Arrow Keys.\">\n\t\t\t\t\t\t<details id=\"e-n-accordion-item-1110\" class=\"e-n-accordion-item\" >\n\t\t\t\t<summary class=\"e-n-accordion-item-title\" data-accordion-index=\"1\" tabindex=\"0\" aria-expanded=\"false\" aria-controls=\"e-n-accordion-item-1110\" >\n\t\t\t\t\t<span class='e-n-accordion-item-title-header'><div class=\"e-n-accordion-item-title-text\"> Qu'est-ce qu'une station de transformation compacte pour l'e-mobilit\u00e9 et comment l'utiliser ? <\/div><\/span>\n\t\t\t\t\t\t\t<span class='e-n-accordion-item-title-icon'>\n\t\t\t<span class='e-opened' ><i aria-hidden=\"true\" class=\"fas fa-minus\"><\/i><\/span>\n\t\t\t<span class='e-closed'><i aria-hidden=\"true\" class=\"fas fa-plus\"><\/i><\/span>\n\t\t<\/span>\n\n\t\t\t\t\t\t<\/summary>\n\t\t\t\t<div role=\"region\" aria-labelledby=\"e-n-accordion-item-1110\" class=\"elementor-element elementor-element-dd507bc e-con-full e-flex e-con e-child\" data-id=\"dd507bc\" data-element_type=\"container\" data-e-type=\"container\">\n\t\t\t\t<div class=\"elementor-element elementor-element-0bd5177 elementor-widget elementor-widget-text-editor\" data-id=\"0bd5177\" data-element_type=\"widget\" data-e-type=\"widget\" data-widget_type=\"text-editor.default\">\n\t\t\t\t<div class=\"elementor-widget-container\">\n\t\t\t\t\t\t\t\t\t<p>Un poste de transformation compact pour l'e-mobilit\u00e9 est une installation \u00e9lectrique sp\u00e9cialement con\u00e7ue pour soutenir l'infrastructure des bornes de recharge des v\u00e9hicules \u00e9lectriques. Elle transforme la moyenne tension en basse tension et assure une alimentation \u00e9lectrique fiable des stations de recharge.<\/p>\t\t\t\t\t\t\t\t<\/div>\n\t\t\t\t<\/div>\n\t\t\t\t<\/div>\n\t\t\t\t\t<\/details>\n\t\t\t\t\t\t<details id=\"e-n-accordion-item-1111\" class=\"e-n-accordion-item\" >\n\t\t\t\t<summary class=\"e-n-accordion-item-title\" data-accordion-index=\"2\" tabindex=\"-1\" aria-expanded=\"false\" aria-controls=\"e-n-accordion-item-1111\" >\n\t\t\t\t\t<span class='e-n-accordion-item-title-header'><div class=\"e-n-accordion-item-title-text\"> Quels sont les avantages du poste de transformation compact dans le domaine de l'e-mobilit\u00e9 ? <\/div><\/span>\n\t\t\t\t\t\t\t<span class='e-n-accordion-item-title-icon'>\n\t\t\t<span class='e-opened' ><i aria-hidden=\"true\" class=\"fas fa-minus\"><\/i><\/span>\n\t\t\t<span class='e-closed'><i aria-hidden=\"true\" class=\"fas fa-plus\"><\/i><\/span>\n\t\t<\/span>\n\n\t\t\t\t\t\t<\/summary>\n\t\t\t\t<div role=\"region\" aria-labelledby=\"e-n-accordion-item-1111\" class=\"elementor-element elementor-element-3e3dafd e-con-full e-flex e-con e-child\" data-id=\"3e3dafd\" data-element_type=\"container\" data-e-type=\"container\">\n\t\t\t\t<div class=\"elementor-element elementor-element-3d97a41 elementor-widget elementor-widget-text-editor\" data-id=\"3d97a41\" data-element_type=\"widget\" data-e-type=\"widget\" data-widget_type=\"text-editor.default\">\n\t\t\t\t<div class=\"elementor-widget-container\">\n\t\t\t\t\t\t\t\t\t<p>Notre poste de transformation compact convainc par :<\/p><ul><li>Construction compacte pour des solutions peu encombrantes<\/li><li>Installation rapide pour une mise en service rapide<\/li><li>Grande efficacit\u00e9 et fiabilit\u00e9 maximale<\/li><li>M\u00e9canismes de protection int\u00e9gr\u00e9s pour un fonctionnement s\u00fbr<\/li><li>Une technologie sp\u00e9cialement adapt\u00e9e aux exigences de l'e-mobilit\u00e9<\/li><\/ul><p>Elle garantit ainsi une alimentation \u00e9lectrique stable et s\u00fbre pour les bornes de recharge.<\/p>\t\t\t\t\t\t\t\t<\/div>\n\t\t\t\t<\/div>\n\t\t\t\t<\/div>\n\t\t\t\t\t<\/details>\n\t\t\t\t\t\t<details id=\"e-n-accordion-item-1112\" class=\"e-n-accordion-item\" >\n\t\t\t\t<summary class=\"e-n-accordion-item-title\" data-accordion-index=\"3\" tabindex=\"-1\" aria-expanded=\"false\" aria-controls=\"e-n-accordion-item-1112\" >\n\t\t\t\t\t<span class='e-n-accordion-item-title-header'><div class=\"e-n-accordion-item-title-text\"> La station de transformation compacte peut-elle \u00eatre utilis\u00e9e de mani\u00e8re flexible pour diff\u00e9rentes infrastructures de recharge ? <\/div><\/span>\n\t\t\t\t\t\t\t<span class='e-n-accordion-item-title-icon'>\n\t\t\t<span class='e-opened' ><i aria-hidden=\"true\" class=\"fas fa-minus\"><\/i><\/span>\n\t\t\t<span class='e-closed'><i aria-hidden=\"true\" class=\"fas fa-plus\"><\/i><\/span>\n\t\t<\/span>\n\n\t\t\t\t\t\t<\/summary>\n\t\t\t\t<div role=\"region\" aria-labelledby=\"e-n-accordion-item-1112\" class=\"elementor-element elementor-element-0203160 e-con-full e-flex e-con e-child\" data-id=\"0203160\" data-element_type=\"container\" data-e-type=\"container\">\n\t\t\t\t<div class=\"elementor-element elementor-element-b19ba31 elementor-widget elementor-widget-text-editor\" data-id=\"b19ba31\" data-element_type=\"widget\" data-e-type=\"widget\" data-widget_type=\"text-editor.default\">\n\t\t\t\t<div class=\"elementor-widget-container\">\n\t\t\t\t\t\t\t\t\t<p>Oui, nos stations de transformation compactes peuvent \u00eatre adapt\u00e9es de mani\u00e8re flexible et r\u00e9pondent \u00e0 diff\u00e9rentes exigences de r\u00e9seau et conditions d'utilisation. Ils peuvent ainsi \u00eatre int\u00e9gr\u00e9s de mani\u00e8re optimale dans vos projets d'e-mobilit\u00e9.<\/p>\t\t\t\t\t\t\t\t<\/div>\n\t\t\t\t<\/div>\n\t\t\t\t<\/div>\n\t\t\t\t\t<\/details>\n\t\t\t\t\t\t<details id=\"e-n-accordion-item-1113\" class=\"e-n-accordion-item\" >\n\t\t\t\t<summary class=\"e-n-accordion-item-title\" data-accordion-index=\"4\" tabindex=\"-1\" aria-expanded=\"false\" aria-controls=\"e-n-accordion-item-1113\" >\n\t\t\t\t\t<span class='e-n-accordion-item-title-header'><div class=\"e-n-accordion-item-title-text\"> Comment la station de transformation compacte est-elle install\u00e9e et mise en service ? <\/div><\/span>\n\t\t\t\t\t\t\t<span class='e-n-accordion-item-title-icon'>\n\t\t\t<span class='e-opened' ><i aria-hidden=\"true\" class=\"fas fa-minus\"><\/i><\/span>\n\t\t\t<span class='e-closed'><i aria-hidden=\"true\" class=\"fas fa-plus\"><\/i><\/span>\n\t\t<\/span>\n\n\t\t\t\t\t\t<\/summary>\n\t\t\t\t<div role=\"region\" aria-labelledby=\"e-n-accordion-item-1113\" class=\"elementor-element elementor-element-788df59 e-con-full e-flex e-con e-child\" data-id=\"788df59\" data-element_type=\"container\" data-e-type=\"container\">\n\t\t\t\t<div class=\"elementor-element elementor-element-a8315cc elementor-widget elementor-widget-text-editor\" data-id=\"a8315cc\" data-element_type=\"widget\" data-e-type=\"widget\" data-widget_type=\"text-editor.default\">\n\t\t\t\t<div class=\"elementor-widget-container\">\n\t\t\t\t\t\t\t\t\t<p>Notre \u00e9quipe exp\u00e9riment\u00e9e se charge de l'installation et de la mise en service de la station de transformation compacte. Tous les composants sont alors soigneusement install\u00e9s et test\u00e9s afin que l'infrastructure des bornes de recharge fonctionne de mani\u00e8re s\u00fbre et fiable.<\/p>\t\t\t\t\t\t\t\t<\/div>\n\t\t\t\t<\/div>\n\t\t\t\t<\/div>\n\t\t\t\t\t<\/details>\n\t\t\t\t\t\t<details id=\"e-n-accordion-item-1114\" class=\"e-n-accordion-item\" >\n\t\t\t\t<summary class=\"e-n-accordion-item-title\" data-accordion-index=\"5\" tabindex=\"-1\" aria-expanded=\"false\" aria-controls=\"e-n-accordion-item-1114\" >\n\t\t\t\t\t<span class='e-n-accordion-item-title-header'><div class=\"e-n-accordion-item-title-text\"> Quels sont les travaux d'entretien n\u00e9cessaires pour le poste de transformation compact ? <\/div><\/span>\n\t\t\t\t\t\t\t<span class='e-n-accordion-item-title-icon'>\n\t\t\t<span class='e-opened' ><i aria-hidden=\"true\" class=\"fas fa-minus\"><\/i><\/span>\n\t\t\t<span class='e-closed'><i aria-hidden=\"true\" class=\"fas fa-plus\"><\/i><\/span>\n\t\t<\/span>\n\n\t\t\t\t\t\t<\/summary>\n\t\t\t\t<div role=\"region\" aria-labelledby=\"e-n-accordion-item-1114\" class=\"elementor-element elementor-element-5782150 e-con-full e-flex e-con e-child\" data-id=\"5782150\" data-element_type=\"container\" data-e-type=\"container\">\n\t\t\t\t<div class=\"elementor-element elementor-element-dff40e4 elementor-widget elementor-widget-text-editor\" data-id=\"dff40e4\" data-element_type=\"widget\" data-e-type=\"widget\" data-widget_type=\"text-editor.default\">\n\t\t\t\t<div class=\"elementor-widget-container\">\n\t\t\t\t\t\t\t\t\t<p>Le conteneur 7200 kW combine de nombreux avantages et est id\u00e9al pour les parcs solaires \u00e0 grande \u00e9chelle et les projets \u00e0 forte consommation d'\u00e9nergie.<\/p><p>Principaux avantages :<\/p><ul><li>Capacit\u00e9 de puissance \u00e9lev\u00e9e : avec 7200 kW, le conteneur offre suffisamment de puissance pour les grands parcs solaires et les projets qui n\u00e9cessitent une conversion maximale de l'\u00e9nergie.<\/li><li>Remise en service rapide : apr\u00e8s une maintenance ou une panne, le conteneur est rapidement \u00e0 nouveau op\u00e9rationnel, ce qui permet de gagner du temps et d'augmenter l'efficacit\u00e9.<\/li><li>Commande \u00e0 distance : la moyenne et la basse tension peuvent \u00eatre facilement commut\u00e9es \u00e0 distance, ce qui simplifie la maintenance et l'exploitation.<\/li><li>Concept de ventilation innovant : le syst\u00e8me de ventilation maintient les composants au frais, r\u00e9duit la chaleur et prolonge la dur\u00e9e de vie.<\/li><li>\u00c9valuation num\u00e9rique : toutes les donn\u00e9es de fonctionnement telles que le courant, la tension, les temp\u00e9ratures et l'humidit\u00e9 sont surveill\u00e9es et optimis\u00e9es num\u00e9riquement.<\/li><li>Capteurs int\u00e9gr\u00e9s : des capteurs mesurent la chaleur et l'humidit\u00e9 afin de garantir un fonctionnement s\u00fbr.<\/li><li>S\u00e9paration herm\u00e9tique : les domaines techniques sont isol\u00e9s les uns des autres, ce qui offre une protection contre les influences ext\u00e9rieures et maintient le fonctionnement sans perturbation.<\/li><\/ul><p>\u00a0<\/p><p>Conclusion : le conteneur de 7200 kW est une solution robuste et efficace pour les projets solaires et \u00e9nerg\u00e9tiques qui exigent les meilleures performances et la plus grande fiabilit\u00e9.<\/p>\t\t\t\t\t\t\t\t<\/div>\n\t\t\t\t<\/div>\n\t\t\t\t<\/div>\n\t\t\t\t\t<\/details>\n\t\t\t\t\t<\/div>\n\t\t\t\t\t\n\t\t\t\t\t\t\t<\/div>\n\t\t\t\t<\/div>\n\t\t\t\t<div class=\"elementor-element elementor-element-26b5e85 elementor-align-center elementor-widget__width-auto elementor-widget elementor-widget-button\" data-id=\"26b5e85\" data-element_type=\"widget\" data-e-type=\"widget\" data-widget_type=\"button.default\">\n\t\t\t\t<div class=\"elementor-widget-container\">\n\t\t\t\t\t\t\t\t\t<div class=\"elementor-button-wrapper\">\n\t\t\t\t\t<a class=\"elementor-button elementor-button-link elementor-size-sm\" href=\"https:\/\/faber-etec.de\/fr\/e-mobilite\/\" title=\"E Mobilitaet - En savoir plus sur l&#039;infrastructure de bornes de recharge Trafo\">\n\t\t\t\t\t\t<span class=\"elementor-button-content-wrapper\">\n\t\t\t\t\t\t\t\t\t<span class=\"elementor-button-text\">En savoir plus sur l'infrastructure de bornes de recharge Trafo<\/span>\n\t\t\t\t\t<\/span>\n\t\t\t\t\t<\/a>\n\t\t\t\t<\/div>\n\t\t\t\t\t\t\t\t<\/div>\n\t\t\t\t<\/div>\n\t\t\t\t<div class=\"elementor-element elementor-element-ff75857 elementor-align-center elementor-widget__width-auto elementor-widget elementor-widget-button\" data-id=\"ff75857\" data-element_type=\"widget\" data-e-type=\"widget\" data-widget_type=\"button.default\">\n\t\t\t\t<div class=\"elementor-widget-container\">\n\t\t\t\t\t\t\t\t\t<div class=\"elementor-button-wrapper\">\n\t\t\t\t\t<a class=\"elementor-button elementor-button-link elementor-size-sm\" href=\"https:\/\/faber-solartechnik.de\/epc\/#pvspielwiesen\" title=\"Epc - Abri de parking\" target=\"_blank\" rel=\"noopener\">\n\t\t\t\t\t\t<span class=\"elementor-button-content-wrapper\">\n\t\t\t\t\t\t<span class=\"elementor-button-icon\">\n\t\t\t\t<i aria-hidden=\"true\" class=\"fas fa-angle-right\"><\/i>\t\t\t<\/span>\n\t\t\t\t\t\t\t\t\t<span class=\"elementor-button-text\">Abri de parking<\/span>\n\t\t\t\t\t<\/span>\n\t\t\t\t\t<\/a>\n\t\t\t\t<\/div>\n\t\t\t\t\t\t\t\t<\/div>\n\t\t\t\t<\/div>\n\t\t\t\t<\/div>\n\t\t\t\t\t<\/div>\n\t\t\t\t<\/div>\n\t\t<div class=\"elementor-element elementor-element-a691f58 e-flex e-con-boxed elementor-invisible e-con e-parent\" data-id=\"a691f58\" data-element_type=\"container\" data-e-type=\"container\" data-settings=\"{&quot;animation&quot;:&quot;fadeInUp&quot;}\">\n\t\t\t\t\t<div class=\"e-con-inner\">\n\t\t<div class=\"elementor-element elementor-element-16d379d e-con-full e-flex e-con e-child\" data-id=\"16d379d\" data-element_type=\"container\" data-e-type=\"container\">\n\t\t\t\t<div class=\"elementor-element elementor-element-37d3ab0 elementor-widget elementor-widget-heading\" data-id=\"37d3ab0\" data-element_type=\"widget\" data-e-type=\"widget\" data-widget_type=\"heading.default\">\n\t\t\t\t<div class=\"elementor-widget-container\">\n\t\t\t\t\t<h3 class=\"elementor-heading-title elementor-size-default\">Syst\u00e8mes de commutation TGBT<\/h3>\t\t\t\t<\/div>\n\t\t\t\t<\/div>\n\t\t\t\t<div class=\"elementor-element elementor-element-006e764 elementor-widget elementor-widget-heading\" data-id=\"006e764\" data-element_type=\"widget\" data-e-type=\"widget\" data-widget_type=\"heading.default\">\n\t\t\t\t<div class=\"elementor-widget-container\">\n\t\t\t\t\t<span class=\"elementor-heading-title elementor-size-default\">Distribution principale basse tension | FAQ <\/span>\t\t\t\t<\/div>\n\t\t\t\t<\/div>\n\t\t\t\t<div class=\"elementor-element elementor-element-cb9382b faqaccordion elementor-widget elementor-widget-n-accordion\" data-id=\"cb9382b\" data-element_type=\"widget\" data-e-type=\"widget\" data-settings=\"{&quot;default_state&quot;:&quot;all_collapsed&quot;,&quot;max_items_expended&quot;:&quot;one&quot;,&quot;n_accordion_animation_duration&quot;:{&quot;unit&quot;:&quot;ms&quot;,&quot;size&quot;:400,&quot;sizes&quot;:[]}}\" data-widget_type=\"nested-accordion.default\">\n\t\t\t\t<div class=\"elementor-widget-container\">\n\t\t\t\t\t\t\t<div class=\"e-n-accordion\" aria-label=\"L&#039;accord\u00e9on. Ouvre les liens avec Enter ou Space, ferme avec Escape, et navigue avec Arrow Keys.\">\n\t\t\t\t\t\t<details id=\"e-n-accordion-item-2130\" class=\"e-n-accordion-item\" >\n\t\t\t\t<summary class=\"e-n-accordion-item-title\" data-accordion-index=\"1\" tabindex=\"0\" aria-expanded=\"false\" aria-controls=\"e-n-accordion-item-2130\" >\n\t\t\t\t\t<span class='e-n-accordion-item-title-header'><div class=\"e-n-accordion-item-title-text\"> Qu'entend-on par syst\u00e8mes de commutation NSHV et quelles sont leurs possibilit\u00e9s d'utilisation ? <\/div><\/span>\n\t\t\t\t\t\t\t<span class='e-n-accordion-item-title-icon'>\n\t\t\t<span class='e-opened' ><i aria-hidden=\"true\" class=\"fas fa-minus\"><\/i><\/span>\n\t\t\t<span class='e-closed'><i aria-hidden=\"true\" class=\"fas fa-plus\"><\/i><\/span>\n\t\t<\/span>\n\n\t\t\t\t\t\t<\/summary>\n\t\t\t\t<div role=\"region\" aria-labelledby=\"e-n-accordion-item-2130\" class=\"elementor-element elementor-element-9c525ce e-con-full e-flex e-con e-child\" data-id=\"9c525ce\" data-element_type=\"container\" data-e-type=\"container\">\n\t\t\t\t<div class=\"elementor-element elementor-element-b30d35c elementor-widget elementor-widget-text-editor\" data-id=\"b30d35c\" data-element_type=\"widget\" data-e-type=\"widget\" data-widget_type=\"text-editor.default\">\n\t\t\t\t<div class=\"elementor-widget-container\">\n\t\t\t\t\t\t\t\t\t<p>Les syst\u00e8mes de commutation BTB, ou distribution principale basse tension, sont des installations de commutation centrales utilis\u00e9es dans les r\u00e9seaux de distribution d'\u00e9nergie \u00e9lectrique. Ils servent \u00e0 distribuer de mani\u00e8re s\u00fbre et efficace l'\u00e9nergie \u00e9lectrique transform\u00e9e par un transformateur au niveau basse tension (g\u00e9n\u00e9ralement 400 V).<\/p><h3><strong>Principales fonctions des syst\u00e8mes de commutation NSHV :<\/strong><\/h3><ol><li><p><strong>Distribution d'\u00e9nergie :<\/strong><br \/>Les syst\u00e8mes de commutation BTB distribuent l'\u00e9nergie \u00e9lectrique \u00e0 partir d'un point central vers diff\u00e9rentes charges ou sous-distributions au sein d'un b\u00e2timent, d'une installation industrielle ou d'un r\u00e9seau de distribution d'\u00e9nergie.<\/p><\/li><li><p><strong>Protection :<\/strong><br \/>Ils offrent des m\u00e9canismes de protection, tels que des disjoncteurs et des fusibles, qui coupent les circuits concern\u00e9s en cas de surcharge ou de court-circuit, afin d'\u00e9viter d'endommager les installations et de garantir la s\u00e9curit\u00e9.<\/p><\/li><li><p><strong>Mesure et surveillance :<\/strong><br \/>Les syst\u00e8mes de commutation BTBH peuvent \u00eatre \u00e9quip\u00e9s de dispositifs de mesure et de surveillance permettant de contr\u00f4ler la consommation d'\u00e9nergie et d'autres param\u00e8tres \u00e9lectriques afin d'optimiser l'efficacit\u00e9 et de g\u00e9rer le fonctionnement.<\/p><\/li><li><p><strong>Fonctions de commutation et de commande :<\/strong><br \/>Ils permettent d'activer et de d\u00e9sactiver des circuits \u00e9lectriques en toute s\u00e9curit\u00e9 et de commuter entre diff\u00e9rentes sources d'\u00e9nergie, ce qui est particuli\u00e8rement important dans les installations industrielles complexes et pour l'int\u00e9gration des \u00e9nergies renouvelables.<\/p><\/li><\/ol><h3><strong>Domaines d'application :<\/strong><\/h3><ul><li><p><strong>Commerce et industrie :<\/strong><br \/>Les syst\u00e8mes de commutation BTL sont souvent utilis\u00e9s dans les grandes installations industrielles et les b\u00e2timents commerciaux pour contr\u00f4ler et prot\u00e9ger la distribution d'\u00e9nergie \u00e9lectrique.<\/p><\/li><li><p><strong>les entreprises de distribution d'\u00e9nergie :<\/strong><br \/>Ils jouent un r\u00f4le important dans la distribution d'\u00e9nergie chez les fournisseurs d'\u00e9nergie, notamment pour l'alimentation des r\u00e9seaux moyenne tension qui se transforment en r\u00e9seaux basse tension.<\/p><\/li><li><p><strong>Installations photovolta\u00efques et solaires :<\/strong><br \/>Les syst\u00e8mes de commutation BTPS sont \u00e9galement utilis\u00e9s dans les installations photovolta\u00efques afin d'injecter et de distribuer en toute s\u00e9curit\u00e9 l'\u00e9nergie produite dans le r\u00e9seau.<\/p><\/li><li><p><strong>les centres de donn\u00e9es :<\/strong><br \/>Dans les centres de donn\u00e9es, les syst\u00e8mes de commutation NSHV assurent une alimentation \u00e9lectrique stable et fiable, indispensable au fonctionnement de l'infrastructure informatique.<\/p><\/li><\/ul><p>Ces syst\u00e8mes de commutation sont donc des composants indispensables dans les infrastructures \u00e9lectriques modernes, qui garantissent \u00e0 la fois la s\u00e9curit\u00e9 et l'efficacit\u00e9 de la distribution d'\u00e9nergie.<\/p>\t\t\t\t\t\t\t\t<\/div>\n\t\t\t\t<\/div>\n\t\t\t\t<\/div>\n\t\t\t\t\t<\/details>\n\t\t\t\t\t\t<details id=\"e-n-accordion-item-2131\" class=\"e-n-accordion-item\" >\n\t\t\t\t<summary class=\"e-n-accordion-item-title\" data-accordion-index=\"2\" tabindex=\"-1\" aria-expanded=\"false\" aria-controls=\"e-n-accordion-item-2131\" >\n\t\t\t\t\t<span class='e-n-accordion-item-title-header'><div class=\"e-n-accordion-item-title-text\"> Quels sont les avantages des syst\u00e8mes de commutation BTNS de Faber E-Tec GmbH ? <\/div><\/span>\n\t\t\t\t\t\t\t<span class='e-n-accordion-item-title-icon'>\n\t\t\t<span class='e-opened' ><i aria-hidden=\"true\" class=\"fas fa-minus\"><\/i><\/span>\n\t\t\t<span class='e-closed'><i aria-hidden=\"true\" class=\"fas fa-plus\"><\/i><\/span>\n\t\t<\/span>\n\n\t\t\t\t\t\t<\/summary>\n\t\t\t\t<div role=\"region\" aria-labelledby=\"e-n-accordion-item-2131\" class=\"elementor-element elementor-element-8aac534 e-con-full e-flex e-con e-child\" data-id=\"8aac534\" data-element_type=\"container\" data-e-type=\"container\">\n\t\t\t\t<div class=\"elementor-element elementor-element-e45181b elementor-widget elementor-widget-text-editor\" data-id=\"e45181b\" data-element_type=\"widget\" data-e-type=\"widget\" data-widget_type=\"text-editor.default\">\n\t\t\t\t<div class=\"elementor-widget-container\">\n\t\t\t\t\t\t\t\t\t<p>Les syst\u00e8mes de commutation BTB de Faber E-Tec GmbH offrent des solutions sur mesure, adapt\u00e9es individuellement aux exigences sp\u00e9cifiques de l'industrie, du commerce et des \u00e9nergies renouvelables. Ils se caract\u00e9risent par une fiabilit\u00e9 et une s\u00e9curit\u00e9 \u00e9lev\u00e9es, gr\u00e2ce \u00e0 une construction robuste et des composants de haute qualit\u00e9 qui garantissent une protection et une s\u00e9curit\u00e9 de fonctionnement maximales. De plus, ils optimisent la distribution et la surveillance de l'\u00e9nergie, ce qui maximise l'efficacit\u00e9 et minimise les pertes d'\u00e9nergie. Leur conception bien pens\u00e9e permet une maintenance ais\u00e9e et un acc\u00e8s rapide, ce qui r\u00e9duit les temps d'arr\u00eat.<\/p>\t\t\t\t\t\t\t\t<\/div>\n\t\t\t\t<\/div>\n\t\t\t\t<\/div>\n\t\t\t\t\t<\/details>\n\t\t\t\t\t\t<details id=\"e-n-accordion-item-2132\" class=\"e-n-accordion-item\" >\n\t\t\t\t<summary class=\"e-n-accordion-item-title\" data-accordion-index=\"3\" tabindex=\"-1\" aria-expanded=\"false\" aria-controls=\"e-n-accordion-item-2132\" >\n\t\t\t\t\t<span class='e-n-accordion-item-title-header'><div class=\"e-n-accordion-item-title-text\"> Les syst\u00e8mes de commutation NSHV peuvent-ils \u00eatre adapt\u00e9s \u00e0 des exigences sp\u00e9cifiques ? <\/div><\/span>\n\t\t\t\t\t\t\t<span class='e-n-accordion-item-title-icon'>\n\t\t\t<span class='e-opened' ><i aria-hidden=\"true\" class=\"fas fa-minus\"><\/i><\/span>\n\t\t\t<span class='e-closed'><i aria-hidden=\"true\" class=\"fas fa-plus\"><\/i><\/span>\n\t\t<\/span>\n\n\t\t\t\t\t\t<\/summary>\n\t\t\t\t<div role=\"region\" aria-labelledby=\"e-n-accordion-item-2132\" class=\"elementor-element elementor-element-452b6e5 e-con-full e-flex e-con e-child\" data-id=\"452b6e5\" data-element_type=\"container\" data-e-type=\"container\">\n\t\t\t\t<div class=\"elementor-element elementor-element-fafdf2b elementor-widget elementor-widget-text-editor\" data-id=\"fafdf2b\" data-element_type=\"widget\" data-e-type=\"widget\" data-widget_type=\"text-editor.default\">\n\t\t\t\t<div class=\"elementor-widget-container\">\n\t\t\t\t\t\t\t\t\t<p>Oui, les syst\u00e8mes de commutation BTB de Faber E-Tec GmbH peuvent \u00eatre adapt\u00e9s de mani\u00e8re flexible aux exigences sp\u00e9cifiques. Ils offrent des solutions sur mesure, adapt\u00e9es individuellement aux besoins de diff\u00e9rents secteurs tels que l'industrie, le commerce et les \u00e9nergies renouvelables. Qu'il s'agisse d'exigences de protection sp\u00e9cifiques, de strat\u00e9gies de distribution d'\u00e9nergie particuli\u00e8res ou d'environnements d'installation sp\u00e9ciaux, ces syst\u00e8mes de commutation peuvent \u00eatre configur\u00e9s de mani\u00e8re \u00e0 r\u00e9pondre aux exigences uniques de chaque projet.<\/p>\t\t\t\t\t\t\t\t<\/div>\n\t\t\t\t<\/div>\n\t\t\t\t<\/div>\n\t\t\t\t\t<\/details>\n\t\t\t\t\t\t<details id=\"e-n-accordion-item-2133\" class=\"e-n-accordion-item\" >\n\t\t\t\t<summary class=\"e-n-accordion-item-title\" data-accordion-index=\"4\" tabindex=\"-1\" aria-expanded=\"false\" aria-controls=\"e-n-accordion-item-2133\" >\n\t\t\t\t\t<span class='e-n-accordion-item-title-header'><div class=\"e-n-accordion-item-title-text\"> Comment sont install\u00e9s et mis en service les syst\u00e8mes de commutation NSHV ? <\/div><\/span>\n\t\t\t\t\t\t\t<span class='e-n-accordion-item-title-icon'>\n\t\t\t<span class='e-opened' ><i aria-hidden=\"true\" class=\"fas fa-minus\"><\/i><\/span>\n\t\t\t<span class='e-closed'><i aria-hidden=\"true\" class=\"fas fa-plus\"><\/i><\/span>\n\t\t<\/span>\n\n\t\t\t\t\t\t<\/summary>\n\t\t\t\t<div role=\"region\" aria-labelledby=\"e-n-accordion-item-2133\" class=\"elementor-element elementor-element-aa38762 e-con-full e-flex e-con e-child\" data-id=\"aa38762\" data-element_type=\"container\" data-e-type=\"container\">\n\t\t\t\t<div class=\"elementor-element elementor-element-bdb6efd elementor-widget elementor-widget-text-editor\" data-id=\"bdb6efd\" data-element_type=\"widget\" data-e-type=\"widget\" data-widget_type=\"text-editor.default\">\n\t\t\t\t<div class=\"elementor-widget-container\">\n\t\t\t\t\t\t\t\t\t<p>L'installation et la mise en service des syst\u00e8mes de commutation BTBH sont effectu\u00e9es par une \u00e9quipe exp\u00e9riment\u00e9e de Faber E-Tec GmbH, qui planifie et ex\u00e9cute chaque \u00e9tape avec soin. Tout d'abord, les syst\u00e8mes sont install\u00e9s sur place dans les r\u00e8gles de l'art et raccord\u00e9s \u00e0 l'infrastructure existante. Ensuite, un contr\u00f4le complet de toutes les fonctions est effectu\u00e9 afin de s'assurer que les syst\u00e8mes de commutation fonctionnent de mani\u00e8re optimale. La mise en service comprend \u00e9galement un contr\u00f4le d\u00e9taill\u00e9 de la s\u00e9curit\u00e9 et des performances afin de garantir un fonctionnement sans faille d\u00e8s le premier jour.<\/p>\t\t\t\t\t\t\t\t<\/div>\n\t\t\t\t<\/div>\n\t\t\t\t<\/div>\n\t\t\t\t\t<\/details>\n\t\t\t\t\t<\/div>\n\t\t\t\t\t\n\t\t\t\t\t\t\t<\/div>\n\t\t\t\t<\/div>\n\t\t\t\t<div class=\"elementor-element elementor-element-c45dede elementor-align-center elementor-widget__width-auto elementor-widget elementor-widget-button\" data-id=\"c45dede\" data-element_type=\"widget\" data-e-type=\"widget\" data-widget_type=\"button.default\">\n\t\t\t\t<div class=\"elementor-widget-container\">\n\t\t\t\t\t\t\t\t\t<div class=\"elementor-button-wrapper\">\n\t\t\t\t\t<a class=\"elementor-button elementor-button-link elementor-size-sm\" href=\"https:\/\/faber-etec.de\/fr\/dpbt\/\" title=\"Nshv - Explorer la distribution principale basse tension\">\n\t\t\t\t\t\t<span class=\"elementor-button-content-wrapper\">\n\t\t\t\t\t\t\t\t\t<span class=\"elementor-button-text\">Explorer la distribution principale basse tension<\/span>\n\t\t\t\t\t<\/span>\n\t\t\t\t\t<\/a>\n\t\t\t\t<\/div>\n\t\t\t\t\t\t\t\t<\/div>\n\t\t\t\t<\/div>\n\t\t\t\t<div class=\"elementor-element elementor-element-2c3b878 elementor-align-center elementor-widget__width-auto elementor-widget elementor-widget-button\" data-id=\"2c3b878\" data-element_type=\"widget\" data-e-type=\"widget\" data-widget_type=\"button.default\">\n\t\t\t\t<div class=\"elementor-widget-container\">\n\t\t\t\t\t\t\t\t\t<div class=\"elementor-button-wrapper\">\n\t\t\t\t\t<a class=\"elementor-button elementor-button-link elementor-size-sm\" href=\"https:\/\/faber-etec.de\/fr\/produits\/\" title=\"Produits - Tous les produits\" target=\"_blank\">\n\t\t\t\t\t\t<span class=\"elementor-button-content-wrapper\">\n\t\t\t\t\t\t<span class=\"elementor-button-icon\">\n\t\t\t\t<i aria-hidden=\"true\" class=\"fas fa-angle-right\"><\/i>\t\t\t<\/span>\n\t\t\t\t\t\t\t\t\t<span class=\"elementor-button-text\">Tous les produits<\/span>\n\t\t\t\t\t<\/span>\n\t\t\t\t\t<\/a>\n\t\t\t\t<\/div>\n\t\t\t\t\t\t\t\t<\/div>\n\t\t\t\t<\/div>\n\t\t\t\t<\/div>\n\t\t\t\t\t<\/div>\n\t\t\t\t<\/div>\n\t\t<div class=\"elementor-element elementor-element-76ac55f e-flex e-con-boxed elementor-invisible e-con e-parent\" data-id=\"76ac55f\" data-element_type=\"container\" data-e-type=\"container\" data-settings=\"{&quot;animation&quot;:&quot;fadeInUp&quot;}\">\n\t\t\t\t\t<div class=\"e-con-inner\">\n\t\t<div class=\"elementor-element elementor-element-3fe1379 e-con-full e-flex e-con e-child\" data-id=\"3fe1379\" data-element_type=\"container\" data-e-type=\"container\">\n\t\t\t\t<div class=\"elementor-element elementor-element-80dfcd9 elementor-widget elementor-widget-heading\" data-id=\"80dfcd9\" data-element_type=\"widget\" data-e-type=\"widget\" data-widget_type=\"heading.default\">\n\t\t\t\t<div class=\"elementor-widget-container\">\n\t\t\t\t\t<h3 class=\"elementor-heading-title elementor-size-default\">RI-Protection<\/h3>\t\t\t\t<\/div>\n\t\t\t\t<\/div>\n\t\t\t\t<div class=\"elementor-element elementor-element-1e19694 elementor-widget elementor-widget-heading\" data-id=\"1e19694\" data-element_type=\"widget\" data-e-type=\"widget\" data-widget_type=\"heading.default\">\n\t\t\t\t<div class=\"elementor-widget-container\">\n\t\t\t\t\t<span class=\"elementor-heading-title elementor-size-default\">Tout sur la protection du r\u00e9seau et des installations | FAQ <\/span>\t\t\t\t<\/div>\n\t\t\t\t<\/div>\n\t\t\t\t<div class=\"elementor-element elementor-element-751129d faqaccordion elementor-widget elementor-widget-n-accordion\" data-id=\"751129d\" data-element_type=\"widget\" data-e-type=\"widget\" data-settings=\"{&quot;default_state&quot;:&quot;all_collapsed&quot;,&quot;max_items_expended&quot;:&quot;one&quot;,&quot;n_accordion_animation_duration&quot;:{&quot;unit&quot;:&quot;ms&quot;,&quot;size&quot;:400,&quot;sizes&quot;:[]}}\" data-widget_type=\"nested-accordion.default\">\n\t\t\t\t<div class=\"elementor-widget-container\">\n\t\t\t\t\t\t\t<div class=\"e-n-accordion\" aria-label=\"L&#039;accord\u00e9on. Ouvre les liens avec Enter ou Space, ferme avec Escape, et navigue avec Arrow Keys.\">\n\t\t\t\t\t\t<details id=\"e-n-accordion-item-1220\" class=\"e-n-accordion-item\" >\n\t\t\t\t<summary class=\"e-n-accordion-item-title\" data-accordion-index=\"1\" tabindex=\"0\" aria-expanded=\"false\" aria-controls=\"e-n-accordion-item-1220\" >\n\t\t\t\t\t<span class='e-n-accordion-item-title-header'><div class=\"e-n-accordion-item-title-text\"> Qu'entend-on par protection NA et comment est-elle utilis\u00e9e ? <\/div><\/span>\n\t\t\t\t\t\t\t<span class='e-n-accordion-item-title-icon'>\n\t\t\t<span class='e-opened' ><i aria-hidden=\"true\" class=\"fas fa-minus\"><\/i><\/span>\n\t\t\t<span class='e-closed'><i aria-hidden=\"true\" class=\"fas fa-plus\"><\/i><\/span>\n\t\t<\/span>\n\n\t\t\t\t\t\t<\/summary>\n\t\t\t\t<div role=\"region\" aria-labelledby=\"e-n-accordion-item-1220\" class=\"elementor-element elementor-element-08e84b7 e-con-full e-flex e-con e-child\" data-id=\"08e84b7\" data-element_type=\"container\" data-e-type=\"container\">\n\t\t\t\t<div class=\"elementor-element elementor-element-e87e9b2 elementor-widget elementor-widget-text-editor\" data-id=\"e87e9b2\" data-element_type=\"widget\" data-e-type=\"widget\" data-widget_type=\"text-editor.default\">\n\t\t\t\t<div class=\"elementor-widget-container\">\n\t\t\t\t\t\t\t\t\t<p>Une protection NA, \u00e9galement connue sous le nom de protection du r\u00e9seau et de l'installation, est un dispositif technique de s\u00e9curit\u00e9 utilis\u00e9 dans les installations de production d'\u00e9nergie \u00e9lectrique telles que les installations photovolta\u00efques ou les centrales de cog\u00e9n\u00e9ration. Il sert \u00e0 isoler l'installation du r\u00e9seau \u00e9lectrique public lorsque certaines conditions critiques apparaissent, afin de prot\u00e9ger \u00e0 la fois le r\u00e9seau et l'installation elle-m\u00eame.<\/p>\t\t\t\t\t\t\t\t<\/div>\n\t\t\t\t<\/div>\n\t\t\t\t<\/div>\n\t\t\t\t\t<\/details>\n\t\t\t\t\t\t<details id=\"e-n-accordion-item-1221\" class=\"e-n-accordion-item\" >\n\t\t\t\t<summary class=\"e-n-accordion-item-title\" data-accordion-index=\"2\" tabindex=\"-1\" aria-expanded=\"false\" aria-controls=\"e-n-accordion-item-1221\" >\n\t\t\t\t\t<span class='e-n-accordion-item-title-header'><div class=\"e-n-accordion-item-title-text\"> \u00c0 quelles normes la protection NA de Faber E-Tec GmbH r\u00e9pond-elle ? <\/div><\/span>\n\t\t\t\t\t\t\t<span class='e-n-accordion-item-title-icon'>\n\t\t\t<span class='e-opened' ><i aria-hidden=\"true\" class=\"fas fa-minus\"><\/i><\/span>\n\t\t\t<span class='e-closed'><i aria-hidden=\"true\" class=\"fas fa-plus\"><\/i><\/span>\n\t\t<\/span>\n\n\t\t\t\t\t\t<\/summary>\n\t\t\t\t<div role=\"region\" aria-labelledby=\"e-n-accordion-item-1221\" class=\"elementor-element elementor-element-23e1238 e-con-full e-flex e-con e-child\" data-id=\"23e1238\" data-element_type=\"container\" data-e-type=\"container\">\n\t\t\t\t<div class=\"elementor-element elementor-element-739ee77 elementor-widget elementor-widget-text-editor\" data-id=\"739ee77\" data-element_type=\"widget\" data-e-type=\"widget\" data-widget_type=\"text-editor.default\">\n\t\t\t\t<div class=\"elementor-widget-container\">\n\t\t\t\t\t\t\t\t\t<p>La protection NA de Faber E-Tec GmbH r\u00e9pond aux exigences de la norme VDE-AR-N 4105:2018-11, qui est obligatoire en Allemagne pour la protection du r\u00e9seau et des installations pour les installations de production d'\u00e9nergie telles que les installations photovolta\u00efques. Cette norme d\u00e9finit les exigences techniques minimales pour le raccordement et l'exploitation d'installations de production d'\u00e9nergie sur le r\u00e9seau basse tension et garantit que la protection NA fonctionne de mani\u00e8re fiable afin de prot\u00e9ger \u00e0 la fois le r\u00e9seau public et les installations raccord\u00e9es.<\/p>\t\t\t\t\t\t\t\t<\/div>\n\t\t\t\t<\/div>\n\t\t\t\t<\/div>\n\t\t\t\t\t<\/details>\n\t\t\t\t\t\t<details id=\"e-n-accordion-item-1222\" class=\"e-n-accordion-item\" >\n\t\t\t\t<summary class=\"e-n-accordion-item-title\" data-accordion-index=\"3\" tabindex=\"-1\" aria-expanded=\"false\" aria-controls=\"e-n-accordion-item-1222\" >\n\t\t\t\t\t<span class='e-n-accordion-item-title-header'><div class=\"e-n-accordion-item-title-text\"> Quels types d'installations peuvent \u00eatre \u00e9quip\u00e9s d'une protection NA ? <\/div><\/span>\n\t\t\t\t\t\t\t<span class='e-n-accordion-item-title-icon'>\n\t\t\t<span class='e-opened' ><i aria-hidden=\"true\" class=\"fas fa-minus\"><\/i><\/span>\n\t\t\t<span class='e-closed'><i aria-hidden=\"true\" class=\"fas fa-plus\"><\/i><\/span>\n\t\t<\/span>\n\n\t\t\t\t\t\t<\/summary>\n\t\t\t\t<div role=\"region\" aria-labelledby=\"e-n-accordion-item-1222\" class=\"elementor-element elementor-element-2bb13cf e-con-full e-flex e-con e-child\" data-id=\"2bb13cf\" data-element_type=\"container\" data-e-type=\"container\">\n\t\t\t\t<div class=\"elementor-element elementor-element-17525c9 elementor-widget elementor-widget-text-editor\" data-id=\"17525c9\" data-element_type=\"widget\" data-e-type=\"widget\" data-widget_type=\"text-editor.default\">\n\t\t\t\t<div class=\"elementor-widget-container\">\n\t\t\t\t\t\t\t\t\t<p>Le site <strong>RI-Protection<\/strong> convient \u00e0 un grand nombre d'installations de production d'\u00e9nergie, notamment celles qui fonctionnent sur le r\u00e9seau \u00e9lectrique public. Il s'agit notamment<\/p><ol><li><p>Installations photovolta\u00efques : la protection NA est essentielle pour le raccordement s\u00fbr des installations solaires au r\u00e9seau, afin d'\u00e9viter les surcharges et les perturbations du r\u00e9seau.<\/p><\/li><li><p>les centrales de cog\u00e9n\u00e9ration (CCG) : Dans ces installations, la protection NA assure une s\u00e9paration s\u00fbre du r\u00e9seau en cas de panne afin de garantir un fonctionnement stable.<\/p><\/li><li><p>\u00c9oliennes : la protection NA est \u00e9galement utilis\u00e9e dans les \u00e9oliennes afin d'\u00e9viter le fonctionnement en \u00eelotage et de prot\u00e9ger l'installation en cas de perturbations du r\u00e9seau ou de param\u00e8tres de r\u00e9seau non autoris\u00e9s.<\/p><\/li><li><p>Installations de biogaz : dans les installations de biogaz, la protection NA emp\u00eache, gr\u00e2ce \u00e0 la surveillance des param\u00e8tres du r\u00e9seau, que l'installation subisse des dommages ou que la stabilit\u00e9 du r\u00e9seau soit affect\u00e9e en cas de perturbation du r\u00e9seau.<\/p><\/li><li><p>Installations mixtes : les installations qui combinent plusieurs sources d'\u00e9nergie b\u00e9n\u00e9ficient de la protection NA en garantissant une d\u00e9connexion fiable en cas de probl\u00e8me sur le r\u00e9seau.<\/p><\/li><\/ol><p>La protection NA est donc un \u00e9l\u00e9ment indispensable pour la s\u00e9curit\u00e9 et la stabilit\u00e9 des installations de production d'\u00e9nergie raccord\u00e9es au r\u00e9seau public.<\/p>\t\t\t\t\t\t\t\t<\/div>\n\t\t\t\t<\/div>\n\t\t\t\t<\/div>\n\t\t\t\t\t<\/details>\n\t\t\t\t\t\t<details id=\"e-n-accordion-item-1223\" class=\"e-n-accordion-item\" >\n\t\t\t\t<summary class=\"e-n-accordion-item-title\" data-accordion-index=\"4\" tabindex=\"-1\" aria-expanded=\"false\" aria-controls=\"e-n-accordion-item-1223\" >\n\t\t\t\t\t<span class='e-n-accordion-item-title-header'><div class=\"e-n-accordion-item-title-text\"> Quels sont les avantages de l'utilisation d'une protection NA ? <\/div><\/span>\n\t\t\t\t\t\t\t<span class='e-n-accordion-item-title-icon'>\n\t\t\t<span class='e-opened' ><i aria-hidden=\"true\" class=\"fas fa-minus\"><\/i><\/span>\n\t\t\t<span class='e-closed'><i aria-hidden=\"true\" class=\"fas fa-plus\"><\/i><\/span>\n\t\t<\/span>\n\n\t\t\t\t\t\t<\/summary>\n\t\t\t\t<div role=\"region\" aria-labelledby=\"e-n-accordion-item-1223\" class=\"elementor-element elementor-element-c92e89e e-con-full e-flex e-con e-child\" data-id=\"c92e89e\" data-element_type=\"container\" data-e-type=\"container\">\n\t\t\t\t<div class=\"elementor-element elementor-element-2bc829e elementor-widget elementor-widget-text-editor\" data-id=\"2bc829e\" data-element_type=\"widget\" data-e-type=\"widget\" data-widget_type=\"text-editor.default\">\n\t\t\t\t<div class=\"elementor-widget-container\">\n\t\t\t\t\t\t\t\t\t<p>La protection NA offre des avantages d\u00e9cisifs pour l'exploitation s\u00fbre des installations de production d'\u00e9nergie. Elle surveille en permanence les param\u00e8tres du r\u00e9seau et d\u00e9connecte automatiquement l'installation du r\u00e9seau en cas d'\u00e9carts critiques, ce qui prot\u00e8ge \u00e0 la fois l'installation et le r\u00e9seau \u00e9lectrique de tout dommage. De plus, il emp\u00eache le fonctionnement en \u00eelotage non souhait\u00e9 en cas de panne de r\u00e9seau et r\u00e9pond ainsi aux exigences de la norme VDE-AR-N 4105:2018-11. Cette fiabilit\u00e9 et cette facilit\u00e9 d'int\u00e9gration font de la protection NA une solution rentable qui garantit la stabilit\u00e9 et la s\u00e9curit\u00e9 \u00e0 long terme de l'approvisionnement en \u00e9nergie.<\/p>\t\t\t\t\t\t\t\t<\/div>\n\t\t\t\t<\/div>\n\t\t\t\t<\/div>\n\t\t\t\t\t<\/details>\n\t\t\t\t\t\t<details id=\"e-n-accordion-item-1224\" class=\"e-n-accordion-item\" >\n\t\t\t\t<summary class=\"e-n-accordion-item-title\" data-accordion-index=\"5\" tabindex=\"-1\" aria-expanded=\"false\" aria-controls=\"e-n-accordion-item-1224\" >\n\t\t\t\t\t<span class='e-n-accordion-item-title-header'><div class=\"e-n-accordion-item-title-text\"> Comment demander un devis pour une protection NA ? <\/div><\/span>\n\t\t\t\t\t\t\t<span class='e-n-accordion-item-title-icon'>\n\t\t\t<span class='e-opened' ><i aria-hidden=\"true\" class=\"fas fa-minus\"><\/i><\/span>\n\t\t\t<span class='e-closed'><i aria-hidden=\"true\" class=\"fas fa-plus\"><\/i><\/span>\n\t\t<\/span>\n\n\t\t\t\t\t\t<\/summary>\n\t\t\t\t<div role=\"region\" aria-labelledby=\"e-n-accordion-item-1224\" class=\"elementor-element elementor-element-dfaf6e7 e-con-full e-flex e-con e-child\" data-id=\"dfaf6e7\" data-element_type=\"container\" data-e-type=\"container\">\n\t\t\t\t<div class=\"elementor-element elementor-element-201299a elementor-widget elementor-widget-text-editor\" data-id=\"201299a\" data-element_type=\"widget\" data-e-type=\"widget\" data-widget_type=\"text-editor.default\">\n\t\t\t\t<div class=\"elementor-widget-container\">\n\t\t\t\t\t\t\t\t\t<p>Pour obtenir une offre pour la protection NA de Faber E-Tec GmbH, il vous suffit de remplir notre formulaire de demande sur le site web ou de nous contacter directement. Indiquez alors vos exigences sp\u00e9cifiques et les d\u00e9tails de votre installation afin que nous puissions vous faire une offre sur mesure. Notre \u00e9quipe se tient \u00e9galement \u00e0 votre disposition pour un conseil personnalis\u00e9 afin de s'assurer que la protection NA est parfaitement adapt\u00e9e \u00e0 vos besoins.<\/p>\t\t\t\t\t\t\t\t<\/div>\n\t\t\t\t<\/div>\n\t\t\t\t<\/div>\n\t\t\t\t\t<\/details>\n\t\t\t\t\t<\/div>\n\t\t\t\t\t\n\t\t\t\t\t\t\t<\/div>\n\t\t\t\t<\/div>\n\t\t\t\t<div class=\"elementor-element elementor-element-0f2a25e elementor-align-center elementor-widget__width-auto elementor-widget elementor-widget-button\" data-id=\"0f2a25e\" data-element_type=\"widget\" data-e-type=\"widget\" data-widget_type=\"button.default\">\n\t\t\t\t<div class=\"elementor-widget-container\">\n\t\t\t\t\t\t\t\t\t<div class=\"elementor-button-wrapper\">\n\t\t\t\t\t<a class=\"elementor-button elementor-button-link elementor-size-sm\" href=\"https:\/\/faber-etec.de\/fr\/prs-protection\/\" title=\"Na Schutz - La protection du r\u00e9seau et des installations en d\u00e9tail\">\n\t\t\t\t\t\t<span class=\"elementor-button-content-wrapper\">\n\t\t\t\t\t\t\t\t\t<span class=\"elementor-button-text\">La protection du r\u00e9seau et des installations en d\u00e9tail<\/span>\n\t\t\t\t\t<\/span>\n\t\t\t\t\t<\/a>\n\t\t\t\t<\/div>\n\t\t\t\t\t\t\t\t<\/div>\n\t\t\t\t<\/div>\n\t\t\t\t<div class=\"elementor-element elementor-element-cb0ca6b elementor-align-center elementor-widget__width-auto elementor-widget elementor-widget-button\" data-id=\"cb0ca6b\" data-element_type=\"widget\" data-e-type=\"widget\" data-widget_type=\"button.default\">\n\t\t\t\t<div class=\"elementor-widget-container\">\n\t\t\t\t\t\t\t\t\t<div class=\"elementor-button-wrapper\">\n\t\t\t\t\t<a class=\"elementor-button elementor-button-link elementor-size-sm\" href=\"https:\/\/faber-solartechnik.de\/epc\/#netzanschluss\" title=\"Epc - Pas \u00e0 pas vers le raccordement au r\u00e9seau\" target=\"_blank\" rel=\"noopener\">\n\t\t\t\t\t\t<span class=\"elementor-button-content-wrapper\">\n\t\t\t\t\t\t<span class=\"elementor-button-icon\">\n\t\t\t\t<i aria-hidden=\"true\" class=\"fas fa-angle-right\"><\/i>\t\t\t<\/span>\n\t\t\t\t\t\t\t\t\t<span class=\"elementor-button-text\">Pas \u00e0 pas vers le raccordement au r\u00e9seau<\/span>\n\t\t\t\t\t<\/span>\n\t\t\t\t\t<\/a>\n\t\t\t\t<\/div>\n\t\t\t\t\t\t\t\t<\/div>\n\t\t\t\t<\/div>\n\t\t\t\t<\/div>\n\t\t\t\t\t<\/div>\n\t\t\t\t<\/div>\n\t\t<div class=\"elementor-element elementor-element-670514d e-flex e-con-boxed elementor-invisible e-con e-parent\" data-id=\"670514d\" data-element_type=\"container\" data-e-type=\"container\" data-settings=\"{&quot;animation&quot;:&quot;fadeInUp&quot;}\">\n\t\t\t\t\t<div class=\"e-con-inner\">\n\t\t<div class=\"elementor-element elementor-element-ce9183a e-con-full e-flex e-con e-child\" data-id=\"ce9183a\" data-element_type=\"container\" data-e-type=\"container\">\n\t\t\t\t<div class=\"elementor-element elementor-element-00c5035 elementor-widget elementor-widget-heading\" data-id=\"00c5035\" data-element_type=\"widget\" data-e-type=\"widget\" data-widget_type=\"heading.default\">\n\t\t\t\t<div class=\"elementor-widget-container\">\n\t\t\t\t\t<h3 class=\"elementor-heading-title elementor-size-default\">AC-Combiner<\/h3>\t\t\t\t<\/div>\n\t\t\t\t<\/div>\n\t\t\t\t<div class=\"elementor-element elementor-element-65a0dd5 elementor-widget elementor-widget-heading\" data-id=\"65a0dd5\" data-element_type=\"widget\" data-e-type=\"widget\" data-widget_type=\"heading.default\">\n\t\t\t\t<div class=\"elementor-widget-container\">\n\t\t\t\t\t<span class=\"elementor-heading-title elementor-size-default\">Armoires collectrices photovolta\u00efques AC | FAQ <\/span>\t\t\t\t<\/div>\n\t\t\t\t<\/div>\n\t\t\t\t<div class=\"elementor-element elementor-element-a2469c0 faqaccordion elementor-widget elementor-widget-n-accordion\" data-id=\"a2469c0\" data-element_type=\"widget\" data-e-type=\"widget\" data-settings=\"{&quot;default_state&quot;:&quot;all_collapsed&quot;,&quot;max_items_expended&quot;:&quot;one&quot;,&quot;n_accordion_animation_duration&quot;:{&quot;unit&quot;:&quot;ms&quot;,&quot;size&quot;:400,&quot;sizes&quot;:[]}}\" data-widget_type=\"nested-accordion.default\">\n\t\t\t\t<div class=\"elementor-widget-container\">\n\t\t\t\t\t\t\t<div class=\"e-n-accordion\" aria-label=\"L&#039;accord\u00e9on. Ouvre les liens avec Enter ou Space, ferme avec Escape, et navigue avec Arrow Keys.\">\n\t\t\t\t\t\t<details id=\"e-n-accordion-item-1700\" class=\"e-n-accordion-item\" >\n\t\t\t\t<summary class=\"e-n-accordion-item-title\" data-accordion-index=\"1\" tabindex=\"0\" aria-expanded=\"false\" aria-controls=\"e-n-accordion-item-1700\" >\n\t\t\t\t\t<span class='e-n-accordion-item-title-header'><div class=\"e-n-accordion-item-title-text\"> Que signifie le terme AC par rapport au photovolta\u00efque ? <\/div><\/span>\n\t\t\t\t\t\t\t<span class='e-n-accordion-item-title-icon'>\n\t\t\t<span class='e-opened' ><i aria-hidden=\"true\" class=\"fas fa-minus\"><\/i><\/span>\n\t\t\t<span class='e-closed'><i aria-hidden=\"true\" class=\"fas fa-plus\"><\/i><\/span>\n\t\t<\/span>\n\n\t\t\t\t\t\t<\/summary>\n\t\t\t\t<div role=\"region\" aria-labelledby=\"e-n-accordion-item-1700\" class=\"elementor-element elementor-element-20c3f42 e-con-full e-flex e-con e-child\" data-id=\"20c3f42\" data-element_type=\"container\" data-e-type=\"container\">\n\t\t\t\t<div class=\"elementor-element elementor-element-9f9e483 elementor-widget elementor-widget-text-editor\" data-id=\"9f9e483\" data-element_type=\"widget\" data-e-type=\"widget\" data-widget_type=\"text-editor.default\">\n\t\t\t\t<div class=\"elementor-widget-container\">\n\t\t\t\t\t\t\t\t\t<p>AC dans le photovolta\u00efque signifie \"courant alternatif\" (Alternating Current). Dans les installations photovolta\u00efques, le courant continu (DC) g\u00e9n\u00e9r\u00e9 par les modules solaires est converti par un onduleur en courant alternatif, qui est ensuite utilis\u00e9 dans les m\u00e9nages, les entreprises ou pour alimenter le r\u00e9seau \u00e9lectrique public. Le courant alternatif est la forme d'\u00e9lectricit\u00e9 utilis\u00e9e dans la plupart des r\u00e9seaux et appareils \u00e9lectriques, car il peut \u00eatre transport\u00e9 efficacement sur de longues distances et est n\u00e9cessaire \u00e0 la plupart des appareils \u00e9lectriques.<\/p>\t\t\t\t\t\t\t\t<\/div>\n\t\t\t\t<\/div>\n\t\t\t\t<\/div>\n\t\t\t\t\t<\/details>\n\t\t\t\t\t\t<details id=\"e-n-accordion-item-1701\" class=\"e-n-accordion-item\" >\n\t\t\t\t<summary class=\"e-n-accordion-item-title\" data-accordion-index=\"2\" tabindex=\"-1\" aria-expanded=\"false\" aria-controls=\"e-n-accordion-item-1701\" >\n\t\t\t\t\t<span class='e-n-accordion-item-title-header'><div class=\"e-n-accordion-item-title-text\"> Une installation photovolta\u00efque coupl\u00e9e en CA peut-elle \u00e9galement prendre en charge un stockage sur batterie ? <\/div><\/span>\n\t\t\t\t\t\t\t<span class='e-n-accordion-item-title-icon'>\n\t\t\t<span class='e-opened' ><i aria-hidden=\"true\" class=\"fas fa-minus\"><\/i><\/span>\n\t\t\t<span class='e-closed'><i aria-hidden=\"true\" class=\"fas fa-plus\"><\/i><\/span>\n\t\t<\/span>\n\n\t\t\t\t\t\t<\/summary>\n\t\t\t\t<div role=\"region\" aria-labelledby=\"e-n-accordion-item-1701\" class=\"elementor-element elementor-element-a4001e3 e-con-full e-flex e-con e-child\" data-id=\"a4001e3\" data-element_type=\"container\" data-e-type=\"container\">\n\t\t\t\t<div class=\"elementor-element elementor-element-0753ae7 elementor-widget elementor-widget-text-editor\" data-id=\"0753ae7\" data-element_type=\"widget\" data-e-type=\"widget\" data-widget_type=\"text-editor.default\">\n\t\t\t\t<div class=\"elementor-widget-container\">\n\t\t\t\t\t\t\t\t\t<p>Il est possible de combiner une installation photovolta\u00efque coupl\u00e9e en CA avec un syst\u00e8me de stockage par batterie. Dans un tel syst\u00e8me, l'\u00e9lectricit\u00e9 solaire produite est d'abord convertie en courant alternatif et inject\u00e9e soit dans le r\u00e9seau domestique, soit dans le r\u00e9seau \u00e9lectrique public. L'accumulateur de la batterie est \u00e9galement charg\u00e9 via le r\u00e9seau AC, l'\u00e9lectricit\u00e9 exc\u00e9dentaire qui n'est pas directement consomm\u00e9e \u00e9tant achemin\u00e9e vers la batterie. Ce concept permet une int\u00e9gration flexible des accumulateurs \u00e0 batterie, m\u00eame dans les installations photovolta\u00efques existantes, et garantit un stockage efficace de l'\u00e9nergie solaire ainsi que son utilisation en cas de besoin, m\u00eame lorsque le soleil ne brille pas.<\/p>\t\t\t\t\t\t\t\t<\/div>\n\t\t\t\t<\/div>\n\t\t\t\t<\/div>\n\t\t\t\t\t<\/details>\n\t\t\t\t\t\t<details id=\"e-n-accordion-item-1702\" class=\"e-n-accordion-item\" >\n\t\t\t\t<summary class=\"e-n-accordion-item-title\" data-accordion-index=\"3\" tabindex=\"-1\" aria-expanded=\"false\" aria-controls=\"e-n-accordion-item-1702\" >\n\t\t\t\t\t<span class='e-n-accordion-item-title-header'><div class=\"e-n-accordion-item-title-text\"> Qu'entend-on par couplage AC ? <\/div><\/span>\n\t\t\t\t\t\t\t<span class='e-n-accordion-item-title-icon'>\n\t\t\t<span class='e-opened' ><i aria-hidden=\"true\" class=\"fas fa-minus\"><\/i><\/span>\n\t\t\t<span class='e-closed'><i aria-hidden=\"true\" class=\"fas fa-plus\"><\/i><\/span>\n\t\t<\/span>\n\n\t\t\t\t\t\t<\/summary>\n\t\t\t\t<div role=\"region\" aria-labelledby=\"e-n-accordion-item-1702\" class=\"elementor-element elementor-element-480535d e-con-full e-flex e-con e-child\" data-id=\"480535d\" data-element_type=\"container\" data-e-type=\"container\">\n\t\t\t\t<div class=\"elementor-element elementor-element-05612e9 elementor-widget elementor-widget-text-editor\" data-id=\"05612e9\" data-element_type=\"widget\" data-e-type=\"widget\" data-widget_type=\"text-editor.default\">\n\t\t\t\t<div class=\"elementor-widget-container\">\n\t\t\t\t\t\t\t\t\t<p>Le couplage AC signifie qu'un syst\u00e8me de stockage par batterie est int\u00e9gr\u00e9 dans un r\u00e9seau de courant alternatif (AC) existant, d\u00e9j\u00e0 aliment\u00e9 par une installation photovolta\u00efque ou une autre source d'\u00e9nergie. Dans ce syst\u00e8me, le courant continu (DC) g\u00e9n\u00e9r\u00e9 par l'installation solaire est d'abord converti en courant alternatif avant d'\u00eatre inject\u00e9 dans le r\u00e9seau \u00e9lectrique ou dirig\u00e9 vers l'accumulateur de la batterie. L'accumulateur de batterie fonctionne donc du c\u00f4t\u00e9 courant alternatif du syst\u00e8me, ce qui permet une mise \u00e0 niveau flexible et augmente la compatibilit\u00e9 avec les installations existantes.<\/p>\t\t\t\t\t\t\t\t<\/div>\n\t\t\t\t<\/div>\n\t\t\t\t<\/div>\n\t\t\t\t\t<\/details>\n\t\t\t\t\t\t<details id=\"e-n-accordion-item-1703\" class=\"e-n-accordion-item\" >\n\t\t\t\t<summary class=\"e-n-accordion-item-title\" data-accordion-index=\"4\" tabindex=\"-1\" aria-expanded=\"false\" aria-controls=\"e-n-accordion-item-1703\" >\n\t\t\t\t\t<span class='e-n-accordion-item-title-header'><div class=\"e-n-accordion-item-title-text\"> Comment fonctionne l'onduleur au sein d'une installation photovolta\u00efque ? <\/div><\/span>\n\t\t\t\t\t\t\t<span class='e-n-accordion-item-title-icon'>\n\t\t\t<span class='e-opened' ><i aria-hidden=\"true\" class=\"fas fa-minus\"><\/i><\/span>\n\t\t\t<span class='e-closed'><i aria-hidden=\"true\" class=\"fas fa-plus\"><\/i><\/span>\n\t\t<\/span>\n\n\t\t\t\t\t\t<\/summary>\n\t\t\t\t<div role=\"region\" aria-labelledby=\"e-n-accordion-item-1703\" class=\"elementor-element elementor-element-35b0e2f e-con-full e-flex e-con e-child\" data-id=\"35b0e2f\" data-element_type=\"container\" data-e-type=\"container\">\n\t\t\t\t<div class=\"elementor-element elementor-element-d6ea85c elementor-widget elementor-widget-text-editor\" data-id=\"d6ea85c\" data-element_type=\"widget\" data-e-type=\"widget\" data-widget_type=\"text-editor.default\">\n\t\t\t\t<div class=\"elementor-widget-container\">\n\t\t\t\t\t\t\t\t\t<p>L'onduleur est l'\u00e9l\u00e9ment central d'une installation photovolta\u00efque. Il transforme le courant continu (DC) g\u00e9n\u00e9r\u00e9 par les modules solaires en courant alternatif (AC). Ce dernier est n\u00e9cessaire pour faire fonctionner les appareils m\u00e9nagers ou pour alimenter le r\u00e9seau \u00e9lectrique public. Apr\u00e8s la conversion de l'\u00e9nergie solaire en \u00e9nergie \u00e9lectrique par les modules solaires, le courant continu g\u00e9n\u00e9r\u00e9 est transmis \u00e0 l'onduleur. Celui-ci transforme le courant continu en un courant alternatif sinuso\u00efdal dont la fr\u00e9quence et la tension correspondent aux valeurs du r\u00e9seau public. En outre, l'onduleur se charge de surveiller la puissance de l'installation photovolta\u00efque et de garantir un rendement \u00e9nerg\u00e9tique optimal.<\/p>\t\t\t\t\t\t\t\t<\/div>\n\t\t\t\t<\/div>\n\t\t\t\t<\/div>\n\t\t\t\t\t<\/details>\n\t\t\t\t\t<\/div>\n\t\t\t\t\t\n\t\t\t\t\t\t\t<\/div>\n\t\t\t\t<\/div>\n\t\t\t\t<div class=\"elementor-element elementor-element-a9fa69f elementor-align-center elementor-widget__width-auto elementor-widget elementor-widget-button\" data-id=\"a9fa69f\" data-element_type=\"widget\" data-e-type=\"widget\" data-widget_type=\"button.default\">\n\t\t\t\t<div class=\"elementor-widget-container\">\n\t\t\t\t\t\t\t\t\t<div class=\"elementor-button-wrapper\">\n\t\t\t\t\t<a class=\"elementor-button elementor-button-link elementor-size-sm\" href=\"https:\/\/faber-etec.de\/fr\/combineur-ac\/\" title=\"Ac Combiner - Explorer AC-Combiner\">\n\t\t\t\t\t\t<span class=\"elementor-button-content-wrapper\">\n\t\t\t\t\t\t\t\t\t<span class=\"elementor-button-text\">Explorer AC-Combiner<\/span>\n\t\t\t\t\t<\/span>\n\t\t\t\t\t<\/a>\n\t\t\t\t<\/div>\n\t\t\t\t\t\t\t\t<\/div>\n\t\t\t\t<\/div>\n\t\t\t\t<div class=\"elementor-element elementor-element-78e0e80 elementor-align-center elementor-widget__width-auto elementor-widget elementor-widget-button\" data-id=\"78e0e80\" data-element_type=\"widget\" data-e-type=\"widget\" data-widget_type=\"button.default\">\n\t\t\t\t<div class=\"elementor-widget-container\">\n\t\t\t\t\t\t\t\t\t<div class=\"elementor-button-wrapper\">\n\t\t\t\t\t<a class=\"elementor-button elementor-button-link elementor-size-sm\" href=\"https:\/\/faber-solartechnik.de\/epc\/#6schritte\" title=\"Epc - Votre installation photovolta\u00efque en 6 \u00e9tapes\" target=\"_blank\" rel=\"noopener\">\n\t\t\t\t\t\t<span class=\"elementor-button-content-wrapper\">\n\t\t\t\t\t\t<span class=\"elementor-button-icon\">\n\t\t\t\t<i aria-hidden=\"true\" class=\"fas fa-angle-right\"><\/i>\t\t\t<\/span>\n\t\t\t\t\t\t\t\t\t<span class=\"elementor-button-text\">Votre installation photovolta\u00efque en 6 \u00e9tapes<\/span>\n\t\t\t\t\t<\/span>\n\t\t\t\t\t<\/a>\n\t\t\t\t<\/div>\n\t\t\t\t\t\t\t\t<\/div>\n\t\t\t\t<\/div>\n\t\t\t\t<\/div>\n\t\t\t\t\t<\/div>\n\t\t\t\t<\/div>\n\t\t\t\t<\/div>","protected":false},"excerpt":{"rendered":"<p>H\u00e4ufig gestellte Fragen Hier finden Sie Antworten auf die h\u00e4ufigsten Fragen zu unseren Produkten, darunter Kompakt-Trafostationen, NSHV-Schaltsysteme, NA-Schutz, Solarparkstationen und unsere innovativen AC-Combiner.\u00a0 Egal, ob es um die Installation, Wartung, technische Spezifikationen oder individuelle Anpassungen geht \u2013 unser FAQ-Bereich bietet Ihnen umfassende Informationen und hilft Ihnen, die passenden L\u00f6sungen f\u00fcr Ihre Anforderungen zu finden. Solarparkstation [&hellip;]<\/p>\n","protected":false},"author":6,"featured_media":12649,"parent":0,"menu_order":0,"comment_status":"closed","ping_status":"closed","template":"","meta":{"_acf_changed":false,"footnotes":""},"class_list":["post-7777","page","type-page","status-publish","has-post-thumbnail","hentry"],"acf":[],"_links":{"self":[{"href":"https:\/\/faber-etec.de\/fr\/wp-json\/wp\/v2\/pages\/7777","targetHints":{"allow":["GET"]}}],"collection":[{"href":"https:\/\/faber-etec.de\/fr\/wp-json\/wp\/v2\/pages"}],"about":[{"href":"https:\/\/faber-etec.de\/fr\/wp-json\/wp\/v2\/types\/page"}],"author":[{"embeddable":true,"href":"https:\/\/faber-etec.de\/fr\/wp-json\/wp\/v2\/users\/6"}],"replies":[{"embeddable":true,"href":"https:\/\/faber-etec.de\/fr\/wp-json\/wp\/v2\/comments?post=7777"}],"version-history":[{"count":10,"href":"https:\/\/faber-etec.de\/fr\/wp-json\/wp\/v2\/pages\/7777\/revisions"}],"predecessor-version":[{"id":15267,"href":"https:\/\/faber-etec.de\/fr\/wp-json\/wp\/v2\/pages\/7777\/revisions\/15267"}],"wp:featuredmedia":[{"embeddable":true,"href":"https:\/\/faber-etec.de\/fr\/wp-json\/wp\/v2\/media\/12649"}],"wp:attachment":[{"href":"https:\/\/faber-etec.de\/fr\/wp-json\/wp\/v2\/media?parent=7777"}],"curies":[{"name":"wp","href":"https:\/\/api.w.org\/{rel}","templated":true}]}}