{"id":7886,"date":"2024-07-08T17:19:21","date_gmt":"2024-07-08T15:19:21","guid":{"rendered":"https:\/\/faber-etec.de\/?page_id=7886"},"modified":"2025-10-29T17:28:48","modified_gmt":"2025-10-29T16:28:48","slug":"blog-actualites","status":"publish","type":"page","link":"https:\/\/faber-etec.de\/fr\/blog\/","title":{"rendered":"Actualit\u00e9s et blog"},"content":{"rendered":"<div data-elementor-type=\"wp-page\" data-elementor-id=\"7886\" class=\"elementor elementor-7886\" data-elementor-post-type=\"page\">\n\t\t\t\t<div class=\"elementor-element elementor-element-3246e00 e-flex e-con-boxed e-con e-parent\" data-id=\"3246e00\" data-element_type=\"container\" data-e-type=\"container\" data-settings=\"{&quot;background_background&quot;:&quot;video&quot;,&quot;background_video_link&quot;:&quot;https:\\\/\\\/faber-etec.de\\\/wp-content\\\/uploads\\\/sites\\\/3\\\/2024\\\/08\\\/Solarstation-Trafo-BG.mp4&quot;}\">\n\t\t\t\t\t<div class=\"e-con-inner\">\n\t\t<div class=\"elementor-background-video-container elementor-hidden-mobile\">\n\t\t\t\t\t\t\t<video class=\"elementor-background-video-hosted\" role=\"presentation\" autoplay muted playsinline loop><\/video>\n\t\t\t\t\t<\/div><div class=\"elementor-element elementor-element-a5806a4 e-flex e-con-boxed e-con e-child\" data-id=\"a5806a4\" data-element_type=\"container\" data-e-type=\"container\">\n\t\t\t\t\t<div class=\"e-con-inner\">\n\t\t\t\t<div class=\"elementor-element elementor-element-23ff096 elementor-widget elementor-widget-heading\" data-id=\"23ff096\" data-element_type=\"widget\" data-e-type=\"widget\" data-widget_type=\"heading.default\">\n\t\t\t\t<div class=\"elementor-widget-container\">\n\t\t\t\t\t<h1 class=\"elementor-heading-title elementor-size-default\">Les blogs : Derni\u00e8res nouvelles et informations<\/h1>\t\t\t\t<\/div>\n\t\t\t\t<\/div>\n\t\t\t\t<div class=\"elementor-element elementor-element-2ce69d5 elementor-widget elementor-widget-heading\" data-id=\"2ce69d5\" data-element_type=\"widget\" data-e-type=\"widget\" data-widget_type=\"heading.default\">\n\t\t\t\t<div class=\"elementor-widget-container\">\n\t\t\t\t\t<h2 class=\"elementor-heading-title elementor-size-default\"> Actualit\u00e9s de votre fabricant de postes de transformation et de stations compactes<\/h2>\t\t\t\t<\/div>\n\t\t\t\t<\/div>\n\t\t\t\t\t<\/div>\n\t\t\t\t<\/div>\n\t\t\t\t\t<\/div>\n\t\t\t\t<\/div>\n\t\t<div class=\"elementor-element elementor-element-d3d0b80 e-flex e-con-boxed e-con e-parent\" data-id=\"d3d0b80\" data-element_type=\"container\" data-e-type=\"container\" data-settings=\"{&quot;background_background&quot;:&quot;classic&quot;}\">\n\t\t\t\t\t<div class=\"e-con-inner\">\n\t\t<div class=\"elementor-element elementor-element-e21e8c1 e-con-full e-flex e-con e-child\" data-id=\"e21e8c1\" data-element_type=\"container\" data-e-type=\"container\">\n\t\t\t\t<div class=\"elementor-element elementor-element-846bff1 elementor-nav-menu__align-center elementor-widget__width-auto elementor-nav-menu--dropdown-none elementor-widget-tablet_extra__width-initial elementor-widget-tablet__width-auto elementor-widget elementor-widget-nav-menu\" data-id=\"846bff1\" data-element_type=\"widget\" data-e-type=\"widget\" data-settings=\"{&quot;layout&quot;:&quot;horizontal&quot;,&quot;submenu_icon&quot;:{&quot;value&quot;:&quot;&lt;i class=\\&quot;fas fa-caret-down\\&quot; aria-hidden=\\&quot;true\\&quot;&gt;&lt;\\\/i&gt;&quot;,&quot;library&quot;:&quot;fa-solid&quot;}}\" data-widget_type=\"nav-menu.default\">\n\t\t\t\t<div class=\"elementor-widget-container\">\n\t\t\t\t\t\t\t\t<nav aria-label=\"Menu\" class=\"elementor-nav-menu--main elementor-nav-menu__container elementor-nav-menu--layout-horizontal e--pointer-underline e--animation-fade\">\n\t\t\t\t<ul id=\"menu-1-846bff1\" class=\"elementor-nav-menu\"><li class=\"menu-item menu-item-type-post_type menu-item-object-page menu-item-7928\"><a  href=\"https:\/\/faber-etec.de\/fr\/blog\/\" title=\"Blog - Tous\" class=\"elementor-item\">Tous les<\/a><\/li>\n<li class=\"menu-item menu-item-type-taxonomy menu-item-object-category menu-item-7903\"><a  href=\"https:\/\/faber-etec.de\/fr\/news\/\" title=\"Actualit\u00e9s - E-Tec News\" class=\"elementor-item\">Actualit\u00e9s E-Tec<\/a><\/li>\n<li class=\"menu-item menu-item-type-taxonomy menu-item-object-category menu-item-7908\"><a  href=\"https:\/\/faber-etec.de\/fr\/projekte\/\" title=\"Projets - Projets\" class=\"elementor-item\">Projets<\/a><\/li>\n<li class=\"menu-item menu-item-type-taxonomy menu-item-object-category menu-item-7983\"><a  href=\"https:\/\/faber-etec.de\/fr\/events\/\" title=\"\u00c9v\u00e9nements - \u00c9v\u00e9nements et salons\" class=\"elementor-item\">\u00c9v\u00e9nements et salons<\/a><\/li>\n<li class=\"menu-item menu-item-type-taxonomy menu-item-object-category menu-item-7907\"><a  href=\"https:\/\/faber-etec.de\/fr\/forschung-und-entwicklung\/\" title=\"Recherche Et D\u00e9veloppement - Recherche et D\u00e9veloppement\" class=\"elementor-item\">Recherche et d\u00e9veloppement<\/a><\/li>\n<\/ul>\t\t\t<\/nav>\n\t\t\t\t\t\t<nav class=\"elementor-nav-menu--dropdown elementor-nav-menu__container\" aria-hidden=\"true\">\n\t\t\t\t<ul id=\"menu-2-846bff1\" class=\"elementor-nav-menu\"><li class=\"menu-item menu-item-type-post_type menu-item-object-page menu-item-7928\"><a  href=\"https:\/\/faber-etec.de\/fr\/blog\/\" title=\"Blog - Tous\" class=\"elementor-item\" tabindex=\"-1\">Tous les<\/a><\/li>\n<li class=\"menu-item menu-item-type-taxonomy menu-item-object-category menu-item-7903\"><a  href=\"https:\/\/faber-etec.de\/fr\/news\/\" title=\"Actualit\u00e9s - E-Tec News\" class=\"elementor-item\" tabindex=\"-1\">Actualit\u00e9s E-Tec<\/a><\/li>\n<li class=\"menu-item menu-item-type-taxonomy menu-item-object-category menu-item-7908\"><a  href=\"https:\/\/faber-etec.de\/fr\/projekte\/\" title=\"Projets - Projets\" class=\"elementor-item\" tabindex=\"-1\">Projets<\/a><\/li>\n<li class=\"menu-item menu-item-type-taxonomy menu-item-object-category menu-item-7983\"><a  href=\"https:\/\/faber-etec.de\/fr\/events\/\" title=\"\u00c9v\u00e9nements - \u00c9v\u00e9nements et salons\" class=\"elementor-item\" tabindex=\"-1\">\u00c9v\u00e9nements et salons<\/a><\/li>\n<li class=\"menu-item menu-item-type-taxonomy menu-item-object-category menu-item-7907\"><a  href=\"https:\/\/faber-etec.de\/fr\/forschung-und-entwicklung\/\" title=\"Recherche Et D\u00e9veloppement - Recherche et D\u00e9veloppement\" class=\"elementor-item\" tabindex=\"-1\">Recherche et d\u00e9veloppement<\/a><\/li>\n<\/ul>\t\t\t<\/nav>\n\t\t\t\t\t\t<\/div>\n\t\t\t\t<\/div>\n\t\t\t\t<div class=\"elementor-element elementor-element-f44f1f2 elementor-widget-tablet_extra__width-initial elementor-widget-tablet__width-auto elementor-search-form--skin-classic elementor-search-form--button-type-icon elementor-search-form--icon-search elementor-widget elementor-widget-search-form\" data-id=\"f44f1f2\" data-element_type=\"widget\" data-e-type=\"widget\" data-settings=\"{&quot;skin&quot;:&quot;classic&quot;}\" data-widget_type=\"search-form.default\">\n\t\t\t\t<div class=\"elementor-widget-container\">\n\t\t\t\t\t\t\t<search role=\"search\">\n\t\t\t<form class=\"elementor-search-form\" action=\"https:\/\/faber-etec.de\/fr\/\" method=\"get\" data-trp-original-action=\"https:\/\/faber-etec.de\/fr\">\n\t\t\t\t\t\t\t\t\t\t\t\t<div class=\"elementor-search-form__container\">\n\t\t\t\t\t<label class=\"elementor-screen-only\" for=\"elementor-search-form-f44f1f2\">Rechercher <\/label>\n\n\t\t\t\t\t\n\t\t\t\t\t<input id=\"elementor-search-form-f44f1f2\" placeholder=\"Recherche\" class=\"elementor-search-form__input\" type=\"search\" name=\"s\" value=\"\">\n\t\t\t\t\t\n\t\t\t\t\t\t\t\t\t\t\t<button class=\"elementor-search-form__submit\" type=\"submit\" aria-label=\"Rechercher \">\n\t\t\t\t\t\t\t\t\t\t\t\t\t\t\t<i aria-hidden=\"true\" class=\"fas fa-search\"><\/i>\t\t\t\t\t\t\t\t\t\t\t\t\t<\/button>\n\t\t\t\t\t\n\t\t\t\t\t\t\t\t\t<\/div>\n\t\t\t<input type=\"hidden\" name=\"trp-form-language\" value=\"fr\"\/><\/form>\n\t\t<\/search>\n\t\t\t\t\t\t<\/div>\n\t\t\t\t<\/div>\n\t\t\t\t<\/div>\n\t\t<div class=\"elementor-element elementor-element-3af9d09 e-con-full e-flex e-con e-child\" data-id=\"3af9d09\" data-element_type=\"container\" data-e-type=\"container\">\n\t\t\t\t<div class=\"elementor-element elementor-element-b0e23ef elementor-grid-2 elementor-grid-tablet-2 elementor-grid-mobile-1 elementor-posts--thumbnail-top elementor-widget elementor-widget-posts\" data-id=\"b0e23ef\" data-element_type=\"widget\" data-e-type=\"widget\" data-settings=\"{&quot;classic_columns&quot;:&quot;2&quot;,&quot;classic_row_gap&quot;:{&quot;unit&quot;:&quot;px&quot;,&quot;size&quot;:30,&quot;sizes&quot;:[]},&quot;classic_columns_tablet&quot;:&quot;2&quot;,&quot;classic_columns_mobile&quot;:&quot;1&quot;,&quot;classic_row_gap_laptop&quot;:{&quot;unit&quot;:&quot;px&quot;,&quot;size&quot;:&quot;&quot;,&quot;sizes&quot;:[]},&quot;classic_row_gap_tablet_extra&quot;:{&quot;unit&quot;:&quot;px&quot;,&quot;size&quot;:&quot;&quot;,&quot;sizes&quot;:[]},&quot;classic_row_gap_tablet&quot;:{&quot;unit&quot;:&quot;px&quot;,&quot;size&quot;:&quot;&quot;,&quot;sizes&quot;:[]},&quot;classic_row_gap_mobile&quot;:{&quot;unit&quot;:&quot;px&quot;,&quot;size&quot;:&quot;&quot;,&quot;sizes&quot;:[]}}\" data-widget_type=\"posts.classic\">\n\t\t\t\t<div class=\"elementor-widget-container\">\n\t\t\t\t\t\t\t<div class=\"elementor-posts-container elementor-posts elementor-posts--skin-classic elementor-grid\" role=\"list\">\n\t\t\t\t<article class=\"elementor-post elementor-grid-item post-21488 post type-post status-publish format-standard has-post-thumbnail hentry category-news tag-bess tag-solarpark\" role=\"listitem\">\n\t\t\t\t<a class=\"elementor-post__thumbnail__link\"  href=\"https:\/\/faber-etec.de\/fr\/news\/bess-schluesselfertige-solarparks-vermarktung\/\" title=\"Bess parcs solaires cl\u00e9s en main Commercialisation - \" tabindex=\"-1\" target=\"&quot;_blank&quot;\">\n\t\t\t<div class=\"elementor-post__thumbnail\"><img fetchpriority=\"high\" decoding=\"async\" width=\"768\" height=\"501\" src=\"https:\/\/faber-etec.de\/wp-content\/uploads\/sites\/3\/2026\/01\/3340-kWh-2026-FA-04-768x501.avif\" class=\"attachment-medium_large size-medium_large wp-image-18681\" alt=\"Accumulateur de batterie cl\u00e9 en main (BESS) pour parc solaire avec technique de transformateur et moyenne tension, BESS parc solaire accumulateur de batterie installations PV accumulateur photovolta\u00efque accumulateur de batterie cl\u00e9 en main grand accumulateur parc solaire accumulateur d&#039;\u00e9nergie parc solaire\" title=\"Accumulateur de batterie pour parcs solaires - cl\u00e9 en main par Faber E Tec\" srcset=\"https:\/\/faber-etec.de\/wp-content\/uploads\/sites\/3\/2026\/01\/3340-kWh-2026-FA-04-768x501.avif 768w, https:\/\/faber-etec.de\/wp-content\/uploads\/sites\/3\/2026\/01\/3340-kWh-2026-FA-04-300x196.avif 300w, https:\/\/faber-etec.de\/wp-content\/uploads\/sites\/3\/2026\/01\/3340-kWh-2026-FA-04-1024x668.avif 1024w, https:\/\/faber-etec.de\/wp-content\/uploads\/sites\/3\/2026\/01\/3340-kWh-2026-FA-04-1536x1003.avif 1536w, https:\/\/faber-etec.de\/wp-content\/uploads\/sites\/3\/2026\/01\/3340-kWh-2026-FA-04-2048x1337.avif 2048w, https:\/\/faber-etec.de\/wp-content\/uploads\/sites\/3\/2026\/01\/3340-kWh-2026-FA-04-18x12.avif 18w\" sizes=\"(max-width: 768px) 100vw, 768px\" \/><\/div>\n\t\t<\/a>\n\t\t\t\t<div class=\"elementor-post__text\">\n\t\t\t\t<span class=\"elementor-post__title\">\n\t\t\t<a  href=\"https:\/\/faber-etec.de\/fr\/news\/bess-schluesselfertige-solarparks-vermarktung\/\" title=\"Bess Commercialisation de parcs solaires cl\u00e9s en main - Accumulateurs de batterie cl\u00e9s en main pour parcs solaires : solutions compl\u00e8tes BESS incluant infrastructure, pr\u00e9vision &amp; commercialisation\" target=\"&quot;_blank&quot;\">\n\t\t\t\tAccumulateurs de batterie cl\u00e9s en main pour parcs solaires : solutions compl\u00e8tes BESS incluant infrastructure, pr\u00e9vision &amp; commercialisation\t\t\t<\/a>\n\t\t<\/span>\n\t\t\t\t<div class=\"elementor-post__excerpt\">\n\t\t\t<p>Les heures de prix n\u00e9gatives, les r\u00e9gulations et les restrictions du r\u00e9seau font baisser les revenus de nombreux parcs solaires - les accumulateurs \u00e0 batterie cl\u00e9s en main (BESS) rendent les revenus \u00e0 nouveau contr\u00f4lables et cr\u00e9ent de nouveaux potentiels de commercialisation.<\/p>\t\t<\/div>\n\t\t\t\t<\/div>\n\t\t\t\t<\/article>\n\t\t\t\t<article class=\"elementor-post elementor-grid-item post-17841 post type-post status-publish format-standard has-post-thumbnail hentry category-forschung-und-entwicklung\" role=\"listitem\">\n\t\t\t\t<a class=\"elementor-post__thumbnail__link\"  href=\"https:\/\/faber-etec.de\/fr\/forschung-und-entwicklung\/notstromversorgung-batteriespeicher\/\" title=\"Alimentation de secours Stockage sur batterie - \" tabindex=\"-1\" target=\"&quot;_blank&quot;\">\n\t\t\t<div class=\"elementor-post__thumbnail\"><img decoding=\"async\" width=\"768\" height=\"768\" src=\"https:\/\/faber-etec.de\/wp-content\/uploads\/sites\/3\/2025\/11\/Notstromversorgung-avif-768x768.avif\" class=\"attachment-medium_large size-medium_large wp-image-16508\" alt=\"Syst\u00e8me de stockage sur batterie (BESS) comme alimentation de secours pour l&#039;industrie et le commerce, qui emp\u00eache un black-out en quelques millisecondes.\" title=\"BESS Alimentation de secours et UPS pour les professionnels\" srcset=\"https:\/\/faber-etec.de\/wp-content\/uploads\/sites\/3\/2025\/11\/Notstromversorgung-avif-768x768.avif 768w, https:\/\/faber-etec.de\/wp-content\/uploads\/sites\/3\/2025\/11\/Notstromversorgung-avif-300x300.avif 300w, https:\/\/faber-etec.de\/wp-content\/uploads\/sites\/3\/2025\/11\/Notstromversorgung-avif-150x150.avif 150w, https:\/\/faber-etec.de\/wp-content\/uploads\/sites\/3\/2025\/11\/Notstromversorgung-avif-12x12.avif 12w, https:\/\/faber-etec.de\/wp-content\/uploads\/sites\/3\/2025\/11\/Notstromversorgung-avif.avif 1024w\" sizes=\"(max-width: 768px) 100vw, 768px\" \/><\/div>\n\t\t<\/a>\n\t\t\t\t<div class=\"elementor-post__text\">\n\t\t\t\t<span class=\"elementor-post__title\">\n\t\t\t<a  href=\"https:\/\/faber-etec.de\/fr\/forschung-und-entwicklung\/notstromversorgung-batteriespeicher\/\" title=\"Alimentation de secours avec accumulateurs \u00e0 batterie - Alimentation de secours avec accumulateurs \u00e0 batterie - Solution de s\u00e9curit\u00e9 fiable pour le commerce et l&#039;industrie\" target=\"&quot;_blank&quot;\">\n\t\t\t\tAlimentation de secours avec accumulateurs \u00e0 batterie - Une solution de s\u00e9curit\u00e9 fiable pour le commerce et l'industrie\t\t\t<\/a>\n\t\t<\/span>\n\t\t\t\t<div class=\"elementor-post__excerpt\">\n\t\t\t<p>Alimentation de secours instantan\u00e9e en quelques millisecondes : Les syst\u00e8mes BESS s\u00e9curisent la production, les salles de serveurs et les processus critiques dans le commerce &amp; l'industrie.<\/p>\t\t<\/div>\n\t\t\t\t<\/div>\n\t\t\t\t<\/article>\n\t\t\t\t<article class=\"elementor-post elementor-grid-item post-17838 post type-post status-publish format-standard has-post-thumbnail hentry category-forschung-und-entwicklung\" role=\"listitem\">\n\t\t\t\t<a class=\"elementor-post__thumbnail__link\"  href=\"https:\/\/faber-etec.de\/fr\/forschung-und-entwicklung\/pv-solar-bess-zwischenspeicherung\/\" title=\"Pv Solar Bess Stockage interm\u00e9diaire - \" tabindex=\"-1\" target=\"&quot;_blank&quot;\">\n\t\t\t<div class=\"elementor-post__thumbnail\"><img decoding=\"async\" width=\"768\" height=\"530\" src=\"https:\/\/faber-etec.de\/wp-content\/uploads\/sites\/3\/2025\/12\/bess-container-pv-solarpark-industrie-768x530.avif\" class=\"attachment-medium_large size-medium_large wp-image-17755\" alt=\"Solution moderne de stockage d&#039;\u00e9nergie par batterie (BESS) de Faber E-Tec \u00e0 c\u00f4t\u00e9 d&#039;une station de recharge rapide, afin d&#039;absorber les pics de charge dans le secteur commercial.\" title=\"BESS pour chargeurs rapides - Commerce et industrie\" srcset=\"https:\/\/faber-etec.de\/wp-content\/uploads\/sites\/3\/2025\/12\/bess-container-pv-solarpark-industrie-768x530.avif 768w, https:\/\/faber-etec.de\/wp-content\/uploads\/sites\/3\/2025\/12\/bess-container-pv-solarpark-industrie-300x207.avif 300w, https:\/\/faber-etec.de\/wp-content\/uploads\/sites\/3\/2025\/12\/bess-container-pv-solarpark-industrie-1024x706.avif 1024w, https:\/\/faber-etec.de\/wp-content\/uploads\/sites\/3\/2025\/12\/bess-container-pv-solarpark-industrie-1536x1060.avif 1536w, https:\/\/faber-etec.de\/wp-content\/uploads\/sites\/3\/2025\/12\/bess-container-pv-solarpark-industrie-18x12.avif 18w, https:\/\/faber-etec.de\/wp-content\/uploads\/sites\/3\/2025\/12\/bess-container-pv-solarpark-industrie.avif 1590w\" sizes=\"(max-width: 768px) 100vw, 768px\" \/><\/div>\n\t\t<\/a>\n\t\t\t\t<div class=\"elementor-post__text\">\n\t\t\t\t<span class=\"elementor-post__title\">\n\t\t\t<a  href=\"https:\/\/faber-etec.de\/fr\/forschung-und-entwicklung\/pv-solar-bess-zwischenspeicherung\/\" title=\"Pv Solar Bess Stockage interm\u00e9diaire - Stockage interm\u00e9diaire PV : Utiliser efficacement l&#039;\u00e9lectricit\u00e9 solaire avec des batteries de stockage commerciales\" target=\"&quot;_blank&quot;\">\n\t\t\t\tStockage interm\u00e9diaire PV : utiliser efficacement l'\u00e9lectricit\u00e9 solaire avec un stockage sur batterie commercial\t\t\t<\/a>\n\t\t<\/span>\n\t\t\t\t<div class=\"elementor-post__excerpt\">\n\t\t\t<p>Utilisez efficacement votre \u00e9lectricit\u00e9 solaire : les accumulateurs \u00e0 batterie professionnels (BESS) augmentent la consommation propre jusqu'\u00e0 90% et r\u00e9duisent les co\u00fbts de r\u00e9seau. Informez-vous ici !<\/p>\t\t<\/div>\n\t\t\t\t<\/div>\n\t\t\t\t<\/article>\n\t\t\t\t<article class=\"elementor-post elementor-grid-item post-17836 post type-post status-publish format-standard has-post-thumbnail hentry category-forschung-und-entwicklung\" role=\"listitem\">\n\t\t\t\t<a class=\"elementor-post__thumbnail__link\"  href=\"https:\/\/faber-etec.de\/fr\/forschung-und-entwicklung\/batteriespeicher-schnellladestation-bess\/\" title=\"Accumulateur de batterie Station de recharge rapide Bess - \" tabindex=\"-1\" target=\"&quot;_blank&quot;\">\n\t\t\t<div class=\"elementor-post__thumbnail\"><img loading=\"lazy\" decoding=\"async\" width=\"768\" height=\"384\" src=\"https:\/\/faber-etec.de\/wp-content\/uploads\/sites\/3\/2024\/08\/Transformatoren-fuer-E-Mobilitaets-Infrastruktur-Ladesaeuleninfrastruktur-Trafo-fuer-E-Mobilitaet-Footer-BG-comp-768x384.webp\" class=\"attachment-medium_large size-medium_large wp-image-12077\" alt=\"Station d&#039;accueil pour v\u00e9hicules \u00e9lectriques avec station compacte Transformateurs pour une alimentation en \u00e9nergie fiable\" title=\"Transformateurs pour l&#039;infrastructure de bornes de recharge de l&#039;e-mobilit\u00e9\" srcset=\"https:\/\/faber-etec.de\/wp-content\/uploads\/sites\/3\/2024\/08\/Transformatoren-fuer-E-Mobilitaets-Infrastruktur-Ladesaeuleninfrastruktur-Trafo-fuer-E-Mobilitaet-Footer-BG-comp-768x384.webp 768w, https:\/\/faber-etec.de\/wp-content\/uploads\/sites\/3\/2024\/08\/Transformatoren-fuer-E-Mobilitaets-Infrastruktur-Ladesaeuleninfrastruktur-Trafo-fuer-E-Mobilitaet-Footer-BG-comp-300x150.webp 300w, https:\/\/faber-etec.de\/wp-content\/uploads\/sites\/3\/2024\/08\/Transformatoren-fuer-E-Mobilitaets-Infrastruktur-Ladesaeuleninfrastruktur-Trafo-fuer-E-Mobilitaet-Footer-BG-comp-18x9.webp 18w, https:\/\/faber-etec.de\/wp-content\/uploads\/sites\/3\/2024\/08\/elementor\/thumbs\/Transformatoren-fuer-E-Mobilitaets-Infrastruktur-Ladesaeuleninfrastruktur-Trafo-fuer-E-Mobilitaet-Footer-BG-comp-qsi71eytv3ogx8fx6twt822sdsyfh8cc4nhead7q24.webp 700w, https:\/\/faber-etec.de\/wp-content\/uploads\/sites\/3\/2024\/08\/Transformatoren-fuer-E-Mobilitaets-Infrastruktur-Ladesaeuleninfrastruktur-Trafo-fuer-E-Mobilitaet-Footer-BG-comp.webp 1000w\" sizes=\"(max-width: 768px) 100vw, 768px\" \/><\/div>\n\t\t<\/a>\n\t\t\t\t<div class=\"elementor-post__text\">\n\t\t\t\t<span class=\"elementor-post__title\">\n\t\t\t<a  href=\"https:\/\/faber-etec.de\/fr\/forschung-und-entwicklung\/batteriespeicher-schnellladestation-bess\/\" title=\"Accumulateur de batterie pour station de recharge rapide Bess - Accumulateur de batterie pour station de recharge rapide - Performance stable pour le commerce et l&#039;industrie\" target=\"&quot;_blank&quot;\">\n\t\t\t\tStockage sur batterie pour les stations de recharge rapide - Performance stable pour le commerce et l'industrie\t\t\t<\/a>\n\t\t<\/span>\n\t\t\t\t<div class=\"elementor-post__excerpt\">\n\t\t\t<p>\u00c9vitez une extension co\u00fbteuse du r\u00e9seau : les accumulateurs \u00e0 batterie (BESS) pour les bornes de recharge rapide garantissent une puissance de charge \u00e9lev\u00e9e &amp; r\u00e9duisent les pics de charge. D\u00e9couvrez les solutions d\u00e8s maintenant !<\/p>\t\t<\/div>\n\t\t\t\t<\/div>\n\t\t\t\t<\/article>\n\t\t\t\t<article class=\"elementor-post elementor-grid-item post-17383 post type-post status-publish format-standard has-post-thumbnail hentry category-forschung-und-entwicklung\" role=\"listitem\">\n\t\t\t\t<a class=\"elementor-post__thumbnail__link\"  href=\"https:\/\/faber-etec.de\/fr\/forschung-und-entwicklung\/bess-spitzenlastmanagement\/\" title=\"Bess Gestion de la charge de pointe - \" tabindex=\"-1\" target=\"&quot;_blank&quot;\">\n\t\t\t<div class=\"elementor-post__thumbnail\"><img loading=\"lazy\" decoding=\"async\" width=\"768\" height=\"432\" src=\"https:\/\/faber-etec.de\/wp-content\/uploads\/sites\/3\/2025\/11\/bess-spitzenlastmanagement-energieueberwachung-faber-etec-industrie-768x432.avif\" class=\"attachment-medium_large size-medium_large wp-image-17384\" alt=\"Des ing\u00e9nieurs surveillent les flux d&#039;\u00e9nergie sur plusieurs moniteurs - image symbolique de BESS, surveillance de l&#039;\u00e9nergie et gestion des pics de consommation dans l&#039;industrie :\" title=\"BESS et gestion des pics de consommation - Surveillance de l&#039;\u00e9nergie dans l&#039;industrie\" srcset=\"https:\/\/faber-etec.de\/wp-content\/uploads\/sites\/3\/2025\/11\/bess-spitzenlastmanagement-energieueberwachung-faber-etec-industrie-768x432.avif 768w, https:\/\/faber-etec.de\/wp-content\/uploads\/sites\/3\/2025\/11\/bess-spitzenlastmanagement-energieueberwachung-faber-etec-industrie-300x169.avif 300w, https:\/\/faber-etec.de\/wp-content\/uploads\/sites\/3\/2025\/11\/bess-spitzenlastmanagement-energieueberwachung-faber-etec-industrie-1024x576.avif 1024w, https:\/\/faber-etec.de\/wp-content\/uploads\/sites\/3\/2025\/11\/bess-spitzenlastmanagement-energieueberwachung-faber-etec-industrie-1536x864.avif 1536w, https:\/\/faber-etec.de\/wp-content\/uploads\/sites\/3\/2025\/11\/bess-spitzenlastmanagement-energieueberwachung-faber-etec-industrie-2048x1152.avif 2048w, https:\/\/faber-etec.de\/wp-content\/uploads\/sites\/3\/2025\/11\/bess-spitzenlastmanagement-energieueberwachung-faber-etec-industrie-18x10.avif 18w\" sizes=\"(max-width: 768px) 100vw, 768px\" \/><\/div>\n\t\t<\/a>\n\t\t\t\t<div class=\"elementor-post__text\">\n\t\t\t\t<span class=\"elementor-post__title\">\n\t\t\t<a  href=\"https:\/\/faber-etec.de\/fr\/forschung-und-entwicklung\/bess-spitzenlastmanagement\/\" title=\"Bess Gestion des pics de consommation - Gestion des pics de consommation : g\u00e9rer l&#039;\u00e9nergie intelligemment avec BESS\" target=\"&quot;_blank&quot;\">\n\t\t\t\tGestion des pics de consommation : g\u00e9rer l'\u00e9nergie de mani\u00e8re intelligente avec BESS\t\t\t<\/a>\n\t\t<\/span>\n\t\t\t\t<div class=\"elementor-post__excerpt\">\n\t\t\t<p>R\u00e9duisez efficacement vos frais de r\u00e9seau gr\u00e2ce \u00e0 la gestion des charges de pointe (peak shaving). D\u00e9couvrez comment les solutions BESS de Faber E-Tec r\u00e9duisent durablement vos co\u00fbts \u00e9nerg\u00e9tiques.<\/p>\t\t<\/div>\n\t\t\t\t<\/div>\n\t\t\t\t<\/article>\n\t\t\t\t<article class=\"elementor-post elementor-grid-item post-17365 post type-post status-publish format-standard has-post-thumbnail hentry category-forschung-und-entwicklung\" role=\"listitem\">\n\t\t\t\t<a class=\"elementor-post__thumbnail__link\"  href=\"https:\/\/faber-etec.de\/fr\/forschung-und-entwicklung\/co2-ausstoss-reduzieren-mit-bess\/\" title=\"R\u00e9duire les \u00e9missions de CO2 avec Bess - \" tabindex=\"-1\" target=\"&quot;_blank&quot;\">\n\t\t\t<div class=\"elementor-post__thumbnail\"><img loading=\"lazy\" decoding=\"async\" width=\"768\" height=\"430\" src=\"https:\/\/faber-etec.de\/wp-content\/uploads\/sites\/3\/2025\/11\/CO2-Ausstoss-reduzieren-768x430.avif\" class=\"attachment-medium_large size-medium_large wp-image-16568\" alt=\"Faber E-Tec BESS Syst\u00e8me de stockage sur batterie avec station de transformation compacte - stockage durable de l&#039;\u00e9nergie pour r\u00e9duire les \u00e9missions de CO\u2082 dans l&#039;industrie\" title=\"Les syst\u00e8mes BESS de Faber E-Tec pour la r\u00e9duction de CO\u2082 dans l&#039;industrie\" srcset=\"https:\/\/faber-etec.de\/wp-content\/uploads\/sites\/3\/2025\/11\/CO2-Ausstoss-reduzieren-768x430.avif 768w, https:\/\/faber-etec.de\/wp-content\/uploads\/sites\/3\/2025\/11\/CO2-Ausstoss-reduzieren-300x168.avif 300w, https:\/\/faber-etec.de\/wp-content\/uploads\/sites\/3\/2025\/11\/CO2-Ausstoss-reduzieren-1024x574.avif 1024w, https:\/\/faber-etec.de\/wp-content\/uploads\/sites\/3\/2025\/11\/CO2-Ausstoss-reduzieren-1536x861.avif 1536w, https:\/\/faber-etec.de\/wp-content\/uploads\/sites\/3\/2025\/11\/CO2-Ausstoss-reduzieren-2048x1148.avif 2048w, https:\/\/faber-etec.de\/wp-content\/uploads\/sites\/3\/2025\/11\/CO2-Ausstoss-reduzieren-18x10.avif 18w\" sizes=\"(max-width: 768px) 100vw, 768px\" \/><\/div>\n\t\t<\/a>\n\t\t\t\t<div class=\"elementor-post__text\">\n\t\t\t\t<span class=\"elementor-post__title\">\n\t\t\t<a  href=\"https:\/\/faber-etec.de\/fr\/forschung-und-entwicklung\/co2-ausstoss-reduzieren-mit-bess\/\" title=\"R\u00e9duire les \u00e9missions de Co2 avec Bess - R\u00e9duire les \u00e9missions de CO\u2082 avec des syst\u00e8mes intelligents de stockage sur batterie (BESS)\" target=\"&quot;_blank&quot;\">\n\t\t\t\tR\u00e9duire les \u00e9missions de CO\u2082 avec des syst\u00e8mes intelligents de stockage par batterie (BESS)\t\t\t<\/a>\n\t\t<\/span>\n\t\t\t\t<div class=\"elementor-post__excerpt\">\n\t\t\t<p>Les accumulateurs \u00e0 batterie BESS modernes de Faber E-Tec permettent une efficacit\u00e9 \u00e9nerg\u00e9tique durable, des \u00e9missions r\u00e9duites et une alimentation en \u00e9nergie stable et p\u00e9renne pour le commerce et l'industrie.<\/p>\t\t<\/div>\n\t\t\t\t<\/div>\n\t\t\t\t<\/article>\n\t\t\t\t<article class=\"elementor-post elementor-grid-item post-16033 post type-post status-publish format-standard has-post-thumbnail hentry category-news\" role=\"listitem\">\n\t\t\t\t<a class=\"elementor-post__thumbnail__link\"  href=\"https:\/\/faber-etec.de\/fr\/news\/trafostation-kaufen\/\" title=\"Acheter un poste de transformation - \" tabindex=\"-1\" target=\"&quot;_blank&quot;\">\n\t\t\t<div class=\"elementor-post__thumbnail\"><img loading=\"lazy\" decoding=\"async\" width=\"768\" height=\"515\" src=\"https:\/\/faber-etec.de\/wp-content\/uploads\/sites\/3\/2025\/10\/Trafostation-Kaufen-Kompaktstation-768x515.webp\" class=\"attachment-medium_large size-medium_large wp-image-16037\" alt=\"Poste de transformation compact de Faber E-Tec avec tableau de distribution ouvert et technique de transformation moderne.\" title=\"Acheter un poste de transformation - Postes de transformation compacts et postes compacts de Faber E-Tec\" srcset=\"https:\/\/faber-etec.de\/wp-content\/uploads\/sites\/3\/2025\/10\/Trafostation-Kaufen-Kompaktstation-768x515.webp 768w, https:\/\/faber-etec.de\/wp-content\/uploads\/sites\/3\/2025\/10\/Trafostation-Kaufen-Kompaktstation-300x201.webp 300w, https:\/\/faber-etec.de\/wp-content\/uploads\/sites\/3\/2025\/10\/Trafostation-Kaufen-Kompaktstation-18x12.webp 18w, https:\/\/faber-etec.de\/wp-content\/uploads\/sites\/3\/2025\/10\/Trafostation-Kaufen-Kompaktstation.webp 1000w\" sizes=\"(max-width: 768px) 100vw, 768px\" \/><\/div>\n\t\t<\/a>\n\t\t\t\t<div class=\"elementor-post__text\">\n\t\t\t\t<span class=\"elementor-post__title\">\n\t\t\t<a  href=\"https:\/\/faber-etec.de\/fr\/news\/trafostation-kaufen\/\" title=\"Acheter un poste de transformation - Acheter un poste de transformation\" target=\"&quot;_blank&quot;\">\n\t\t\t\tAcheter un poste de transformation\t\t\t<\/a>\n\t\t<\/span>\n\t\t\t\t<div class=\"elementor-post__excerpt\">\n\t\t\t<p>Acheter un poste de transformation directement aupr\u00e8s du fabricant Faber E-Tec. Postes de transformation compacts en b\u00e9ton pour l'industrie, le solaire &amp; l'e-mobilit\u00e9. Demandez une offre maintenant !<\/p>\t\t<\/div>\n\t\t\t\t<\/div>\n\t\t\t\t<\/article>\n\t\t\t\t<article class=\"elementor-post elementor-grid-item post-15995 post type-post status-publish format-standard has-post-thumbnail hentry category-news category-projekte tag-bess tag-energieversorgung tag-photovoltaik tag-solarpark\" role=\"listitem\">\n\t\t\t\t<a class=\"elementor-post__thumbnail__link\"  href=\"https:\/\/faber-etec.de\/fr\/news\/solarfeld-in-roedinghausen\/\" title=\"Champ solaire \u00e0 Roedinghausen - \" tabindex=\"-1\" target=\"&quot;_blank&quot;\">\n\t\t\t<div class=\"elementor-post__thumbnail\"><img loading=\"lazy\" decoding=\"async\" width=\"768\" height=\"494\" src=\"https:\/\/faber-etec.de\/wp-content\/uploads\/sites\/3\/2025\/10\/mini-trafo-kompaktstation-faber-e-tec-symbolfoto-768x494.webp\" class=\"attachment-medium_large size-medium_large wp-image-15996\" alt=\"Mod\u00e8le miniature d&#039;une station compacte de transformateur Faber E-Tec sur un module PV\" title=\"Mini-transformateur Faber E-Tec\" srcset=\"https:\/\/faber-etec.de\/wp-content\/uploads\/sites\/3\/2025\/10\/mini-trafo-kompaktstation-faber-e-tec-symbolfoto-768x494.webp 768w, https:\/\/faber-etec.de\/wp-content\/uploads\/sites\/3\/2025\/10\/mini-trafo-kompaktstation-faber-e-tec-symbolfoto-300x193.webp 300w, https:\/\/faber-etec.de\/wp-content\/uploads\/sites\/3\/2025\/10\/mini-trafo-kompaktstation-faber-e-tec-symbolfoto-1024x659.webp 1024w, https:\/\/faber-etec.de\/wp-content\/uploads\/sites\/3\/2025\/10\/mini-trafo-kompaktstation-faber-e-tec-symbolfoto-1536x988.webp 1536w, https:\/\/faber-etec.de\/wp-content\/uploads\/sites\/3\/2025\/10\/mini-trafo-kompaktstation-faber-e-tec-symbolfoto-18x12.webp 18w, https:\/\/faber-etec.de\/wp-content\/uploads\/sites\/3\/2025\/10\/mini-trafo-kompaktstation-faber-e-tec-symbolfoto.webp 2000w\" sizes=\"(max-width: 768px) 100vw, 768px\" \/><\/div>\n\t\t<\/a>\n\t\t\t\t<div class=\"elementor-post__text\">\n\t\t\t\t<span class=\"elementor-post__title\">\n\t\t\t<a  href=\"https:\/\/faber-etec.de\/fr\/news\/solarfeld-in-roedinghausen\/\" title=\"Champ solaire \u00e0 Roedinghausen - Nouveau champ solaire \u00e0 R\u00f6dinghausen-Bruchm\u00fchlen : Une \u00e9nergie durable \u00e0 notre porte\" target=\"&quot;_blank&quot;\">\n\t\t\t\tNouveau champ solaire \u00e0 R\u00f6dinghausen-Bruchm\u00fchlen : Une \u00e9nergie durable \u00e0 notre porte\t\t\t<\/a>\n\t\t<\/span>\n\t\t\t\t<div class=\"elementor-post__excerpt\">\n\t\t\t<p>Gr\u00e2ce \u00e0 la station compacte de transformation de haute qualit\u00e9 de Faber E-Tec, la ville est aliment\u00e9e en \u00e9nergie de mani\u00e8re fiable.<\/p>\t\t<\/div>\n\t\t\t\t<\/div>\n\t\t\t\t<\/article>\n\t\t\t\t<article class=\"elementor-post elementor-grid-item post-15913 post type-post status-publish format-standard has-post-thumbnail hentry category-forschung-und-entwicklung tag-bess tag-trafostation\" role=\"listitem\">\n\t\t\t\t<a class=\"elementor-post__thumbnail__link\"  href=\"https:\/\/faber-etec.de\/fr\/forschung-und-entwicklung\/transformator-bess-systeme\/\" title=\"Transformateur Bess Syst\u00e8mes - \" tabindex=\"-1\" target=\"&quot;_blank&quot;\">\n\t\t\t<div class=\"elementor-post__thumbnail\"><img loading=\"lazy\" decoding=\"async\" width=\"768\" height=\"480\" src=\"https:\/\/faber-etec.de\/wp-content\/uploads\/sites\/3\/2025\/07\/Transformator-fuer-BESS-Systeme-768x480.avif\" class=\"attachment-medium_large size-medium_large wp-image-15914\" alt=\"\u201eSyst\u00e8mes BESS&quot; avec stockage sur batterie pour le photovolta\u00efque et l&#039;\u00e9olien - Solution de Faber E-Tec\" title=\"Transformateur pour syst\u00e8mes BESS - solution modulaire conforme aux normes pour les accumulateurs \u00e0 batterie stationnaires\" srcset=\"https:\/\/faber-etec.de\/wp-content\/uploads\/sites\/3\/2025\/07\/Transformator-fuer-BESS-Systeme-768x480.avif 768w, https:\/\/faber-etec.de\/wp-content\/uploads\/sites\/3\/2025\/07\/Transformator-fuer-BESS-Systeme-300x187.avif 300w, https:\/\/faber-etec.de\/wp-content\/uploads\/sites\/3\/2025\/07\/Transformator-fuer-BESS-Systeme-1024x640.avif 1024w, https:\/\/faber-etec.de\/wp-content\/uploads\/sites\/3\/2025\/07\/Transformator-fuer-BESS-Systeme-1536x960.avif 1536w, https:\/\/faber-etec.de\/wp-content\/uploads\/sites\/3\/2025\/07\/Transformator-fuer-BESS-Systeme-2048x1280.avif 2048w, https:\/\/faber-etec.de\/wp-content\/uploads\/sites\/3\/2025\/07\/Transformator-fuer-BESS-Systeme-18x12.avif 18w\" sizes=\"(max-width: 768px) 100vw, 768px\" \/><\/div>\n\t\t<\/a>\n\t\t\t\t<div class=\"elementor-post__text\">\n\t\t\t\t<span class=\"elementor-post__title\">\n\t\t\t<a  href=\"https:\/\/faber-etec.de\/fr\/forschung-und-entwicklung\/transformator-bess-systeme\/\" title=\"Transformateur Bess Systems - Transformateurs pour syst\u00e8mes BESS\" target=\"&quot;_blank&quot;\">\n\t\t\t\tTransformateurs pour syst\u00e8mes BESS\t\t\t<\/a>\n\t\t<\/span>\n\t\t\t\t<div class=\"elementor-post__excerpt\">\n\t\t\t<p>Faber E-Tec propose des transformateurs puissants pour BESS avec syst\u00e8me IT\/TN, 250 kVA-20 MVA, 400V\/690V\/800V - id\u00e9al pour le stockage, le PV &amp; les services r\u00e9seau.<\/p>\t\t<\/div>\n\t\t\t\t<\/div>\n\t\t\t\t<\/article>\n\t\t\t\t<article class=\"elementor-post elementor-grid-item post-15830 post type-post status-publish format-standard has-post-thumbnail hentry category-news category-events tag-ennigerloh tag-lichtblick tag-oelde tag-solarblick\" role=\"listitem\">\n\t\t\t\t<a class=\"elementor-post__thumbnail__link\"  href=\"https:\/\/faber-etec.de\/fr\/news\/solarpark-oelde-ennigerloh-netzanschluss\/\" title=\"Parc solaire Oelde Ennigerloh Raccordement au r\u00e9seau - \" tabindex=\"-1\" target=\"&quot;_blank&quot;\">\n\t\t\t<div class=\"elementor-post__thumbnail\"><img loading=\"lazy\" decoding=\"async\" width=\"768\" height=\"537\" src=\"https:\/\/faber-etec.de\/wp-content\/uploads\/sites\/3\/2025\/06\/LichtBlick-Ennigerloh-DJI_20250513150831_0330_D-V2-768x537.avif\" class=\"attachment-medium_large size-medium_large wp-image-15831\" alt=\"Vue a\u00e9rienne d&#039;un parc solaire r\u00e9cemment construit entre Oelde et Ennigerloh, avec les postes de transformation de Faber E-Tec au premier plan.\" title=\"Parc solaire dans le M\u00fcnsterland - raccordement au r\u00e9seau par Faber E-Tec, r\u00e9alisation par Faber Solartechnik\" srcset=\"https:\/\/faber-etec.de\/wp-content\/uploads\/sites\/3\/2025\/06\/LichtBlick-Ennigerloh-DJI_20250513150831_0330_D-V2-768x537.avif 768w, https:\/\/faber-etec.de\/wp-content\/uploads\/sites\/3\/2025\/06\/LichtBlick-Ennigerloh-DJI_20250513150831_0330_D-V2-300x210.avif 300w, https:\/\/faber-etec.de\/wp-content\/uploads\/sites\/3\/2025\/06\/LichtBlick-Ennigerloh-DJI_20250513150831_0330_D-V2-1024x716.avif 1024w, https:\/\/faber-etec.de\/wp-content\/uploads\/sites\/3\/2025\/06\/LichtBlick-Ennigerloh-DJI_20250513150831_0330_D-V2-1536x1074.avif 1536w, https:\/\/faber-etec.de\/wp-content\/uploads\/sites\/3\/2025\/06\/LichtBlick-Ennigerloh-DJI_20250513150831_0330_D-V2-2048x1433.avif 2048w, https:\/\/faber-etec.de\/wp-content\/uploads\/sites\/3\/2025\/06\/LichtBlick-Ennigerloh-DJI_20250513150831_0330_D-V2-18x12.avif 18w\" sizes=\"(max-width: 768px) 100vw, 768px\" \/><\/div>\n\t\t<\/a>\n\t\t\t\t<div class=\"elementor-post__text\">\n\t\t\t\t<span class=\"elementor-post__title\">\n\t\t\t<a  href=\"https:\/\/faber-etec.de\/fr\/news\/solarpark-oelde-ennigerloh-netzanschluss\/\" title=\"Parc solaire d&#039;Oelde Ennigerloh raccord\u00e9 au r\u00e9seau - R\u00e9alisation r\u00e9ussie : parc solaire raccord\u00e9 au r\u00e9seau entre Oelde et Ennigerloh\" target=\"&quot;_blank&quot;\">\n\t\t\t\tUne r\u00e9alisation r\u00e9ussie : un parc solaire raccord\u00e9 au r\u00e9seau entre Oelde et Ennigerloh\t\t\t<\/a>\n\t\t<\/span>\n\t\t\t\t<div class=\"elementor-post__excerpt\">\n\t\t\t<p>Un nouveau parc solaire a \u00e9t\u00e9 raccord\u00e9 au r\u00e9seau entre Oelde et Ennigerloh - un exemple fort de coop\u00e9ration r\u00e9ussie au niveau communal, technique et de projet.\t\t<\/div>\n\t\t\t\t<\/div>\n\t\t\t\t<\/article>\n\t\t\t\t<article class=\"elementor-post elementor-grid-item post-15823 post type-post status-publish format-standard has-post-thumbnail hentry category-forschung-und-entwicklung\" role=\"listitem\">\n\t\t\t\t<a class=\"elementor-post__thumbnail__link\"  href=\"https:\/\/faber-etec.de\/fr\/forschung-und-entwicklung\/trafostation-betonbau\/\" title=\"Poste de transformation Construction en b\u00e9ton - \" tabindex=\"-1\" target=\"&quot;_blank&quot;\">\n\t\t\t<div class=\"elementor-post__thumbnail\"><img loading=\"lazy\" decoding=\"async\" width=\"768\" height=\"528\" src=\"https:\/\/faber-etec.de\/wp-content\/uploads\/sites\/3\/2025\/06\/herstellung-betonkoerper-kompakttrafostation-768x528.jpg\" class=\"attachment-medium_large size-medium_large wp-image-15825\" alt=\"Poste de transformation Construction en b\u00e9ton - Corps en b\u00e9ton d&#039;un poste de transformation compact pendant le coulage avec coffrage et armature apparents\" title=\"Poste de transformation en b\u00e9ton - R\u00e9alisation d&#039;un corps en b\u00e9ton pour un poste de transformation compact\" srcset=\"https:\/\/faber-etec.de\/wp-content\/uploads\/sites\/3\/2025\/06\/herstellung-betonkoerper-kompakttrafostation-768x528.jpg 768w, https:\/\/faber-etec.de\/wp-content\/uploads\/sites\/3\/2025\/06\/herstellung-betonkoerper-kompakttrafostation-300x206.jpg 300w, https:\/\/faber-etec.de\/wp-content\/uploads\/sites\/3\/2025\/06\/herstellung-betonkoerper-kompakttrafostation-1024x704.jpg 1024w, https:\/\/faber-etec.de\/wp-content\/uploads\/sites\/3\/2025\/06\/herstellung-betonkoerper-kompakttrafostation-1536x1056.jpg 1536w, https:\/\/faber-etec.de\/wp-content\/uploads\/sites\/3\/2025\/06\/herstellung-betonkoerper-kompakttrafostation-18x12.jpg 18w, https:\/\/faber-etec.de\/wp-content\/uploads\/sites\/3\/2025\/06\/herstellung-betonkoerper-kompakttrafostation.jpg 1947w\" sizes=\"(max-width: 768px) 100vw, 768px\" \/><\/div>\n\t\t<\/a>\n\t\t\t\t<div class=\"elementor-post__text\">\n\t\t\t\t<span class=\"elementor-post__title\">\n\t\t\t<a  href=\"https:\/\/faber-etec.de\/fr\/forschung-und-entwicklung\/trafostation-betonbau\/\" title=\"Poste de transformation en b\u00e9ton - Poste de transformation en b\u00e9ton - Fabrication d&#039;un corps en b\u00e9ton\" target=\"&quot;_blank&quot;\">\n\t\t\t\tPoste de transformation en b\u00e9ton - Fabrication d'un corps en b\u00e9ton\t\t\t<\/a>\n\t\t<\/span>\n\t\t\t\t<div class=\"elementor-post__excerpt\">\n\t\t\t<p>Comment est fabriqu\u00e9 le corps en b\u00e9ton d'un poste de transformation compact ? Poste de transformation Construction en b\u00e9ton : lors de la fabrication d'un corps en b\u00e9ton pour un poste de transformation compact, tel qu'il est souvent utilis\u00e9 dans l'industrie, il est n\u00e9cessaire d'utiliser du b\u00e9ton.<\/p>\n\t\t<\/div>\n\t\t\t\t<\/div>\n\t\t\t\t<\/article>\n\t\t\t\t<article class=\"elementor-post elementor-grid-item post-15297 post type-post status-publish format-standard has-post-thumbnail hentry category-news tag-faber-energy-group\" role=\"listitem\">\n\t\t\t\t<a class=\"elementor-post__thumbnail__link\"  href=\"https:\/\/faber-etec.de\/fr\/news\/platz-1-solartechnik-faber\/\" title=\"1\u00e8re place Solartechnik Faber - \" tabindex=\"-1\" target=\"&quot;_blank&quot;\">\n\t\t\t<div class=\"elementor-post__thumbnail\"><img loading=\"lazy\" decoding=\"async\" width=\"768\" height=\"437\" src=\"https:\/\/faber-etec.de\/wp-content\/uploads\/sites\/3\/2025\/02\/Platz-1-Solartechnik-OWL-4-768x437.jpg\" class=\"attachment-medium_large size-medium_large wp-image-15299\" alt=\"Graphique avec fond rouge et chiffre 1 dor\u00e9. Dans les cases blanches, on peut lire &#039;Les plus grands techniciens du solaire&#039;, &#039;Ostwestfalen-Lippe Manager Starker Partner 2025&#039; et &#039;Rang 1 Ostwestfalen-Lippe&#039;.\" title=\"Prix Regio Manager &quot;Starker Partner 2025&quot; pour le groupe Faber Energy sur fond rouge.\" srcset=\"https:\/\/faber-etec.de\/wp-content\/uploads\/sites\/3\/2025\/02\/Platz-1-Solartechnik-OWL-4-768x437.jpg 768w, https:\/\/faber-etec.de\/wp-content\/uploads\/sites\/3\/2025\/02\/Platz-1-Solartechnik-OWL-4-300x171.jpg 300w, https:\/\/faber-etec.de\/wp-content\/uploads\/sites\/3\/2025\/02\/Platz-1-Solartechnik-OWL-4-1024x583.jpg 1024w, https:\/\/faber-etec.de\/wp-content\/uploads\/sites\/3\/2025\/02\/Platz-1-Solartechnik-OWL-4-1536x874.jpg 1536w, https:\/\/faber-etec.de\/wp-content\/uploads\/sites\/3\/2025\/02\/Platz-1-Solartechnik-OWL-4-18x10.jpg 18w, https:\/\/faber-etec.de\/wp-content\/uploads\/sites\/3\/2025\/02\/Platz-1-Solartechnik-OWL-4.jpg 1904w\" sizes=\"(max-width: 768px) 100vw, 768px\" \/><\/div>\n\t\t<\/a>\n\t\t\t\t<div class=\"elementor-post__text\">\n\t\t\t\t<span class=\"elementor-post__title\">\n\t\t\t<a  href=\"https:\/\/faber-etec.de\/fr\/news\/platz-1-solartechnik-faber\/\" title=\"1\u00e8re place Solartechnik Faber - Faber Energy Group \u00e0 la 1\u00e8re place du classement Regio Manager !\" target=\"&quot;_blank&quot;\">\n\t\t\t\tLe groupe Faber Energy \u00e0 la premi\u00e8re place du classement Regio Manager !\t\t\t<\/a>\n\t\t<\/span>\n\t\t\t\t<div class=\"elementor-post__excerpt\">\n\t\t\t<p>Le Faber Energy Group atteint la premi\u00e8re place du classement Regio Manager en tant que leader des techniciens solaires en Rh\u00e9nanie-du-Nord-Westphalie - une \u00e9tape importante pour l'\u00e9nergie durable !<\/p>\t\t<\/div>\n\t\t\t\t<\/div>\n\t\t\t\t<\/article>\n\t\t\t\t<article class=\"elementor-post elementor-grid-item post-15265 post type-post status-publish format-standard has-post-thumbnail hentry category-forschung-und-entwicklung tag-trafostation\" role=\"listitem\">\n\t\t\t\t<a class=\"elementor-post__thumbnail__link\"  href=\"https:\/\/faber-etec.de\/fr\/forschung-und-entwicklung\/vde-4110-trafos\/\" title=\"Vde 4110 Transfos - \" tabindex=\"-1\" target=\"&quot;_blank&quot;\">\n\t\t\t<div class=\"elementor-post__thumbnail\"><img loading=\"lazy\" decoding=\"async\" width=\"768\" height=\"512\" src=\"https:\/\/faber-etec.de\/wp-content\/uploads\/sites\/3\/2025\/01\/vde-verband-elektrotechnik-normen-768x512.avif\" class=\"attachment-medium_large size-medium_large wp-image-15271\" alt=\"VDE-AR-N 4110, VDE - Association d&#039;\u00e9lectrotechnique avec symboles de loi, balance et classeur de normes, focus sur la norme moyenne tension VDE-AR-N 4110, basse tension VDE 4105 et haute tension VDE 4120. Poste de transformation et poste compact\" title=\"VDE-AR-N 4110 - VDE - Association pour l&#039;\u00e9lectrotechnique - Prescriptions et normes\" srcset=\"https:\/\/faber-etec.de\/wp-content\/uploads\/sites\/3\/2025\/01\/vde-verband-elektrotechnik-normen-768x512.avif 768w, https:\/\/faber-etec.de\/wp-content\/uploads\/sites\/3\/2025\/01\/vde-verband-elektrotechnik-normen-300x200.avif 300w, https:\/\/faber-etec.de\/wp-content\/uploads\/sites\/3\/2025\/01\/vde-verband-elektrotechnik-normen-1024x682.avif 1024w, https:\/\/faber-etec.de\/wp-content\/uploads\/sites\/3\/2025\/01\/vde-verband-elektrotechnik-normen-1536x1024.avif 1536w, https:\/\/faber-etec.de\/wp-content\/uploads\/sites\/3\/2025\/01\/vde-verband-elektrotechnik-normen-18x12.avif 18w, https:\/\/faber-etec.de\/wp-content\/uploads\/sites\/3\/2025\/01\/vde-verband-elektrotechnik-normen.avif 2000w\" sizes=\"(max-width: 768px) 100vw, 768px\" \/><\/div>\n\t\t<\/a>\n\t\t\t\t<div class=\"elementor-post__text\">\n\t\t\t\t<span class=\"elementor-post__title\">\n\t\t\t<a  href=\"https:\/\/faber-etec.de\/fr\/forschung-und-entwicklung\/vde-4110-trafos\/\" title=\"Vde 4110 Trafos - VDE-AR-N 4110 - Exigences techniques pour les raccordements moyenne tension\" target=\"&quot;_blank&quot;\">\n\t\t\t\tVDE-AR-N 4110 - Exigences techniques pour les raccordements moyenne tension\t\t\t<\/a>\n\t\t<\/span>\n\t\t\t\t<div class=\"elementor-post__excerpt\">\n\t\t\t<p>VDE-AR-N 4110 : la norme pour des raccordements moyenne tension s\u00fbrs. D\u00e9couvrez comment nos transformateurs r\u00e9pondent parfaitement \u00e0 ces exigences !<\/p>\t\t<\/div>\n\t\t\t\t<\/div>\n\t\t\t\t<\/article>\n\t\t\t\t<article class=\"elementor-post elementor-grid-item post-15152 post type-post status-publish format-standard has-post-thumbnail hentry category-news\" role=\"listitem\">\n\t\t\t\t<a class=\"elementor-post__thumbnail__link\"  href=\"https:\/\/faber-etec.de\/fr\/news\/schnelle-lieferung-trafostation\/\" title=\"Livraison rapide Poste de transformation - \" tabindex=\"-1\" target=\"&quot;_blank&quot;\">\n\t\t\t<div class=\"elementor-post__thumbnail\"><img loading=\"lazy\" decoding=\"async\" width=\"768\" height=\"516\" src=\"https:\/\/faber-etec.de\/wp-content\/uploads\/sites\/3\/2025\/01\/DSC09437-768x516.jpg\" class=\"attachment-medium_large size-medium_large wp-image-15207\" alt=\"Au lever du soleil, une grande grue mobile jaune soul\u00e8ve une station compacte sur le parking d&#039;un supermarch\u00e9 Marktkauf.\" title=\"Montage d&#039;une station compacte sur le parking de Marktkauf\" srcset=\"https:\/\/faber-etec.de\/wp-content\/uploads\/sites\/3\/2025\/01\/DSC09437-768x516.jpg 768w, https:\/\/faber-etec.de\/wp-content\/uploads\/sites\/3\/2025\/01\/DSC09437-300x202.jpg 300w, https:\/\/faber-etec.de\/wp-content\/uploads\/sites\/3\/2025\/01\/DSC09437-1024x688.jpg 1024w, https:\/\/faber-etec.de\/wp-content\/uploads\/sites\/3\/2025\/01\/DSC09437-1536x1032.jpg 1536w, https:\/\/faber-etec.de\/wp-content\/uploads\/sites\/3\/2025\/01\/DSC09437-2048x1376.jpg 2048w, https:\/\/faber-etec.de\/wp-content\/uploads\/sites\/3\/2025\/01\/DSC09437-18x12.jpg 18w\" sizes=\"(max-width: 768px) 100vw, 768px\" \/><\/div>\n\t\t<\/a>\n\t\t\t\t<div class=\"elementor-post__text\">\n\t\t\t\t<span class=\"elementor-post__title\">\n\t\t\t<a  href=\"https:\/\/faber-etec.de\/fr\/news\/schnelle-lieferung-trafostation\/\" title=\"Livraison rapide d&#039;un poste de transformation - Livraison rapide d&#039;un poste de transformation compact \u00e0 MARKTKAUF L\u00f6hne\" target=\"&quot;_blank&quot;\">\n\t\t\t\tLivraison rapide d'un poste de transformation compact au MARKTKAUF de L\u00f6hne\t\t\t<\/a>\n\t\t<\/span>\n\t\t\t\t<div class=\"elementor-post__excerpt\">\n\t\t\t<p>Faber E-Tec livre en seulement 8 semaines un poste de transformation compact \u00e0 EDEKA-MIHA Charge GmbH pour le magasin Marktkauf \u00e0 L\u00f6hne. Mise en \u0153uvre rapide, flexibilit\u00e9\t\t<\/div>\n\t\t\t\t<\/div>\n\t\t\t\t<\/article>\n\t\t\t\t<article class=\"elementor-post elementor-grid-item post-15088 post type-post status-publish format-standard has-post-thumbnail hentry category-news category-projekte tag-photovoltaik tag-solarpark tag-trafostation\" role=\"listitem\">\n\t\t\t\t<a class=\"elementor-post__thumbnail__link\"  href=\"https:\/\/faber-etec.de\/fr\/news\/repowering-solarparks\/\" title=\"Repowering de parcs solaires - \" tabindex=\"-1\" target=\"&quot;_blank&quot;\">\n\t\t\t<div class=\"elementor-post__thumbnail\"><img loading=\"lazy\" decoding=\"async\" width=\"768\" height=\"430\" src=\"https:\/\/faber-etec.de\/wp-content\/uploads\/sites\/3\/2024\/12\/Ohorn-Solarpark-Drohne-6-768x430.avif\" class=\"attachment-medium_large size-medium_large wp-image-15097\" alt=\"Vue a\u00e9rienne du parc solaire Repowering \u00e0 Ohorn en hiver, prise avec un drone. Nouvelle station de transformation compacte \/ station compacte de Faber E-Tec\" title=\"Repowering Solarpark Ohorn en hiver - photos prises par drone\" srcset=\"https:\/\/faber-etec.de\/wp-content\/uploads\/sites\/3\/2024\/12\/Ohorn-Solarpark-Drohne-6-768x430.avif 768w, https:\/\/faber-etec.de\/wp-content\/uploads\/sites\/3\/2024\/12\/Ohorn-Solarpark-Drohne-6-300x168.avif 300w, https:\/\/faber-etec.de\/wp-content\/uploads\/sites\/3\/2024\/12\/Ohorn-Solarpark-Drohne-6-1024x573.avif 1024w, https:\/\/faber-etec.de\/wp-content\/uploads\/sites\/3\/2024\/12\/Ohorn-Solarpark-Drohne-6-1536x860.avif 1536w, https:\/\/faber-etec.de\/wp-content\/uploads\/sites\/3\/2024\/12\/Ohorn-Solarpark-Drohne-6-2048x1147.avif 2048w, https:\/\/faber-etec.de\/wp-content\/uploads\/sites\/3\/2024\/12\/Ohorn-Solarpark-Drohne-6-18x10.avif 18w\" sizes=\"(max-width: 768px) 100vw, 768px\" \/><\/div>\n\t\t<\/a>\n\t\t\t\t<div class=\"elementor-post__text\">\n\t\t\t\t<span class=\"elementor-post__title\">\n\t\t\t<a  href=\"https:\/\/faber-etec.de\/fr\/news\/repowering-solarparks\/\" title=\"Repowering Solarparks - Nouvelle construction et repowering d&#039;un parc solaire \u00e0 Ohorn\" target=\"&quot;_blank&quot;\">\n\t\t\t\tConstruction et repowering d'un parc solaire \u00e0 Ohorn\t\t\t<\/a>\n\t\t<\/span>\n\t\t\t\t<div class=\"elementor-post__excerpt\">\n\t\t\t<p>Un parc solaire moderne d'une puissance de 3,3 MWp est en cours de construction \u00e0 Ohorn, en Saxe - une combinaison de nouvelle construction et de repowering. Gr\u00e2ce au poste compact de transformation de Faber\t\t<\/div>\n\t\t\t\t<\/div>\n\t\t\t\t<\/article>\n\t\t\t\t<article class=\"elementor-post elementor-grid-item post-15047 post type-post status-publish format-standard has-post-thumbnail hentry category-projekte tag-energieversorgung tag-supercharger\" role=\"listitem\">\n\t\t\t\t<a class=\"elementor-post__thumbnail__link\"  href=\"https:\/\/faber-etec.de\/fr\/projekte\/trafostation-supercharger\/\" title=\"Poste de transformation Supercharger - \" tabindex=\"-1\" target=\"&quot;_blank&quot;\">\n\t\t\t<div class=\"elementor-post__thumbnail\"><img loading=\"lazy\" decoding=\"async\" width=\"768\" height=\"512\" src=\"https:\/\/faber-etec.de\/wp-content\/uploads\/sites\/3\/2024\/12\/1-Supercharger-Faber-E-Tec-Kompakt-Trafostation-Schnellladestationen-Elektromobilitaet-768x512.avif\" class=\"attachment-medium_large size-medium_large wp-image-15048\" alt=\"Station compacte Trafo aux couleurs de l&#039;entreprise au E-Auto Supercharger de Bissendorf\" title=\"Station compacte de transformation pour E-Auto Supercharger Bissendorf\" srcset=\"https:\/\/faber-etec.de\/wp-content\/uploads\/sites\/3\/2024\/12\/1-Supercharger-Faber-E-Tec-Kompakt-Trafostation-Schnellladestationen-Elektromobilitaet-768x512.avif 768w, https:\/\/faber-etec.de\/wp-content\/uploads\/sites\/3\/2024\/12\/1-Supercharger-Faber-E-Tec-Kompakt-Trafostation-Schnellladestationen-Elektromobilitaet-300x200.avif 300w, https:\/\/faber-etec.de\/wp-content\/uploads\/sites\/3\/2024\/12\/1-Supercharger-Faber-E-Tec-Kompakt-Trafostation-Schnellladestationen-Elektromobilitaet-1024x683.avif 1024w, https:\/\/faber-etec.de\/wp-content\/uploads\/sites\/3\/2024\/12\/1-Supercharger-Faber-E-Tec-Kompakt-Trafostation-Schnellladestationen-Elektromobilitaet-18x12.avif 18w, https:\/\/faber-etec.de\/wp-content\/uploads\/sites\/3\/2024\/12\/1-Supercharger-Faber-E-Tec-Kompakt-Trafostation-Schnellladestationen-Elektromobilitaet.avif 1500w\" sizes=\"(max-width: 768px) 100vw, 768px\" \/><\/div>\n\t\t<\/a>\n\t\t\t\t<div class=\"elementor-post__text\">\n\t\t\t\t<span class=\"elementor-post__title\">\n\t\t\t<a  href=\"https:\/\/faber-etec.de\/fr\/projekte\/trafostation-supercharger\/\" title=\"Poste de transformation Supercharger - Postes de transformation compacts individuels utilis\u00e9s pour les stations de recharge rapide\" target=\"&quot;_blank&quot;\">\n\t\t\t\tPostes de transformation compacts individuels utilis\u00e9s pour les stations de recharge rapide\t\t\t<\/a>\n\t\t<\/span>\n\t\t\t\t<div class=\"elementor-post__excerpt\">\n\t\t\t<p>Un poste de transformation compact personnalis\u00e9 alimente les stations de recharge rapide de Bissendorf - puissant, efficace et aux couleurs du client.<\/p>\t\t<\/div>\n\t\t\t\t<\/div>\n\t\t\t\t<\/article>\n\t\t\t\t<article class=\"elementor-post elementor-grid-item post-14774 post type-post status-publish format-standard has-post-thumbnail hentry category-forschung-und-entwicklung tag-trafostation\" role=\"listitem\">\n\t\t\t\t<a class=\"elementor-post__thumbnail__link\"  href=\"https:\/\/faber-etec.de\/fr\/forschung-und-entwicklung\/trafostation-wiki\/\" title=\"Poste de transformation Wiki - \" tabindex=\"-1\" target=\"&quot;_blank&quot;\">\n\t\t\t<div class=\"elementor-post__thumbnail\"><img loading=\"lazy\" decoding=\"async\" width=\"768\" height=\"469\" src=\"https:\/\/faber-etec.de\/wp-content\/uploads\/sites\/3\/2024\/11\/Trafo-Wiki-768x469.jpg\" class=\"attachment-medium_large size-medium_large wp-image-14811\" alt=\"Wiki sur les stations de transformation, station de transformation, wiki sur les transformateurs : Station de transformation install\u00e9e \u00e0 l&#039;ext\u00e9rieur et station compacte de transformateur pour la distribution d&#039;\u00e9nergie.\" title=\"Transfo-Wiki\" srcset=\"https:\/\/faber-etec.de\/wp-content\/uploads\/sites\/3\/2024\/11\/Trafo-Wiki-768x469.jpg 768w, https:\/\/faber-etec.de\/wp-content\/uploads\/sites\/3\/2024\/11\/Trafo-Wiki-300x183.jpg 300w, https:\/\/faber-etec.de\/wp-content\/uploads\/sites\/3\/2024\/11\/Trafo-Wiki-1024x625.jpg 1024w, https:\/\/faber-etec.de\/wp-content\/uploads\/sites\/3\/2024\/11\/Trafo-Wiki-18x12.jpg 18w, https:\/\/faber-etec.de\/wp-content\/uploads\/sites\/3\/2024\/11\/Trafo-Wiki.jpg 1298w\" sizes=\"(max-width: 768px) 100vw, 768px\" \/><\/div>\n\t\t<\/a>\n\t\t\t\t<div class=\"elementor-post__text\">\n\t\t\t\t<span class=\"elementor-post__title\">\n\t\t\t<a  href=\"https:\/\/faber-etec.de\/fr\/forschung-und-entwicklung\/trafostation-wiki\/\" title=\"Station de transformation Wiki - Station de transformation Wiki : Fonction, structure et signification\" target=\"&quot;_blank&quot;\">\n\t\t\t\tWiki postes de transformation | Fonction\t\t\t<\/a>\n\t\t<\/span>\n\t\t\t\t<div class=\"elementor-post__excerpt\">\n\t\t\t<p>Les stations de transformation sont des n\u0153uds importants du r\u00e9seau \u00e9lectrique. Ils transforment la moyenne tension en basse tension n\u00e9cessaire et assurent ainsi une alimentation \u00e9lectrique fiable pour les installations industrielles, les stations de chargement,\t\t<\/div>\n\t\t\t\t<\/div>\n\t\t\t\t<\/article>\n\t\t\t\t<article class=\"elementor-post elementor-grid-item post-14370 post type-post status-publish format-standard has-post-thumbnail hentry category-news category-projekte tag-energieversorgung tag-photovoltaik tag-photovoltaikanlage tag-trafostation\" role=\"listitem\">\n\t\t\t\t<a class=\"elementor-post__thumbnail__link\"  href=\"https:\/\/faber-etec.de\/fr\/news\/pv-aufdachanlage-dortmund-trafostationen\/\" title=\"Pv Installation sur toit Dortmund Postes de transformation - \" tabindex=\"-1\" target=\"&quot;_blank&quot;\">\n\t\t\t<div class=\"elementor-post__thumbnail\"><img loading=\"lazy\" decoding=\"async\" width=\"768\" height=\"512\" src=\"https:\/\/faber-etec.de\/wp-content\/uploads\/sites\/3\/2024\/11\/Photovoltaik-Aufdachanlage-in-Dortmund-Faber-Solartechnik-und-Trafostationen-von-Faber-E-Tec-768x512.avif\" class=\"attachment-medium_large size-medium_large wp-image-14371\" alt=\"Grande installation photovolta\u00efque sur toiture \u00e0 Dortmund, install\u00e9e par Faber Solartechnik, avec station de transformation et station compacte de transformation de Faber E-Tec\" title=\"Installation photovolta\u00efque sur toiture-in-Dortmund-Faber-Solartechnik-et-Trafostationen-von-Faber-E-Tec\" srcset=\"https:\/\/faber-etec.de\/wp-content\/uploads\/sites\/3\/2024\/11\/Photovoltaik-Aufdachanlage-in-Dortmund-Faber-Solartechnik-und-Trafostationen-von-Faber-E-Tec-768x512.avif 768w, https:\/\/faber-etec.de\/wp-content\/uploads\/sites\/3\/2024\/11\/Photovoltaik-Aufdachanlage-in-Dortmund-Faber-Solartechnik-und-Trafostationen-von-Faber-E-Tec-300x200.avif 300w, https:\/\/faber-etec.de\/wp-content\/uploads\/sites\/3\/2024\/11\/Photovoltaik-Aufdachanlage-in-Dortmund-Faber-Solartechnik-und-Trafostationen-von-Faber-E-Tec-1024x683.avif 1024w, https:\/\/faber-etec.de\/wp-content\/uploads\/sites\/3\/2024\/11\/Photovoltaik-Aufdachanlage-in-Dortmund-Faber-Solartechnik-und-Trafostationen-von-Faber-E-Tec-1536x1024.avif 1536w, https:\/\/faber-etec.de\/wp-content\/uploads\/sites\/3\/2024\/11\/Photovoltaik-Aufdachanlage-in-Dortmund-Faber-Solartechnik-und-Trafostationen-von-Faber-E-Tec-2048x1366.avif 2048w, https:\/\/faber-etec.de\/wp-content\/uploads\/sites\/3\/2024\/11\/Photovoltaik-Aufdachanlage-in-Dortmund-Faber-Solartechnik-und-Trafostationen-von-Faber-E-Tec-18x12.avif 18w\" sizes=\"(max-width: 768px) 100vw, 768px\" \/><\/div>\n\t\t<\/a>\n\t\t\t\t<div class=\"elementor-post__text\">\n\t\t\t\t<span class=\"elementor-post__title\">\n\t\t\t<a  href=\"https:\/\/faber-etec.de\/fr\/news\/pv-aufdachanlage-dortmund-trafostationen\/\" title=\"Installation photovolta\u00efque sur toiture Dortmund Postes de transformation - D\u00e9marrage d&#039;une installation photovolta\u00efque sur toiture \u00e0 Dortmund\" target=\"&quot;_blank&quot;\">\n\t\t\t\tD\u00e9marrage d'une installation photovolta\u00efque sur toiture \u00e0 Dortmund\t\t\t<\/a>\n\t\t<\/span>\n\t\t\t\t<div class=\"elementor-post__excerpt\">\n\t\t\t<p>Entre-temps, les feuilles color\u00e9es tombent des arbres et l'automne dor\u00e9 s'installe. Pour Faber Solartechnik et Faber E-Tec, c'est l'occasion id\u00e9ale.\t\t<\/div>\n\t\t\t\t<\/div>\n\t\t\t\t<\/article>\n\t\t\t\t<article class=\"elementor-post elementor-grid-item post-14288 post type-post status-publish format-standard has-post-thumbnail hentry category-forschung-und-entwicklung tag-energieversorgung tag-schalttechnologie\" role=\"listitem\">\n\t\t\t\t<a class=\"elementor-post__thumbnail__link\"  href=\"https:\/\/faber-etec.de\/fr\/forschung-und-entwicklung\/nshv-niederspannungshauptverteilung\/\" title=\"Nshv Distribution principale basse tension - \" tabindex=\"-1\" target=\"&quot;_blank&quot;\">\n\t\t\t<div class=\"elementor-post__thumbnail\"><img loading=\"lazy\" decoding=\"async\" width=\"768\" height=\"476\" src=\"https:\/\/faber-etec.de\/wp-content\/uploads\/sites\/3\/2024\/08\/nshv-schaltsysteme-niederspannungshauptverteilung-gewerbe-industrie-768x476.webp\" class=\"attachment-medium_large size-medium_large wp-image-12099\" alt=\"Syst\u00e8mes de commutation BT pour la distribution principale basse tension dans le commerce et l&#039;industrie. NSHV, installation NSHV, r\u00e9seau NSHV, armoire NSHV, co\u00fbts NSHV, mise \u00e0 la terre NSHV, contr\u00f4le NSHV, transformateur NSHV, configurateur NSHV, interrupteur principal NSHV, disjoncteur NSHV, installation PV NSHV, local NSHV prescriptions, local NSHV, signification NSHV\" title=\"Syst\u00e8mes de commutation BTB - Distribution principale basse tension pour le commerce et l&#039;industrie\" srcset=\"https:\/\/faber-etec.de\/wp-content\/uploads\/sites\/3\/2024\/08\/nshv-schaltsysteme-niederspannungshauptverteilung-gewerbe-industrie-768x476.webp 768w, https:\/\/faber-etec.de\/wp-content\/uploads\/sites\/3\/2024\/08\/nshv-schaltsysteme-niederspannungshauptverteilung-gewerbe-industrie-300x186.webp 300w, https:\/\/faber-etec.de\/wp-content\/uploads\/sites\/3\/2024\/08\/nshv-schaltsysteme-niederspannungshauptverteilung-gewerbe-industrie-1024x635.webp 1024w, https:\/\/faber-etec.de\/wp-content\/uploads\/sites\/3\/2024\/08\/nshv-schaltsysteme-niederspannungshauptverteilung-gewerbe-industrie-1536x952.webp 1536w, https:\/\/faber-etec.de\/wp-content\/uploads\/sites\/3\/2024\/08\/nshv-schaltsysteme-niederspannungshauptverteilung-gewerbe-industrie-2048x1270.webp 2048w, https:\/\/faber-etec.de\/wp-content\/uploads\/sites\/3\/2024\/08\/nshv-schaltsysteme-niederspannungshauptverteilung-gewerbe-industrie-18x12.webp 18w\" sizes=\"(max-width: 768px) 100vw, 768px\" \/><\/div>\n\t\t<\/a>\n\t\t\t\t<div class=\"elementor-post__text\">\n\t\t\t\t<span class=\"elementor-post__title\">\n\t\t\t<a  href=\"https:\/\/faber-etec.de\/fr\/forschung-und-entwicklung\/nshv-niederspannungshauptverteilung\/\" title=\"Nshv Distribution principale basse tension - NSHV : Distribution \u00e9lectrique efficace pour les projets solaires et \u00e9nerg\u00e9tiques\" target=\"&quot;_blank&quot;\">\n\t\t\t\tNSHV : distribution \u00e9lectrique efficace pour les projets solaires et \u00e9nerg\u00e9tiques\t\t\t<\/a>\n\t\t<\/span>\n\t\t\t\t<div class=\"elementor-post__excerpt\">\n\t\t\t<p>Les installations NSHV de Faber E-Tec offrent une distribution \u00e9lectrique fiable pour les projets solaires et industriels. Nos solutions BTBH sur mesure, y compris l'armoire BTBH et le transformateur, sont sp\u00e9cialement con\u00e7ues pour\t\t<\/div>\n\t\t\t\t<\/div>\n\t\t\t\t<\/article>\n\t\t\t\t<article class=\"elementor-post elementor-grid-item post-14263 post type-post status-publish format-standard has-post-thumbnail hentry category-news\" role=\"listitem\">\n\t\t\t\t<a class=\"elementor-post__thumbnail__link\"  href=\"https:\/\/faber-etec.de\/fr\/news\/klimaschutz-energiepolitik\/\" title=\"Protection du climat Politique \u00e9nerg\u00e9tique - \" tabindex=\"-1\" target=\"&quot;_blank&quot;\">\n\t\t\t<div class=\"elementor-post__thumbnail\"><img loading=\"lazy\" decoding=\"async\" width=\"768\" height=\"623\" src=\"https:\/\/faber-etec.de\/wp-content\/uploads\/sites\/3\/2024\/11\/Klimaschutz-und-Energiepolitik-in-Deutschland-Buende-Faber-E-Tec-768x623.avif\" class=\"attachment-medium_large size-medium_large wp-image-14262\" alt=\"Politique climatique et \u00e9nerg\u00e9tique en Allemagne : des postes de transformation et des stations compactes efficaces de Faber E-Tec \u00e0 B\u00fcnde pour un avenir \u00e9nerg\u00e9tique durable\" title=\"Politique climatique et \u00e9nerg\u00e9tique en Allemagne : des postes de transformation et des stations compactes efficaces de Faber E-Tec \u00e0 B\u00fcnde pour un avenir \u00e9nerg\u00e9tique durable\" srcset=\"https:\/\/faber-etec.de\/wp-content\/uploads\/sites\/3\/2024\/11\/Klimaschutz-und-Energiepolitik-in-Deutschland-Buende-Faber-E-Tec-768x623.avif 768w, https:\/\/faber-etec.de\/wp-content\/uploads\/sites\/3\/2024\/11\/Klimaschutz-und-Energiepolitik-in-Deutschland-Buende-Faber-E-Tec-300x243.avif 300w, https:\/\/faber-etec.de\/wp-content\/uploads\/sites\/3\/2024\/11\/Klimaschutz-und-Energiepolitik-in-Deutschland-Buende-Faber-E-Tec-1024x831.avif 1024w, https:\/\/faber-etec.de\/wp-content\/uploads\/sites\/3\/2024\/11\/Klimaschutz-und-Energiepolitik-in-Deutschland-Buende-Faber-E-Tec-1536x1246.avif 1536w, https:\/\/faber-etec.de\/wp-content\/uploads\/sites\/3\/2024\/11\/Klimaschutz-und-Energiepolitik-in-Deutschland-Buende-Faber-E-Tec-15x12.avif 15w, https:\/\/faber-etec.de\/wp-content\/uploads\/sites\/3\/2024\/11\/Klimaschutz-und-Energiepolitik-in-Deutschland-Buende-Faber-E-Tec.avif 2000w\" sizes=\"(max-width: 768px) 100vw, 768px\" \/><\/div>\n\t\t<\/a>\n\t\t\t\t<div class=\"elementor-post__text\">\n\t\t\t\t<span class=\"elementor-post__title\">\n\t\t\t<a  href=\"https:\/\/faber-etec.de\/fr\/news\/klimaschutz-energiepolitik\/\" title=\"Protection du climat Politique \u00e9nerg\u00e9tique - Protection du climat et politique \u00e9nerg\u00e9tique en Allemagne\" target=\"&quot;_blank&quot;\">\n\t\t\t\tProtection du climat et politique \u00e9nerg\u00e9tique en Allemagne\t\t\t<\/a>\n\t\t<\/span>\n\t\t\t\t<div class=\"elementor-post__excerpt\">\n\t\t\t<p>L'Allemagne mise sur les postes de transformation, les stations compactes et les stations compactes en b\u00e9ton pour faire avancer la protection du climat et la politique \u00e9nerg\u00e9tique et atteindre les objectifs climatiques d'ici 2045.<\/p>\t\t<\/div>\n\t\t\t\t<\/div>\n\t\t\t\t<\/article>\n\t\t\t\t<\/div>\n\t\t\n\t\t\t\t\t\t<\/div>\n\t\t\t\t<\/div>\n\t\t\t\t<\/div>\n\t\t\t\t\t<\/div>\n\t\t\t\t<\/div>\n\t\t<div class=\"elementor-element elementor-element-dbf3938 e-flex e-con-boxed e-con e-parent\" data-id=\"dbf3938\" data-element_type=\"container\" data-e-type=\"container\">\n\t\t\t\t\t<div class=\"e-con-inner\">\n\t\t<div class=\"elementor-element elementor-element-fafcf98 e-con-full e-flex e-con e-child\" data-id=\"fafcf98\" data-element_type=\"container\" data-e-type=\"container\">\n\t\t\t\t<div class=\"elementor-element elementor-element-953730f elementor-widget elementor-widget-heading\" data-id=\"953730f\" data-element_type=\"widget\" data-e-type=\"widget\" data-widget_type=\"heading.default\">\n\t\t\t\t<div class=\"elementor-widget-container\">\n\t\t\t\t\t<h2 class=\"elementor-heading-title elementor-size-default\">Blog &amp; actualit\u00e9s sur les postes de transformation et les stations compactes<\/h2>\t\t\t\t<\/div>\n\t\t\t\t<\/div>\n\t\t\t\t<div class=\"elementor-element elementor-element-b9398cf elementor-widget elementor-widget-heading\" data-id=\"b9398cf\" data-element_type=\"widget\" data-e-type=\"widget\" data-widget_type=\"heading.default\">\n\t\t\t\t<div class=\"elementor-widget-container\">\n\t\t\t\t\t<h3 class=\"elementor-heading-title elementor-size-default\">D\u00e9veloppements actuels et aper\u00e7u du monde des stations de transformation et des stations compactes<\/h3>\t\t\t\t<\/div>\n\t\t\t\t<\/div>\n\t\t\t\t<\/div>\n\t\t<div class=\"elementor-element elementor-element-8d3f58b e-con-full e-flex e-con e-child\" data-id=\"8d3f58b\" data-element_type=\"container\" data-e-type=\"container\">\n\t\t<div class=\"elementor-element elementor-element-5b3bce7 e-con-full e-flex e-con e-child\" data-id=\"5b3bce7\" data-element_type=\"container\" data-e-type=\"container\">\n\t\t\t\t<div class=\"elementor-element elementor-element-a7de262 elementor-widget elementor-widget-text-editor\" data-id=\"a7de262\" data-element_type=\"widget\" data-e-type=\"widget\" data-widget_type=\"text-editor.default\">\n\t\t\t\t<div class=\"elementor-widget-container\">\n\t\t\t\t\t\t\t\t\t<p>Bienvenue sur notre <strong>\"Blog et actualit\u00e9s\"<\/strong>-Votre point de contact central pour toutes les nouveaut\u00e9s et informations concernant les postes de transformation, les postes compacts et les solutions \u00e9nerg\u00e9tiques innovantes. Chez Faber E-Tec, nous mettons un point d'honneur \u00e0 vous tenir au courant des derniers d\u00e9veloppements dans le secteur de l'\u00e9nergie. Qu'il s'agisse d'avanc\u00e9es technologiques, de tendances sp\u00e9cifiques au secteur ou de projets passionnants, vous trouverez ici tout ce que vous devez savoir pour rester \u00e0 la pointe de l'actualit\u00e9 dans le monde dynamique des infrastructures \u00e9nerg\u00e9tiques.<\/p><p>Notre site de blogs et d'actualit\u00e9s est divis\u00e9 en diff\u00e9rentes cat\u00e9gories qui vous permettent de trouver rapidement et facilement les informations qui vous int\u00e9ressent. Dans la cat\u00e9gorie <strong>\u201e<a  href=\"https:\/\/faber-etec.de\/fr\/projets\/\" title=\"Projets - Projets et r\u00e9f\u00e9rences\">Projets et r\u00e9f\u00e9rences<\/a>\u201e<\/strong> nous vous donnons un aper\u00e7u des mises en \u0153uvre r\u00e9ussies de nos stations de transformation et stations compactes dans diff\u00e9rentes applications \u00e0 travers le monde. D\u00e9couvrez les d\u00e9fis que nous avons rencontr\u00e9s dans ces projets et comment nous avons d\u00e9velopp\u00e9 des solutions sur mesure qui r\u00e9pondent aux besoins sp\u00e9cifiques de nos clients.<\/p><p>Dans la cat\u00e9gorie <strong>\u201e<a  href=\"https:\/\/faber-etec.de\/fr\/evenements\/\" title=\"\u00c9v\u00e9nements - \u00c9v\u00e9nements et salons\">\u00c9v\u00e9nements et salons<\/a>\u201e<\/strong> nous vous tiendrons au courant de notre participation aux principaux \u00e9v\u00e9nements du secteur. Faber E-Tec participe r\u00e9guli\u00e8rement \u00e0 des salons internationaux et \u00e0 des congr\u00e8s sp\u00e9cialis\u00e9s afin de pr\u00e9senter nos derni\u00e8res technologies et solutions. Vous y d\u00e9couvrirez les innovations sur lesquelles nous mettons l'accent et les tendances qui marquent actuellement le secteur de l'\u00e9nergie. Nos comptes rendus de ces \u00e9v\u00e9nements vous offrent un aper\u00e7u pr\u00e9cieux de l'avenir de l'infrastructure \u00e9nerg\u00e9tique et du r\u00f4le que nos produits y jouent.<\/p><p>Le domaine <strong>\u201e<a  href=\"https:\/\/faber-etec.de\/fr\/recherche-et-developpement\/\" title=\"Recherche Et D\u00e9veloppement - Recherche et D\u00e9veloppement\">Recherche et d\u00e9veloppement<\/a>\u201e<\/strong> est consacr\u00e9 aux innovations technologiques et aux derni\u00e8res avanc\u00e9es en mati\u00e8re de d\u00e9veloppement de postes de transformation et de stations compactes. Nous vous informons ici sur nos projets de recherche en cours et sur les technologies que nous d\u00e9veloppons pour rendre l'approvisionnement en \u00e9nergie encore plus efficace et plus s\u00fbr. Apprenez-en plus sur les innovations qui constituent la base des solutions \u00e9nerg\u00e9tiques de demain et d\u00e9couvrez comment, chez Faber E-Tec, nous travaillons en permanence \u00e0 l'am\u00e9lioration de nos produits.<\/p>\t\t\t\t\t\t\t\t<\/div>\n\t\t\t\t<\/div>\n\t\t\t\t<\/div>\n\t\t<div class=\"elementor-element elementor-element-5d9fcb1 e-con-full e-flex e-con e-child\" data-id=\"5d9fcb1\" data-element_type=\"container\" data-e-type=\"container\">\n\t\t\t\t<div class=\"elementor-element elementor-element-e5e73ed elementor-widget elementor-widget-text-editor\" data-id=\"e5e73ed\" data-element_type=\"widget\" data-e-type=\"widget\" data-widget_type=\"text-editor.default\">\n\t\t\t\t<div class=\"elementor-widget-container\">\n\t\t\t\t\t\t\t\t\t<p><span style=\"color: var( --e-global-color-text ); font-family: var( --e-global-typography-text-font-family ), sans-serif; font-size: var( --e-global-typography-text-font-size ); font-weight: var( --e-global-typography-text-font-weight );\">Un autre th\u00e8me important est le domaine <\/span><strong style=\"color: var( --e-global-color-text ); font-family: var( --e-global-typography-text-font-family ), sans-serif; font-size: var( --e-global-typography-text-font-size );\">\u201e<a href=\"https:\/\/www.faber-etec-karriere.de\/\" title=\" - Emploi et carri\u00e8re\" target=\"_blank\" rel=\"noopener\">Emploi et carri\u00e8re<\/a>\u201e<\/strong><span style=\"color: var( --e-global-color-text ); font-family: var( --e-global-typography-text-font-family ), sans-serif; font-size: var( --e-global-typography-text-font-size ); font-weight: var( --e-global-typography-text-font-weight );\">. Vous trouverez ici des informations sur les possibilit\u00e9s de carri\u00e8re chez Faber E-Tec. Nos collaborateurs sont au c\u0153ur de notre entreprise et nous sommes constamment \u00e0 la recherche de professionnels talentueux qui souhaitent rejoindre notre \u00e9quipe. D\u00e9couvrez les postes vacants, notre culture d'entreprise et les possibilit\u00e9s de d\u00e9veloppement que nous vous offrons. Que vous soyez un professionnel exp\u00e9riment\u00e9 ou un d\u00e9butant, vous trouverez chez Faber E-Tec des d\u00e9fis passionnants dans un environnement innovant.<\/span><\/p><p>En outre, nous proposons dans notre <a href=\"https:\/\/faber-etec.de\/fr\/faq\/\" title=\"Faq - Section FAQ\">Section FAQ<\/a> R\u00e9ponses aux questions les plus fr\u00e9quentes qui nous sont pos\u00e9es sur les postes de transformation, les postes compacts et nos services. Cette page est une ressource pr\u00e9cieuse pour tous ceux qui souhaitent en savoir plus sur nos produits ou qui recherchent des informations techniques sp\u00e9cifiques. Vous y trouverez des explications d\u00e9taill\u00e9es sur nos solutions et une assistance pour toutes les questions que vous pourriez vous poser lors de la planification et de la r\u00e9alisation de vos projets \u00e9nerg\u00e9tiques.<\/p><p>Notre objectif n'est pas seulement de vous tenir au courant des derniers d\u00e9veloppements dans le secteur, mais aussi de vous fournir des informations et des ressources utiles pour vous aider dans vos projets. Le monde de l'infrastructure \u00e9nerg\u00e9tique est complexe et en constante \u00e9volution - notre blog et nos actualit\u00e9s vous permettront de rester \u00e0 la pointe de l'actualit\u00e9.<\/p><p>Nous vous invitons \u00e0 y jeter r\u00e9guli\u00e8rement un coup d'\u0153il pour vous tenir au courant des tendances et des d\u00e9veloppements actuels dans le secteur de l'\u00e9nergie. Que vous soyez int\u00e9ress\u00e9 par les d\u00e9tails techniques, que vous souhaitiez vous informer sur nos derniers projets ou que vous recherchiez des opportunit\u00e9s de carri\u00e8re, vous trouverez toutes les informations pertinentes sur notre page de blog et d'actualit\u00e9s. D\u00e9couvrez le monde de Faber E-Tec et laissez-vous inspirer !<\/p>\t\t\t\t\t\t\t\t<\/div>\n\t\t\t\t<\/div>\n\t\t\t\t<\/div>\n\t\t\t\t<\/div>\n\t\t\t\t\t<\/div>\n\t\t\t\t<\/div>\n\t\t\t\t<\/div>","protected":false},"excerpt":{"rendered":"<p>Blogs: Aktuelle News &amp; Infos Aktuelles von Ihrem Trafostation- und Kompaktstation-Hersteller Blog &amp; News \u00fcber Trafostationen und Kompaktstationen Aktuelle Entwicklungen und Einblicke in die Welt der Trafostationen und Kompaktstationen Willkommen auf unserer &#8222;Blog &amp; News&#8220;-Seite, Ihrem zentralen Anlaufpunkt f\u00fcr alle Neuigkeiten und Informationen rund um Trafostationen, Kompaktstationen und innovative Energiel\u00f6sungen. Bei Faber E-Tec legen wir [&hellip;]<\/p>\n","protected":false},"author":6,"featured_media":0,"parent":0,"menu_order":0,"comment_status":"closed","ping_status":"closed","template":"","meta":{"_acf_changed":false,"footnotes":""},"class_list":["post-7886","page","type-page","status-publish","hentry"],"acf":[],"_links":{"self":[{"href":"https:\/\/faber-etec.de\/fr\/wp-json\/wp\/v2\/pages\/7886","targetHints":{"allow":["GET"]}}],"collection":[{"href":"https:\/\/faber-etec.de\/fr\/wp-json\/wp\/v2\/pages"}],"about":[{"href":"https:\/\/faber-etec.de\/fr\/wp-json\/wp\/v2\/types\/page"}],"author":[{"embeddable":true,"href":"https:\/\/faber-etec.de\/fr\/wp-json\/wp\/v2\/users\/6"}],"replies":[{"embeddable":true,"href":"https:\/\/faber-etec.de\/fr\/wp-json\/wp\/v2\/comments?post=7886"}],"version-history":[{"count":7,"href":"https:\/\/faber-etec.de\/fr\/wp-json\/wp\/v2\/pages\/7886\/revisions"}],"predecessor-version":[{"id":19132,"href":"https:\/\/faber-etec.de\/fr\/wp-json\/wp\/v2\/pages\/7886\/revisions\/19132"}],"wp:attachment":[{"href":"https:\/\/faber-etec.de\/fr\/wp-json\/wp\/v2\/media?parent=7886"}],"curies":[{"name":"wp","href":"https:\/\/api.w.org\/{rel}","templated":true}]}}