{"id":21580,"date":"2026-02-28T22:16:38","date_gmt":"2026-02-28T21:16:38","guid":{"rendered":"https:\/\/faber-etec.de\/?post_type=job&#038;p=21580"},"modified":"2026-02-28T23:26:58","modified_gmt":"2026-02-28T22:26:58","slug":"wirtschaftsjurist-m-w-d-schwerpunkt-vertragsrecht-dienstbarkeiten","status":"publish","type":"job","link":"https:\/\/faber-etec.de\/nl\/job\/wirtschaftsjurist-m-w-d-schwerpunkt-vertragsrecht-dienstbarkeiten\/","title":{"rendered":"Bedrijfsjurist (m\/v\/d) gespecialiseerd in contractenrecht &amp; erfdienstbaarheden"},"content":{"rendered":"<div data-elementor-type=\"wp-post\" data-elementor-id=\"21580\" class=\"elementor elementor-21580\" data-elementor-post-type=\"job\">\n\t\t\t\t<div class=\"elementor-element elementor-element-08d8c08 e-flex e-con-boxed e-con e-parent\" data-id=\"08d8c08\" data-element_type=\"container\" data-e-type=\"container\">\n\t\t\t\t\t<div class=\"e-con-inner\">\n\t\t\t\t<div class=\"elementor-element elementor-element-d958007 elementor-widget elementor-widget-heading\" data-id=\"d958007\" data-element_type=\"widget\" data-e-type=\"widget\" data-widget_type=\"heading.default\">\n\t\t\t\t<div class=\"elementor-widget-container\">\n\t\t\t\t\t<h2 class=\"elementor-heading-title elementor-size-default\">Bedrijfsjurist (m\/v\/d) gezocht - Carri\u00e8re bij Faber E-Tec in B\u00fcnde<\/h2>\t\t\t\t<\/div>\n\t\t\t\t<\/div>\n\t\t\t\t<div class=\"elementor-element elementor-element-c21187a elementor-widget elementor-widget-heading\" data-id=\"c21187a\" data-element_type=\"widget\" data-e-type=\"widget\" data-widget_type=\"heading.default\">\n\t\t\t\t<div class=\"elementor-widget-container\">\n\t\t\t\t\t<h3 class=\"elementor-heading-title elementor-size-default\">Familiebedrijf uit B\u00fcnde - Fotovolta\u00efek holistisch ge\u00efmplementeerd<\/h3>\t\t\t\t<\/div>\n\t\t\t\t<\/div>\n\t\t\t\t<div class=\"elementor-element elementor-element-f3334bf elementor-widget elementor-widget-text-editor\" data-id=\"f3334bf\" data-element_type=\"widget\" data-e-type=\"widget\" data-widget_type=\"text-editor.default\">\n\t\t\t\t<div class=\"elementor-widget-container\">\n\t\t\t\t\t\t\t\t\t<p>Al meer dan 25 jaar zijn wij, Faber Solartechnik GmbH uit B\u00fcnde, een familiebedrijf waarvan de naam staat voor de kwaliteit van onze producten en dat samen met ons toegewijde team de energierevolutie vooruit stuwt. Wij ontwikkelen innovatieve concepten voor grootschalige zonne-energiesystemen op de grond en op het dak en realiseren projecten integraal vanaf het eerste idee tot de laatste module. Met de ervaring die we hebben opgedaan met meer dan 100 fotovolta\u00efsche projecten en onze constante drang naar innovatie, willen we de fotovolta\u00efsche markt in Duitsland ook in de toekomst actief vorm blijven geven.<\/p>\t\t\t\t\t\t\t\t<\/div>\n\t\t\t\t<\/div>\n\t\t\t\t<div class=\"elementor-element elementor-element-fc909ea elementor-invisible elementor-widget elementor-widget-image\" data-id=\"fc909ea\" data-element_type=\"widget\" data-e-type=\"widget\" data-settings=\"{&quot;_animation&quot;:&quot;zoomIn&quot;}\" data-widget_type=\"image.default\">\n\t\t\t\t<div class=\"elementor-widget-container\">\n\t\t\t\t\t\t\t\t\t\t\t\t<figure class=\"wp-caption\">\n\t\t\t\t\t\t\t\t\t\t<img decoding=\"async\" src=\"https:\/\/faber-etec.de\/wp-content\/uploads\/sites\/3\/elementor\/thumbs\/wirtschaftsjurist-vertragsverhandlung-handschlag-solarpark-faber-solartechnik-scaled-rju7emrzwj0uxvj2z7ff5zp2cgeo1nj46bczwb638w.avif\" title=\"Contractonderhandeling in een zonnepark - Bedrijfsjurist (m\/v\/d)\" alt=\"Handdruk voor zonnepark - contractonderhandeling en samenwerking in het PV-project\" loading=\"lazy\" \/>\t\t\t\t\t\t\t\t\t\t\t<figcaption class=\"widget-image-caption wp-caption-text\">Onderhandelen en co\u00f6rdineren met partners in de PV-projectomgeving.<\/figcaption>\n\t\t\t\t\t\t\t\t\t\t<\/figure>\n\t\t\t\t\t\t\t\t\t<\/div>\n\t\t\t\t<\/div>\n\t\t\t\t<div class=\"elementor-element elementor-element-0231240 elementor-widget-divider--view-line elementor-widget elementor-widget-divider\" data-id=\"0231240\" data-element_type=\"widget\" data-e-type=\"widget\" data-widget_type=\"divider.default\">\n\t\t\t\t<div class=\"elementor-widget-container\">\n\t\t\t\t\t\t\t<div class=\"elementor-divider\">\n\t\t\t<span class=\"elementor-divider-separator\">\n\t\t\t\t\t\t<\/span>\n\t\t<\/div>\n\t\t\t\t\t\t<\/div>\n\t\t\t\t<\/div>\n\t\t\t\t<div class=\"elementor-element elementor-element-1e6ec3b elementor-widget elementor-widget-heading\" data-id=\"1e6ec3b\" data-element_type=\"widget\" data-e-type=\"widget\" data-widget_type=\"heading.default\">\n\t\t\t\t<div class=\"elementor-widget-container\">\n\t\t\t\t\t<h3 class=\"elementor-heading-title elementor-size-default\">Uw taken<\/h3>\t\t\t\t<\/div>\n\t\t\t\t<\/div>\n\t\t\t\t<div class=\"elementor-element elementor-element-6156306 elementor-widget elementor-widget-text-editor\" data-id=\"6156306\" data-element_type=\"widget\" data-e-type=\"widget\" data-widget_type=\"text-editor.default\">\n\t\t\t\t<div class=\"elementor-widget-container\">\n\t\t\t\t\t\t\t\t\t<p>Erfdienstbaarheden &amp; landrecht, contractbeheer en onderhandelingen: Je stelt grond- en leidingrechten veilig voor PV-projecten, onderhoudt contact met notarissen \/ kadasters en bent verantwoordelijk voor het opstellen, beoordelen en verder ontwikkelen van centrale contractuele documenten, inclusief risicoanalyse.<\/p>\t\t\t\t\t\t\t\t<\/div>\n\t\t\t\t<\/div>\n\t\t\t\t<div class=\"elementor-element elementor-element-06189d2 elementor-widget elementor-widget-heading\" data-id=\"06189d2\" data-element_type=\"widget\" data-e-type=\"widget\" data-widget_type=\"heading.default\">\n\t\t\t\t<div class=\"elementor-widget-container\">\n\t\t\t\t\t<h4 class=\"elementor-heading-title elementor-size-default\">Erfdienstbaarheden &amp; eigendomsrecht<\/h4>\t\t\t\t<\/div>\n\t\t\t\t<\/div>\n\t\t\t\t<div class=\"elementor-element elementor-element-b168d69 elementor-align-start aufgabenliste elementor-icon-list--layout-traditional elementor-list-item-link-full_width elementor-widget elementor-widget-icon-list\" data-id=\"b168d69\" data-element_type=\"widget\" data-e-type=\"widget\" data-widget_type=\"icon-list.default\">\n\t\t\t\t<div class=\"elementor-widget-container\">\n\t\t\t\t\t\t\t<ul class=\"elementor-icon-list-items\">\n\t\t\t\t\t\t\t<li class=\"elementor-icon-list-item\">\n\t\t\t\t\t\t\t\t\t\t\t<span class=\"elementor-icon-list-icon\">\n\t\t\t\t\t\t\t<i aria-hidden=\"true\" class=\"fas fa-file-signature\"><\/i>\t\t\t\t\t\t<\/span>\n\t\t\t\t\t\t\t\t\t\t<span class=\"elementor-icon-list-text\">Onderzoek, ontwerp en beheer van erfdienstbaarheden (erfdienstbaarheden, beperkte persoonlijke erfdienstbaarheden)<\/span>\n\t\t\t\t\t\t\t\t\t<\/li>\n\t\t\t\t\t\t\t\t<li class=\"elementor-icon-list-item\">\n\t\t\t\t\t\t\t\t\t\t\t<span class=\"elementor-icon-list-icon\">\n\t\t\t\t\t\t\t<i aria-hidden=\"true\" class=\"fas fa-map-marked\"><\/i>\t\t\t\t\t\t<\/span>\n\t\t\t\t\t\t\t\t\t\t<span class=\"elementor-icon-list-text\">Juridische ondersteuning bij het veiligstellen van eigendoms- en leidingrechten voor PV-systemen en -infrastructuur<\/span>\n\t\t\t\t\t\t\t\t\t<\/li>\n\t\t\t\t\t\t\t\t<li class=\"elementor-icon-list-item\">\n\t\t\t\t\t\t\t\t\t\t\t<span class=\"elementor-icon-list-icon\">\n\t\t\t\t\t\t\t<i aria-hidden=\"true\" class=\"fas fa-handshake\"><\/i>\t\t\t\t\t\t<\/span>\n\t\t\t\t\t\t\t\t\t\t<span class=\"elementor-icon-list-text\"> Co\u00f6rdinatie met notarissen, kadasters en externe juridische adviseurs<\/span>\n\t\t\t\t\t\t\t\t\t<\/li>\n\t\t\t\t\t\t<\/ul>\n\t\t\t\t\t\t<\/div>\n\t\t\t\t<\/div>\n\t\t\t\t<div class=\"elementor-element elementor-element-4ba2662 elementor-widget elementor-widget-heading\" data-id=\"4ba2662\" data-element_type=\"widget\" data-e-type=\"widget\" data-widget_type=\"heading.default\">\n\t\t\t\t<div class=\"elementor-widget-container\">\n\t\t\t\t\t<h4 class=\"elementor-heading-title elementor-size-default\">Contractbeheer<\/h4>\t\t\t\t<\/div>\n\t\t\t\t<\/div>\n\t\t\t\t<div class=\"elementor-element elementor-element-6e03636 elementor-align-start aufgabenliste elementor-icon-list--layout-traditional elementor-list-item-link-full_width elementor-widget elementor-widget-icon-list\" data-id=\"6e03636\" data-element_type=\"widget\" data-e-type=\"widget\" data-widget_type=\"icon-list.default\">\n\t\t\t\t<div class=\"elementor-widget-container\">\n\t\t\t\t\t\t\t<ul class=\"elementor-icon-list-items\">\n\t\t\t\t\t\t\t<li class=\"elementor-icon-list-item\">\n\t\t\t\t\t\t\t\t\t\t\t<span class=\"elementor-icon-list-icon\">\n\t\t\t\t\t\t\t<i aria-hidden=\"true\" class=\"fas fa-balance-scale\"><\/i>\t\t\t\t\t\t<\/span>\n\t\t\t\t\t\t\t\t\t\t<span class=\"elementor-icon-list-text\">Opstellen, beoordelen en onderhandelen van contracten (waaronder lease-, gebruiks-, licentie-, samenwerkings- en leveringsovereenkomsten)<\/span>\n\t\t\t\t\t\t\t\t\t<\/li>\n\t\t\t\t\t\t\t\t<li class=\"elementor-icon-list-item\">\n\t\t\t\t\t\t\t\t\t\t\t<span class=\"elementor-icon-list-icon\">\n\t\t\t\t\t\t\t<i aria-hidden=\"true\" class=\"fas fa-feather-alt\"><\/i>\t\t\t\t\t\t<\/span>\n\t\t\t\t\t\t\t\t\t\t<span class=\"elementor-icon-list-text\">Onderhoud en verdere ontwikkeling van contractsjablonen<\/span>\n\t\t\t\t\t\t\t\t\t<\/li>\n\t\t\t\t\t\t\t\t<li class=\"elementor-icon-list-item\">\n\t\t\t\t\t\t\t\t\t\t\t<span class=\"elementor-icon-list-icon\">\n\t\t\t\t\t\t\t<i aria-hidden=\"true\" class=\"fas fa-search\"><\/i>\t\t\t\t\t\t<\/span>\n\t\t\t\t\t\t\t\t\t\t<span class=\"elementor-icon-list-text\">Evaluatie van juridische en economische risico's van contractconstellaties<\/span>\n\t\t\t\t\t\t\t\t\t<\/li>\n\t\t\t\t\t\t<\/ul>\n\t\t\t\t\t\t<\/div>\n\t\t\t\t<\/div>\n\t\t\t\t<div class=\"elementor-element elementor-element-031fe76 elementor-widget-divider--view-line elementor-widget elementor-widget-divider\" data-id=\"031fe76\" data-element_type=\"widget\" data-e-type=\"widget\" data-widget_type=\"divider.default\">\n\t\t\t\t<div class=\"elementor-widget-container\">\n\t\t\t\t\t\t\t<div class=\"elementor-divider\">\n\t\t\t<span class=\"elementor-divider-separator\">\n\t\t\t\t\t\t<\/span>\n\t\t<\/div>\n\t\t\t\t\t\t<\/div>\n\t\t\t\t<\/div>\n\t\t\t\t<div class=\"elementor-element elementor-element-d67974f elementor-widget elementor-widget-heading\" data-id=\"d67974f\" data-element_type=\"widget\" data-e-type=\"widget\" data-widget_type=\"heading.default\">\n\t\t\t\t<div class=\"elementor-widget-container\">\n\t\t\t\t\t<h3 class=\"elementor-heading-title elementor-size-default\">Jouw profiel<\/h3>\t\t\t\t<\/div>\n\t\t\t\t<\/div>\n\t\t\t\t<div class=\"elementor-element elementor-element-0a424a7 elementor-align-start elementor-icon-list--layout-traditional elementor-list-item-link-full_width elementor-widget elementor-widget-icon-list\" data-id=\"0a424a7\" data-element_type=\"widget\" data-e-type=\"widget\" data-widget_type=\"icon-list.default\">\n\t\t\t\t<div class=\"elementor-widget-container\">\n\t\t\t\t\t\t\t<ul class=\"elementor-icon-list-items\">\n\t\t\t\t\t\t\t<li class=\"elementor-icon-list-item\">\n\t\t\t\t\t\t\t\t\t\t\t<span class=\"elementor-icon-list-icon\">\n\t\t\t\t\t\t\t<i aria-hidden=\"true\" class=\"fas fa-check\"><\/i>\t\t\t\t\t\t<\/span>\n\t\t\t\t\t\t\t\t\t\t<span class=\"elementor-icon-list-text\">Diploma in bedrijfsrecht (LL.B., LL.M. of vergelijkbaar)<\/span>\n\t\t\t\t\t\t\t\t\t<\/li>\n\t\t\t\t\t\t\t\t<li class=\"elementor-icon-list-item\">\n\t\t\t\t\t\t\t\t\t\t\t<span class=\"elementor-icon-list-icon\">\n\t\t\t\t\t\t\t<i aria-hidden=\"true\" class=\"fas fa-check\"><\/i>\t\t\t\t\t\t<\/span>\n\t\t\t\t\t\t\t\t\t\t<span class=\"elementor-icon-list-text\">Goede kennis van contracten en burgerlijk recht<\/span>\n\t\t\t\t\t\t\t\t\t<\/li>\n\t\t\t\t\t\t\t\t<li class=\"elementor-icon-list-item\">\n\t\t\t\t\t\t\t\t\t\t\t<span class=\"elementor-icon-list-icon\">\n\t\t\t\t\t\t\t<i aria-hidden=\"true\" class=\"fas fa-check\"><\/i>\t\t\t\t\t\t<\/span>\n\t\t\t\t\t\t\t\t\t\t<span class=\"elementor-icon-list-text\">Eerste ervaring met erfdienstbaarheden, eigendomsrecht of energierecht is een voordeel<\/span>\n\t\t\t\t\t\t\t\t\t<\/li>\n\t\t\t\t\t\t\t\t<li class=\"elementor-icon-list-item\">\n\t\t\t\t\t\t\t\t\t\t\t<span class=\"elementor-icon-list-icon\">\n\t\t\t\t\t\t\t<i aria-hidden=\"true\" class=\"fas fa-check\"><\/i>\t\t\t\t\t\t<\/span>\n\t\t\t\t\t\t\t\t\t\t<span class=\"elementor-icon-list-text\">Economisch inzicht en praktijkgerichte manier van denken<\/span>\n\t\t\t\t\t\t\t\t\t<\/li>\n\t\t\t\t\t\t\t\t<li class=\"elementor-icon-list-item\">\n\t\t\t\t\t\t\t\t\t\t\t<span class=\"elementor-icon-list-icon\">\n\t\t\t\t\t\t\t<i aria-hidden=\"true\" class=\"fas fa-check\"><\/i>\t\t\t\t\t\t<\/span>\n\t\t\t\t\t\t\t\t\t\t<span class=\"elementor-icon-list-text\">Onafhankelijke, gestructureerde manier van werken<\/span>\n\t\t\t\t\t\t\t\t\t<\/li>\n\t\t\t\t\t\t\t\t<li class=\"elementor-icon-list-item\">\n\t\t\t\t\t\t\t\t\t\t\t<span class=\"elementor-icon-list-icon\">\n\t\t\t\t\t\t\t<i aria-hidden=\"true\" class=\"fas fa-check\"><\/i>\t\t\t\t\t\t<\/span>\n\t\t\t\t\t\t\t\t\t\t<span class=\"elementor-icon-list-text\">Sterke communicatieve vaardigheden en het vermogen om in teamverband te werken<\/span>\n\t\t\t\t\t\t\t\t\t<\/li>\n\t\t\t\t\t\t<\/ul>\n\t\t\t\t\t\t<\/div>\n\t\t\t\t<\/div>\n\t\t\t\t<div class=\"elementor-element elementor-element-a85a40e elementor-widget elementor-widget-gallery\" data-id=\"a85a40e\" data-element_type=\"widget\" data-e-type=\"widget\" data-settings=\"{&quot;gallery_layout&quot;:&quot;justified&quot;,&quot;ideal_row_height&quot;:{&quot;unit&quot;:&quot;px&quot;,&quot;size&quot;:283,&quot;sizes&quot;:[]},&quot;lazyload&quot;:&quot;yes&quot;,&quot;ideal_row_height_laptop&quot;:{&quot;unit&quot;:&quot;px&quot;,&quot;size&quot;:150,&quot;sizes&quot;:[]},&quot;ideal_row_height_tablet_extra&quot;:{&quot;unit&quot;:&quot;px&quot;,&quot;size&quot;:150,&quot;sizes&quot;:[]},&quot;ideal_row_height_tablet&quot;:{&quot;unit&quot;:&quot;px&quot;,&quot;size&quot;:150,&quot;sizes&quot;:[]},&quot;ideal_row_height_mobile&quot;:{&quot;unit&quot;:&quot;px&quot;,&quot;size&quot;:150,&quot;sizes&quot;:[]},&quot;gap&quot;:{&quot;unit&quot;:&quot;px&quot;,&quot;size&quot;:10,&quot;sizes&quot;:[]},&quot;gap_laptop&quot;:{&quot;unit&quot;:&quot;px&quot;,&quot;size&quot;:10,&quot;sizes&quot;:[]},&quot;gap_tablet_extra&quot;:{&quot;unit&quot;:&quot;px&quot;,&quot;size&quot;:10,&quot;sizes&quot;:[]},&quot;gap_tablet&quot;:{&quot;unit&quot;:&quot;px&quot;,&quot;size&quot;:10,&quot;sizes&quot;:[]},&quot;gap_mobile&quot;:{&quot;unit&quot;:&quot;px&quot;,&quot;size&quot;:10,&quot;sizes&quot;:[]},&quot;overlay_background&quot;:&quot;yes&quot;,&quot;content_hover_animation&quot;:&quot;fade-in&quot;}\" data-widget_type=\"gallery.default\">\n\t\t\t\t<div class=\"elementor-widget-container\">\n\t\t\t\t\t\t\t<div class=\"elementor-gallery__container\">\n\t\t\t\t\t\t\t<div class=\"e-gallery-item elementor-gallery-item elementor-animated-content\">\n\t\t\t\t\t<div class=\"e-gallery-image elementor-gallery-item__image\" data-thumbnail=\"https:\/\/faber-etec.de\/wp-content\/uploads\/sites\/3\/elementor\/thumbs\/wirtschaftsjurist-vertragsrecht-pv-vertrag-unterschrift-faber-solartechnik-scaled-rju7cjkq0kuo78dckfir2ap7vyfquzii22xdqdoszo.avif\" data-width=\"400\" data-height=\"250\" aria-label=\"Handtekeningen voor zonnepanelen - Contractenrecht en rechtszekere PV-projecten\" role=\"img\" ><\/div>\n\t\t\t\t\t\t\t\t\t\t\t<div class=\"elementor-gallery-item__overlay\"><\/div>\n\t\t\t\t\t\t\t\t\t\t\t\t\t\t<\/div>\n\t\t\t\t\t\t\t<div class=\"e-gallery-item elementor-gallery-item elementor-animated-content\">\n\t\t\t\t\t<div class=\"e-gallery-image elementor-gallery-item__image\" data-thumbnail=\"https:\/\/faber-etec.de\/wp-content\/uploads\/sites\/3\/elementor\/thumbs\/LichtBlick-Ennigerloh-DSC07767-rik2ykrxxasq29e4jszj71s66kpl2r0ckey0mt5878.jpg\" data-width=\"400\" data-height=\"250\" aria-label=\"\" role=\"img\" ><\/div>\n\t\t\t\t\t\t\t\t\t\t\t<div class=\"elementor-gallery-item__overlay\"><\/div>\n\t\t\t\t\t\t\t\t\t\t\t\t\t\t<\/div>\n\t\t\t\t\t<\/div>\n\t\t\t\t\t<\/div>\n\t\t\t\t<\/div>\n\t\t\t\t<div class=\"elementor-element elementor-element-53c96f7 elementor-widget-divider--view-line elementor-widget elementor-widget-divider\" data-id=\"53c96f7\" data-element_type=\"widget\" data-e-type=\"widget\" data-widget_type=\"divider.default\">\n\t\t\t\t<div class=\"elementor-widget-container\">\n\t\t\t\t\t\t\t<div class=\"elementor-divider\">\n\t\t\t<span class=\"elementor-divider-separator\">\n\t\t\t\t\t\t<\/span>\n\t\t<\/div>\n\t\t\t\t\t\t<\/div>\n\t\t\t\t<\/div>\n\t\t\t\t<div class=\"elementor-element elementor-element-e70ac57 elementor-widget elementor-widget-heading\" data-id=\"e70ac57\" data-element_type=\"widget\" data-e-type=\"widget\" data-widget_type=\"heading.default\">\n\t\t\t\t<div class=\"elementor-widget-container\">\n\t\t\t\t\t<h4 class=\"elementor-heading-title elementor-size-default\">Solliciteer nu - we horen graag van je.<\/h4>\t\t\t\t<\/div>\n\t\t\t\t<\/div>\n\t\t\t\t<div class=\"elementor-element elementor-element-f214a8b elementor-widget elementor-widget-text-editor\" data-id=\"f214a8b\" data-element_type=\"widget\" data-e-type=\"widget\" data-widget_type=\"text-editor.default\">\n\t\t\t\t<div class=\"elementor-widget-container\">\n\t\t\t\t\t\t\t\t\t<p>Solliciteer nu en draag met je juridische expertise bij aan sterke PV-projecten.<\/p>\t\t\t\t\t\t\t\t<\/div>\n\t\t\t\t<\/div>\n\t\t\t\t\t<\/div>\n\t\t\t\t<\/div>\n\t\t\t\t<\/div>","protected":false},"excerpt":{"rendered":"<p>Aufgrund unseres dynamischen Wachstums suchen wir zur Verst\u00e4rkung unseres Teams sofort Sie als<br \/>\nWirtschaftsjurist (m\/w\/d).<\/p>","protected":false},"featured_media":21596,"menu_order":0,"template":"","meta":{"_acf_changed":false,"footnotes":""},"job-benefits":[],"job-type":[80],"job-contact":[],"job-industry":[98],"-job-education_requirements":[100],"job-experience_requirements":[101,102],"job-skills":[105,107,106,109,108,103,104],"job-base_salary":[110],"job-worklocation":[84],"job-category":[111],"job-incentive_compensation":[],"job-qualifications":[115,114,116,112],"job-location":[87],"job-seo":[126,118,120,127,128,122,129,121,124,123,125,119,117],"job-responsibilities":[134,137,135,131,133,136,130,132],"job-vertragsart":[91,92],"class_list":["post-21580","job","type-job","status-publish","has-post-thumbnail","hentry","job-type-vollzeit","job-industry-erneuerbare-energien","-job-education_requirements-abgeschlossenes-studium-wirtschaftsrecht-ll-b-ll-m-oder-vergleichbar","job-experience_requirements-erste-erfahrung-mit-dienstbarkeiten","job-experience_requirements-grundstuecksrecht-oder-energierecht-von-vorteil","job-skills-dienstbarkeiten","job-skills-energierecht","job-skills-grundstuecksrecht","job-skills-risikobewertung","job-skills-vertragsgestaltung-und-verhandlung","job-skills-vertragsrecht","job-skills-zivilrecht","job-base_salary-attraktive-verguetung","job-worklocation-home-office-erlaubt","job-category-recht","job-qualifications-kommunikationsstaerke","job-qualifications-selbststaendige-und-strukturierte-arbeitsweise","job-qualifications-teamfaehigkeit","job-qualifications-wirtschaftliches-verstaendnis","job-location-buende-nrw","job-seo-buende","job-seo-dienstbarkeiten","job-seo-energierecht","job-seo-erneuerbare-energien","job-seo-gestattungsvertraege","job-seo-grundstuecksrecht","job-seo-nrw","job-seo-pachtvertraege","job-seo-pv-projekte","job-seo-solarpark","job-seo-vertragsmanagement","job-seo-vertragsrecht","job-seo-wirtschaftsjurist","job-responsibilities-abstimmung-mit-notaren","job-responsibilities-bewertung-rechtlicher-und-wirtschaftlicher-risiken","job-responsibilities-erstellung-pruefung-verhandlung-von-vertraege","job-responsibilities-gestaltung-und-betreuung-von-dienstbarkeiten","job-responsibilities-grundbuchaemtern-und-rechtsberatern","job-responsibilities-pflege-und-weiterentwicklung-von-vertragsmustern","job-responsibilities-pruefung","job-responsibilities-sicherung-von-grundstuecks-und-leitungsrechten","job-vertragsart-feste-anstellung","job-vertragsart-unbefristet"],"acf":[],"_links":{"self":[{"href":"https:\/\/faber-etec.de\/nl\/wp-json\/wp\/v2\/job\/21580","targetHints":{"allow":["GET"]}}],"collection":[{"href":"https:\/\/faber-etec.de\/nl\/wp-json\/wp\/v2\/job"}],"about":[{"href":"https:\/\/faber-etec.de\/nl\/wp-json\/wp\/v2\/types\/job"}],"version-history":[{"count":14,"href":"https:\/\/faber-etec.de\/nl\/wp-json\/wp\/v2\/job\/21580\/revisions"}],"predecessor-version":[{"id":21602,"href":"https:\/\/faber-etec.de\/nl\/wp-json\/wp\/v2\/job\/21580\/revisions\/21602"}],"wp:featuredmedia":[{"embeddable":true,"href":"https:\/\/faber-etec.de\/nl\/wp-json\/wp\/v2\/media\/21596"}],"wp:attachment":[{"href":"https:\/\/faber-etec.de\/nl\/wp-json\/wp\/v2\/media?parent=21580"}],"wp:term":[{"taxonomy":"job-benefits","embeddable":true,"href":"https:\/\/faber-etec.de\/nl\/wp-json\/wp\/v2\/job-benefits?post=21580"},{"taxonomy":"job-type","embeddable":true,"href":"https:\/\/faber-etec.de\/nl\/wp-json\/wp\/v2\/job-type?post=21580"},{"taxonomy":"job-contact","embeddable":true,"href":"https:\/\/faber-etec.de\/nl\/wp-json\/wp\/v2\/job-contact?post=21580"},{"taxonomy":"job-industry","embeddable":true,"href":"https:\/\/faber-etec.de\/nl\/wp-json\/wp\/v2\/job-industry?post=21580"},{"taxonomy":"-job-education_requirements","embeddable":true,"href":"https:\/\/faber-etec.de\/nl\/wp-json\/wp\/v2\/-job-education_requirements?post=21580"},{"taxonomy":"job-experience_requirements","embeddable":true,"href":"https:\/\/faber-etec.de\/nl\/wp-json\/wp\/v2\/job-experience_requirements?post=21580"},{"taxonomy":"job-skills","embeddable":true,"href":"https:\/\/faber-etec.de\/nl\/wp-json\/wp\/v2\/job-skills?post=21580"},{"taxonomy":"job-base_salary","embeddable":true,"href":"https:\/\/faber-etec.de\/nl\/wp-json\/wp\/v2\/job-base_salary?post=21580"},{"taxonomy":"job-worklocation","embeddable":true,"href":"https:\/\/faber-etec.de\/nl\/wp-json\/wp\/v2\/job-worklocation?post=21580"},{"taxonomy":"job-category","embeddable":true,"href":"https:\/\/faber-etec.de\/nl\/wp-json\/wp\/v2\/job-category?post=21580"},{"taxonomy":"job-incentive_compensation","embeddable":true,"href":"https:\/\/faber-etec.de\/nl\/wp-json\/wp\/v2\/job-incentive_compensation?post=21580"},{"taxonomy":"job-qualifications","embeddable":true,"href":"https:\/\/faber-etec.de\/nl\/wp-json\/wp\/v2\/job-qualifications?post=21580"},{"taxonomy":"job-location","embeddable":true,"href":"https:\/\/faber-etec.de\/nl\/wp-json\/wp\/v2\/job-location?post=21580"},{"taxonomy":"job-seo","embeddable":true,"href":"https:\/\/faber-etec.de\/nl\/wp-json\/wp\/v2\/job-seo?post=21580"},{"taxonomy":"job-responsibilities","embeddable":true,"href":"https:\/\/faber-etec.de\/nl\/wp-json\/wp\/v2\/job-responsibilities?post=21580"},{"taxonomy":"job-vertragsart","embeddable":true,"href":"https:\/\/faber-etec.de\/nl\/wp-json\/wp\/v2\/job-vertragsart?post=21580"}],"curies":[{"name":"wp","href":"https:\/\/api.w.org\/{rel}","templated":true}]}}