{"id":15328,"date":"2025-02-06T16:41:16","date_gmt":"2025-02-06T15:41:16","guid":{"rendered":"https:\/\/faber-etec.de\/?page_id=15328"},"modified":"2025-05-13T18:04:13","modified_gmt":"2025-05-13T16:04:13","slug":"beurs","status":"publish","type":"page","link":"https:\/\/faber-etec.de\/nl\/messe\/","title":{"rendered":"Beurs: Intersolar Europe 2025"},"content":{"rendered":"<div data-elementor-type=\"wp-page\" data-elementor-id=\"15328\" class=\"elementor elementor-15328\" data-elementor-post-type=\"page\">\n\t\t\t\t<div class=\"elementor-element elementor-element-e7e3717 e-flex e-con-boxed e-con e-parent\" data-id=\"e7e3717\" data-element_type=\"container\" data-e-type=\"container\" data-settings=\"{&quot;background_background&quot;:&quot;video&quot;,&quot;background_video_link&quot;:&quot;https:\\\/\\\/faber-etec.de\\\/wp-content\\\/uploads\\\/sites\\\/3\\\/2025\\\/02\\\/Messe-BG-Header.mp4&quot;}\">\n\t\t\t\t\t<div class=\"e-con-inner\">\n\t\t<div class=\"elementor-background-video-container elementor-hidden-mobile\">\n\t\t\t\t\t\t\t<video class=\"elementor-background-video-hosted\" role=\"presentation\" autoplay muted playsinline loop><\/video>\n\t\t\t\t\t<\/div><div class=\"elementor-element elementor-element-6a84486 e-flex e-con-boxed e-con e-child\" data-id=\"6a84486\" data-element_type=\"container\" data-e-type=\"container\">\n\t\t\t\t\t<div class=\"e-con-inner\">\n\t\t\t\t<div class=\"elementor-element elementor-element-0cd0830 elementor-invisible elementor-widget elementor-widget-heading\" data-id=\"0cd0830\" data-element_type=\"widget\" data-e-type=\"widget\" data-settings=\"{&quot;_animation&quot;:&quot;fadeInUp&quot;}\" data-widget_type=\"heading.default\">\n\t\t\t\t<div class=\"elementor-widget-container\">\n\t\t\t\t\t<h1 class=\"elementor-heading-title elementor-size-default\">We kijken terug op drie inspirerende dagen in M\u00fcnchen\n<\/h1>\t\t\t\t<\/div>\n\t\t\t\t<\/div>\n\t\t\t\t<div class=\"elementor-element elementor-element-d7967d6 elementor-invisible elementor-widget elementor-widget-heading\" data-id=\"d7967d6\" data-element_type=\"widget\" data-e-type=\"widget\" data-settings=\"{&quot;_animation&quot;:&quot;fadeInUp&quot;,&quot;_animation_delay&quot;:300}\" data-widget_type=\"heading.default\">\n\t\t\t\t<div class=\"elementor-widget-container\">\n\t\t\t\t\t<h2 class=\"elementor-heading-title elementor-size-default\">INTERSOLAR EUROPA 2025<\/h2>\t\t\t\t<\/div>\n\t\t\t\t<\/div>\n\t\t\t\t<div class=\"elementor-element elementor-element-9af21be elementor-invisible elementor-widget elementor-widget-heading\" data-id=\"9af21be\" data-element_type=\"widget\" data-e-type=\"widget\" data-settings=\"{&quot;_animation&quot;:&quot;fadeInUp&quot;}\" data-widget_type=\"heading.default\">\n\t\t\t\t<div class=\"elementor-widget-container\">\n\t\t\t\t\t<span class=\"elementor-heading-title elementor-size-default\">Laten we elkaar weer ontmoeten op Intersolar Europe 2026\n<\/span>\t\t\t\t<\/div>\n\t\t\t\t<\/div>\n\t\t\t\t\t<\/div>\n\t\t\t\t<\/div>\n\t\t\t\t\t<\/div>\n\t\t\t\t<\/div>\n\t\t<div class=\"elementor-element elementor-element-31d4a02 e-flex e-con-boxed e-con e-parent\" data-id=\"31d4a02\" data-element_type=\"container\" data-e-type=\"container\">\n\t\t\t\t\t<div class=\"e-con-inner\">\n\t\t<div class=\"elementor-element elementor-element-dcd24bd e-con-full e-flex e-con e-child\" data-id=\"dcd24bd\" data-element_type=\"container\" data-e-type=\"container\" data-settings=\"{&quot;background_background&quot;:&quot;classic&quot;}\">\n\t\t<div class=\"elementor-element elementor-element-25b3238 e-con-full e-flex e-con e-child\" data-id=\"25b3238\" data-element_type=\"container\" data-e-type=\"container\">\n\t\t<div class=\"elementor-element elementor-element-047b283 e-con-full e-flex e-con e-child\" data-id=\"047b283\" data-element_type=\"container\" data-e-type=\"container\" data-settings=\"{&quot;background_background&quot;:&quot;classic&quot;}\">\n\t\t\t\t<div class=\"elementor-element elementor-element-f19a8de elementor-invisible elementor-widget elementor-widget-heading\" data-id=\"f19a8de\" data-element_type=\"widget\" data-e-type=\"widget\" data-settings=\"{&quot;_animation&quot;:&quot;fadeInUp&quot;,&quot;_animation_delay&quot;:200}\" data-widget_type=\"heading.default\">\n\t\t\t\t<div class=\"elementor-widget-container\">\n\t\t\t\t\t<h2 class=\"elementor-heading-title elementor-size-default\">Bedankt voor je bezoek aan Intersolar Europe 2025!\n<\/h2>\t\t\t\t<\/div>\n\t\t\t\t<\/div>\n\t\t\t\t<div class=\"elementor-element elementor-element-58edcd4 elementor-invisible elementor-widget elementor-widget-text-editor\" data-id=\"58edcd4\" data-element_type=\"widget\" data-e-type=\"widget\" data-settings=\"{&quot;_animation&quot;:&quot;fadeIn&quot;,&quot;_animation_delay&quot;:600}\" data-widget_type=\"text-editor.default\">\n\t\t\t\t<div class=\"elementor-widget-container\">\n\t\t\t\t\t\t\t\t\t<p class=\"\" data-start=\"193\" data-end=\"527\">We willen alle bezoekers, partners en klanten bedanken die ons hebben bezocht op Intersolar Europe 2025 in M\u00fcnchen. Het was voor ons een groot genoegen om zoveel inspirerende gesprekken te voeren, spannende projecten te bespreken en samen de toekomst van energie vorm te geven.<\/p><p class=\"\" data-start=\"529\" data-end=\"698\">De beurs was voor ons een compleet succes - dankzij jullie! Uw enthousiasme voor duurzame energieoplossingen heeft ons opnieuw gemotiveerd om vol energie verder te gaan.<\/p><p class=\"\" data-start=\"700\" data-end=\"1004\">We kijken er nu al naar uit om je te zien bij de volgende <strong data-start=\"749\" data-end=\"775\">Intersolar Europa 2026<\/strong> opnieuw. Noteer de datum:<br data-start=\"834\" data-end=\"837\" \/><strong data-start=\"837\" data-end=\"884\">Dinsdag 23 tot donderdag 25 juni 2026<\/strong>, in de context van <strong data-start=\"900\" data-end=\"924\">Het slimmere Europa<\/strong>, Europa's grootste handelsbeurs voor de energie-industrie, in Messe M\u00fcnchen.<\/p><p class=\"\" data-start=\"1006\" data-end=\"1061\">Tot die tijd houden we voor jou de vinger aan de pols van de energietransitie!<\/p><p class=\"\" data-start=\"1063\" data-end=\"1108\">Uw team van Faber Solartechnik &amp; Faber E-Tec<\/p>\t\t\t\t\t\t\t\t<\/div>\n\t\t\t\t<\/div>\n\t\t\t\t<\/div>\n\t\t<div class=\"elementor-element elementor-element-1feb747 e-con-full animated-slow e-flex elementor-invisible e-con e-child\" data-id=\"1feb747\" data-element_type=\"container\" data-e-type=\"container\" data-settings=\"{&quot;animation&quot;:&quot;fadeIn&quot;}\">\n\t\t\t\t<div class=\"elementor-element elementor-element-678010d elementor-invisible elementor-widget elementor-widget-image\" data-id=\"678010d\" data-element_type=\"widget\" data-e-type=\"widget\" data-settings=\"{&quot;_animation&quot;:&quot;fadeInLeft&quot;,&quot;_animation_delay&quot;:300}\" data-widget_type=\"image.default\">\n\t\t\t\t<div class=\"elementor-widget-container\">\n\t\t\t\t\t\t\t\t\t\t\t\t\t\t\t<img decoding=\"async\" width=\"300\" height=\"85\" src=\"https:\/\/faber-etec.de\/wp-content\/uploads\/sites\/3\/2025\/02\/FEG-Faber-Energy-Group-Logo-SVG.svg\" class=\"attachment-medium size-medium wp-image-15373\" alt=\"-\" title=\"FEG Faber Energy Group - Logo SVG\">\t\t\t\t\t\t\t\t\t\t\t\t\t\t\t<\/div>\n\t\t\t\t<\/div>\n\t\t\t\t<div class=\"elementor-element elementor-element-be7acec elementor-invisible elementor-widget elementor-widget-image\" data-id=\"be7acec\" data-element_type=\"widget\" data-e-type=\"widget\" data-settings=\"{&quot;_animation&quot;:&quot;fadeInLeft&quot;,&quot;_animation_delay&quot;:600}\" data-widget_type=\"image.default\">\n\t\t\t\t<div class=\"elementor-widget-container\">\n\t\t\t\t\t\t\t\t\t\t\t\t\t\t\t\t<a  href=\"https:\/\/faber-etec.de\/nl\/\" title=\" - \" target=\"_blank\">\n\t\t\t\t\t\t\t<img decoding=\"async\" width=\"300\" height=\"102\" src=\"https:\/\/faber-etec.de\/wp-content\/uploads\/sites\/3\/2024\/06\/Faber-E-Tec-Logo-Web-SVG-Original.svg\" class=\"elementor-animation-grow attachment-medium size-medium wp-image-12630\" alt=\"Faber E-Tec GmbH Logo\" title=\"Faber E-Tec GmbH - Origineel\" \/>\t\t\t\t\t\t\t\t<\/a>\n\t\t\t\t\t\t\t\t\t\t\t\t\t\t\t<\/div>\n\t\t\t\t<\/div>\n\t\t\t\t<div class=\"elementor-element elementor-element-b22529e elementor-widget__width-initial elementor-invisible elementor-widget elementor-widget-image\" data-id=\"b22529e\" data-element_type=\"widget\" data-e-type=\"widget\" data-settings=\"{&quot;_animation&quot;:&quot;fadeInLeft&quot;,&quot;_animation_delay&quot;:900}\" data-widget_type=\"image.default\">\n\t\t\t\t<div class=\"elementor-widget-container\">\n\t\t\t\t\t\t\t\t\t\t\t\t\t\t\t\t<a href=\"https:\/\/faber-solartechnik.de\/\" title=\" - \" target=\"_blank\" rel=\"noopener\">\n\t\t\t\t\t\t\t<img decoding=\"async\" width=\"300\" height=\"97\" src=\"https:\/\/faber-etec.de\/wp-content\/uploads\/sites\/3\/2024\/11\/Faber-Solartechnik-FST-Logo-Web-SVG.svg\" class=\"elementor-animation-grow attachment-medium size-medium wp-image-14975\" alt=\"-\" title=\"Faber-Solartechnik-FST-Logo-Web-SVG\">\t\t\t\t\t\t\t\t<\/a>\n\t\t\t\t\t\t\t\t\t\t\t\t\t\t\t<\/div>\n\t\t\t\t<\/div>\n\t\t\t\t<div class=\"elementor-element elementor-element-40d5c58 elementor-widget__width-initial elementor-invisible elementor-widget elementor-widget-image\" data-id=\"40d5c58\" data-element_type=\"widget\" data-e-type=\"widget\" data-settings=\"{&quot;_animation&quot;:&quot;fadeInLeft&quot;,&quot;_animation_delay&quot;:1200}\" data-widget_type=\"image.default\">\n\t\t\t\t<div class=\"elementor-widget-container\">\n\t\t\t\t\t\t\t\t\t\t\t\t\t\t\t\t<a href=\"https:\/\/www.thesmartere.de\/start\" title=\"Begin - \" target=\"_blank\" rel=\"noopener\">\n\t\t\t\t\t\t\t<img loading=\"lazy\" decoding=\"async\" width=\"300\" height=\"75\" src=\"https:\/\/faber-etec.de\/wp-content\/uploads\/sites\/3\/2025\/02\/the-smarter-logo-300x75.png\" class=\"elementor-animation-grow attachment-medium size-medium wp-image-15380\" alt=\"-\" srcset=\"https:\/\/faber-etec.de\/wp-content\/uploads\/sites\/3\/2025\/02\/the-smarter-logo-300x75.png 300w, https:\/\/faber-etec.de\/wp-content\/uploads\/sites\/3\/2025\/02\/the-smarter-logo-1024x256.png 1024w, https:\/\/faber-etec.de\/wp-content\/uploads\/sites\/3\/2025\/02\/the-smarter-logo-768x192.png 768w, https:\/\/faber-etec.de\/wp-content\/uploads\/sites\/3\/2025\/02\/the-smarter-logo-1536x384.png 1536w, https:\/\/faber-etec.de\/wp-content\/uploads\/sites\/3\/2025\/02\/the-smarter-logo-18x5.png 18w, https:\/\/faber-etec.de\/wp-content\/uploads\/sites\/3\/2025\/02\/the-smarter-logo.png 1759w\" sizes=\"(max-width: 300px) 100vw, 300px\" title=\"het slimmere logo\">\t\t\t\t\t\t\t\t<\/a>\n\t\t\t\t\t\t\t\t\t\t\t\t\t\t\t<\/div>\n\t\t\t\t<\/div>\n\t\t\t\t<div class=\"elementor-element elementor-element-f33741a elementor-widget__width-initial elementor-invisible elementor-widget elementor-widget-image\" data-id=\"f33741a\" data-element_type=\"widget\" data-e-type=\"widget\" data-settings=\"{&quot;_animation&quot;:&quot;fadeInLeft&quot;,&quot;_animation_delay&quot;:1500}\" data-widget_type=\"image.default\">\n\t\t\t\t<div class=\"elementor-widget-container\">\n\t\t\t\t\t\t\t\t\t\t\t\t\t\t\t\t<a href=\"https:\/\/www.intersolar.de\/start\" title=\"Begin - \" target=\"_blank\" rel=\"noopener\">\n\t\t\t\t\t\t\t<img loading=\"lazy\" decoding=\"async\" width=\"300\" height=\"92\" src=\"https:\/\/faber-etec.de\/wp-content\/uploads\/sites\/3\/2025\/02\/intersolar-logo-weiss-300x92.jpg\" class=\"elementor-animation-grow attachment-medium size-medium wp-image-15634\" alt=\"-\" srcset=\"https:\/\/faber-etec.de\/wp-content\/uploads\/sites\/3\/2025\/02\/intersolar-logo-weiss-300x92.jpg 300w, https:\/\/faber-etec.de\/wp-content\/uploads\/sites\/3\/2025\/02\/intersolar-logo-weiss-18x6.jpg 18w, https:\/\/faber-etec.de\/wp-content\/uploads\/sites\/3\/2025\/02\/intersolar-logo-weiss.jpg 654w\" sizes=\"(max-width: 300px) 100vw, 300px\" title=\"Eenvoudig CMYK\">\t\t\t\t\t\t\t\t<\/a>\n\t\t\t\t\t\t\t\t\t\t\t\t\t\t\t<\/div>\n\t\t\t\t<\/div>\n\t\t\t\t<\/div>\n\t\t\t\t<\/div>\n\t\t\t\t<\/div>\n\t\t\t\t\t<\/div>\n\t\t\t\t<\/div>\n\t\t<div class=\"elementor-element elementor-element-4d172f0 e-flex e-con-boxed e-con e-parent\" data-id=\"4d172f0\" data-element_type=\"container\" data-e-type=\"container\" id=\"standinfos\">\n\t\t\t\t\t<div class=\"e-con-inner\">\n\t\t\t\t<div class=\"elementor-element elementor-element-920fcb2 elementor-invisible elementor-widget elementor-widget-heading\" data-id=\"920fcb2\" data-element_type=\"widget\" data-e-type=\"widget\" data-settings=\"{&quot;_animation&quot;:&quot;fadeInDown&quot;}\" data-widget_type=\"heading.default\">\n\t\t\t\t<div class=\"elementor-widget-container\">\n\t\t\t\t\t<h2 class=\"elementor-heading-title elementor-size-default\">Bezoek ons in M\u00fcnchen!<\/h2>\t\t\t\t<\/div>\n\t\t\t\t<\/div>\n\t\t<div class=\"elementor-element elementor-element-ea6e0e1 e-con-full e-flex e-con e-child\" data-id=\"ea6e0e1\" data-element_type=\"container\" data-e-type=\"container\">\n\t\t<div class=\"elementor-element elementor-element-2b7f176 e-con-full e-flex e-con e-child\" data-id=\"2b7f176\" data-element_type=\"container\" data-e-type=\"container\">\n\t\t\t\t<div class=\"elementor-element elementor-element-84cb917 elementor-view-default elementor-invisible elementor-widget elementor-widget-icon\" data-id=\"84cb917\" data-element_type=\"widget\" data-e-type=\"widget\" data-settings=\"{&quot;_animation&quot;:&quot;fadeIn&quot;}\" data-widget_type=\"icon.default\">\n\t\t\t\t<div class=\"elementor-widget-container\">\n\t\t\t\t\t\t\t<div class=\"elementor-icon-wrapper\">\n\t\t\t<div class=\"elementor-icon\">\n\t\t\t<svg xmlns=\"http:\/\/www.w3.org\/2000\/svg\" viewbox=\"0 0 354.3 354.3\"><g><g id=\"Ebene_1\"><g><path d=\"M174.4,348.7c-2.5-2.3-5.4-4.3-7.3-7-18.5-26.1-37-52.2-55-78.7-17.2-25.2-32.8-51.5-43.8-80.1-7.3-19-12.2-38.6-11.7-59.2.7-28,9.9-52.8,27.8-74.3,18.1-21.8,41.1-35.9,68.9-41.3,37.4-7.2,71.3,1.2,100.8,25.4,24.5,20.1,38.6,46.3,42.8,77.7,2.8,20.6-.5,40.6-6.8,60.3-9.1,27.9-22.8,53.5-38.9,77.7-17.6,26.5-36.1,52.3-54.1,78.4-3.2,4.7-6.3,9.5-9.8,14-2.1,2.6-4.9,4.7-7.3,7h-5.4ZM177,320.4c.6-.6.9-.9,1.2-1.3,19.8-28.7,40-57.2,59.3-86.3,13.8-20.8,25.2-43,33.1-66.9,6.4-19.6,9.2-39.5,5-59.9-11.1-54.1-64.4-89.2-118.7-78.1-54.4,11.1-89.4,65.2-77.8,119.8,4.4,20.6,12.4,39.7,22.2,58.1,15,28.5,33.5,54.7,52.1,80.9,7.9,11.1,15.8,22.2,23.9,33.5Z\"><\/path><path d=\"M237.4,126.3c0,33.5-26.8,60.3-60.3,60.3-33.4,0-60.3-26.9-60.3-60.4,0-33.4,26.9-60.2,60.5-60.2,33.2,0,60.1,26.9,60.1,60.2ZM217.3,126.2c0-21.9-18.3-40-40.1-40.1-22,0-40.3,18.3-40.2,40.3,0,21.8,18.3,40,40.1,40.1,22,0,40.3-18.4,40.2-40.3Z\"><\/path><\/g><\/g><\/g><\/svg>\t\t\t<\/div>\n\t\t<\/div>\n\t\t\t\t\t\t<\/div>\n\t\t\t\t<\/div>\n\t\t\t\t<div class=\"elementor-element elementor-element-bad169a elementor-widget elementor-widget-counter\" data-id=\"bad169a\" data-element_type=\"widget\" data-e-type=\"widget\" data-widget_type=\"counter.default\">\n\t\t\t\t<div class=\"elementor-widget-container\">\n\t\t\t\t\t\t\t<div class=\"elementor-counter\">\n\t\t\t<div class=\"elementor-counter-title\">Hal C5<\/div>\t\t\t<div class=\"elementor-counter-number-wrapper\">\n\t\t\t\t<span class=\"elementor-counter-number-prefix\">C<\/span>\n\t\t\t\t<span class=\"elementor-counter-number\" data-duration=\"2500\" data-to-value=\"5210\" data-from-value=\"0\" data-delimiter=\".\">0<\/span>\n\t\t\t\t<span class=\"elementor-counter-number-suffix\"><\/span>\n\t\t\t<\/div>\n\t\t<\/div>\n\t\t\t\t\t\t<\/div>\n\t\t\t\t<\/div>\n\t\t\t\t<\/div>\n\t\t<div class=\"elementor-element elementor-element-7427476 e-con-full e-flex e-con e-child\" data-id=\"7427476\" data-element_type=\"container\" data-e-type=\"container\">\n\t\t\t\t<div class=\"elementor-element elementor-element-8e86da3 elementor-view-default elementor-invisible elementor-widget elementor-widget-icon\" data-id=\"8e86da3\" data-element_type=\"widget\" data-e-type=\"widget\" data-settings=\"{&quot;_animation&quot;:&quot;fadeIn&quot;,&quot;_animation_delay&quot;:300}\" data-widget_type=\"icon.default\">\n\t\t\t\t<div class=\"elementor-widget-container\">\n\t\t\t\t\t\t\t<div class=\"elementor-icon-wrapper\">\n\t\t\t<div class=\"elementor-icon\">\n\t\t\t<svg xmlns=\"http:\/\/www.w3.org\/2000\/svg\" viewbox=\"0 0 354.3 354.3\"><g><g id=\"Ebene_1\"><g><path d=\"M144.8,349.4c-3.2-2-4.7-4.8-5-8.8-1.1-17.3-2.5-34.6-3.8-51.9-1.3-17.6-2.7-35.3-3.9-52.2-4.2-1.9-8.2-3-11.3-5.3-7.2-5.2-10.3-12.7-9.4-21.4,3.1-28.6,6.4-57.2,9.9-85.7,2.3-19.1,18.3-33,37.5-33,11.3,0,22.6,0,34,0,18.9,0,34.7,13.2,37.4,31.9,2.2,14.9,3.7,30,5.4,45,1.5,13,2.8,26,4.5,39,1.7,12.9-4.4,24.1-15.6,27.6-1.6.5-3.2.8-4.9,1.2-1,12.8-1.9,25.6-2.8,38.3-1.3,17-2.5,33.9-3.8,50.9-.4,5-.8,10.1-1,15.1-.2,4.1-1.5,7.4-5.3,9.3h-61.9ZM197.8,335.1c.6-8,1.1-15.6,1.7-23.2,1.3-17,2.5-34,3.8-50.9.8-11.1,1.6-22.1,2.6-33.2.3-3.9,2.6-6,6.5-6.5,1.4-.2,2.9-.2,4.4-.2,6.2,0,9.9-3.9,9.3-10-.8-8.2-1.9-16.5-2.8-24.7-2.2-19-4.5-38-6.5-57.1-1.4-13.3-10.2-24.8-26.1-24.1-10.4.5-20.8,0-31.3,0-11.8,0-20.7,6.8-23.4,18.2-1.1,4.8-1.5,9.7-2.1,14.6-1.9,16.6-3.8,33.1-5.7,49.7-.9,7.7-1.9,15.3-2.5,23-.6,6.7,2.7,10.1,9.3,10.1,1.1,0,2.2,0,3.4,0,4.5.4,7.1,2.9,7.5,7.5,1,12.3,1.8,24.6,2.7,36.9,1.6,22.3,3.2,44.7,4.8,67,.1,2.1,1,2.6,2.9,2.6,4-.1,8.1,0,12.1,0,9.6,0,19.2,0,29.3,0Z\"><\/path><path d=\"M180.4,4.9c6.8,1.6,13.2,3.9,18.7,8.6,11.8,10.1,15.9,27,9.8,41.2-6.1,14.4-21.2,23.5-36,21.8-16.7-1.9-29.3-13.2-32.2-29-3.7-19.8,9.1-38.3,28.9-42,.5,0,1-.4,1.5-.6,3.1,0,6.3,0,9.4,0ZM175.8,62.2c12,0,21.5-9.5,21.5-21.5,0-11.8-9.8-21.6-21.6-21.5-11.7.1-21.3,9.8-21.4,21.5,0,11.8,9.6,21.5,21.5,21.5Z\"><\/path><path d=\"M255.5,320.4h44c.7-9.3,1.4-18.4,2-27.5,1.3-17.5,2.5-35.1,3.8-52.6.3-4.2.6-8.5.9-12.7.3-4.5,3-7.2,7.6-7.3,1,0,2,0,3,0,6.9,0,9.6-3.4,8.8-10.2-2.9-23-6-46-8.6-69-1.6-14.5-12.4-21.7-23.5-21.3-10.4.4-20.8,0-31.3.1-3.2,0-6.4.6-9.6,1.2-4.4.9-8.1-.9-9.3-5-1.1-3.7,1-7.6,5.2-8.8,3.6-1,7.4-1.9,11.2-1.9,13-.1,26-.6,39,.4,17.7,1.4,30.4,15,32.4,32.7,2.4,21,5.2,42,7.8,63,.5,3.9,1.1,7.8,1.1,11.7,0,10.3-7,18.9-17.3,21-2.1.4-2.8,1.1-3,3.1-1.1,16.5-2.3,33.1-3.5,49.6-.9,13.5-1.8,27-2.8,40.6-.4,5.1-3.2,7.7-8.4,7.7-18.4,0-36.8,0-55.1,0-5,0-8-2.5-8.3-6.9-1.9-25.9-3.7-51.8-5.4-77.8-.1-2,.5-4.3,1.5-5.9,1.6-2.6,4.5-3.3,7.4-2.4,3.1.9,4.9,3.2,5.1,6.4,1.2,15.9,2.3,31.7,3.4,47.6.6,8,1.1,16.1,1.7,24.4Z\"><\/path><path d=\"M33.9,234.7c-10.1-1.6-17.3-6.8-19.2-16.8-1-5.2-.1-10.9.5-16.3,2.5-21,5.4-42,7.8-63,2-18,14.9-31.7,33.3-32.9,14.2-.9,28.4,0,42.7.1,1.4,0,2.9.4,4.3.8,4,1.2,6,4.6,5.2,8.5-.7,3.5-3.7,5.6-7.7,5.5-14-.3-28-.7-42-.8-11.1,0-19.4,7.4-21.1,18.3-1,6.5-1.8,13.1-2.6,19.6-2.2,17.2-4.2,34.4-6.5,51.6-1,7.5,1.6,10.7,9.2,10.7,7.8,0,9.6,1.6,10.2,9.5,1.8,24.7,3.5,49.4,5.3,74.1.4,5.5.9,10.9,1.3,16.6h43.9c.4-4.5.8-9,1.1-13.5,1.4-18.9,2.7-37.8,4.1-56.7.3-4.2,3.4-7,7.3-6.8,4.1.2,7.1,3.2,6.9,7.5-.6,11.2-1.4,22.4-2.2,33.5-1,14.2-2.1,28.4-3.1,42.6-.4,5.4-2.9,8-8.3,8.1-18.4,0-36.8,0-55.2,0-5.5,0-8.2-2.7-8.5-8.2-2.1-29.6-4.1-59.2-6.2-88.9,0-1.1-.3-2.2-.4-3.3Z\"><\/path><path d=\"M112.5,55.1c0,19.7-16.1,35.9-35.8,35.9-19.7,0-36-16.2-36-35.8,0-19.6,16.3-35.9,35.9-36,19.6,0,35.9,16.2,35.9,35.9ZM55.2,54.9c0,12,9.4,21.7,21.4,21.8,11.6,0,21.4-9.6,21.6-21.3.2-11.7-9.4-21.5-21.1-21.6-12.1-.1-21.7,9.2-21.8,21.2Z\"><\/path><path d=\"M277.5,91c-19.7,0-35.9-16.2-35.8-35.9,0-19.7,16.2-36,35.9-35.9,19.6,0,35.9,16.4,35.9,36,0,19.7-16.2,35.8-36,35.8ZM298.9,55.3c0-12-9.2-21.4-21.1-21.6-12-.1-21.7,9.3-21.9,21.3-.1,11.7,9.8,21.7,21.6,21.7,11.8,0,21.3-9.6,21.4-21.4Z\"><\/path><\/g><\/g><\/g><\/svg>\t\t\t<\/div>\n\t\t<\/div>\n\t\t\t\t\t\t<\/div>\n\t\t\t\t<\/div>\n\t\t\t\t<div class=\"elementor-element elementor-element-94f632c elementor-widget elementor-widget-counter\" data-id=\"94f632c\" data-element_type=\"widget\" data-e-type=\"widget\" data-widget_type=\"counter.default\">\n\t\t\t\t<div class=\"elementor-widget-container\">\n\t\t\t\t\t\t\t<div class=\"elementor-counter\">\n\t\t\t<div class=\"elementor-counter-title\">Experts ter plaatse<\/div>\t\t\t<div class=\"elementor-counter-number-wrapper\">\n\t\t\t\t<span class=\"elementor-counter-number-prefix\"><\/span>\n\t\t\t\t<span class=\"elementor-counter-number\" data-duration=\"3500\" data-to-value=\"20\" data-from-value=\"0\" data-delimiter=\".\">0<\/span>\n\t\t\t\t<span class=\"elementor-counter-number-suffix\"><\/span>\n\t\t\t<\/div>\n\t\t<\/div>\n\t\t\t\t\t\t<\/div>\n\t\t\t\t<\/div>\n\t\t\t\t<\/div>\n\t\t<div class=\"elementor-element elementor-element-44af5be e-con-full e-flex e-con e-child\" data-id=\"44af5be\" data-element_type=\"container\" data-e-type=\"container\">\n\t\t\t\t<div class=\"elementor-element elementor-element-03c2fb6 elementor-view-default elementor-invisible elementor-widget elementor-widget-icon\" data-id=\"03c2fb6\" data-element_type=\"widget\" data-e-type=\"widget\" data-settings=\"{&quot;_animation&quot;:&quot;fadeIn&quot;,&quot;_animation_delay&quot;:600}\" data-widget_type=\"icon.default\">\n\t\t\t\t<div class=\"elementor-widget-container\">\n\t\t\t\t\t\t\t<div class=\"elementor-icon-wrapper\">\n\t\t\t<div class=\"elementor-icon\">\n\t\t\t<svg xmlns=\"http:\/\/www.w3.org\/2000\/svg\" viewbox=\"0 0 354.3 354.3\"><g><g id=\"Ebene_1\"><g><path d=\"M177.1,17.2c34.5,0,69-.1,103.6,0,19.9,0,35.6,8.5,46.9,24.9,6.5,9.5,9.4,20.2,9.4,31.6,0,68.9,0,137.9,0,206.8,0,28.3-19.3,50.9-47.1,55.7-3.5.6-7.1.7-10.6.7-68.1,0-136.1,0-204.2,0-27.9,0-50.1-17-56.2-43.4-1-4.5-1.5-9.1-1.5-13.7,0-68.6,0-137.3,0-205.9,0-28.6,18.9-51.1,47-56.2,3.3-.6,6.6-.7,10-.7,34.3,0,68.6,0,102.9,0ZM320.6,177.5c0-34.2,0-68.4,0-102.6,0-2.6,0-5.2-.3-7.7-3.3-21-21.5-33.6-39.6-33.6-69,.3-138.1.3-207.1,0-21.4,0-40,17.7-39.9,39.8.2,69.2,0,138.3.1,207.5,0,3.4.3,6.9,1.1,10.2,4.4,17.3,19.3,29.4,37.3,29.5,70,.2,140,0,210,0,3,0,6-.4,8.9-1.1,17-4.1,29.7-20.2,29.5-38.7-.3-34.4,0-68.8,0-103.3Z\"><\/path><path d=\"M121.7,220.1c32.9-32.9,65.5-65.5,98.4-98.4-1.1,0-2.2,0-3.3,0-11.3,0-22.6,0-33.9,0-4.8,0-8-2.8-8.4-7.1-.5-4.9,2.9-9,7.8-9,19.5,0,38.9,0,58.4,0,4.6,0,8,3.4,8,8,0,19.5,0,38.9,0,58.4,0,4.6-3.6,7.9-8,8-4.7,0-8-3.3-8.1-8.2,0-11.3,0-22.6,0-33.9,0-1.2,0-2.3,0-2.8-32.4,32.4-65,65.1-97.5,97.5.2,0,1.3,0,2.4,0,11.3,0,22.6,0,33.9,0,4.7,0,7.9,2.7,8.4,6.8.6,5.1-2.7,9.3-7.8,9.3-19.5,0-38.9,0-58.4,0-4.5,0-8-3.5-8-8,0-19.5,0-38.9,0-58.4,0-4.6,3.6-7.9,8-7.9,4.5,0,8,3.2,8,7.9.1,11.4,0,22.8,0,34.2,0,1.2,0,2.3,0,3.6Z\"><\/path><\/g><\/g><\/g><\/svg>\t\t\t<\/div>\n\t\t<\/div>\n\t\t\t\t\t\t<\/div>\n\t\t\t\t<\/div>\n\t\t\t\t<div class=\"elementor-element elementor-element-14e0c72 elementor-widget elementor-widget-counter\" data-id=\"14e0c72\" data-element_type=\"widget\" data-e-type=\"widget\" data-widget_type=\"counter.default\">\n\t\t\t\t<div class=\"elementor-widget-container\">\n\t\t\t\t\t\t\t<div class=\"elementor-counter\">\n\t\t\t<div class=\"elementor-counter-title\">m\u00b2 beursstand<\/div>\t\t\t<div class=\"elementor-counter-number-wrapper\">\n\t\t\t\t<span class=\"elementor-counter-number-prefix\"><\/span>\n\t\t\t\t<span class=\"elementor-counter-number\" data-duration=\"5000\" data-to-value=\"170\" data-from-value=\"0\" data-delimiter=\".\">0<\/span>\n\t\t\t\t<span class=\"elementor-counter-number-suffix\"><\/span>\n\t\t\t<\/div>\n\t\t<\/div>\n\t\t\t\t\t\t<\/div>\n\t\t\t\t<\/div>\n\t\t\t\t<\/div>\n\t\t\t\t<\/div>\n\t\t\t\t\t<\/div>\n\t\t\t\t<\/div>\n\t\t<div class=\"elementor-element elementor-element-786374f e-flex e-con-boxed elementor-invisible e-con e-parent\" data-id=\"786374f\" data-element_type=\"container\" data-e-type=\"container\" data-settings=\"{&quot;animation&quot;:&quot;fadeIn&quot;}\">\n\t\t\t\t\t<div class=\"e-con-inner\">\n\t\t<div class=\"elementor-element elementor-element-64bdaab e-con-full e-flex e-con e-child\" data-id=\"64bdaab\" data-element_type=\"container\" data-e-type=\"container\" data-settings=\"{&quot;background_background&quot;:&quot;classic&quot;}\">\n\t\t\t\t<div class=\"elementor-element elementor-element-c69e465 elementor-widget elementor-widget-video\" data-id=\"c69e465\" data-element_type=\"widget\" data-e-type=\"widget\" data-settings=\"{&quot;youtube_url&quot;:&quot;https:\\\/\\\/youtu.be\\\/34Gvrwcu33w?si=CJQtqnnvIc7IsXXt&quot;,&quot;yt_privacy&quot;:&quot;yes&quot;,&quot;lazy_load&quot;:&quot;yes&quot;,&quot;show_image_overlay&quot;:&quot;yes&quot;,&quot;image_overlay&quot;:{&quot;url&quot;:&quot;https:\\\/\\\/faber-etec.de\\\/wp-content\\\/uploads\\\/sites\\\/3\\\/2024\\\/06\\\/DSC08651-scaled.jpg&quot;,&quot;id&quot;:6433,&quot;size&quot;:&quot;&quot;,&quot;alt&quot;:&quot;&quot;,&quot;source&quot;:&quot;library&quot;},&quot;video_type&quot;:&quot;youtube&quot;,&quot;controls&quot;:&quot;yes&quot;}\" data-widget_type=\"video.default\">\n\t\t\t\t<div class=\"elementor-widget-container\">\n\t\t\t\t\t\t\t<div class=\"elementor-wrapper elementor-open-inline\">\n\t\t\t<div class=\"elementor-video\"><\/div>\t\t\t\t<div class=\"elementor-custom-embed-image-overlay\" style=\"background-image: url(https:\/\/faber-etec.de\/wp-content\/uploads\/sites\/3\/2024\/06\/DSC08651-1024x683.jpg);\">\n\t\t\t\t\t\t\t\t\t\t\t\t\t\t\t\t<div class=\"elementor-custom-embed-play\" role=\"button\" aria-label=\"Video afspelen\" tabindex=\"0\">\n\t\t\t\t\t\t\t<i aria-hidden=\"true\" class=\"far fa-play-circle\"><\/i>\t\t\t\t\t\t<\/div>\n\t\t\t\t\t\t\t\t\t<\/div>\n\t\t\t\t\t<\/div>\n\t\t\t\t\t\t<\/div>\n\t\t\t\t<\/div>\n\t\t\t\t<\/div>\n\t\t\t\t\t<\/div>\n\t\t\t\t<\/div>\n\t\t<div class=\"elementor-element elementor-element-b2c4841 e-flex e-con-boxed elementor-invisible e-con e-parent\" data-id=\"b2c4841\" data-element_type=\"container\" data-e-type=\"container\" data-settings=\"{&quot;background_background&quot;:&quot;classic&quot;,&quot;animation&quot;:&quot;fadeIn&quot;}\">\n\t\t\t\t\t<div class=\"e-con-inner\">\n\t\t\t\t<div class=\"elementor-element elementor-element-e619986 elementor-widget elementor-widget-heading\" data-id=\"e619986\" data-element_type=\"widget\" data-e-type=\"widget\" data-widget_type=\"heading.default\">\n\t\t\t\t<div class=\"elementor-widget-container\">\n\t\t\t\t\t<h3 class=\"elementor-heading-title elementor-size-default\">Intersolar Europe in een oogopslag\n<\/h3>\t\t\t\t<\/div>\n\t\t\t\t<\/div>\n\t\t\t\t<div class=\"elementor-element elementor-element-768a4da elementor-widget elementor-widget-text-editor\" data-id=\"768a4da\" data-element_type=\"widget\" data-e-type=\"widget\" data-widget_type=\"text-editor.default\">\n\t\t\t\t<div class=\"elementor-widget-container\">\n\t\t\t\t\t\t\t\t\t<p>Het evenement in 2024 was een groot succes - kom erbij in 2025!<\/p>\t\t\t\t\t\t\t\t<\/div>\n\t\t\t\t<\/div>\n\t\t<div class=\"elementor-element elementor-element-26f559b e-con-full e-flex elementor-invisible e-con e-child\" data-id=\"26f559b\" data-element_type=\"container\" data-e-type=\"container\" data-settings=\"{&quot;animation&quot;:&quot;fadeIn&quot;,&quot;animation_delay&quot;:&quot;300&quot;}\">\n\t\t<div class=\"elementor-element elementor-element-4f18752 e-con-full e-flex e-con e-child\" data-id=\"4f18752\" data-element_type=\"container\" data-e-type=\"container\">\n\t\t<div class=\"elementor-element elementor-element-a9da498 e-con-full e-flex elementor-invisible e-con e-child\" data-id=\"a9da498\" data-element_type=\"container\" data-e-type=\"container\" data-settings=\"{&quot;background_background&quot;:&quot;classic&quot;,&quot;animation&quot;:&quot;fadeIn&quot;}\">\n\t\t\t\t<div class=\"elementor-element elementor-element-187711f elementor-widget elementor-widget-heading\" data-id=\"187711f\" data-element_type=\"widget\" data-e-type=\"widget\" data-widget_type=\"heading.default\">\n\t\t\t\t<div class=\"elementor-widget-container\">\n\t\t\t\t\t<h4 class=\"elementor-heading-title elementor-size-default\">Onthoud de datum<\/h4>\t\t\t\t<\/div>\n\t\t\t\t<\/div>\n\t\t\t\t<div class=\"elementor-element elementor-element-b8ccc61 elementor-widget elementor-widget-text-editor\" data-id=\"b8ccc61\" data-element_type=\"widget\" data-e-type=\"widget\" data-widget_type=\"text-editor.default\">\n\t\t\t\t<div class=\"elementor-widget-container\">\n\t\t\t\t\t\t\t\t\t<h5><strong>7-9 mei 2025<\/strong><\/h5><p>9.00-18.00 uur | Woensdag<br \/>9.00-18.00 uur | Donderdag<br \/>9.00-17.00 uur | Vrijdag<\/p>\t\t\t\t\t\t\t\t<\/div>\n\t\t\t\t<\/div>\n\t\t\t\t<div class=\"elementor-element elementor-element-d35da0e elementor-widget elementor-widget-image\" data-id=\"d35da0e\" data-element_type=\"widget\" data-e-type=\"widget\" data-widget_type=\"image.default\">\n\t\t\t\t<div class=\"elementor-widget-container\">\n\t\t\t\t\t\t\t\t\t\t\t\t\t\t\t<img loading=\"lazy\" decoding=\"async\" width=\"300\" height=\"300\" src=\"https:\/\/faber-etec.de\/wp-content\/uploads\/sites\/3\/2024\/08\/calendar-300x300.png\" class=\"attachment-medium size-medium wp-image-12051\" alt=\"-\" srcset=\"https:\/\/faber-etec.de\/wp-content\/uploads\/sites\/3\/2024\/08\/calendar-300x300.png 300w, https:\/\/faber-etec.de\/wp-content\/uploads\/sites\/3\/2024\/08\/calendar-150x150.png 150w, https:\/\/faber-etec.de\/wp-content\/uploads\/sites\/3\/2024\/08\/calendar-12x12.png 12w, https:\/\/faber-etec.de\/wp-content\/uploads\/sites\/3\/2024\/08\/calendar.png 512w\" sizes=\"(max-width: 300px) 100vw, 300px\" title=\"calendar\">\t\t\t\t\t\t\t\t\t\t\t\t\t\t\t<\/div>\n\t\t\t\t<\/div>\n\t\t\t\t<\/div>\n\t\t<div class=\"elementor-element elementor-element-2d17048 e-con-full e-flex elementor-invisible e-con e-child\" data-id=\"2d17048\" data-element_type=\"container\" data-e-type=\"container\" data-settings=\"{&quot;background_background&quot;:&quot;classic&quot;,&quot;animation&quot;:&quot;fadeIn&quot;,&quot;animation_delay&quot;:300}\">\n\t\t\t\t<div class=\"elementor-element elementor-element-f60a1a1 elementor-widget elementor-widget-heading\" data-id=\"f60a1a1\" data-element_type=\"widget\" data-e-type=\"widget\" data-widget_type=\"heading.default\">\n\t\t\t\t<div class=\"elementor-widget-container\">\n\t\t\t\t\t<span class=\"elementor-heading-title elementor-size-default\">Exposant<\/span>\t\t\t\t<\/div>\n\t\t\t\t<\/div>\n\t\t\t\t<div class=\"elementor-element elementor-element-5383ad1 elementor-widget elementor-widget-text-editor\" data-id=\"5383ad1\" data-element_type=\"widget\" data-e-type=\"widget\" data-widget_type=\"text-editor.default\">\n\t\t\t\t<div class=\"elementor-widget-container\">\n\t\t\t\t\t\t\t\t\t<p><strong>1.450<\/strong> Exposant bij Intersolar Europe<\/p><p><strong>1.800<\/strong> Leverancier van producten en diensten op het gebied van zonne-energie<\/p><p><strong>3.000+<\/strong> Exposant bij De slimmere E Europa als geheel<\/p>\t\t\t\t\t\t\t\t<\/div>\n\t\t\t\t<\/div>\n\t\t\t\t<div class=\"elementor-element elementor-element-1c7bfb7 elementor-widget elementor-widget-image\" data-id=\"1c7bfb7\" data-element_type=\"widget\" data-e-type=\"widget\" data-widget_type=\"image.default\">\n\t\t\t\t<div class=\"elementor-widget-container\">\n\t\t\t\t\t\t\t\t\t\t\t\t\t\t\t<img loading=\"lazy\" decoding=\"async\" width=\"300\" height=\"300\" src=\"https:\/\/faber-etec.de\/wp-content\/uploads\/sites\/3\/2025\/02\/mentoring-300x300.png\" class=\"attachment-medium size-medium wp-image-15492\" alt=\"-\" srcset=\"https:\/\/faber-etec.de\/wp-content\/uploads\/sites\/3\/2025\/02\/mentoring-300x300.png 300w, https:\/\/faber-etec.de\/wp-content\/uploads\/sites\/3\/2025\/02\/mentoring-150x150.png 150w, https:\/\/faber-etec.de\/wp-content\/uploads\/sites\/3\/2025\/02\/mentoring-12x12.png 12w, https:\/\/faber-etec.de\/wp-content\/uploads\/sites\/3\/2025\/02\/mentoring-400x400.png 400w, https:\/\/faber-etec.de\/wp-content\/uploads\/sites\/3\/2025\/02\/mentoring.png 512w\" sizes=\"(max-width: 300px) 100vw, 300px\" title=\"begeleiding\">\t\t\t\t\t\t\t\t\t\t\t\t\t\t\t<\/div>\n\t\t\t\t<\/div>\n\t\t\t\t<\/div>\n\t\t\t\t<\/div>\n\t\t<div class=\"elementor-element elementor-element-452f681 e-con-full e-flex e-con e-child\" data-id=\"452f681\" data-element_type=\"container\" data-e-type=\"container\">\n\t\t<div class=\"elementor-element elementor-element-0a6be2a e-con-full e-flex elementor-invisible e-con e-child\" data-id=\"0a6be2a\" data-element_type=\"container\" data-e-type=\"container\" data-settings=\"{&quot;background_background&quot;:&quot;classic&quot;,&quot;animation&quot;:&quot;fadeIn&quot;,&quot;animation_delay&quot;:300}\">\n\t\t\t\t<div class=\"elementor-element elementor-element-f48a917 elementor-widget elementor-widget-heading\" data-id=\"f48a917\" data-element_type=\"widget\" data-e-type=\"widget\" data-widget_type=\"heading.default\">\n\t\t\t\t<div class=\"elementor-widget-container\">\n\t\t\t\t\t<span class=\"elementor-heading-title elementor-size-default\">Plattegrond <\/span>\t\t\t\t<\/div>\n\t\t\t\t<\/div>\n\t\t\t\t<div class=\"elementor-element elementor-element-a0aed8b elementor-widget elementor-widget-text-editor\" data-id=\"a0aed8b\" data-element_type=\"widget\" data-e-type=\"widget\" data-widget_type=\"text-editor.default\">\n\t\t\t\t<div class=\"elementor-widget-container\">\n\t\t\t\t\t\t\t\t\t<p>Het slimmere Europa 2025<\/p>\t\t\t\t\t\t\t\t<\/div>\n\t\t\t\t<\/div>\n\t\t\t\t<div class=\"elementor-element elementor-element-267e2ce elementor-align-justify elementor-widget elementor-widget-button\" data-id=\"267e2ce\" data-element_type=\"widget\" data-e-type=\"widget\" data-widget_type=\"button.default\">\n\t\t\t\t<div class=\"elementor-widget-container\">\n\t\t\t\t\t\t\t\t\t<div class=\"elementor-button-wrapper\">\n\t\t\t\t\t<a class=\"elementor-button elementor-button-link elementor-size-sm elementor-animation-grow\" href=\"https:\/\/www.intersolar.de\/messehallen\" title=\"Tentoonstellingshallen - Plattegrond als PDF\" target=\"_blank\" rel=\"noopener\">\n\t\t\t\t\t\t<span class=\"elementor-button-content-wrapper\">\n\t\t\t\t\t\t<span class=\"elementor-button-icon\">\n\t\t\t\t<i aria-hidden=\"true\" class=\"fas fa-map-marked-alt\"><\/i>\t\t\t<\/span>\n\t\t\t\t\t\t\t\t\t<span class=\"elementor-button-text\">Plattegrond als PDF<\/span>\n\t\t\t\t\t<\/span>\n\t\t\t\t\t<\/a>\n\t\t\t\t<\/div>\n\t\t\t\t\t\t\t\t<\/div>\n\t\t\t\t<\/div>\n\t\t\t\t<\/div>\n\t\t<div class=\"elementor-element elementor-element-733227e e-con-full e-flex elementor-invisible e-con e-child\" data-id=\"733227e\" data-element_type=\"container\" data-e-type=\"container\" data-settings=\"{&quot;background_background&quot;:&quot;classic&quot;,&quot;animation&quot;:&quot;fadeIn&quot;,&quot;animation_delay&quot;:500}\">\n\t\t\t\t<div class=\"elementor-element elementor-element-a75897e elementor-widget elementor-widget-heading\" data-id=\"a75897e\" data-element_type=\"widget\" data-e-type=\"widget\" data-widget_type=\"heading.default\">\n\t\t\t\t<div class=\"elementor-widget-container\">\n\t\t\t\t\t<span class=\"elementor-heading-title elementor-size-default\">Bezoekers<\/span>\t\t\t\t<\/div>\n\t\t\t\t<\/div>\n\t\t\t\t<div class=\"elementor-element elementor-element-88b8aab elementor-widget elementor-widget-heading\" data-id=\"88b8aab\" data-element_type=\"widget\" data-e-type=\"widget\" data-widget_type=\"heading.default\">\n\t\t\t\t<div class=\"elementor-widget-container\">\n\t\t\t\t\t<span class=\"elementor-heading-title elementor-size-default\"> <strong>110.000+<\/strong><\/span>\t\t\t\t<\/div>\n\t\t\t\t<\/div>\n\t\t\t\t<div class=\"elementor-element elementor-element-48c69ac elementor-widget elementor-widget-text-editor\" data-id=\"48c69ac\" data-element_type=\"widget\" data-e-type=\"widget\" data-widget_type=\"text-editor.default\">\n\t\t\t\t<div class=\"elementor-widget-container\">\n\t\t\t\t\t\t\t\t\t<p>(verwacht) <br \/>De slimmere E Europe in het algemeen<\/p>\t\t\t\t\t\t\t\t<\/div>\n\t\t\t\t<\/div>\n\t\t\t\t<\/div>\n\t\t<div class=\"elementor-element elementor-element-6a67d55 e-con-full e-flex elementor-invisible e-con e-child\" data-id=\"6a67d55\" data-element_type=\"container\" data-e-type=\"container\" data-settings=\"{&quot;background_background&quot;:&quot;classic&quot;,&quot;animation&quot;:&quot;fadeIn&quot;,&quot;animation_delay&quot;:500}\">\n\t\t\t\t<div class=\"elementor-element elementor-element-b144a52 elementor-widget elementor-widget-heading\" data-id=\"b144a52\" data-element_type=\"widget\" data-e-type=\"widget\" data-widget_type=\"heading.default\">\n\t\t\t\t<div class=\"elementor-widget-container\">\n\t\t\t\t\t<span class=\"elementor-heading-title elementor-size-default\">Tentoonstellingsruimte<\/span>\t\t\t\t<\/div>\n\t\t\t\t<\/div>\n\t\t\t\t<div class=\"elementor-element elementor-element-d60a441 elementor-widget elementor-widget-text-editor\" data-id=\"d60a441\" data-element_type=\"widget\" data-e-type=\"widget\" data-widget_type=\"text-editor.default\">\n\t\t\t\t<div class=\"elementor-widget-container\">\n\t\t\t\t\t\t\t\t\t<p><strong>105.500 m\u00b2<\/strong> Intersolar Europa<br \/><strong>206.000 m\u00b2<\/strong> Het slimmere Europa<\/p>\t\t\t\t\t\t\t\t<\/div>\n\t\t\t\t<\/div>\n\t\t\t\t<div class=\"elementor-element elementor-element-8ef993d elementor-widget elementor-widget-image\" data-id=\"8ef993d\" data-element_type=\"widget\" data-e-type=\"widget\" data-widget_type=\"image.default\">\n\t\t\t\t<div class=\"elementor-widget-container\">\n\t\t\t\t\t\t\t\t\t\t\t\t\t\t\t<img loading=\"lazy\" decoding=\"async\" width=\"400\" height=\"400\" src=\"https:\/\/faber-etec.de\/wp-content\/uploads\/sites\/3\/2025\/02\/network-400x400.png\" class=\"attachment-gform-image-choice-md size-gform-image-choice-md wp-image-15478\" alt=\"-\" srcset=\"https:\/\/faber-etec.de\/wp-content\/uploads\/sites\/3\/2025\/02\/network-400x400.png 400w, https:\/\/faber-etec.de\/wp-content\/uploads\/sites\/3\/2025\/02\/network-300x300.png 300w, https:\/\/faber-etec.de\/wp-content\/uploads\/sites\/3\/2025\/02\/network-150x150.png 150w, https:\/\/faber-etec.de\/wp-content\/uploads\/sites\/3\/2025\/02\/network-12x12.png 12w, https:\/\/faber-etec.de\/wp-content\/uploads\/sites\/3\/2025\/02\/network.png 512w\" sizes=\"(max-width: 400px) 100vw, 400px\" title=\"netwerk\">\t\t\t\t\t\t\t\t\t\t\t\t\t\t\t<\/div>\n\t\t\t\t<\/div>\n\t\t\t\t<\/div>\n\t\t\t\t<\/div>\n\t\t<div class=\"elementor-element elementor-element-97bdb59 e-con-full e-flex e-con e-child\" data-id=\"97bdb59\" data-element_type=\"container\" data-e-type=\"container\">\n\t\t<div class=\"elementor-element elementor-element-dc54a18 e-con-full e-flex elementor-invisible e-con e-child\" data-id=\"dc54a18\" data-element_type=\"container\" data-e-type=\"container\" data-settings=\"{&quot;background_background&quot;:&quot;classic&quot;,&quot;animation&quot;:&quot;fadeIn&quot;,&quot;animation_delay&quot;:600}\">\n\t\t\t\t<div class=\"elementor-element elementor-element-f83f156 elementor-widget elementor-widget-heading\" data-id=\"f83f156\" data-element_type=\"widget\" data-e-type=\"widget\" data-widget_type=\"heading.default\">\n\t\t\t\t<div class=\"elementor-widget-container\">\n\t\t\t\t\t<span class=\"elementor-heading-title elementor-size-default\">Vakbeurscentrum M\u00fcnchen<\/span>\t\t\t\t<\/div>\n\t\t\t\t<\/div>\n\t\t\t\t<div class=\"elementor-element elementor-element-335e122 elementor-widget elementor-widget-text-editor\" data-id=\"335e122\" data-element_type=\"widget\" data-e-type=\"widget\" data-widget_type=\"text-editor.default\">\n\t\t\t\t<div class=\"elementor-widget-container\">\n\t\t\t\t\t\t\t\t\t<p>A1-A6, B3-B4, C1, C4, buitenruimte<br \/>Tentoonstellingscentrum<br \/>81823 M\u00fcnchen<\/p>\t\t\t\t\t\t\t\t<\/div>\n\t\t\t\t<\/div>\n\t\t\t\t<div class=\"elementor-element elementor-element-1b3f8da elementor-widget elementor-widget-image\" data-id=\"1b3f8da\" data-element_type=\"widget\" data-e-type=\"widget\" data-widget_type=\"image.default\">\n\t\t\t\t<div class=\"elementor-widget-container\">\n\t\t\t\t\t\t\t\t\t\t\t\t\t\t\t\t<a href=\"https:\/\/g.co\/kgs\/x7DKD5H\" title=\"X7DKD5H - \" target=\"_blank\">\n\t\t\t\t\t\t\t<img loading=\"lazy\" decoding=\"async\" width=\"300\" height=\"297\" src=\"https:\/\/faber-etec.de\/wp-content\/uploads\/sites\/3\/2025\/02\/deutschland-germany-Munich.svg\" class=\"elementor-animation-grow attachment-medium size-medium wp-image-15474\" alt=\"-\" title=\"Duitsland-Duitsland-M\u00fcnchen\">\t\t\t\t\t\t\t\t<\/a>\n\t\t\t\t\t\t\t\t\t\t\t\t\t\t\t<\/div>\n\t\t\t\t<\/div>\n\t\t\t\t<\/div>\n\t\t<div class=\"elementor-element elementor-element-fb064fa e-con-full e-flex elementor-invisible e-con e-child\" data-id=\"fb064fa\" data-element_type=\"container\" data-e-type=\"container\" data-settings=\"{&quot;background_background&quot;:&quot;classic&quot;,&quot;animation&quot;:&quot;fadeIn&quot;,&quot;animation_delay&quot;:900}\">\n\t\t\t\t<div class=\"elementor-element elementor-element-20bd598 elementor-widget elementor-widget-heading\" data-id=\"20bd598\" data-element_type=\"widget\" data-e-type=\"widget\" data-widget_type=\"heading.default\">\n\t\t\t\t<div class=\"elementor-widget-container\">\n\t\t\t\t\t<span class=\"elementor-heading-title elementor-size-default\">Sociale media<\/span>\t\t\t\t<\/div>\n\t\t\t\t<\/div>\n\t\t\t\t<div class=\"elementor-element elementor-element-2da783e elementor-widget elementor-widget-text-editor\" data-id=\"2da783e\" data-element_type=\"widget\" data-e-type=\"widget\" data-widget_type=\"text-editor.default\">\n\t\t\t\t<div class=\"elementor-widget-container\">\n\t\t\t\t\t\t\t\t\t<p><strong>Netwerk met ons<\/strong><\/p><p>Krijg boeiende inzichten in onze oplossingen en het laatste nieuws uit de sector!<\/p>\t\t\t\t\t\t\t\t<\/div>\n\t\t\t\t<\/div>\n\t\t\t\t<div class=\"elementor-element elementor-element-fd33c5e elementor-shape-rounded elementor-grid-0 e-grid-align-center elementor-widget elementor-widget-social-icons\" data-id=\"fd33c5e\" data-element_type=\"widget\" data-e-type=\"widget\" data-widget_type=\"social-icons.default\">\n\t\t\t\t<div class=\"elementor-widget-container\">\n\t\t\t\t\t\t\t<div class=\"elementor-social-icons-wrapper elementor-grid\" role=\"list\">\n\t\t\t\t\t\t\t<span class=\"elementor-grid-item\" role=\"listitem\">\n\t\t\t\t\t<a class=\"elementor-icon elementor-social-icon elementor-social-icon-linkedin elementor-animation-grow elementor-repeater-item-2b87a25\" href=\"https:\/\/www.linkedin.com\/company\/faber-etec\/\" target=\"_blank\" title=\"Volg ons op Linkedin\" rel=\"noopener\">\n\t\t\t\t\t\t<span class=\"elementor-screen-only\">Linkedin<\/span>\n\t\t\t\t\t\t<i aria-hidden=\"true\" class=\"fab fa-linkedin\"><\/i>\t\t\t\t\t<\/a>\n\t\t\t\t<\/span>\n\t\t\t\t\t\t\t<span class=\"elementor-grid-item\" role=\"listitem\">\n\t\t\t\t\t<a class=\"elementor-icon elementor-social-icon elementor-social-icon-instagram elementor-animation-grow elementor-repeater-item-c4ec2f4\" href=\"https:\/\/www.instagram.com\/faber.energy\/\" target=\"_blank\" title=\"Volg ons op Instagram\" rel=\"noopener\">\n\t\t\t\t\t\t<span class=\"elementor-screen-only\">Instagram<\/span>\n\t\t\t\t\t\t<i aria-hidden=\"true\" class=\"fab fa-instagram\"><\/i>\t\t\t\t\t<\/a>\n\t\t\t\t<\/span>\n\t\t\t\t\t\t\t<span class=\"elementor-grid-item\" role=\"listitem\">\n\t\t\t\t\t<a class=\"elementor-icon elementor-social-icon elementor-social-icon-facebook elementor-animation-grow elementor-repeater-item-2651a5f\" href=\"https:\/\/www.facebook.com\/profile.php?id=61566434640105\" target=\"_blank\" title=\"Volg ons op Facebook\" rel=\"noopener\">\n\t\t\t\t\t\t<span class=\"elementor-screen-only\">Facebook<\/span>\n\t\t\t\t\t\t<i aria-hidden=\"true\" class=\"fab fa-facebook\"><\/i>\t\t\t\t\t<\/a>\n\t\t\t\t<\/span>\n\t\t\t\t\t\t\t<span class=\"elementor-grid-item\" role=\"listitem\">\n\t\t\t\t\t<a class=\"elementor-icon elementor-social-icon elementor-social-icon-x-twitter elementor-animation-grow elementor-repeater-item-4ef3195\" href=\"https:\/\/x.com\/Faber_Energy\" target=\"_blank\" title=\"Volg ons op X Twitter\">\n\t\t\t\t\t\t<span class=\"elementor-screen-only\">X-twitter<\/span>\n\t\t\t\t\t\t<i aria-hidden=\"true\" class=\"fab fa-x-twitter\"><\/i>\t\t\t\t\t<\/a>\n\t\t\t\t<\/span>\n\t\t\t\t\t\t\t<span class=\"elementor-grid-item\" role=\"listitem\">\n\t\t\t\t\t<a class=\"elementor-icon elementor-social-icon elementor-social-icon-youtube elementor-animation-grow elementor-repeater-item-837340d\" href=\"https:\/\/www.youtube.com\/@Faber.Energy\" target=\"_blank\" title=\"Volg ons op Youtube\" rel=\"noopener\">\n\t\t\t\t\t\t<span class=\"elementor-screen-only\">Youtube<\/span>\n\t\t\t\t\t\t<i aria-hidden=\"true\" class=\"fab fa-youtube\"><\/i>\t\t\t\t\t<\/a>\n\t\t\t\t<\/span>\n\t\t\t\t\t\t\t<span class=\"elementor-grid-item\" role=\"listitem\">\n\t\t\t\t\t<a class=\"elementor-icon elementor-social-icon elementor-social-icon-threads elementor-animation-grow elementor-repeater-item-c864bea\" href=\"https:\/\/www.threads.net\/@faber.energy\" target=\"_blank\" title=\"Volg ons op threads\" rel=\"noopener\">\n\t\t\t\t\t\t<span class=\"elementor-screen-only\">Draden<\/span>\n\t\t\t\t\t\t<i aria-hidden=\"true\" class=\"fab fa-threads\"><\/i>\t\t\t\t\t<\/a>\n\t\t\t\t<\/span>\n\t\t\t\t\t<\/div>\n\t\t\t\t\t\t<\/div>\n\t\t\t\t<\/div>\n\t\t\t\t<\/div>\n\t\t\t\t<\/div>\n\t\t\t\t<\/div>\n\t\t\t\t\t<\/div>\n\t\t\t\t<\/div>\n\t\t<div class=\"elementor-element elementor-element-3155a3b e-flex e-con-boxed elementor-invisible e-con e-parent\" data-id=\"3155a3b\" data-element_type=\"container\" data-e-type=\"container\" data-settings=\"{&quot;animation&quot;:&quot;fadeIn&quot;}\">\n\t\t\t\t\t<div class=\"e-con-inner\">\n\t\t<div class=\"elementor-element elementor-element-0d0e12b e-con-full e-flex e-con e-child\" data-id=\"0d0e12b\" data-element_type=\"container\" data-e-type=\"container\" data-settings=\"{&quot;background_background&quot;:&quot;classic&quot;}\">\n\t\t<div class=\"elementor-element elementor-element-042cca7 e-con-full e-flex e-con e-child\" data-id=\"042cca7\" data-element_type=\"container\" data-e-type=\"container\">\n\t\t\t\t<div class=\"elementor-element elementor-element-d00ed3b elementor-widget elementor-widget-gallery\" data-id=\"d00ed3b\" data-element_type=\"widget\" data-e-type=\"widget\" data-settings=\"{&quot;gallery_layout&quot;:&quot;justified&quot;,&quot;ideal_row_height&quot;:{&quot;unit&quot;:&quot;px&quot;,&quot;size&quot;:300,&quot;sizes&quot;:[]},&quot;ideal_row_height_laptop&quot;:{&quot;unit&quot;:&quot;px&quot;,&quot;size&quot;:200,&quot;sizes&quot;:[]},&quot;ideal_row_height_tablet&quot;:{&quot;unit&quot;:&quot;px&quot;,&quot;size&quot;:200,&quot;sizes&quot;:[]},&quot;gap&quot;:{&quot;unit&quot;:&quot;px&quot;,&quot;size&quot;:15,&quot;sizes&quot;:[]},&quot;lazyload&quot;:&quot;yes&quot;,&quot;ideal_row_height_tablet_extra&quot;:{&quot;unit&quot;:&quot;px&quot;,&quot;size&quot;:150,&quot;sizes&quot;:[]},&quot;ideal_row_height_mobile&quot;:{&quot;unit&quot;:&quot;px&quot;,&quot;size&quot;:150,&quot;sizes&quot;:[]},&quot;gap_laptop&quot;:{&quot;unit&quot;:&quot;px&quot;,&quot;size&quot;:10,&quot;sizes&quot;:[]},&quot;gap_tablet_extra&quot;:{&quot;unit&quot;:&quot;px&quot;,&quot;size&quot;:10,&quot;sizes&quot;:[]},&quot;gap_tablet&quot;:{&quot;unit&quot;:&quot;px&quot;,&quot;size&quot;:10,&quot;sizes&quot;:[]},&quot;gap_mobile&quot;:{&quot;unit&quot;:&quot;px&quot;,&quot;size&quot;:10,&quot;sizes&quot;:[]},&quot;link_to&quot;:&quot;file&quot;,&quot;overlay_background&quot;:&quot;yes&quot;,&quot;content_hover_animation&quot;:&quot;fade-in&quot;}\" data-widget_type=\"gallery.default\">\n\t\t\t\t<div class=\"elementor-widget-container\">\n\t\t\t\t\t\t\t<div class=\"elementor-gallery__container\">\n\t\t\t\t\t\t\t<a class=\"e-gallery-item elementor-gallery-item elementor-animated-content\" href=\"https:\/\/faber-etec.de\/wp-content\/uploads\/sites\/3\/2025\/02\/Intersolar-Europe-2024-Faber-Energy-Group-DSC08379.jpg\" title=\"Intersolar Europe 2024 Faber Energy Group DSC08379.jpg - - - \" data-elementor-open-lightbox=\"yes\" data-elementor-lightbox-slideshow=\"d00ed3b\" data-e-action-hash=\"#elementor-action%3Aaction%3Dlightbox%26settings%3DeyJpZCI6MTU2ODksInVybCI6Imh0dHBzOlwvXC9mYWJlci1ldGVjLmRlXC93cC1jb250ZW50XC91cGxvYWRzXC9zaXRlc1wvM1wvMjAyNVwvMDJcL0ludGVyc29sYXItRXVyb3BlLTIwMjQtRmFiZXItRW5lcmd5LUdyb3VwLURTQzA4Mzc5LmpwZyIsInNsaWRlc2hvdyI6ImQwMGVkM2IifQ%3D%3D\">\n\t\t\t\t\t<div class=\"e-gallery-image elementor-gallery-item__image\" data-thumbnail=\"https:\/\/faber-etec.de\/wp-content\/uploads\/sites\/3\/2025\/02\/Intersolar-Europe-2024-Faber-Energy-Group-DSC08379-768x512.jpg\" data-width=\"768\" data-height=\"512\" aria-label=\"Live demonstratie van innovatieve netkoppelingsoplossingen voor PV en laadinfrastructuur op de stand van Faber E-Tec.\" role=\"img\" ><\/div>\n\t\t\t\t\t\t\t\t\t\t\t<div class=\"elementor-gallery-item__overlay\"><\/div>\n\t\t\t\t\t\t\t\t\t\t\t\t\t\t<\/a>\n\t\t\t\t\t\t\t<a class=\"e-gallery-item elementor-gallery-item elementor-animated-content\" href=\"https:\/\/faber-etec.de\/wp-content\/uploads\/sites\/3\/2025\/02\/Intersolar-Europe-2024-Faber-Energy-Group-DSC08651.jpg\" title=\"Intersolar Europe 2024 Faber Energy Group DSC08651.jpg - - - \" data-elementor-open-lightbox=\"yes\" data-elementor-lightbox-slideshow=\"d00ed3b\" data-e-action-hash=\"#elementor-action%3Aaction%3Dlightbox%26settings%3DeyJpZCI6MTU2ODAsInVybCI6Imh0dHBzOlwvXC9mYWJlci1ldGVjLmRlXC93cC1jb250ZW50XC91cGxvYWRzXC9zaXRlc1wvM1wvMjAyNVwvMDJcL0ludGVyc29sYXItRXVyb3BlLTIwMjQtRmFiZXItRW5lcmd5LUdyb3VwLURTQzA4NjUxLmpwZyIsInNsaWRlc2hvdyI6ImQwMGVkM2IifQ%3D%3D\">\n\t\t\t\t\t<div class=\"e-gallery-image elementor-gallery-item__image\" data-thumbnail=\"https:\/\/faber-etec.de\/wp-content\/uploads\/sites\/3\/2025\/02\/Intersolar-Europe-2024-Faber-Energy-Group-DSC08651-768x512.jpg\" data-width=\"768\" data-height=\"512\" aria-label=\"Live demonstratie van innovatieve netkoppelingsoplossingen voor PV en laadinfrastructuur op de stand van Faber E-Tec.\" role=\"img\" ><\/div>\n\t\t\t\t\t\t\t\t\t\t\t<div class=\"elementor-gallery-item__overlay\"><\/div>\n\t\t\t\t\t\t\t\t\t\t\t\t\t\t<\/a>\n\t\t\t\t\t\t\t<a class=\"e-gallery-item elementor-gallery-item elementor-animated-content\" href=\"https:\/\/faber-etec.de\/wp-content\/uploads\/sites\/3\/2025\/02\/Intersolar-Europe-2024-Faber-Energy-Group-DSC08444.jpg\" title=\"Intersolar Europe 2024 Faber Energy Group DSC08444.jpg - - - \" data-elementor-open-lightbox=\"yes\" data-elementor-lightbox-slideshow=\"d00ed3b\" data-e-action-hash=\"#elementor-action%3Aaction%3Dlightbox%26settings%3DeyJpZCI6MTU2NzYsInVybCI6Imh0dHBzOlwvXC9mYWJlci1ldGVjLmRlXC93cC1jb250ZW50XC91cGxvYWRzXC9zaXRlc1wvM1wvMjAyNVwvMDJcL0ludGVyc29sYXItRXVyb3BlLTIwMjQtRmFiZXItRW5lcmd5LUdyb3VwLURTQzA4NDQ0LmpwZyIsInNsaWRlc2hvdyI6ImQwMGVkM2IifQ%3D%3D\">\n\t\t\t\t\t<div class=\"e-gallery-image elementor-gallery-item__image\" data-thumbnail=\"https:\/\/faber-etec.de\/wp-content\/uploads\/sites\/3\/2025\/02\/Intersolar-Europe-2024-Faber-Energy-Group-DSC08444-768x512.jpg\" data-width=\"768\" data-height=\"512\" aria-label=\"Faber E-Tec en Faber Solartechnik EPC beursstand op Intersolar Europe 2024 in M\u00fcnchen, met een modern design en innovatieve oplossingen voor de energiesector.\" role=\"img\" ><\/div>\n\t\t\t\t\t\t\t\t\t\t\t<div class=\"elementor-gallery-item__overlay\"><\/div>\n\t\t\t\t\t\t\t\t\t\t\t\t\t\t<\/a>\n\t\t\t\t\t\t\t<a class=\"e-gallery-item elementor-gallery-item elementor-animated-content\" href=\"https:\/\/faber-etec.de\/wp-content\/uploads\/sites\/3\/2025\/02\/Intersolar-Europe-2024-Faber-Energy-Group-DSC08949.jpg\" title=\"Intersolar Europe 2024 Faber Energy Group DSC08949.jpg - - -... \" data-elementor-open-lightbox=\"yes\" data-elementor-lightbox-slideshow=\"d00ed3b\" data-e-action-hash=\"#elementor-action%3Aaction%3Dlightbox%26settings%3DeyJpZCI6MTU2ODQsInVybCI6Imh0dHBzOlwvXC9mYWJlci1ldGVjLmRlXC93cC1jb250ZW50XC91cGxvYWRzXC9zaXRlc1wvM1wvMjAyNVwvMDJcL0ludGVyc29sYXItRXVyb3BlLTIwMjQtRmFiZXItRW5lcmd5LUdyb3VwLURTQzA4OTQ5LmpwZyIsInNsaWRlc2hvdyI6ImQwMGVkM2IifQ%3D%3D\">\n\t\t\t\t\t<div class=\"e-gallery-image elementor-gallery-item__image\" data-thumbnail=\"https:\/\/faber-etec.de\/wp-content\/uploads\/sites\/3\/2025\/02\/Intersolar-Europe-2024-Faber-Energy-Group-DSC08949-768x512.jpg\" data-width=\"768\" data-height=\"512\" aria-label=\"Faber Solartechnik EPC presenteert een recent gerealiseerd fotovolta\u00efsch project met een transformatorstation op maat.\" role=\"img\" ><\/div>\n\t\t\t\t\t\t\t\t\t\t\t<div class=\"elementor-gallery-item__overlay\"><\/div>\n\t\t\t\t\t\t\t\t\t\t\t\t\t\t<\/a>\n\t\t\t\t\t\t\t<a class=\"e-gallery-item elementor-gallery-item elementor-animated-content\" href=\"https:\/\/faber-etec.de\/wp-content\/uploads\/sites\/3\/2025\/02\/Intersolar-Europe-2024-Faber-Energy-Group-DSC08406.jpg\" title=\"Intersolar Europe 2024 Faber Energy Group DSC08406.jpg - - - \" data-elementor-open-lightbox=\"yes\" data-elementor-lightbox-slideshow=\"d00ed3b\" data-e-action-hash=\"#elementor-action%3Aaction%3Dlightbox%26settings%3DeyJpZCI6MTU2NzUsInVybCI6Imh0dHBzOlwvXC9mYWJlci1ldGVjLmRlXC93cC1jb250ZW50XC91cGxvYWRzXC9zaXRlc1wvM1wvMjAyNVwvMDJcL0ludGVyc29sYXItRXVyb3BlLTIwMjQtRmFiZXItRW5lcmd5LUdyb3VwLURTQzA4NDA2LmpwZyIsInNsaWRlc2hvdyI6ImQwMGVkM2IifQ%3D%3D\">\n\t\t\t\t\t<div class=\"e-gallery-image elementor-gallery-item__image\" data-thumbnail=\"https:\/\/faber-etec.de\/wp-content\/uploads\/sites\/3\/2025\/02\/Intersolar-Europe-2024-Faber-Energy-Group-DSC08406-768x512.jpg\" data-width=\"768\" data-height=\"512\" aria-label=\"Presentatie van een compact transformatorstation op de beursstand van Faber E-Tec - effici\u00ebnte oplossingen voor laadinfrastructuur en hernieuwbare energie.\" role=\"img\" ><\/div>\n\t\t\t\t\t\t\t\t\t\t\t<div class=\"elementor-gallery-item__overlay\"><\/div>\n\t\t\t\t\t\t\t\t\t\t\t\t\t\t<\/a>\n\t\t\t\t\t\t\t<a class=\"e-gallery-item elementor-gallery-item elementor-animated-content\" href=\"https:\/\/faber-etec.de\/wp-content\/uploads\/sites\/3\/2025\/02\/Intersolar-Europe-2024-Faber-Energy-Group-DSC08977.jpg\" title=\"Intersolar Europe 2024 Faber Energy Group DSC08977.jpg - - - \" data-elementor-open-lightbox=\"yes\" data-elementor-lightbox-slideshow=\"d00ed3b\" data-e-action-hash=\"#elementor-action%3Aaction%3Dlightbox%26settings%3DeyJpZCI6MTU2ODYsInVybCI6Imh0dHBzOlwvXC9mYWJlci1ldGVjLmRlXC93cC1jb250ZW50XC91cGxvYWRzXC9zaXRlc1wvM1wvMjAyNVwvMDJcL0ludGVyc29sYXItRXVyb3BlLTIwMjQtRmFiZXItRW5lcmd5LUdyb3VwLURTQzA4OTc3LmpwZyIsInNsaWRlc2hvdyI6ImQwMGVkM2IifQ%3D%3D\">\n\t\t\t\t\t<div class=\"e-gallery-image elementor-gallery-item__image\" data-thumbnail=\"https:\/\/faber-etec.de\/wp-content\/uploads\/sites\/3\/2025\/02\/Intersolar-Europe-2024-Faber-Energy-Group-DSC08977-768x1523.jpg\" data-width=\"768\" data-height=\"1523\" aria-label=\"Intensieve gesprekken tussen vertegenwoordigers uit de industrie, partners en klanten op de stand van Faber E-Tec en Faber Solartechnik EPC.\" role=\"img\" ><\/div>\n\t\t\t\t\t\t\t\t\t\t\t<div class=\"elementor-gallery-item__overlay\"><\/div>\n\t\t\t\t\t\t\t\t\t\t\t\t\t\t<\/a>\n\t\t\t\t\t\t\t<a class=\"e-gallery-item elementor-gallery-item elementor-animated-content\" href=\"https:\/\/faber-etec.de\/wp-content\/uploads\/sites\/3\/2025\/02\/Intersolar-Europe-2024-Faber-Energy-Group-DSC08915.jpg\" title=\"Intersolar Europa 2024 Faber Energy Group DSC08915.jpg - - -... \" data-elementor-open-lightbox=\"yes\" data-elementor-lightbox-slideshow=\"d00ed3b\" data-e-action-hash=\"#elementor-action%3Aaction%3Dlightbox%26settings%3DeyJpZCI6MTU2ODMsInVybCI6Imh0dHBzOlwvXC9mYWJlci1ldGVjLmRlXC93cC1jb250ZW50XC91cGxvYWRzXC9zaXRlc1wvM1wvMjAyNVwvMDJcL0ludGVyc29sYXItRXVyb3BlLTIwMjQtRmFiZXItRW5lcmd5LUdyb3VwLURTQzA4OTE1LmpwZyIsInNsaWRlc2hvdyI6ImQwMGVkM2IifQ%3D%3D\">\n\t\t\t\t\t<div class=\"e-gallery-image elementor-gallery-item__image\" data-thumbnail=\"https:\/\/faber-etec.de\/wp-content\/uploads\/sites\/3\/2025\/02\/Intersolar-Europe-2024-Faber-Energy-Group-DSC08915-768x1152.jpg\" data-width=\"768\" data-height=\"1152\" aria-label=\"Bezoekers kunnen op Intersolar Europe 2024 meer te weten komen over de innovatieve energieoplossingen van Faber E-Tec en Faber Solartechnik EPC.\" role=\"img\" ><\/div>\n\t\t\t\t\t\t\t\t\t\t\t<div class=\"elementor-gallery-item__overlay\"><\/div>\n\t\t\t\t\t\t\t\t\t\t\t\t\t\t<\/a>\n\t\t\t\t\t\t\t<a class=\"e-gallery-item elementor-gallery-item elementor-animated-content\" href=\"https:\/\/faber-etec.de\/wp-content\/uploads\/sites\/3\/2025\/02\/Intersolar-Europe-2024-Faber-Energy-Group-DSC08634.jpg\" title=\"Intersolar Europe 2024 Faber Energy Group DSC08634.jpg - - - \" data-elementor-open-lightbox=\"yes\" data-elementor-lightbox-slideshow=\"d00ed3b\" data-e-action-hash=\"#elementor-action%3Aaction%3Dlightbox%26settings%3DeyJpZCI6MTU2NzksInVybCI6Imh0dHBzOlwvXC9mYWJlci1ldGVjLmRlXC93cC1jb250ZW50XC91cGxvYWRzXC9zaXRlc1wvM1wvMjAyNVwvMDJcL0ludGVyc29sYXItRXVyb3BlLTIwMjQtRmFiZXItRW5lcmd5LUdyb3VwLURTQzA4NjM0LmpwZyIsInNsaWRlc2hvdyI6ImQwMGVkM2IifQ%3D%3D\">\n\t\t\t\t\t<div class=\"e-gallery-image elementor-gallery-item__image\" data-thumbnail=\"https:\/\/faber-etec.de\/wp-content\/uploads\/sites\/3\/2025\/02\/Intersolar-Europe-2024-Faber-Energy-Group-DSC08634-768x512.jpg\" data-width=\"768\" data-height=\"512\" aria-label=\"Het Faber E-Tec en Faber Solartechnik EPC-team op Intersolar Europe 2024 - experts voor transformatorstations, PV-systemen en netaansluitingen.\" role=\"img\" ><\/div>\n\t\t\t\t\t\t\t\t\t\t\t<div class=\"elementor-gallery-item__overlay\"><\/div>\n\t\t\t\t\t\t\t\t\t\t\t\t\t\t<\/a>\n\t\t\t\t\t\t\t<a class=\"e-gallery-item elementor-gallery-item elementor-animated-content\" href=\"https:\/\/faber-etec.de\/wp-content\/uploads\/sites\/3\/2025\/02\/Intersolar-Europe-2024-Faber-Energy-Group-DSC08735.jpg\" title=\"Intersolar Europe 2024 Faber Energy Group DSC08735.jpg - - - \" data-elementor-open-lightbox=\"yes\" data-elementor-lightbox-slideshow=\"d00ed3b\" data-e-action-hash=\"#elementor-action%3Aaction%3Dlightbox%26settings%3DeyJpZCI6MTU2ODEsInVybCI6Imh0dHBzOlwvXC9mYWJlci1ldGVjLmRlXC93cC1jb250ZW50XC91cGxvYWRzXC9zaXRlc1wvM1wvMjAyNVwvMDJcL0ludGVyc29sYXItRXVyb3BlLTIwMjQtRmFiZXItRW5lcmd5LUdyb3VwLURTQzA4NzM1LmpwZyIsInNsaWRlc2hvdyI6ImQwMGVkM2IifQ%3D%3D\">\n\t\t\t\t\t<div class=\"e-gallery-image elementor-gallery-item__image\" data-thumbnail=\"https:\/\/faber-etec.de\/wp-content\/uploads\/sites\/3\/2025\/02\/Intersolar-Europe-2024-Faber-Energy-Group-DSC08735-768x512.jpg\" data-width=\"768\" data-height=\"512\" aria-label=\"Live demonstratie van innovatieve netkoppelingsoplossingen voor PV en laadinfrastructuur op de stand van Faber E-Tec.\" role=\"img\" ><\/div>\n\t\t\t\t\t\t\t\t\t\t\t<div class=\"elementor-gallery-item__overlay\"><\/div>\n\t\t\t\t\t\t\t\t\t\t\t\t\t\t<\/a>\n\t\t\t\t\t\t\t<a class=\"e-gallery-item elementor-gallery-item elementor-animated-content\" href=\"https:\/\/faber-etec.de\/wp-content\/uploads\/sites\/3\/2025\/02\/Intersolar-Europe-2024-Faber-Energy-Group-DSC08630.jpg\" title=\"Intersolar Europe 2024 Faber Energy Group DSC08630.jpg - - - \" data-elementor-open-lightbox=\"yes\" data-elementor-lightbox-slideshow=\"d00ed3b\" data-e-action-hash=\"#elementor-action%3Aaction%3Dlightbox%26settings%3DeyJpZCI6MTU2NzgsInVybCI6Imh0dHBzOlwvXC9mYWJlci1ldGVjLmRlXC93cC1jb250ZW50XC91cGxvYWRzXC9zaXRlc1wvM1wvMjAyNVwvMDJcL0ludGVyc29sYXItRXVyb3BlLTIwMjQtRmFiZXItRW5lcmd5LUdyb3VwLURTQzA4NjMwLmpwZyIsInNsaWRlc2hvdyI6ImQwMGVkM2IifQ%3D%3D\">\n\t\t\t\t\t<div class=\"e-gallery-image elementor-gallery-item__image\" data-thumbnail=\"https:\/\/faber-etec.de\/wp-content\/uploads\/sites\/3\/2025\/02\/Intersolar-Europe-2024-Faber-Energy-Group-DSC08630-768x512.jpg\" data-width=\"768\" data-height=\"512\" aria-label=\"Overleg tussen vakbezoekers en experts van Faber E-Tec over transformatorstations en middenspanningsoplossingen.\" role=\"img\" ><\/div>\n\t\t\t\t\t\t\t\t\t\t\t<div class=\"elementor-gallery-item__overlay\"><\/div>\n\t\t\t\t\t\t\t\t\t\t\t\t\t\t<\/a>\n\t\t\t\t\t\t\t<a class=\"e-gallery-item elementor-gallery-item elementor-animated-content\" href=\"https:\/\/faber-etec.de\/wp-content\/uploads\/sites\/3\/2025\/02\/Intersolar-Europe-2024-Faber-Energy-Group-DSC09012-2.jpg\" title=\"Intersolar Europe 2024 Faber Energy Group DSC09012 2.jpg - - \" data-elementor-open-lightbox=\"yes\" data-elementor-lightbox-slideshow=\"d00ed3b\" data-e-action-hash=\"#elementor-action%3Aaction%3Dlightbox%26settings%3DeyJpZCI6MTU2OTUsInVybCI6Imh0dHBzOlwvXC9mYWJlci1ldGVjLmRlXC93cC1jb250ZW50XC91cGxvYWRzXC9zaXRlc1wvM1wvMjAyNVwvMDJcL0ludGVyc29sYXItRXVyb3BlLTIwMjQtRmFiZXItRW5lcmd5LUdyb3VwLURTQzA5MDEyLTIuanBnIiwic2xpZGVzaG93IjoiZDAwZWQzYiJ9\">\n\t\t\t\t\t<div class=\"e-gallery-image elementor-gallery-item__image\" data-thumbnail=\"https:\/\/faber-etec.de\/wp-content\/uploads\/sites\/3\/2025\/02\/Intersolar-Europe-2024-Faber-Energy-Group-DSC09012-2.jpg\" data-width=\"756\" data-height=\"1052\" aria-label=\"De AC-Combiner van Faber Solartechnik EPC op Intersolar Europe 2024 - centrale schakeloplossing voor de effici\u00ebnte bundeling en teruglevering van wisselstroom uit fotovolta\u00efsche systemen.\" role=\"img\" ><\/div>\n\t\t\t\t\t\t\t\t\t\t\t<div class=\"elementor-gallery-item__overlay\"><\/div>\n\t\t\t\t\t\t\t\t\t\t\t\t\t\t<\/a>\n\t\t\t\t\t\t\t<a class=\"e-gallery-item elementor-gallery-item elementor-animated-content\" href=\"https:\/\/faber-etec.de\/wp-content\/uploads\/sites\/3\/2025\/02\/Intersolar-Europe-2024-Faber-Energy-Group-DSC08833.jpg\" title=\"Intersolar Europe 2024 Faber Energy Group DSC08833.jpg - - - \" data-elementor-open-lightbox=\"yes\" data-elementor-lightbox-slideshow=\"d00ed3b\" data-e-action-hash=\"#elementor-action%3Aaction%3Dlightbox%26settings%3DeyJpZCI6MTU2ODIsInVybCI6Imh0dHBzOlwvXC9mYWJlci1ldGVjLmRlXC93cC1jb250ZW50XC91cGxvYWRzXC9zaXRlc1wvM1wvMjAyNVwvMDJcL0ludGVyc29sYXItRXVyb3BlLTIwMjQtRmFiZXItRW5lcmd5LUdyb3VwLURTQzA4ODMzLmpwZyIsInNsaWRlc2hvdyI6ImQwMGVkM2IifQ%3D%3D\">\n\t\t\t\t\t<div class=\"e-gallery-image elementor-gallery-item__image\" data-thumbnail=\"https:\/\/faber-etec.de\/wp-content\/uploads\/sites\/3\/2025\/02\/Intersolar-Europe-2024-Faber-Energy-Group-DSC08833-768x494.jpg\" data-width=\"768\" data-height=\"494\" aria-label=\"Close-up van een middenspanningstransformator van Faber E-Tec - robuuste en effici\u00ebnte technologie voor hernieuwbare energie.\" role=\"img\" ><\/div>\n\t\t\t\t\t\t\t\t\t\t\t<div class=\"elementor-gallery-item__overlay\"><\/div>\n\t\t\t\t\t\t\t\t\t\t\t\t\t\t<\/a>\n\t\t\t\t\t<\/div>\n\t\t\t\t\t<\/div>\n\t\t\t\t<\/div>\n\t\t\t\t<\/div>\n\t\t\t\t<\/div>\n\t\t\t\t\t<\/div>\n\t\t\t\t<\/div>\n\t\t\t\t<\/div>","protected":false},"excerpt":{"rendered":"<p>Wir blicken zur\u00fcck auf drei inspirierende Tage in M\u00fcnchen INTERSOLAR EUROPE 2025 Treffen wir uns wieder auf der Intersolar Europe 2026 Vielen Dank f\u00fcr Ihren Besuch auf der Intersolar Europe 2025! Wir m\u00f6chten uns ganz herzlich bei allen Besucherinnen und Besuchern, Partnern, Kundinnen und Kunden bedanken, die uns auf der Intersolar Europe 2025 in M\u00fcnchen [&hellip;]<\/p>\n","protected":false},"author":2,"featured_media":0,"parent":0,"menu_order":0,"comment_status":"closed","ping_status":"closed","template":"","meta":{"_acf_changed":false,"footnotes":""},"class_list":["post-15328","page","type-page","status-publish","hentry"],"acf":[],"_links":{"self":[{"href":"https:\/\/faber-etec.de\/nl\/wp-json\/wp\/v2\/pages\/15328","targetHints":{"allow":["GET"]}}],"collection":[{"href":"https:\/\/faber-etec.de\/nl\/wp-json\/wp\/v2\/pages"}],"about":[{"href":"https:\/\/faber-etec.de\/nl\/wp-json\/wp\/v2\/types\/page"}],"author":[{"embeddable":true,"href":"https:\/\/faber-etec.de\/nl\/wp-json\/wp\/v2\/users\/2"}],"replies":[{"embeddable":true,"href":"https:\/\/faber-etec.de\/nl\/wp-json\/wp\/v2\/comments?post=15328"}],"version-history":[{"count":338,"href":"https:\/\/faber-etec.de\/nl\/wp-json\/wp\/v2\/pages\/15328\/revisions"}],"predecessor-version":[{"id":20249,"href":"https:\/\/faber-etec.de\/nl\/wp-json\/wp\/v2\/pages\/15328\/revisions\/20249"}],"wp:attachment":[{"href":"https:\/\/faber-etec.de\/nl\/wp-json\/wp\/v2\/media?parent=15328"}],"curies":[{"name":"wp","href":"https:\/\/api.w.org\/{rel}","templated":true}]}}