{"id":7704,"date":"2024-07-08T02:18:31","date_gmt":"2024-07-08T00:18:31","guid":{"rendered":"https:\/\/faber-etec.de\/?page_id=7704"},"modified":"2025-10-30T21:06:47","modified_gmt":"2025-10-30T20:06:47","slug":"compactstation","status":"publish","type":"page","link":"https:\/\/faber-etec.de\/nl\/kompaktstation\/","title":{"rendered":"Compact station"},"content":{"rendered":"\t\t<div data-elementor-type=\"wp-page\" data-elementor-id=\"7704\" class=\"elementor elementor-7704\" data-elementor-post-type=\"page\">\n\t\t\t\t<div class=\"elementor-element elementor-element-843e5a0 e-con-full e-flex e-con e-parent\" data-id=\"843e5a0\" data-element_type=\"container\" data-e-type=\"container\" data-settings=\"{&quot;background_background&quot;:&quot;video&quot;,&quot;background_video_link&quot;:&quot;https:\\\/\\\/faber-etec.de\\\/wp-content\\\/uploads\\\/sites\\\/3\\\/2024\\\/07\\\/Kompakt-Trafo-BG.mp4&quot;,&quot;background_play_on_mobile&quot;:&quot;yes&quot;}\">\n\t\t<div class=\"elementor-background-video-container\">\n\t\t\t\t\t\t\t<video class=\"elementor-background-video-hosted\" role=\"presentation\" autoplay muted playsinline loop><\/video>\n\t\t\t\t\t<\/div><div class=\"elementor-element elementor-element-a84dbf3 e-flex e-con-boxed e-con e-child\" data-id=\"a84dbf3\" data-element_type=\"container\" data-e-type=\"container\">\n\t\t\t\t\t<div class=\"e-con-inner\">\n\t\t\t\t<div class=\"elementor-element elementor-element-d005e8e elementor-headline--style-rotate elementor-widget elementor-widget-animated-headline\" data-id=\"d005e8e\" data-element_type=\"widget\" data-e-type=\"widget\" data-settings=\"{&quot;headline_style&quot;:&quot;rotate&quot;,&quot;animation_type&quot;:&quot;slide-down&quot;,&quot;rotating_text&quot;:&quot;\\u00dcbergabe\\nPhotovoltaik\\nE-Mobilit\\u00e4t\\nWindkraft\\nNetzbetreiber\\nUnternehmen&quot;,&quot;loop&quot;:&quot;yes&quot;,&quot;rotate_iteration_delay&quot;:2500}\" data-widget_type=\"animated-headline.default\">\n\t\t\t\t<div class=\"elementor-widget-container\">\n\t\t\t\t\t\t\t<span class=\"elementor-headline elementor-headline-animation-type-slide-down\">\n\t\t\t\t<span class=\"elementor-headline-dynamic-wrapper elementor-headline-text-wrapper\">\n\t\t\t\t\t<span class=\"elementor-headline-dynamic-text elementor-headline-text-active\">\n\t\t\t\t\u00dcbergabe\t\t\t<\/span>\n\t\t\t\t\t<span class=\"elementor-headline-dynamic-text\">\n\t\t\t\tPhotovoltaik\t\t\t<\/span>\n\t\t\t\t\t<span class=\"elementor-headline-dynamic-text\">\n\t\t\t\tE-Mobilit\u00e4t\t\t\t<\/span>\n\t\t\t\t\t<span class=\"elementor-headline-dynamic-text\">\n\t\t\t\tWindkraft\t\t\t<\/span>\n\t\t\t\t\t<span class=\"elementor-headline-dynamic-text\">\n\t\t\t\tNetzbetreiber\t\t\t<\/span>\n\t\t\t\t\t<span class=\"elementor-headline-dynamic-text\">\n\t\t\t\tUnternehmen\t\t\t<\/span>\n\t\t\t\t\t\t<\/span>\n\t\t\t\t<\/span>\n\t\t\t\t\t\t<\/div>\n\t\t\t\t<\/div>\n\t\t\t\t<div class=\"elementor-element elementor-element-2c64e20 elementor-widget elementor-widget-heading\" data-id=\"2c64e20\" data-element_type=\"widget\" data-e-type=\"widget\" data-widget_type=\"heading.default\">\n\t\t\t\t<div class=\"elementor-widget-container\">\n\t\t\t\t\t<h1 class=\"elementor-heading-title elementor-size-default\">Kompaktstationen | \u00dcbergabe- &amp; Trafostation<\/h1>\t\t\t\t<\/div>\n\t\t\t\t<\/div>\n\t\t\t\t\t<\/div>\n\t\t\t\t<\/div>\n\t\t\t\t<\/div>\n\t\t<div class=\"elementor-element elementor-element-2c771351 e-flex e-con-boxed e-con e-parent\" data-id=\"2c771351\" data-element_type=\"container\" data-e-type=\"container\">\n\t\t\t\t\t<div class=\"e-con-inner\">\n\t\t<div class=\"elementor-element elementor-element-9de07ad e-con-full e-flex e-con e-child\" data-id=\"9de07ad\" data-element_type=\"container\" data-e-type=\"container\">\n\t\t\t\t<div class=\"elementor-element elementor-element-4755abf elementor-widget elementor-widget-image\" data-id=\"4755abf\" data-element_type=\"widget\" data-e-type=\"widget\" data-widget_type=\"image.default\">\n\t\t\t\t<div class=\"elementor-widget-container\">\n\t\t\t\t\t\t\t\t\t\t\t\t\t\t\t\t<a  href=\"#elementor-action%3Aaction%3Dlightbox%26settings%3DeyJ1cmwiOiJodHRwczpcL1wvZmFiZXItZXRlYy5kZVwvd3AtY29udGVudFwvdXBsb2Fkc1wvc2l0ZXNcLzNcLzIwMjRcLzA4XC9UcmFmby1Lb21wYWt0c3RhdGlvbi11bmQtVWViZXJnYWJlc3RhdGlvbi1QaG90b3ZvbHRhaWstRS1Nb2JpbGl0YWV0LVdpbmRrcmFmdC1OZXR6YmV0cmVpYmVyLXdlaXNzXzA4LTA4LTIwMjQtc2NhbGVkLndlYnAiLCJ0eXBlIjoiaW1hZ2UifQ%3D%3D\" title=\" - \">\n\t\t\t\t\t\t\t<img fetchpriority=\"high\" decoding=\"async\" width=\"768\" height=\"768\" src=\"https:\/\/faber-etec.de\/wp-content\/uploads\/sites\/3\/2024\/08\/Trafo-Kompaktstation-und-Uebergabestation-Photovoltaik-E-Mobilitaet-Windkraft-Netzbetreiber-weiss_08-08-2024-768x768.webp\" class=\"attachment-medium_large size-medium_large wp-image-11742\" alt=\"Beton Trafo-Kompaktstation und \u00dcbergabestation f\u00fcr Photovoltaik, E-Mobilit\u00e4t, Windkraft und Netzbetreiber\" srcset=\"https:\/\/faber-etec.de\/wp-content\/uploads\/sites\/3\/2024\/08\/Trafo-Kompaktstation-und-Uebergabestation-Photovoltaik-E-Mobilitaet-Windkraft-Netzbetreiber-weiss_08-08-2024-768x768.webp 768w, https:\/\/faber-etec.de\/wp-content\/uploads\/sites\/3\/2024\/08\/Trafo-Kompaktstation-und-Uebergabestation-Photovoltaik-E-Mobilitaet-Windkraft-Netzbetreiber-weiss_08-08-2024-300x300.webp 300w, https:\/\/faber-etec.de\/wp-content\/uploads\/sites\/3\/2024\/08\/Trafo-Kompaktstation-und-Uebergabestation-Photovoltaik-E-Mobilitaet-Windkraft-Netzbetreiber-weiss_08-08-2024-1024x1024.webp 1024w, https:\/\/faber-etec.de\/wp-content\/uploads\/sites\/3\/2024\/08\/Trafo-Kompaktstation-und-Uebergabestation-Photovoltaik-E-Mobilitaet-Windkraft-Netzbetreiber-weiss_08-08-2024-150x150.webp 150w, https:\/\/faber-etec.de\/wp-content\/uploads\/sites\/3\/2024\/08\/Trafo-Kompaktstation-und-Uebergabestation-Photovoltaik-E-Mobilitaet-Windkraft-Netzbetreiber-weiss_08-08-2024-1536x1536.webp 1536w, https:\/\/faber-etec.de\/wp-content\/uploads\/sites\/3\/2024\/08\/Trafo-Kompaktstation-und-Uebergabestation-Photovoltaik-E-Mobilitaet-Windkraft-Netzbetreiber-weiss_08-08-2024-2048x2048.webp 2048w, https:\/\/faber-etec.de\/wp-content\/uploads\/sites\/3\/2024\/08\/Trafo-Kompaktstation-und-Uebergabestation-Photovoltaik-E-Mobilitaet-Windkraft-Netzbetreiber-weiss_08-08-2024-12x12.webp 12w\" sizes=\"(max-width: 768px) 100vw, 768px\" title=\"Trafo-Kompaktstation und \u00dcbergabestation \u2013 Photovoltaik, E-Mobilit\u00e4t, Windkraft und Netzbetreiber\" \/>\t\t\t\t\t\t\t\t<\/a>\n\t\t\t\t\t\t\t\t\t\t\t\t\t\t\t<\/div>\n\t\t\t\t<\/div>\n\t\t\t\t<\/div>\n\t\t<div class=\"elementor-element elementor-element-33629df3 e-con-full e-flex e-con e-child\" data-id=\"33629df3\" data-element_type=\"container\" data-e-type=\"container\">\n\t\t\t\t<div class=\"elementor-element elementor-element-1cc57acf elementor-widget elementor-widget-heading\" data-id=\"1cc57acf\" data-element_type=\"widget\" data-e-type=\"widget\" data-widget_type=\"heading.default\">\n\t\t\t\t<div class=\"elementor-widget-container\">\n\t\t\t\t\t<span class=\"elementor-heading-title elementor-size-default\">Trafo Kompaktstation und \u00dcbergabestation<\/span>\t\t\t\t<\/div>\n\t\t\t\t<\/div>\n\t\t\t\t<div class=\"elementor-element elementor-element-1970bfa0 elementor-widget elementor-widget-heading\" data-id=\"1970bfa0\" data-element_type=\"widget\" data-e-type=\"widget\" data-widget_type=\"heading.default\">\n\t\t\t\t<div class=\"elementor-widget-container\">\n\t\t\t\t\t<h2 class=\"elementor-heading-title elementor-size-default\">Unser Allesk\u00f6nner <\/h2>\t\t\t\t<\/div>\n\t\t\t\t<\/div>\n\t\t\t\t<div class=\"elementor-element elementor-element-2e79a6e3 elementor-widget elementor-widget-text-editor\" data-id=\"2e79a6e3\" data-element_type=\"widget\" data-e-type=\"widget\" data-widget_type=\"text-editor.default\">\n\t\t\t\t<div class=\"elementor-widget-container\">\n\t\t\t\t\t\t\t\t\t<p>Unsere erste und flexibelste <strong>Kompaktstation<\/strong>: Reine Einspeiseanlagen, reine Bezugsanlagen, Mischanlagen, mit Messzelle, ohne Messzelle oder mit Messzelle aber ohne Transformator.<\/p>\n<p>Unsere \u00dcbergabe- &amp; <strong>Trafostation<\/strong> ist so individuell wie Ihr Projekt.<\/p>\n<p>Sie k\u00f6nnen mit bis zu 2.500 kVA Transformatorleistung und MS-Wandlermessung direkt an das \u00f6ffentliche Netz angeschlossen werden und von 400 bis 800 Volt Niederspannung auf bis zu 24 kV Mittelspannung transformieren.<\/p>\n<p><span style=\"color: var( --e-global-color-text );font-size: var( --e-global-typography-text-font-size )\">Ab Mitte 2025 liefern wir Kompaktstation Trafos standardm\u00e4\u00dfig SF6-frei.<\/span><\/p>\t\t\t\t\t\t\t\t<\/div>\n\t\t\t\t<\/div>\n\t\t<div class=\"elementor-element elementor-element-257008b3 e-con-full e-flex e-con e-child\" data-id=\"257008b3\" data-element_type=\"container\" data-e-type=\"container\">\n\t\t\t\t<div class=\"elementor-element elementor-element-2bc45878 elementor-align-left elementor-widget elementor-widget-button\" data-id=\"2bc45878\" data-element_type=\"widget\" data-e-type=\"widget\" data-widget_type=\"button.default\">\n\t\t\t\t<div class=\"elementor-widget-container\">\n\t\t\t\t\t\t\t\t\t<div class=\"elementor-button-wrapper\">\n\t\t\t\t\t<a class=\"elementor-button elementor-button-link elementor-size-sm\"  href=\"#produktanfrage\" title=\" - Kompaktstation anfragen\">\n\t\t\t\t\t\t<span class=\"elementor-button-content-wrapper\">\n\t\t\t\t\t\t<span class=\"elementor-button-icon\">\n\t\t\t\t<i aria-hidden=\"true\" class=\"fas fa-angle-right\"><\/i>\t\t\t<\/span>\n\t\t\t\t\t\t\t\t\t<span class=\"elementor-button-text\">Kompaktstation anfragen<\/span>\n\t\t\t\t\t<\/span>\n\t\t\t\t\t<\/a>\n\t\t\t\t<\/div>\n\t\t\t\t\t\t\t\t<\/div>\n\t\t\t\t<\/div>\n\t\t\t\t<div class=\"elementor-element elementor-element-3988ceec elementor-align-left elementor-widget elementor-widget-button\" data-id=\"3988ceec\" data-element_type=\"widget\" data-e-type=\"widget\" data-widget_type=\"button.default\">\n\t\t\t\t<div class=\"elementor-widget-container\">\n\t\t\t\t\t\t\t\t\t<div class=\"elementor-button-wrapper\">\n\t\t\t\t\t<a class=\"elementor-button elementor-button-link elementor-size-sm\"  href=\"#elementor-action%3Aaction%3Dpopup%3Aopen%26settings%3DeyJpZCI6IjY3OTciLCJ0b2dnbGUiOmZhbHNlfQ%3D%3D\" title=\" - Kontakt\">\n\t\t\t\t\t\t<span class=\"elementor-button-content-wrapper\">\n\t\t\t\t\t\t\t\t\t<span class=\"elementor-button-text\">Kontakt<\/span>\n\t\t\t\t\t<\/span>\n\t\t\t\t\t<\/a>\n\t\t\t\t<\/div>\n\t\t\t\t\t\t\t\t<\/div>\n\t\t\t\t<\/div>\n\t\t\t\t<\/div>\n\t\t\t\t<\/div>\n\t\t\t\t\t<\/div>\n\t\t\t\t<\/div>\n\t\t<div class=\"elementor-element elementor-element-4ef3c50d e-flex e-con-boxed elementor-invisible e-con e-parent\" data-id=\"4ef3c50d\" data-element_type=\"container\" data-e-type=\"container\" data-settings=\"{&quot;animation&quot;:&quot;fadeInUp&quot;}\">\n\t\t\t\t\t<div class=\"e-con-inner\">\n\t\t\t\t<div class=\"elementor-element elementor-element-1274a099 elementor-widget elementor-widget-heading\" data-id=\"1274a099\" data-element_type=\"widget\" data-e-type=\"widget\" data-widget_type=\"heading.default\">\n\t\t\t\t<div class=\"elementor-widget-container\">\n\t\t\t\t\t<h2 class=\"elementor-heading-title elementor-size-default\">Kompaktstation Trafo - Top Features<\/h2>\t\t\t\t<\/div>\n\t\t\t\t<\/div>\n\t\t\t\t<div class=\"elementor-element elementor-element-d641ad2 elementor-widget elementor-widget-text-editor\" data-id=\"d641ad2\" data-element_type=\"widget\" data-e-type=\"widget\" data-widget_type=\"text-editor.default\">\n\t\t\t\t<div class=\"elementor-widget-container\">\n\t\t\t\t\t\t\t\t\t<p>Entdecken Sie auch die Vorteile unserer <strong>Trafo Kompaktstation<\/strong> f\u00fcr Ihr Projekt. Jetzt Ihr <a  href=\"#produktanfrage\" title=\" - individuelles Angebot\">individuelles Angebot<\/a> anfragen.<\/p>\t\t\t\t\t\t\t\t<\/div>\n\t\t\t\t<\/div>\n\t\t\t\t\t<\/div>\n\t\t\t\t<\/div>\n\t\t<div class=\"elementor-element elementor-element-4c8667cc e-flex e-con-boxed elementor-invisible e-con e-parent\" data-id=\"4c8667cc\" data-element_type=\"container\" data-e-type=\"container\" data-settings=\"{&quot;animation&quot;:&quot;fadeIn&quot;,&quot;animation_delay&quot;:&quot;300&quot;}\">\n\t\t\t\t\t<div class=\"e-con-inner\">\n\t\t<div class=\"elementor-element elementor-element-158b60f0 e-con-full e-flex e-con e-child\" data-id=\"158b60f0\" data-element_type=\"container\" data-e-type=\"container\">\n\t\t<div class=\"elementor-element elementor-element-330bed88 e-con-full e-flex e-con e-child\" data-id=\"330bed88\" data-element_type=\"container\" data-e-type=\"container\" data-settings=\"{&quot;background_background&quot;:&quot;classic&quot;}\">\n\t\t\t\t<div class=\"elementor-element elementor-element-2d1e838a elementor-widget elementor-widget-heading\" data-id=\"2d1e838a\" data-element_type=\"widget\" data-e-type=\"widget\" data-widget_type=\"heading.default\">\n\t\t\t\t<div class=\"elementor-widget-container\">\n\t\t\t\t\t<span class=\"elementor-heading-title elementor-size-default\">Lieferzeit ab 28 Wochen<\/span>\t\t\t\t<\/div>\n\t\t\t\t<\/div>\n\t\t\t\t<div class=\"elementor-element elementor-element-3998c303 elementor-widget elementor-widget-text-editor\" data-id=\"3998c303\" data-element_type=\"widget\" data-e-type=\"widget\" data-widget_type=\"text-editor.default\">\n\t\t\t\t<div class=\"elementor-widget-container\">\n\t\t\t\t\t\t\t\t\t<p>Schnellere Fertigstellung durch unsere hauseigene Produktion und einen semiautomatisierten Planungsprozess.<\/p>\t\t\t\t\t\t\t\t<\/div>\n\t\t\t\t<\/div>\n\t\t\t\t<div class=\"elementor-element elementor-element-7748cd9 elementor-widget elementor-widget-image\" data-id=\"7748cd9\" data-element_type=\"widget\" data-e-type=\"widget\" data-widget_type=\"image.default\">\n\t\t\t\t<div class=\"elementor-widget-container\">\n\t\t\t\t\t\t\t\t\t\t\t\t\t\t\t<img decoding=\"async\" width=\"300\" height=\"300\" src=\"https:\/\/faber-etec.de\/wp-content\/uploads\/sites\/3\/2024\/08\/calendar-300x300.png\" class=\"attachment-medium size-medium wp-image-12051\" alt=\"-\" srcset=\"https:\/\/faber-etec.de\/wp-content\/uploads\/sites\/3\/2024\/08\/calendar-300x300.png 300w, https:\/\/faber-etec.de\/wp-content\/uploads\/sites\/3\/2024\/08\/calendar-150x150.png 150w, https:\/\/faber-etec.de\/wp-content\/uploads\/sites\/3\/2024\/08\/calendar-12x12.png 12w, https:\/\/faber-etec.de\/wp-content\/uploads\/sites\/3\/2024\/08\/calendar.png 512w\" sizes=\"(max-width: 300px) 100vw, 300px\" title=\"calendar\">\t\t\t\t\t\t\t\t\t\t\t\t\t\t\t<\/div>\n\t\t\t\t<\/div>\n\t\t\t\t<\/div>\n\t\t<div class=\"elementor-element elementor-element-12763af7 e-con-full e-flex e-con e-child\" data-id=\"12763af7\" data-element_type=\"container\" data-e-type=\"container\" data-settings=\"{&quot;background_background&quot;:&quot;classic&quot;}\">\n\t\t\t\t<div class=\"elementor-element elementor-element-522269cf elementor-widget elementor-widget-heading\" data-id=\"522269cf\" data-element_type=\"widget\" data-e-type=\"widget\" data-widget_type=\"heading.default\">\n\t\t\t\t<div class=\"elementor-widget-container\">\n\t\t\t\t\t<span class=\"elementor-heading-title elementor-size-default\">Volle Flexibilit\u00e4t<\/span>\t\t\t\t<\/div>\n\t\t\t\t<\/div>\n\t\t\t\t<div class=\"elementor-element elementor-element-4114c377 elementor-widget elementor-widget-text-editor\" data-id=\"4114c377\" data-element_type=\"widget\" data-e-type=\"widget\" data-widget_type=\"text-editor.default\">\n\t\t\t\t<div class=\"elementor-widget-container\">\n\t\t\t\t\t\t\t\t\t<p>Sie entscheiden \u00fcber Trafoleistung, Spannungsebenen und Bilanzkreise.<\/p>\t\t\t\t\t\t\t\t<\/div>\n\t\t\t\t<\/div>\n\t\t\t\t<div class=\"elementor-element elementor-element-13e23a47 elementor-widget elementor-widget-image\" data-id=\"13e23a47\" data-element_type=\"widget\" data-e-type=\"widget\" data-widget_type=\"image.default\">\n\t\t\t\t<div class=\"elementor-widget-container\">\n\t\t\t\t\t\t\t\t\t\t\t\t\t\t\t<img decoding=\"async\" width=\"300\" height=\"300\" src=\"https:\/\/faber-etec.de\/wp-content\/uploads\/sites\/3\/2024\/08\/Innenansicht-der-Kompaktstation-Ansicht-des-Transformators-300x300.webp\" class=\"attachment-medium size-medium wp-image-12061\" alt=\"Innenansicht der Kompaktstation Ansicht des Transformators\" srcset=\"https:\/\/faber-etec.de\/wp-content\/uploads\/sites\/3\/2024\/08\/Innenansicht-der-Kompaktstation-Ansicht-des-Transformators-300x300.webp 300w, https:\/\/faber-etec.de\/wp-content\/uploads\/sites\/3\/2024\/08\/Innenansicht-der-Kompaktstation-Ansicht-des-Transformators-150x150.webp 150w, https:\/\/faber-etec.de\/wp-content\/uploads\/sites\/3\/2024\/08\/Innenansicht-der-Kompaktstation-Ansicht-des-Transformators-12x12.webp 12w, https:\/\/faber-etec.de\/wp-content\/uploads\/sites\/3\/2024\/08\/elementor\/thumbs\/Innenansicht-der-Kompaktstation-Ansicht-des-Transformators-150x150.webp 400w, https:\/\/faber-etec.de\/wp-content\/uploads\/sites\/3\/2024\/08\/Innenansicht-der-Kompaktstation-Ansicht-des-Transformators.webp 350w\" sizes=\"(max-width: 300px) 100vw, 300px\" title=\"Innenansicht der Kompaktstation Ansicht des Transformators\" \/>\t\t\t\t\t\t\t\t\t\t\t\t\t\t\t<\/div>\n\t\t\t\t<\/div>\n\t\t\t\t<\/div>\n\t\t\t\t<\/div>\n\t\t<div class=\"elementor-element elementor-element-6c31dccc e-con-full e-flex e-con e-child\" data-id=\"6c31dccc\" data-element_type=\"container\" data-e-type=\"container\">\n\t\t<div class=\"elementor-element elementor-element-6c42018a e-con-full e-flex e-con e-child\" data-id=\"6c42018a\" data-element_type=\"container\" data-e-type=\"container\" data-settings=\"{&quot;background_background&quot;:&quot;classic&quot;}\">\n\t\t\t\t<div class=\"elementor-element elementor-element-657da439 elementor-widget elementor-widget-heading\" data-id=\"657da439\" data-element_type=\"widget\" data-e-type=\"widget\" data-widget_type=\"heading.default\">\n\t\t\t\t<div class=\"elementor-widget-container\">\n\t\t\t\t\t<span class=\"elementor-heading-title elementor-size-default\">Bis zu <strong>2.500 kVA<\/strong><\/span>\t\t\t\t<\/div>\n\t\t\t\t<\/div>\n\t\t\t\t<\/div>\n\t\t<div class=\"elementor-element elementor-element-5a47c83b e-con-full e-flex e-con e-child\" data-id=\"5a47c83b\" data-element_type=\"container\" data-e-type=\"container\" data-settings=\"{&quot;background_background&quot;:&quot;classic&quot;}\">\n\t\t\t\t<div class=\"elementor-element elementor-element-7ab6c767 elementor-widget elementor-widget-heading\" data-id=\"7ab6c767\" data-element_type=\"widget\" data-e-type=\"widget\" data-widget_type=\"heading.default\">\n\t\t\t\t<div class=\"elementor-widget-container\">\n\t\t\t\t\t<span class=\"elementor-heading-title elementor-size-default\">Schl\u00fcsselfertige Auslieferung<\/span>\t\t\t\t<\/div>\n\t\t\t\t<\/div>\n\t\t\t\t<div class=\"elementor-element elementor-element-a78300a elementor-widget elementor-widget-heading\" data-id=\"a78300a\" data-element_type=\"widget\" data-e-type=\"widget\" data-widget_type=\"heading.default\">\n\t\t\t\t<div class=\"elementor-widget-container\">\n\t\t\t\t\t<span class=\"elementor-heading-title elementor-size-default\"><strong>TAB- und VDE-konform<\/strong><\/span>\t\t\t\t<\/div>\n\t\t\t\t<\/div>\n\t\t\t\t<div class=\"elementor-element elementor-element-1e6c6e05 elementor-widget elementor-widget-text-editor\" data-id=\"1e6c6e05\" data-element_type=\"widget\" data-e-type=\"widget\" data-widget_type=\"text-editor.default\">\n\t\t\t\t<div class=\"elementor-widget-container\">\n\t\t\t\t\t\t\t\t\t<p>Wir \u00fcbernehmen das Engineering und erwirken eine Freigabe durch das zust\u00e4ndige EVU (Energieversorgungsunternehmen).<\/p>\t\t\t\t\t\t\t\t<\/div>\n\t\t\t\t<\/div>\n\t\t\t\t<div class=\"elementor-element elementor-element-2d9d2ab6 elementor-widget elementor-widget-image\" data-id=\"2d9d2ab6\" data-element_type=\"widget\" data-e-type=\"widget\" data-widget_type=\"image.default\">\n\t\t\t\t<div class=\"elementor-widget-container\">\n\t\t\t\t\t\t\t\t\t\t\t\t\t\t\t<img loading=\"lazy\" decoding=\"async\" width=\"768\" height=\"1\" src=\"https:\/\/faber-etec.de\/wp-content\/uploads\/sites\/3\/2024\/08\/license.svg\" class=\"attachment-medium_large size-medium_large wp-image-12035\" alt=\"Lizenzen und Zertifikate der Faber E-Tec GmbH\" title=\"Faber E-Tec \u2013 Lizenzen und Zertifikate\" \/>\t\t\t\t\t\t\t\t\t\t\t\t\t\t\t<\/div>\n\t\t\t\t<\/div>\n\t\t\t\t<\/div>\n\t\t\t\t<\/div>\n\t\t<div class=\"elementor-element elementor-element-2b67c4f5 e-con-full e-flex e-con e-child\" data-id=\"2b67c4f5\" data-element_type=\"container\" data-e-type=\"container\">\n\t\t<div class=\"elementor-element elementor-element-749b75d3 e-con-full e-flex e-con e-child\" data-id=\"749b75d3\" data-element_type=\"container\" data-e-type=\"container\" data-settings=\"{&quot;background_background&quot;:&quot;classic&quot;}\">\n\t\t\t\t<div class=\"elementor-element elementor-element-56d902a2 elementor-widget elementor-widget-heading\" data-id=\"56d902a2\" data-element_type=\"widget\" data-e-type=\"widget\" data-widget_type=\"heading.default\">\n\t\t\t\t<div class=\"elementor-widget-container\">\n\t\t\t\t\t<span class=\"elementor-heading-title elementor-size-default\">Kompatibel zu allen deutschen Mittel&shy;spannungs&shy;netzen<\/span>\t\t\t\t<\/div>\n\t\t\t\t<\/div>\n\t\t\t\t<div class=\"elementor-element elementor-element-3c42728c elementor-widget elementor-widget-text-editor\" data-id=\"3c42728c\" data-element_type=\"widget\" data-e-type=\"widget\" data-widget_type=\"text-editor.default\">\n\t\t\t\t<div class=\"elementor-widget-container\">\n\t\t\t\t\t\t\t\t\t<p>St\u00f6rlichtbogenzertifiziert f\u00fcr den Einsatz in ganz Deutschland.<\/p>\t\t\t\t\t\t\t\t<\/div>\n\t\t\t\t<\/div>\n\t\t\t\t<div class=\"elementor-element elementor-element-408a0e05 elementor-widget elementor-widget-image\" data-id=\"408a0e05\" data-element_type=\"widget\" data-e-type=\"widget\" data-widget_type=\"image.default\">\n\t\t\t\t<div class=\"elementor-widget-container\">\n\t\t\t\t\t\t\t\t\t\t\t\t\t\t\t<img loading=\"lazy\" decoding=\"async\" width=\"800\" height=\"800\" src=\"https:\/\/faber-etec.de\/wp-content\/uploads\/sites\/3\/2024\/07\/deutschland-germany.svg\" class=\"attachment-large size-large wp-image-8319\" alt=\"Faber E-Tec GmbH \u2013 Standorte und Projekte in Deutschland\" srcset=\"https:\/\/faber-etec.de\/wp-content\/uploads\/sites\/3\/\/2024\/07\/deutschland-germany.svg 150w, https:\/\/faber-etec.de\/wp-content\/uploads\/sites\/3\/\/2024\/07\/deutschland-germany.svg 300w, https:\/\/faber-etec.de\/wp-content\/uploads\/sites\/3\/\/2024\/07\/deutschland-germany.svg 1024w\" sizes=\"(max-width: 800px) 100vw, 800px\" title=\"Faber E-Tec \u2013 Deutschland\/Germany: Standorte und Energiel\u00f6sungen\" \/>\t\t\t\t\t\t\t\t\t\t\t\t\t\t\t<\/div>\n\t\t\t\t<\/div>\n\t\t\t\t<\/div>\n\t\t<div class=\"elementor-element elementor-element-538a4e93 e-con-full e-flex e-con e-child\" data-id=\"538a4e93\" data-element_type=\"container\" data-e-type=\"container\" data-settings=\"{&quot;background_background&quot;:&quot;classic&quot;}\">\n\t\t\t\t<div class=\"elementor-element elementor-element-2d455bc1 elementor-widget elementor-widget-heading\" data-id=\"2d455bc1\" data-element_type=\"widget\" data-e-type=\"widget\" data-widget_type=\"heading.default\">\n\t\t\t\t<div class=\"elementor-widget-container\">\n\t\t\t\t\t<span class=\"elementor-heading-title elementor-size-default\">Kompakte 10 m\u00b2<\/span>\t\t\t\t<\/div>\n\t\t\t\t<\/div>\n\t\t\t\t<div class=\"elementor-element elementor-element-5ba3162c elementor-widget elementor-widget-text-editor\" data-id=\"5ba3162c\" data-element_type=\"widget\" data-e-type=\"widget\" data-widget_type=\"text-editor.default\">\n\t\t\t\t<div class=\"elementor-widget-container\">\n\t\t\t\t\t\t\t\t\t<p>Au\u00dfenma\u00dfe der Station optimiert f\u00fcr Transport und Baurecht.<\/p>\t\t\t\t\t\t\t\t<\/div>\n\t\t\t\t<\/div>\n\t\t\t\t<div class=\"elementor-element elementor-element-49c565ac elementor-widget elementor-widget-image\" data-id=\"49c565ac\" data-element_type=\"widget\" data-e-type=\"widget\" data-widget_type=\"image.default\">\n\t\t\t\t<div class=\"elementor-widget-container\">\n\t\t\t\t\t\t\t\t\t\t\t\t\t\t\t<img loading=\"lazy\" decoding=\"async\" width=\"300\" height=\"194\" src=\"https:\/\/faber-etec.de\/wp-content\/uploads\/sites\/3\/2024\/08\/Logistik-Transport-LKW-Weiss-Frei-Grau-comp-web-300x194.webp\" class=\"attachment-medium size-medium wp-image-12068\" alt=\"-\" srcset=\"https:\/\/faber-etec.de\/wp-content\/uploads\/sites\/3\/2024\/08\/Logistik-Transport-LKW-Weiss-Frei-Grau-comp-web-300x194.webp 300w, https:\/\/faber-etec.de\/wp-content\/uploads\/sites\/3\/2024\/08\/Logistik-Transport-LKW-Weiss-Frei-Grau-comp-web-768x497.webp 768w, https:\/\/faber-etec.de\/wp-content\/uploads\/sites\/3\/2024\/08\/Logistik-Transport-LKW-Weiss-Frei-Grau-comp-web-18x12.webp 18w, https:\/\/faber-etec.de\/wp-content\/uploads\/sites\/3\/2024\/08\/Logistik-Transport-LKW-Weiss-Frei-Grau-comp-web.webp 1000w\" sizes=\"(max-width: 300px) 100vw, 300px\" title=\"Logistik Transport LKW - Au\u00dfenma\u00dfe der Station optimiert f\u00fcr Transport und Baurecht.\">\t\t\t\t\t\t\t\t\t\t\t\t\t\t\t<\/div>\n\t\t\t\t<\/div>\n\t\t\t\t<\/div>\n\t\t\t\t<\/div>\n\t\t\t\t\t<\/div>\n\t\t\t\t<\/div>\n\t\t<div class=\"elementor-element elementor-element-61e9be51 e-flex e-con-boxed elementor-invisible e-con e-parent\" data-id=\"61e9be51\" data-element_type=\"container\" data-e-type=\"container\" data-settings=\"{&quot;animation&quot;:&quot;fadeInDown&quot;}\">\n\t\t\t\t\t<div class=\"e-con-inner\">\n\t\t<div class=\"elementor-element elementor-element-e2ad4b9 e-con-full e-flex e-con e-child\" data-id=\"e2ad4b9\" data-element_type=\"container\" data-e-type=\"container\">\n\t\t\t\t<div class=\"elementor-element elementor-element-60eff80b elementor-widget elementor-widget-text-editor\" data-id=\"60eff80b\" data-element_type=\"widget\" data-e-type=\"widget\" data-widget_type=\"text-editor.default\">\n\t\t\t\t<div class=\"elementor-widget-container\">\n\t\t\t\t\t\t\t\t\t<p>Faber E-Tec <strong>Kompaktstation<\/strong> \/ <strong>Trafostation\u00a0bestellen<\/strong>: Ausgestattet mit modernster Technik und hoher Anpassungsf\u00e4higkeit sind sie ideal f\u00fcr verschiedene Anwendungen im Gewerbe, der Industrie und bei erneuerbaren Energien.<\/p>\t\t\t\t\t\t\t\t<\/div>\n\t\t\t\t<\/div>\n\t\t\t\t<div class=\"elementor-element elementor-element-742099c9 elementor-align-center elementor-widget elementor-widget-button\" data-id=\"742099c9\" data-element_type=\"widget\" data-e-type=\"widget\" data-widget_type=\"button.default\">\n\t\t\t\t<div class=\"elementor-widget-container\">\n\t\t\t\t\t\t\t\t\t<div class=\"elementor-button-wrapper\">\n\t\t\t\t\t<a class=\"elementor-button elementor-button-link elementor-size-sm\"  href=\"https:\/\/faber-etec.de\/wp-content\/uploads\/sites\/3\/2023\/12\/Datenblatt_Faber_E-Tec_Kompaktstation.pdf\" title=\"Datenblatt Faber E Tec Kompaktstation.pdf - Kompaktstation Datenblatt \u00f6ffnen\" target=\"_blank\">\n\t\t\t\t\t\t<span class=\"elementor-button-content-wrapper\">\n\t\t\t\t\t\t<span class=\"elementor-button-icon\">\n\t\t\t\t<i aria-hidden=\"true\" class=\"far fa-file-pdf\"><\/i>\t\t\t<\/span>\n\t\t\t\t\t\t\t\t\t<span class=\"elementor-button-text\">Kompaktstation Datenblatt \u00f6ffnen<\/span>\n\t\t\t\t\t<\/span>\n\t\t\t\t\t<\/a>\n\t\t\t\t<\/div>\n\t\t\t\t\t\t\t\t<\/div>\n\t\t\t\t<\/div>\n\t\t\t\t<\/div>\n\t\t\t\t\t<\/div>\n\t\t\t\t<\/div>\n\t\t<div class=\"elementor-element elementor-element-70dcb837 e-flex e-con-boxed e-con e-parent\" data-id=\"70dcb837\" data-element_type=\"container\" data-e-type=\"container\" data-settings=\"{&quot;background_background&quot;:&quot;slideshow&quot;,&quot;background_slideshow_gallery&quot;:[{&quot;id&quot;:&quot;10647&quot;,&quot;url&quot;:&quot;https:\\\/\\\/faber-etec.de\\\/wp-content\\\/uploads\\\/sites\\\/3\\\/2024\\\/07\\\/BG-Slideshow-Beton-Kompaktstation-E-Mobilitaet.jpg&quot;},{&quot;id&quot;:&quot;10648&quot;,&quot;url&quot;:&quot;https:\\\/\\\/faber-etec.de\\\/wp-content\\\/uploads\\\/sites\\\/3\\\/2024\\\/07\\\/BG-Slideshow-Beton-Kompaktstation-PV-und-Wind.jpg&quot;}],&quot;background_slideshow_slide_duration&quot;:&quot;3000&quot;,&quot;background_slideshow_loop&quot;:&quot;yes&quot;,&quot;background_slideshow_slide_transition&quot;:&quot;fade&quot;,&quot;background_slideshow_transition_duration&quot;:500}\">\n\t\t\t\t\t<div class=\"e-con-inner\">\n\t\t<div class=\"elementor-element elementor-element-62c0f90d e-con-full e-flex e-con e-child\" data-id=\"62c0f90d\" data-element_type=\"container\" data-e-type=\"container\">\n\t\t\t\t<div class=\"elementor-element elementor-element-5862739 elementor-invisible elementor-widget elementor-widget-heading\" data-id=\"5862739\" data-element_type=\"widget\" data-e-type=\"widget\" data-settings=\"{&quot;_animation&quot;:&quot;fadeInDown&quot;}\" data-widget_type=\"heading.default\">\n\t\t\t\t<div class=\"elementor-widget-container\">\n\t\t\t\t\t<span class=\"elementor-heading-title elementor-size-default\">Kompaktstationen Trafo<\/span>\t\t\t\t<\/div>\n\t\t\t\t<\/div>\n\t\t\t\t<div class=\"elementor-element elementor-element-e82621d elementor-invisible elementor-widget elementor-widget-heading\" data-id=\"e82621d\" data-element_type=\"widget\" data-e-type=\"widget\" data-settings=\"{&quot;_animation&quot;:&quot;fadeInDown&quot;}\" data-widget_type=\"heading.default\">\n\t\t\t\t<div class=\"elementor-widget-container\">\n\t\t\t\t\t<span class=\"elementor-heading-title elementor-size-default\">Unser Power-House <\/span>\t\t\t\t<\/div>\n\t\t\t\t<\/div>\n\t\t\t\t<div class=\"elementor-element elementor-element-281d963 elementor-widget elementor-widget-counter\" data-id=\"281d963\" data-element_type=\"widget\" data-e-type=\"widget\" data-widget_type=\"counter.default\">\n\t\t\t\t<div class=\"elementor-widget-container\">\n\t\t\t\t\t\t\t<div class=\"elementor-counter\">\n\t\t\t\t\t\t<div class=\"elementor-counter-number-wrapper\">\n\t\t\t\t<span class=\"elementor-counter-number-prefix\"><\/span>\n\t\t\t\t<span class=\"elementor-counter-number\" data-duration=\"2500\" data-to-value=\"2500\" data-from-value=\"0\" data-delimiter=\".\">0<\/span>\n\t\t\t\t<span class=\"elementor-counter-number-suffix\"> kVA<\/span>\n\t\t\t<\/div>\n\t\t<\/div>\n\t\t\t\t\t\t<\/div>\n\t\t\t\t<\/div>\n\t\t<div class=\"elementor-element elementor-element-d7b02ec e-con-full e-flex e-con e-child\" data-id=\"d7b02ec\" data-element_type=\"container\" data-e-type=\"container\">\n\t\t\t\t<\/div>\n\t\t\t\t<\/div>\n\t\t<div class=\"elementor-element elementor-element-3716cca e-con-full e-flex e-con e-child\" data-id=\"3716cca\" data-element_type=\"container\" data-e-type=\"container\">\n\t\t\t\t<div class=\"elementor-element elementor-element-9aade87 elementor-align-center elementor-invisible elementor-widget elementor-widget-button\" data-id=\"9aade87\" data-element_type=\"widget\" data-e-type=\"widget\" data-settings=\"{&quot;_animation&quot;:&quot;fadeInUp&quot;}\" data-widget_type=\"button.default\">\n\t\t\t\t<div class=\"elementor-widget-container\">\n\t\t\t\t\t\t\t\t\t<div class=\"elementor-button-wrapper\">\n\t\t\t\t\t<a class=\"elementor-button elementor-button-link elementor-size-sm\"  href=\"#produktanfrage\" title=\" - Konfigurator &amp; Preise\">\n\t\t\t\t\t\t<span class=\"elementor-button-content-wrapper\">\n\t\t\t\t\t\t<span class=\"elementor-button-icon\">\n\t\t\t\t<i aria-hidden=\"true\" class=\"fas fa-angle-right\"><\/i>\t\t\t<\/span>\n\t\t\t\t\t\t\t\t\t<span class=\"elementor-button-text\">Konfigurator &amp; Preise<\/span>\n\t\t\t\t\t<\/span>\n\t\t\t\t\t<\/a>\n\t\t\t\t<\/div>\n\t\t\t\t\t\t\t\t<\/div>\n\t\t\t\t<\/div>\n\t\t\t\t<\/div>\n\t\t\t\t\t<\/div>\n\t\t\t\t<\/div>\n\t\t<div class=\"elementor-element elementor-element-4a75769a e-flex e-con-boxed e-con e-parent\" data-id=\"4a75769a\" data-element_type=\"container\" data-e-type=\"container\" data-settings=\"{&quot;animation&quot;:&quot;none&quot;}\">\n\t\t\t\t\t<div class=\"e-con-inner\">\n\t\t<div class=\"elementor-element elementor-element-109306c2 e-con-full e-flex e-con e-child\" data-id=\"109306c2\" data-element_type=\"container\" data-e-type=\"container\">\n\t\t\t\t<div class=\"elementor-element elementor-element-265ca0eb elementor-invisible elementor-widget elementor-widget-heading\" data-id=\"265ca0eb\" data-element_type=\"widget\" data-e-type=\"widget\" data-settings=\"{&quot;_animation&quot;:&quot;fadeInDown&quot;}\" data-widget_type=\"heading.default\">\n\t\t\t\t<div class=\"elementor-widget-container\">\n\t\t\t\t\t<h2 class=\"elementor-heading-title elementor-size-default\"> Betonbau Trafostation f\u00fcr erneuerbaren Energien<\/h2>\t\t\t\t<\/div>\n\t\t\t\t<\/div>\n\t\t\t\t<div class=\"elementor-element elementor-element-6ae5405 elementor-invisible elementor-widget elementor-widget-heading\" data-id=\"6ae5405\" data-element_type=\"widget\" data-e-type=\"widget\" data-settings=\"{&quot;_animation&quot;:&quot;fadeIn&quot;}\" data-widget_type=\"heading.default\">\n\t\t\t\t<div class=\"elementor-widget-container\">\n\t\t\t\t\t<span class=\"elementor-heading-title elementor-size-default\">Moderne Kompakttrafostationen<\/span>\t\t\t\t<\/div>\n\t\t\t\t<\/div>\n\t\t\t\t<div class=\"elementor-element elementor-element-66fbfd8b e-n-tabs-mobile elementor-widget elementor-widget-n-tabs\" data-id=\"66fbfd8b\" data-element_type=\"widget\" data-e-type=\"widget\" data-settings=\"{&quot;tabs_justify_horizontal&quot;:&quot;stretch&quot;,&quot;horizontal_scroll&quot;:&quot;disable&quot;}\" data-widget_type=\"nested-tabs.default\">\n\t\t\t\t<div class=\"elementor-widget-container\">\n\t\t\t\t\t\t\t<div class=\"e-n-tabs\" data-widget-number=\"1727790475\" aria-label=\"Onglets. Ouvrez des \u00e9l\u00e9ments avec Entrer ou Espace, fermez-les avec Echape et naviguez \u00e0 l&#039;aide des touches fl\u00e9ch\u00e9es.\">\n\t\t\t<div class=\"e-n-tabs-heading\" role=\"tablist\">\n\t\t\t\t\t<button id=\"e-n-tab-title-17277904751\" data-tab-title-id=\"e-n-tab-title-17277904751\" class=\"e-n-tab-title\" aria-selected=\"true\" data-tab-index=\"1\" role=\"tab\" tabindex=\"0\" aria-controls=\"e-n-tab-content-17277904751\" style=\"--n-tabs-title-order: 1;\">\n\t\t\t\t\t\t<span class=\"e-n-tab-title-text\">\n\t\t\t\tBetonk\u00f6rper\t\t\t<\/span>\n\t\t<\/button>\n\t\t\t\t<button id=\"e-n-tab-title-17277904752\" data-tab-title-id=\"e-n-tab-title-17277904752\" class=\"e-n-tab-title\" aria-selected=\"false\" data-tab-index=\"2\" role=\"tab\" tabindex=\"-1\" aria-controls=\"e-n-tab-content-17277904752\" style=\"--n-tabs-title-order: 2;\">\n\t\t\t\t\t\t<span class=\"e-n-tab-title-text\">\n\t\t\t\tMittelspannung\t\t\t<\/span>\n\t\t<\/button>\n\t\t\t\t<button id=\"e-n-tab-title-17277904753\" data-tab-title-id=\"e-n-tab-title-17277904753\" class=\"e-n-tab-title\" aria-selected=\"false\" data-tab-index=\"3\" role=\"tab\" tabindex=\"-1\" aria-controls=\"e-n-tab-content-17277904753\" style=\"--n-tabs-title-order: 3;\">\n\t\t\t\t\t\t<span class=\"e-n-tab-title-text\">\n\t\t\t\tTransformator\t\t\t<\/span>\n\t\t<\/button>\n\t\t\t\t<button id=\"e-n-tab-title-17277904754\" data-tab-title-id=\"e-n-tab-title-17277904754\" class=\"e-n-tab-title\" aria-selected=\"false\" data-tab-index=\"4\" role=\"tab\" tabindex=\"-1\" aria-controls=\"e-n-tab-content-17277904754\" style=\"--n-tabs-title-order: 4;\">\n\t\t\t\t\t\t<span class=\"e-n-tab-title-text\">\n\t\t\t\tNiederspannung \t\t\t<\/span>\n\t\t<\/button>\n\t\t\t\t\t<\/div>\n\t\t\t<div class=\"e-n-tabs-content\">\n\t\t\t\t<div id=\"e-n-tab-content-17277904751\" role=\"tabpanel\" aria-labelledby=\"e-n-tab-title-17277904751\" data-tab-index=\"1\" style=\"--n-tabs-title-order: 1;\" class=\"e-active elementor-element elementor-element-57e1c02e e-con-full e-flex e-con e-child\" data-id=\"57e1c02e\" data-element_type=\"container\" data-e-type=\"container\" data-settings=\"{&quot;background_background&quot;:&quot;classic&quot;}\">\n\t\t<div class=\"elementor-element elementor-element-15de84ec e-con-full e-flex e-con e-child\" data-id=\"15de84ec\" data-element_type=\"container\" data-e-type=\"container\">\n\t\t\t\t<div class=\"elementor-element elementor-element-102b484 elementor-widget elementor-widget-image\" data-id=\"102b484\" data-element_type=\"widget\" data-e-type=\"widget\" data-widget_type=\"image.default\">\n\t\t\t\t<div class=\"elementor-widget-container\">\n\t\t\t\t\t\t\t\t\t\t\t\t\t\t\t<img decoding=\"async\" src=\"https:\/\/faber-etec.de\/wp-content\/uploads\/sites\/3\/elementor\/thumbs\/Faber_E-Tec_Werk_2-pb3zrkovjcrwx9fqf1n7rpy91inccv5tjf9wrn3nu8.jpg\" title=\"Faber_E-Tec_Werk_2\" alt=\"Faber_E-Tec_Werk_2\" loading=\"lazy\" \/>\t\t\t\t\t\t\t\t\t\t\t\t\t\t\t<\/div>\n\t\t\t\t<\/div>\n\t\t\t\t<\/div>\n\t\t<div class=\"elementor-element elementor-element-7a50af35 e-con-full e-flex e-con e-child\" data-id=\"7a50af35\" data-element_type=\"container\" data-e-type=\"container\">\n\t\t\t\t<div class=\"elementor-element elementor-element-fdb07c7 elementor-widget elementor-widget-heading\" data-id=\"fdb07c7\" data-element_type=\"widget\" data-e-type=\"widget\" data-widget_type=\"heading.default\">\n\t\t\t\t<div class=\"elementor-widget-container\">\n\t\t\t\t\t<h4 class=\"elementor-heading-title elementor-size-default\">Kompakte Transformatorstationen f\u00fcr einfache Installation<\/h4>\t\t\t\t<\/div>\n\t\t\t\t<\/div>\n\t\t\t\t<div class=\"elementor-element elementor-element-4f8b3447 elementor-widget elementor-widget-text-editor\" data-id=\"4f8b3447\" data-element_type=\"widget\" data-e-type=\"widget\" data-widget_type=\"text-editor.default\">\n\t\t\t\t<div class=\"elementor-widget-container\">\n\t\t\t\t\t\t\t\t\t<p><strong>Betonbau Trafostation<\/strong>: 10 m\u00b3 fl\u00fcssigen Beton verwandeln wir in unserem Werk in unsere zertifizierte Station. Mit Grundma\u00dfen von 2.620 x 3.870 mm l\u00e4sst sich die Station ohne Ausnahmegenehmigungen und Nachttransporte per Tieflader m\u00f6glichst einfach zum Einsatzort bringen. Gleichzeitig bedeuten weniger als 10 m\u00b2 Grundfl\u00e4che Baugenehmigungsfreiheit in allen deutschen Bundesl\u00e4ndern.<\/p>\n<p>Die Station wird als Fertigbetonelement ohne Fundament in eine Baugrube gesetzt und \u00fcberragt die Grasnarbe anschlie\u00dfend noch um knapp zwei Meter.<\/p>\t\t\t\t\t\t\t\t<\/div>\n\t\t\t\t<\/div>\n\t\t\t\t<\/div>\n\t\t\t\t<\/div>\n\t\t<div id=\"e-n-tab-content-17277904752\" role=\"tabpanel\" aria-labelledby=\"e-n-tab-title-17277904752\" data-tab-index=\"2\" style=\"--n-tabs-title-order: 2;\" class=\" elementor-element elementor-element-4e486c9 e-con-full e-flex e-con e-child\" data-id=\"4e486c9\" data-element_type=\"container\" data-e-type=\"container\" data-settings=\"{&quot;background_background&quot;:&quot;classic&quot;}\">\n\t\t<div class=\"elementor-element elementor-element-a27f4e2 e-con-full e-flex e-con e-child\" data-id=\"a27f4e2\" data-element_type=\"container\" data-e-type=\"container\">\n\t\t\t\t<div class=\"elementor-element elementor-element-c6f40cf elementor-widget elementor-widget-image\" data-id=\"c6f40cf\" data-element_type=\"widget\" data-e-type=\"widget\" data-widget_type=\"image.default\">\n\t\t\t\t<div class=\"elementor-widget-container\">\n\t\t\t\t\t\t\t\t\t\t\t\t\t\t\t<img decoding=\"async\" src=\"https:\/\/faber-etec.de\/wp-content\/uploads\/sites\/3\/elementor\/thumbs\/Mittelspannungsseite-45-Grad-Sicht-Schatten-Faber-E-Tec-Kompaktstation-v2-qrv2qeeaqeuldpe4ugre38pr55rk7uj6xz3me7a06o.jpg\" title=\"Mittelspannungsseite 45 Grad Sicht Schatten Faber E-Tec Kompaktstation v2\" alt=\"Mittelspannungsseite 45 Grad Sicht Schatten Faber E-Tec Kompaktstation v2\" loading=\"lazy\" \/>\t\t\t\t\t\t\t\t\t\t\t\t\t\t\t<\/div>\n\t\t\t\t<\/div>\n\t\t\t\t<\/div>\n\t\t<div class=\"elementor-element elementor-element-a535d03 e-con-full e-flex e-con e-child\" data-id=\"a535d03\" data-element_type=\"container\" data-e-type=\"container\">\n\t\t\t\t<div class=\"elementor-element elementor-element-1316d55 elementor-widget elementor-widget-heading\" data-id=\"1316d55\" data-element_type=\"widget\" data-e-type=\"widget\" data-widget_type=\"heading.default\">\n\t\t\t\t<div class=\"elementor-widget-container\">\n\t\t\t\t\t<h4 class=\"elementor-heading-title elementor-size-default\">Innovative Gasisolierte Stationen mit FBX-Serie<\/h4>\t\t\t\t<\/div>\n\t\t\t\t<\/div>\n\t\t\t\t<div class=\"elementor-element elementor-element-565d81c elementor-widget elementor-widget-text-editor\" data-id=\"565d81c\" data-element_type=\"widget\" data-e-type=\"widget\" data-widget_type=\"text-editor.default\">\n\t\t\t\t<div class=\"elementor-widget-container\">\n\t\t\t\t\t\t\t\t\t<p>Unsere Stationen sind zertifiziert mit der gasisolierten FBX-Serie aus dem Hause Schneider Electric. Verborgen hinter den T\u00fcren an der einen kurzen Seite der Station findet sich Platz f\u00fcr 3 Kabelfelder sowie eine Messzelle mit einer jeweils 3-phasigen Wandlermessung f\u00fcr Strom und Spannung. Somit k\u00f6nnen mittelspannungsseitige Einschleifungen ebenso umgesetzt werden wie eine Absicherung mittels Leistungsschalter.<\/p>\t\t\t\t\t\t\t\t<\/div>\n\t\t\t\t<\/div>\n\t\t\t\t<\/div>\n\t\t\t\t<\/div>\n\t\t<div id=\"e-n-tab-content-17277904753\" role=\"tabpanel\" aria-labelledby=\"e-n-tab-title-17277904753\" data-tab-index=\"3\" style=\"--n-tabs-title-order: 3;\" class=\" elementor-element elementor-element-dbb9ace e-con-full e-flex e-con e-child\" data-id=\"dbb9ace\" data-element_type=\"container\" data-e-type=\"container\" data-settings=\"{&quot;background_background&quot;:&quot;classic&quot;}\">\n\t\t<div class=\"elementor-element elementor-element-10e3bc8 e-con-full e-flex e-con e-child\" data-id=\"10e3bc8\" data-element_type=\"container\" data-e-type=\"container\">\n\t\t\t\t<div class=\"elementor-element elementor-element-1ac5a23 elementor-widget elementor-widget-image\" data-id=\"1ac5a23\" data-element_type=\"widget\" data-e-type=\"widget\" data-widget_type=\"image.default\">\n\t\t\t\t<div class=\"elementor-widget-container\">\n\t\t\t\t\t\t\t\t\t\t\t\t\t\t\t<img decoding=\"async\" src=\"https:\/\/faber-etec.de\/wp-content\/uploads\/sites\/3\/elementor\/thumbs\/Trafo-In-01-p7e5fm2al95x0rpjritmh8kigupzam4xcbpu83wzg0.jpg\" title=\"Trafo-In-01\" alt=\"Trafo-In-01\" loading=\"lazy\" \/>\t\t\t\t\t\t\t\t\t\t\t\t\t\t\t<\/div>\n\t\t\t\t<\/div>\n\t\t\t\t<\/div>\n\t\t<div class=\"elementor-element elementor-element-13018b5 e-con-full e-flex e-con e-child\" data-id=\"13018b5\" data-element_type=\"container\" data-e-type=\"container\">\n\t\t\t\t<div class=\"elementor-element elementor-element-f0ad929 elementor-widget elementor-widget-heading\" data-id=\"f0ad929\" data-element_type=\"widget\" data-e-type=\"widget\" data-widget_type=\"heading.default\">\n\t\t\t\t<div class=\"elementor-widget-container\">\n\t\t\t\t\t<h4 class=\"elementor-heading-title elementor-size-default\">Das Herz der Station schl\u00e4gt in der Mittelkammer<\/h4>\t\t\t\t<\/div>\n\t\t\t\t<\/div>\n\t\t\t\t<div class=\"elementor-element elementor-element-6bde3f1 elementor-widget elementor-widget-text-editor\" data-id=\"6bde3f1\" data-element_type=\"widget\" data-e-type=\"widget\" data-widget_type=\"text-editor.default\">\n\t\t\t\t<div class=\"elementor-widget-container\">\n\t\t\t\t\t\t\t\t\t<p>Mit bis zu 2.500 kVA-Leistung verbindet dieser die Nieder- mit der Mittelspannungsseite. Zum Einsatz kommen Drehstrom-\u00d6l-Transformatoren mit einfacher oder doppelter Wicklung.<\/p><p>Auf Wunsch ist auch der Ersatz durch ein <strong>Bio-Esther-Gemisch<\/strong> m\u00f6glich. Sowohl Ober- als auch Unterspannungsseitig sind neben den \u00fcblichen Spannungsebenen wie 400 V, 800 V, 10 kV oder 20 kV auch Sonderspannungen wie 470 V oder 20,8 kV m\u00f6glich.<\/p>\t\t\t\t\t\t\t\t<\/div>\n\t\t\t\t<\/div>\n\t\t\t\t<\/div>\n\t\t\t\t<\/div>\n\t\t<div id=\"e-n-tab-content-17277904754\" role=\"tabpanel\" aria-labelledby=\"e-n-tab-title-17277904754\" data-tab-index=\"4\" style=\"--n-tabs-title-order: 4;\" class=\" elementor-element elementor-element-e3dcb3a e-con-full e-flex e-con e-child\" data-id=\"e3dcb3a\" data-element_type=\"container\" data-e-type=\"container\" data-settings=\"{&quot;background_background&quot;:&quot;classic&quot;}\">\n\t\t<div class=\"elementor-element elementor-element-1e64dcc e-con-full e-flex e-con e-child\" data-id=\"1e64dcc\" data-element_type=\"container\" data-e-type=\"container\">\n\t\t\t\t<div class=\"elementor-element elementor-element-78544cd elementor-widget elementor-widget-image\" data-id=\"78544cd\" data-element_type=\"widget\" data-e-type=\"widget\" data-widget_type=\"image.default\">\n\t\t\t\t<div class=\"elementor-widget-container\">\n\t\t\t\t\t\t\t\t\t\t\t\t\t\t\t<img decoding=\"async\" src=\"https:\/\/faber-etec.de\/wp-content\/uploads\/sites\/3\/elementor\/thumbs\/Niederspannung-Grau-BG-Faber-E-Tec-qrv2trnh81gkzei06f69iw47rv5wsswken99awa7w0.jpg\" title=\"Niederspannung Grau BG &#8211; Faber E-Tec\" alt=\"Niederspannung Grau BG - Faber E-Tec\" loading=\"lazy\" \/>\t\t\t\t\t\t\t\t\t\t\t\t\t\t\t<\/div>\n\t\t\t\t<\/div>\n\t\t\t\t<\/div>\n\t\t<div class=\"elementor-element elementor-element-85cddb0 e-con-full e-flex e-con e-child\" data-id=\"85cddb0\" data-element_type=\"container\" data-e-type=\"container\">\n\t\t\t\t<div class=\"elementor-element elementor-element-ecbbeae elementor-widget elementor-widget-heading\" data-id=\"ecbbeae\" data-element_type=\"widget\" data-e-type=\"widget\" data-widget_type=\"heading.default\">\n\t\t\t\t<div class=\"elementor-widget-container\">\n\t\t\t\t\t<h4 class=\"elementor-heading-title elementor-size-default\">Individuelle Projektl\u00f6sungen f\u00fcr eine effiziente Schnittstelle zwischen Station und Anlage<\/h4>\t\t\t\t<\/div>\n\t\t\t\t<\/div>\n\t\t\t\t<div class=\"elementor-element elementor-element-2b931a8 elementor-widget elementor-widget-text-editor\" data-id=\"2b931a8\" data-element_type=\"widget\" data-e-type=\"widget\" data-widget_type=\"text-editor.default\">\n\t\t\t\t<div class=\"elementor-widget-container\">\n\t\t\t\t\t\t\t\t\t<p><span lang=\"DE-DE\" xml:lang=\"DE-DE\" data-contrast=\"auto\"><b>Kompakttrafostation<\/b>: Zwischen 400 und 800 Volt verarbeitet die Niederspannungsplatte je nach Projektbedarf. Auf ihr werden projektindividuell Schutzschrank, Z\u00e4hlerschrank, NH-Leisten, gro\u00dfe und kleine Leistungsschalter, Kommunikationstechnik und die unterbrechungsfreie Stromversorgung installiert. Die Niederspannungsplatte ist damit die Schnittstelle zwischen der Station und Ihrer Anlage.<\/span><span data-ccp-props=\"{&quot;201341983&quot;:0,&quot;335559739&quot;:160,&quot;335559740&quot;:259}\">&nbsp;<\/span><\/p>\t\t\t\t\t\t\t\t<\/div>\n\t\t\t\t<\/div>\n\t\t\t\t<\/div>\n\t\t\t\t<\/div>\n\t\t\t\t\t<\/div>\n\t\t<\/div>\n\t\t\t\t\t\t<\/div>\n\t\t\t\t<\/div>\n\t\t\t\t<\/div>\n\t\t\t\t\t<\/div>\n\t\t\t\t<\/div>\n\t\t<div class=\"elementor-element elementor-element-424f4d85 e-flex e-con-boxed e-con e-parent\" data-id=\"424f4d85\" data-element_type=\"container\" data-e-type=\"container\">\n\t\t\t\t\t<div class=\"e-con-inner\">\n\t\t<div class=\"elementor-element elementor-element-ea873d5 e-con-full e-flex e-con e-child\" data-id=\"ea873d5\" data-element_type=\"container\" data-e-type=\"container\">\n\t\t\t\t<div class=\"elementor-element elementor-element-41524c9 elementor-widget elementor-widget-heading\" data-id=\"41524c9\" data-element_type=\"widget\" data-e-type=\"widget\" data-widget_type=\"heading.default\">\n\t\t\t\t<div class=\"elementor-widget-container\">\n\t\t\t\t\t<span class=\"elementor-heading-title elementor-size-default\">Einspeisungs-, Bezugs-, Misch- und Inselanlagen <\/span>\t\t\t\t<\/div>\n\t\t\t\t<\/div>\n\t\t\t\t<div class=\"elementor-element elementor-element-eeac09f elementor-widget elementor-widget-heading\" data-id=\"eeac09f\" data-element_type=\"widget\" data-e-type=\"widget\" data-widget_type=\"heading.default\">\n\t\t\t\t<div class=\"elementor-widget-container\">\n\t\t\t\t\t<h2 class=\"elementor-heading-title elementor-size-default\">Das Mittelspannungs-1x1<\/h2>\t\t\t\t<\/div>\n\t\t\t\t<\/div>\n\t\t\t\t<div class=\"elementor-element elementor-element-d350078 elementor-widget elementor-widget-text-editor\" data-id=\"d350078\" data-element_type=\"widget\" data-e-type=\"widget\" data-widget_type=\"text-editor.default\">\n\t\t\t\t<div class=\"elementor-widget-container\">\n\t\t\t\t\t\t\t\t\t<p>Ein \u00dcberblick \u00fcber die g\u00e4ngigen Betrachtungsm\u00f6glichkeiten f\u00fcr einen Netzanschluss. Grunds\u00e4tzlich gibt es beim Anschluss an das \u00f6ffentliche Stromnetz zwei M\u00f6glichkeiten: Strombezug und Stromeinspeisung. Dazu kommen noch Misch- und Sonderformen.<\/p>\t\t\t\t\t\t\t\t<\/div>\n\t\t\t\t<\/div>\n\t\t\t\t<\/div>\n\t\t<div class=\"elementor-element elementor-element-6c9d7393 e-con-full e-flex elementor-invisible e-con e-child\" data-id=\"6c9d7393\" data-element_type=\"container\" data-e-type=\"container\" data-settings=\"{&quot;animation&quot;:&quot;fadeInRight&quot;}\">\n\t\t\t\t<div class=\"elementor-element elementor-element-d2998c3 elementor-align-start elementor-icon-list--layout-traditional elementor-list-item-link-full_width elementor-widget elementor-widget-icon-list\" data-id=\"d2998c3\" data-element_type=\"widget\" data-e-type=\"widget\" data-widget_type=\"icon-list.default\">\n\t\t\t\t<div class=\"elementor-widget-container\">\n\t\t\t\t\t\t\t<ul class=\"elementor-icon-list-items\">\n\t\t\t\t\t\t\t<li class=\"elementor-icon-list-item\">\n\t\t\t\t\t\t\t\t\t\t\t<span class=\"elementor-icon-list-icon\">\n\t\t\t\t\t\t\t<i aria-hidden=\"true\" class=\"fas fa-angle-right\"><\/i>\t\t\t\t\t\t<\/span>\n\t\t\t\t\t\t\t\t\t\t<span class=\"elementor-icon-list-text\"><strong>Bezug:<\/strong> Strombezug findet klassischerweise durch Unternehmen, Wohngebiete oder E-Auto-Ladeparks statt.<\/span>\n\t\t\t\t\t\t\t\t\t<\/li>\n\t\t\t\t\t\t\t\t<li class=\"elementor-icon-list-item\">\n\t\t\t\t\t\t\t\t\t\t\t<span class=\"elementor-icon-list-icon\">\n\t\t\t\t\t\t\t<i aria-hidden=\"true\" class=\"fas fa-angle-right\"><\/i>\t\t\t\t\t\t<\/span>\n\t\t\t\t\t\t\t\t\t\t<span class=\"elementor-icon-list-text\"><strong>Einspeisung:<\/strong> Das Gegenst\u00fcck dazu ist die Erzeugung von Strom aus erneuerbaren oder konventionellen Quellen und dessen Einspeisung in das Stromnetz. <\/span>\n\t\t\t\t\t\t\t\t\t<\/li>\n\t\t\t\t\t\t\t\t<li class=\"elementor-icon-list-item\">\n\t\t\t\t\t\t\t\t\t\t\t<span class=\"elementor-icon-list-icon\">\n\t\t\t\t\t\t\t<i aria-hidden=\"true\" class=\"fas fa-angle-right\"><\/i>\t\t\t\t\t\t<\/span>\n\t\t\t\t\t\t\t\t\t\t<span class=\"elementor-icon-list-text\"><strong>Mischanlagen:<\/strong> Kombiniert spricht man von Mischanlagen, beispielsweise ein produzierendes Unternehmen mit einer PV-Anlage auf dem Dach. Aber auch netzdienliche Speicheranlagen oder Lades\u00e4ulen mit bidirektionalem Laden k\u00f6nnen eine Betrachtung als Mischanlage ausl\u00f6sen.<\/span>\n\t\t\t\t\t\t\t\t\t<\/li>\n\t\t\t\t\t\t\t\t<li class=\"elementor-icon-list-item\">\n\t\t\t\t\t\t\t\t\t\t\t<span class=\"elementor-icon-list-icon\">\n\t\t\t\t\t\t\t<i aria-hidden=\"true\" class=\"fas fa-angle-right\"><\/i>\t\t\t\t\t\t<\/span>\n\t\t\t\t\t\t\t\t\t\t<span class=\"elementor-icon-list-text\"><strong>Inselanlagen:<\/strong> Komplett vom Netz losgekoppelt sind wiederum Inselanlagen. Diese produzieren jeglichen Strombedarf selber, ohne \u00dcbersch\u00fcsse ins Netz abzugeben. <\/span>\n\t\t\t\t\t\t\t\t\t<\/li>\n\t\t\t\t\t\t<\/ul>\n\t\t\t\t\t\t<\/div>\n\t\t\t\t<\/div>\n\t\t\t\t<\/div>\n\t\t<div class=\"elementor-element elementor-element-3fae48f4 e-con-full e-flex e-con e-child\" data-id=\"3fae48f4\" data-element_type=\"container\" data-e-type=\"container\">\n\t\t\t\t<div class=\"elementor-element elementor-element-dfe8f41 elementor-widget elementor-widget-image\" data-id=\"dfe8f41\" data-element_type=\"widget\" data-e-type=\"widget\" data-widget_type=\"image.default\">\n\t\t\t\t<div class=\"elementor-widget-container\">\n\t\t\t\t\t\t\t\t\t\t\t\t\t\t\t\t<a  href=\"#elementor-action%3Aaction%3Dlightbox%26settings%3DeyJ1cmwiOiJodHRwczpcL1wvZmFiZXItZXRlYy5kZVwvd3AtY29udGVudFwvdXBsb2Fkc1wvc2l0ZXNcLzNcLzIwMjRcLzA3XC9NaXR0ZWxzcGFubnVuZ3NzZWl0ZS1Gcm9udC1TY2hhdHRlbi1GYWJlci1FLVRlYy1Lb21wYWt0c3RhdGlvbi5qcGciLCJ0eXBlIjoiaW1hZ2UifQ%3D%3D\" title=\" - \">\n\t\t\t\t\t\t\t<img loading=\"lazy\" decoding=\"async\" width=\"768\" height=\"652\" src=\"https:\/\/faber-etec.de\/wp-content\/uploads\/sites\/3\/2024\/08\/Mittelspannungsseite-Front-Schatten-Faber-E-Tec-Kompaktstation-WEBP-768x652.webp\" class=\"attachment-medium_large size-medium_large wp-image-12072\" alt=\"Ge\u00f6ffnete Mittelspannungsseite einer Kompaktstation von Faber E-Tec, mit sichtbaren Schaltanlagen und Sicherheitseinrichtungen\" srcset=\"https:\/\/faber-etec.de\/wp-content\/uploads\/sites\/3\/2024\/08\/Mittelspannungsseite-Front-Schatten-Faber-E-Tec-Kompaktstation-WEBP-768x652.webp 768w, https:\/\/faber-etec.de\/wp-content\/uploads\/sites\/3\/2024\/08\/Mittelspannungsseite-Front-Schatten-Faber-E-Tec-Kompaktstation-WEBP-300x255.webp 300w, https:\/\/faber-etec.de\/wp-content\/uploads\/sites\/3\/2024\/08\/Mittelspannungsseite-Front-Schatten-Faber-E-Tec-Kompaktstation-WEBP-1024x870.webp 1024w, https:\/\/faber-etec.de\/wp-content\/uploads\/sites\/3\/2024\/08\/Mittelspannungsseite-Front-Schatten-Faber-E-Tec-Kompaktstation-WEBP-1536x1305.webp 1536w, https:\/\/faber-etec.de\/wp-content\/uploads\/sites\/3\/2024\/08\/Mittelspannungsseite-Front-Schatten-Faber-E-Tec-Kompaktstation-WEBP-14x12.webp 14w, https:\/\/faber-etec.de\/wp-content\/uploads\/sites\/3\/2024\/08\/Mittelspannungsseite-Front-Schatten-Faber-E-Tec-Kompaktstation-WEBP.webp 1868w\" sizes=\"(max-width: 768px) 100vw, 768px\" title=\"Ge\u00f6ffnete Mittelspannungsseite einer Faber E-Tec Kompaktstation\" \/>\t\t\t\t\t\t\t\t<\/a>\n\t\t\t\t\t\t\t\t\t\t\t\t\t\t\t<\/div>\n\t\t\t\t<\/div>\n\t\t\t\t<\/div>\n\t\t\t\t\t<\/div>\n\t\t\t\t<\/div>\n\t\t<div class=\"elementor-element elementor-element-d90e440 e-flex e-con-boxed e-con e-parent\" data-id=\"d90e440\" data-element_type=\"container\" data-e-type=\"container\">\n\t\t\t\t\t<div class=\"e-con-inner\">\n\t\t<div class=\"elementor-element elementor-element-287e979 e-con-full e-flex e-con e-child\" data-id=\"287e979\" data-element_type=\"container\" data-e-type=\"container\">\n\t\t\t\t<div class=\"elementor-element elementor-element-4c1d42d elementor-widget elementor-widget-gallery\" data-id=\"4c1d42d\" data-element_type=\"widget\" data-e-type=\"widget\" data-settings=\"{&quot;columns&quot;:&quot;2&quot;,&quot;lazyload&quot;:&quot;yes&quot;,&quot;gallery_layout&quot;:&quot;grid&quot;,&quot;columns_tablet&quot;:2,&quot;columns_mobile&quot;:1,&quot;gap&quot;:{&quot;unit&quot;:&quot;px&quot;,&quot;size&quot;:10,&quot;sizes&quot;:[]},&quot;gap_laptop&quot;:{&quot;unit&quot;:&quot;px&quot;,&quot;size&quot;:10,&quot;sizes&quot;:[]},&quot;gap_tablet_extra&quot;:{&quot;unit&quot;:&quot;px&quot;,&quot;size&quot;:10,&quot;sizes&quot;:[]},&quot;gap_tablet&quot;:{&quot;unit&quot;:&quot;px&quot;,&quot;size&quot;:10,&quot;sizes&quot;:[]},&quot;gap_mobile&quot;:{&quot;unit&quot;:&quot;px&quot;,&quot;size&quot;:10,&quot;sizes&quot;:[]},&quot;link_to&quot;:&quot;file&quot;,&quot;aspect_ratio&quot;:&quot;3:2&quot;,&quot;overlay_background&quot;:&quot;yes&quot;,&quot;content_hover_animation&quot;:&quot;fade-in&quot;}\" data-widget_type=\"gallery.default\">\n\t\t\t\t<div class=\"elementor-widget-container\">\n\t\t\t\t\t\t\t<div class=\"elementor-gallery__container\">\n\t\t\t\t\t\t\t<a class=\"e-gallery-item elementor-gallery-item elementor-animated-content\"  href=\"https:\/\/faber-etec.de\/wp-content\/uploads\/sites\/3\/2024\/07\/md.jpeg\" title=\"Md.jpeg - \" data-elementor-open-lightbox=\"yes\" data-elementor-lightbox-slideshow=\"4c1d42d\" data-e-action-hash=\"#elementor-action%3Aaction%3Dlightbox%26settings%3DeyJpZCI6OTY4NSwidXJsIjoiaHR0cHM6XC9cL2ZhYmVyLWV0ZWMuZGVcL3dwLWNvbnRlbnRcL3VwbG9hZHNcL3NpdGVzXC8zXC8yMDI0XC8wN1wvbWQuanBlZyIsInNsaWRlc2hvdyI6IjRjMWQ0MmQifQ%3D%3D\">\n\t\t\t\t\t<div class=\"e-gallery-image elementor-gallery-item__image\" data-thumbnail=\"https:\/\/faber-etec.de\/wp-content\/uploads\/sites\/3\/2024\/07\/md-300x200.jpeg\" data-width=\"300\" data-height=\"200\" aria-label=\"\" role=\"img\" ><\/div>\n\t\t\t\t\t\t\t\t\t\t\t<div class=\"elementor-gallery-item__overlay\"><\/div>\n\t\t\t\t\t\t\t\t\t\t\t\t\t\t<\/a>\n\t\t\t\t\t\t\t<a class=\"e-gallery-item elementor-gallery-item elementor-animated-content\"  href=\"https:\/\/faber-etec.de\/wp-content\/uploads\/sites\/3\/2024\/07\/e-tec_produktion\u00a9patrick.labitzke\u00a9candidateflow_B037-scaled.jpg\" title=\"E Tec Produktion\u00a9patrick.labitzke\u00a9candidateflow B037 Scaled.jpg - \" data-elementor-open-lightbox=\"yes\" data-elementor-lightbox-slideshow=\"4c1d42d\" data-e-action-hash=\"#elementor-action%3Aaction%3Dlightbox%26settings%3DeyJpZCI6OTY4MSwidXJsIjoiaHR0cHM6XC9cL2ZhYmVyLWV0ZWMuZGVcL3dwLWNvbnRlbnRcL3VwbG9hZHNcL3NpdGVzXC8zXC8yMDI0XC8wN1wvZS10ZWNfcHJvZHVrdGlvblx1MDBhOXBhdHJpY2subGFiaXR6a2VcdTAwYTljYW5kaWRhdGVmbG93X0IwMzctc2NhbGVkLmpwZyIsInNsaWRlc2hvdyI6IjRjMWQ0MmQifQ%3D%3D\">\n\t\t\t\t\t<div class=\"e-gallery-image elementor-gallery-item__image\" data-thumbnail=\"https:\/\/faber-etec.de\/wp-content\/uploads\/sites\/3\/2024\/07\/e-tec_produktion\u00a9patrick.labitzke\u00a9candidateflow_B037-300x200.jpg\" data-width=\"300\" data-height=\"200\" aria-label=\"\" role=\"img\" ><\/div>\n\t\t\t\t\t\t\t\t\t\t\t<div class=\"elementor-gallery-item__overlay\"><\/div>\n\t\t\t\t\t\t\t\t\t\t\t\t\t\t<\/a>\n\t\t\t\t\t\t\t<a class=\"e-gallery-item elementor-gallery-item elementor-animated-content\"  href=\"https:\/\/faber-etec.de\/wp-content\/uploads\/sites\/3\/2024\/07\/md.png\" title=\"Md.png - \" data-elementor-open-lightbox=\"yes\" data-elementor-lightbox-slideshow=\"4c1d42d\" data-e-action-hash=\"#elementor-action%3Aaction%3Dlightbox%26settings%3DeyJpZCI6OTY4NiwidXJsIjoiaHR0cHM6XC9cL2ZhYmVyLWV0ZWMuZGVcL3dwLWNvbnRlbnRcL3VwbG9hZHNcL3NpdGVzXC8zXC8yMDI0XC8wN1wvbWQucG5nIiwic2xpZGVzaG93IjoiNGMxZDQyZCJ9\">\n\t\t\t\t\t<div class=\"e-gallery-image elementor-gallery-item__image\" data-thumbnail=\"https:\/\/faber-etec.de\/wp-content\/uploads\/sites\/3\/2024\/07\/md-300x204.png\" data-width=\"300\" data-height=\"204\" aria-label=\"\" role=\"img\" ><\/div>\n\t\t\t\t\t\t\t\t\t\t\t<div class=\"elementor-gallery-item__overlay\"><\/div>\n\t\t\t\t\t\t\t\t\t\t\t\t\t\t<\/a>\n\t\t\t\t\t\t\t<a class=\"e-gallery-item elementor-gallery-item elementor-animated-content\"  href=\"https:\/\/faber-etec.de\/wp-content\/uploads\/sites\/3\/2024\/07\/e-tec_office\u00a9stefan.hopf\u00a9candidateflow_B016-scaled.jpg\" title=\"E Tec Office\u00a9stefan.hopf\u00a9candidateflow B016 Scaled.jpg - \" data-elementor-open-lightbox=\"yes\" data-elementor-lightbox-slideshow=\"4c1d42d\" data-e-action-hash=\"#elementor-action%3Aaction%3Dlightbox%26settings%3DeyJpZCI6OTY4MiwidXJsIjoiaHR0cHM6XC9cL2ZhYmVyLWV0ZWMuZGVcL3dwLWNvbnRlbnRcL3VwbG9hZHNcL3NpdGVzXC8zXC8yMDI0XC8wN1wvZS10ZWNfb2ZmaWNlXHUwMGE5c3RlZmFuLmhvcGZcdTAwYTljYW5kaWRhdGVmbG93X0IwMTYtc2NhbGVkLmpwZyIsInNsaWRlc2hvdyI6IjRjMWQ0MmQifQ%3D%3D\">\n\t\t\t\t\t<div class=\"e-gallery-image elementor-gallery-item__image\" data-thumbnail=\"https:\/\/faber-etec.de\/wp-content\/uploads\/sites\/3\/2024\/07\/e-tec_office\u00a9stefan.hopf\u00a9candidateflow_B016-300x200.jpg\" data-width=\"300\" data-height=\"200\" aria-label=\"\" role=\"img\" ><\/div>\n\t\t\t\t\t\t\t\t\t\t\t<div class=\"elementor-gallery-item__overlay\"><\/div>\n\t\t\t\t\t\t\t\t\t\t\t\t\t\t<\/a>\n\t\t\t\t\t<\/div>\n\t\t\t\t\t<\/div>\n\t\t\t\t<\/div>\n\t\t\t\t<\/div>\n\t\t<div class=\"elementor-element elementor-element-700523d e-con-full e-flex elementor-invisible e-con e-child\" data-id=\"700523d\" data-element_type=\"container\" data-e-type=\"container\" data-settings=\"{&quot;animation&quot;:&quot;fadeInLeft&quot;}\">\n\t\t\t\t<div class=\"elementor-element elementor-element-1f9515b elementor-widget elementor-widget-heading\" data-id=\"1f9515b\" data-element_type=\"widget\" data-e-type=\"widget\" data-widget_type=\"heading.default\">\n\t\t\t\t<div class=\"elementor-widget-container\">\n\t\t\t\t\t<h3 class=\"elementor-heading-title elementor-size-default\">Netzkonforme Installation der Kompaktstation<\/h3>\t\t\t\t<\/div>\n\t\t\t\t<\/div>\n\t\t\t\t<div class=\"elementor-element elementor-element-f587253 elementor-widget elementor-widget-heading\" data-id=\"f587253\" data-element_type=\"widget\" data-e-type=\"widget\" data-widget_type=\"heading.default\">\n\t\t\t\t<div class=\"elementor-widget-container\">\n\t\t\t\t\t<span class=\"elementor-heading-title elementor-size-default\">Unsere Zertifikate<\/span>\t\t\t\t<\/div>\n\t\t\t\t<\/div>\n\t\t\t\t<div class=\"elementor-element elementor-element-bc8de4a elementor-position-left elementor-vertical-align-middle elementor-widget elementor-widget-image-box\" data-id=\"bc8de4a\" data-element_type=\"widget\" data-e-type=\"widget\" data-widget_type=\"image-box.default\">\n\t\t\t\t<div class=\"elementor-widget-container\">\n\t\t\t\t\t<div class=\"elementor-image-box-wrapper\"><figure class=\"elementor-image-box-img\"><img loading=\"lazy\" decoding=\"async\" width=\"150\" height=\"150\" src=\"https:\/\/faber-etec.de\/wp-content\/uploads\/sites\/3\/2024\/07\/Zertifikat.svg\" class=\"attachment-thumbnail size-thumbnail wp-image-10601\" alt=\"Kompaktstationen - Transformatoren Zertifikat\" title=\"Kompaktstationen Zertifikat Gepr\u00fcft nach IEC 62271-202 und VDE 0670-202\" srcset=\"https:\/\/faber-etec.de\/wp-content\/uploads\/sites\/3\/\/2024\/07\/Zertifikat.svg 150w, https:\/\/faber-etec.de\/wp-content\/uploads\/sites\/3\/\/2024\/07\/Zertifikat.svg 300w, https:\/\/faber-etec.de\/wp-content\/uploads\/sites\/3\/\/2024\/07\/Zertifikat.svg 1024w\" sizes=\"(max-width: 150px) 100vw, 150px\" \/><\/figure><div class=\"elementor-image-box-content\"><span class=\"elementor-image-box-title\">DIN EN 62271-202 (VDE 0671-202): 2015-02<\/span><\/div><\/div>\t\t\t\t<\/div>\n\t\t\t\t<\/div>\n\t\t\t\t<div class=\"elementor-element elementor-element-360590f elementor-position-left elementor-vertical-align-middle elementor-widget elementor-widget-image-box\" data-id=\"360590f\" data-element_type=\"widget\" data-e-type=\"widget\" data-widget_type=\"image-box.default\">\n\t\t\t\t<div class=\"elementor-widget-container\">\n\t\t\t\t\t<div class=\"elementor-image-box-wrapper\"><figure class=\"elementor-image-box-img\"><img loading=\"lazy\" decoding=\"async\" width=\"300\" height=\"300\" src=\"https:\/\/faber-etec.de\/wp-content\/uploads\/sites\/3\/2024\/07\/Zertifikat.svg\" class=\"attachment-medium size-medium wp-image-10601\" alt=\"Kompaktstationen - Transformatoren Zertifikat\" title=\"Kompaktstationen Zertifikat Gepr\u00fcft nach IEC 62271-202 und VDE 0670-202\" srcset=\"https:\/\/faber-etec.de\/wp-content\/uploads\/sites\/3\/\/2024\/07\/Zertifikat.svg 150w, https:\/\/faber-etec.de\/wp-content\/uploads\/sites\/3\/\/2024\/07\/Zertifikat.svg 300w, https:\/\/faber-etec.de\/wp-content\/uploads\/sites\/3\/\/2024\/07\/Zertifikat.svg 1024w\" sizes=\"(max-width: 300px) 100vw, 300px\" \/><\/figure><div class=\"elementor-image-box-content\"><span class=\"elementor-image-box-title\">IEC 62271-202: 2014-03<\/span><\/div><\/div>\t\t\t\t<\/div>\n\t\t\t\t<\/div>\n\t\t\t\t<div class=\"elementor-element elementor-element-37fd117 elementor-align-left elementor-widget elementor-widget-button\" data-id=\"37fd117\" data-element_type=\"widget\" data-e-type=\"widget\" data-widget_type=\"button.default\">\n\t\t\t\t<div class=\"elementor-widget-container\">\n\t\t\t\t\t\t\t\t\t<div class=\"elementor-button-wrapper\">\n\t\t\t\t\t<a class=\"elementor-button elementor-button-link elementor-size-sm\"  href=\"https:\/\/faber-etec.de\/wp-content\/uploads\/sites\/3\/2021\/07\/Pr%C3%BCfbescheinigung-FE01WF2020HK.AL_.pdf\" title=\"Pr%C3%BCfbescheinigung FE01WF2020HK.AL .pdf - Zertifikate anezigen\" target=\"_blank\">\n\t\t\t\t\t\t<span class=\"elementor-button-content-wrapper\">\n\t\t\t\t\t\t<span class=\"elementor-button-icon\">\n\t\t\t\t<i aria-hidden=\"true\" class=\"fas fa-angle-right\"><\/i>\t\t\t<\/span>\n\t\t\t\t\t\t\t\t\t<span class=\"elementor-button-text\">Zertifikate anezigen<\/span>\n\t\t\t\t\t<\/span>\n\t\t\t\t\t<\/a>\n\t\t\t\t<\/div>\n\t\t\t\t\t\t\t\t<\/div>\n\t\t\t\t<\/div>\n\t\t\t\t<\/div>\n\t\t\t\t\t<\/div>\n\t\t\t\t<\/div>\n\t\t<div class=\"elementor-element elementor-element-f566b6e animated-fast e-flex e-con-boxed elementor-invisible e-con e-parent\" data-id=\"f566b6e\" data-element_type=\"container\" data-e-type=\"container\" data-settings=\"{&quot;animation&quot;:&quot;zoomIn&quot;}\">\n\t\t\t\t\t<div class=\"e-con-inner\">\n\t\t<div class=\"elementor-element elementor-element-629e7e2 e-con-full e-flex e-con e-child\" data-id=\"629e7e2\" data-element_type=\"container\" data-e-type=\"container\" data-settings=\"{&quot;background_background&quot;:&quot;classic&quot;}\">\n\t\t<div class=\"elementor-element elementor-element-6fdca3f e-con-full e-flex e-con e-child\" data-id=\"6fdca3f\" data-element_type=\"container\" data-e-type=\"container\" data-settings=\"{&quot;background_background&quot;:&quot;classic&quot;,&quot;motion_fx_motion_fx_scrolling&quot;:&quot;yes&quot;,&quot;motion_fx_translateX_effect&quot;:&quot;yes&quot;,&quot;motion_fx_translateX_speed&quot;:{&quot;unit&quot;:&quot;px&quot;,&quot;size&quot;:4,&quot;sizes&quot;:[]},&quot;motion_fx_translateX_affectedRange&quot;:{&quot;unit&quot;:&quot;%&quot;,&quot;size&quot;:&quot;&quot;,&quot;sizes&quot;:{&quot;start&quot;:0,&quot;end&quot;:100}},&quot;motion_fx_devices&quot;:[&quot;desktop&quot;,&quot;laptop&quot;,&quot;tablet_extra&quot;,&quot;tablet&quot;,&quot;mobile&quot;]}\">\n\t\t<div class=\"elementor-element elementor-element-7dde42e e-con-full e-flex e-con e-child\" data-id=\"7dde42e\" data-element_type=\"container\" data-e-type=\"container\">\n\t\t\t\t<div class=\"elementor-element elementor-element-7f3ddad elementor-align-center elementor-widget elementor-widget-lottie\" data-id=\"7f3ddad\" data-element_type=\"widget\" data-e-type=\"widget\" data-settings=\"{&quot;source_json&quot;:{&quot;url&quot;:&quot;https:\\\/\\\/faber-etec.de\\\/wp-content\\\/uploads\\\/sites\\\/3\\\/2024\\\/07\\\/shipping.json&quot;,&quot;id&quot;:&quot;9139&quot;,&quot;size&quot;:&quot;&quot;,&quot;alt&quot;:&quot;&quot;,&quot;source&quot;:&quot;library&quot;},&quot;loop&quot;:&quot;yes&quot;,&quot;source&quot;:&quot;media_file&quot;,&quot;caption_source&quot;:&quot;none&quot;,&quot;link_to&quot;:&quot;none&quot;,&quot;trigger&quot;:&quot;arriving_to_viewport&quot;,&quot;viewport&quot;:{&quot;unit&quot;:&quot;%&quot;,&quot;size&quot;:&quot;&quot;,&quot;sizes&quot;:{&quot;start&quot;:0,&quot;end&quot;:100}},&quot;play_speed&quot;:{&quot;unit&quot;:&quot;px&quot;,&quot;size&quot;:1,&quot;sizes&quot;:[]},&quot;start_point&quot;:{&quot;unit&quot;:&quot;%&quot;,&quot;size&quot;:0,&quot;sizes&quot;:[]},&quot;end_point&quot;:{&quot;unit&quot;:&quot;%&quot;,&quot;size&quot;:100,&quot;sizes&quot;:[]},&quot;renderer&quot;:&quot;svg&quot;}\" data-widget_type=\"lottie.default\">\n\t\t\t\t<div class=\"elementor-widget-container\">\n\t\t\t\t\t<div class=\"e-lottie__container\"><div class=\"e-lottie__animation\"><\/div><\/div>\t\t\t\t<\/div>\n\t\t\t\t<\/div>\n\t\t\t\t<\/div>\n\t\t<div class=\"elementor-element elementor-element-05ffdc0 e-con-full e-flex e-con e-child\" data-id=\"05ffdc0\" data-element_type=\"container\" data-e-type=\"container\">\n\t\t\t\t<div class=\"elementor-element elementor-element-2393dab elementor-widget elementor-widget-heading\" data-id=\"2393dab\" data-element_type=\"widget\" data-e-type=\"widget\" data-widget_type=\"heading.default\">\n\t\t\t\t<div class=\"elementor-widget-container\">\n\t\t\t\t\t<span class=\"elementor-heading-title elementor-size-default\">Kurze\nLieferzeit!<\/span>\t\t\t\t<\/div>\n\t\t\t\t<\/div>\n\t\t\t\t<div class=\"elementor-element elementor-element-2c2eea1 elementor-widget elementor-widget-heading\" data-id=\"2c2eea1\" data-element_type=\"widget\" data-e-type=\"widget\" data-widget_type=\"heading.default\">\n\t\t\t\t<div class=\"elementor-widget-container\">\n\t\t\t\t\t<span class=\"elementor-heading-title elementor-size-default\">Kompaktstation<\/span>\t\t\t\t<\/div>\n\t\t\t\t<\/div>\n\t\t\t\t<div class=\"elementor-element elementor-element-29d2684 elementor-widget elementor-widget-button\" data-id=\"29d2684\" data-element_type=\"widget\" data-e-type=\"widget\" data-widget_type=\"button.default\">\n\t\t\t\t<div class=\"elementor-widget-container\">\n\t\t\t\t\t\t\t\t\t<div class=\"elementor-button-wrapper\">\n\t\t\t\t\t<a class=\"elementor-button elementor-button-link elementor-size-sm\"  href=\"#produktanfrage\" title=\" - Zur Anfrage\">\n\t\t\t\t\t\t<span class=\"elementor-button-content-wrapper\">\n\t\t\t\t\t\t<span class=\"elementor-button-icon\">\n\t\t\t\t<i aria-hidden=\"true\" class=\"fas fa-angle-right\"><\/i>\t\t\t<\/span>\n\t\t\t\t\t\t\t\t\t<span class=\"elementor-button-text\">Zur Anfrage<\/span>\n\t\t\t\t\t<\/span>\n\t\t\t\t\t<\/a>\n\t\t\t\t<\/div>\n\t\t\t\t\t\t\t\t<\/div>\n\t\t\t\t<\/div>\n\t\t\t\t<\/div>\n\t\t\t\t<\/div>\n\t\t\t\t<\/div>\n\t\t\t\t\t<\/div>\n\t\t\t\t<\/div>\n\t\t<div class=\"elementor-element elementor-element-4db2094 e-flex e-con-boxed e-con e-parent\" data-id=\"4db2094\" data-element_type=\"container\" data-e-type=\"container\" id=\"produktanfrage\" data-settings=\"{&quot;background_background&quot;:&quot;classic&quot;}\">\n\t\t\t\t\t<div class=\"e-con-inner\">\n\t\t<div class=\"elementor-element elementor-element-f00fc03 e-con-full e-flex e-con e-child\" data-id=\"f00fc03\" data-element_type=\"container\" data-e-type=\"container\">\n\t\t\t\t<div class=\"elementor-element elementor-element-579fbfd elementor-invisible elementor-widget elementor-widget-heading\" data-id=\"579fbfd\" data-element_type=\"widget\" data-e-type=\"widget\" data-settings=\"{&quot;_animation&quot;:&quot;fadeInDown&quot;}\" data-widget_type=\"heading.default\">\n\t\t\t\t<div class=\"elementor-widget-container\">\n\t\t\t\t\t<span class=\"elementor-heading-title elementor-size-default\">Trafostationen Preise<\/span>\t\t\t\t<\/div>\n\t\t\t\t<\/div>\n\t\t\t\t<div class=\"elementor-element elementor-element-b9c17c8 elementor-widget__width-inherit elementor-widget elementor-widget-heading\" data-id=\"b9c17c8\" data-element_type=\"widget\" data-e-type=\"widget\" data-widget_type=\"heading.default\">\n\t\t\t\t<div class=\"elementor-widget-container\">\n\t\t\t\t\t<h2 class=\"elementor-heading-title elementor-size-default\">Konfigurieren &amp; Anfragen<\/h2>\t\t\t\t<\/div>\n\t\t\t\t<\/div>\n\t\t\t\t<div class=\"elementor-element elementor-element-6b64299 elementor-widget__width-inherit elementor-widget elementor-widget-heading\" data-id=\"6b64299\" data-element_type=\"widget\" data-e-type=\"widget\" data-widget_type=\"heading.default\">\n\t\t\t\t<div class=\"elementor-widget-container\">\n\t\t\t\t\t<p class=\"elementor-heading-title elementor-size-default\">Wir sind gespannt auf Ihre Kompaktstation-Anfrage und freuen uns, von Ihnen zu h\u00f6ren!<\/p>\t\t\t\t<\/div>\n\t\t\t\t<\/div>\n\t\t\t\t<div class=\"elementor-element elementor-element-33af3db elementor-widget elementor-widget-text-editor\" data-id=\"33af3db\" data-element_type=\"widget\" data-e-type=\"widget\" data-widget_type=\"text-editor.default\">\n\t\t\t\t<div class=\"elementor-widget-container\">\n\t\t\t\t\t\t\t\t\t<p>Falls Sie sich \u00fcber <strong>Trafostationen Preise<\/strong> informieren m\u00f6chten, f\u00fcllen Sie einfach unser Online-Anfrageformular aus. Sie erhalten innerhalb k\u00fcrzester Zeit ein ma\u00dfgeschneidertes Angebot \u2013 schnell, unkompliziert und transparent.<\/p>\t\t\t\t\t\t\t\t<\/div>\n\t\t\t\t<\/div>\n\t\t<div class=\"elementor-element elementor-element-141caa5 e-con-full e-flex e-con e-child\" data-id=\"141caa5\" data-element_type=\"container\" data-e-type=\"container\" data-settings=\"{&quot;background_background&quot;:&quot;classic&quot;}\">\n\t\t\t\t<div class=\"elementor-element elementor-element-b19ff6c elementor-arrows-position-inside elementor-widget elementor-widget-image-carousel\" data-id=\"b19ff6c\" data-element_type=\"widget\" data-e-type=\"widget\" data-settings=\"{&quot;slides_to_show&quot;:&quot;1&quot;,&quot;navigation&quot;:&quot;arrows&quot;,&quot;autoplay_speed&quot;:&quot;3000&quot;,&quot;effect&quot;:&quot;fade&quot;,&quot;autoplay&quot;:&quot;yes&quot;,&quot;infinite&quot;:&quot;yes&quot;,&quot;speed&quot;:500}\" data-widget_type=\"image-carousel.default\">\n\t\t\t\t<div class=\"elementor-widget-container\">\n\t\t\t\t\t\t\t<div class=\"elementor-image-carousel-wrapper swiper\" role=\"region\" aria-roledescription=\"carousel\" aria-label=\"Bild Karussell\" dir=\"ltr\">\n\t\t\t<div class=\"elementor-image-carousel swiper-wrapper swiper-image-stretch\" aria-live=\"off\">\n\t\t\t\t\t\t\t\t<div class=\"swiper-slide\" role=\"group\" aria-roledescription=\"slide\" aria-label=\"1 sur 10\"><figure class=\"swiper-slide-inner\"><img decoding=\"async\" class=\"swiper-slide-image\" src=\"https:\/\/faber-etec.de\/wp-content\/uploads\/sites\/3\/2024\/07\/SLIDER3-768x507.jpg\" alt=\"SLIDER~3\" title=\"{bildtitle}\"><\/figure><\/div><div class=\"swiper-slide\" role=\"group\" aria-roledescription=\"slide\" aria-label=\"2 sur 10\"><figure class=\"swiper-slide-inner\"><img decoding=\"async\" class=\"swiper-slide-image\" src=\"https:\/\/faber-etec.de\/wp-content\/uploads\/sites\/3\/2024\/07\/010-Trafostation-Faber-E-Tec-Solarparkstation-Kompaktstation-E-Mobilitaet-768x416.webp\" alt=\"010 Trafostation Faber E-Tec Solarparkstation Kompaktstation E-Mobilit\u00e4t\" title=\"{bildtitle}\"><\/figure><\/div><div class=\"swiper-slide\" role=\"group\" aria-roledescription=\"slide\" aria-label=\"3 sur 10\"><figure class=\"swiper-slide-inner\"><img decoding=\"async\" class=\"swiper-slide-image\" src=\"https:\/\/faber-etec.de\/wp-content\/uploads\/sites\/3\/2024\/07\/SL1BAA1-768x507.jpg\" alt=\"SL1BAA~1\" title=\"{bildtitle}\"><\/figure><\/div><div class=\"swiper-slide\" role=\"group\" aria-roledescription=\"slide\" aria-label=\"4 sur 10\"><figure class=\"swiper-slide-inner\"><img decoding=\"async\" class=\"swiper-slide-image\" src=\"https:\/\/faber-etec.de\/wp-content\/uploads\/sites\/3\/2024\/07\/SLA8831-768x507.jpg\" alt=\"Trafostation-Wiki, Trafostation, Transformatorenstation, Trafo-Wiki: Au\u00dfeninstallierte Trafostation und Trafo Kompaktstation f\u00fcr Energieverteilung.\" title=\"{bildtitle}\"><\/figure><\/div><div class=\"swiper-slide\" role=\"group\" aria-roledescription=\"slide\" aria-label=\"5 sur 10\"><figure class=\"swiper-slide-inner\"><img decoding=\"async\" class=\"swiper-slide-image\" src=\"https:\/\/faber-etec.de\/wp-content\/uploads\/sites\/3\/2024\/07\/SLIDER2-768x507.jpg\" alt=\"SLIDER~2\" title=\"{bildtitle}\"><\/figure><\/div><div class=\"swiper-slide\" role=\"group\" aria-roledescription=\"slide\" aria-label=\"6 sur 10\"><figure class=\"swiper-slide-inner\"><img decoding=\"async\" class=\"swiper-slide-image\" src=\"https:\/\/faber-etec.de\/wp-content\/uploads\/sites\/3\/2024\/07\/SLF5411-768x507.jpg\" alt=\"SLF541~1\" title=\"{bildtitle}\"><\/figure><\/div><div class=\"swiper-slide\" role=\"group\" aria-roledescription=\"slide\" aria-label=\"7 sur 10\"><figure class=\"swiper-slide-inner\"><img decoding=\"async\" class=\"swiper-slide-image\" src=\"https:\/\/faber-etec.de\/wp-content\/uploads\/sites\/3\/2024\/07\/SLIDER1-768x507.jpg\" alt=\"latzsparende Trafostation f\u00fcr zuverl\u00e4ssige Stromverteilung in Nordrhein-Westfalen.\" title=\"{bildtitle}\"><\/figure><\/div><div class=\"swiper-slide\" role=\"group\" aria-roledescription=\"slide\" aria-label=\"8 sur 10\"><figure class=\"swiper-slide-inner\"><img decoding=\"async\" class=\"swiper-slide-image\" src=\"https:\/\/faber-etec.de\/wp-content\/uploads\/sites\/3\/2024\/07\/SLAD0A1-768x507.jpg\" alt=\"Au\u00dfeninstallation einer Trafostation f\u00fcr die effiziente Verteilung von Mittelspannungsstrom in deutschen Wohngebieten.\" title=\"{bildtitle}\"><\/figure><\/div><div class=\"swiper-slide\" role=\"group\" aria-roledescription=\"slide\" aria-label=\"9 sur 10\"><figure class=\"swiper-slide-inner\"><img decoding=\"async\" class=\"swiper-slide-image\" src=\"https:\/\/faber-etec.de\/wp-content\/uploads\/sites\/3\/2024\/07\/SL824B1-768x507.jpg\" alt=\"SL824B~1\" title=\"{bildtitle}\"><\/figure><\/div><div class=\"swiper-slide\" role=\"group\" aria-roledescription=\"slide\" aria-label=\"10 sur 10\"><figure class=\"swiper-slide-inner\"><img decoding=\"async\" class=\"swiper-slide-image\" src=\"https:\/\/faber-etec.de\/wp-content\/uploads\/sites\/3\/2024\/07\/SL88A01-768x507.jpg\" alt=\"SL88A0~1\" title=\"{bildtitle}\"><\/figure><\/div>\t\t\t<\/div>\n\t\t\t\t\t\t\t\t\t\t\t\t<div class=\"elementor-swiper-button elementor-swiper-button-prev\" role=\"button\" tabindex=\"0\">\n\t\t\t\t\t\t<i aria-hidden=\"true\" class=\"eicon-chevron-left\"><\/i>\t\t\t\t\t<\/div>\n\t\t\t\t\t<div class=\"elementor-swiper-button elementor-swiper-button-next\" role=\"button\" tabindex=\"0\">\n\t\t\t\t\t\t<i aria-hidden=\"true\" class=\"eicon-chevron-right\"><\/i>\t\t\t\t\t<\/div>\n\t\t\t\t\n\t\t\t\t\t\t\t\t\t<\/div>\n\t\t\t\t\t\t<\/div>\n\t\t\t\t<\/div>\n\t\t\t\t<\/div>\n\t\t<div class=\"elementor-element elementor-element-feebcd9 e-con-full e-flex e-con e-child\" data-id=\"feebcd9\" data-element_type=\"container\" data-e-type=\"container\" data-settings=\"{&quot;background_background&quot;:&quot;classic&quot;}\">\n\t\t\t\t<div class=\"elementor-element elementor-element-0102cbb anfrageform elementor-widget elementor-widget-wp-widget-gform_widget\" data-id=\"0102cbb\" data-element_type=\"widget\" data-e-type=\"widget\" data-widget_type=\"wp-widget-gform_widget.default\">\n\t\t\t\t<div class=\"elementor-widget-container\">\n\t\t\t\t\t<script src=\"https:\/\/faber-etec.de\/wp-includes\/js\/dist\/dom-ready.min.js?ver=f77871ff7694fffea381\" id=\"wp-dom-ready-js\"><\/script>\n<script src=\"https:\/\/faber-etec.de\/wp-includes\/js\/dist\/hooks.min.js?ver=dd5603f07f9220ed27f1\" id=\"wp-hooks-js\"><\/script>\n<script src=\"https:\/\/faber-etec.de\/wp-includes\/js\/dist\/i18n.min.js?ver=c26c3dc7bed366793375\" id=\"wp-i18n-js\"><\/script>\n<script id=\"wp-i18n-js-after\">\nwp.i18n.setLocaleData( { 'text direction\\u0004ltr': [ 'ltr' ] } );\n\/\/# sourceURL=wp-i18n-js-after\n<\/script>\n<script id=\"wp-a11y-js-translations\">\n( function( domain, translations ) {\n\tvar localeData = translations.locale_data[ domain ] || translations.locale_data.messages;\n\tlocaleData[\"\"].domain = domain;\n\twp.i18n.setLocaleData( localeData, domain );\n} )( \"default\", {\"translation-revision-date\":\"2026-03-28 07:28:56+0000\",\"generator\":\"GlotPress\\\/4.0.3\",\"domain\":\"messages\",\"locale_data\":{\"messages\":{\"\":{\"domain\":\"messages\",\"plural-forms\":\"nplurals=2; plural=n != 1;\",\"lang\":\"nl\"},\"Notifications\":[\"Meldingen\"]}},\"comment\":{\"reference\":\"wp-includes\\\/js\\\/dist\\\/a11y.js\"}} );\n\/\/# sourceURL=wp-a11y-js-translations\n<\/script>\n<script src=\"https:\/\/faber-etec.de\/wp-includes\/js\/dist\/a11y.min.js?ver=cb460b4676c94bd228ed\" id=\"wp-a11y-js\"><\/script>\n<link rel='stylesheet' id='dashicons-css' href='https:\/\/faber-etec.de\/wp-includes\/css\/dashicons.min.css?ver=6.9.4' media='all' \/>\n<script src=\"https:\/\/faber-etec.de\/wp-includes\/js\/jquery\/jquery.min.js?ver=3.7.1\" id=\"jquery-core-js\"><\/script>\n<script src=\"https:\/\/faber-etec.de\/wp-includes\/js\/jquery\/jquery-migrate.min.js?ver=3.4.1\" id=\"jquery-migrate-js\"><\/script>\n<script defer='defer' src=\"https:\/\/faber-etec.de\/wp-content\/plugins\/gravityforms\/js\/jquery.json.min.js?ver=2.9.23\" id=\"gform_json-js\"><\/script>\n<script id=\"gform_gravityforms-js-extra\">\nvar gf_legacy = {\"is_legacy\":\"\"};\nvar gf_global = {\"gf_currency_config\":{\"name\":\"Euro\",\"symbol_left\":\"\",\"symbol_right\":\"&#8364;\",\"symbol_padding\":\" \",\"thousand_separator\":\".\",\"decimal_separator\":\",\",\"decimals\":2,\"code\":\"EUR\"},\"base_url\":\"https:\/\/faber-etec.de\/wp-content\/plugins\/gravityforms\",\"number_formats\":[],\"spinnerUrl\":\"https:\/\/faber-etec.de\/wp-content\/plugins\/gravityforms\/images\/spinner.svg\",\"version_hash\":\"a4ae079bc420b64a70c2ec01f072a23e\",\"strings\":{\"newRowAdded\":\"Nieuwe rij toegevoegd.\",\"rowRemoved\":\"Rij verwijderd\",\"formSaved\":\"Het formulier is opgeslagen. De inhoud bevat de link om terug te keren en het formulier in te vullen.\"}};\n\/\/# sourceURL=gform_gravityforms-js-extra\n<\/script>\n<script defer='defer' src=\"https:\/\/faber-etec.de\/wp-content\/plugins\/gravityforms\/js\/gravityforms.min.js?ver=2.9.23\" id=\"gform_gravityforms-js\"><\/script>\n<script>\nvar gform;gform||(document.addEventListener(\"gform_main_scripts_loaded\",function(){gform.scriptsLoaded=!0}),document.addEventListener(\"gform\/theme\/scripts_loaded\",function(){gform.themeScriptsLoaded=!0}),window.addEventListener(\"DOMContentLoaded\",function(){gform.domLoaded=!0}),gform={domLoaded:!1,scriptsLoaded:!1,themeScriptsLoaded:!1,isFormEditor:()=>\"function\"==typeof InitializeEditor,callIfLoaded:function(o){return!(!gform.domLoaded||!gform.scriptsLoaded||!gform.themeScriptsLoaded&&!gform.isFormEditor()||(gform.isFormEditor()&&console.warn(\"The use of gform.initializeOnLoaded() is deprecated in the form editor context and will be removed in Gravity Forms 3.1.\"),o(),0))},initializeOnLoaded:function(o){gform.callIfLoaded(o)||(document.addEventListener(\"gform_main_scripts_loaded\",()=>{gform.scriptsLoaded=!0,gform.callIfLoaded(o)}),document.addEventListener(\"gform\/theme\/scripts_loaded\",()=>{gform.themeScriptsLoaded=!0,gform.callIfLoaded(o)}),window.addEventListener(\"DOMContentLoaded\",()=>{gform.domLoaded=!0,gform.callIfLoaded(o)}))},hooks:{action:{},filter:{}},addAction:function(o,r,e,t){gform.addHook(\"action\",o,r,e,t)},addFilter:function(o,r,e,t){gform.addHook(\"filter\",o,r,e,t)},doAction:function(o){gform.doHook(\"action\",o,arguments)},applyFilters:function(o){return gform.doHook(\"filter\",o,arguments)},removeAction:function(o,r){gform.removeHook(\"action\",o,r)},removeFilter:function(o,r,e){gform.removeHook(\"filter\",o,r,e)},addHook:function(o,r,e,t,n){null==gform.hooks[o][r]&&(gform.hooks[o][r]=[]);var d=gform.hooks[o][r];null==n&&(n=r+\"_\"+d.length),gform.hooks[o][r].push({tag:n,callable:e,priority:t=null==t?10:t})},doHook:function(r,o,e){var t;if(e=Array.prototype.slice.call(e,1),null!=gform.hooks[r][o]&&((o=gform.hooks[r][o]).sort(function(o,r){return o.priority-r.priority}),o.forEach(function(o){\"function\"!=typeof(t=o.callable)&&(t=window[t]),\"action\"==r?t.apply(null,e):e[0]=t.apply(null,e)})),\"filter\"==r)return e[0]},removeHook:function(o,r,t,n){var e;null!=gform.hooks[o][r]&&(e=(e=gform.hooks[o][r]).filter(function(o,r,e){return!!(null!=n&&n!=o.tag||null!=t&&t!=o.priority)}),gform.hooks[o][r]=e)}});\n<\/script>\n\n                <div class='gf_browser_gecko gform_wrapper gravity-theme gform-theme--no-framework' data-form-theme='gravity-theme' data-form-index='0' id='gform_wrapper_4' ><div id='gf_4' class='gform_anchor' tabindex='-1'><\/div>\n                        <div class='gform_heading'>\n\t\t\t\t\t\t\t<p class='gform_required_legend'>&quot;<span class=\"gfield_required gfield_required_asterisk\">*<\/span>&quot; geeft vereiste velden aan<\/p>\n                        <\/div><form method='post' enctype='multipart\/form-data' target='gform_ajax_frame_4' id='gform_4'  action='\/nl\/wp-json\/wp\/v2\/pages\/7704#gf_4' data-formid='4' novalidate><div id='gf_page_steps_4' class='gf_page_steps'><div id='gf_step_4_1' class='gf_step gf_step_active gf_step_first'><span class='gf_step_number'>1<\/span><span class='gf_step_label'>Projekt<\/span><\/div><div id='gf_step_4_2' class='gf_step gf_step_next gf_step_pending'><span class='gf_step_number'>2<\/span><span class='gf_step_label'>Netz<\/span><\/div><div id='gf_step_4_3' class='gf_step gf_step_last gf_step_pending'><span class='gf_step_number'>3<\/span><span class='gf_step_label'>Kontakt<\/span><\/div><\/div>\n                        <div class='gform-body gform_body'><div id='gform_page_4_1' class='gform_page ' data-js='page-field-id-0' >\n\t\t\t\t\t<div class='gform_page_fields'><div id='gform_fields_4' class='gform_fields top_label form_sublabel_below description_below validation_below'><div id=\"field_4_31\" class=\"gfield gfield--type-text gfield--input-type-text gfield--width-third vertriebler-mail field_sublabel_below gfield--no-description field_description_below field_validation_below gfield_visibility_hidden\"  ><div class=\"admin-hidden-markup\"><i class=\"gform-icon gform-icon--hidden\" aria-hidden=\"true\" title=\"Dit veld is verborgen bij het bekijken van het formulier\"><\/i><span>Dit veld is verborgen bij het bekijken van het formulier<\/span><\/div><label class='gfield_label gform-field-label' for='input_4_31'>Vertriebler Mail<\/label><div class='ginput_container ginput_container_text'><input name='input_31' id='input_4_31' type='text' value='' class='large'      aria-invalid=\"false\"   \/><\/div><\/div><div id=\"field_4_32\" class=\"gfield gfield--type-textarea gfield--input-type-textarea gfield--width-third field_sublabel_below gfield--no-description field_description_below field_validation_below gfield_visibility_hidden\"  ><div class=\"admin-hidden-markup\"><i class=\"gform-icon gform-icon--hidden\" aria-hidden=\"true\" title=\"Dit veld is verborgen bij het bekijken van het formulier\"><\/i><span>Dit veld is verborgen bij het bekijken van het formulier<\/span><\/div><label class='gfield_label gform-field-label' for='input_4_32'>Vertriebler Unterseite<\/label><div class='ginput_container ginput_container_textarea'><textarea name='input_32' id='input_4_32' class='textarea small'      aria-invalid=\"false\"   rows='10' cols='50'><\/textarea><\/div><\/div><div id=\"field_4_4\" class=\"gfield gfield--type-select gfield--input-type-select gfield--width-half gfield_contains_required field_sublabel_below gfield--no-description field_description_below field_validation_below gfield_visibility_visible\"  ><label class='gfield_label gform-field-label' for='input_4_4'>Verwendungszweck<span class=\"gfield_required\"><span class=\"gfield_required gfield_required_asterisk\">*<\/span><\/span><\/label><div class='ginput_container ginput_container_select'><select name='input_4' id='input_4_4' class='large gfield_select'    aria-required=\"true\" aria-invalid=\"false\" ><option value='Photovoltaik' >Photovoltaik<\/option><option value='Windkraft' >Windkraft<\/option><option value='E-Mobilit\u00e4t' >E-Mobilit\u00e4t<\/option><option value='Unternehmen' >Unternehmen<\/option><option value='Ortsnetzstation' >Ortsnetzstation<\/option><option value='Sonstiges' >Sonstiges<\/option><\/select><\/div><\/div><div id=\"field_4_3\" class=\"gfield gfield--type-select gfield--input-type-select gfield--width-half gfield_contains_required field_sublabel_below gfield--no-description field_description_below field_validation_below gfield_visibility_visible\"  ><label class='gfield_label gform-field-label' for='input_4_3'>Vorhaben<span class=\"gfield_required\"><span class=\"gfield_required gfield_required_asterisk\">*<\/span><\/span><\/label><div class='ginput_container ginput_container_select'><select name='input_3' id='input_4_3' class='large gfield_select'    aria-required=\"true\" aria-invalid=\"false\" ><option value='Bezug' >Bezug<\/option><option value='Einspeisung' >Einspeisung<\/option><option value='Bezug &amp; Einspeisung' >Bezug &amp; Einspeisung<\/option><\/select><\/div><\/div><div id=\"field_4_26\" class=\"gfield gfield--type-select gfield--input-type-select gfield--width-full gfield_contains_required field_sublabel_below gfield--no-description field_description_below field_validation_below gfield_visibility_visible\"  ><label class='gfield_label gform-field-label' for='input_4_26'>Dedizierte \u00dcbergabestation ben\u00f6tigt?<span class=\"gfield_required\"><span class=\"gfield_required gfield_required_asterisk\">*<\/span><\/span><\/label><div class='ginput_container ginput_container_select'><select name='input_26' id='input_4_26' class='large gfield_select'    aria-required=\"true\" aria-invalid=\"false\" ><option value='Nein' >Nein<\/option><option value='Ja' >Ja<\/option><option value='Unsicher' >Unsicher<\/option><\/select><\/div><\/div><div id=\"field_4_28\" class=\"gfield gfield--type-number gfield--input-type-number gfield--width-half gfield_contains_required field_sublabel_below gfield--no-description field_description_below field_validation_below gfield_visibility_visible\"  ><label class='gfield_label gform-field-label' for='input_4_28'>Anzahl Stationen?<span class=\"gfield_required\"><span class=\"gfield_required gfield_required_asterisk\">*<\/span><\/span><\/label><div class='ginput_container ginput_container_number'><input name='input_28' id='input_4_28' type='text' step='any'   value='' class='large'     aria-required=\"true\" aria-invalid=\"false\"  \/><\/div><\/div><div id=\"field_4_21\" class=\"gfield gfield--type-text gfield--input-type-text gfield--width-half gfield_contains_required field_sublabel_below gfield--no-description field_description_below field_validation_below gfield_visibility_visible\"  ><label class='gfield_label gform-field-label' for='input_4_21'>Leistung pro Station (kVA)<span class=\"gfield_required\"><span class=\"gfield_required gfield_required_asterisk\">*<\/span><\/span><\/label><div class='ginput_container ginput_container_text'><input name='input_21' id='input_4_21' type='text' value='' class='large'     aria-required=\"true\" aria-invalid=\"false\"   \/><\/div><\/div><div id=\"field_4_23\" class=\"gfield gfield--type-select gfield--input-type-select gfield--width-half gfield_contains_required field_sublabel_below gfield--no-description field_description_below field_validation_below gfield_visibility_visible\"  ><label class='gfield_label gform-field-label' for='input_4_23'>Unterspannung (kV)<span class=\"gfield_required\"><span class=\"gfield_required gfield_required_asterisk\">*<\/span><\/span><\/label><div class='ginput_container ginput_container_select'><select name='input_23' id='input_4_23' class='large gfield_select'    aria-required=\"true\" aria-invalid=\"false\" ><option value='800' >0,8 kV<\/option><option value='690' >0,69 kV<\/option><option value='400' >0,4 kV<\/option><option value='Nicht bekannt \/ Sonstiges' selected='selected'>Nicht bekannt, sonstiges<\/option><\/select><\/div><\/div><div id=\"field_4_20\" class=\"gfield gfield--type-select gfield--input-type-select gfield--width-half gfield_contains_required field_sublabel_below gfield--no-description field_description_below field_validation_below gfield_visibility_visible\"  ><label class='gfield_label gform-field-label' for='input_4_20'>Oberspannung (kV)<span class=\"gfield_required\"><span class=\"gfield_required gfield_required_asterisk\">*<\/span><\/span><\/label><div class='ginput_container ginput_container_select'><select name='input_20' id='input_4_20' class='large gfield_select'    aria-required=\"true\" aria-invalid=\"false\" ><option value='30' >30 kV<\/option><option value='20' >20 kV<\/option><option value='15' >15 kV<\/option><option value='10' >10 kV<\/option><option value='Nicht bekannt \/ Sonstiges' selected='selected'>Nicht bekannt, sonstiges<\/option><\/select><\/div><\/div><div id=\"field_4_29\" class=\"gfield gfield--type-text gfield--input-type-text gfield--width-full gfield_contains_required field_sublabel_below gfield--no-description field_description_below field_validation_below gfield_visibility_visible\"  ><label class='gfield_label gform-field-label' for='input_4_29'>Projektname<span class=\"gfield_required\"><span class=\"gfield_required gfield_required_asterisk\">*<\/span><\/span><\/label><div class='ginput_container ginput_container_text'><input name='input_29' id='input_4_29' type='text' value='' class='large'     aria-required=\"true\" aria-invalid=\"false\"   \/><\/div><\/div><\/div>\n                    <\/div>\n                    <div class='gform-page-footer gform_page_footer top_label'>\n                         <input type='button' id='gform_next_button_4_16' class='gform_next_button gform-theme-button button' onclick='gform.submission.handleButtonClick(this);' data-submission-type='next' value='Weiter'  \/> \n                    <\/div>\n                <\/div>\n                <div id='gform_page_4_2' class='gform_page' data-js='page-field-id-16' style='display:none;'>\n                    <div class='gform_page_fields'>\n                        <div id='gform_fields_4_2' class='gform_fields top_label form_sublabel_below description_below validation_below'><div id=\"field_4_22\" class=\"gfield gfield--type-select gfield--input-type-select gfield--width-full field_sublabel_below gfield--no-description field_description_below field_validation_below gfield_visibility_visible\"  ><label class='gfield_label gform-field-label' for='input_4_22'>Netzausbau geplant?<\/label><div class='ginput_container ginput_container_select'><select name='input_22' id='input_4_22' class='large gfield_select'     aria-invalid=\"false\" ><option value='Ja' >Ja<\/option><option value='Nein' >Nein<\/option><option value='Nicht bekannt' selected='selected'>Nicht bekannt<\/option><\/select><\/div><\/div><div id=\"field_4_5\" class=\"gfield gfield--type-text gfield--input-type-text gfield--width-full field_sublabel_below gfield--no-description field_description_below field_validation_below gfield_visibility_visible\"  ><label class='gfield_label gform-field-label' for='input_4_5'>Netzbetreiber<\/label><div class='ginput_container ginput_container_text'><input name='input_5' id='input_4_5' type='text' value='' class='large'      aria-invalid=\"false\"   \/><\/div><\/div><div id=\"field_4_24\" class=\"gfield gfield--type-fileupload gfield--input-type-fileupload gfield--width-full field_sublabel_below gfield--no-description field_description_below field_validation_below gfield_visibility_visible\"  ><label class='gfield_label gform-field-label' for='input_4_24'>Unterlagen: Planungsunterlagen, R\u00fcckmeldung vom Netzbetreiber...<\/label><div class='ginput_container ginput_container_fileupload'><input type='hidden' name='MAX_FILE_SIZE' value='26214400' \/><input name='input_24' id='input_4_24' type='file' class='large' aria-describedby=\"gfield_upload_rules_4_24\" onchange='javascript:gformValidateFileSize( this, 26214400 );'  \/><span class='gfield_description gform_fileupload_rules' id='gfield_upload_rules_4_24'>Toegestane bestandstypen: jpg, png, pdf, Max. bestandsgrootte: 25 MB.<\/span><div class='gfield_description validation_message gfield_validation_message validation_message--hidden-on-empty' id='live_validation_message_4_24'><\/div> <\/div><\/div><fieldset id=\"field_4_6\" class=\"gfield gfield--type-address gfield--input-type-address gfield--width-full gfield_contains_required field_sublabel_below gfield--no-description field_description_above field_validation_below gfield_visibility_visible\"  ><legend class='gfield_label gform-field-label gfield_label_before_complex' >Projektstandort \/ Lieferung<span class=\"gfield_required\"><span class=\"gfield_required gfield_required_asterisk\">*<\/span><\/span><\/legend>    \n                    <div class='ginput_complex ginput_container has_street has_street2 has_city has_zip has_country ginput_container_address gform-grid-row' id='input_4_6' >\n                         <span class='ginput_full address_line_1 ginput_address_line_1 gform-grid-col' id='input_4_6_1_container' >\n                                        <input type='text' name='input_6.1' id='input_4_6_1' value=''    aria-required='true'    \/>\n                                        <label for='input_4_6_1' id='input_4_6_1_label' class='gform-field-label gform-field-label--type-sub '>Stra\u00dfe<\/label>\n                                    <\/span><span class='ginput_full address_line_2 ginput_address_line_2 gform-grid-col' id='input_4_6_2_container' >\n                                        <input type='text' name='input_6.2' id='input_4_6_2' value=''     aria-required='false'   \/>\n                                        <label for='input_4_6_2' id='input_4_6_2_label' class='gform-field-label gform-field-label--type-sub '>Hausnummer<\/label>\n                                    <\/span><span class='ginput_left address_city ginput_address_city gform-grid-col' id='input_4_6_3_container' >\n                                    <input type='text' name='input_6.3' id='input_4_6_3' value=''    aria-required='true'    \/>\n                                    <label for='input_4_6_3' id='input_4_6_3_label' class='gform-field-label gform-field-label--type-sub '>Ort<\/label>\n                                 <\/span><input type='hidden' class='gform_hidden' name='input_6.4' id='input_4_6_4' value=''\/><span class='ginput_right address_zip ginput_address_zip gform-grid-col' id='input_4_6_5_container' >\n                                    <input type='text' name='input_6.5' id='input_4_6_5' value=''    aria-required='true'    \/>\n                                    <label for='input_4_6_5' id='input_4_6_5_label' class='gform-field-label gform-field-label--type-sub '>PLZ<\/label>\n                                <\/span><span class='ginput_left address_country ginput_address_country gform-grid-col' id='input_4_6_6_container' >\n                                        <select name='input_6.6' id='input_4_6_6'   aria-required='true'    ><option value='' ><\/option><option value='Afghanistan' >Afghanistan<\/option><option value='Aland-eilanden' >Aland-eilanden<\/option><option value='Albani\u00eb' >Albani\u00eb<\/option><option value='Algerije' >Algerije<\/option><option value='Amerikaans Samoa' >Amerikaans Samoa<\/option><option value='Amerikaanse Maagdeneilanden' >Amerikaanse Maagdeneilanden<\/option><option value='Andorra' >Andorra<\/option><option value='Angola' >Angola<\/option><option value='Anguilla' >Anguilla<\/option><option value='Antarctica' >Antarctica<\/option><option value='Antigua en Barbuda' >Antigua en Barbuda<\/option><option value='Arabische Republiek Syri\u00eb' >Arabische Republiek Syri\u00eb<\/option><option value='Argentini\u00eb' >Argentini\u00eb<\/option><option value='Armeni\u00eb' >Armeni\u00eb<\/option><option value='Aruba' >Aruba<\/option><option value='Australi\u00eb' >Australi\u00eb<\/option><option value='Azerbeidzjan' >Azerbeidzjan<\/option><option value='Bahama&#039;s' >Bahama&#039;s<\/option><option value='Bahrein' >Bahrein<\/option><option value='Bangladesh' >Bangladesh<\/option><option value='Barbados' >Barbados<\/option><option value='Belgi\u00eb' >Belgi\u00eb<\/option><option value='Belize' >Belize<\/option><option value='Benin' >Benin<\/option><option value='Bermuda' >Bermuda<\/option><option value='Bhutan' >Bhutan<\/option><option value='Bolivia' >Bolivia<\/option><option value='Bonaire, Sint Eustatius en Saba' >Bonaire, Sint Eustatius en Saba<\/option><option value='Bosni\u00eb en Herzegovina' >Bosni\u00eb en Herzegovina<\/option><option value='Botswana' >Botswana<\/option><option value='Bouvet eiland' >Bouvet eiland<\/option><option value='Brazili\u00eb' >Brazili\u00eb<\/option><option value='Brits-Indisch oceaan gebied' >Brits-Indisch oceaan gebied<\/option><option value='Britse Maagdeneilanden' >Britse Maagdeneilanden<\/option><option value='Brunei Darussalam' >Brunei Darussalam<\/option><option value='Bulgarije' >Bulgarije<\/option><option value='Burkina Faso' >Burkina Faso<\/option><option value='Burundi' >Burundi<\/option><option value='Cambodja' >Cambodja<\/option><option value='Canada' >Canada<\/option><option value='Centraal-Afrikaanse Republiek' >Centraal-Afrikaanse Republiek<\/option><option value='Chili' >Chili<\/option><option value='China' >China<\/option><option value='Cocoseilanden' >Cocoseilanden<\/option><option value='Colombia' >Colombia<\/option><option value='Comoren' >Comoren<\/option><option value='Congo' >Congo<\/option><option value='Congo, Democratische Republiek' >Congo, Democratische Republiek<\/option><option value='Cook eilanden' >Cook eilanden<\/option><option value='Costa Rica' >Costa Rica<\/option><option value='Cuba' >Cuba<\/option><option value='Cura\u00e7ao' >Cura\u00e7ao<\/option><option value='Cyprus' >Cyprus<\/option><option value='Denemarken' >Denemarken<\/option><option value='Djibouti' >Djibouti<\/option><option value='Dominica' >Dominica<\/option><option value='Dominicaanse Republiek' >Dominicaanse Republiek<\/option><option value='Duitsland' >Duitsland<\/option><option value='Ecuador' >Ecuador<\/option><option value='Egypte' >Egypte<\/option><option value='El Salvador' >El Salvador<\/option><option value='Equatoriaal-Guinea' >Equatoriaal-Guinea<\/option><option value='Eritrea' >Eritrea<\/option><option value='Estland' >Estland<\/option><option value='Eswatini' >Eswatini<\/option><option value='Ethiopi\u00eb' >Ethiopi\u00eb<\/option><option value='Faer\u00f6er' >Faer\u00f6er<\/option><option value='Falkland eilanden' >Falkland eilanden<\/option><option value='Fiji' >Fiji<\/option><option value='Filipijnen' >Filipijnen<\/option><option value='Finland' >Finland<\/option><option value='Frankrijk' >Frankrijk<\/option><option value='Frans Guyana' >Frans Guyana<\/option><option value='Frans-Polynesi\u00eb' >Frans-Polynesi\u00eb<\/option><option value='Franse zuidelijke gebieden' >Franse zuidelijke gebieden<\/option><option value='Gabon' >Gabon<\/option><option value='Gambia' >Gambia<\/option><option value='Georgi\u00eb' >Georgi\u00eb<\/option><option value='Ghana' >Ghana<\/option><option value='Gibraltar' >Gibraltar<\/option><option value='Grenada' >Grenada<\/option><option value='Griekenland' >Griekenland<\/option><option value='Groenland' >Groenland<\/option><option value='Guadeloupe' >Guadeloupe<\/option><option value='Guam' >Guam<\/option><option value='Guatemala' >Guatemala<\/option><option value='Guernsey' >Guernsey<\/option><option value='Guinee' >Guinee<\/option><option value='Guinee-Bissau' >Guinee-Bissau<\/option><option value='Guyana' >Guyana<\/option><option value='Ha\u00efti' >Ha\u00efti<\/option><option value='Heard Eiland en McDonald Eilanden' >Heard Eiland en McDonald Eilanden<\/option><option value='Honduras' >Honduras<\/option><option value='Hong Kong' >Hong Kong<\/option><option value='Hongarije' >Hongarije<\/option><option value='IJsland' >IJsland<\/option><option value='Ierland' >Ierland<\/option><option value='India' >India<\/option><option value='Indonesi\u00eb' >Indonesi\u00eb<\/option><option value='Irak' >Irak<\/option><option value='Iran' >Iran<\/option><option value='Isra\u00ebl' >Isra\u00ebl<\/option><option value='Itali\u00eb' >Itali\u00eb<\/option><option value='Ivoorkust' >Ivoorkust<\/option><option value='Jamaica' >Jamaica<\/option><option value='Japan' >Japan<\/option><option value='Jersey' >Jersey<\/option><option value='Ji\u017en\u00ed Georgie a Ji\u017en\u00ed Sandwichovy ostrovy' >Ji\u017en\u00ed Georgie a Ji\u017en\u00ed Sandwichovy ostrovy<\/option><option value='Jordani\u00eb' >Jordani\u00eb<\/option><option value='Kaaimaneilanden' >Kaaimaneilanden<\/option><option value='Kaapverdi\u00eb' >Kaapverdi\u00eb<\/option><option value='Kameroen' >Kameroen<\/option><option value='Kazachstan' >Kazachstan<\/option><option value='Kenia' >Kenia<\/option><option value='Kersteiland' >Kersteiland<\/option><option value='Kirgizi\u00eb' >Kirgizi\u00eb<\/option><option value='Kiribati' >Kiribati<\/option><option value='Kleine eilanden van de Verenigde Staten' >Kleine eilanden van de Verenigde Staten<\/option><option value='Koeweit' >Koeweit<\/option><option value='Korea, Democratische Volksrepubliek' >Korea, Democratische Volksrepubliek<\/option><option value='Korea, Republiek van' >Korea, Republiek van<\/option><option value='Kroati\u00eb' >Kroati\u00eb<\/option><option value='Lao Democratische Volksrepubliek' >Lao Democratische Volksrepubliek<\/option><option value='Lesotho' >Lesotho<\/option><option value='Letland' >Letland<\/option><option value='Libanon' >Libanon<\/option><option value='Liberia' >Liberia<\/option><option value='Libi\u00eb' >Libi\u00eb<\/option><option value='Liechtenstein' >Liechtenstein<\/option><option value='Litouwen' >Litouwen<\/option><option value='Luxemburg' >Luxemburg<\/option><option value='Macau' >Macau<\/option><option value='Madagaskar' >Madagaskar<\/option><option value='Malawi' >Malawi<\/option><option value='Maldiven' >Maldiven<\/option><option value='Maleisi\u00eb' >Maleisi\u00eb<\/option><option value='Mali' >Mali<\/option><option value='Malta' >Malta<\/option><option value='Man' >Man<\/option><option value='Marokko' >Marokko<\/option><option value='Marshalleilanden' >Marshalleilanden<\/option><option value='Martinique' >Martinique<\/option><option value='Mauritani\u00eb' >Mauritani\u00eb<\/option><option value='Mauritius' >Mauritius<\/option><option value='Mayotte' >Mayotte<\/option><option value='Mexico' >Mexico<\/option><option value='Micronesia' >Micronesia<\/option><option value='Moldavi\u00eb' >Moldavi\u00eb<\/option><option value='Monaco' >Monaco<\/option><option value='Mongoli\u00eb' >Mongoli\u00eb<\/option><option value='Montenegro' >Montenegro<\/option><option value='Montserrat' >Montserrat<\/option><option value='Mozambique' >Mozambique<\/option><option value='Myanmar' >Myanmar<\/option><option value='Namibi\u00eb' >Namibi\u00eb<\/option><option value='Nauru' >Nauru<\/option><option value='Nederland' >Nederland<\/option><option value='Nepal' >Nepal<\/option><option value='Nicaragua' >Nicaragua<\/option><option value='Nieuw-Caledoni\u00eb' >Nieuw-Caledoni\u00eb<\/option><option value='Nieuw-Zeeland' >Nieuw-Zeeland<\/option><option value='Niger' >Niger<\/option><option value='Nigeria' >Nigeria<\/option><option value='Niue' >Niue<\/option><option value='Noord-Macedoni\u00eb' >Noord-Macedoni\u00eb<\/option><option value='Noordelijke Marianen' >Noordelijke Marianen<\/option><option value='Noorwegen' >Noorwegen<\/option><option value='Norfolk eiland' >Norfolk eiland<\/option><option value='Oeganda' >Oeganda<\/option><option value='Oekra\u00efne' >Oekra\u00efne<\/option><option value='Oezbekistan' >Oezbekistan<\/option><option value='Oman' >Oman<\/option><option value='Oostenrijk' >Oostenrijk<\/option><option value='Pakistan' >Pakistan<\/option><option value='Palau' >Palau<\/option><option value='Palestina, Staat' >Palestina, Staat<\/option><option value='Panama' >Panama<\/option><option value='Papoea-Nieuw-Guinea' >Papoea-Nieuw-Guinea<\/option><option value='Paraguay' >Paraguay<\/option><option value='Peru' >Peru<\/option><option value='Pitcairn' >Pitcairn<\/option><option value='Polen' >Polen<\/option><option value='Portugal' >Portugal<\/option><option value='Puerto Rico' >Puerto Rico<\/option><option value='Qatar' >Qatar<\/option><option value='Roemeni\u00eb' >Roemeni\u00eb<\/option><option value='Russische Federatie' >Russische Federatie<\/option><option value='Rwanda' >Rwanda<\/option><option value='R\u00e9union' >R\u00e9union<\/option><option value='Saint Barth\u00e9lemy' >Saint Barth\u00e9lemy<\/option><option value='Saint Kitts en Nevis' >Saint Kitts en Nevis<\/option><option value='Saint Lucia' >Saint Lucia<\/option><option value='Saint Pierre en Miquelon' >Saint Pierre en Miquelon<\/option><option value='Saint Vincent en de Grenadines' >Saint Vincent en de Grenadines<\/option><option value='Salomonseilanden' >Salomonseilanden<\/option><option value='Samoa' >Samoa<\/option><option value='San Marino' >San Marino<\/option><option value='Sao Tom\u00e9 en Principe' >Sao Tom\u00e9 en Principe<\/option><option value='Saoedi-Arabi\u00eb' >Saoedi-Arabi\u00eb<\/option><option value='Senegal' >Senegal<\/option><option value='Servi\u00eb' >Servi\u00eb<\/option><option value='Seychellen' >Seychellen<\/option><option value='Sierra Leone' >Sierra Leone<\/option><option value='Singapore' >Singapore<\/option><option value='Sint Maarten' >Sint Maarten<\/option><option value='Sint Maarten' >Sint Maarten<\/option><option value='Sint-Helena, Hemelvaart en Tristan da Cunha' >Sint-Helena, Hemelvaart en Tristan da Cunha<\/option><option value='Sloveni\u00eb' >Sloveni\u00eb<\/option><option value='Slowakije' >Slowakije<\/option><option value='Soedan' >Soedan<\/option><option value='Somali\u00eb' >Somali\u00eb<\/option><option value='Spanje' >Spanje<\/option><option value='Spitsbergen en Jan Mayen' >Spitsbergen en Jan Mayen<\/option><option value='Sri Lanka' >Sri Lanka<\/option><option value='Suriname' >Suriname<\/option><option value='Tadzjikistan' >Tadzjikistan<\/option><option value='Taiwan' >Taiwan<\/option><option value='Tanzania, de Verenigde Republiek van' >Tanzania, de Verenigde Republiek van<\/option><option value='Thailand' >Thailand<\/option><option value='Timor-Leste' >Timor-Leste<\/option><option value='Togo' >Togo<\/option><option value='Tokelau' >Tokelau<\/option><option value='Tonga' >Tonga<\/option><option value='Trinidad en Tobago' >Trinidad en Tobago<\/option><option value='Tsjaad' >Tsjaad<\/option><option value='Tsjechi\u00eb' >Tsjechi\u00eb<\/option><option value='Tunesi\u00eb' >Tunesi\u00eb<\/option><option value='Turkije' >Turkije<\/option><option value='Turkmenistan' >Turkmenistan<\/option><option value='Turks- en Caicoseilanden' >Turks- en Caicoseilanden<\/option><option value='Tuvalu' >Tuvalu<\/option><option value='Uruguay' >Uruguay<\/option><option value='Vanuatu' >Vanuatu<\/option><option value='Vaticaanstad' >Vaticaanstad<\/option><option value='Venezuela' >Venezuela<\/option><option value='Verenigd Koninkrijk' >Verenigd Koninkrijk<\/option><option value='Verenigde Arabische Emiraten' >Verenigde Arabische Emiraten<\/option><option value='Verenigde Staten' >Verenigde Staten<\/option><option value='Vietnam' >Vietnam<\/option><option value='Wallis en Futuna' >Wallis en Futuna<\/option><option value='Westelijke Sahara' >Westelijke Sahara<\/option><option value='Wit-Rusland' >Wit-Rusland<\/option><option value='Yemen' >Yemen<\/option><option value='Zambia' >Zambia<\/option><option value='Zimbabwe' >Zimbabwe<\/option><option value='Zuid Soedan' >Zuid Soedan<\/option><option value='Zuid-Afrika' >Zuid-Afrika<\/option><option value='Zweden' >Zweden<\/option><option value='Zwitserland' >Zwitserland<\/option><\/select>\n                                        <label for='input_4_6_6' id='input_4_6_6_label' class='gform-field-label gform-field-label--type-sub '>Land<\/label>\n                                    <\/span>\n                    <div class='gf_clear gf_clear_complex'><\/div>\n                <\/div><\/fieldset><\/div>\n                    <\/div>\n                    <div class='gform-page-footer gform_page_footer top_label'>\n                        <input type='button' id='gform_previous_button_4_25' class='gform_previous_button gform-theme-button gform-theme-button--secondary button' onclick='gform.submission.handleButtonClick(this);' data-submission-type='previous' value='Vorige'  \/> <input type='button' id='gform_next_button_4_25' class='gform_next_button gform-theme-button button' onclick='gform.submission.handleButtonClick(this);' data-submission-type='next' value='Weiter'  \/> \n                    <\/div>\n                <\/div>\n                <div id='gform_page_4_3' class='gform_page' data-js='page-field-id-25' style='display:none;'>\n                    <div class='gform_page_fields'>\n                        <div id='gform_fields_4_3' class='gform_fields top_label form_sublabel_below description_below validation_below'><fieldset id=\"field_4_9\" class=\"gfield gfield--type-name gfield--input-type-name gfield--width-full gfield_contains_required field_sublabel_below gfield--no-description field_description_below field_validation_below gfield_visibility_visible\"  ><legend class='gfield_label gform-field-label gfield_label_before_complex' >Name<span class=\"gfield_required\"><span class=\"gfield_required gfield_required_asterisk\">*<\/span><\/span><\/legend><div class='ginput_complex ginput_container ginput_container--name has_prefix has_first_name no_middle_name has_last_name no_suffix gf_name_has_3 ginput_container_name gform-grid-row' id='input_4_9'>\n                            <span id='input_4_9_2_container' class='name_prefix name_prefix_select gform-grid-col gform-grid-col--size-auto' >\n                                                    <select name='input_9.2' id='input_4_9_2'    aria-required='false'   >\n                          <option value=''><\/option><option value='Herr' selected='selected'>Herr<\/option><option value='Frau' >Frau<\/option>\n                      <\/select>\n                                                    <label for='input_4_9_2' class='gform-field-label gform-field-label--type-sub '>Anrede<\/label>\n                                                  <\/span>\n                            <span id='input_4_9_3_container' class='name_first gform-grid-col gform-grid-col--size-auto' >\n                                                    <input type='text' name='input_9.3' id='input_4_9_3' value=''   aria-required='true'     \/>\n                                                    <label for='input_4_9_3' class='gform-field-label gform-field-label--type-sub '>Vorname<\/label>\n                                                <\/span>\n                            \n                            <span id='input_4_9_6_container' class='name_last gform-grid-col gform-grid-col--size-auto' >\n                                                    <input type='text' name='input_9.6' id='input_4_9_6' value=''   aria-required='true'     \/>\n                                                    <label for='input_4_9_6' class='gform-field-label gform-field-label--type-sub '>Nachname<\/label>\n                                                <\/span>\n                            \n                        <\/div><\/fieldset><div id=\"field_4_11\" class=\"gfield gfield--type-text gfield--input-type-text gfield--width-full gfield_contains_required field_sublabel_below gfield--no-description field_description_below field_validation_below gfield_visibility_visible\"  ><label class='gfield_label gform-field-label' for='input_4_11'>Position<span class=\"gfield_required\"><span class=\"gfield_required gfield_required_asterisk\">*<\/span><\/span><\/label><div class='ginput_container ginput_container_text'><input name='input_11' id='input_4_11' type='text' value='' class='large'     aria-required=\"true\" aria-invalid=\"false\"   \/><\/div><\/div><div id=\"field_4_13\" class=\"gfield gfield--type-email gfield--input-type-email gfield--width-half gfield_contains_required field_sublabel_below gfield--no-description field_description_below field_validation_below gfield_visibility_visible\"  ><label class='gfield_label gform-field-label' for='input_4_13'>E-Mail<span class=\"gfield_required\"><span class=\"gfield_required gfield_required_asterisk\">*<\/span><\/span><\/label><div class='ginput_container ginput_container_email'>\n                            <input name='input_13' id='input_4_13' type='email' value='' class='large'    aria-required=\"true\" aria-invalid=\"false\"  \/>\n                        <\/div><\/div><div id=\"field_4_12\" class=\"gfield gfield--type-phone gfield--input-type-phone gfield--width-half gfield_contains_required field_sublabel_below gfield--no-description field_description_below field_validation_below gfield_visibility_visible\"  ><label class='gfield_label gform-field-label' for='input_4_12'>Telefon<span class=\"gfield_required\"><span class=\"gfield_required gfield_required_asterisk\">*<\/span><\/span><\/label><div class='ginput_container ginput_container_phone'><input name='input_12' id='input_4_12' type='tel' value='' class='large'   aria-required=\"true\" aria-invalid=\"false\"   \/><\/div><\/div><div id=\"field_4_10\" class=\"gfield gfield--type-text gfield--input-type-text gfield--width-full gfield_contains_required field_sublabel_below gfield--no-description field_description_below field_validation_below gfield_visibility_visible\"  ><label class='gfield_label gform-field-label' for='input_4_10'>Unternehmen<span class=\"gfield_required\"><span class=\"gfield_required gfield_required_asterisk\">*<\/span><\/span><\/label><div class='ginput_container ginput_container_text'><input name='input_10' id='input_4_10' type='text' value='' class='large'     aria-required=\"true\" aria-invalid=\"false\"   \/><\/div><\/div><fieldset id=\"field_4_14\" class=\"gfield gfield--type-address gfield--input-type-address gfield--width-full gfield_contains_required field_sublabel_below gfield--no-description field_description_below field_validation_below gfield_visibility_visible\"  ><legend class='gfield_label gform-field-label gfield_label_before_complex' >Unternehmensanschrift<span class=\"gfield_required\"><span class=\"gfield_required gfield_required_asterisk\">*<\/span><\/span><\/legend>    \n                    <div class='ginput_complex ginput_container has_street has_street2 has_city has_zip ginput_container_address gform-grid-row' id='input_4_14' >\n                         <span class='ginput_full address_line_1 ginput_address_line_1 gform-grid-col' id='input_4_14_1_container' >\n                                        <input type='text' name='input_14.1' id='input_4_14_1' value=''    aria-required='true'    \/>\n                                        <label for='input_4_14_1' id='input_4_14_1_label' class='gform-field-label gform-field-label--type-sub '>Stra\u00dfe<\/label>\n                                    <\/span><span class='ginput_full address_line_2 ginput_address_line_2 gform-grid-col' id='input_4_14_2_container' >\n                                        <input type='text' name='input_14.2' id='input_4_14_2' value=''     aria-required='false'   \/>\n                                        <label for='input_4_14_2' id='input_4_14_2_label' class='gform-field-label gform-field-label--type-sub '>Hausnummer<\/label>\n                                    <\/span><span class='ginput_left address_city ginput_address_city gform-grid-col' id='input_4_14_3_container' >\n                                    <input type='text' name='input_14.3' id='input_4_14_3' value=''    aria-required='true'    \/>\n                                    <label for='input_4_14_3' id='input_4_14_3_label' class='gform-field-label gform-field-label--type-sub '>Ort<\/label>\n                                 <\/span><input type='hidden' class='gform_hidden' name='input_14.4' id='input_4_14_4' value=''\/><span class='ginput_right address_zip ginput_address_zip gform-grid-col' id='input_4_14_5_container' >\n                                    <input type='text' name='input_14.5' id='input_4_14_5' value=''    aria-required='true'    \/>\n                                    <label for='input_4_14_5' id='input_4_14_5_label' class='gform-field-label gform-field-label--type-sub '>PLZ<\/label>\n                                <\/span><input type='hidden' class='gform_hidden' name='input_14.6' id='input_4_14_6' value='' \/>\n                    <div class='gf_clear gf_clear_complex'><\/div>\n                <\/div><\/fieldset><fieldset id=\"field_4_18\" class=\"gfield gfield--type-checkbox gfield--type-choice gfield--input-type-checkbox gfield--width-full gfield_contains_required field_sublabel_below gfield--no-description field_description_above field_validation_below gfield_visibility_visible\"  ><legend class='gfield_label gform-field-label gfield_label_before_complex' >Datenschutz<span class=\"gfield_required\"><span class=\"gfield_required gfield_required_asterisk\">*<\/span><\/span><\/legend><div class='ginput_container ginput_container_checkbox'><div class='gfield_checkbox ' id='input_4_18'><div class='gchoice gchoice_4_18_1'>\n\t\t\t\t\t\t\t\t<input class='gfield-choice-input' name='input_18.1' type='checkbox'  value='Hiermit best\u00e4tige ich, dass ich die &lt;a href=&quot;#elementor-action%3Aaction%3Dpopup%3Aopen%26settings%3DeyJpZCI6IjU2MTAiLCJ0b2dnbGUiOmZhbHNlfQ%3D%3D&quot;&gt;Datenschutzerkl\u00e4rung&lt;\/a&gt; zur Kenntnis genommen habe.'  id='choice_4_18_1'   \/>\n\t\t\t\t\t\t\t\t<label for='choice_4_18_1' id='label_4_18_1' class='gform-field-label gform-field-label--type-inline'>Hiermit best\u00e4tige ich, dass ich die <a  href=\"#elementor-action%3Aaction%3Dpopup%3Aopen%26settings%3DeyJpZCI6IjU2MTAiLCJ0b2dnbGUiOmZhbHNlfQ%3D%3D\" title=\" - Datenschutzerkl\u00e4rung\">Datenschutzerkl\u00e4rung<\/a> zur Kenntnis genommen habe.<\/label>\n\t\t\t\t\t\t\t<\/div><\/div><\/div><\/fieldset><\/div><\/div>\n        <div class='gform-page-footer gform_page_footer top_label'><input type='submit' id='gform_previous_button_4' class='gform_previous_button gform-theme-button gform-theme-button--secondary button' onclick='gform.submission.handleButtonClick(this);' data-submission-type='previous' value='Zur\u00fcck'  \/> <input type='submit' id='gform_submit_button_4' class='gform_button button' onclick='gform.submission.handleButtonClick(this);' data-submission-type='submit' value='Anfrage senden'  \/> <input type='hidden' name='gform_ajax' value='form_id=4&amp;title=&amp;description=&amp;tabindex=0&amp;theme=gravity-theme&amp;hash=2d7baa3425d19e7375708c63fe83e0b9' \/>\n            <input type='hidden' class='gform_hidden' name='gform_submission_method' data-js='gform_submission_method_4' value='iframe' \/>\n            <input type='hidden' class='gform_hidden' name='gform_theme' data-js='gform_theme_4' id='gform_theme_4' value='gravity-theme' \/>\n            <input type='hidden' class='gform_hidden' name='gform_style_settings' data-js='gform_style_settings_4' id='gform_style_settings_4' value='' \/>\n            <input type='hidden' class='gform_hidden' name='is_submit_4' value='1' \/>\n            <input type='hidden' class='gform_hidden' name='gform_submit' value='4' \/>\n            \n            <input type='hidden' class='gform_hidden' name='gform_unique_id' value='' \/>\n            <input type='hidden' class='gform_hidden' name='state_4' value='WyJbXSIsIjFjMmI2YzdlYWZkZmZlNDBhODRjNjMyMmY0OTg0MDA3Il0=' \/>\n            <input type='hidden' autocomplete='off' class='gform_hidden' name='gform_target_page_number_4' id='gform_target_page_number_4' value='2' \/>\n            <input type='hidden' autocomplete='off' class='gform_hidden' name='gform_source_page_number_4' id='gform_source_page_number_4' value='1' \/>\n            <input type='hidden' name='gform_field_values' value='' \/>\n            \n        <\/div>\n             <\/div><\/div>\n                        <\/form>\n                        <\/div>\n\t\t                <iframe style='display:none;width:0px;height:0px;' src='about:blank' name='gform_ajax_frame_4' id='gform_ajax_frame_4' title='Dit iframe bevat de vereiste logica om Ajax aangedreven Gravity Forms te verwerken.'><\/iframe>\n\t\t                <script>\ngform.initializeOnLoaded( function() {gformInitSpinner( 4, 'https:\/\/faber-etec.de\/wp-content\/plugins\/gravityforms\/images\/spinner.svg', true );jQuery('#gform_ajax_frame_4').on('load',function(){var contents = jQuery(this).contents().find('*').html();var is_postback = contents.indexOf('GF_AJAX_POSTBACK') >= 0;if(!is_postback){return;}var form_content = jQuery(this).contents().find('#gform_wrapper_4');var is_confirmation = jQuery(this).contents().find('#gform_confirmation_wrapper_4').length > 0;var is_redirect = contents.indexOf('gformRedirect(){') >= 0;var is_form = form_content.length > 0 && ! is_redirect && ! is_confirmation;var mt = parseInt(jQuery('html').css('margin-top'), 10) + parseInt(jQuery('body').css('margin-top'), 10) + 100;if(is_form){jQuery('#gform_wrapper_4').html(form_content.html());if(form_content.hasClass('gform_validation_error')){jQuery('#gform_wrapper_4').addClass('gform_validation_error');} else {jQuery('#gform_wrapper_4').removeClass('gform_validation_error');}setTimeout( function() { \/* delay the scroll by 50 milliseconds to fix a bug in chrome *\/ jQuery(document).scrollTop(jQuery('#gform_wrapper_4').offset().top - mt); }, 50 );if(window['gformInitDatepicker']) {gformInitDatepicker();}if(window['gformInitPriceFields']) {gformInitPriceFields();}var current_page = jQuery('#gform_source_page_number_4').val();gformInitSpinner( 4, 'https:\/\/faber-etec.de\/wp-content\/plugins\/gravityforms\/images\/spinner.svg', true );jQuery(document).trigger('gform_page_loaded', [4, current_page]);window['gf_submitting_4'] = false;}else if(!is_redirect){var confirmation_content = jQuery(this).contents().find('.GF_AJAX_POSTBACK').html();if(!confirmation_content){confirmation_content = contents;}jQuery('#gform_wrapper_4').replaceWith(confirmation_content);jQuery(document).scrollTop(jQuery('#gf_4').offset().top - mt);jQuery(document).trigger('gform_confirmation_loaded', [4]);window['gf_submitting_4'] = false;wp.a11y.speak(jQuery('#gform_confirmation_message_4').text());}else{jQuery('#gform_4').append(contents);if(window['gformRedirect']) {gformRedirect();}}jQuery(document).trigger(\"gform_pre_post_render\", [{ formId: \"4\", currentPage: \"current_page\", abort: function() { this.preventDefault(); } }]);        if (event && event.defaultPrevented) {                return;        }        const gformWrapperDiv = document.getElementById( \"gform_wrapper_4\" );        if ( gformWrapperDiv ) {            const visibilitySpan = document.createElement( \"span\" );            visibilitySpan.id = \"gform_visibility_test_4\";            gformWrapperDiv.insertAdjacentElement( \"afterend\", visibilitySpan );        }        const visibilityTestDiv = document.getElementById( \"gform_visibility_test_4\" );        let postRenderFired = false;        function triggerPostRender() {            if ( postRenderFired ) {                return;            }            postRenderFired = true;            gform.core.triggerPostRenderEvents( 4, current_page );            if ( visibilityTestDiv ) {                visibilityTestDiv.parentNode.removeChild( visibilityTestDiv );            }        }        function debounce( func, wait, immediate ) {            var timeout;            return function() {                var context = this, args = arguments;                var later = function() {                    timeout = null;                    if ( !immediate ) func.apply( context, args );                };                var callNow = immediate && !timeout;                clearTimeout( timeout );                timeout = setTimeout( later, wait );                if ( callNow ) func.apply( context, args );            };        }        const debouncedTriggerPostRender = debounce( function() {            triggerPostRender();        }, 200 );        if ( visibilityTestDiv && visibilityTestDiv.offsetParent === null ) {            const observer = new MutationObserver( ( mutations ) => {                mutations.forEach( ( mutation ) => {                    if ( mutation.type === 'attributes' && visibilityTestDiv.offsetParent !== null ) {                        debouncedTriggerPostRender();                        observer.disconnect();                    }                });            });            observer.observe( document.body, {                attributes: true,                childList: false,                subtree: true,                attributeFilter: [ 'style', 'class' ],            });        } else {            triggerPostRender();        }    } );} );\n<\/script>\n\t\t\t\t<\/div>\n\t\t\t\t<\/div>\n\t\t\t\t<\/div>\n\t\t\t\t<\/div>\n\t\t\t\t\t<\/div>\n\t\t\t\t<\/div>\n\t\t<div class=\"elementor-element elementor-element-69b03211 e-con-full e-flex e-con e-parent\" data-id=\"69b03211\" data-element_type=\"container\" data-e-type=\"container\" data-settings=\"{&quot;background_background&quot;:&quot;classic&quot;}\">\n\t\t<div class=\"elementor-element elementor-element-6d61d7bb e-con-full e-flex e-con e-child\" data-id=\"6d61d7bb\" data-element_type=\"container\" data-e-type=\"container\">\n\t\t\t\t<div class=\"elementor-element elementor-element-65b85163 elementor-widget elementor-widget-heading\" data-id=\"65b85163\" data-element_type=\"widget\" data-e-type=\"widget\" data-widget_type=\"heading.default\">\n\t\t\t\t<div class=\"elementor-widget-container\">\n\t\t\t\t\t<span class=\"elementor-heading-title elementor-size-default\">Unternehmen<\/span>\t\t\t\t<\/div>\n\t\t\t\t<\/div>\n\t\t\t\t<div class=\"elementor-element elementor-element-41b8ca65 elementor-widget elementor-widget-heading\" data-id=\"41b8ca65\" data-element_type=\"widget\" data-e-type=\"widget\" data-widget_type=\"heading.default\">\n\t\t\t\t<div class=\"elementor-widget-container\">\n\t\t\t\t\t<span class=\"elementor-heading-title elementor-size-default\">Wir freuen uns auf Ihre Anfrage zu unseren Kompaktstationen, kontaktieren Sie uns!<\/span>\t\t\t\t<\/div>\n\t\t\t\t<\/div>\n\t\t\t\t<div class=\"elementor-element elementor-element-4f939799 elementor-widget elementor-widget-image-carousel\" data-id=\"4f939799\" data-element_type=\"widget\" data-e-type=\"widget\" data-settings=\"{&quot;slides_to_show&quot;:&quot;6&quot;,&quot;slides_to_scroll&quot;:&quot;1&quot;,&quot;navigation&quot;:&quot;none&quot;,&quot;image_spacing_custom&quot;:{&quot;unit&quot;:&quot;px&quot;,&quot;size&quot;:&quot;15&quot;,&quot;sizes&quot;:[]},&quot;slides_to_show_mobile&quot;:&quot;3&quot;,&quot;slides_to_scroll_mobile&quot;:&quot;3&quot;,&quot;autoplay&quot;:&quot;yes&quot;,&quot;autoplay_speed&quot;:5000,&quot;infinite&quot;:&quot;yes&quot;,&quot;speed&quot;:500,&quot;image_spacing_custom_laptop&quot;:{&quot;unit&quot;:&quot;px&quot;,&quot;size&quot;:&quot;&quot;,&quot;sizes&quot;:[]},&quot;image_spacing_custom_tablet_extra&quot;:{&quot;unit&quot;:&quot;px&quot;,&quot;size&quot;:&quot;&quot;,&quot;sizes&quot;:[]},&quot;image_spacing_custom_tablet&quot;:{&quot;unit&quot;:&quot;px&quot;,&quot;size&quot;:&quot;&quot;,&quot;sizes&quot;:[]},&quot;image_spacing_custom_mobile&quot;:{&quot;unit&quot;:&quot;px&quot;,&quot;size&quot;:&quot;&quot;,&quot;sizes&quot;:[]}}\" data-widget_type=\"image-carousel.default\">\n\t\t\t\t<div class=\"elementor-widget-container\">\n\t\t\t\t\t\t\t<div class=\"elementor-image-carousel-wrapper swiper\" role=\"region\" aria-roledescription=\"carousel\" aria-label=\"Bild Karussell\" dir=\"ltr\">\n\t\t\t<div class=\"elementor-image-carousel swiper-wrapper swiper-image-stretch\" aria-live=\"off\">\n\t\t\t\t\t\t\t\t<div class=\"swiper-slide\" role=\"group\" aria-roledescription=\"slide\" aria-label=\"1 sur 7\"><figure class=\"swiper-slide-inner\"><img decoding=\"async\" class=\"swiper-slide-image\" src=\"https:\/\/faber-etec.de\/wp-content\/uploads\/sites\/3\/elementor\/thumbs\/DSC08735-scaled-qq7xa3ull5n3yclliimzznq4594xn9y64pfwilywf4.jpg\" alt=\"DSC08735\" title=\"{bildtitle}\"><\/figure><\/div><div class=\"swiper-slide\" role=\"group\" aria-roledescription=\"slide\" aria-label=\"2 sur 7\"><figure class=\"swiper-slide-inner\"><img decoding=\"async\" class=\"swiper-slide-image\" src=\"https:\/\/faber-etec.de\/wp-content\/uploads\/sites\/3\/elementor\/thumbs\/install-qrhmq7g2xbeak4uyanbl2mvop5xuun5r06gvi40hpc.png\" alt=\"install\" title=\"{bildtitle}\"><\/figure><\/div><div class=\"swiper-slide\" role=\"group\" aria-roledescription=\"slide\" aria-label=\"3 sur 7\"><figure class=\"swiper-slide-inner\"><img decoding=\"async\" class=\"swiper-slide-image\" src=\"https:\/\/faber-etec.de\/wp-content\/uploads\/sites\/3\/elementor\/thumbs\/ref2-qqrzkyluofl7oo043w7elfge4mdlhih86vwpw5a0f4.jpg\" alt=\"ref2\" title=\"{bildtitle}\"><\/figure><\/div><div class=\"swiper-slide\" role=\"group\" aria-roledescription=\"slide\" aria-label=\"4 sur 7\"><figure class=\"swiper-slide-inner\"><img decoding=\"async\" class=\"swiper-slide-image\" src=\"https:\/\/faber-etec.de\/wp-content\/uploads\/sites\/3\/elementor\/thumbs\/Trafo-Kompaktstation-fuer-PV-kaufen-qn1kugzl32gr617ukv96uavc4aude5fho7p2kf6mcg.jpg\" alt=\"Kompaktstationen oder auch Trafo-Kompaktstation f\u00fcr effiziente Energieverteilung im Au\u00dfenbereich\" title=\"{bildtitle}\"><\/figure><\/div><div class=\"swiper-slide\" role=\"group\" aria-roledescription=\"slide\" aria-label=\"5 sur 7\"><figure class=\"swiper-slide-inner\"><img decoding=\"async\" class=\"swiper-slide-image\" src=\"https:\/\/faber-etec.de\/wp-content\/uploads\/sites\/3\/elementor\/thumbs\/Faber-E-Tec-Werk-Buende-qqnuvq3o1veugzvl8xfp7asl77spy0i26trq6ykp0g.jpg\" alt=\"Faber-E-Tec-Werk-Buende.jpg\" title=\"{bildtitle}\"><\/figure><\/div><div class=\"swiper-slide\" role=\"group\" aria-roledescription=\"slide\" aria-label=\"6 sur 7\"><figure class=\"swiper-slide-inner\"><img decoding=\"async\" class=\"swiper-slide-image\" src=\"https:\/\/faber-etec.de\/wp-content\/uploads\/sites\/3\/elementor\/thumbs\/IMG-20210725-WA0023-paocubm0se4kdpp8nnx6ujn8w41im5zanownkaay74.jpg\" alt=\"IMG-20210725-WA0023\" title=\"{bildtitle}\"><\/figure><\/div><div class=\"swiper-slide\" role=\"group\" aria-roledescription=\"slide\" aria-label=\"7 sur 7\"><figure class=\"swiper-slide-inner\"><img decoding=\"async\" class=\"swiper-slide-image\" src=\"https:\/\/faber-etec.de\/wp-content\/uploads\/sites\/3\/elementor\/thumbs\/4-padwwe6xi37698hjajs6qs9utn1vjz818ys4vt7068.jpg\" alt=\"4\" title=\"{bildtitle}\"><\/figure><\/div>\t\t\t<\/div>\n\t\t\t\t\t\t\t\n\t\t\t\t\t\t\t\t\t<\/div>\n\t\t\t\t\t\t<\/div>\n\t\t\t\t<\/div>\n\t\t\t\t<div class=\"elementor-element elementor-element-5e885e9a elementor-widget elementor-widget-image-carousel\" data-id=\"5e885e9a\" data-element_type=\"widget\" data-e-type=\"widget\" data-settings=\"{&quot;slides_to_show&quot;:&quot;5&quot;,&quot;slides_to_scroll&quot;:&quot;1&quot;,&quot;navigation&quot;:&quot;none&quot;,&quot;image_spacing_custom&quot;:{&quot;unit&quot;:&quot;px&quot;,&quot;size&quot;:&quot;15&quot;,&quot;sizes&quot;:[]},&quot;slides_to_show_mobile&quot;:&quot;2&quot;,&quot;slides_to_scroll_mobile&quot;:&quot;2&quot;,&quot;autoplay&quot;:&quot;yes&quot;,&quot;pause_on_hover&quot;:&quot;yes&quot;,&quot;pause_on_interaction&quot;:&quot;yes&quot;,&quot;autoplay_speed&quot;:5000,&quot;infinite&quot;:&quot;yes&quot;,&quot;speed&quot;:500,&quot;image_spacing_custom_laptop&quot;:{&quot;unit&quot;:&quot;px&quot;,&quot;size&quot;:&quot;&quot;,&quot;sizes&quot;:[]},&quot;image_spacing_custom_tablet_extra&quot;:{&quot;unit&quot;:&quot;px&quot;,&quot;size&quot;:&quot;&quot;,&quot;sizes&quot;:[]},&quot;image_spacing_custom_tablet&quot;:{&quot;unit&quot;:&quot;px&quot;,&quot;size&quot;:&quot;&quot;,&quot;sizes&quot;:[]},&quot;image_spacing_custom_mobile&quot;:{&quot;unit&quot;:&quot;px&quot;,&quot;size&quot;:&quot;&quot;,&quot;sizes&quot;:[]}}\" data-widget_type=\"image-carousel.default\">\n\t\t\t\t<div class=\"elementor-widget-container\">\n\t\t\t\t\t\t\t<div class=\"elementor-image-carousel-wrapper swiper\" role=\"region\" aria-roledescription=\"carousel\" aria-label=\"Bild Karussell\" dir=\"rtl\">\n\t\t\t<div class=\"elementor-image-carousel swiper-wrapper swiper-image-stretch\" aria-live=\"off\">\n\t\t\t\t\t\t\t\t<div class=\"swiper-slide\" role=\"group\" aria-roledescription=\"slide\" aria-label=\"1 sur 8\"><figure class=\"swiper-slide-inner\"><img decoding=\"async\" class=\"swiper-slide-image\" src=\"https:\/\/faber-etec.de\/wp-content\/uploads\/sites\/3\/elementor\/thumbs\/IMG-20210725-WA0024-paocsxskq68dadplqkdyoe7teov2a7hisubx4mctcw.jpg\" alt=\"IMG-20210725-WA0024\" title=\"{bildtitle}\"><\/figure><\/div><div class=\"swiper-slide\" role=\"group\" aria-roledescription=\"slide\" aria-label=\"2 sur 8\"><figure class=\"swiper-slide-inner\"><img decoding=\"async\" class=\"swiper-slide-image\" src=\"https:\/\/faber-etec.de\/wp-content\/uploads\/sites\/3\/elementor\/thumbs\/Solar-Solutions-Duesseldorf-3-qtudsvz6i69rpo1ojisptq62af26k04036dcfz3t7k.webp\" alt=\"Solar Solutions D\u00fcsseldorf 2023\" title=\"{bildtitle}\"><\/figure><\/div><div class=\"swiper-slide\" role=\"group\" aria-roledescription=\"slide\" aria-label=\"3 sur 8\"><figure class=\"swiper-slide-inner\"><img decoding=\"async\" class=\"swiper-slide-image\" src=\"https:\/\/faber-etec.de\/wp-content\/uploads\/sites\/3\/elementor\/thumbs\/e-tec_produktion\u00a9patrick.labitzke\u00a9candidateflow_B037-scaled-qrhmj2u53jn0il7ox2efnxmuiz2nh9v10wdbhkkyw0.jpg\" alt=\"e-tec_produktion\u00a9patrick.labitzke\u00a9candidateflow_B037\" title=\"{bildtitle}\"><\/figure><\/div><div class=\"swiper-slide\" role=\"group\" aria-roledescription=\"slide\" aria-label=\"4 sur 8\"><figure class=\"swiper-slide-inner\"><img decoding=\"async\" class=\"swiper-slide-image\" src=\"https:\/\/faber-etec.de\/wp-content\/uploads\/sites\/3\/elementor\/thumbs\/Projektbeispiel_FaberE-Tec_1.3-pan1tj3mqitlmukqdg1tx7rrq1ljdkpox5dsnu81wg.jpeg\" alt=\"Projektbeispiel_FaberE-Tec_1.3\" title=\"{bildtitle}\"><\/figure><\/div><div class=\"swiper-slide\" role=\"group\" aria-roledescription=\"slide\" aria-label=\"5 sur 8\"><figure class=\"swiper-slide-inner\"><img decoding=\"async\" class=\"swiper-slide-image\" src=\"https:\/\/faber-etec.de\/wp-content\/uploads\/sites\/3\/elementor\/thumbs\/Trafo-Out-08-p7e5fqrkl2ap29dhegqhinwpj4mfcu4ccxb0d5flwg.jpg\" alt=\"Trafo-Out-08\" title=\"{bildtitle}\"><\/figure><\/div><div class=\"swiper-slide\" role=\"group\" aria-roledescription=\"slide\" aria-label=\"6 sur 8\"><figure class=\"swiper-slide-inner\"><img decoding=\"async\" class=\"swiper-slide-image\" src=\"https:\/\/faber-etec.de\/wp-content\/uploads\/sites\/3\/elementor\/thumbs\/IMG-20210725-WA0023-paocubm0se4kdpp8nnx6ujn8w41im5zanownkaay74.jpg\" alt=\"IMG-20210725-WA0023\" title=\"{bildtitle}\"><\/figure><\/div><div class=\"swiper-slide\" role=\"group\" aria-roledescription=\"slide\" aria-label=\"7 sur 8\"><figure class=\"swiper-slide-inner\"><img decoding=\"async\" class=\"swiper-slide-image\" src=\"https:\/\/faber-etec.de\/wp-content\/uploads\/sites\/3\/elementor\/thumbs\/e-tec_produktion\u00a9patrick.labitzke\u00a9candidateflow_B020-scaled-qrhmij3j40vzqs0d4bv9pkm61vrxzmony6o4ere8io.jpg\" alt=\"e-tec_produktion\u00a9patrick.labitzke\u00a9candidateflow_B020\" title=\"{bildtitle}\"><\/figure><\/div><div class=\"swiper-slide\" role=\"group\" aria-roledescription=\"slide\" aria-label=\"8 sur 8\"><figure class=\"swiper-slide-inner\"><img decoding=\"async\" class=\"swiper-slide-image\" src=\"https:\/\/faber-etec.de\/wp-content\/uploads\/sites\/3\/elementor\/thumbs\/Trafo-In-01-p7e5fm2dmw49g7kb5wpco73ek79laclooa1kyrmkrk.jpg\" alt=\"Trafo-In-01\" title=\"{bildtitle}\"><\/figure><\/div>\t\t\t<\/div>\n\t\t\t\t\t\t\t\n\t\t\t\t\t\t\t\t\t<\/div>\n\t\t\t\t\t\t<\/div>\n\t\t\t\t<\/div>\n\t\t\t\t<\/div>\n\t\t\t\t<\/div>\n\t\t<div class=\"elementor-element elementor-element-43fa77ee e-flex e-con-boxed e-con e-parent\" data-id=\"43fa77ee\" data-element_type=\"container\" data-e-type=\"container\">\n\t\t\t\t\t<div class=\"e-con-inner\">\n\t\t<div class=\"elementor-element elementor-element-0a7e8d8 e-con-full e-flex e-con e-child\" data-id=\"0a7e8d8\" data-element_type=\"container\" data-e-type=\"container\">\n\t\t\t\t<div class=\"elementor-element elementor-element-e8a2d05 elementor-invisible elementor-widget elementor-widget-heading\" data-id=\"e8a2d05\" data-element_type=\"widget\" data-e-type=\"widget\" data-settings=\"{&quot;_animation&quot;:&quot;fadeInDown&quot;}\" data-widget_type=\"heading.default\">\n\t\t\t\t<div class=\"elementor-widget-container\">\n\t\t\t\t\t<span class=\"elementor-heading-title elementor-size-default\">Individuelle Kompaktstationen von Profis<\/span>\t\t\t\t<\/div>\n\t\t\t\t<\/div>\n\t\t\t\t<div class=\"elementor-element elementor-element-81d3052 elementor-invisible elementor-widget elementor-widget-heading\" data-id=\"81d3052\" data-element_type=\"widget\" data-e-type=\"widget\" data-settings=\"{&quot;_animation&quot;:&quot;fadeIn&quot;}\" data-widget_type=\"heading.default\">\n\t\t\t\t<div class=\"elementor-widget-container\">\n\t\t\t\t\t<h3 class=\"elementor-heading-title elementor-size-default\">Ma\u00dfgeschneiderte Trafostationen <\/h3>\t\t\t\t<\/div>\n\t\t\t\t<\/div>\n\t\t\t\t<\/div>\n\t\t<div class=\"elementor-element elementor-element-393e8911 e-con-full e-flex e-con e-child\" data-id=\"393e8911\" data-element_type=\"container\" data-e-type=\"container\">\n\t\t<div class=\"elementor-element elementor-element-3b0fb56a e-con-full e-flex e-con e-child\" data-id=\"3b0fb56a\" data-element_type=\"container\" data-e-type=\"container\">\n\t\t<div class=\"elementor-element elementor-element-5da4025 e-con-full e-flex e-con e-child\" data-id=\"5da4025\" data-element_type=\"container\" data-e-type=\"container\">\n\t\t\t\t<div class=\"elementor-element elementor-element-da63619 elementor-invisible elementor-widget elementor-widget-image\" data-id=\"da63619\" data-element_type=\"widget\" data-e-type=\"widget\" data-settings=\"{&quot;_animation&quot;:&quot;zoomIn&quot;}\" data-widget_type=\"image.default\">\n\t\t\t\t<div class=\"elementor-widget-container\">\n\t\t\t\t\t\t\t\t\t\t\t\t\t\t\t\t<a  href=\"https:\/\/faber-etec.de\/wp-content\/uploads\/sites\/3\/2024\/07\/Trafo-Kompaktstation-Detailansicht-0003-scaled.jpg\" title=\"Trafo Kompaktstation Detailansicht 0003 Scaled.jpg - \" data-elementor-open-lightbox=\"yes\" data-e-action-hash=\"#elementor-action%3Aaction%3Dlightbox%26settings%3DeyJpZCI6IjEwOTAyIiwidXJsIjoiaHR0cHM6XC9cL2ZhYmVyLWV0ZWMuZGVcL3dwLWNvbnRlbnRcL3VwbG9hZHNcL3NpdGVzXC8zXC8yMDI0XC8wN1wvVHJhZm8tS29tcGFrdHN0YXRpb24tRGV0YWlsYW5zaWNodC0wMDAzLXNjYWxlZC5qcGcifQ%3D%3D\">\n\t\t\t\t\t\t\t<img loading=\"lazy\" decoding=\"async\" width=\"768\" height=\"987\" src=\"https:\/\/faber-etec.de\/wp-content\/uploads\/sites\/3\/2024\/07\/Trafo-Kompaktstation-Detailansicht-0003-768x987.jpg\" class=\"attachment-medium_large size-medium_large wp-image-10902\" alt=\"-\" srcset=\"https:\/\/faber-etec.de\/wp-content\/uploads\/sites\/3\/2024\/07\/Trafo-Kompaktstation-Detailansicht-0003-768x987.jpg 768w, https:\/\/faber-etec.de\/wp-content\/uploads\/sites\/3\/2024\/07\/Trafo-Kompaktstation-Detailansicht-0003-233x300.jpg 233w, https:\/\/faber-etec.de\/wp-content\/uploads\/sites\/3\/2024\/07\/Trafo-Kompaktstation-Detailansicht-0003-797x1024.jpg 797w, https:\/\/faber-etec.de\/wp-content\/uploads\/sites\/3\/2024\/07\/Trafo-Kompaktstation-Detailansicht-0003-1195x1536.jpg 1195w, https:\/\/faber-etec.de\/wp-content\/uploads\/sites\/3\/2024\/07\/Trafo-Kompaktstation-Detailansicht-0003-1593x2048.jpg 1593w, https:\/\/faber-etec.de\/wp-content\/uploads\/sites\/3\/2024\/07\/Trafo-Kompaktstation-Detailansicht-0003-9x12.jpg 9w, https:\/\/faber-etec.de\/wp-content\/uploads\/sites\/3\/2024\/07\/Trafo-Kompaktstation-Detailansicht-0003-scaled.jpg 1991w\" sizes=\"(max-width: 768px) 100vw, 768px\" title=\"Trafo-Kompaktstation-Detailansicht-0003\">\t\t\t\t\t\t\t\t<\/a>\n\t\t\t\t\t\t\t\t\t\t\t\t\t\t\t<\/div>\n\t\t\t\t<\/div>\n\t\t\t\t<\/div>\n\t\t\t\t<\/div>\n\t\t<div class=\"elementor-element elementor-element-1497dd06 e-con-full e-flex e-con e-child\" data-id=\"1497dd06\" data-element_type=\"container\" data-e-type=\"container\">\n\t\t<div class=\"elementor-element elementor-element-56db996 e-con-full e-flex e-con e-child\" data-id=\"56db996\" data-element_type=\"container\" data-e-type=\"container\">\n\t\t\t\t<div class=\"elementor-element elementor-element-39e17113 animated-slow elementor-invisible elementor-widget elementor-widget-image\" data-id=\"39e17113\" data-element_type=\"widget\" data-e-type=\"widget\" data-settings=\"{&quot;_animation&quot;:&quot;zoomIn&quot;}\" data-widget_type=\"image.default\">\n\t\t\t\t<div class=\"elementor-widget-container\">\n\t\t\t\t\t\t\t\t\t\t\t\t\t\t\t\t<a  href=\"https:\/\/faber-etec.de\/wp-content\/uploads\/sites\/3\/2024\/07\/Trafo-Kompaktstation-Detailansicht-20001-scaled.jpg\" title=\"Trafo Kompaktstation Detailansicht 20001 Scaled.jpg - \" data-elementor-open-lightbox=\"yes\" data-e-action-hash=\"#elementor-action%3Aaction%3Dlightbox%26settings%3DeyJpZCI6IjEwOTA3IiwidXJsIjoiaHR0cHM6XC9cL2ZhYmVyLWV0ZWMuZGVcL3dwLWNvbnRlbnRcL3VwbG9hZHNcL3NpdGVzXC8zXC8yMDI0XC8wN1wvVHJhZm8tS29tcGFrdHN0YXRpb24tRGV0YWlsYW5zaWNodC0yMDAwMS1zY2FsZWQuanBnIn0%3D\">\n\t\t\t\t\t\t\t<img decoding=\"async\" src=\"https:\/\/faber-etec.de\/wp-content\/uploads\/sites\/3\/elementor\/thumbs\/Trafo-Kompaktstation-Detailansicht-20001-scaled-qrv3xsm5ap7dpqqtze6kotuqg4qdbcvlq0ksc5cafs.jpg\" title=\"Trafo-Kompaktstation-Detailansicht-20001\" alt=\"Trafo-Kompaktstation-Detailansicht-20001\" loading=\"lazy\" \/>\t\t\t\t\t\t\t\t<\/a>\n\t\t\t\t\t\t\t\t\t\t\t\t\t\t\t<\/div>\n\t\t\t\t<\/div>\n\t\t\t\t<\/div>\n\t\t<div class=\"elementor-element elementor-element-63917e05 e-con-full e-flex e-con e-child\" data-id=\"63917e05\" data-element_type=\"container\" data-e-type=\"container\">\n\t\t\t\t<div class=\"elementor-element elementor-element-7e223ce4 animated-fast elementor-invisible elementor-widget elementor-widget-image\" data-id=\"7e223ce4\" data-element_type=\"widget\" data-e-type=\"widget\" data-settings=\"{&quot;_animation&quot;:&quot;zoomIn&quot;}\" data-widget_type=\"image.default\">\n\t\t\t\t<div class=\"elementor-widget-container\">\n\t\t\t\t\t\t\t\t\t\t\t\t\t\t\t\t<a  href=\"https:\/\/faber-etec.de\/wp-content\/uploads\/sites\/3\/2024\/07\/Trafo-Kompaktstation-Detailansicht-20008-scaled.jpg\" title=\"Trafo Kompaktstation Detailansicht 20008 Scaled.jpg - \" data-elementor-open-lightbox=\"yes\" data-e-action-hash=\"#elementor-action%3Aaction%3Dlightbox%26settings%3DeyJpZCI6IjEwOTEzIiwidXJsIjoiaHR0cHM6XC9cL2ZhYmVyLWV0ZWMuZGVcL3dwLWNvbnRlbnRcL3VwbG9hZHNcL3NpdGVzXC8zXC8yMDI0XC8wN1wvVHJhZm8tS29tcGFrdHN0YXRpb24tRGV0YWlsYW5zaWNodC0yMDAwOC1zY2FsZWQuanBnIn0%3D\">\n\t\t\t\t\t\t\t<img decoding=\"async\" src=\"https:\/\/faber-etec.de\/wp-content\/uploads\/sites\/3\/elementor\/thumbs\/Trafo-Kompaktstation-Detailansicht-20008-scaled-qrv3zuveam116xqyxsa3nt45dkkd7g2ec84590a6s8.jpg\" title=\"Trafo-Kompaktstation-Detailansicht-20008\" alt=\"Trafo Kompaktstation Detailansicht\" loading=\"lazy\" \/>\t\t\t\t\t\t\t\t<\/a>\n\t\t\t\t\t\t\t\t\t\t\t\t\t\t\t<\/div>\n\t\t\t\t<\/div>\n\t\t\t\t<\/div>\n\t\t\t\t<\/div>\n\t\t\t\t<\/div>\n\t\t<div class=\"elementor-element elementor-element-2d6ad61 e-con-full e-flex e-con e-child\" data-id=\"2d6ad61\" data-element_type=\"container\" data-e-type=\"container\">\n\t\t<div class=\"elementor-element elementor-element-199426f e-con-full e-flex elementor-invisible e-con e-child\" data-id=\"199426f\" data-element_type=\"container\" data-e-type=\"container\" data-settings=\"{&quot;animation&quot;:&quot;fadeIn&quot;}\">\n\t\t<div class=\"elementor-element elementor-element-4be85af e-con-full e-flex e-con e-child\" data-id=\"4be85af\" data-element_type=\"container\" data-e-type=\"container\">\n\t\t\t\t<div class=\"elementor-element elementor-element-a6a3f4b elementor-widget elementor-widget-image\" data-id=\"a6a3f4b\" data-element_type=\"widget\" data-e-type=\"widget\" data-widget_type=\"image.default\">\n\t\t\t\t<div class=\"elementor-widget-container\">\n\t\t\t\t\t\t\t\t\t\t\t\t\t\t\t\t<a  href=\"https:\/\/faber-etec.de\/wp-content\/uploads\/sites\/3\/2024\/04\/Trafo-Kompaktstation-fuer-PV-kaufen.jpg\" title=\"Trafo Kompaktstation Fuer PV Kaufen.jpg - \" data-elementor-open-lightbox=\"yes\" data-e-action-hash=\"#elementor-action%3Aaction%3Dlightbox%26settings%3DeyJpZCI6IjUxODkiLCJ1cmwiOiJodHRwczpcL1wvZmFiZXItZXRlYy5kZVwvd3AtY29udGVudFwvdXBsb2Fkc1wvc2l0ZXNcLzNcLzIwMjRcLzA0XC9UcmFmby1Lb21wYWt0c3RhdGlvbi1mdWVyLVBWLWthdWZlbi5qcGcifQ%3D%3D\">\n\t\t\t\t\t\t\t<img loading=\"lazy\" decoding=\"async\" width=\"800\" height=\"420\" src=\"https:\/\/faber-etec.de\/wp-content\/uploads\/sites\/3\/2024\/04\/Trafo-Kompaktstation-fuer-PV-kaufen-1024x537.jpg\" class=\"attachment-large size-large wp-image-5189\" alt=\"Kompaktstationen oder auch Trafo-Kompaktstation f\u00fcr effiziente Energieverteilung im Au\u00dfenbereich\" srcset=\"https:\/\/faber-etec.de\/wp-content\/uploads\/sites\/3\/2024\/04\/Trafo-Kompaktstation-fuer-PV-kaufen-1024x537.jpg 1024w, https:\/\/faber-etec.de\/wp-content\/uploads\/sites\/3\/2024\/04\/Trafo-Kompaktstation-fuer-PV-kaufen-300x157.jpg 300w, https:\/\/faber-etec.de\/wp-content\/uploads\/sites\/3\/2024\/04\/Trafo-Kompaktstation-fuer-PV-kaufen-768x403.jpg 768w, https:\/\/faber-etec.de\/wp-content\/uploads\/sites\/3\/2024\/04\/Trafo-Kompaktstation-fuer-PV-kaufen-18x9.jpg 18w, https:\/\/faber-etec.de\/wp-content\/uploads\/sites\/3\/2024\/04\/Trafo-Kompaktstation-fuer-PV-kaufen.jpg 1200w\" sizes=\"(max-width: 800px) 100vw, 800px\" title=\"Kompaktstationen - Trafo-Kompaktstation von Faber E-TEC bestellen, Preis anfragen\" \/>\t\t\t\t\t\t\t\t<\/a>\n\t\t\t\t\t\t\t\t\t\t\t\t\t\t\t<\/div>\n\t\t\t\t<\/div>\n\t\t\t\t<\/div>\n\t\t<div class=\"elementor-element elementor-element-5c2a922 e-con-full e-flex e-con e-child\" data-id=\"5c2a922\" data-element_type=\"container\" data-e-type=\"container\">\n\t\t\t\t<div class=\"elementor-element elementor-element-daf47ef elementor-widget elementor-widget-image\" data-id=\"daf47ef\" data-element_type=\"widget\" data-e-type=\"widget\" data-widget_type=\"image.default\">\n\t\t\t\t<div class=\"elementor-widget-container\">\n\t\t\t\t\t\t\t\t\t\t\t\t\t\t\t\t<a  href=\"https:\/\/faber-etec.de\/wp-content\/uploads\/sites\/3\/2024\/07\/Trafo-Kompaktstation-Detailansicht-0004-scaled.jpg\" title=\"Trafo Kompaktstation Detailansicht 0004 Scaled.jpg - \" data-elementor-open-lightbox=\"yes\" data-e-action-hash=\"#elementor-action%3Aaction%3Dlightbox%26settings%3DeyJpZCI6IjEwOTAzIiwidXJsIjoiaHR0cHM6XC9cL2ZhYmVyLWV0ZWMuZGVcL3dwLWNvbnRlbnRcL3VwbG9hZHNcL3NpdGVzXC8zXC8yMDI0XC8wN1wvVHJhZm8tS29tcGFrdHN0YXRpb24tRGV0YWlsYW5zaWNodC0wMDA0LXNjYWxlZC5qcGcifQ%3D%3D\">\n\t\t\t\t\t\t\t<img decoding=\"async\" src=\"https:\/\/faber-etec.de\/wp-content\/uploads\/sites\/3\/elementor\/thumbs\/Trafo-Kompaktstation-Detailansicht-0004-scaled-qrv380vdhicsewj3syrov87292jxlj4opm94dpuwho.jpg\" title=\"Trafo-Kompaktstation-Detailansicht-0004\" alt=\"Trafo-Kompaktstation-Detailansicht-0004\" loading=\"lazy\" \/>\t\t\t\t\t\t\t\t<\/a>\n\t\t\t\t\t\t\t\t\t\t\t\t\t\t\t<\/div>\n\t\t\t\t<\/div>\n\t\t\t\t<\/div>\n\t\t\t\t<\/div>\n\t\t<div class=\"elementor-element elementor-element-71fc831 e-con-full e-flex elementor-invisible e-con e-child\" data-id=\"71fc831\" data-element_type=\"container\" data-e-type=\"container\" data-settings=\"{&quot;animation&quot;:&quot;fadeIn&quot;,&quot;animation_delay&quot;:&quot;200&quot;}\">\n\t\t<div class=\"elementor-element elementor-element-22177de e-con-full e-flex e-con e-child\" data-id=\"22177de\" data-element_type=\"container\" data-e-type=\"container\">\n\t\t\t\t<div class=\"elementor-element elementor-element-235134f elementor-widget elementor-widget-image\" data-id=\"235134f\" data-element_type=\"widget\" data-e-type=\"widget\" data-widget_type=\"image.default\">\n\t\t\t\t<div class=\"elementor-widget-container\">\n\t\t\t\t\t\t\t\t\t\t\t\t\t\t\t\t<a  href=\"https:\/\/faber-etec.de\/wp-content\/uploads\/sites\/3\/2024\/07\/Trafo-Kompaktstation-Detailansicht-2025-scaled.jpg\" title=\"Trafo Kompaktstation Detailansicht 2025 Scaled.jpg - \" data-elementor-open-lightbox=\"yes\" data-e-action-hash=\"#elementor-action%3Aaction%3Dlightbox%26settings%3DeyJpZCI6IjEwOTE1IiwidXJsIjoiaHR0cHM6XC9cL2ZhYmVyLWV0ZWMuZGVcL3dwLWNvbnRlbnRcL3VwbG9hZHNcL3NpdGVzXC8zXC8yMDI0XC8wN1wvVHJhZm8tS29tcGFrdHN0YXRpb24tRGV0YWlsYW5zaWNodC0yMDI1LXNjYWxlZC5qcGcifQ%3D%3D\">\n\t\t\t\t\t\t\t<img decoding=\"async\" src=\"https:\/\/faber-etec.de\/wp-content\/uploads\/sites\/3\/elementor\/thumbs\/Trafo-Kompaktstation-Detailansicht-2025-scaled-qrv4gmbpqjej8vr3e8qh5z2cv6qusk686cig2bqha4.jpg\" title=\"Trafo-Kompaktstation-Detailansicht-2025\" alt=\"Trafo-Kompaktstation-Detailansicht-2025\" loading=\"lazy\" \/>\t\t\t\t\t\t\t\t<\/a>\n\t\t\t\t\t\t\t\t\t\t\t\t\t\t\t<\/div>\n\t\t\t\t<\/div>\n\t\t\t\t<\/div>\n\t\t<div class=\"elementor-element elementor-element-cf0c4b3 e-con-full e-flex e-con e-child\" data-id=\"cf0c4b3\" data-element_type=\"container\" data-e-type=\"container\">\n\t\t\t\t<div class=\"elementor-element elementor-element-b3e2001 elementor-widget elementor-widget-image\" data-id=\"b3e2001\" data-element_type=\"widget\" data-e-type=\"widget\" data-widget_type=\"image.default\">\n\t\t\t\t<div class=\"elementor-widget-container\">\n\t\t\t\t\t\t\t\t\t\t\t\t\t\t\t\t<a  href=\"https:\/\/faber-etec.de\/wp-content\/uploads\/sites\/3\/2024\/07\/Trafo-Kompaktstation-Detailansicht-0005-scaled.jpg\" title=\"Trafo Kompaktstation Detailansicht 0005 Scaled.jpg - \" data-elementor-open-lightbox=\"yes\" data-e-action-hash=\"#elementor-action%3Aaction%3Dlightbox%26settings%3DeyJpZCI6IjEwODk5IiwidXJsIjoiaHR0cHM6XC9cL2ZhYmVyLWV0ZWMuZGVcL3dwLWNvbnRlbnRcL3VwbG9hZHNcL3NpdGVzXC8zXC8yMDI0XC8wN1wvVHJhZm8tS29tcGFrdHN0YXRpb24tRGV0YWlsYW5zaWNodC0wMDA1LXNjYWxlZC5qcGcifQ%3D%3D\">\n\t\t\t\t\t\t\t<img decoding=\"async\" src=\"https:\/\/faber-etec.de\/wp-content\/uploads\/sites\/3\/elementor\/thumbs\/Trafo-Kompaktstation-Detailansicht-0005-scaled-qrv35kijn30svrkqi8bxuxer2e0knzqxge9spqld40.jpg\" title=\"Trafo-Kompaktstation-Detailansicht-0005\" alt=\"Trafo-Kompaktstation-Detailansicht-0005\" loading=\"lazy\" \/>\t\t\t\t\t\t\t\t<\/a>\n\t\t\t\t\t\t\t\t\t\t\t\t\t\t\t<\/div>\n\t\t\t\t<\/div>\n\t\t\t\t<\/div>\n\t\t\t\t<\/div>\n\t\t<div class=\"elementor-element elementor-element-741d80d e-con-full e-flex elementor-invisible e-con e-child\" data-id=\"741d80d\" data-element_type=\"container\" data-e-type=\"container\" data-settings=\"{&quot;animation&quot;:&quot;fadeIn&quot;,&quot;animation_delay&quot;:&quot;400&quot;}\">\n\t\t<div class=\"elementor-element elementor-element-3b80a83 e-con-full e-flex e-con e-child\" data-id=\"3b80a83\" data-element_type=\"container\" data-e-type=\"container\">\n\t\t\t\t<div class=\"elementor-element elementor-element-3a0c08a elementor-widget elementor-widget-image\" data-id=\"3a0c08a\" data-element_type=\"widget\" data-e-type=\"widget\" data-widget_type=\"image.default\">\n\t\t\t\t<div class=\"elementor-widget-container\">\n\t\t\t\t\t\t\t\t\t\t\t\t\t\t\t\t<a  href=\"https:\/\/faber-etec.de\/wp-content\/uploads\/sites\/3\/2024\/07\/Trafo-Kompaktstation-Detailansicht-20004-scaled.jpg\" title=\"Trafo Kompaktstation Detailansicht 20004 Scaled.jpg - \" data-elementor-open-lightbox=\"yes\" data-e-action-hash=\"#elementor-action%3Aaction%3Dlightbox%26settings%3DeyJpZCI6IjEwOTA5IiwidXJsIjoiaHR0cHM6XC9cL2ZhYmVyLWV0ZWMuZGVcL3dwLWNvbnRlbnRcL3VwbG9hZHNcL3NpdGVzXC8zXC8yMDI0XC8wN1wvVHJhZm8tS29tcGFrdHN0YXRpb24tRGV0YWlsYW5zaWNodC0yMDAwNC1zY2FsZWQuanBnIn0%3D\">\n\t\t\t\t\t\t\t<img loading=\"lazy\" decoding=\"async\" width=\"768\" height=\"512\" src=\"https:\/\/faber-etec.de\/wp-content\/uploads\/sites\/3\/2024\/07\/Trafo-Kompaktstation-Detailansicht-20004-768x512.jpg\" class=\"attachment-medium_large size-medium_large wp-image-10909\" alt=\"-\" srcset=\"https:\/\/faber-etec.de\/wp-content\/uploads\/sites\/3\/2024\/07\/Trafo-Kompaktstation-Detailansicht-20004-768x512.jpg 768w, https:\/\/faber-etec.de\/wp-content\/uploads\/sites\/3\/2024\/07\/Trafo-Kompaktstation-Detailansicht-20004-300x200.jpg 300w, https:\/\/faber-etec.de\/wp-content\/uploads\/sites\/3\/2024\/07\/Trafo-Kompaktstation-Detailansicht-20004-1024x683.jpg 1024w, https:\/\/faber-etec.de\/wp-content\/uploads\/sites\/3\/2024\/07\/Trafo-Kompaktstation-Detailansicht-20004-1536x1024.jpg 1536w, https:\/\/faber-etec.de\/wp-content\/uploads\/sites\/3\/2024\/07\/Trafo-Kompaktstation-Detailansicht-20004-2048x1365.jpg 2048w, https:\/\/faber-etec.de\/wp-content\/uploads\/sites\/3\/2024\/07\/Trafo-Kompaktstation-Detailansicht-20004-18x12.jpg 18w\" sizes=\"(max-width: 768px) 100vw, 768px\" title=\"Trafo-Kompaktstation-Detailansicht-20004\">\t\t\t\t\t\t\t\t<\/a>\n\t\t\t\t\t\t\t\t\t\t\t\t\t\t\t<\/div>\n\t\t\t\t<\/div>\n\t\t\t\t<\/div>\n\t\t<div class=\"elementor-element elementor-element-b1f478e e-con-full e-flex e-con e-child\" data-id=\"b1f478e\" data-element_type=\"container\" data-e-type=\"container\">\n\t\t\t\t<div class=\"elementor-element elementor-element-aea6cc9 elementor-widget elementor-widget-image\" data-id=\"aea6cc9\" data-element_type=\"widget\" data-e-type=\"widget\" data-widget_type=\"image.default\">\n\t\t\t\t<div class=\"elementor-widget-container\">\n\t\t\t\t\t\t\t\t\t\t\t\t\t\t\t\t<a  href=\"https:\/\/faber-etec.de\/wp-content\/uploads\/sites\/3\/2024\/07\/install.png\" title=\"Install.png - \" data-elementor-open-lightbox=\"yes\" data-e-action-hash=\"#elementor-action%3Aaction%3Dlightbox%26settings%3DeyJpZCI6Ijk2ODQiLCJ1cmwiOiJodHRwczpcL1wvZmFiZXItZXRlYy5kZVwvd3AtY29udGVudFwvdXBsb2Fkc1wvc2l0ZXNcLzNcLzIwMjRcLzA3XC9pbnN0YWxsLnBuZyJ9\">\n\t\t\t\t\t\t\t<img decoding=\"async\" src=\"https:\/\/faber-etec.de\/wp-content\/uploads\/sites\/3\/elementor\/thumbs\/install-qrhmq7g0hltlh3qrrn6zelxyqn1uwwbo0mxvt70jcs.png\" title=\"install\" alt=\"install\" loading=\"lazy\" \/>\t\t\t\t\t\t\t\t<\/a>\n\t\t\t\t\t\t\t\t\t\t\t\t\t\t\t<\/div>\n\t\t\t\t<\/div>\n\t\t\t\t<\/div>\n\t\t\t\t<\/div>\n\t\t\t\t<\/div>\n\t\t\t\t\t<\/div>\n\t\t\t\t<\/div>\n\t\t<div class=\"elementor-element elementor-element-50aca4c2 moreproducts e-flex e-con-boxed e-con e-parent\" data-id=\"50aca4c2\" data-element_type=\"container\" data-e-type=\"container\" data-settings=\"{&quot;background_background&quot;:&quot;classic&quot;}\">\n\t\t\t\t\t<div class=\"e-con-inner\">\n\t\t<div class=\"elementor-element elementor-element-4262d3e3 e-con-full e-flex e-con e-child\" data-id=\"4262d3e3\" data-element_type=\"container\" data-e-type=\"container\">\n\t\t\t\t<div class=\"elementor-element elementor-element-6c5cd788 elementor-widget elementor-widget-heading\" data-id=\"6c5cd788\" data-element_type=\"widget\" data-e-type=\"widget\" data-widget_type=\"heading.default\">\n\t\t\t\t<div class=\"elementor-widget-container\">\n\t\t\t\t\t<h3 class=\"elementor-heading-title elementor-size-default\">Haben Sie eine Frage? Wir sind f\u00fcr Sie da.<\/h3>\t\t\t\t<\/div>\n\t\t\t\t<\/div>\n\t\t\t\t<div class=\"elementor-element elementor-element-287bd5ac elementor-widget elementor-widget-heading\" data-id=\"287bd5ac\" data-element_type=\"widget\" data-e-type=\"widget\" data-widget_type=\"heading.default\">\n\t\t\t\t<div class=\"elementor-widget-container\">\n\t\t\t\t\t<span class=\"elementor-heading-title elementor-size-default\">H\u00e4ufig gestellte Fragen unserer Kundinnen und Kunden zu den Kompaktstation Trafos<\/span>\t\t\t\t<\/div>\n\t\t\t\t<\/div>\n\t\t\t\t<div class=\"elementor-element elementor-element-6047e6c0 faqaccordion elementor-widget elementor-widget-n-accordion\" data-id=\"6047e6c0\" data-element_type=\"widget\" data-e-type=\"widget\" data-settings=\"{&quot;default_state&quot;:&quot;all_collapsed&quot;,&quot;max_items_expended&quot;:&quot;one&quot;,&quot;n_accordion_animation_duration&quot;:{&quot;unit&quot;:&quot;ms&quot;,&quot;size&quot;:400,&quot;sizes&quot;:[]}}\" data-widget_type=\"nested-accordion.default\">\n\t\t\t\t<div class=\"elementor-widget-container\">\n\t\t\t\t\t\t\t<div class=\"e-n-accordion\" aria-label=\"Accordion. Open links with Enter or Space, close with Escape, and navigate with Arrow Keys\">\n\t\t\t\t\t\t<details id=\"e-n-accordion-item-1610\" class=\"e-n-accordion-item\" >\n\t\t\t\t<summary class=\"e-n-accordion-item-title\" data-accordion-index=\"1\" tabindex=\"0\" aria-expanded=\"false\" aria-controls=\"e-n-accordion-item-1610\" >\n\t\t\t\t\t<span class='e-n-accordion-item-title-header'><div class=\"e-n-accordion-item-title-text\"> Was ist eine Kompaktstation und wof\u00fcr wird sie verwendet? <\/div><\/span>\n\t\t\t\t\t\t\t<span class='e-n-accordion-item-title-icon'>\n\t\t\t<span class='e-opened' ><i aria-hidden=\"true\" class=\"fas fa-minus\"><\/i><\/span>\n\t\t\t<span class='e-closed'><i aria-hidden=\"true\" class=\"fas fa-plus\"><\/i><\/span>\n\t\t<\/span>\n\n\t\t\t\t\t\t<\/summary>\n\t\t\t\t<div role=\"region\" aria-labelledby=\"e-n-accordion-item-1610\" class=\"elementor-element elementor-element-34a4b0a2 e-con-full e-flex e-con e-child\" data-id=\"34a4b0a2\" data-element_type=\"container\" data-e-type=\"container\">\n\t\t\t\t<div class=\"elementor-element elementor-element-81728a6 elementor-widget elementor-widget-text-editor\" data-id=\"81728a6\" data-element_type=\"widget\" data-e-type=\"widget\" data-widget_type=\"text-editor.default\">\n\t\t\t\t<div class=\"elementor-widget-container\">\n\t\t\t\t\t\t\t\t\t<p>Eine <span style=\"color: var( --e-global-color-text ); font-size: var( --e-global-typography-text-font-size );\">Kompaktstation oder ein Kompaktstation Trafo <\/span>ist eine vorgefertigte, kompakte elektrische Anlage, die Transformatoren, Schaltanlagen und andere Komponenten integriert. Sie wird zur Umwandlung von Mittelspannung in Niederspannung verwendet und eignet sich ideal f\u00fcr den Einsatz in verschiedenen Branchen wie Industrie, Gewerbe und erneuerbaren Energien.<\/p>\t\t\t\t\t\t\t\t<\/div>\n\t\t\t\t<\/div>\n\t\t\t\t<\/div>\n\t\t\t\t\t<\/details>\n\t\t\t\t\t\t<details id=\"e-n-accordion-item-1611\" class=\"e-n-accordion-item\" >\n\t\t\t\t<summary class=\"e-n-accordion-item-title\" data-accordion-index=\"2\" tabindex=\"-1\" aria-expanded=\"false\" aria-controls=\"e-n-accordion-item-1611\" >\n\t\t\t\t\t<span class='e-n-accordion-item-title-header'><div class=\"e-n-accordion-item-title-text\"> Welche Vorteile bietet eine Kompaktstation gegen\u00fcber herk\u00f6mmlichen Transformatorstationen? <\/div><\/span>\n\t\t\t\t\t\t\t<span class='e-n-accordion-item-title-icon'>\n\t\t\t<span class='e-opened' ><i aria-hidden=\"true\" class=\"fas fa-minus\"><\/i><\/span>\n\t\t\t<span class='e-closed'><i aria-hidden=\"true\" class=\"fas fa-plus\"><\/i><\/span>\n\t\t<\/span>\n\n\t\t\t\t\t\t<\/summary>\n\t\t\t\t<div role=\"region\" aria-labelledby=\"e-n-accordion-item-1611\" class=\"elementor-element elementor-element-57802d9 e-con-full e-flex e-con e-child\" data-id=\"57802d9\" data-element_type=\"container\" data-e-type=\"container\">\n\t\t\t\t<div class=\"elementor-element elementor-element-60d289dd elementor-widget elementor-widget-text-editor\" data-id=\"60d289dd\" data-element_type=\"widget\" data-e-type=\"widget\" data-widget_type=\"text-editor.default\">\n\t\t\t\t<div class=\"elementor-widget-container\">\n\t\t\t\t\t\t\t\t\t<p>Kompaktstationen bieten zahlreiche Vorteile, darunter eine platzsparende Bauweise, schnelle Installation und Inbetriebnahme, hohe Flexibilit\u00e4t und Anpassungsf\u00e4higkeit sowie eine verbesserte Sicherheit und Zuverl\u00e4ssigkeit durch integrierte Schutzmechanismen.<\/p>\t\t\t\t\t\t\t\t<\/div>\n\t\t\t\t<\/div>\n\t\t\t\t<\/div>\n\t\t\t\t\t<\/details>\n\t\t\t\t\t\t<details id=\"e-n-accordion-item-1612\" class=\"e-n-accordion-item\" >\n\t\t\t\t<summary class=\"e-n-accordion-item-title\" data-accordion-index=\"3\" tabindex=\"-1\" aria-expanded=\"false\" aria-controls=\"e-n-accordion-item-1612\" >\n\t\t\t\t\t<span class='e-n-accordion-item-title-header'><div class=\"e-n-accordion-item-title-text\"> Kann die Kompaktstation an spezielle Anforderungen angepasst werden? <\/div><\/span>\n\t\t\t\t\t\t\t<span class='e-n-accordion-item-title-icon'>\n\t\t\t<span class='e-opened' ><i aria-hidden=\"true\" class=\"fas fa-minus\"><\/i><\/span>\n\t\t\t<span class='e-closed'><i aria-hidden=\"true\" class=\"fas fa-plus\"><\/i><\/span>\n\t\t<\/span>\n\n\t\t\t\t\t\t<\/summary>\n\t\t\t\t<div role=\"region\" aria-labelledby=\"e-n-accordion-item-1612\" class=\"elementor-element elementor-element-1cdd022d e-con-full e-flex e-con e-child\" data-id=\"1cdd022d\" data-element_type=\"container\" data-e-type=\"container\">\n\t\t\t\t<div class=\"elementor-element elementor-element-52379c61 elementor-widget elementor-widget-text-editor\" data-id=\"52379c61\" data-element_type=\"widget\" data-e-type=\"widget\" data-widget_type=\"text-editor.default\">\n\t\t\t\t<div class=\"elementor-widget-container\">\n\t\t\t\t\t\t\t\t\t<p>Ja, unsere Kompaktstationen k\u00f6nnen individuell an Ihre spezifischen Anforderungen angepasst werden. Wir bieten ma\u00dfgeschneiderte L\u00f6sungen, die auf die jeweiligen Netzanforderungen und Einsatzbedingungen abgestimmt sind.<\/p>\t\t\t\t\t\t\t\t<\/div>\n\t\t\t\t<\/div>\n\t\t\t\t<\/div>\n\t\t\t\t\t<\/details>\n\t\t\t\t\t\t<details id=\"e-n-accordion-item-1613\" class=\"e-n-accordion-item\" >\n\t\t\t\t<summary class=\"e-n-accordion-item-title\" data-accordion-index=\"4\" tabindex=\"-1\" aria-expanded=\"false\" aria-controls=\"e-n-accordion-item-1613\" >\n\t\t\t\t\t<span class='e-n-accordion-item-title-header'><div class=\"e-n-accordion-item-title-text\"> Wie erfolgt der Transport und die Installation der Kompaktstation? <\/div><\/span>\n\t\t\t\t\t\t\t<span class='e-n-accordion-item-title-icon'>\n\t\t\t<span class='e-opened' ><i aria-hidden=\"true\" class=\"fas fa-minus\"><\/i><\/span>\n\t\t\t<span class='e-closed'><i aria-hidden=\"true\" class=\"fas fa-plus\"><\/i><\/span>\n\t\t<\/span>\n\n\t\t\t\t\t\t<\/summary>\n\t\t\t\t<div role=\"region\" aria-labelledby=\"e-n-accordion-item-1613\" class=\"elementor-element elementor-element-147f349d e-con-full e-flex e-con e-child\" data-id=\"147f349d\" data-element_type=\"container\" data-e-type=\"container\">\n\t\t\t\t<div class=\"elementor-element elementor-element-68a6a8d9 elementor-widget elementor-widget-text-editor\" data-id=\"68a6a8d9\" data-element_type=\"widget\" data-e-type=\"widget\" data-widget_type=\"text-editor.default\">\n\t\t\t\t<div class=\"elementor-widget-container\">\n\t\t\t\t\t\t\t\t\t<p>Der Transport der Kompaktstation erfolgt als Schwertransport, der von unserem erfahrenen Logistikteam koordiniert wird. Die Installation vor Ort wird von unseren qualifizierten Fachkr\u00e4ften durchgef\u00fchrt, die sicherstellen, dass die Station ordnungsgem\u00e4\u00df und effizient in Betrieb genommen wird.<\/p>\t\t\t\t\t\t\t\t<\/div>\n\t\t\t\t<\/div>\n\t\t\t\t<\/div>\n\t\t\t\t\t<\/details>\n\t\t\t\t\t<\/div>\n\t\t\t\t\t\n\t\t\t\t\t\t\t<\/div>\n\t\t\t\t<\/div>\n\t\t\t\t<\/div>\n\t\t\t\t\t<\/div>\n\t\t\t\t<\/div>\n\t\t<div class=\"elementor-element elementor-element-3fbb1bb moreproducts e-flex e-con-boxed e-con e-parent\" data-id=\"3fbb1bb\" data-element_type=\"container\" data-e-type=\"container\" data-settings=\"{&quot;background_background&quot;:&quot;classic&quot;}\">\n\t\t\t\t\t<div class=\"e-con-inner\">\n\t\t\t\t<div class=\"elementor-element elementor-element-f644565 elementor-widget elementor-widget-heading\" data-id=\"f644565\" data-element_type=\"widget\" data-e-type=\"widget\" data-widget_type=\"heading.default\">\n\t\t\t\t<div class=\"elementor-widget-container\">\n\t\t\t\t\t<span class=\"elementor-heading-title elementor-size-default\">Unsere Produkte<\/span>\t\t\t\t<\/div>\n\t\t\t\t<\/div>\n\t\t\t\t<div class=\"elementor-element elementor-element-d722c23 elementor-widget elementor-widget-heading\" data-id=\"d722c23\" data-element_type=\"widget\" data-e-type=\"widget\" data-widget_type=\"heading.default\">\n\t\t\t\t<div class=\"elementor-widget-container\">\n\t\t\t\t\t<h3 class=\"elementor-heading-title elementor-size-default\">Entdecken Sie unsere Trafo Produktpalette<\/h3>\t\t\t\t<\/div>\n\t\t\t\t<\/div>\n\t\t<div class=\"elementor-element elementor-element-1c9f238 e-con-full e-flex e-con e-child\" data-id=\"1c9f238\" data-element_type=\"container\" data-e-type=\"container\">\n\t\t\t\t<div class=\"elementor-element elementor-element-7f81943 elementor-cta--skin-cover elementor-cta--valign-bottom elementor-cta--sequenced-animation elementor-widget__width-initial elementor-animated-content elementor-widget elementor-widget-call-to-action\" data-id=\"7f81943\" data-element_type=\"widget\" data-e-type=\"widget\" data-widget_type=\"call-to-action.default\">\n\t\t\t\t<div class=\"elementor-widget-container\">\n\t\t\t\t\t\t\t<div class=\"elementor-cta\">\n\t\t\t\t\t<div class=\"elementor-cta__bg-wrapper\">\n\t\t\t\t<div class=\"elementor-cta__bg elementor-bg\" style=\"background-image: url(https:\/\/faber-etec.de\/wp-content\/uploads\/sites\/3\/2024\/07\/ac-combiner-mehrprodukte.png);\" role=\"img\" aria-label=\"ac-combiner-mehrprodukte\"><\/div>\n\t\t\t\t<div class=\"elementor-cta__bg-overlay\"><\/div>\n\t\t\t<\/div>\n\t\t\t\t\t\t\t<div class=\"elementor-cta__content\">\n\t\t\t\t\n\t\t\t\t\t\t\t\t\t<span class=\"elementor-cta__title elementor-cta__content-item elementor-content-item elementor-animated-item--move-up\">\n\t\t\t\t\t\tAC-Combiner\t\t\t\t\t<\/span>\n\t\t\t\t\n\t\t\t\t\t\t\t\t\t<div class=\"elementor-cta__description elementor-cta__content-item elementor-content-item elementor-animated-item--move-up\">\n\t\t\t\t\t\tIdeale Schnittstelle zwischen Wechselrichter und Umspannwerk in dezentralen Energieerzeugungsanlagen.\t\t\t\t\t<\/div>\n\t\t\t\t\n\t\t\t\t\t\t\t\t\t<div class=\"elementor-cta__button-wrapper elementor-cta__content-item elementor-content-item elementor-animated-item--move-up\">\n\t\t\t\t\t<a class=\"elementor-cta__button elementor-button elementor-size-\"  href=\"https:\/\/faber-etec.de\/ac-combiner\/\" title=\"Ac Combiner - AC-Combiner\">\n\t\t\t\t\t\tAC-Combiner <span class=\"elementor-button-icon\"> \t\t\t\t<i aria-hidden=\"true\" class=\"fas fa-angle-right\"><\/i><\/span>\t\t\t\t\t<\/a>\n\t\t\t\t\t<\/div>\n\t\t\t\t\t\t\t<\/div>\n\t\t\t\t\t\t<\/div>\n\t\t\t\t\t\t<\/div>\n\t\t\t\t<\/div>\n\t\t\t\t<div class=\"elementor-element elementor-element-487feba elementor-cta--skin-cover elementor-cta--valign-bottom elementor-cta--sequenced-animation elementor-widget__width-initial elementor-animated-content elementor-widget elementor-widget-call-to-action\" data-id=\"487feba\" data-element_type=\"widget\" data-e-type=\"widget\" data-widget_type=\"call-to-action.default\">\n\t\t\t\t<div class=\"elementor-widget-container\">\n\t\t\t\t\t\t\t<div class=\"elementor-cta\">\n\t\t\t\t\t<div class=\"elementor-cta__bg-wrapper\">\n\t\t\t\t<div class=\"elementor-cta__bg elementor-bg\" style=\"background-image: url(https:\/\/faber-etec.de\/wp-content\/uploads\/sites\/3\/2024\/07\/weiter-2.png);\" role=\"img\" aria-label=\"weiter-2\"><\/div>\n\t\t\t\t<div class=\"elementor-cta__bg-overlay\"><\/div>\n\t\t\t<\/div>\n\t\t\t\t\t\t\t<div class=\"elementor-cta__content\">\n\t\t\t\t\n\t\t\t\t\t\t\t\t\t<span class=\"elementor-cta__title elementor-cta__content-item elementor-content-item elementor-animated-item--move-up\">\n\t\t\t\t\t\tNSHV-Schaltsysteme\t\t\t\t\t<\/span>\n\t\t\t\t\n\t\t\t\t\t\t\t\t\t<div class=\"elementor-cta__description elementor-cta__content-item elementor-content-item elementor-animated-item--move-up\">\n\t\t\t\t\t\tVielseitige Einsatzm\u00f6glichkeiten und optimale Integration mit Photovoltaikanlagen.\t\t\t\t\t<\/div>\n\t\t\t\t\n\t\t\t\t\t\t\t\t\t<div class=\"elementor-cta__button-wrapper elementor-cta__content-item elementor-content-item elementor-animated-item--move-up\">\n\t\t\t\t\t<a class=\"elementor-cta__button elementor-button elementor-size-\"  href=\"https:\/\/faber-etec.de\/nshv\/\" title=\"Nshv - NSHV-Schaltsysteme\">\n\t\t\t\t\t\tNSHV-Schaltsysteme <span class=\"elementor-button-icon\"> \t\t\t\t<i aria-hidden=\"true\" class=\"fas fa-angle-right\"><\/i><\/span>\t\t\t\t\t<\/a>\n\t\t\t\t\t<\/div>\n\t\t\t\t\t\t\t<\/div>\n\t\t\t\t\t\t<\/div>\n\t\t\t\t\t\t<\/div>\n\t\t\t\t<\/div>\n\t\t\t\t<div class=\"elementor-element elementor-element-7d3edd6 elementor-cta--skin-cover elementor-cta--valign-bottom elementor-cta--sequenced-animation elementor-widget__width-initial elementor-animated-content elementor-widget elementor-widget-call-to-action\" data-id=\"7d3edd6\" data-element_type=\"widget\" data-e-type=\"widget\" data-widget_type=\"call-to-action.default\">\n\t\t\t\t<div class=\"elementor-widget-container\">\n\t\t\t\t\t\t\t<div class=\"elementor-cta\">\n\t\t\t\t\t<div class=\"elementor-cta__bg-wrapper\">\n\t\t\t\t<div class=\"elementor-cta__bg elementor-bg\" style=\"background-image: url(https:\/\/faber-etec.de\/wp-content\/uploads\/sites\/3\/2024\/07\/weiter-3.png);\" role=\"img\" aria-label=\"weiter-3\"><\/div>\n\t\t\t\t<div class=\"elementor-cta__bg-overlay\"><\/div>\n\t\t\t<\/div>\n\t\t\t\t\t\t\t<div class=\"elementor-cta__content\">\n\t\t\t\t\n\t\t\t\t\t\t\t\t\t<span class=\"elementor-cta__title elementor-cta__content-item elementor-content-item elementor-animated-item--move-up\">\n\t\t\t\t\t\tContainer\u00adstation\t\t\t\t\t<\/span>\n\t\t\t\t\n\t\t\t\t\t\t\t\t\t<div class=\"elementor-cta__description elementor-cta__content-item elementor-content-item elementor-animated-item--move-up\">\n\t\t\t\t\t\t7200 kW Leistung, perfekt f\u00fcr umfangreiche Solarprojekte mit vollst\u00e4ndiger digitaler \u00dcberwachung und Fernsteuerung.\t\t\t\t\t<\/div>\n\t\t\t\t\n\t\t\t\t\t\t\t\t\t<div class=\"elementor-cta__button-wrapper elementor-cta__content-item elementor-content-item elementor-animated-item--move-up\">\n\t\t\t\t\t<a class=\"elementor-cta__button elementor-button elementor-size-\"  href=\"https:\/\/faber-etec.de\/containerstation\/\" title=\"Containerstation - Container\u00adstation\">\n\t\t\t\t\t\tContainer\u00adstation <span class=\"elementor-button-icon\"> \t\t\t\t<i aria-hidden=\"true\" class=\"fas fa-angle-right\"><\/i><\/span>\t\t\t\t\t<\/a>\n\t\t\t\t\t<\/div>\n\t\t\t\t\t\t\t<\/div>\n\t\t\t\t\t\t<\/div>\n\t\t\t\t\t\t<\/div>\n\t\t\t\t<\/div>\n\t\t\t\t<div class=\"elementor-element elementor-element-1c3c7c5 elementor-cta--skin-cover elementor-cta--valign-bottom elementor-cta--sequenced-animation elementor-widget__width-initial elementor-animated-content elementor-widget elementor-widget-call-to-action\" data-id=\"1c3c7c5\" data-element_type=\"widget\" data-e-type=\"widget\" data-widget_type=\"call-to-action.default\">\n\t\t\t\t<div class=\"elementor-widget-container\">\n\t\t\t\t\t\t\t<div class=\"elementor-cta\">\n\t\t\t\t\t<div class=\"elementor-cta__bg-wrapper\">\n\t\t\t\t<div class=\"elementor-cta__bg elementor-bg\" style=\"background-image: url(https:\/\/faber-etec.de\/wp-content\/uploads\/sites\/3\/2024\/07\/weiter-1.png);\" role=\"img\" aria-label=\"weiter-1\"><\/div>\n\t\t\t\t<div class=\"elementor-cta__bg-overlay\"><\/div>\n\t\t\t<\/div>\n\t\t\t\t\t\t\t<div class=\"elementor-cta__content\">\n\t\t\t\t\n\t\t\t\t\t\t\t\t\t<span class=\"elementor-cta__title elementor-cta__content-item elementor-content-item elementor-animated-item--move-up\">\n\t\t\t\t\t\tNA-Schutz\t\t\t\t\t<\/span>\n\t\t\t\t\n\t\t\t\t\t\t\t\t\t<div class=\"elementor-cta__description elementor-cta__content-item elementor-content-item elementor-animated-item--move-up\">\n\t\t\t\t\t\tDieser Netz- und Anlagenschutz f\u00fcr Photovoltaiksysteme ist speziell f\u00fcr den Einsatz in TNS- und TT-Netzen ausgelegt.\t\t\t\t\t<\/div>\n\t\t\t\t\n\t\t\t\t\t\t\t\t\t<div class=\"elementor-cta__button-wrapper elementor-cta__content-item elementor-content-item elementor-animated-item--move-up\">\n\t\t\t\t\t<a class=\"elementor-cta__button elementor-button elementor-size-\"  href=\"https:\/\/faber-etec.de\/na-schutz\/\" title=\"Na Schutz - NA-Schutz\">\n\t\t\t\t\t\tNA-Schutz <span class=\"elementor-button-icon\"> \t\t\t\t<i aria-hidden=\"true\" class=\"fas fa-angle-right\"><\/i><\/span>\t\t\t\t\t<\/a>\n\t\t\t\t\t<\/div>\n\t\t\t\t\t\t\t<\/div>\n\t\t\t\t\t\t<\/div>\n\t\t\t\t\t\t<\/div>\n\t\t\t\t<\/div>\n\t\t\t\t<\/div>\n\t\t<div class=\"elementor-element elementor-element-fd3071c e-con-full e-flex e-con e-child\" data-id=\"fd3071c\" data-element_type=\"container\" data-e-type=\"container\">\n\t\t\t\t<div class=\"elementor-element elementor-element-d30d331 elementor-widget elementor-widget-heading\" data-id=\"d30d331\" data-element_type=\"widget\" data-e-type=\"widget\" data-widget_type=\"heading.default\">\n\t\t\t\t<div class=\"elementor-widget-container\">\n\t\t\t\t\t<h3 class=\"elementor-heading-title elementor-size-default\">Transformatorkompaktstationen - Leidenschaft f\u00fcr Strom<\/h3>\t\t\t\t<\/div>\n\t\t\t\t<\/div>\n\t\t\t\t<div class=\"elementor-element elementor-element-ec51e26 elementor-widget elementor-widget-heading\" data-id=\"ec51e26\" data-element_type=\"widget\" data-e-type=\"widget\" data-widget_type=\"heading.default\">\n\t\t\t\t<div class=\"elementor-widget-container\">\n\t\t\t\t\t<span class=\"elementor-heading-title elementor-size-default\">Von der Elektrotechnik zu innovativen L\u00f6sungen im Stromnetz<\/span>\t\t\t\t<\/div>\n\t\t\t\t<\/div>\n\t\t\t\t<div class=\"elementor-element elementor-element-bfe809e elementor-widget elementor-widget-text-editor\" data-id=\"bfe809e\" data-element_type=\"widget\" data-e-type=\"widget\" data-widget_type=\"text-editor.default\">\n\t\t\t\t<div class=\"elementor-widget-container\">\n\t\t\t\t\t\t\t\t\t<p>Strom ist unsere Passion. Ob Stromproduktion oder Stromverbrauch \u2013 wir lassen den Strom flie\u00dfen. 1995 von Herrn Faber Senior gegr\u00fcndet liegen unsere Wurzeln in der Elektrotechnik. Daraus ergab sich unser stetiger Antrieb, die Grenzen des technisch machbaren auszuloten und uns best\u00e4ndig weiterzuentwickeln: Von Hausinstallationen \u00fcber gewerbliche <a href=\"https:\/\/faber-solartechnik.de\/solartechnik\/\" title=\"Solartechnik - Photovoltaik-Anlagen\" target=\"_blank\" rel=\"noopener\">Photovoltaik-Anlagen<\/a>\u00a0bis zur eigenen Produktion von Transformatorkompaktstationen bzw. Kompaktstationen <a href=\"https:\/\/faber-etec.de\/produkte\/\" title=\"Produkte - (Hier unsere Produkte)\">(Hier unsere Produkte)<\/a>. Heute sind wir stolz, nicht nur Stromverbraucher und Stromerzeuger zu installieren, sondern die Anlagen auch mit einer der gr\u00f6\u00dften Errungenschaften der Neuzeit zu verbinden: <a href=\"https:\/\/faber-etec.de\/blog\/\" title=\"Blog - Unserem Stromnetz\">Unserem Stromnetz<\/a>.<\/p>\t\t\t\t\t\t\t\t<\/div>\n\t\t\t\t<\/div>\n\t\t\t\t<\/div>\n\t\t<div class=\"elementor-element elementor-element-2b1bbed e-con-full e-flex e-con e-child\" data-id=\"2b1bbed\" data-element_type=\"container\" data-e-type=\"container\">\n\t\t\t\t<div class=\"elementor-element elementor-element-8c5bc56 elementor-widget elementor-widget-heading\" data-id=\"8c5bc56\" data-element_type=\"widget\" data-e-type=\"widget\" data-widget_type=\"heading.default\">\n\t\t\t\t<div class=\"elementor-widget-container\">\n\t\t\t\t\t<h3 class=\"elementor-heading-title elementor-size-default\">Kompakte Trafostation mit Power<\/h3>\t\t\t\t<\/div>\n\t\t\t\t<\/div>\n\t\t\t\t<div class=\"elementor-element elementor-element-b773682 elementor-widget elementor-widget-text-editor\" data-id=\"b773682\" data-element_type=\"widget\" data-e-type=\"widget\" data-widget_type=\"text-editor.default\">\n\t\t\t\t<div class=\"elementor-widget-container\">\n\t\t\t\t\t\t\t\t\t<p>Unsere Faber E-Tec Kompakte Trafostation mit Power bieten modernste Technik auf kleinem Raum. Perfekt f\u00fcr eine schnelle und unkomplizierte Installation in st\u00e4dtischen oder industriellen Gebieten. Unsere Kompakttrafostation bietet eine zuverl\u00e4ssige und effiziente L\u00f6sung f\u00fcr Ihre Energieverteilung. Mit einer kompakten Bauweise und modernster Technik ist sie ideal f\u00fcr unterschiedlichste Einsatzbereiche geeignet. Wenn Sie auf der Suche nach einer ma\u00dfgeschneiderten Kompakttrafostation sind, freuen wir uns auf Ihre Anfrage und erstellen Ihnen gerne ein individuelles Angebot.<\/p>\t\t\t\t\t\t\t\t<\/div>\n\t\t\t\t<\/div>\n\t\t\t\t<div class=\"elementor-element elementor-element-13c33e5 elementor-align-center elementor-widget elementor-widget-button\" data-id=\"13c33e5\" data-element_type=\"widget\" data-e-type=\"widget\" data-widget_type=\"button.default\">\n\t\t\t\t<div class=\"elementor-widget-container\">\n\t\t\t\t\t\t\t\t\t<div class=\"elementor-button-wrapper\">\n\t\t\t\t\t<a class=\"elementor-button elementor-button-link elementor-size-sm\" href=\"https:\/\/faber-etec.de\/trafostation\/\" title=\"Trafostation\">\n\t\t\t\t\t\t<span class=\"elementor-button-content-wrapper\">\n\t\t\t\t\t\t\t\t\t<span class=\"elementor-button-text\">Mehr \u00fcber Trafostationen erfahren<\/span>\n\t\t\t\t\t<\/span>\n\t\t\t\t\t<\/a>\n\t\t\t\t<\/div>\n\t\t\t\t\t\t\t\t<\/div>\n\t\t\t\t<\/div>\n\t\t\t\t<\/div>\n\t\t\t\t\t<\/div>\n\t\t\t\t<\/div>\n\t\t\t\t<\/div>\n\t\t","protected":false},"excerpt":{"rendered":"<p>\u00dcbergabe Photovoltaik E-Mobilit\u00e4t Windkraft Netzbetreiber Unternehmen Kompaktstationen | \u00dcbergabe- &amp; Trafostation Trafo Kompaktstation und \u00dcbergabestation Unser Allesk\u00f6nner Unsere erste und flexibelste Kompaktstation: Reine Einspeiseanlagen, reine Bezugsanlagen, Mischanlagen, mit Messzelle, ohne Messzelle oder mit Messzelle aber ohne Transformator. Unsere \u00dcbergabe- &amp; Trafostation ist so individuell wie Ihr Projekt. Sie k\u00f6nnen mit bis zu 2.500 kVA Transformatorleistung [&hellip;]<\/p>\n","protected":false},"author":6,"featured_media":12025,"parent":0,"menu_order":0,"comment_status":"closed","ping_status":"closed","template":"","meta":{"_acf_changed":false,"footnotes":""},"class_list":["post-7704","page","type-page","status-publish","has-post-thumbnail","hentry"],"acf":[],"_links":{"self":[{"href":"https:\/\/faber-etec.de\/nl\/wp-json\/wp\/v2\/pages\/7704","targetHints":{"allow":["GET"]}}],"collection":[{"href":"https:\/\/faber-etec.de\/nl\/wp-json\/wp\/v2\/pages"}],"about":[{"href":"https:\/\/faber-etec.de\/nl\/wp-json\/wp\/v2\/types\/page"}],"author":[{"embeddable":true,"href":"https:\/\/faber-etec.de\/nl\/wp-json\/wp\/v2\/users\/6"}],"replies":[{"embeddable":true,"href":"https:\/\/faber-etec.de\/nl\/wp-json\/wp\/v2\/comments?post=7704"}],"version-history":[{"count":25,"href":"https:\/\/faber-etec.de\/nl\/wp-json\/wp\/v2\/pages\/7704\/revisions"}],"predecessor-version":[{"id":16378,"href":"https:\/\/faber-etec.de\/nl\/wp-json\/wp\/v2\/pages\/7704\/revisions\/16378"}],"wp:featuredmedia":[{"embeddable":true,"href":"https:\/\/faber-etec.de\/nl\/wp-json\/wp\/v2\/media\/12025"}],"wp:attachment":[{"href":"https:\/\/faber-etec.de\/nl\/wp-json\/wp\/v2\/media?parent=7704"}],"curies":[{"name":"wp","href":"https:\/\/api.w.org\/{rel}","templated":true}]}}